{"id":9511,"date":"2021-08-31T11:29:08","date_gmt":"2021-08-31T11:29:08","guid":{"rendered":"https:\/\/testing.vallonchene.fr\/produit\/pinus-uncinata-heideperle\/"},"modified":"2025-11-30T17:35:19","modified_gmt":"2025-11-30T16:35:19","slug":"pinus-uncinata-heideperle","status":"publish","type":"product","link":"https:\/\/www.vallonchene.fr\/es\/producto\/pinus-uncinata-heideperle\/","title":{"rendered":"PINUS uncinata &#8216;Heideperle&#8217;"},"content":{"rendered":"","protected":false},"excerpt":{"rendered":"<p>Ce <strong>pin \u00e0 crochets<\/strong> est une forme miniature. Le <strong>PINUS uncinata &#8216;Heideperle&#8217;<\/strong> pousse en boule avec des aiguilles tr\u00e8s courtes et vertes. Ses pousses sont d\u00e9coratives au printemps. Il est tr\u00e8s rustique.<\/p>\n","protected":false},"featured_media":9508,"comment_status":"open","ping_status":"closed","template":"","meta":[],"product_brand":[],"product_cat":[11502],"product_tag":[4200,1142,1143,12034,12098,4199],"class_list":{"0":"post-9511","1":"product","2":"type-product","3":"status-publish","4":"has-post-thumbnail","6":"product_cat-coniferas","7":"product_tag-heideperle","8":"product_tag-pin-a-crochets","9":"product_tag-pin-de-briancon","10":"product_tag-pinus-es","11":"product_tag-pinus-uncinata-es","12":"product_tag-pinus-uncinata-heideperle","13":"pa_99-hauteurapproximativeapres1-20-a-50-cm","14":"pa_couleurdufeuillage-verde","15":"pa_exigencesenhumidite-moderadamente-humedo-a-humedo","16":"pa_exigencesenhumidite-promedio","17":"pa_exigencesenhumidite-seco","18":"pa_expositionspossibles-sombra-parcial-evitar-el-sol-de-12-a-17-horas","19":"pa_expositionspossibles-pleno-sol-de-12-a-17-min","20":"pa_hauteurlivree-100-a-125-cm","21":"pa_hauteurlivree-125-a-150-cm-es","22":"pa_hauteurlivree-150-a-175-cm-es","23":"pa_hauteurlivree-175-a-200-cm-es","24":"pa_hauteurlivree-200-a-250-cm-es","25":"pa_hauteurlivree-25-a-30-cm-es","26":"pa_hauteurlivree-30-a-40-cm-es","27":"pa_hauteurlivree-40-a-50-cm-es","28":"pa_hauteurlivree-50-a-60-cm-es","29":"pa_hauteurlivree-60-a-80-cm-es","30":"pa_hauteurlivree-70-a-80-cm-es","31":"pa_hauteurlivree-80-a-100-cm-es","32":"pa_interetauprintemps-follaje","33":"pa_interetauprintemps-habitus","34":"pa_interetauprintemps-brotes-jovenes","35":"pa_interetenautomne-follaje","36":"pa_interetenautomne-habitus","37":"pa_interetenete-follaje","38":"pa_interetenete-habitus","39":"pa_interetenhiver-follaje","40":"pa_interetenhiver-habitus","41":"pa_naturedufeuillage-siempreverde","42":"pa_naturesdesolpossibles-ligero","43":"pa_naturesdesolpossibles-pesado","44":"pa_naturesdesolpossibles-normal-es","45":"pa_particularites-adecuado-para-bonsai","46":"pa_particularites-habitus","47":"pa_periodedetaille-marzo","48":"pa_phdusolacceptable-acido-menos-de-6_5","49":"pa_phdusolacceptable-calcareo-mas-de-7_5","50":"pa_phdusolacceptable-neutro-entre-6_5-y-7_5","51":"pa_portgraphisme-globoso","52":"pa_resistanceaufroidrusticite-resistente-por-debajo-de-menos-20-c","53":"pa_tailledepot-maceta-de-10-litros","54":"pa_tailledepot-maceta-de-15-litros","55":"pa_tailledepot-maceta-de-20-litros","56":"pa_tailledepot-maceta-de-25-litros","57":"pa_tailledepot-maceta-de-4-litros","58":"pa_tailledepot-maceta-de-5-litros","59":"pa_tailledepot-maceta-de-7_5-litros","60":"pa_utilisationpossible-contenedor-o-olla","61":"pa_utilisationpossible-arriate","63":"first","64":"instock","65":"taxable","66":"shipping-taxable","67":"purchasable","68":"product-type-variable","69":"has-default-attributes"},"supplier_id":null,"supplier_sku":"","barcode":null,"atum_controlled":true,"out_stock_date":null,"out_stock_threshold":null,"inheritable":false,"inbound_stock":0,"stock_on_hold":0,"sold_today":null,"sales_last_days":null,"reserved_stock":0,"customer_returns":0,"warehouse_damage":0,"lost_in_post":0,"other_logs":0,"out_stock_days":null,"lost_sales":null,"has_location":false,"update_date":"2026-02-18T13:25:15","atum_locations":[],"atum_stock_status":"instock","restock_status":false,"low_stock_amount":"","sales_update_date":"2026-02-18T13:25:15","calc_backorders":null,"yoast_head":"<!-- This site is optimized with the Yoast SEO Premium plugin v27.4 (Yoast SEO v27.4) - https:\/\/yoast.com\/product\/yoast-seo-premium-wordpress\/ -->\n<title>PINUS uncinata &#039;Heideperle&#039; - pin \u00e0 crochets<\/title>\n<meta name=\"description\" content=\"Ce pin \u00e0 crochets est une forme miniature. Le PINUS uncinata &#039;Heideperle&#039; pousse en boule avec des aiguilles tr\u00e8s courtes et vertes. Ses pousses sont d\u00e9coratives au printemps. Il est tr\u00e8s rustique.\" \/>\n<meta name=\"robots\" content=\"index, follow, max-snippet:-1, max-image-preview:large, max-video-preview:-1\" \/>\n<link rel=\"canonical\" href=\"https:\/\/www.vallonchene.fr\/es\/producto\/pinus-uncinata-heideperle\/\" \/>\n<meta property=\"og:locale\" content=\"es_ES\" \/>\n<meta property=\"og:type\" content=\"article\" \/>\n<meta property=\"og:title\" content=\"PINUS uncinata &#039;Heideperle&#039;\" \/>\n<meta property=\"og:description\" content=\"Ce pin \u00e0 crochets est une forme miniature. Le PINUS uncinata &#039;Heideperle&#039; pousse en boule avec des aiguilles tr\u00e8s courtes et vertes. Ses pousses sont d\u00e9coratives au printemps. Il est tr\u00e8s rustique.\" \/>\n<meta property=\"og:url\" content=\"https:\/\/www.vallonchene.fr\/es\/producto\/pinus-uncinata-heideperle\/\" \/>\n<meta property=\"og:site_name\" content=\"Vallonch\u00eane\" \/>\n<meta property=\"article:publisher\" content=\"https:\/\/www.facebook.com\/vallonchene.fr\" \/>\n<meta property=\"article:modified_time\" content=\"2025-11-30T16:35:19+00:00\" \/>\n<meta property=\"og:image\" content=\"https:\/\/www.vallonchene.fr\/wp-content\/uploads\/2021\/08\/3073-751-PINUS-uncinata-Heideperle-en-Novembre.jpg\" \/>\n\t<meta property=\"og:image:width\" content=\"1600\" \/>\n\t<meta property=\"og:image:height\" content=\"1600\" \/>\n\t<meta property=\"og:image:type\" content=\"image\/jpeg\" \/>\n<meta name=\"twitter:card\" content=\"summary_large_image\" \/>\n<meta name=\"twitter:label1\" content=\"Disponibilidad\" \/>\n\t<meta name=\"twitter:data1\" content=\"En stock\" \/>\n<script type=\"application\/ld+json\" class=\"yoast-schema-graph\">{\"@context\":\"https:\\\/\\\/schema.org\",\"@graph\":[{\"@type\":\"WebPage\",\"@id\":\"https:\\\/\\\/www.vallonchene.fr\\\/es\\\/producto\\\/pinus-uncinata-heideperle\\\/\",\"url\":\"https:\\\/\\\/www.vallonchene.fr\\\/es\\\/producto\\\/pinus-uncinata-heideperle\\\/\",\"name\":\"PINUS uncinata 'Heideperle' - pin \u00e0 crochets\",\"isPartOf\":{\"@id\":\"https:\\\/\\\/www.vallonchene.fr\\\/es\\\/#website\"},\"primaryImageOfPage\":{\"@id\":\"https:\\\/\\\/www.vallonchene.fr\\\/es\\\/producto\\\/pinus-uncinata-heideperle\\\/#primaryimage\"},\"image\":{\"@id\":\"https:\\\/\\\/www.vallonchene.fr\\\/es\\\/producto\\\/pinus-uncinata-heideperle\\\/#primaryimage\"},\"thumbnailUrl\":\"https:\\\/\\\/www.vallonchene.fr\\\/wp-content\\\/uploads\\\/2021\\\/08\\\/3073-751-PINUS-uncinata-Heideperle-en-Novembre.jpg\",\"datePublished\":\"2021-08-31T11:29:08+00:00\",\"dateModified\":\"2025-11-30T16:35:19+00:00\",\"description\":\"Ce pin \u00e0 crochets est une forme miniature. Le PINUS uncinata 'Heideperle' pousse en boule avec des aiguilles tr\u00e8s courtes et vertes. Ses pousses sont d\u00e9coratives au printemps. Il est tr\u00e8s rustique.\",\"breadcrumb\":{\"@id\":\"https:\\\/\\\/www.vallonchene.fr\\\/es\\\/producto\\\/pinus-uncinata-heideperle\\\/#breadcrumb\"},\"inLanguage\":\"es\",\"potentialAction\":[{\"@type\":\"ReadAction\",\"target\":[\"https:\\\/\\\/www.vallonchene.fr\\\/es\\\/producto\\\/pinus-uncinata-heideperle\\\/\"]}]},{\"@type\":\"ImageObject\",\"inLanguage\":\"es\",\"@id\":\"https:\\\/\\\/www.vallonchene.fr\\\/es\\\/producto\\\/pinus-uncinata-heideperle\\\/#primaryimage\",\"url\":\"https:\\\/\\\/www.vallonchene.fr\\\/wp-content\\\/uploads\\\/2021\\\/08\\\/3073-751-PINUS-uncinata-Heideperle-en-Novembre.jpg\",\"contentUrl\":\"https:\\\/\\\/www.vallonchene.fr\\\/wp-content\\\/uploads\\\/2021\\\/08\\\/3073-751-PINUS-uncinata-Heideperle-en-Novembre.jpg\",\"width\":1600,\"height\":1600,\"caption\":\"PINUS uncinata 'Heideperle' en Novembre\"},{\"@type\":\"BreadcrumbList\",\"@id\":\"https:\\\/\\\/www.vallonchene.fr\\\/es\\\/producto\\\/pinus-uncinata-heideperle\\\/#breadcrumb\",\"itemListElement\":[{\"@type\":\"ListItem\",\"position\":1,\"name\":\"Home\",\"item\":\"https:\\\/\\\/www.vallonchene.fr\\\/es\\\/\"},{\"@type\":\"ListItem\",\"position\":2,\"name\":\"Tienda\",\"item\":\"https:\\\/\\\/www.vallonchene.fr\\\/tienda\\\/\"},{\"@type\":\"ListItem\",\"position\":3,\"name\":\"Venta en linea\",\"item\":\"https:\\\/\\\/www.vallonchene.fr\\\/es\\\/categoria-producto\\\/venta-en-linea\\\/\"},{\"@type\":\"ListItem\",\"position\":4,\"name\":\"Vivero\",\"item\":\"https:\\\/\\\/www.vallonchene.fr\\\/es\\\/categoria-producto\\\/venta-en-linea\\\/vivero\\\/\"},{\"@type\":\"ListItem\",\"position\":5,\"name\":\"Coniferas\",\"item\":\"https:\\\/\\\/www.vallonchene.fr\\\/es\\\/categoria-producto\\\/venta-en-linea\\\/vivero\\\/coniferas\\\/\"},{\"@type\":\"ListItem\",\"position\":6,\"name\":\"PINUS uncinata &#8216;Heideperle&#8217;\"}]},{\"@type\":\"WebSite\",\"@id\":\"https:\\\/\\\/www.vallonchene.fr\\\/es\\\/#website\",\"url\":\"https:\\\/\\\/www.vallonchene.fr\\\/es\\\/\",\"name\":\"Vallonch\u00eane\",\"description\":\"El vivero donde la calidad tiene sus ra\u00edces \u2013 Tel.: +33 (0)2.35.90.02.02\",\"publisher\":{\"@id\":\"https:\\\/\\\/www.vallonchene.fr\\\/es\\\/#organization\"},\"potentialAction\":[{\"@type\":\"SearchAction\",\"target\":{\"@type\":\"EntryPoint\",\"urlTemplate\":\"https:\\\/\\\/www.vallonchene.fr\\\/es\\\/?s={search_term_string}\"},\"query-input\":{\"@type\":\"PropertyValueSpecification\",\"valueRequired\":true,\"valueName\":\"search_term_string\"}}],\"inLanguage\":\"es\"},{\"@type\":\"Organization\",\"@id\":\"https:\\\/\\\/www.vallonchene.fr\\\/es\\\/#organization\",\"name\":\"VALLONCHENE\",\"url\":\"https:\\\/\\\/www.vallonchene.fr\\\/es\\\/\",\"logo\":{\"@type\":\"ImageObject\",\"inLanguage\":\"es\",\"@id\":\"https:\\\/\\\/www.vallonchene.fr\\\/es\\\/#\\\/schema\\\/logo\\\/image\\\/\",\"url\":\"https:\\\/\\\/www.vallonchene.fr\\\/wp-content\\\/uploads\\\/2023\\\/03\\\/Logo-Vallonchene-site-et-R_hauteur_100.png\",\"contentUrl\":\"https:\\\/\\\/www.vallonchene.fr\\\/wp-content\\\/uploads\\\/2023\\\/03\\\/Logo-Vallonchene-site-et-R_hauteur_100.png\",\"width\":221,\"height\":100,\"caption\":\"VALLONCHENE\"},\"image\":{\"@id\":\"https:\\\/\\\/www.vallonchene.fr\\\/es\\\/#\\\/schema\\\/logo\\\/image\\\/\"},\"sameAs\":[\"https:\\\/\\\/www.facebook.com\\\/vallonchene.fr\",\"https:\\\/\\\/www.instagram.com\\\/vallonchene\\\/\",\"https:\\\/\\\/www.pinterest.fr\\\/vallonchene\\\/\"],\"taxID\":\"49454502300017\",\"hasMerchantReturnPolicy\":{\"@type\":\"MerchantReturnPolicy\",\"merchantReturnLink\":\"https:\\\/\\\/www.vallonchene.fr\\\/remboursements_retours\\\/\"}}]}<\/script>\n<meta property=\"og:availability\" content=\"instock\" \/>\n<meta property=\"product:availability\" content=\"instock\" \/>\n<meta property=\"product:retailer_item_id\" content=\"86687\" \/>\n<meta property=\"product:condition\" content=\"new\" \/>\n<!-- \/ Yoast SEO Premium plugin. -->","yoast_head_json":{"title":"PINUS uncinata 'Heideperle' - pin \u00e0 crochets","description":"Ce pin \u00e0 crochets est une forme miniature. Le PINUS uncinata 'Heideperle' pousse en boule avec des aiguilles tr\u00e8s courtes et vertes. Ses pousses sont d\u00e9coratives au printemps. Il est tr\u00e8s rustique.","robots":{"index":"index","follow":"follow","max-snippet":"max-snippet:-1","max-image-preview":"max-image-preview:large","max-video-preview":"max-video-preview:-1"},"canonical":"https:\/\/www.vallonchene.fr\/es\/producto\/pinus-uncinata-heideperle\/","og_locale":"es_ES","og_type":"article","og_title":"PINUS uncinata 'Heideperle'","og_description":"Ce pin \u00e0 crochets est une forme miniature. Le PINUS uncinata 'Heideperle' pousse en boule avec des aiguilles tr\u00e8s courtes et vertes. Ses pousses sont d\u00e9coratives au printemps. Il est tr\u00e8s rustique.","og_url":"https:\/\/www.vallonchene.fr\/es\/producto\/pinus-uncinata-heideperle\/","og_site_name":"Vallonch\u00eane","article_publisher":"https:\/\/www.facebook.com\/vallonchene.fr","article_modified_time":"2025-11-30T16:35:19+00:00","og_image":[{"width":1600,"height":1600,"url":"https:\/\/www.vallonchene.fr\/wp-content\/uploads\/2021\/08\/3073-751-PINUS-uncinata-Heideperle-en-Novembre.jpg","type":"image\/jpeg"}],"twitter_card":"summary_large_image","twitter_misc":{"Disponibilidad":"En stock"},"schema":{"@context":"https:\/\/schema.org","@graph":[{"@type":"WebPage","@id":"https:\/\/www.vallonchene.fr\/es\/producto\/pinus-uncinata-heideperle\/","url":"https:\/\/www.vallonchene.fr\/es\/producto\/pinus-uncinata-heideperle\/","name":"PINUS uncinata 'Heideperle' - pin \u00e0 crochets","isPartOf":{"@id":"https:\/\/www.vallonchene.fr\/es\/#website"},"primaryImageOfPage":{"@id":"https:\/\/www.vallonchene.fr\/es\/producto\/pinus-uncinata-heideperle\/#primaryimage"},"image":{"@id":"https:\/\/www.vallonchene.fr\/es\/producto\/pinus-uncinata-heideperle\/#primaryimage"},"thumbnailUrl":"https:\/\/www.vallonchene.fr\/wp-content\/uploads\/2021\/08\/3073-751-PINUS-uncinata-Heideperle-en-Novembre.jpg","datePublished":"2021-08-31T11:29:08+00:00","dateModified":"2025-11-30T16:35:19+00:00","description":"Ce pin \u00e0 crochets est une forme miniature. Le PINUS uncinata 'Heideperle' pousse en boule avec des aiguilles tr\u00e8s courtes et vertes. Ses pousses sont d\u00e9coratives au printemps. Il est tr\u00e8s rustique.","breadcrumb":{"@id":"https:\/\/www.vallonchene.fr\/es\/producto\/pinus-uncinata-heideperle\/#breadcrumb"},"inLanguage":"es","potentialAction":[{"@type":"ReadAction","target":["https:\/\/www.vallonchene.fr\/es\/producto\/pinus-uncinata-heideperle\/"]}]},{"@type":"ImageObject","inLanguage":"es","@id":"https:\/\/www.vallonchene.fr\/es\/producto\/pinus-uncinata-heideperle\/#primaryimage","url":"https:\/\/www.vallonchene.fr\/wp-content\/uploads\/2021\/08\/3073-751-PINUS-uncinata-Heideperle-en-Novembre.jpg","contentUrl":"https:\/\/www.vallonchene.fr\/wp-content\/uploads\/2021\/08\/3073-751-PINUS-uncinata-Heideperle-en-Novembre.jpg","width":1600,"height":1600,"caption":"PINUS uncinata 'Heideperle' en Novembre"},{"@type":"BreadcrumbList","@id":"https:\/\/www.vallonchene.fr\/es\/producto\/pinus-uncinata-heideperle\/#breadcrumb","itemListElement":[{"@type":"ListItem","position":1,"name":"Home","item":"https:\/\/www.vallonchene.fr\/es\/"},{"@type":"ListItem","position":2,"name":"Tienda","item":"https:\/\/www.vallonchene.fr\/tienda\/"},{"@type":"ListItem","position":3,"name":"Venta en linea","item":"https:\/\/www.vallonchene.fr\/es\/categoria-producto\/venta-en-linea\/"},{"@type":"ListItem","position":4,"name":"Vivero","item":"https:\/\/www.vallonchene.fr\/es\/categoria-producto\/venta-en-linea\/vivero\/"},{"@type":"ListItem","position":5,"name":"Coniferas","item":"https:\/\/www.vallonchene.fr\/es\/categoria-producto\/venta-en-linea\/vivero\/coniferas\/"},{"@type":"ListItem","position":6,"name":"PINUS uncinata &#8216;Heideperle&#8217;"}]},{"@type":"WebSite","@id":"https:\/\/www.vallonchene.fr\/es\/#website","url":"https:\/\/www.vallonchene.fr\/es\/","name":"Vallonch\u00eane","description":"El vivero donde la calidad tiene sus ra\u00edces \u2013 Tel.: +33 (0)2.35.90.02.02","publisher":{"@id":"https:\/\/www.vallonchene.fr\/es\/#organization"},"potentialAction":[{"@type":"SearchAction","target":{"@type":"EntryPoint","urlTemplate":"https:\/\/www.vallonchene.fr\/es\/?s={search_term_string}"},"query-input":{"@type":"PropertyValueSpecification","valueRequired":true,"valueName":"search_term_string"}}],"inLanguage":"es"},{"@type":"Organization","@id":"https:\/\/www.vallonchene.fr\/es\/#organization","name":"VALLONCHENE","url":"https:\/\/www.vallonchene.fr\/es\/","logo":{"@type":"ImageObject","inLanguage":"es","@id":"https:\/\/www.vallonchene.fr\/es\/#\/schema\/logo\/image\/","url":"https:\/\/www.vallonchene.fr\/wp-content\/uploads\/2023\/03\/Logo-Vallonchene-site-et-R_hauteur_100.png","contentUrl":"https:\/\/www.vallonchene.fr\/wp-content\/uploads\/2023\/03\/Logo-Vallonchene-site-et-R_hauteur_100.png","width":221,"height":100,"caption":"VALLONCHENE"},"image":{"@id":"https:\/\/www.vallonchene.fr\/es\/#\/schema\/logo\/image\/"},"sameAs":["https:\/\/www.facebook.com\/vallonchene.fr","https:\/\/www.instagram.com\/vallonchene\/","https:\/\/www.pinterest.fr\/vallonchene\/"],"taxID":"49454502300017","hasMerchantReturnPolicy":{"@type":"MerchantReturnPolicy","merchantReturnLink":"https:\/\/www.vallonchene.fr\/remboursements_retours\/"}}]},"og_availability":"instock","product_availability":"instock","product_retailer_item_id":"86687","product_condition":"new"},"_links":{"self":[{"href":"https:\/\/www.vallonchene.fr\/es\/wp-json\/wp\/v2\/product\/9511","targetHints":{"allow":["GET"]}}],"collection":[{"href":"https:\/\/www.vallonchene.fr\/es\/wp-json\/wp\/v2\/product"}],"about":[{"href":"https:\/\/www.vallonchene.fr\/es\/wp-json\/wp\/v2\/types\/product"}],"replies":[{"embeddable":true,"href":"https:\/\/www.vallonchene.fr\/es\/wp-json\/wp\/v2\/comments?post=9511"}],"wp:featuredmedia":[{"embeddable":true,"href":"https:\/\/www.vallonchene.fr\/es\/wp-json\/wp\/v2\/media\/9508"}],"wp:attachment":[{"href":"https:\/\/www.vallonchene.fr\/es\/wp-json\/wp\/v2\/media?parent=9511"}],"wp:term":[{"taxonomy":"product_brand","embeddable":true,"href":"https:\/\/www.vallonchene.fr\/es\/wp-json\/wp\/v2\/product_brand?post=9511"},{"taxonomy":"product_cat","embeddable":true,"href":"https:\/\/www.vallonchene.fr\/es\/wp-json\/wp\/v2\/product_cat?post=9511"},{"taxonomy":"product_tag","embeddable":true,"href":"https:\/\/www.vallonchene.fr\/es\/wp-json\/wp\/v2\/product_tag?post=9511"}],"curies":[{"name":"wp","href":"https:\/\/api.w.org\/{rel}","templated":true}]}}