{"id":907,"date":"2021-08-31T10:40:55","date_gmt":"2021-08-31T10:40:55","guid":{"rendered":"https:\/\/testing.vallonchene.fr\/produit\/abies-pinsapo-horstmann\/"},"modified":"2024-09-27T09:18:06","modified_gmt":"2024-09-27T09:18:06","slug":"abies-pinsapo-horstmann","status":"publish","type":"product","link":"https:\/\/www.vallonchene.fr\/es\/producto\/abies-pinsapo-horstmann\/","title":{"rendered":"ABIES pinsapo &#8216;Horstmann&#8217;"},"content":{"rendered":"","protected":false},"excerpt":{"rendered":"<p>Ce <strong>sapin d&#8217;Espagne<\/strong> est une forme naine. Le feuillage du <strong>ABIES pinsapo &#8216;Horstmann&#8217;<\/strong> est bleut\u00e9 et ses c\u00f4nes sont mauves. Il est parfaitement rustique et m\u00eame adapt\u00e9 au Bonsa\u00ef.<\/p>\n","protected":false},"featured_media":901,"comment_status":"open","ping_status":"closed","template":"","meta":[],"product_brand":[],"product_cat":[254],"product_tag":[644,872,875,876,874,873],"class_list":{"0":"post-907","1":"product","2":"type-product","3":"status-publish","4":"has-post-thumbnail","6":"product_cat-coniferes","7":"product_tag-abies","8":"product_tag-abies-pinsapo","9":"product_tag-abies-pinsapo-horstmann","10":"product_tag-horstmann","11":"product_tag-sapin-dandalousie","12":"product_tag-sapin-despagne","13":"pa_99-hauteurapproximativeapres1-50a100cm","14":"pa_couleurdufeuillage-bleu","15":"pa_exigencesenhumidite-fraisahumide","16":"pa_exigencesenhumidite-moyen","17":"pa_exigencesenhumidite-sec","18":"pa_exigencesenhumidite-tressec","19":"pa_expositionspossibles-pleinsoleilde12ha17hmin","20":"pa_hauteurlivree-30-a-40-cm","21":"pa_hauteurlivree-35-a-40-cm","22":"pa_hauteurlivree-40-a-50-cm","23":"pa_hauteurlivree-50-a-60-cm","24":"pa_interetauprintemps-feuillage","25":"pa_interetauprintemps-graphismeforme","26":"pa_interetenautomne-feuillage","27":"pa_interetenautomne-graphismeforme","28":"pa_interetenete-feuillage","29":"pa_interetenete-graphismeforme","30":"pa_interetenhiver-feuillage","31":"pa_interetenhiver-graphismeforme","32":"pa_naturedufeuillage-persistant","33":"pa_naturesdesolpossibles-leger","34":"pa_naturesdesolpossibles-lourd","35":"pa_naturesdesolpossibles-normal","36":"pa_particularites-adapteaubonsai","37":"pa_particularites-graphismeforme","38":"pa_periodedetaille-fevr","39":"pa_periodedetaille-mars","40":"pa_phdusolacceptable-acidemoinsde65","41":"pa_phdusolacceptable-calcaireplusde75","42":"pa_phdusolacceptable-neutreentre65et75","43":"pa_portgraphisme-arrondi","44":"pa_resistanceaufroidrusticite-resistant-en-dessous-de-moins-20-degree-c","45":"pa_tailledepot-pot-de-10-litres","46":"pa_tailledepot-pot-de-15-litres","47":"pa_utilisationpossible-bacoupot","48":"pa_utilisationpossible-massif","50":"first","51":"outofstock","52":"taxable","53":"shipping-taxable","54":"purchasable","55":"product-type-variable","56":"has-default-attributes"},"supplier_id":null,"supplier_sku":"","barcode":null,"atum_controlled":true,"out_stock_date":null,"out_stock_threshold":null,"inheritable":false,"inbound_stock":0,"stock_on_hold":0,"sold_today":0,"sales_last_days":0,"reserved_stock":0,"customer_returns":0,"warehouse_damage":0,"lost_in_post":0,"other_logs":0,"out_stock_days":null,"lost_sales":0,"has_location":false,"update_date":"2024-09-27T07:19:44","atum_locations":[],"atum_stock_status":"outofstock","restock_status":false,"low_stock_amount":"","sales_update_date":"2024-01-07T10:35:24","calc_backorders":null,"yoast_head":"<!-- This site is optimized with the Yoast SEO Premium plugin v27.4 (Yoast SEO v27.4) - https:\/\/yoast.com\/product\/yoast-seo-premium-wordpress\/ -->\n<title>ABIES pinsapo &#039;Horstmann&#039; - sapin d&#039;andalousie<\/title>\n<meta name=\"description\" content=\"Ce sapin d&#039;Espagne est une forme naine. Le feuillage du ABIES pinsapo &#039;Horstmann&#039; est bleut\u00e9 et ses c\u00f4nes sont mauves. Il est parfaitement rustique et m\u00eame adapt\u00e9 au Bonsa\u00ef.\" \/>\n<meta name=\"robots\" content=\"index, follow, max-snippet:-1, max-image-preview:large, max-video-preview:-1\" \/>\n<link rel=\"canonical\" href=\"https:\/\/www.vallonchene.fr\/es\/producto\/abies-pinsapo-horstmann\/\" \/>\n<meta property=\"og:locale\" content=\"es_ES\" \/>\n<meta property=\"og:type\" content=\"article\" \/>\n<meta property=\"og:title\" content=\"ABIES pinsapo &#039;Horstmann&#039;\" \/>\n<meta property=\"og:description\" content=\"Ce sapin d&#039;Espagne est une forme naine. Le feuillage du ABIES pinsapo &#039;Horstmann&#039; est bleut\u00e9 et ses c\u00f4nes sont mauves. Il est parfaitement rustique et m\u00eame adapt\u00e9 au Bonsa\u00ef.\" \/>\n<meta property=\"og:url\" content=\"https:\/\/www.vallonchene.fr\/es\/producto\/abies-pinsapo-horstmann\/\" \/>\n<meta property=\"og:site_name\" content=\"Vallonch\u00eane\" \/>\n<meta property=\"article:publisher\" content=\"https:\/\/www.facebook.com\/vallonchene.fr\" \/>\n<meta property=\"article:modified_time\" content=\"2024-09-27T09:18:06+00:00\" \/>\n<meta property=\"og:image\" content=\"https:\/\/www.vallonchene.fr\/wp-content\/uploads\/2021\/08\/4157-e4c-Feuillage-bleu-de-lABIES-pinsapo-Horstmann-a-lautomne.jpg\" \/>\n\t<meta property=\"og:image:width\" content=\"800\" \/>\n\t<meta property=\"og:image:height\" content=\"800\" \/>\n\t<meta property=\"og:image:type\" content=\"image\/jpeg\" \/>\n<meta name=\"twitter:card\" content=\"summary_large_image\" \/>\n<meta name=\"twitter:label1\" content=\"Disponibilidad\" \/>\n\t<meta name=\"twitter:data1\" content=\"Agotado\" \/>\n<script type=\"application\/ld+json\" class=\"yoast-schema-graph\">{\"@context\":\"https:\\\/\\\/schema.org\",\"@graph\":[{\"@type\":\"WebPage\",\"@id\":\"https:\\\/\\\/www.vallonchene.fr\\\/es\\\/producto\\\/abies-pinsapo-horstmann\\\/\",\"url\":\"https:\\\/\\\/www.vallonchene.fr\\\/es\\\/producto\\\/abies-pinsapo-horstmann\\\/\",\"name\":\"ABIES pinsapo 'Horstmann' - sapin d'andalousie\",\"isPartOf\":{\"@id\":\"https:\\\/\\\/www.vallonchene.fr\\\/es\\\/#website\"},\"primaryImageOfPage\":{\"@id\":\"https:\\\/\\\/www.vallonchene.fr\\\/es\\\/producto\\\/abies-pinsapo-horstmann\\\/#primaryimage\"},\"image\":{\"@id\":\"https:\\\/\\\/www.vallonchene.fr\\\/es\\\/producto\\\/abies-pinsapo-horstmann\\\/#primaryimage\"},\"thumbnailUrl\":\"https:\\\/\\\/www.vallonchene.fr\\\/wp-content\\\/uploads\\\/2021\\\/08\\\/4157-e4c-Feuillage-bleu-de-lABIES-pinsapo-Horstmann-a-lautomne.jpg\",\"datePublished\":\"2021-08-31T10:40:55+00:00\",\"dateModified\":\"2024-09-27T09:18:06+00:00\",\"description\":\"Ce sapin d'Espagne est une forme naine. Le feuillage du ABIES pinsapo 'Horstmann' est bleut\u00e9 et ses c\u00f4nes sont mauves. Il est parfaitement rustique et m\u00eame adapt\u00e9 au Bonsa\u00ef.\",\"breadcrumb\":{\"@id\":\"https:\\\/\\\/www.vallonchene.fr\\\/es\\\/producto\\\/abies-pinsapo-horstmann\\\/#breadcrumb\"},\"inLanguage\":\"es\",\"potentialAction\":[{\"@type\":\"ReadAction\",\"target\":[\"https:\\\/\\\/www.vallonchene.fr\\\/es\\\/producto\\\/abies-pinsapo-horstmann\\\/\"]}]},{\"@type\":\"ImageObject\",\"inLanguage\":\"es\",\"@id\":\"https:\\\/\\\/www.vallonchene.fr\\\/es\\\/producto\\\/abies-pinsapo-horstmann\\\/#primaryimage\",\"url\":\"https:\\\/\\\/www.vallonchene.fr\\\/wp-content\\\/uploads\\\/2021\\\/08\\\/4157-e4c-Feuillage-bleu-de-lABIES-pinsapo-Horstmann-a-lautomne.jpg\",\"contentUrl\":\"https:\\\/\\\/www.vallonchene.fr\\\/wp-content\\\/uploads\\\/2021\\\/08\\\/4157-e4c-Feuillage-bleu-de-lABIES-pinsapo-Horstmann-a-lautomne.jpg\",\"width\":800,\"height\":800,\"caption\":\"Feuillage bleu de l'ABIES pinsapo 'Horstmann' \u00e0 l'automne\"},{\"@type\":\"BreadcrumbList\",\"@id\":\"https:\\\/\\\/www.vallonchene.fr\\\/es\\\/producto\\\/abies-pinsapo-horstmann\\\/#breadcrumb\",\"itemListElement\":[{\"@type\":\"ListItem\",\"position\":1,\"name\":\"Home\",\"item\":\"https:\\\/\\\/www.vallonchene.fr\\\/es\\\/\"},{\"@type\":\"ListItem\",\"position\":2,\"name\":\"Tienda\",\"item\":\"https:\\\/\\\/www.vallonchene.fr\\\/tienda\\\/\"},{\"@type\":\"ListItem\",\"position\":3,\"name\":\"Venta en linea\",\"item\":\"https:\\\/\\\/www.vallonchene.fr\\\/es\\\/categoria-producto\\\/venta-en-linea\\\/\"},{\"@type\":\"ListItem\",\"position\":4,\"name\":\"Vivero\",\"item\":\"https:\\\/\\\/www.vallonchene.fr\\\/es\\\/categoria-producto\\\/venta-en-linea\\\/vivero\\\/\"},{\"@type\":\"ListItem\",\"position\":5,\"name\":\"Coniferas\",\"item\":\"https:\\\/\\\/www.vallonchene.fr\\\/es\\\/categoria-producto\\\/venta-en-linea\\\/vivero\\\/coniferas\\\/\"},{\"@type\":\"ListItem\",\"position\":6,\"name\":\"ABIES pinsapo &#8216;Horstmann&#8217;\"}]},{\"@type\":\"WebSite\",\"@id\":\"https:\\\/\\\/www.vallonchene.fr\\\/es\\\/#website\",\"url\":\"https:\\\/\\\/www.vallonchene.fr\\\/es\\\/\",\"name\":\"Vallonch\u00eane\",\"description\":\"El vivero donde la calidad tiene sus ra\u00edces \u2013 Tel.: +33 (0)2.35.90.02.02\",\"publisher\":{\"@id\":\"https:\\\/\\\/www.vallonchene.fr\\\/es\\\/#organization\"},\"potentialAction\":[{\"@type\":\"SearchAction\",\"target\":{\"@type\":\"EntryPoint\",\"urlTemplate\":\"https:\\\/\\\/www.vallonchene.fr\\\/es\\\/?s={search_term_string}\"},\"query-input\":{\"@type\":\"PropertyValueSpecification\",\"valueRequired\":true,\"valueName\":\"search_term_string\"}}],\"inLanguage\":\"es\"},{\"@type\":\"Organization\",\"@id\":\"https:\\\/\\\/www.vallonchene.fr\\\/es\\\/#organization\",\"name\":\"VALLONCHENE\",\"url\":\"https:\\\/\\\/www.vallonchene.fr\\\/es\\\/\",\"logo\":{\"@type\":\"ImageObject\",\"inLanguage\":\"es\",\"@id\":\"https:\\\/\\\/www.vallonchene.fr\\\/es\\\/#\\\/schema\\\/logo\\\/image\\\/\",\"url\":\"https:\\\/\\\/www.vallonchene.fr\\\/wp-content\\\/uploads\\\/2023\\\/03\\\/Logo-Vallonchene-site-et-R_hauteur_100.png\",\"contentUrl\":\"https:\\\/\\\/www.vallonchene.fr\\\/wp-content\\\/uploads\\\/2023\\\/03\\\/Logo-Vallonchene-site-et-R_hauteur_100.png\",\"width\":221,\"height\":100,\"caption\":\"VALLONCHENE\"},\"image\":{\"@id\":\"https:\\\/\\\/www.vallonchene.fr\\\/es\\\/#\\\/schema\\\/logo\\\/image\\\/\"},\"sameAs\":[\"https:\\\/\\\/www.facebook.com\\\/vallonchene.fr\",\"https:\\\/\\\/www.instagram.com\\\/vallonchene\\\/\",\"https:\\\/\\\/www.pinterest.fr\\\/vallonchene\\\/\"],\"taxID\":\"49454502300017\",\"hasMerchantReturnPolicy\":{\"@type\":\"MerchantReturnPolicy\",\"merchantReturnLink\":\"https:\\\/\\\/www.vallonchene.fr\\\/remboursements_retours\\\/\"}}]}<\/script>\n<meta property=\"og:availability\" content=\"out of stock\" \/>\n<meta property=\"product:availability\" content=\"out of stock\" \/>\n<meta property=\"product:retailer_item_id\" content=\"59327\" \/>\n<meta property=\"product:condition\" content=\"new\" \/>\n<!-- \/ Yoast SEO Premium plugin. -->","yoast_head_json":{"title":"ABIES pinsapo 'Horstmann' - sapin d'andalousie","description":"Ce sapin d'Espagne est une forme naine. Le feuillage du ABIES pinsapo 'Horstmann' est bleut\u00e9 et ses c\u00f4nes sont mauves. Il est parfaitement rustique et m\u00eame adapt\u00e9 au Bonsa\u00ef.","robots":{"index":"index","follow":"follow","max-snippet":"max-snippet:-1","max-image-preview":"max-image-preview:large","max-video-preview":"max-video-preview:-1"},"canonical":"https:\/\/www.vallonchene.fr\/es\/producto\/abies-pinsapo-horstmann\/","og_locale":"es_ES","og_type":"article","og_title":"ABIES pinsapo 'Horstmann'","og_description":"Ce sapin d'Espagne est une forme naine. Le feuillage du ABIES pinsapo 'Horstmann' est bleut\u00e9 et ses c\u00f4nes sont mauves. Il est parfaitement rustique et m\u00eame adapt\u00e9 au Bonsa\u00ef.","og_url":"https:\/\/www.vallonchene.fr\/es\/producto\/abies-pinsapo-horstmann\/","og_site_name":"Vallonch\u00eane","article_publisher":"https:\/\/www.facebook.com\/vallonchene.fr","article_modified_time":"2024-09-27T09:18:06+00:00","og_image":[{"width":800,"height":800,"url":"https:\/\/www.vallonchene.fr\/wp-content\/uploads\/2021\/08\/4157-e4c-Feuillage-bleu-de-lABIES-pinsapo-Horstmann-a-lautomne.jpg","type":"image\/jpeg"}],"twitter_card":"summary_large_image","twitter_misc":{"Disponibilidad":"Agotado"},"schema":{"@context":"https:\/\/schema.org","@graph":[{"@type":"WebPage","@id":"https:\/\/www.vallonchene.fr\/es\/producto\/abies-pinsapo-horstmann\/","url":"https:\/\/www.vallonchene.fr\/es\/producto\/abies-pinsapo-horstmann\/","name":"ABIES pinsapo 'Horstmann' - sapin d'andalousie","isPartOf":{"@id":"https:\/\/www.vallonchene.fr\/es\/#website"},"primaryImageOfPage":{"@id":"https:\/\/www.vallonchene.fr\/es\/producto\/abies-pinsapo-horstmann\/#primaryimage"},"image":{"@id":"https:\/\/www.vallonchene.fr\/es\/producto\/abies-pinsapo-horstmann\/#primaryimage"},"thumbnailUrl":"https:\/\/www.vallonchene.fr\/wp-content\/uploads\/2021\/08\/4157-e4c-Feuillage-bleu-de-lABIES-pinsapo-Horstmann-a-lautomne.jpg","datePublished":"2021-08-31T10:40:55+00:00","dateModified":"2024-09-27T09:18:06+00:00","description":"Ce sapin d'Espagne est une forme naine. Le feuillage du ABIES pinsapo 'Horstmann' est bleut\u00e9 et ses c\u00f4nes sont mauves. Il est parfaitement rustique et m\u00eame adapt\u00e9 au Bonsa\u00ef.","breadcrumb":{"@id":"https:\/\/www.vallonchene.fr\/es\/producto\/abies-pinsapo-horstmann\/#breadcrumb"},"inLanguage":"es","potentialAction":[{"@type":"ReadAction","target":["https:\/\/www.vallonchene.fr\/es\/producto\/abies-pinsapo-horstmann\/"]}]},{"@type":"ImageObject","inLanguage":"es","@id":"https:\/\/www.vallonchene.fr\/es\/producto\/abies-pinsapo-horstmann\/#primaryimage","url":"https:\/\/www.vallonchene.fr\/wp-content\/uploads\/2021\/08\/4157-e4c-Feuillage-bleu-de-lABIES-pinsapo-Horstmann-a-lautomne.jpg","contentUrl":"https:\/\/www.vallonchene.fr\/wp-content\/uploads\/2021\/08\/4157-e4c-Feuillage-bleu-de-lABIES-pinsapo-Horstmann-a-lautomne.jpg","width":800,"height":800,"caption":"Feuillage bleu de l'ABIES pinsapo 'Horstmann' \u00e0 l'automne"},{"@type":"BreadcrumbList","@id":"https:\/\/www.vallonchene.fr\/es\/producto\/abies-pinsapo-horstmann\/#breadcrumb","itemListElement":[{"@type":"ListItem","position":1,"name":"Home","item":"https:\/\/www.vallonchene.fr\/es\/"},{"@type":"ListItem","position":2,"name":"Tienda","item":"https:\/\/www.vallonchene.fr\/tienda\/"},{"@type":"ListItem","position":3,"name":"Venta en linea","item":"https:\/\/www.vallonchene.fr\/es\/categoria-producto\/venta-en-linea\/"},{"@type":"ListItem","position":4,"name":"Vivero","item":"https:\/\/www.vallonchene.fr\/es\/categoria-producto\/venta-en-linea\/vivero\/"},{"@type":"ListItem","position":5,"name":"Coniferas","item":"https:\/\/www.vallonchene.fr\/es\/categoria-producto\/venta-en-linea\/vivero\/coniferas\/"},{"@type":"ListItem","position":6,"name":"ABIES pinsapo &#8216;Horstmann&#8217;"}]},{"@type":"WebSite","@id":"https:\/\/www.vallonchene.fr\/es\/#website","url":"https:\/\/www.vallonchene.fr\/es\/","name":"Vallonch\u00eane","description":"El vivero donde la calidad tiene sus ra\u00edces \u2013 Tel.: +33 (0)2.35.90.02.02","publisher":{"@id":"https:\/\/www.vallonchene.fr\/es\/#organization"},"potentialAction":[{"@type":"SearchAction","target":{"@type":"EntryPoint","urlTemplate":"https:\/\/www.vallonchene.fr\/es\/?s={search_term_string}"},"query-input":{"@type":"PropertyValueSpecification","valueRequired":true,"valueName":"search_term_string"}}],"inLanguage":"es"},{"@type":"Organization","@id":"https:\/\/www.vallonchene.fr\/es\/#organization","name":"VALLONCHENE","url":"https:\/\/www.vallonchene.fr\/es\/","logo":{"@type":"ImageObject","inLanguage":"es","@id":"https:\/\/www.vallonchene.fr\/es\/#\/schema\/logo\/image\/","url":"https:\/\/www.vallonchene.fr\/wp-content\/uploads\/2023\/03\/Logo-Vallonchene-site-et-R_hauteur_100.png","contentUrl":"https:\/\/www.vallonchene.fr\/wp-content\/uploads\/2023\/03\/Logo-Vallonchene-site-et-R_hauteur_100.png","width":221,"height":100,"caption":"VALLONCHENE"},"image":{"@id":"https:\/\/www.vallonchene.fr\/es\/#\/schema\/logo\/image\/"},"sameAs":["https:\/\/www.facebook.com\/vallonchene.fr","https:\/\/www.instagram.com\/vallonchene\/","https:\/\/www.pinterest.fr\/vallonchene\/"],"taxID":"49454502300017","hasMerchantReturnPolicy":{"@type":"MerchantReturnPolicy","merchantReturnLink":"https:\/\/www.vallonchene.fr\/remboursements_retours\/"}}]},"og_availability":"out of stock","product_availability":"out of stock","product_retailer_item_id":"59327","product_condition":"new"},"_links":{"self":[{"href":"https:\/\/www.vallonchene.fr\/es\/wp-json\/wp\/v2\/product\/907","targetHints":{"allow":["GET"]}}],"collection":[{"href":"https:\/\/www.vallonchene.fr\/es\/wp-json\/wp\/v2\/product"}],"about":[{"href":"https:\/\/www.vallonchene.fr\/es\/wp-json\/wp\/v2\/types\/product"}],"replies":[{"embeddable":true,"href":"https:\/\/www.vallonchene.fr\/es\/wp-json\/wp\/v2\/comments?post=907"}],"wp:featuredmedia":[{"embeddable":true,"href":"https:\/\/www.vallonchene.fr\/es\/wp-json\/wp\/v2\/media\/901"}],"wp:attachment":[{"href":"https:\/\/www.vallonchene.fr\/es\/wp-json\/wp\/v2\/media?parent=907"}],"wp:term":[{"taxonomy":"product_brand","embeddable":true,"href":"https:\/\/www.vallonchene.fr\/es\/wp-json\/wp\/v2\/product_brand?post=907"},{"taxonomy":"product_cat","embeddable":true,"href":"https:\/\/www.vallonchene.fr\/es\/wp-json\/wp\/v2\/product_cat?post=907"},{"taxonomy":"product_tag","embeddable":true,"href":"https:\/\/www.vallonchene.fr\/es\/wp-json\/wp\/v2\/product_tag?post=907"}],"curies":[{"name":"wp","href":"https:\/\/api.w.org\/{rel}","templated":true}]}}