{"id":898,"date":"2021-08-31T10:40:28","date_gmt":"2021-08-31T10:40:28","guid":{"rendered":"https:\/\/testing.vallonchene.fr\/produit\/abies-nordmanniana-barabit-s-compacta\/"},"modified":"2024-09-27T09:18:28","modified_gmt":"2024-09-27T09:18:28","slug":"abies-nordmanniana-barabit-s-compacta","status":"publish","type":"product","link":"https:\/\/www.vallonchene.fr\/es\/producto\/abies-nordmanniana-barabit-s-compacta\/","title":{"rendered":"ABIES nordmanniana &#8216;Barabit&#8217;s Compacta&#8217;"},"content":{"rendered":"","protected":false},"excerpt":{"rendered":"<p>Ce <strong>sapin de Nordmann<\/strong> pousse en boule. Le feuillage de l&#8217;<strong>ABIES nordmanniana &#8216;Barabit&#8217;s Compacta&#8217;<\/strong> est d&#8217;un vert tr\u00e8s intense. Il est tr\u00e8s compact, parfaitement rustique et bien adapt\u00e9 aux petits jardins et rocailles.<\/p>\n","protected":false},"featured_media":889,"comment_status":"open","ping_status":"closed","template":"","meta":[],"product_brand":[],"product_cat":[254],"product_tag":[644,653,869,871,870,654,655],"class_list":{"0":"post-898","1":"product","2":"type-product","3":"status-publish","4":"has-post-thumbnail","6":"product_cat-coniferes","7":"product_tag-abies","8":"product_tag-abies-nordmanniana","9":"product_tag-abies-nordmanniana-barabits-comp","10":"product_tag-abies-nordmanniana-barabits-compacta","11":"product_tag-barabits-compacta","12":"product_tag-sapin-de-nordmann","13":"product_tag-sapin-du-caucase","14":"pa_99-hauteurapproximativeapres1-50a100cm","15":"pa_couleurdufeuillage-vert","16":"pa_exigencesenhumidite-fraisahumide","17":"pa_exigencesenhumidite-moyen","18":"pa_exigencesenhumidite-sec","19":"pa_expositionspossibles-33-mi_ombreeviterlesoleilde12","20":"pa_expositionspossibles-pleinsoleilde12ha17hmin","21":"pa_interetauprintemps-feuillage","22":"pa_interetauprintemps-graphismeforme","23":"pa_interetenautomne-feuillage","24":"pa_interetenautomne-graphismeforme","25":"pa_interetenete-feuillage","26":"pa_interetenete-graphismeforme","27":"pa_interetenhiver-feuillage","28":"pa_interetenhiver-graphismeforme","29":"pa_naturedufeuillage-persistant","30":"pa_naturesdesolpossibles-leger","31":"pa_naturesdesolpossibles-lourd","32":"pa_naturesdesolpossibles-normal","33":"pa_particularites-adapteaubonsai","34":"pa_particularites-graphismeforme","35":"pa_periodedetaille-mars","36":"pa_phdusolacceptable-acidemoinsde65","37":"pa_phdusolacceptable-calcaireplusde75","38":"pa_phdusolacceptable-neutreentre65et75","39":"pa_portgraphisme-arrondi","40":"pa_resistanceaufroidrusticite-resistant-en-dessous-de-moins-20-degree-c","41":"pa_utilisationpossible-bacoupot","42":"pa_utilisationpossible-massif","44":"first","45":"outofstock","46":"taxable","47":"shipping-taxable","48":"purchasable","49":"product-type-simple"},"supplier_id":null,"supplier_sku":"","barcode":null,"atum_controlled":true,"out_stock_date":"2024-09-27 09:18:27","out_stock_threshold":null,"inheritable":false,"inbound_stock":null,"stock_on_hold":null,"sold_today":null,"sales_last_days":null,"reserved_stock":null,"customer_returns":null,"warehouse_damage":null,"lost_in_post":null,"other_logs":null,"out_stock_days":null,"lost_sales":null,"has_location":null,"update_date":"2024-09-27T07:19:44","atum_locations":[],"atum_stock_status":"outofstock","restock_status":false,"low_stock_amount":"","sales_update_date":null,"calc_backorders":null,"yoast_head":"<!-- This site is optimized with the Yoast SEO Premium plugin v27.5 (Yoast SEO v27.5) - https:\/\/yoast.com\/product\/yoast-seo-premium-wordpress\/ -->\n<title>ABIES nordmanniana &#039;Barabit&#039;s Compacta&#039; - sapin de Nordmann<\/title>\n<meta name=\"description\" content=\"Ce sapin de Nordmann pousse en boule. Le feuillage de l&#039;ABIES nordmanniana &#039;Barabit&#039;s Compacta&#039; est d&#039;un vert tr\u00e8s intense. Il est tr\u00e8s compact, parfaitement rustique et bien adapt\u00e9 aux petits jardins et...\" \/>\n<meta name=\"robots\" content=\"index, follow, max-snippet:-1, max-image-preview:large, max-video-preview:-1\" \/>\n<link rel=\"canonical\" href=\"https:\/\/www.vallonchene.fr\/es\/producto\/abies-nordmanniana-barabit-s-compacta\/\" \/>\n<meta property=\"og:locale\" content=\"es_ES\" \/>\n<meta property=\"og:type\" content=\"article\" \/>\n<meta property=\"og:title\" content=\"ABIES nordmanniana &#039;Barabit&#039;s Compacta&#039;\" \/>\n<meta property=\"og:description\" content=\"Ce sapin de Nordmann pousse en boule. Le feuillage de l&#039;ABIES nordmanniana &#039;Barabit&#039;s Compacta&#039; est d&#039;un vert tr\u00e8s intense. Il est tr\u00e8s compact, parfaitement rustique et bien adapt\u00e9 aux petits jardins et...\" \/>\n<meta property=\"og:url\" content=\"https:\/\/www.vallonchene.fr\/es\/producto\/abies-nordmanniana-barabit-s-compacta\/\" \/>\n<meta property=\"og:site_name\" content=\"Vallonch\u00eane\" \/>\n<meta property=\"article:publisher\" content=\"https:\/\/www.facebook.com\/vallonchene.fr\" \/>\n<meta property=\"article:modified_time\" content=\"2024-09-27T09:18:28+00:00\" \/>\n<meta property=\"og:image\" content=\"https:\/\/www.vallonchene.fr\/wp-content\/uploads\/2021\/08\/190-fba-ABIES-nordmanniana-Barabits-Compacta-en-Octobre.jpg\" \/>\n\t<meta property=\"og:image:width\" content=\"1600\" \/>\n\t<meta property=\"og:image:height\" content=\"1600\" \/>\n\t<meta property=\"og:image:type\" content=\"image\/jpeg\" \/>\n<meta name=\"twitter:card\" content=\"summary_large_image\" \/>\n<meta name=\"twitter:label1\" content=\"Precio\" \/>\n\t<meta name=\"twitter:data1\" content=\"0,00&nbsp;&euro;\" \/>\n\t<meta name=\"twitter:label2\" content=\"Disponibilidad\" \/>\n\t<meta name=\"twitter:data2\" content=\"Agotado\" \/>\n<script type=\"application\/ld+json\" class=\"yoast-schema-graph\">{\"@context\":\"https:\\\/\\\/schema.org\",\"@graph\":[{\"@type\":\"WebPage\",\"@id\":\"https:\\\/\\\/www.vallonchene.fr\\\/es\\\/producto\\\/abies-nordmanniana-barabit-s-compacta\\\/\",\"url\":\"https:\\\/\\\/www.vallonchene.fr\\\/es\\\/producto\\\/abies-nordmanniana-barabit-s-compacta\\\/\",\"name\":\"ABIES nordmanniana 'Barabit's Compacta' - sapin de Nordmann\",\"isPartOf\":{\"@id\":\"https:\\\/\\\/www.vallonchene.fr\\\/es\\\/#website\"},\"primaryImageOfPage\":{\"@id\":\"https:\\\/\\\/www.vallonchene.fr\\\/es\\\/producto\\\/abies-nordmanniana-barabit-s-compacta\\\/#primaryimage\"},\"image\":{\"@id\":\"https:\\\/\\\/www.vallonchene.fr\\\/es\\\/producto\\\/abies-nordmanniana-barabit-s-compacta\\\/#primaryimage\"},\"thumbnailUrl\":\"https:\\\/\\\/www.vallonchene.fr\\\/wp-content\\\/uploads\\\/2021\\\/08\\\/190-fba-ABIES-nordmanniana-Barabits-Compacta-en-Octobre.jpg\",\"datePublished\":\"2021-08-31T10:40:28+00:00\",\"dateModified\":\"2024-09-27T09:18:28+00:00\",\"description\":\"Ce sapin de Nordmann pousse en boule. Le feuillage de l'ABIES nordmanniana 'Barabit's Compacta' est d'un vert tr\u00e8s intense. Il est tr\u00e8s compact, parfaitement rustique et bien adapt\u00e9 aux petits jardins et...\",\"breadcrumb\":{\"@id\":\"https:\\\/\\\/www.vallonchene.fr\\\/es\\\/producto\\\/abies-nordmanniana-barabit-s-compacta\\\/#breadcrumb\"},\"inLanguage\":\"es\",\"potentialAction\":[{\"@type\":\"ReadAction\",\"target\":[\"https:\\\/\\\/www.vallonchene.fr\\\/es\\\/producto\\\/abies-nordmanniana-barabit-s-compacta\\\/\"]}]},{\"@type\":\"ImageObject\",\"inLanguage\":\"es\",\"@id\":\"https:\\\/\\\/www.vallonchene.fr\\\/es\\\/producto\\\/abies-nordmanniana-barabit-s-compacta\\\/#primaryimage\",\"url\":\"https:\\\/\\\/www.vallonchene.fr\\\/wp-content\\\/uploads\\\/2021\\\/08\\\/190-fba-ABIES-nordmanniana-Barabits-Compacta-en-Octobre.jpg\",\"contentUrl\":\"https:\\\/\\\/www.vallonchene.fr\\\/wp-content\\\/uploads\\\/2021\\\/08\\\/190-fba-ABIES-nordmanniana-Barabits-Compacta-en-Octobre.jpg\",\"width\":1600,\"height\":1600,\"caption\":\"ABIES nordmanniana 'Barabit's Compacta' en Octobre\"},{\"@type\":\"BreadcrumbList\",\"@id\":\"https:\\\/\\\/www.vallonchene.fr\\\/es\\\/producto\\\/abies-nordmanniana-barabit-s-compacta\\\/#breadcrumb\",\"itemListElement\":[{\"@type\":\"ListItem\",\"position\":1,\"name\":\"Home\",\"item\":\"https:\\\/\\\/www.vallonchene.fr\\\/es\\\/\"},{\"@type\":\"ListItem\",\"position\":2,\"name\":\"Tienda\",\"item\":\"https:\\\/\\\/www.vallonchene.fr\\\/tienda\\\/\"},{\"@type\":\"ListItem\",\"position\":3,\"name\":\"Venta en linea\",\"item\":\"https:\\\/\\\/www.vallonchene.fr\\\/es\\\/categoria-producto\\\/venta-en-linea\\\/\"},{\"@type\":\"ListItem\",\"position\":4,\"name\":\"Vivero\",\"item\":\"https:\\\/\\\/www.vallonchene.fr\\\/es\\\/categoria-producto\\\/venta-en-linea\\\/vivero\\\/\"},{\"@type\":\"ListItem\",\"position\":5,\"name\":\"Coniferas\",\"item\":\"https:\\\/\\\/www.vallonchene.fr\\\/es\\\/categoria-producto\\\/venta-en-linea\\\/vivero\\\/coniferas\\\/\"},{\"@type\":\"ListItem\",\"position\":6,\"name\":\"ABIES nordmanniana &#8216;Barabit&#8217;s Compacta&#8217;\"}]},{\"@type\":\"WebSite\",\"@id\":\"https:\\\/\\\/www.vallonchene.fr\\\/es\\\/#website\",\"url\":\"https:\\\/\\\/www.vallonchene.fr\\\/es\\\/\",\"name\":\"Vallonch\u00eane\",\"description\":\"El vivero donde la calidad tiene sus ra\u00edces \u2013 Tel.: +33 (0)2.35.90.02.02\",\"publisher\":{\"@id\":\"https:\\\/\\\/www.vallonchene.fr\\\/es\\\/#organization\"},\"potentialAction\":[{\"@type\":\"SearchAction\",\"target\":{\"@type\":\"EntryPoint\",\"urlTemplate\":\"https:\\\/\\\/www.vallonchene.fr\\\/es\\\/?s={search_term_string}\"},\"query-input\":{\"@type\":\"PropertyValueSpecification\",\"valueRequired\":true,\"valueName\":\"search_term_string\"}}],\"inLanguage\":\"es\"},{\"@type\":\"Organization\",\"@id\":\"https:\\\/\\\/www.vallonchene.fr\\\/es\\\/#organization\",\"name\":\"VALLONCHENE\",\"url\":\"https:\\\/\\\/www.vallonchene.fr\\\/es\\\/\",\"logo\":{\"@type\":\"ImageObject\",\"inLanguage\":\"es\",\"@id\":\"https:\\\/\\\/www.vallonchene.fr\\\/es\\\/#\\\/schema\\\/logo\\\/image\\\/\",\"url\":\"https:\\\/\\\/www.vallonchene.fr\\\/wp-content\\\/uploads\\\/2023\\\/03\\\/Logo-Vallonchene-site-et-R_hauteur_100.png\",\"contentUrl\":\"https:\\\/\\\/www.vallonchene.fr\\\/wp-content\\\/uploads\\\/2023\\\/03\\\/Logo-Vallonchene-site-et-R_hauteur_100.png\",\"width\":221,\"height\":100,\"caption\":\"VALLONCHENE\"},\"image\":{\"@id\":\"https:\\\/\\\/www.vallonchene.fr\\\/es\\\/#\\\/schema\\\/logo\\\/image\\\/\"},\"sameAs\":[\"https:\\\/\\\/www.facebook.com\\\/vallonchene.fr\",\"https:\\\/\\\/www.instagram.com\\\/vallonchene\\\/\",\"https:\\\/\\\/www.pinterest.fr\\\/vallonchene\\\/\"],\"taxID\":\"49454502300017\",\"hasMerchantReturnPolicy\":{\"@type\":\"MerchantReturnPolicy\",\"merchantReturnLink\":\"https:\\\/\\\/www.vallonchene.fr\\\/remboursements_retours\\\/\"}}]}<\/script>\n<meta property=\"product:price:amount\" content=\"0.00\" \/>\n<meta property=\"product:price:currency\" content=\"EUR\" \/>\n<meta property=\"og:availability\" content=\"out of stock\" \/>\n<meta property=\"product:availability\" content=\"out of stock\" \/>\n<meta property=\"product:retailer_item_id\" content=\"28161\" \/>\n<meta property=\"product:condition\" content=\"new\" \/>\n<!-- \/ Yoast SEO Premium plugin. -->","yoast_head_json":{"title":"ABIES nordmanniana 'Barabit's Compacta' - sapin de Nordmann","description":"Ce sapin de Nordmann pousse en boule. Le feuillage de l'ABIES nordmanniana 'Barabit's Compacta' est d'un vert tr\u00e8s intense. Il est tr\u00e8s compact, parfaitement rustique et bien adapt\u00e9 aux petits jardins et...","robots":{"index":"index","follow":"follow","max-snippet":"max-snippet:-1","max-image-preview":"max-image-preview:large","max-video-preview":"max-video-preview:-1"},"canonical":"https:\/\/www.vallonchene.fr\/es\/producto\/abies-nordmanniana-barabit-s-compacta\/","og_locale":"es_ES","og_type":"article","og_title":"ABIES nordmanniana 'Barabit's Compacta'","og_description":"Ce sapin de Nordmann pousse en boule. Le feuillage de l'ABIES nordmanniana 'Barabit's Compacta' est d'un vert tr\u00e8s intense. Il est tr\u00e8s compact, parfaitement rustique et bien adapt\u00e9 aux petits jardins et...","og_url":"https:\/\/www.vallonchene.fr\/es\/producto\/abies-nordmanniana-barabit-s-compacta\/","og_site_name":"Vallonch\u00eane","article_publisher":"https:\/\/www.facebook.com\/vallonchene.fr","article_modified_time":"2024-09-27T09:18:28+00:00","og_image":[{"width":1600,"height":1600,"url":"https:\/\/www.vallonchene.fr\/wp-content\/uploads\/2021\/08\/190-fba-ABIES-nordmanniana-Barabits-Compacta-en-Octobre.jpg","type":"image\/jpeg"}],"twitter_card":"summary_large_image","twitter_misc":{"Precio":"0,00&nbsp;&euro;","Disponibilidad":"Agotado"},"schema":{"@context":"https:\/\/schema.org","@graph":[{"@type":"WebPage","@id":"https:\/\/www.vallonchene.fr\/es\/producto\/abies-nordmanniana-barabit-s-compacta\/","url":"https:\/\/www.vallonchene.fr\/es\/producto\/abies-nordmanniana-barabit-s-compacta\/","name":"ABIES nordmanniana 'Barabit's Compacta' - sapin de Nordmann","isPartOf":{"@id":"https:\/\/www.vallonchene.fr\/es\/#website"},"primaryImageOfPage":{"@id":"https:\/\/www.vallonchene.fr\/es\/producto\/abies-nordmanniana-barabit-s-compacta\/#primaryimage"},"image":{"@id":"https:\/\/www.vallonchene.fr\/es\/producto\/abies-nordmanniana-barabit-s-compacta\/#primaryimage"},"thumbnailUrl":"https:\/\/www.vallonchene.fr\/wp-content\/uploads\/2021\/08\/190-fba-ABIES-nordmanniana-Barabits-Compacta-en-Octobre.jpg","datePublished":"2021-08-31T10:40:28+00:00","dateModified":"2024-09-27T09:18:28+00:00","description":"Ce sapin de Nordmann pousse en boule. Le feuillage de l'ABIES nordmanniana 'Barabit's Compacta' est d'un vert tr\u00e8s intense. Il est tr\u00e8s compact, parfaitement rustique et bien adapt\u00e9 aux petits jardins et...","breadcrumb":{"@id":"https:\/\/www.vallonchene.fr\/es\/producto\/abies-nordmanniana-barabit-s-compacta\/#breadcrumb"},"inLanguage":"es","potentialAction":[{"@type":"ReadAction","target":["https:\/\/www.vallonchene.fr\/es\/producto\/abies-nordmanniana-barabit-s-compacta\/"]}]},{"@type":"ImageObject","inLanguage":"es","@id":"https:\/\/www.vallonchene.fr\/es\/producto\/abies-nordmanniana-barabit-s-compacta\/#primaryimage","url":"https:\/\/www.vallonchene.fr\/wp-content\/uploads\/2021\/08\/190-fba-ABIES-nordmanniana-Barabits-Compacta-en-Octobre.jpg","contentUrl":"https:\/\/www.vallonchene.fr\/wp-content\/uploads\/2021\/08\/190-fba-ABIES-nordmanniana-Barabits-Compacta-en-Octobre.jpg","width":1600,"height":1600,"caption":"ABIES nordmanniana 'Barabit's Compacta' en Octobre"},{"@type":"BreadcrumbList","@id":"https:\/\/www.vallonchene.fr\/es\/producto\/abies-nordmanniana-barabit-s-compacta\/#breadcrumb","itemListElement":[{"@type":"ListItem","position":1,"name":"Home","item":"https:\/\/www.vallonchene.fr\/es\/"},{"@type":"ListItem","position":2,"name":"Tienda","item":"https:\/\/www.vallonchene.fr\/tienda\/"},{"@type":"ListItem","position":3,"name":"Venta en linea","item":"https:\/\/www.vallonchene.fr\/es\/categoria-producto\/venta-en-linea\/"},{"@type":"ListItem","position":4,"name":"Vivero","item":"https:\/\/www.vallonchene.fr\/es\/categoria-producto\/venta-en-linea\/vivero\/"},{"@type":"ListItem","position":5,"name":"Coniferas","item":"https:\/\/www.vallonchene.fr\/es\/categoria-producto\/venta-en-linea\/vivero\/coniferas\/"},{"@type":"ListItem","position":6,"name":"ABIES nordmanniana &#8216;Barabit&#8217;s Compacta&#8217;"}]},{"@type":"WebSite","@id":"https:\/\/www.vallonchene.fr\/es\/#website","url":"https:\/\/www.vallonchene.fr\/es\/","name":"Vallonch\u00eane","description":"El vivero donde la calidad tiene sus ra\u00edces \u2013 Tel.: +33 (0)2.35.90.02.02","publisher":{"@id":"https:\/\/www.vallonchene.fr\/es\/#organization"},"potentialAction":[{"@type":"SearchAction","target":{"@type":"EntryPoint","urlTemplate":"https:\/\/www.vallonchene.fr\/es\/?s={search_term_string}"},"query-input":{"@type":"PropertyValueSpecification","valueRequired":true,"valueName":"search_term_string"}}],"inLanguage":"es"},{"@type":"Organization","@id":"https:\/\/www.vallonchene.fr\/es\/#organization","name":"VALLONCHENE","url":"https:\/\/www.vallonchene.fr\/es\/","logo":{"@type":"ImageObject","inLanguage":"es","@id":"https:\/\/www.vallonchene.fr\/es\/#\/schema\/logo\/image\/","url":"https:\/\/www.vallonchene.fr\/wp-content\/uploads\/2023\/03\/Logo-Vallonchene-site-et-R_hauteur_100.png","contentUrl":"https:\/\/www.vallonchene.fr\/wp-content\/uploads\/2023\/03\/Logo-Vallonchene-site-et-R_hauteur_100.png","width":221,"height":100,"caption":"VALLONCHENE"},"image":{"@id":"https:\/\/www.vallonchene.fr\/es\/#\/schema\/logo\/image\/"},"sameAs":["https:\/\/www.facebook.com\/vallonchene.fr","https:\/\/www.instagram.com\/vallonchene\/","https:\/\/www.pinterest.fr\/vallonchene\/"],"taxID":"49454502300017","hasMerchantReturnPolicy":{"@type":"MerchantReturnPolicy","merchantReturnLink":"https:\/\/www.vallonchene.fr\/remboursements_retours\/"}}]},"product_price_amount":"0.00","product_price_currency":"EUR","og_availability":"out of stock","product_availability":"out of stock","product_retailer_item_id":"28161","product_condition":"new"},"_links":{"self":[{"href":"https:\/\/www.vallonchene.fr\/es\/wp-json\/wp\/v2\/product\/898","targetHints":{"allow":["GET"]}}],"collection":[{"href":"https:\/\/www.vallonchene.fr\/es\/wp-json\/wp\/v2\/product"}],"about":[{"href":"https:\/\/www.vallonchene.fr\/es\/wp-json\/wp\/v2\/types\/product"}],"replies":[{"embeddable":true,"href":"https:\/\/www.vallonchene.fr\/es\/wp-json\/wp\/v2\/comments?post=898"}],"wp:featuredmedia":[{"embeddable":true,"href":"https:\/\/www.vallonchene.fr\/es\/wp-json\/wp\/v2\/media\/889"}],"wp:attachment":[{"href":"https:\/\/www.vallonchene.fr\/es\/wp-json\/wp\/v2\/media?parent=898"}],"wp:term":[{"taxonomy":"product_brand","embeddable":true,"href":"https:\/\/www.vallonchene.fr\/es\/wp-json\/wp\/v2\/product_brand?post=898"},{"taxonomy":"product_cat","embeddable":true,"href":"https:\/\/www.vallonchene.fr\/es\/wp-json\/wp\/v2\/product_cat?post=898"},{"taxonomy":"product_tag","embeddable":true,"href":"https:\/\/www.vallonchene.fr\/es\/wp-json\/wp\/v2\/product_tag?post=898"}],"curies":[{"name":"wp","href":"https:\/\/api.w.org\/{rel}","templated":true}]}}