{"id":6757,"date":"2021-08-31T11:23:52","date_gmt":"2021-08-31T11:23:52","guid":{"rendered":"https:\/\/testing.vallonchene.fr\/produit\/pinus-contorta-taylor-s-sunburst\/"},"modified":"2024-09-26T15:07:33","modified_gmt":"2024-09-26T15:07:33","slug":"pinus-contorta-taylor-s-sunburst","status":"publish","type":"product","link":"https:\/\/www.vallonchene.fr\/es\/producto\/pinus-contorta-taylor-s-sunburst\/","title":{"rendered":"PINUS contorta &#8216;Taylor&#8217;s Sunburst&#8217;"},"content":{"rendered":"","protected":false},"excerpt":{"rendered":"<p>Ce <strong>pin tordu<\/strong> est une forme compact \u00e0 croissance lente. Les jeunes pousses du\u00a0<strong>PINUS contorta &#8216;Taylor&#8217;s Sunburst&#8217;<\/strong> sont d&#8217;un jaune vif qui deviennent vertes par la suite. Parfois, il se d\u00e9core de petits cones rouges les premi\u00e8res ann\u00e9es.<\/p>\n","protected":false},"featured_media":6751,"comment_status":"open","ping_status":"closed","template":"","meta":[],"product_brand":[],"product_cat":[11502],"product_tag":[2430,12034,2429,3161,3162],"class_list":{"0":"post-6757","1":"product","2":"type-product","3":"status-publish","4":"has-post-thumbnail","6":"product_cat-coniferas","7":"product_tag-pin-tordu","8":"product_tag-pinus-es","9":"product_tag-pinus-contorta","10":"product_tag-pinus-contorta-taylors-sunburst","11":"product_tag-taylors-sunburst","12":"pa_99-hauteurapproximativeapres1-1_00-a-1_50-m","13":"pa_couleurdufeuillage-amarilla","14":"pa_couleurdufeuillage-verde","15":"pa_exigencesenhumidite-moderadamente-humedo-a-humedo","16":"pa_exigencesenhumidite-promedio","17":"pa_exigencesenhumidite-seco","18":"pa_expositionspossibles-sombra-parcial-evitar-el-sol-de-12-a-17-horas","19":"pa_expositionspossibles-pleno-sol-de-12-a-17-min","20":"pa_hauteurlivree-60-a-80-cm-es","21":"pa_interetauprintemps-conos","22":"pa_interetauprintemps-follaje","23":"pa_interetauprintemps-habitus","24":"pa_interetauprintemps-brotes-jovenes","25":"pa_interetenautomne-follaje","26":"pa_interetenautomne-habitus","27":"pa_interetenete-follaje","28":"pa_interetenete-habitus","29":"pa_interetenhiver-follaje","30":"pa_interetenhiver-habitus","31":"pa_naturedufeuillage-siempreverde","32":"pa_naturesdesolpossibles-ligero","33":"pa_naturesdesolpossibles-normal-es","34":"pa_particularites-habitus","35":"pa_periodedetaille-marzo","36":"pa_phdusolacceptable-acido-menos-de-6_5","37":"pa_phdusolacceptable-neutro-entre-6_5-y-7_5","38":"pa_portgraphisme-fastigiado","39":"pa_resistanceaufroidrusticite-resistente-por-debajo-de-menos-20-c","40":"pa_tailledepot-maceta-de-10-litros","41":"pa_utilisationpossible-contenedor-o-olla","42":"pa_utilisationpossible-arriate","44":"first","45":"outofstock","46":"taxable","47":"shipping-taxable","48":"purchasable","49":"product-type-variable","50":"has-default-attributes"},"supplier_id":null,"supplier_sku":"","barcode":null,"atum_controlled":true,"out_stock_date":null,"out_stock_threshold":null,"inheritable":false,"inbound_stock":null,"stock_on_hold":null,"sold_today":null,"sales_last_days":null,"reserved_stock":0,"customer_returns":null,"warehouse_damage":null,"lost_in_post":null,"other_logs":null,"out_stock_days":null,"lost_sales":null,"has_location":null,"update_date":"2024-09-26T13:09:17","atum_locations":[],"atum_stock_status":"outofstock","restock_status":false,"low_stock_amount":"","sales_update_date":null,"calc_backorders":null,"yoast_head":"<!-- This site is optimized with the Yoast SEO Premium plugin v27.5 (Yoast SEO v27.5) - https:\/\/yoast.com\/product\/yoast-seo-premium-wordpress\/ -->\n<title>PINUS contorta &#039;Taylor&#039;s Sunburst&#039; - pin tordu<\/title>\n<meta name=\"description\" content=\"Ce pin tordu est une forme compact \u00e0 croissance lente. Les jeunes pousses du\u00a0PINUS contorta &#039;Taylor&#039;s Sunburst&#039; sont d&#039;un jaune vif qui deviennent vertes par la suite. Parfois, il se d\u00e9core de petits...\" \/>\n<meta name=\"robots\" content=\"index, follow, max-snippet:-1, max-image-preview:large, max-video-preview:-1\" \/>\n<link rel=\"canonical\" href=\"https:\/\/www.vallonchene.fr\/es\/producto\/pinus-contorta-taylor-s-sunburst\/\" \/>\n<meta property=\"og:locale\" content=\"es_ES\" \/>\n<meta property=\"og:type\" content=\"article\" \/>\n<meta property=\"og:title\" content=\"PINUS contorta &#039;Taylor&#039;s Sunburst&#039;\" \/>\n<meta property=\"og:description\" content=\"Ce pin tordu est une forme compact \u00e0 croissance lente. Les jeunes pousses du\u00a0PINUS contorta &#039;Taylor&#039;s Sunburst&#039; sont d&#039;un jaune vif qui deviennent vertes par la suite. Parfois, il se d\u00e9core de petits...\" \/>\n<meta property=\"og:url\" content=\"https:\/\/www.vallonchene.fr\/es\/producto\/pinus-contorta-taylor-s-sunburst\/\" \/>\n<meta property=\"og:site_name\" content=\"Vallonch\u00eane\" \/>\n<meta property=\"article:publisher\" content=\"https:\/\/www.facebook.com\/vallonchene.fr\" \/>\n<meta property=\"article:modified_time\" content=\"2024-09-26T15:07:33+00:00\" \/>\n<meta property=\"og:image\" content=\"https:\/\/www.vallonchene.fr\/wp-content\/uploads\/2021\/08\/2796-4a4-PINUS-contorta-Taylors-Sunburst-en-Juin.jpg\" \/>\n\t<meta property=\"og:image:width\" content=\"1600\" \/>\n\t<meta property=\"og:image:height\" content=\"1600\" \/>\n\t<meta property=\"og:image:type\" content=\"image\/jpeg\" \/>\n<meta name=\"twitter:card\" content=\"summary_large_image\" \/>\n<meta name=\"twitter:label1\" content=\"Disponibilidad\" \/>\n\t<meta name=\"twitter:data1\" content=\"Agotado\" \/>\n<script type=\"application\/ld+json\" class=\"yoast-schema-graph\">{\"@context\":\"https:\\\/\\\/schema.org\",\"@graph\":[{\"@type\":\"WebPage\",\"@id\":\"https:\\\/\\\/www.vallonchene.fr\\\/es\\\/producto\\\/pinus-contorta-taylor-s-sunburst\\\/\",\"url\":\"https:\\\/\\\/www.vallonchene.fr\\\/es\\\/producto\\\/pinus-contorta-taylor-s-sunburst\\\/\",\"name\":\"PINUS contorta 'Taylor's Sunburst' - pin tordu\",\"isPartOf\":{\"@id\":\"https:\\\/\\\/www.vallonchene.fr\\\/es\\\/#website\"},\"primaryImageOfPage\":{\"@id\":\"https:\\\/\\\/www.vallonchene.fr\\\/es\\\/producto\\\/pinus-contorta-taylor-s-sunburst\\\/#primaryimage\"},\"image\":{\"@id\":\"https:\\\/\\\/www.vallonchene.fr\\\/es\\\/producto\\\/pinus-contorta-taylor-s-sunburst\\\/#primaryimage\"},\"thumbnailUrl\":\"https:\\\/\\\/www.vallonchene.fr\\\/wp-content\\\/uploads\\\/2021\\\/08\\\/2796-4a4-PINUS-contorta-Taylors-Sunburst-en-Juin.jpg\",\"datePublished\":\"2021-08-31T11:23:52+00:00\",\"dateModified\":\"2024-09-26T15:07:33+00:00\",\"description\":\"Ce pin tordu est une forme compact \u00e0 croissance lente. Les jeunes pousses du\u00a0PINUS contorta 'Taylor's Sunburst' sont d'un jaune vif qui deviennent vertes par la suite. Parfois, il se d\u00e9core de petits...\",\"breadcrumb\":{\"@id\":\"https:\\\/\\\/www.vallonchene.fr\\\/es\\\/producto\\\/pinus-contorta-taylor-s-sunburst\\\/#breadcrumb\"},\"inLanguage\":\"es\",\"potentialAction\":[{\"@type\":\"ReadAction\",\"target\":[\"https:\\\/\\\/www.vallonchene.fr\\\/es\\\/producto\\\/pinus-contorta-taylor-s-sunburst\\\/\"]}]},{\"@type\":\"ImageObject\",\"inLanguage\":\"es\",\"@id\":\"https:\\\/\\\/www.vallonchene.fr\\\/es\\\/producto\\\/pinus-contorta-taylor-s-sunburst\\\/#primaryimage\",\"url\":\"https:\\\/\\\/www.vallonchene.fr\\\/wp-content\\\/uploads\\\/2021\\\/08\\\/2796-4a4-PINUS-contorta-Taylors-Sunburst-en-Juin.jpg\",\"contentUrl\":\"https:\\\/\\\/www.vallonchene.fr\\\/wp-content\\\/uploads\\\/2021\\\/08\\\/2796-4a4-PINUS-contorta-Taylors-Sunburst-en-Juin.jpg\",\"width\":1600,\"height\":1600,\"caption\":\"PINUS contorta 'Taylor's Sunburst' en Juin\"},{\"@type\":\"BreadcrumbList\",\"@id\":\"https:\\\/\\\/www.vallonchene.fr\\\/es\\\/producto\\\/pinus-contorta-taylor-s-sunburst\\\/#breadcrumb\",\"itemListElement\":[{\"@type\":\"ListItem\",\"position\":1,\"name\":\"Home\",\"item\":\"https:\\\/\\\/www.vallonchene.fr\\\/es\\\/\"},{\"@type\":\"ListItem\",\"position\":2,\"name\":\"Tienda\",\"item\":\"https:\\\/\\\/www.vallonchene.fr\\\/tienda\\\/\"},{\"@type\":\"ListItem\",\"position\":3,\"name\":\"Venta en linea\",\"item\":\"https:\\\/\\\/www.vallonchene.fr\\\/es\\\/categoria-producto\\\/venta-en-linea\\\/\"},{\"@type\":\"ListItem\",\"position\":4,\"name\":\"Vivero\",\"item\":\"https:\\\/\\\/www.vallonchene.fr\\\/es\\\/categoria-producto\\\/venta-en-linea\\\/vivero\\\/\"},{\"@type\":\"ListItem\",\"position\":5,\"name\":\"Coniferas\",\"item\":\"https:\\\/\\\/www.vallonchene.fr\\\/es\\\/categoria-producto\\\/venta-en-linea\\\/vivero\\\/coniferas\\\/\"},{\"@type\":\"ListItem\",\"position\":6,\"name\":\"PINUS contorta &#8216;Taylor&#8217;s Sunburst&#8217;\"}]},{\"@type\":\"WebSite\",\"@id\":\"https:\\\/\\\/www.vallonchene.fr\\\/es\\\/#website\",\"url\":\"https:\\\/\\\/www.vallonchene.fr\\\/es\\\/\",\"name\":\"Vallonch\u00eane\",\"description\":\"El vivero donde la calidad tiene sus ra\u00edces \u2013 Tel.: +33 (0)2.35.90.02.02\",\"publisher\":{\"@id\":\"https:\\\/\\\/www.vallonchene.fr\\\/es\\\/#organization\"},\"potentialAction\":[{\"@type\":\"SearchAction\",\"target\":{\"@type\":\"EntryPoint\",\"urlTemplate\":\"https:\\\/\\\/www.vallonchene.fr\\\/es\\\/?s={search_term_string}\"},\"query-input\":{\"@type\":\"PropertyValueSpecification\",\"valueRequired\":true,\"valueName\":\"search_term_string\"}}],\"inLanguage\":\"es\"},{\"@type\":\"Organization\",\"@id\":\"https:\\\/\\\/www.vallonchene.fr\\\/es\\\/#organization\",\"name\":\"VALLONCHENE\",\"url\":\"https:\\\/\\\/www.vallonchene.fr\\\/es\\\/\",\"logo\":{\"@type\":\"ImageObject\",\"inLanguage\":\"es\",\"@id\":\"https:\\\/\\\/www.vallonchene.fr\\\/es\\\/#\\\/schema\\\/logo\\\/image\\\/\",\"url\":\"https:\\\/\\\/www.vallonchene.fr\\\/wp-content\\\/uploads\\\/2023\\\/03\\\/Logo-Vallonchene-site-et-R_hauteur_100.png\",\"contentUrl\":\"https:\\\/\\\/www.vallonchene.fr\\\/wp-content\\\/uploads\\\/2023\\\/03\\\/Logo-Vallonchene-site-et-R_hauteur_100.png\",\"width\":221,\"height\":100,\"caption\":\"VALLONCHENE\"},\"image\":{\"@id\":\"https:\\\/\\\/www.vallonchene.fr\\\/es\\\/#\\\/schema\\\/logo\\\/image\\\/\"},\"sameAs\":[\"https:\\\/\\\/www.facebook.com\\\/vallonchene.fr\",\"https:\\\/\\\/www.instagram.com\\\/vallonchene\\\/\",\"https:\\\/\\\/www.pinterest.fr\\\/vallonchene\\\/\"],\"taxID\":\"49454502300017\",\"hasMerchantReturnPolicy\":{\"@type\":\"MerchantReturnPolicy\",\"merchantReturnLink\":\"https:\\\/\\\/www.vallonchene.fr\\\/remboursements_retours\\\/\"}}]}<\/script>\n<meta property=\"og:availability\" content=\"out of stock\" \/>\n<meta property=\"product:availability\" content=\"out of stock\" \/>\n<meta property=\"product:retailer_item_id\" content=\"82684\" \/>\n<meta property=\"product:condition\" content=\"new\" \/>\n<!-- \/ Yoast SEO Premium plugin. -->","yoast_head_json":{"title":"PINUS contorta 'Taylor's Sunburst' - pin tordu","description":"Ce pin tordu est une forme compact \u00e0 croissance lente. Les jeunes pousses du\u00a0PINUS contorta 'Taylor's Sunburst' sont d'un jaune vif qui deviennent vertes par la suite. Parfois, il se d\u00e9core de petits...","robots":{"index":"index","follow":"follow","max-snippet":"max-snippet:-1","max-image-preview":"max-image-preview:large","max-video-preview":"max-video-preview:-1"},"canonical":"https:\/\/www.vallonchene.fr\/es\/producto\/pinus-contorta-taylor-s-sunburst\/","og_locale":"es_ES","og_type":"article","og_title":"PINUS contorta 'Taylor's Sunburst'","og_description":"Ce pin tordu est une forme compact \u00e0 croissance lente. Les jeunes pousses du\u00a0PINUS contorta 'Taylor's Sunburst' sont d'un jaune vif qui deviennent vertes par la suite. Parfois, il se d\u00e9core de petits...","og_url":"https:\/\/www.vallonchene.fr\/es\/producto\/pinus-contorta-taylor-s-sunburst\/","og_site_name":"Vallonch\u00eane","article_publisher":"https:\/\/www.facebook.com\/vallonchene.fr","article_modified_time":"2024-09-26T15:07:33+00:00","og_image":[{"width":1600,"height":1600,"url":"https:\/\/www.vallonchene.fr\/wp-content\/uploads\/2021\/08\/2796-4a4-PINUS-contorta-Taylors-Sunburst-en-Juin.jpg","type":"image\/jpeg"}],"twitter_card":"summary_large_image","twitter_misc":{"Disponibilidad":"Agotado"},"schema":{"@context":"https:\/\/schema.org","@graph":[{"@type":"WebPage","@id":"https:\/\/www.vallonchene.fr\/es\/producto\/pinus-contorta-taylor-s-sunburst\/","url":"https:\/\/www.vallonchene.fr\/es\/producto\/pinus-contorta-taylor-s-sunburst\/","name":"PINUS contorta 'Taylor's Sunburst' - pin tordu","isPartOf":{"@id":"https:\/\/www.vallonchene.fr\/es\/#website"},"primaryImageOfPage":{"@id":"https:\/\/www.vallonchene.fr\/es\/producto\/pinus-contorta-taylor-s-sunburst\/#primaryimage"},"image":{"@id":"https:\/\/www.vallonchene.fr\/es\/producto\/pinus-contorta-taylor-s-sunburst\/#primaryimage"},"thumbnailUrl":"https:\/\/www.vallonchene.fr\/wp-content\/uploads\/2021\/08\/2796-4a4-PINUS-contorta-Taylors-Sunburst-en-Juin.jpg","datePublished":"2021-08-31T11:23:52+00:00","dateModified":"2024-09-26T15:07:33+00:00","description":"Ce pin tordu est une forme compact \u00e0 croissance lente. Les jeunes pousses du\u00a0PINUS contorta 'Taylor's Sunburst' sont d'un jaune vif qui deviennent vertes par la suite. Parfois, il se d\u00e9core de petits...","breadcrumb":{"@id":"https:\/\/www.vallonchene.fr\/es\/producto\/pinus-contorta-taylor-s-sunburst\/#breadcrumb"},"inLanguage":"es","potentialAction":[{"@type":"ReadAction","target":["https:\/\/www.vallonchene.fr\/es\/producto\/pinus-contorta-taylor-s-sunburst\/"]}]},{"@type":"ImageObject","inLanguage":"es","@id":"https:\/\/www.vallonchene.fr\/es\/producto\/pinus-contorta-taylor-s-sunburst\/#primaryimage","url":"https:\/\/www.vallonchene.fr\/wp-content\/uploads\/2021\/08\/2796-4a4-PINUS-contorta-Taylors-Sunburst-en-Juin.jpg","contentUrl":"https:\/\/www.vallonchene.fr\/wp-content\/uploads\/2021\/08\/2796-4a4-PINUS-contorta-Taylors-Sunburst-en-Juin.jpg","width":1600,"height":1600,"caption":"PINUS contorta 'Taylor's Sunburst' en Juin"},{"@type":"BreadcrumbList","@id":"https:\/\/www.vallonchene.fr\/es\/producto\/pinus-contorta-taylor-s-sunburst\/#breadcrumb","itemListElement":[{"@type":"ListItem","position":1,"name":"Home","item":"https:\/\/www.vallonchene.fr\/es\/"},{"@type":"ListItem","position":2,"name":"Tienda","item":"https:\/\/www.vallonchene.fr\/tienda\/"},{"@type":"ListItem","position":3,"name":"Venta en linea","item":"https:\/\/www.vallonchene.fr\/es\/categoria-producto\/venta-en-linea\/"},{"@type":"ListItem","position":4,"name":"Vivero","item":"https:\/\/www.vallonchene.fr\/es\/categoria-producto\/venta-en-linea\/vivero\/"},{"@type":"ListItem","position":5,"name":"Coniferas","item":"https:\/\/www.vallonchene.fr\/es\/categoria-producto\/venta-en-linea\/vivero\/coniferas\/"},{"@type":"ListItem","position":6,"name":"PINUS contorta &#8216;Taylor&#8217;s Sunburst&#8217;"}]},{"@type":"WebSite","@id":"https:\/\/www.vallonchene.fr\/es\/#website","url":"https:\/\/www.vallonchene.fr\/es\/","name":"Vallonch\u00eane","description":"El vivero donde la calidad tiene sus ra\u00edces \u2013 Tel.: +33 (0)2.35.90.02.02","publisher":{"@id":"https:\/\/www.vallonchene.fr\/es\/#organization"},"potentialAction":[{"@type":"SearchAction","target":{"@type":"EntryPoint","urlTemplate":"https:\/\/www.vallonchene.fr\/es\/?s={search_term_string}"},"query-input":{"@type":"PropertyValueSpecification","valueRequired":true,"valueName":"search_term_string"}}],"inLanguage":"es"},{"@type":"Organization","@id":"https:\/\/www.vallonchene.fr\/es\/#organization","name":"VALLONCHENE","url":"https:\/\/www.vallonchene.fr\/es\/","logo":{"@type":"ImageObject","inLanguage":"es","@id":"https:\/\/www.vallonchene.fr\/es\/#\/schema\/logo\/image\/","url":"https:\/\/www.vallonchene.fr\/wp-content\/uploads\/2023\/03\/Logo-Vallonchene-site-et-R_hauteur_100.png","contentUrl":"https:\/\/www.vallonchene.fr\/wp-content\/uploads\/2023\/03\/Logo-Vallonchene-site-et-R_hauteur_100.png","width":221,"height":100,"caption":"VALLONCHENE"},"image":{"@id":"https:\/\/www.vallonchene.fr\/es\/#\/schema\/logo\/image\/"},"sameAs":["https:\/\/www.facebook.com\/vallonchene.fr","https:\/\/www.instagram.com\/vallonchene\/","https:\/\/www.pinterest.fr\/vallonchene\/"],"taxID":"49454502300017","hasMerchantReturnPolicy":{"@type":"MerchantReturnPolicy","merchantReturnLink":"https:\/\/www.vallonchene.fr\/remboursements_retours\/"}}]},"og_availability":"out of stock","product_availability":"out of stock","product_retailer_item_id":"82684","product_condition":"new"},"_links":{"self":[{"href":"https:\/\/www.vallonchene.fr\/es\/wp-json\/wp\/v2\/product\/6757","targetHints":{"allow":["GET"]}}],"collection":[{"href":"https:\/\/www.vallonchene.fr\/es\/wp-json\/wp\/v2\/product"}],"about":[{"href":"https:\/\/www.vallonchene.fr\/es\/wp-json\/wp\/v2\/types\/product"}],"replies":[{"embeddable":true,"href":"https:\/\/www.vallonchene.fr\/es\/wp-json\/wp\/v2\/comments?post=6757"}],"wp:featuredmedia":[{"embeddable":true,"href":"https:\/\/www.vallonchene.fr\/es\/wp-json\/wp\/v2\/media\/6751"}],"wp:attachment":[{"href":"https:\/\/www.vallonchene.fr\/es\/wp-json\/wp\/v2\/media?parent=6757"}],"wp:term":[{"taxonomy":"product_brand","embeddable":true,"href":"https:\/\/www.vallonchene.fr\/es\/wp-json\/wp\/v2\/product_brand?post=6757"},{"taxonomy":"product_cat","embeddable":true,"href":"https:\/\/www.vallonchene.fr\/es\/wp-json\/wp\/v2\/product_cat?post=6757"},{"taxonomy":"product_tag","embeddable":true,"href":"https:\/\/www.vallonchene.fr\/es\/wp-json\/wp\/v2\/product_tag?post=6757"}],"curies":[{"name":"wp","href":"https:\/\/api.w.org\/{rel}","templated":true}]}}