{"id":6283,"date":"2021-08-31T10:56:12","date_gmt":"2021-08-31T10:56:12","guid":{"rendered":"https:\/\/testing.vallonchene.fr\/produit\/davidia-involucrata-vilmoriniana\/"},"modified":"2024-10-05T12:22:30","modified_gmt":"2024-10-05T12:22:30","slug":"davidia-involucrata-vilmoriniana","status":"publish","type":"product","link":"https:\/\/www.vallonchene.fr\/es\/producto\/davidia-involucrata-vilmoriniana\/","title":{"rendered":"DAVIDIA involucrata vilmoriniana"},"content":{"rendered":"<p>Pour les amateurs de plantes extraordinaires, ce petit arbre de croissance assez lente, procure un spectacle fabuleux en mai par sa floraison. En effet, Les petites fleurs globulaires du <strong>DAVIDIA involucrata vilmoriniana<\/strong> portent d\u2019<strong>\u00e9normes bract\u00e9es blanches<\/strong> d\u2019approximativement 15 cm. On pourrait croire que l\u2019on a accroch\u00e9 des mouchoirs dans l\u2019arbre. Pour cela, on l\u2019appelle commun\u00e9ment l\u2019<strong>arbre \u00e0 mouchoirs<\/strong>.<br \/>\nPar ailleurs, comme vous pouvez le constater sur nos photos, les feuilles n\u2019en sont pas moins belles. En automne, elles deviennent orange avant de tomber.<\/p>\n<h2>Comment faire pousser le DAVIDIA involucrata vilmoriniana<\/h2>\n<p>Cet arbre est <strong>globalement de culture facile<\/strong>, car il supporte m\u00eame le sol calcaire. Les grands froids d\u2019hiver ne lui font pas peur non plus. Il faut savoir qu\u2019\u00e0 Vallonch\u00eane, il <strong>a surv\u00e9cu \u00e0 des temp\u00e9ratures de \u221222\u00b0 C<\/strong>.<\/p>\n<p>Plantez l\u2019arbre \u00e0 mouchoirs <strong>\u00e0 mi-ombre ou au soleil<\/strong>. Il s\u2019accommode de <strong>tout pH<\/strong> et d\u2019un <strong>sol l\u00e9ger, normal ou lourd<\/strong>. Trouvez-lui une place <strong>dans un massif ou en isol\u00e9<\/strong>.<\/p>\n<p>Pour plus d\u2019informations sur la bonne pr\u00e9paration du trou de plante d\u2019un arbre, <a href=\"https:\/\/www.vallonchene.fr\/comment-planter-et-entretenir-des-vegetaux\/comment-planter-et-entretenir-arbres-arbustes-et-coniferes\/\"><strong>suivez nos instructions ici<\/strong><\/a>.<\/p>\n<h2>Histoire et Origine<\/h2>\n<p>Le genre DAVIDIA est nomm\u00e9 apr\u00e8s le <a href=\"https:\/\/fr.wikipedia.org\/wiki\/Armand_David\" target=\"_blank\" rel=\"noreferrer noopener\"><strong>P\u00e8re David<\/strong><\/a>. Le mot latin <em>involucrata<\/em> signifie \u00ab couronne de bract\u00e9es entourant plusieurs fleurs \u00bb.<\/p>\n<p>Le DAVIDIA involucrata trouve ses origines dans le sud est et le centre sud de la Chine. Il y pousse dans des for\u00eats montagnardes mixtes.<\/p>\n<p>L\u2019esp\u00e8ce D. involucrata a \u00e9t\u00e9 introduite en Europe et dans le Nord d\u2019Am\u00e9rique en 1904. Depuis lors, on l\u2019appr\u00e9cie comme arbre ornemental.<\/p>\n<p>Le DAVIDIA involucrata est la seule esp\u00e8ce vivante du genre Davidia. Autrefois, il se classait dans la famille des cornouillers alors qu\u2019aujourd\u2019hui, on le range dans la famille de Nyssaceae.<\/p>\n<p>De plus, nous distinguons le D. involucrata du D. involucrata var. vilmoriana, puisque le second a un feuillage franchement glabre. Para ailleurs, la vari\u00e9t\u00e9 vilmoriniana dispose \u00e9galement d\u2019un nombre diff\u00e9rent de chromosomes.<\/p>\n<p>Le fossile le plus vieux d\u2019un DAVIDIA jamais trouv\u00e9 date du <a href=\"https:\/\/fr.wikipedia.org\/wiki\/Cr%C3%A9tac%C3%A9_sup%C3%A9rieur\" target=\"_blank\" rel=\"noreferrer noopener\"><strong>cr\u00e9tac\u00e9 sup\u00e9rieur<\/strong><\/a>.<\/p>\n<p>Le DAVIDIA involucrata aussi bien que le DAVIDIA involucrata var. vilmoriniana se sont vu attribu\u00e9 l\u2019Award of Garden Merit de la RHS (Royal Horticultural Society).<\/p>\n<p>Enfin, la vari\u00e9t\u00e9 <em>vilmoriniana<\/em> s\u2019est d\u00e9montr\u00e9e plus r\u00e9sistante aux conditions climatiques de l\u2019ouest.<\/p>\n","protected":false},"excerpt":{"rendered":"<p>L&#8217;<strong>arbre aux mouchoirs<\/strong> s&#8217;appelle ainsi \u00e0 cause de ses fleurs ressemblant \u00e0 des mouchoirs. Les fleurs du\u00a0<strong>DAVIDIA involucrata vilmoriniana<\/strong> sont blanches. Il est parfaitement rustique.<\/p>\n","protected":false},"featured_media":40646,"comment_status":"open","ping_status":"closed","template":"","meta":[],"product_brand":[],"product_cat":[251],"product_tag":[3002,3003],"class_list":{"0":"post-6283","1":"product","2":"type-product","3":"status-publish","4":"has-post-thumbnail","6":"product_cat-arbustes-et-arbres","7":"product_tag-arbre-aux-mouchoirs","8":"product_tag-davidia-involucrata-vilmoriniana","9":"pa_99-hauteurapproximativeapres1-2a3m","10":"pa_couleurdesfleurs-blanc","11":"pa_couleurdesfruits-noir","12":"pa_couleurdufeuillage-vert","13":"pa_exigencesenhumidite-fraisahumide","14":"pa_exigencesenhumidite-moyen","15":"pa_exigencesenhumidite-sec","16":"pa_expositionspossibles-33-mi_ombreeviterlesoleilde12","17":"pa_expositionspossibles-pleinsoleilde12ha17hmin","18":"pa_hauteurlivree-100-a-125cm","19":"pa_hauteurlivree-125-a-150cm","20":"pa_hauteurlivree-150-a-175-cm","21":"pa_hauteurlivree-250-a-300-cm","22":"pa_interetauprintemps-feuillage","23":"pa_interetauprintemps-fleurs","24":"pa_interetenautomne-feuillage","25":"pa_interetenete-feuillage","26":"pa_naturedufeuillage-caduc","27":"pa_naturesdesolpossibles-leger","28":"pa_naturesdesolpossibles-lourd","29":"pa_naturesdesolpossibles-normal","30":"pa_periodedefloraison-printemps","31":"pa_periodedetaille-mars","32":"pa_phdusolacceptable-acidemoinsde65","33":"pa_phdusolacceptable-calcaireplusde75","34":"pa_phdusolacceptable-neutreentre65et75","35":"pa_portgraphisme-arrondi","36":"pa_resistanceaufroidrusticite-resistant-en-dessous-de-moins-20-degree-c","37":"pa_tailledepot-pot-de-1-litre","38":"pa_tailledepot-pot-de-10-litres","39":"pa_tailledepot-pot-de-15-litres","40":"pa_tailledepot-pot-de-20-litres","41":"pa_tailledepot-pot-de-4-litres","42":"pa_tailledepot-pot-de-5-litres","43":"pa_utilisationpossible-isole","44":"pa_utilisationpossible-massif","46":"first","47":"instock","48":"taxable","49":"shipping-taxable","50":"purchasable","51":"product-type-variable","52":"has-default-attributes"},"supplier_id":null,"supplier_sku":"","barcode":null,"atum_controlled":true,"out_stock_date":null,"out_stock_threshold":null,"inheritable":true,"inbound_stock":0,"stock_on_hold":0,"sold_today":0,"sales_last_days":0,"reserved_stock":0,"customer_returns":0,"warehouse_damage":0,"lost_in_post":0,"other_logs":0,"out_stock_days":null,"lost_sales":0,"has_location":false,"update_date":"2024-10-07T05:19:06","atum_locations":[],"atum_stock_status":"instock","restock_status":false,"low_stock_amount":"","sales_update_date":"2024-10-03T12:57:24","calc_backorders":null,"yoast_head":"<!-- This site is optimized with the Yoast SEO Premium plugin v27.4 (Yoast SEO v27.4) - https:\/\/yoast.com\/product\/yoast-seo-premium-wordpress\/ -->\n<title>DAVIDIA involucrata vilmoriniana - arbre aux mouchoirs<\/title>\n<meta name=\"description\" content=\"L&#039;arbre aux mouchoirs s&#039;appelle ainsi \u00e0 cause de ses fleurs ressemblant \u00e0 des mouchoirs. Les fleurs du\u00a0DAVIDIA involucrata vilmoriniana sont blanches.\" \/>\n<meta name=\"robots\" content=\"index, follow, max-snippet:-1, max-image-preview:large, max-video-preview:-1\" \/>\n<link rel=\"canonical\" href=\"https:\/\/www.vallonchene.fr\/es\/producto\/davidia-involucrata-vilmoriniana\/\" \/>\n<meta property=\"og:locale\" content=\"es_ES\" \/>\n<meta property=\"og:type\" content=\"article\" \/>\n<meta property=\"og:title\" content=\"DAVIDIA involucrata vilmoriniana\" \/>\n<meta property=\"og:description\" content=\"L&#039;arbre aux mouchoirs s&#039;appelle ainsi \u00e0 cause de ses fleurs ressemblant \u00e0 des mouchoirs. Les fleurs du\u00a0DAVIDIA involucrata vilmoriniana sont blanches.\" \/>\n<meta property=\"og:url\" content=\"https:\/\/www.vallonchene.fr\/es\/producto\/davidia-involucrata-vilmoriniana\/\" \/>\n<meta property=\"og:site_name\" content=\"Vallonch\u00eane\" \/>\n<meta property=\"article:publisher\" content=\"https:\/\/www.facebook.com\/vallonchene.fr\" \/>\n<meta property=\"article:modified_time\" content=\"2024-10-05T12:22:30+00:00\" \/>\n<meta property=\"og:image\" content=\"https:\/\/www.vallonchene.fr\/wp-content\/uploads\/2021\/08\/DAVIDIA-involucrata-vilmoriniana_01.webp\" \/>\n\t<meta property=\"og:image:width\" content=\"1000\" \/>\n\t<meta property=\"og:image:height\" content=\"1000\" \/>\n\t<meta property=\"og:image:type\" content=\"image\/webp\" \/>\n<meta name=\"twitter:card\" content=\"summary_large_image\" \/>\n<meta name=\"twitter:label1\" content=\"Disponibilidad\" \/>\n\t<meta name=\"twitter:data1\" content=\"En stock\" \/>\n<script type=\"application\/ld+json\" class=\"yoast-schema-graph\">{\"@context\":\"https:\\\/\\\/schema.org\",\"@graph\":[{\"@type\":\"WebPage\",\"@id\":\"https:\\\/\\\/www.vallonchene.fr\\\/es\\\/producto\\\/davidia-involucrata-vilmoriniana\\\/\",\"url\":\"https:\\\/\\\/www.vallonchene.fr\\\/es\\\/producto\\\/davidia-involucrata-vilmoriniana\\\/\",\"name\":\"DAVIDIA involucrata vilmoriniana - arbre aux mouchoirs\",\"isPartOf\":{\"@id\":\"https:\\\/\\\/www.vallonchene.fr\\\/es\\\/#website\"},\"primaryImageOfPage\":{\"@id\":\"https:\\\/\\\/www.vallonchene.fr\\\/es\\\/producto\\\/davidia-involucrata-vilmoriniana\\\/#primaryimage\"},\"image\":{\"@id\":\"https:\\\/\\\/www.vallonchene.fr\\\/es\\\/producto\\\/davidia-involucrata-vilmoriniana\\\/#primaryimage\"},\"thumbnailUrl\":\"https:\\\/\\\/www.vallonchene.fr\\\/wp-content\\\/uploads\\\/2021\\\/08\\\/DAVIDIA-involucrata-vilmoriniana_01.webp\",\"datePublished\":\"2021-08-31T10:56:12+00:00\",\"dateModified\":\"2024-10-05T12:22:30+00:00\",\"description\":\"L'arbre aux mouchoirs s'appelle ainsi \u00e0 cause de ses fleurs ressemblant \u00e0 des mouchoirs. Les fleurs du\u00a0DAVIDIA involucrata vilmoriniana sont blanches.\",\"breadcrumb\":{\"@id\":\"https:\\\/\\\/www.vallonchene.fr\\\/es\\\/producto\\\/davidia-involucrata-vilmoriniana\\\/#breadcrumb\"},\"inLanguage\":\"es\",\"potentialAction\":[{\"@type\":\"ReadAction\",\"target\":[\"https:\\\/\\\/www.vallonchene.fr\\\/es\\\/producto\\\/davidia-involucrata-vilmoriniana\\\/\"]}]},{\"@type\":\"ImageObject\",\"inLanguage\":\"es\",\"@id\":\"https:\\\/\\\/www.vallonchene.fr\\\/es\\\/producto\\\/davidia-involucrata-vilmoriniana\\\/#primaryimage\",\"url\":\"https:\\\/\\\/www.vallonchene.fr\\\/wp-content\\\/uploads\\\/2021\\\/08\\\/DAVIDIA-involucrata-vilmoriniana_01.webp\",\"contentUrl\":\"https:\\\/\\\/www.vallonchene.fr\\\/wp-content\\\/uploads\\\/2021\\\/08\\\/DAVIDIA-involucrata-vilmoriniana_01.webp\",\"width\":1000,\"height\":1000,\"caption\":\"Gros plan sur fleurs du DAVIDIA involucrata vilmoriniana\"},{\"@type\":\"BreadcrumbList\",\"@id\":\"https:\\\/\\\/www.vallonchene.fr\\\/es\\\/producto\\\/davidia-involucrata-vilmoriniana\\\/#breadcrumb\",\"itemListElement\":[{\"@type\":\"ListItem\",\"position\":1,\"name\":\"Home\",\"item\":\"https:\\\/\\\/www.vallonchene.fr\\\/es\\\/\"},{\"@type\":\"ListItem\",\"position\":2,\"name\":\"Tienda\",\"item\":\"https:\\\/\\\/www.vallonchene.fr\\\/tienda\\\/\"},{\"@type\":\"ListItem\",\"position\":3,\"name\":\"Venta en linea\",\"item\":\"https:\\\/\\\/www.vallonchene.fr\\\/es\\\/categoria-producto\\\/venta-en-linea\\\/\"},{\"@type\":\"ListItem\",\"position\":4,\"name\":\"Vivero\",\"item\":\"https:\\\/\\\/www.vallonchene.fr\\\/es\\\/categoria-producto\\\/venta-en-linea\\\/vivero\\\/\"},{\"@type\":\"ListItem\",\"position\":5,\"name\":\"Arbustos y \u00e1rboles\",\"item\":\"https:\\\/\\\/www.vallonchene.fr\\\/es\\\/categoria-producto\\\/venta-en-linea\\\/vivero\\\/arbustos-y-arboles\\\/\"},{\"@type\":\"ListItem\",\"position\":6,\"name\":\"DAVIDIA involucrata vilmoriniana\"}]},{\"@type\":\"WebSite\",\"@id\":\"https:\\\/\\\/www.vallonchene.fr\\\/es\\\/#website\",\"url\":\"https:\\\/\\\/www.vallonchene.fr\\\/es\\\/\",\"name\":\"Vallonch\u00eane\",\"description\":\"El vivero donde la calidad tiene sus ra\u00edces \u2013 Tel.: +33 (0)2.35.90.02.02\",\"publisher\":{\"@id\":\"https:\\\/\\\/www.vallonchene.fr\\\/es\\\/#organization\"},\"potentialAction\":[{\"@type\":\"SearchAction\",\"target\":{\"@type\":\"EntryPoint\",\"urlTemplate\":\"https:\\\/\\\/www.vallonchene.fr\\\/es\\\/?s={search_term_string}\"},\"query-input\":{\"@type\":\"PropertyValueSpecification\",\"valueRequired\":true,\"valueName\":\"search_term_string\"}}],\"inLanguage\":\"es\"},{\"@type\":\"Organization\",\"@id\":\"https:\\\/\\\/www.vallonchene.fr\\\/es\\\/#organization\",\"name\":\"VALLONCHENE\",\"url\":\"https:\\\/\\\/www.vallonchene.fr\\\/es\\\/\",\"logo\":{\"@type\":\"ImageObject\",\"inLanguage\":\"es\",\"@id\":\"https:\\\/\\\/www.vallonchene.fr\\\/es\\\/#\\\/schema\\\/logo\\\/image\\\/\",\"url\":\"https:\\\/\\\/www.vallonchene.fr\\\/wp-content\\\/uploads\\\/2023\\\/03\\\/Logo-Vallonchene-site-et-R_hauteur_100.png\",\"contentUrl\":\"https:\\\/\\\/www.vallonchene.fr\\\/wp-content\\\/uploads\\\/2023\\\/03\\\/Logo-Vallonchene-site-et-R_hauteur_100.png\",\"width\":221,\"height\":100,\"caption\":\"VALLONCHENE\"},\"image\":{\"@id\":\"https:\\\/\\\/www.vallonchene.fr\\\/es\\\/#\\\/schema\\\/logo\\\/image\\\/\"},\"sameAs\":[\"https:\\\/\\\/www.facebook.com\\\/vallonchene.fr\",\"https:\\\/\\\/www.instagram.com\\\/vallonchene\\\/\",\"https:\\\/\\\/www.pinterest.fr\\\/vallonchene\\\/\"],\"taxID\":\"49454502300017\",\"hasMerchantReturnPolicy\":{\"@type\":\"MerchantReturnPolicy\",\"merchantReturnLink\":\"https:\\\/\\\/www.vallonchene.fr\\\/remboursements_retours\\\/\"}}]}<\/script>\n<meta property=\"og:availability\" content=\"instock\" \/>\n<meta property=\"product:availability\" content=\"instock\" \/>\n<meta property=\"product:retailer_item_id\" content=\"57471\" \/>\n<meta property=\"product:condition\" content=\"new\" \/>\n<!-- \/ Yoast SEO Premium plugin. -->","yoast_head_json":{"title":"DAVIDIA involucrata vilmoriniana - arbre aux mouchoirs","description":"L'arbre aux mouchoirs s'appelle ainsi \u00e0 cause de ses fleurs ressemblant \u00e0 des mouchoirs. Les fleurs du\u00a0DAVIDIA involucrata vilmoriniana sont blanches.","robots":{"index":"index","follow":"follow","max-snippet":"max-snippet:-1","max-image-preview":"max-image-preview:large","max-video-preview":"max-video-preview:-1"},"canonical":"https:\/\/www.vallonchene.fr\/es\/producto\/davidia-involucrata-vilmoriniana\/","og_locale":"es_ES","og_type":"article","og_title":"DAVIDIA involucrata vilmoriniana","og_description":"L'arbre aux mouchoirs s'appelle ainsi \u00e0 cause de ses fleurs ressemblant \u00e0 des mouchoirs. Les fleurs du\u00a0DAVIDIA involucrata vilmoriniana sont blanches.","og_url":"https:\/\/www.vallonchene.fr\/es\/producto\/davidia-involucrata-vilmoriniana\/","og_site_name":"Vallonch\u00eane","article_publisher":"https:\/\/www.facebook.com\/vallonchene.fr","article_modified_time":"2024-10-05T12:22:30+00:00","og_image":[{"width":1000,"height":1000,"url":"https:\/\/www.vallonchene.fr\/wp-content\/uploads\/2021\/08\/DAVIDIA-involucrata-vilmoriniana_01.webp","type":"image\/webp"}],"twitter_card":"summary_large_image","twitter_misc":{"Disponibilidad":"En stock"},"schema":{"@context":"https:\/\/schema.org","@graph":[{"@type":"WebPage","@id":"https:\/\/www.vallonchene.fr\/es\/producto\/davidia-involucrata-vilmoriniana\/","url":"https:\/\/www.vallonchene.fr\/es\/producto\/davidia-involucrata-vilmoriniana\/","name":"DAVIDIA involucrata vilmoriniana - arbre aux mouchoirs","isPartOf":{"@id":"https:\/\/www.vallonchene.fr\/es\/#website"},"primaryImageOfPage":{"@id":"https:\/\/www.vallonchene.fr\/es\/producto\/davidia-involucrata-vilmoriniana\/#primaryimage"},"image":{"@id":"https:\/\/www.vallonchene.fr\/es\/producto\/davidia-involucrata-vilmoriniana\/#primaryimage"},"thumbnailUrl":"https:\/\/www.vallonchene.fr\/wp-content\/uploads\/2021\/08\/DAVIDIA-involucrata-vilmoriniana_01.webp","datePublished":"2021-08-31T10:56:12+00:00","dateModified":"2024-10-05T12:22:30+00:00","description":"L'arbre aux mouchoirs s'appelle ainsi \u00e0 cause de ses fleurs ressemblant \u00e0 des mouchoirs. Les fleurs du\u00a0DAVIDIA involucrata vilmoriniana sont blanches.","breadcrumb":{"@id":"https:\/\/www.vallonchene.fr\/es\/producto\/davidia-involucrata-vilmoriniana\/#breadcrumb"},"inLanguage":"es","potentialAction":[{"@type":"ReadAction","target":["https:\/\/www.vallonchene.fr\/es\/producto\/davidia-involucrata-vilmoriniana\/"]}]},{"@type":"ImageObject","inLanguage":"es","@id":"https:\/\/www.vallonchene.fr\/es\/producto\/davidia-involucrata-vilmoriniana\/#primaryimage","url":"https:\/\/www.vallonchene.fr\/wp-content\/uploads\/2021\/08\/DAVIDIA-involucrata-vilmoriniana_01.webp","contentUrl":"https:\/\/www.vallonchene.fr\/wp-content\/uploads\/2021\/08\/DAVIDIA-involucrata-vilmoriniana_01.webp","width":1000,"height":1000,"caption":"Gros plan sur fleurs du DAVIDIA involucrata vilmoriniana"},{"@type":"BreadcrumbList","@id":"https:\/\/www.vallonchene.fr\/es\/producto\/davidia-involucrata-vilmoriniana\/#breadcrumb","itemListElement":[{"@type":"ListItem","position":1,"name":"Home","item":"https:\/\/www.vallonchene.fr\/es\/"},{"@type":"ListItem","position":2,"name":"Tienda","item":"https:\/\/www.vallonchene.fr\/tienda\/"},{"@type":"ListItem","position":3,"name":"Venta en linea","item":"https:\/\/www.vallonchene.fr\/es\/categoria-producto\/venta-en-linea\/"},{"@type":"ListItem","position":4,"name":"Vivero","item":"https:\/\/www.vallonchene.fr\/es\/categoria-producto\/venta-en-linea\/vivero\/"},{"@type":"ListItem","position":5,"name":"Arbustos y \u00e1rboles","item":"https:\/\/www.vallonchene.fr\/es\/categoria-producto\/venta-en-linea\/vivero\/arbustos-y-arboles\/"},{"@type":"ListItem","position":6,"name":"DAVIDIA involucrata vilmoriniana"}]},{"@type":"WebSite","@id":"https:\/\/www.vallonchene.fr\/es\/#website","url":"https:\/\/www.vallonchene.fr\/es\/","name":"Vallonch\u00eane","description":"El vivero donde la calidad tiene sus ra\u00edces \u2013 Tel.: +33 (0)2.35.90.02.02","publisher":{"@id":"https:\/\/www.vallonchene.fr\/es\/#organization"},"potentialAction":[{"@type":"SearchAction","target":{"@type":"EntryPoint","urlTemplate":"https:\/\/www.vallonchene.fr\/es\/?s={search_term_string}"},"query-input":{"@type":"PropertyValueSpecification","valueRequired":true,"valueName":"search_term_string"}}],"inLanguage":"es"},{"@type":"Organization","@id":"https:\/\/www.vallonchene.fr\/es\/#organization","name":"VALLONCHENE","url":"https:\/\/www.vallonchene.fr\/es\/","logo":{"@type":"ImageObject","inLanguage":"es","@id":"https:\/\/www.vallonchene.fr\/es\/#\/schema\/logo\/image\/","url":"https:\/\/www.vallonchene.fr\/wp-content\/uploads\/2023\/03\/Logo-Vallonchene-site-et-R_hauteur_100.png","contentUrl":"https:\/\/www.vallonchene.fr\/wp-content\/uploads\/2023\/03\/Logo-Vallonchene-site-et-R_hauteur_100.png","width":221,"height":100,"caption":"VALLONCHENE"},"image":{"@id":"https:\/\/www.vallonchene.fr\/es\/#\/schema\/logo\/image\/"},"sameAs":["https:\/\/www.facebook.com\/vallonchene.fr","https:\/\/www.instagram.com\/vallonchene\/","https:\/\/www.pinterest.fr\/vallonchene\/"],"taxID":"49454502300017","hasMerchantReturnPolicy":{"@type":"MerchantReturnPolicy","merchantReturnLink":"https:\/\/www.vallonchene.fr\/remboursements_retours\/"}}]},"og_availability":"instock","product_availability":"instock","product_retailer_item_id":"57471","product_condition":"new"},"_links":{"self":[{"href":"https:\/\/www.vallonchene.fr\/es\/wp-json\/wp\/v2\/product\/6283","targetHints":{"allow":["GET"]}}],"collection":[{"href":"https:\/\/www.vallonchene.fr\/es\/wp-json\/wp\/v2\/product"}],"about":[{"href":"https:\/\/www.vallonchene.fr\/es\/wp-json\/wp\/v2\/types\/product"}],"replies":[{"embeddable":true,"href":"https:\/\/www.vallonchene.fr\/es\/wp-json\/wp\/v2\/comments?post=6283"}],"wp:featuredmedia":[{"embeddable":true,"href":"https:\/\/www.vallonchene.fr\/es\/wp-json\/wp\/v2\/media\/40646"}],"wp:attachment":[{"href":"https:\/\/www.vallonchene.fr\/es\/wp-json\/wp\/v2\/media?parent=6283"}],"wp:term":[{"taxonomy":"product_brand","embeddable":true,"href":"https:\/\/www.vallonchene.fr\/es\/wp-json\/wp\/v2\/product_brand?post=6283"},{"taxonomy":"product_cat","embeddable":true,"href":"https:\/\/www.vallonchene.fr\/es\/wp-json\/wp\/v2\/product_cat?post=6283"},{"taxonomy":"product_tag","embeddable":true,"href":"https:\/\/www.vallonchene.fr\/es\/wp-json\/wp\/v2\/product_tag?post=6283"}],"curies":[{"name":"wp","href":"https:\/\/api.w.org\/{rel}","templated":true}]}}