{"id":6175,"date":"2021-08-31T11:16:10","date_gmt":"2021-08-31T11:16:10","guid":{"rendered":"https:\/\/testing.vallonchene.fr\/produit\/magnolia-loebneri-leonard-messel\/"},"modified":"2024-09-26T15:17:21","modified_gmt":"2024-09-26T15:17:21","slug":"magnolia-loebneri-leonard-messel","status":"publish","type":"product","link":"https:\/\/www.vallonchene.fr\/es\/producto\/magnolia-loebneri-leonard-messel\/","title":{"rendered":"MAGNOLIA loebneri &#8216;Leonard Messel&#8217;"},"content":{"rendered":"","protected":false},"excerpt":{"rendered":"<p>Ce <strong>magnolia de Loebner<\/strong> est un arbuste caduc. Au printemps, le <strong>MAGNOLIA loenberi &#8216;Leonard Messel&#8217;<\/strong> se couvre de merveilleuses fleurs roses faisant penser \u00e0 des \u00e9toiles gr\u00e2ce \u00e0 leurs p\u00e9tales longs et fins. Il est totalement rustique.<\/p>\n","protected":false},"featured_media":6163,"comment_status":"open","ping_status":"closed","template":"","meta":[],"product_brand":[],"product_cat":[11499],"product_tag":[2959,12267,2960,1928,2958],"class_list":{"0":"post-6175","1":"product","2":"type-product","3":"status-publish","4":"has-post-thumbnail","6":"product_cat-arbustos-y-arboles","7":"product_tag-leonard-messel","8":"product_tag-magnolia-es","9":"product_tag-magnolia-de-loebner","10":"product_tag-magnolia-loebneri","11":"product_tag-magnolia-loebneri-leonard-messel","12":"pa_99-hauteurapproximativeapres1-2-a-3-m","13":"pa_couleurdesfleurs-rosa","14":"pa_couleurdufeuillage-verde","15":"pa_exigencesenhumidite-moderadamente-humedo-a-humedo","16":"pa_exigencesenhumidite-promedio","17":"pa_exigencesenhumidite-seco","18":"pa_expositionspossibles-sombra-parcial-evitar-el-sol-de-12-a-17-horas","19":"pa_expositionspossibles-pleno-sol-de-12-a-17-min","20":"pa_hauteurlivree-100-a-125-cm","21":"pa_interetauprintemps-follaje","22":"pa_interetauprintemps-flores","23":"pa_interetenautomne-follaje","24":"pa_interetenete-follaje","25":"pa_naturedufeuillage-caduco","26":"pa_naturesdesolpossibles-ligero","27":"pa_naturesdesolpossibles-pesado","28":"pa_naturesdesolpossibles-normal-es","29":"pa_particularites-flores-para-cortar","30":"pa_periodedefloraison-primavera","31":"pa_periodedetaille-agosto","32":"pa_periodedetaille-julio","33":"pa_phdusolacceptable-acido-menos-de-6_5","34":"pa_phdusolacceptable-neutro-entre-6_5-y-7_5","35":"pa_portgraphisme-globoso","36":"pa_portgraphisme-arbustivo-es","37":"pa_resistanceaufroidrusticite-resistente-por-debajo-de-menos-20-c","38":"pa_tailledepot-maceta-de-7_5-litros","39":"pa_utilisationpossible-contenedor-o-olla","40":"pa_utilisationpossible-cerca-viva","41":"pa_utilisationpossible-aislado","42":"pa_utilisationpossible-arriate","44":"first","45":"outofstock","46":"taxable","47":"shipping-taxable","48":"purchasable","49":"product-type-variable","50":"has-default-attributes"},"supplier_id":null,"supplier_sku":"","barcode":null,"atum_controlled":true,"out_stock_date":null,"out_stock_threshold":null,"inheritable":false,"inbound_stock":null,"stock_on_hold":null,"sold_today":null,"sales_last_days":null,"reserved_stock":0,"customer_returns":null,"warehouse_damage":null,"lost_in_post":null,"other_logs":null,"out_stock_days":null,"lost_sales":null,"has_location":null,"update_date":"2024-09-26T13:17:42","atum_locations":[],"atum_stock_status":"outofstock","restock_status":false,"low_stock_amount":"","sales_update_date":null,"calc_backorders":null,"yoast_head":"<!-- This site is optimized with the Yoast SEO Premium plugin v27.4 (Yoast SEO v27.4) - https:\/\/yoast.com\/product\/yoast-seo-premium-wordpress\/ -->\n<title>MAGNOLIA loebneri &#039;Leonard Messel&#039; - magnolia de Loebner<\/title>\n<meta name=\"description\" content=\"Ce magnolia de Loebner est un arbuste caduc. Au printemps, le MAGNOLIA loenberi &#039;Leonard Messel&#039; se couvre de merveilleuses fleurs roses faisant penser \u00e0 des \u00e9toiles gr\u00e2ce \u00e0 leurs p\u00e9tales longs et fins....\" \/>\n<meta name=\"robots\" content=\"index, follow, max-snippet:-1, max-image-preview:large, max-video-preview:-1\" \/>\n<link rel=\"canonical\" href=\"https:\/\/www.vallonchene.fr\/es\/producto\/magnolia-loebneri-leonard-messel\/\" \/>\n<meta property=\"og:locale\" content=\"es_ES\" \/>\n<meta property=\"og:type\" content=\"article\" \/>\n<meta property=\"og:title\" content=\"MAGNOLIA loebneri &#039;Leonard Messel&#039;\" \/>\n<meta property=\"og:description\" content=\"Ce magnolia de Loebner est un arbuste caduc. Au printemps, le MAGNOLIA loenberi &#039;Leonard Messel&#039; se couvre de merveilleuses fleurs roses faisant penser \u00e0 des \u00e9toiles gr\u00e2ce \u00e0 leurs p\u00e9tales longs et fins....\" \/>\n<meta property=\"og:url\" content=\"https:\/\/www.vallonchene.fr\/es\/producto\/magnolia-loebneri-leonard-messel\/\" \/>\n<meta property=\"og:site_name\" content=\"Vallonch\u00eane\" \/>\n<meta property=\"article:publisher\" content=\"https:\/\/www.facebook.com\/vallonchene.fr\" \/>\n<meta property=\"article:modified_time\" content=\"2024-09-26T15:17:21+00:00\" \/>\n<meta property=\"og:image\" content=\"https:\/\/www.vallonchene.fr\/wp-content\/uploads\/2021\/08\/2331-bcf-MAGNOLIA-loebneri-Leonard-Messel-en-Mars.jpg\" \/>\n\t<meta property=\"og:image:width\" content=\"1600\" \/>\n\t<meta property=\"og:image:height\" content=\"1600\" \/>\n\t<meta property=\"og:image:type\" content=\"image\/jpeg\" \/>\n<meta name=\"twitter:card\" content=\"summary_large_image\" \/>\n<meta name=\"twitter:label1\" content=\"Disponibilidad\" \/>\n\t<meta name=\"twitter:data1\" content=\"Agotado\" \/>\n<script type=\"application\/ld+json\" class=\"yoast-schema-graph\">{\"@context\":\"https:\\\/\\\/schema.org\",\"@graph\":[{\"@type\":\"WebPage\",\"@id\":\"https:\\\/\\\/www.vallonchene.fr\\\/es\\\/producto\\\/magnolia-loebneri-leonard-messel\\\/\",\"url\":\"https:\\\/\\\/www.vallonchene.fr\\\/es\\\/producto\\\/magnolia-loebneri-leonard-messel\\\/\",\"name\":\"MAGNOLIA loebneri 'Leonard Messel' - magnolia de Loebner\",\"isPartOf\":{\"@id\":\"https:\\\/\\\/www.vallonchene.fr\\\/es\\\/#website\"},\"primaryImageOfPage\":{\"@id\":\"https:\\\/\\\/www.vallonchene.fr\\\/es\\\/producto\\\/magnolia-loebneri-leonard-messel\\\/#primaryimage\"},\"image\":{\"@id\":\"https:\\\/\\\/www.vallonchene.fr\\\/es\\\/producto\\\/magnolia-loebneri-leonard-messel\\\/#primaryimage\"},\"thumbnailUrl\":\"https:\\\/\\\/www.vallonchene.fr\\\/wp-content\\\/uploads\\\/2021\\\/08\\\/2331-bcf-MAGNOLIA-loebneri-Leonard-Messel-en-Mars.jpg\",\"datePublished\":\"2021-08-31T11:16:10+00:00\",\"dateModified\":\"2024-09-26T15:17:21+00:00\",\"description\":\"Ce magnolia de Loebner est un arbuste caduc. Au printemps, le MAGNOLIA loenberi 'Leonard Messel' se couvre de merveilleuses fleurs roses faisant penser \u00e0 des \u00e9toiles gr\u00e2ce \u00e0 leurs p\u00e9tales longs et fins....\",\"breadcrumb\":{\"@id\":\"https:\\\/\\\/www.vallonchene.fr\\\/es\\\/producto\\\/magnolia-loebneri-leonard-messel\\\/#breadcrumb\"},\"inLanguage\":\"es\",\"potentialAction\":[{\"@type\":\"ReadAction\",\"target\":[\"https:\\\/\\\/www.vallonchene.fr\\\/es\\\/producto\\\/magnolia-loebneri-leonard-messel\\\/\"]}]},{\"@type\":\"ImageObject\",\"inLanguage\":\"es\",\"@id\":\"https:\\\/\\\/www.vallonchene.fr\\\/es\\\/producto\\\/magnolia-loebneri-leonard-messel\\\/#primaryimage\",\"url\":\"https:\\\/\\\/www.vallonchene.fr\\\/wp-content\\\/uploads\\\/2021\\\/08\\\/2331-bcf-MAGNOLIA-loebneri-Leonard-Messel-en-Mars.jpg\",\"contentUrl\":\"https:\\\/\\\/www.vallonchene.fr\\\/wp-content\\\/uploads\\\/2021\\\/08\\\/2331-bcf-MAGNOLIA-loebneri-Leonard-Messel-en-Mars.jpg\",\"width\":1600,\"height\":1600,\"caption\":\"MAGNOLIA loebneri 'Leonard Messel' en Mars\"},{\"@type\":\"BreadcrumbList\",\"@id\":\"https:\\\/\\\/www.vallonchene.fr\\\/es\\\/producto\\\/magnolia-loebneri-leonard-messel\\\/#breadcrumb\",\"itemListElement\":[{\"@type\":\"ListItem\",\"position\":1,\"name\":\"Home\",\"item\":\"https:\\\/\\\/www.vallonchene.fr\\\/es\\\/\"},{\"@type\":\"ListItem\",\"position\":2,\"name\":\"Tienda\",\"item\":\"https:\\\/\\\/www.vallonchene.fr\\\/tienda\\\/\"},{\"@type\":\"ListItem\",\"position\":3,\"name\":\"Venta en linea\",\"item\":\"https:\\\/\\\/www.vallonchene.fr\\\/es\\\/categoria-producto\\\/venta-en-linea\\\/\"},{\"@type\":\"ListItem\",\"position\":4,\"name\":\"Vivero\",\"item\":\"https:\\\/\\\/www.vallonchene.fr\\\/es\\\/categoria-producto\\\/venta-en-linea\\\/vivero\\\/\"},{\"@type\":\"ListItem\",\"position\":5,\"name\":\"Arbustos y \u00e1rboles\",\"item\":\"https:\\\/\\\/www.vallonchene.fr\\\/es\\\/categoria-producto\\\/venta-en-linea\\\/vivero\\\/arbustos-y-arboles\\\/\"},{\"@type\":\"ListItem\",\"position\":6,\"name\":\"MAGNOLIA loebneri &#8216;Leonard Messel&#8217;\"}]},{\"@type\":\"WebSite\",\"@id\":\"https:\\\/\\\/www.vallonchene.fr\\\/es\\\/#website\",\"url\":\"https:\\\/\\\/www.vallonchene.fr\\\/es\\\/\",\"name\":\"Vallonch\u00eane\",\"description\":\"El vivero donde la calidad tiene sus ra\u00edces \u2013 Tel.: +33 (0)2.35.90.02.02\",\"publisher\":{\"@id\":\"https:\\\/\\\/www.vallonchene.fr\\\/es\\\/#organization\"},\"potentialAction\":[{\"@type\":\"SearchAction\",\"target\":{\"@type\":\"EntryPoint\",\"urlTemplate\":\"https:\\\/\\\/www.vallonchene.fr\\\/es\\\/?s={search_term_string}\"},\"query-input\":{\"@type\":\"PropertyValueSpecification\",\"valueRequired\":true,\"valueName\":\"search_term_string\"}}],\"inLanguage\":\"es\"},{\"@type\":\"Organization\",\"@id\":\"https:\\\/\\\/www.vallonchene.fr\\\/es\\\/#organization\",\"name\":\"VALLONCHENE\",\"url\":\"https:\\\/\\\/www.vallonchene.fr\\\/es\\\/\",\"logo\":{\"@type\":\"ImageObject\",\"inLanguage\":\"es\",\"@id\":\"https:\\\/\\\/www.vallonchene.fr\\\/es\\\/#\\\/schema\\\/logo\\\/image\\\/\",\"url\":\"https:\\\/\\\/www.vallonchene.fr\\\/wp-content\\\/uploads\\\/2023\\\/03\\\/Logo-Vallonchene-site-et-R_hauteur_100.png\",\"contentUrl\":\"https:\\\/\\\/www.vallonchene.fr\\\/wp-content\\\/uploads\\\/2023\\\/03\\\/Logo-Vallonchene-site-et-R_hauteur_100.png\",\"width\":221,\"height\":100,\"caption\":\"VALLONCHENE\"},\"image\":{\"@id\":\"https:\\\/\\\/www.vallonchene.fr\\\/es\\\/#\\\/schema\\\/logo\\\/image\\\/\"},\"sameAs\":[\"https:\\\/\\\/www.facebook.com\\\/vallonchene.fr\",\"https:\\\/\\\/www.instagram.com\\\/vallonchene\\\/\",\"https:\\\/\\\/www.pinterest.fr\\\/vallonchene\\\/\"],\"taxID\":\"49454502300017\",\"hasMerchantReturnPolicy\":{\"@type\":\"MerchantReturnPolicy\",\"merchantReturnLink\":\"https:\\\/\\\/www.vallonchene.fr\\\/remboursements_retours\\\/\"}}]}<\/script>\n<meta property=\"og:availability\" content=\"out of stock\" \/>\n<meta property=\"product:availability\" content=\"out of stock\" \/>\n<meta property=\"product:retailer_item_id\" content=\"86118\" \/>\n<meta property=\"product:condition\" content=\"new\" \/>\n<!-- \/ Yoast SEO Premium plugin. -->","yoast_head_json":{"title":"MAGNOLIA loebneri 'Leonard Messel' - magnolia de Loebner","description":"Ce magnolia de Loebner est un arbuste caduc. Au printemps, le MAGNOLIA loenberi 'Leonard Messel' se couvre de merveilleuses fleurs roses faisant penser \u00e0 des \u00e9toiles gr\u00e2ce \u00e0 leurs p\u00e9tales longs et fins....","robots":{"index":"index","follow":"follow","max-snippet":"max-snippet:-1","max-image-preview":"max-image-preview:large","max-video-preview":"max-video-preview:-1"},"canonical":"https:\/\/www.vallonchene.fr\/es\/producto\/magnolia-loebneri-leonard-messel\/","og_locale":"es_ES","og_type":"article","og_title":"MAGNOLIA loebneri 'Leonard Messel'","og_description":"Ce magnolia de Loebner est un arbuste caduc. Au printemps, le MAGNOLIA loenberi 'Leonard Messel' se couvre de merveilleuses fleurs roses faisant penser \u00e0 des \u00e9toiles gr\u00e2ce \u00e0 leurs p\u00e9tales longs et fins....","og_url":"https:\/\/www.vallonchene.fr\/es\/producto\/magnolia-loebneri-leonard-messel\/","og_site_name":"Vallonch\u00eane","article_publisher":"https:\/\/www.facebook.com\/vallonchene.fr","article_modified_time":"2024-09-26T15:17:21+00:00","og_image":[{"width":1600,"height":1600,"url":"https:\/\/www.vallonchene.fr\/wp-content\/uploads\/2021\/08\/2331-bcf-MAGNOLIA-loebneri-Leonard-Messel-en-Mars.jpg","type":"image\/jpeg"}],"twitter_card":"summary_large_image","twitter_misc":{"Disponibilidad":"Agotado"},"schema":{"@context":"https:\/\/schema.org","@graph":[{"@type":"WebPage","@id":"https:\/\/www.vallonchene.fr\/es\/producto\/magnolia-loebneri-leonard-messel\/","url":"https:\/\/www.vallonchene.fr\/es\/producto\/magnolia-loebneri-leonard-messel\/","name":"MAGNOLIA loebneri 'Leonard Messel' - magnolia de Loebner","isPartOf":{"@id":"https:\/\/www.vallonchene.fr\/es\/#website"},"primaryImageOfPage":{"@id":"https:\/\/www.vallonchene.fr\/es\/producto\/magnolia-loebneri-leonard-messel\/#primaryimage"},"image":{"@id":"https:\/\/www.vallonchene.fr\/es\/producto\/magnolia-loebneri-leonard-messel\/#primaryimage"},"thumbnailUrl":"https:\/\/www.vallonchene.fr\/wp-content\/uploads\/2021\/08\/2331-bcf-MAGNOLIA-loebneri-Leonard-Messel-en-Mars.jpg","datePublished":"2021-08-31T11:16:10+00:00","dateModified":"2024-09-26T15:17:21+00:00","description":"Ce magnolia de Loebner est un arbuste caduc. Au printemps, le MAGNOLIA loenberi 'Leonard Messel' se couvre de merveilleuses fleurs roses faisant penser \u00e0 des \u00e9toiles gr\u00e2ce \u00e0 leurs p\u00e9tales longs et fins....","breadcrumb":{"@id":"https:\/\/www.vallonchene.fr\/es\/producto\/magnolia-loebneri-leonard-messel\/#breadcrumb"},"inLanguage":"es","potentialAction":[{"@type":"ReadAction","target":["https:\/\/www.vallonchene.fr\/es\/producto\/magnolia-loebneri-leonard-messel\/"]}]},{"@type":"ImageObject","inLanguage":"es","@id":"https:\/\/www.vallonchene.fr\/es\/producto\/magnolia-loebneri-leonard-messel\/#primaryimage","url":"https:\/\/www.vallonchene.fr\/wp-content\/uploads\/2021\/08\/2331-bcf-MAGNOLIA-loebneri-Leonard-Messel-en-Mars.jpg","contentUrl":"https:\/\/www.vallonchene.fr\/wp-content\/uploads\/2021\/08\/2331-bcf-MAGNOLIA-loebneri-Leonard-Messel-en-Mars.jpg","width":1600,"height":1600,"caption":"MAGNOLIA loebneri 'Leonard Messel' en Mars"},{"@type":"BreadcrumbList","@id":"https:\/\/www.vallonchene.fr\/es\/producto\/magnolia-loebneri-leonard-messel\/#breadcrumb","itemListElement":[{"@type":"ListItem","position":1,"name":"Home","item":"https:\/\/www.vallonchene.fr\/es\/"},{"@type":"ListItem","position":2,"name":"Tienda","item":"https:\/\/www.vallonchene.fr\/tienda\/"},{"@type":"ListItem","position":3,"name":"Venta en linea","item":"https:\/\/www.vallonchene.fr\/es\/categoria-producto\/venta-en-linea\/"},{"@type":"ListItem","position":4,"name":"Vivero","item":"https:\/\/www.vallonchene.fr\/es\/categoria-producto\/venta-en-linea\/vivero\/"},{"@type":"ListItem","position":5,"name":"Arbustos y \u00e1rboles","item":"https:\/\/www.vallonchene.fr\/es\/categoria-producto\/venta-en-linea\/vivero\/arbustos-y-arboles\/"},{"@type":"ListItem","position":6,"name":"MAGNOLIA loebneri &#8216;Leonard Messel&#8217;"}]},{"@type":"WebSite","@id":"https:\/\/www.vallonchene.fr\/es\/#website","url":"https:\/\/www.vallonchene.fr\/es\/","name":"Vallonch\u00eane","description":"El vivero donde la calidad tiene sus ra\u00edces \u2013 Tel.: +33 (0)2.35.90.02.02","publisher":{"@id":"https:\/\/www.vallonchene.fr\/es\/#organization"},"potentialAction":[{"@type":"SearchAction","target":{"@type":"EntryPoint","urlTemplate":"https:\/\/www.vallonchene.fr\/es\/?s={search_term_string}"},"query-input":{"@type":"PropertyValueSpecification","valueRequired":true,"valueName":"search_term_string"}}],"inLanguage":"es"},{"@type":"Organization","@id":"https:\/\/www.vallonchene.fr\/es\/#organization","name":"VALLONCHENE","url":"https:\/\/www.vallonchene.fr\/es\/","logo":{"@type":"ImageObject","inLanguage":"es","@id":"https:\/\/www.vallonchene.fr\/es\/#\/schema\/logo\/image\/","url":"https:\/\/www.vallonchene.fr\/wp-content\/uploads\/2023\/03\/Logo-Vallonchene-site-et-R_hauteur_100.png","contentUrl":"https:\/\/www.vallonchene.fr\/wp-content\/uploads\/2023\/03\/Logo-Vallonchene-site-et-R_hauteur_100.png","width":221,"height":100,"caption":"VALLONCHENE"},"image":{"@id":"https:\/\/www.vallonchene.fr\/es\/#\/schema\/logo\/image\/"},"sameAs":["https:\/\/www.facebook.com\/vallonchene.fr","https:\/\/www.instagram.com\/vallonchene\/","https:\/\/www.pinterest.fr\/vallonchene\/"],"taxID":"49454502300017","hasMerchantReturnPolicy":{"@type":"MerchantReturnPolicy","merchantReturnLink":"https:\/\/www.vallonchene.fr\/remboursements_retours\/"}}]},"og_availability":"out of stock","product_availability":"out of stock","product_retailer_item_id":"86118","product_condition":"new"},"_links":{"self":[{"href":"https:\/\/www.vallonchene.fr\/es\/wp-json\/wp\/v2\/product\/6175","targetHints":{"allow":["GET"]}}],"collection":[{"href":"https:\/\/www.vallonchene.fr\/es\/wp-json\/wp\/v2\/product"}],"about":[{"href":"https:\/\/www.vallonchene.fr\/es\/wp-json\/wp\/v2\/types\/product"}],"replies":[{"embeddable":true,"href":"https:\/\/www.vallonchene.fr\/es\/wp-json\/wp\/v2\/comments?post=6175"}],"wp:featuredmedia":[{"embeddable":true,"href":"https:\/\/www.vallonchene.fr\/es\/wp-json\/wp\/v2\/media\/6163"}],"wp:attachment":[{"href":"https:\/\/www.vallonchene.fr\/es\/wp-json\/wp\/v2\/media?parent=6175"}],"wp:term":[{"taxonomy":"product_brand","embeddable":true,"href":"https:\/\/www.vallonchene.fr\/es\/wp-json\/wp\/v2\/product_brand?post=6175"},{"taxonomy":"product_cat","embeddable":true,"href":"https:\/\/www.vallonchene.fr\/es\/wp-json\/wp\/v2\/product_cat?post=6175"},{"taxonomy":"product_tag","embeddable":true,"href":"https:\/\/www.vallonchene.fr\/es\/wp-json\/wp\/v2\/product_tag?post=6175"}],"curies":[{"name":"wp","href":"https:\/\/api.w.org\/{rel}","templated":true}]}}