{"id":57818,"date":"2021-08-31T11:16:23","date_gmt":"2021-08-31T11:16:23","guid":{"rendered":"https:\/\/www.vallonchene.fr\/produit\/magnolia-sieboldii-seleccion\/"},"modified":"2021-08-31T11:16:23","modified_gmt":"2021-08-31T09:16:23","slug":"magnolia-sieboldii-seleccion","status":"publish","type":"product","link":"https:\/\/www.vallonchene.fr\/es\/producto\/magnolia-sieboldii-seleccion\/","title":{"rendered":"MAGNOLIA sieboldii (Selecci\u00f3n)"},"content":{"rendered":"","protected":false},"excerpt":{"rendered":"<p>Esta <b>magnolia de Siebold<\/b> es una selecci\u00f3n. La <b>MAGNOLIA sieboldii (Selection)<\/b> florece a finales de primavera\/principios de verano y se cubre de una multitud de flores blancas. As\u00ed, no est\u00e1 expuesta a heladas tard\u00edas.<\/p>\n","protected":false},"featured_media":57819,"comment_status":"open","ping_status":"closed","template":"","meta":[],"product_brand":[],"product_cat":[11499],"product_tag":[12267,13414,13416],"class_list":{"0":"post-57818","1":"product","2":"type-product","3":"status-publish","4":"has-post-thumbnail","6":"product_cat-arbustos-y-arboles","7":"product_tag-magnolia-es","8":"product_tag-magnolia-de-siebold","9":"product_tag-magnolia-oyama","10":"pa_99-hauteurapproximativeapres1-3-a-5-m","11":"pa_couleurdesfleurs-blanca","12":"pa_couleurdufeuillage-verde","13":"pa_exigencesenhumidite-promedio","14":"pa_expositionspossibles-pleno-sol-de-12-a-17-min","15":"pa_hauteurlivree-100-a-125-cm","16":"pa_hauteurlivree-25-a-30-cm-es","17":"pa_hauteurlivree-60-a-80-cm-es","18":"pa_interetauprintemps-flores","19":"pa_interetauprintemps-follaje","20":"pa_interetenautomne-follaje","21":"pa_interetenete-flores","22":"pa_interetenete-follaje","23":"pa_naturedufeuillage-caduco","24":"pa_naturesdesolpossibles-ligero","25":"pa_naturesdesolpossibles-normal-es","26":"pa_periodedefloraison-primavera","27":"pa_periodedefloraison-verano","28":"pa_phdusolacceptable-acido-menos-de-6_5","29":"pa_phdusolacceptable-neutro-entre-6_5-y-7_5","30":"pa_portgraphisme-globoso","31":"pa_resistanceaufroidrusticite-resistente-por-debajo-de-menos-20-c","32":"pa_tailledepot-maceta-de-2-litros","33":"pa_tailledepot-maceta-de-7_5-litros","34":"pa_utilisationpossible-aislado","35":"pa_utilisationpossible-arriate","37":"first","38":"instock","39":"taxable","40":"shipping-taxable","41":"purchasable","42":"product-type-variable","43":"has-default-attributes"},"supplier_id":null,"supplier_sku":"","barcode":null,"atum_controlled":true,"out_stock_date":null,"out_stock_threshold":null,"inheritable":true,"inbound_stock":0,"stock_on_hold":0,"sold_today":0,"sales_last_days":0,"reserved_stock":0,"customer_returns":0,"warehouse_damage":0,"lost_in_post":0,"other_logs":0,"out_stock_days":null,"lost_sales":0,"has_location":false,"update_date":"2026-03-01T09:56:40","atum_locations":[],"atum_stock_status":"instock","restock_status":false,"low_stock_amount":"","sales_update_date":"2024-01-07T09:55:20","calc_backorders":null,"yoast_head":"<!-- This site is optimized with the Yoast SEO Premium plugin v27.4 (Yoast SEO v27.4) - https:\/\/yoast.com\/product\/yoast-seo-premium-wordpress\/ -->\n<title>MAGNOLIA sieboldii (Selecci\u00f3n) - magnolia de Siebold<\/title>\n<meta name=\"description\" content=\"Esta magnolia de Siebold es una selecci\u00f3n. La MAGNOLIA sieboldii (Selecci\u00f3n) florece a finales de primavera\/principios de verano con una multitud de flores blancas.\" \/>\n<meta name=\"robots\" content=\"index, follow, max-snippet:-1, max-image-preview:large, max-video-preview:-1\" \/>\n<link rel=\"canonical\" href=\"https:\/\/www.vallonchene.fr\/es\/producto\/magnolia-sieboldii-seleccion\/\" \/>\n<meta property=\"og:locale\" content=\"es_ES\" \/>\n<meta property=\"og:type\" content=\"article\" \/>\n<meta property=\"og:title\" content=\"MAGNOLIA sieboldii (Selecci\u00f3n)\" \/>\n<meta property=\"og:description\" content=\"Esta magnolia de Siebold es una selecci\u00f3n. La MAGNOLIA sieboldii (Selecci\u00f3n) florece a finales de primavera\/principios de verano con una multitud de flores blancas.\" \/>\n<meta property=\"og:url\" content=\"https:\/\/www.vallonchene.fr\/es\/producto\/magnolia-sieboldii-seleccion\/\" \/>\n<meta property=\"og:site_name\" content=\"Vallonch\u00eane\" \/>\n<meta property=\"article:publisher\" content=\"https:\/\/www.facebook.com\/vallonchene.fr\" \/>\n<meta property=\"og:image\" content=\"https:\/\/www.vallonchene.fr\/wp-content\/uploads\/2021\/08\/2351-859-MAGNOLIA-sieboldii-Selection-en-Mai.jpg\" \/>\n\t<meta property=\"og:image:width\" content=\"1600\" \/>\n\t<meta property=\"og:image:height\" content=\"1600\" \/>\n\t<meta property=\"og:image:type\" content=\"image\/jpeg\" \/>\n<meta name=\"twitter:card\" content=\"summary_large_image\" \/>\n<meta name=\"twitter:label1\" content=\"Disponibilidad\" \/>\n\t<meta name=\"twitter:data1\" content=\"En stock\" \/>\n<script type=\"application\/ld+json\" class=\"yoast-schema-graph\">{\"@context\":\"https:\\\/\\\/schema.org\",\"@graph\":[{\"@type\":\"WebPage\",\"@id\":\"https:\\\/\\\/www.vallonchene.fr\\\/es\\\/producto\\\/magnolia-sieboldii-seleccion\\\/\",\"url\":\"https:\\\/\\\/www.vallonchene.fr\\\/es\\\/producto\\\/magnolia-sieboldii-seleccion\\\/\",\"name\":\"MAGNOLIA sieboldii (Selecci\u00f3n) - magnolia de Siebold\",\"isPartOf\":{\"@id\":\"https:\\\/\\\/www.vallonchene.fr\\\/es\\\/#website\"},\"primaryImageOfPage\":{\"@id\":\"https:\\\/\\\/www.vallonchene.fr\\\/es\\\/producto\\\/magnolia-sieboldii-seleccion\\\/#primaryimage\"},\"image\":{\"@id\":\"https:\\\/\\\/www.vallonchene.fr\\\/es\\\/producto\\\/magnolia-sieboldii-seleccion\\\/#primaryimage\"},\"thumbnailUrl\":\"https:\\\/\\\/www.vallonchene.fr\\\/wp-content\\\/uploads\\\/2021\\\/08\\\/2351-859-MAGNOLIA-sieboldii-Selection-en-Mai.jpg\",\"datePublished\":\"2021-08-31T11:16:23+00:00\",\"description\":\"Esta magnolia de Siebold es una selecci\u00f3n. La MAGNOLIA sieboldii (Selecci\u00f3n) florece a finales de primavera\\\/principios de verano con una multitud de flores blancas.\",\"breadcrumb\":{\"@id\":\"https:\\\/\\\/www.vallonchene.fr\\\/es\\\/producto\\\/magnolia-sieboldii-seleccion\\\/#breadcrumb\"},\"inLanguage\":\"es\",\"potentialAction\":[{\"@type\":\"ReadAction\",\"target\":[\"https:\\\/\\\/www.vallonchene.fr\\\/es\\\/producto\\\/magnolia-sieboldii-seleccion\\\/\"]}]},{\"@type\":\"ImageObject\",\"inLanguage\":\"es\",\"@id\":\"https:\\\/\\\/www.vallonchene.fr\\\/es\\\/producto\\\/magnolia-sieboldii-seleccion\\\/#primaryimage\",\"url\":\"https:\\\/\\\/www.vallonchene.fr\\\/wp-content\\\/uploads\\\/2021\\\/08\\\/2351-859-MAGNOLIA-sieboldii-Selection-en-Mai.jpg\",\"contentUrl\":\"https:\\\/\\\/www.vallonchene.fr\\\/wp-content\\\/uploads\\\/2021\\\/08\\\/2351-859-MAGNOLIA-sieboldii-Selection-en-Mai.jpg\",\"width\":1600,\"height\":1600,\"caption\":\"MAGNOLIA sieboldii (Selecci\u00f3n) en mayo\"},{\"@type\":\"BreadcrumbList\",\"@id\":\"https:\\\/\\\/www.vallonchene.fr\\\/es\\\/producto\\\/magnolia-sieboldii-seleccion\\\/#breadcrumb\",\"itemListElement\":[{\"@type\":\"ListItem\",\"position\":1,\"name\":\"Home\",\"item\":\"https:\\\/\\\/www.vallonchene.fr\\\/es\\\/\"},{\"@type\":\"ListItem\",\"position\":2,\"name\":\"Tienda\",\"item\":\"https:\\\/\\\/www.vallonchene.fr\\\/tienda\\\/\"},{\"@type\":\"ListItem\",\"position\":3,\"name\":\"MAGNOLIA sieboldii (Selecci\u00f3n)\"}]},{\"@type\":\"WebSite\",\"@id\":\"https:\\\/\\\/www.vallonchene.fr\\\/es\\\/#website\",\"url\":\"https:\\\/\\\/www.vallonchene.fr\\\/es\\\/\",\"name\":\"Vallonch\u00eane\",\"description\":\"El vivero donde la calidad tiene sus ra\u00edces \u2013 Tel.: +33 (0)2.35.90.02.02\",\"publisher\":{\"@id\":\"https:\\\/\\\/www.vallonchene.fr\\\/es\\\/#organization\"},\"potentialAction\":[{\"@type\":\"SearchAction\",\"target\":{\"@type\":\"EntryPoint\",\"urlTemplate\":\"https:\\\/\\\/www.vallonchene.fr\\\/es\\\/?s={search_term_string}\"},\"query-input\":{\"@type\":\"PropertyValueSpecification\",\"valueRequired\":true,\"valueName\":\"search_term_string\"}}],\"inLanguage\":\"es\"},{\"@type\":\"Organization\",\"@id\":\"https:\\\/\\\/www.vallonchene.fr\\\/es\\\/#organization\",\"name\":\"VALLONCHENE\",\"url\":\"https:\\\/\\\/www.vallonchene.fr\\\/es\\\/\",\"logo\":{\"@type\":\"ImageObject\",\"inLanguage\":\"es\",\"@id\":\"https:\\\/\\\/www.vallonchene.fr\\\/es\\\/#\\\/schema\\\/logo\\\/image\\\/\",\"url\":\"https:\\\/\\\/www.vallonchene.fr\\\/wp-content\\\/uploads\\\/2023\\\/03\\\/Logo-Vallonchene-site-et-R_hauteur_100.png\",\"contentUrl\":\"https:\\\/\\\/www.vallonchene.fr\\\/wp-content\\\/uploads\\\/2023\\\/03\\\/Logo-Vallonchene-site-et-R_hauteur_100.png\",\"width\":221,\"height\":100,\"caption\":\"VALLONCHENE\"},\"image\":{\"@id\":\"https:\\\/\\\/www.vallonchene.fr\\\/es\\\/#\\\/schema\\\/logo\\\/image\\\/\"},\"sameAs\":[\"https:\\\/\\\/www.facebook.com\\\/vallonchene.fr\",\"https:\\\/\\\/www.instagram.com\\\/vallonchene\\\/\",\"https:\\\/\\\/www.pinterest.fr\\\/vallonchene\\\/\"],\"taxID\":\"49454502300017\",\"hasMerchantReturnPolicy\":{\"@type\":\"MerchantReturnPolicy\",\"merchantReturnLink\":\"https:\\\/\\\/www.vallonchene.fr\\\/remboursements_retours\\\/\"}}]}<\/script>\n<meta property=\"og:availability\" content=\"instock\" \/>\n<meta property=\"product:availability\" content=\"instock\" \/>\n<meta property=\"product:retailer_item_id\" content=\"94715\" \/>\n<meta property=\"product:condition\" content=\"new\" \/>\n<!-- \/ Yoast SEO Premium plugin. -->","yoast_head_json":{"title":"MAGNOLIA sieboldii (Selecci\u00f3n) - magnolia de Siebold","description":"Esta magnolia de Siebold es una selecci\u00f3n. La MAGNOLIA sieboldii (Selecci\u00f3n) florece a finales de primavera\/principios de verano con una multitud de flores blancas.","robots":{"index":"index","follow":"follow","max-snippet":"max-snippet:-1","max-image-preview":"max-image-preview:large","max-video-preview":"max-video-preview:-1"},"canonical":"https:\/\/www.vallonchene.fr\/es\/producto\/magnolia-sieboldii-seleccion\/","og_locale":"es_ES","og_type":"article","og_title":"MAGNOLIA sieboldii (Selecci\u00f3n)","og_description":"Esta magnolia de Siebold es una selecci\u00f3n. La MAGNOLIA sieboldii (Selecci\u00f3n) florece a finales de primavera\/principios de verano con una multitud de flores blancas.","og_url":"https:\/\/www.vallonchene.fr\/es\/producto\/magnolia-sieboldii-seleccion\/","og_site_name":"Vallonch\u00eane","article_publisher":"https:\/\/www.facebook.com\/vallonchene.fr","og_image":[{"width":1600,"height":1600,"url":"https:\/\/www.vallonchene.fr\/wp-content\/uploads\/2021\/08\/2351-859-MAGNOLIA-sieboldii-Selection-en-Mai.jpg","type":"image\/jpeg"}],"twitter_card":"summary_large_image","twitter_misc":{"Disponibilidad":"En stock"},"schema":{"@context":"https:\/\/schema.org","@graph":[{"@type":"WebPage","@id":"https:\/\/www.vallonchene.fr\/es\/producto\/magnolia-sieboldii-seleccion\/","url":"https:\/\/www.vallonchene.fr\/es\/producto\/magnolia-sieboldii-seleccion\/","name":"MAGNOLIA sieboldii (Selecci\u00f3n) - magnolia de Siebold","isPartOf":{"@id":"https:\/\/www.vallonchene.fr\/es\/#website"},"primaryImageOfPage":{"@id":"https:\/\/www.vallonchene.fr\/es\/producto\/magnolia-sieboldii-seleccion\/#primaryimage"},"image":{"@id":"https:\/\/www.vallonchene.fr\/es\/producto\/magnolia-sieboldii-seleccion\/#primaryimage"},"thumbnailUrl":"https:\/\/www.vallonchene.fr\/wp-content\/uploads\/2021\/08\/2351-859-MAGNOLIA-sieboldii-Selection-en-Mai.jpg","datePublished":"2021-08-31T11:16:23+00:00","description":"Esta magnolia de Siebold es una selecci\u00f3n. La MAGNOLIA sieboldii (Selecci\u00f3n) florece a finales de primavera\/principios de verano con una multitud de flores blancas.","breadcrumb":{"@id":"https:\/\/www.vallonchene.fr\/es\/producto\/magnolia-sieboldii-seleccion\/#breadcrumb"},"inLanguage":"es","potentialAction":[{"@type":"ReadAction","target":["https:\/\/www.vallonchene.fr\/es\/producto\/magnolia-sieboldii-seleccion\/"]}]},{"@type":"ImageObject","inLanguage":"es","@id":"https:\/\/www.vallonchene.fr\/es\/producto\/magnolia-sieboldii-seleccion\/#primaryimage","url":"https:\/\/www.vallonchene.fr\/wp-content\/uploads\/2021\/08\/2351-859-MAGNOLIA-sieboldii-Selection-en-Mai.jpg","contentUrl":"https:\/\/www.vallonchene.fr\/wp-content\/uploads\/2021\/08\/2351-859-MAGNOLIA-sieboldii-Selection-en-Mai.jpg","width":1600,"height":1600,"caption":"MAGNOLIA sieboldii (Selecci\u00f3n) en mayo"},{"@type":"BreadcrumbList","@id":"https:\/\/www.vallonchene.fr\/es\/producto\/magnolia-sieboldii-seleccion\/#breadcrumb","itemListElement":[{"@type":"ListItem","position":1,"name":"Home","item":"https:\/\/www.vallonchene.fr\/es\/"},{"@type":"ListItem","position":2,"name":"Tienda","item":"https:\/\/www.vallonchene.fr\/tienda\/"},{"@type":"ListItem","position":3,"name":"MAGNOLIA sieboldii (Selecci\u00f3n)"}]},{"@type":"WebSite","@id":"https:\/\/www.vallonchene.fr\/es\/#website","url":"https:\/\/www.vallonchene.fr\/es\/","name":"Vallonch\u00eane","description":"El vivero donde la calidad tiene sus ra\u00edces \u2013 Tel.: +33 (0)2.35.90.02.02","publisher":{"@id":"https:\/\/www.vallonchene.fr\/es\/#organization"},"potentialAction":[{"@type":"SearchAction","target":{"@type":"EntryPoint","urlTemplate":"https:\/\/www.vallonchene.fr\/es\/?s={search_term_string}"},"query-input":{"@type":"PropertyValueSpecification","valueRequired":true,"valueName":"search_term_string"}}],"inLanguage":"es"},{"@type":"Organization","@id":"https:\/\/www.vallonchene.fr\/es\/#organization","name":"VALLONCHENE","url":"https:\/\/www.vallonchene.fr\/es\/","logo":{"@type":"ImageObject","inLanguage":"es","@id":"https:\/\/www.vallonchene.fr\/es\/#\/schema\/logo\/image\/","url":"https:\/\/www.vallonchene.fr\/wp-content\/uploads\/2023\/03\/Logo-Vallonchene-site-et-R_hauteur_100.png","contentUrl":"https:\/\/www.vallonchene.fr\/wp-content\/uploads\/2023\/03\/Logo-Vallonchene-site-et-R_hauteur_100.png","width":221,"height":100,"caption":"VALLONCHENE"},"image":{"@id":"https:\/\/www.vallonchene.fr\/es\/#\/schema\/logo\/image\/"},"sameAs":["https:\/\/www.facebook.com\/vallonchene.fr","https:\/\/www.instagram.com\/vallonchene\/","https:\/\/www.pinterest.fr\/vallonchene\/"],"taxID":"49454502300017","hasMerchantReturnPolicy":{"@type":"MerchantReturnPolicy","merchantReturnLink":"https:\/\/www.vallonchene.fr\/remboursements_retours\/"}}]},"og_availability":"instock","product_availability":"instock","product_retailer_item_id":"94715","product_condition":"new"},"_links":{"self":[{"href":"https:\/\/www.vallonchene.fr\/es\/wp-json\/wp\/v2\/product\/57818","targetHints":{"allow":["GET"]}}],"collection":[{"href":"https:\/\/www.vallonchene.fr\/es\/wp-json\/wp\/v2\/product"}],"about":[{"href":"https:\/\/www.vallonchene.fr\/es\/wp-json\/wp\/v2\/types\/product"}],"replies":[{"embeddable":true,"href":"https:\/\/www.vallonchene.fr\/es\/wp-json\/wp\/v2\/comments?post=57818"}],"wp:featuredmedia":[{"embeddable":true,"href":"https:\/\/www.vallonchene.fr\/es\/wp-json\/wp\/v2\/media\/57819"}],"wp:attachment":[{"href":"https:\/\/www.vallonchene.fr\/es\/wp-json\/wp\/v2\/media?parent=57818"}],"wp:term":[{"taxonomy":"product_brand","embeddable":true,"href":"https:\/\/www.vallonchene.fr\/es\/wp-json\/wp\/v2\/product_brand?post=57818"},{"taxonomy":"product_cat","embeddable":true,"href":"https:\/\/www.vallonchene.fr\/es\/wp-json\/wp\/v2\/product_cat?post=57818"},{"taxonomy":"product_tag","embeddable":true,"href":"https:\/\/www.vallonchene.fr\/es\/wp-json\/wp\/v2\/product_tag?post=57818"}],"curies":[{"name":"wp","href":"https:\/\/api.w.org\/{rel}","templated":true}]}}