{"id":57719,"date":"2021-08-31T11:18:32","date_gmt":"2021-08-31T11:18:32","guid":{"rendered":"https:\/\/www.vallonchene.fr\/produit\/nyssa-sylvatica-sheffield-park\/"},"modified":"2021-08-31T11:18:32","modified_gmt":"2021-08-31T09:18:32","slug":"nyssa-sylvatica-sheffield-park","status":"publish","type":"product","link":"https:\/\/www.vallonchene.fr\/es\/producto\/nyssa-sylvatica-sheffield-park\/","title":{"rendered":"NYSSA sylvatica &#8216;Sheffield Park&#8217;"},"content":{"rendered":"","protected":false},"excerpt":{"rendered":"<p>Este <strong>tupelo noir<\/strong> es un \u00e1rbol adecuado para jardines peque\u00f1os con un crecimiento extendido. El <strong>NYSSA sylvatica &#8216;Sheffield Park&#8217;<\/strong> se convierte en una verdadera maravilla en oto\u00f1o con sus colores excepcionales.<\/p>\n","protected":false},"featured_media":57720,"comment_status":"open","ping_status":"closed","template":"","meta":[],"product_brand":[],"product_cat":[11499],"product_tag":[13386,13385,13387],"class_list":{"0":"post-57719","1":"product","2":"type-product","3":"status-publish","4":"has-post-thumbnail","6":"product_cat-arbustos-y-arboles","7":"product_tag-nyssa","8":"product_tag-nyssa-sylvatica","9":"product_tag-tupelo-negro","10":"pa_99-hauteurapproximativeapres1-2-a-3-m","11":"pa_couleurdufeuillage-verde","12":"pa_exigencesenhumidite-moderadamente-humedo-a-humedo","13":"pa_exigencesenhumidite-promedio","14":"pa_expositionspossibles-pleno-sol-de-12-a-17-min","15":"pa_expositionspossibles-sombra-parcial-evitar-el-sol-de-12-a-17-horas","16":"pa_hauteurlivree-125-a-150-cm-es","17":"pa_interetauprintemps-follaje","18":"pa_interetauprintemps-habitus","19":"pa_interetenautomne-follaje","20":"pa_interetenautomne-habitus","21":"pa_interetenete-follaje","22":"pa_interetenete-habitus","23":"pa_interetenhiver-habitus","24":"pa_naturedufeuillage-caduco","25":"pa_naturesdesolpossibles-ligero","26":"pa_naturesdesolpossibles-normal-es","27":"pa_naturesdesolpossibles-pesado","28":"pa_particularites-habitus","29":"pa_periodedetaille-marzo","30":"pa_phdusolacceptable-acido-menos-de-6_5","31":"pa_phdusolacceptable-calcareo-mas-de-7_5","32":"pa_phdusolacceptable-neutro-entre-6_5-y-7_5","33":"pa_portgraphisme-infundibuliforme","34":"pa_resistanceaufroidrusticite-resistente-por-debajo-de-menos-20-c","35":"pa_tailledepot-maceta-de-7_5-litros","36":"pa_utilisationpossible-aislado","37":"pa_utilisationpossible-arriate","38":"pa_utilisationpossible-contenedor-o-olla","40":"first","41":"instock","42":"taxable","43":"shipping-taxable","44":"purchasable","45":"product-type-variable"},"supplier_id":null,"supplier_sku":"","barcode":null,"atum_controlled":true,"out_stock_date":"2024-09-26 15:14:59","out_stock_threshold":null,"inheritable":true,"inbound_stock":0,"stock_on_hold":0,"sold_today":0,"sales_last_days":0,"reserved_stock":null,"customer_returns":null,"warehouse_damage":null,"lost_in_post":null,"other_logs":null,"out_stock_days":518,"lost_sales":0,"has_location":false,"update_date":"2026-02-27T10:43:21","atum_locations":[],"atum_stock_status":"instock","restock_status":false,"low_stock_amount":"","sales_update_date":null,"calc_backorders":null,"yoast_head":"<!-- This site is optimized with the Yoast SEO Premium plugin v27.5 (Yoast SEO v27.5) - https:\/\/yoast.com\/product\/yoast-seo-premium-wordpress\/ -->\n<title>NYSSA sylvatica &#039;Sheffield Park&#039; - Tupelo negro<\/title>\n<meta name=\"description\" content=\"Este tupelo negro es un \u00e1rbol adecuado para jardines peque\u00f1os con un crecimiento extendido. El NYSSA sylvatica &#039;Sheffield Park&#039; se convierte en una verdadera maravilla en oto\u00f1o con sus colores excepcionales.\" \/>\n<meta name=\"robots\" content=\"index, follow, max-snippet:-1, max-image-preview:large, max-video-preview:-1\" \/>\n<link rel=\"canonical\" href=\"https:\/\/www.vallonchene.fr\/es\/producto\/nyssa-sylvatica-sheffield-park\/\" \/>\n<meta property=\"og:locale\" content=\"es_ES\" \/>\n<meta property=\"og:type\" content=\"article\" \/>\n<meta property=\"og:title\" content=\"NYSSA sylvatica &#039;Sheffield Park&#039;\" \/>\n<meta property=\"og:description\" content=\"Este tupelo negro es un \u00e1rbol adecuado para jardines peque\u00f1os con un crecimiento extendido. El NYSSA sylvatica &#039;Sheffield Park&#039; se convierte en una verdadera maravilla en oto\u00f1o con sus colores excepcionales.\" \/>\n<meta property=\"og:url\" content=\"https:\/\/www.vallonchene.fr\/es\/producto\/nyssa-sylvatica-sheffield-park\/\" \/>\n<meta property=\"og:site_name\" content=\"Vallonch\u00eane\" \/>\n<meta property=\"article:publisher\" content=\"https:\/\/www.facebook.com\/vallonchene.fr\" \/>\n<meta property=\"og:image\" content=\"https:\/\/www.vallonchene.fr\/wp-content\/uploads\/2021\/08\/2491-573-NYSSA-sylvatica-Sheffield-Park-en-Octobre.jpg\" \/>\n\t<meta property=\"og:image:width\" content=\"1600\" \/>\n\t<meta property=\"og:image:height\" content=\"1600\" \/>\n\t<meta property=\"og:image:type\" content=\"image\/jpeg\" \/>\n<meta name=\"twitter:card\" content=\"summary_large_image\" \/>\n<meta name=\"twitter:label1\" content=\"Disponibilidad\" \/>\n\t<meta name=\"twitter:data1\" content=\"En stock\" \/>\n<script type=\"application\/ld+json\" class=\"yoast-schema-graph\">{\"@context\":\"https:\\\/\\\/schema.org\",\"@graph\":[{\"@type\":\"WebPage\",\"@id\":\"https:\\\/\\\/www.vallonchene.fr\\\/es\\\/producto\\\/nyssa-sylvatica-sheffield-park\\\/\",\"url\":\"https:\\\/\\\/www.vallonchene.fr\\\/es\\\/producto\\\/nyssa-sylvatica-sheffield-park\\\/\",\"name\":\"NYSSA sylvatica 'Sheffield Park' - Tupelo negro\",\"isPartOf\":{\"@id\":\"https:\\\/\\\/www.vallonchene.fr\\\/es\\\/#website\"},\"primaryImageOfPage\":{\"@id\":\"https:\\\/\\\/www.vallonchene.fr\\\/es\\\/producto\\\/nyssa-sylvatica-sheffield-park\\\/#primaryimage\"},\"image\":{\"@id\":\"https:\\\/\\\/www.vallonchene.fr\\\/es\\\/producto\\\/nyssa-sylvatica-sheffield-park\\\/#primaryimage\"},\"thumbnailUrl\":\"https:\\\/\\\/www.vallonchene.fr\\\/wp-content\\\/uploads\\\/2021\\\/08\\\/2491-573-NYSSA-sylvatica-Sheffield-Park-en-Octobre.jpg\",\"datePublished\":\"2021-08-31T11:18:32+00:00\",\"description\":\"Este tupelo negro es un \u00e1rbol adecuado para jardines peque\u00f1os con un crecimiento extendido. El NYSSA sylvatica 'Sheffield Park' se convierte en una verdadera maravilla en oto\u00f1o con sus colores excepcionales.\",\"breadcrumb\":{\"@id\":\"https:\\\/\\\/www.vallonchene.fr\\\/es\\\/producto\\\/nyssa-sylvatica-sheffield-park\\\/#breadcrumb\"},\"inLanguage\":\"es\",\"potentialAction\":[{\"@type\":\"ReadAction\",\"target\":[\"https:\\\/\\\/www.vallonchene.fr\\\/es\\\/producto\\\/nyssa-sylvatica-sheffield-park\\\/\"]}]},{\"@type\":\"ImageObject\",\"inLanguage\":\"es\",\"@id\":\"https:\\\/\\\/www.vallonchene.fr\\\/es\\\/producto\\\/nyssa-sylvatica-sheffield-park\\\/#primaryimage\",\"url\":\"https:\\\/\\\/www.vallonchene.fr\\\/wp-content\\\/uploads\\\/2021\\\/08\\\/2491-573-NYSSA-sylvatica-Sheffield-Park-en-Octobre.jpg\",\"contentUrl\":\"https:\\\/\\\/www.vallonchene.fr\\\/wp-content\\\/uploads\\\/2021\\\/08\\\/2491-573-NYSSA-sylvatica-Sheffield-Park-en-Octobre.jpg\",\"width\":1600,\"height\":1600,\"caption\":\"NYSSA sylvatica 'Sheffield Park' en Octubre\"},{\"@type\":\"BreadcrumbList\",\"@id\":\"https:\\\/\\\/www.vallonchene.fr\\\/es\\\/producto\\\/nyssa-sylvatica-sheffield-park\\\/#breadcrumb\",\"itemListElement\":[{\"@type\":\"ListItem\",\"position\":1,\"name\":\"Home\",\"item\":\"https:\\\/\\\/www.vallonchene.fr\\\/es\\\/\"},{\"@type\":\"ListItem\",\"position\":2,\"name\":\"Tienda\",\"item\":\"https:\\\/\\\/www.vallonchene.fr\\\/tienda\\\/\"},{\"@type\":\"ListItem\",\"position\":3,\"name\":\"NYSSA sylvatica &lsquo;Sheffield Park&rsquo;\"}]},{\"@type\":\"WebSite\",\"@id\":\"https:\\\/\\\/www.vallonchene.fr\\\/es\\\/#website\",\"url\":\"https:\\\/\\\/www.vallonchene.fr\\\/es\\\/\",\"name\":\"Vallonch\u00eane\",\"description\":\"El vivero donde la calidad tiene sus ra\u00edces \u2013 Tel.: +33 (0)2.35.90.02.02\",\"publisher\":{\"@id\":\"https:\\\/\\\/www.vallonchene.fr\\\/es\\\/#organization\"},\"potentialAction\":[{\"@type\":\"SearchAction\",\"target\":{\"@type\":\"EntryPoint\",\"urlTemplate\":\"https:\\\/\\\/www.vallonchene.fr\\\/es\\\/?s={search_term_string}\"},\"query-input\":{\"@type\":\"PropertyValueSpecification\",\"valueRequired\":true,\"valueName\":\"search_term_string\"}}],\"inLanguage\":\"es\"},{\"@type\":\"Organization\",\"@id\":\"https:\\\/\\\/www.vallonchene.fr\\\/es\\\/#organization\",\"name\":\"VALLONCHENE\",\"url\":\"https:\\\/\\\/www.vallonchene.fr\\\/es\\\/\",\"logo\":{\"@type\":\"ImageObject\",\"inLanguage\":\"es\",\"@id\":\"https:\\\/\\\/www.vallonchene.fr\\\/es\\\/#\\\/schema\\\/logo\\\/image\\\/\",\"url\":\"https:\\\/\\\/www.vallonchene.fr\\\/wp-content\\\/uploads\\\/2023\\\/03\\\/Logo-Vallonchene-site-et-R_hauteur_100.png\",\"contentUrl\":\"https:\\\/\\\/www.vallonchene.fr\\\/wp-content\\\/uploads\\\/2023\\\/03\\\/Logo-Vallonchene-site-et-R_hauteur_100.png\",\"width\":221,\"height\":100,\"caption\":\"VALLONCHENE\"},\"image\":{\"@id\":\"https:\\\/\\\/www.vallonchene.fr\\\/es\\\/#\\\/schema\\\/logo\\\/image\\\/\"},\"sameAs\":[\"https:\\\/\\\/www.facebook.com\\\/vallonchene.fr\",\"https:\\\/\\\/www.instagram.com\\\/vallonchene\\\/\",\"https:\\\/\\\/www.pinterest.fr\\\/vallonchene\\\/\"],\"taxID\":\"49454502300017\",\"hasMerchantReturnPolicy\":{\"@type\":\"MerchantReturnPolicy\",\"merchantReturnLink\":\"https:\\\/\\\/www.vallonchene.fr\\\/remboursements_retours\\\/\"}}]}<\/script>\n<meta property=\"og:availability\" content=\"instock\" \/>\n<meta property=\"product:availability\" content=\"instock\" \/>\n<meta property=\"product:retailer_item_id\" content=\"59162\" \/>\n<meta property=\"product:condition\" content=\"new\" \/>\n<!-- \/ Yoast SEO Premium plugin. -->","yoast_head_json":{"title":"NYSSA sylvatica 'Sheffield Park' - Tupelo negro","description":"Este tupelo negro es un \u00e1rbol adecuado para jardines peque\u00f1os con un crecimiento extendido. El NYSSA sylvatica 'Sheffield Park' se convierte en una verdadera maravilla en oto\u00f1o con sus colores excepcionales.","robots":{"index":"index","follow":"follow","max-snippet":"max-snippet:-1","max-image-preview":"max-image-preview:large","max-video-preview":"max-video-preview:-1"},"canonical":"https:\/\/www.vallonchene.fr\/es\/producto\/nyssa-sylvatica-sheffield-park\/","og_locale":"es_ES","og_type":"article","og_title":"NYSSA sylvatica 'Sheffield Park'","og_description":"Este tupelo negro es un \u00e1rbol adecuado para jardines peque\u00f1os con un crecimiento extendido. El NYSSA sylvatica 'Sheffield Park' se convierte en una verdadera maravilla en oto\u00f1o con sus colores excepcionales.","og_url":"https:\/\/www.vallonchene.fr\/es\/producto\/nyssa-sylvatica-sheffield-park\/","og_site_name":"Vallonch\u00eane","article_publisher":"https:\/\/www.facebook.com\/vallonchene.fr","og_image":[{"width":1600,"height":1600,"url":"https:\/\/www.vallonchene.fr\/wp-content\/uploads\/2021\/08\/2491-573-NYSSA-sylvatica-Sheffield-Park-en-Octobre.jpg","type":"image\/jpeg"}],"twitter_card":"summary_large_image","twitter_misc":{"Disponibilidad":"En stock"},"schema":{"@context":"https:\/\/schema.org","@graph":[{"@type":"WebPage","@id":"https:\/\/www.vallonchene.fr\/es\/producto\/nyssa-sylvatica-sheffield-park\/","url":"https:\/\/www.vallonchene.fr\/es\/producto\/nyssa-sylvatica-sheffield-park\/","name":"NYSSA sylvatica 'Sheffield Park' - Tupelo negro","isPartOf":{"@id":"https:\/\/www.vallonchene.fr\/es\/#website"},"primaryImageOfPage":{"@id":"https:\/\/www.vallonchene.fr\/es\/producto\/nyssa-sylvatica-sheffield-park\/#primaryimage"},"image":{"@id":"https:\/\/www.vallonchene.fr\/es\/producto\/nyssa-sylvatica-sheffield-park\/#primaryimage"},"thumbnailUrl":"https:\/\/www.vallonchene.fr\/wp-content\/uploads\/2021\/08\/2491-573-NYSSA-sylvatica-Sheffield-Park-en-Octobre.jpg","datePublished":"2021-08-31T11:18:32+00:00","description":"Este tupelo negro es un \u00e1rbol adecuado para jardines peque\u00f1os con un crecimiento extendido. El NYSSA sylvatica 'Sheffield Park' se convierte en una verdadera maravilla en oto\u00f1o con sus colores excepcionales.","breadcrumb":{"@id":"https:\/\/www.vallonchene.fr\/es\/producto\/nyssa-sylvatica-sheffield-park\/#breadcrumb"},"inLanguage":"es","potentialAction":[{"@type":"ReadAction","target":["https:\/\/www.vallonchene.fr\/es\/producto\/nyssa-sylvatica-sheffield-park\/"]}]},{"@type":"ImageObject","inLanguage":"es","@id":"https:\/\/www.vallonchene.fr\/es\/producto\/nyssa-sylvatica-sheffield-park\/#primaryimage","url":"https:\/\/www.vallonchene.fr\/wp-content\/uploads\/2021\/08\/2491-573-NYSSA-sylvatica-Sheffield-Park-en-Octobre.jpg","contentUrl":"https:\/\/www.vallonchene.fr\/wp-content\/uploads\/2021\/08\/2491-573-NYSSA-sylvatica-Sheffield-Park-en-Octobre.jpg","width":1600,"height":1600,"caption":"NYSSA sylvatica 'Sheffield Park' en Octubre"},{"@type":"BreadcrumbList","@id":"https:\/\/www.vallonchene.fr\/es\/producto\/nyssa-sylvatica-sheffield-park\/#breadcrumb","itemListElement":[{"@type":"ListItem","position":1,"name":"Home","item":"https:\/\/www.vallonchene.fr\/es\/"},{"@type":"ListItem","position":2,"name":"Tienda","item":"https:\/\/www.vallonchene.fr\/tienda\/"},{"@type":"ListItem","position":3,"name":"NYSSA sylvatica &lsquo;Sheffield Park&rsquo;"}]},{"@type":"WebSite","@id":"https:\/\/www.vallonchene.fr\/es\/#website","url":"https:\/\/www.vallonchene.fr\/es\/","name":"Vallonch\u00eane","description":"El vivero donde la calidad tiene sus ra\u00edces \u2013 Tel.: +33 (0)2.35.90.02.02","publisher":{"@id":"https:\/\/www.vallonchene.fr\/es\/#organization"},"potentialAction":[{"@type":"SearchAction","target":{"@type":"EntryPoint","urlTemplate":"https:\/\/www.vallonchene.fr\/es\/?s={search_term_string}"},"query-input":{"@type":"PropertyValueSpecification","valueRequired":true,"valueName":"search_term_string"}}],"inLanguage":"es"},{"@type":"Organization","@id":"https:\/\/www.vallonchene.fr\/es\/#organization","name":"VALLONCHENE","url":"https:\/\/www.vallonchene.fr\/es\/","logo":{"@type":"ImageObject","inLanguage":"es","@id":"https:\/\/www.vallonchene.fr\/es\/#\/schema\/logo\/image\/","url":"https:\/\/www.vallonchene.fr\/wp-content\/uploads\/2023\/03\/Logo-Vallonchene-site-et-R_hauteur_100.png","contentUrl":"https:\/\/www.vallonchene.fr\/wp-content\/uploads\/2023\/03\/Logo-Vallonchene-site-et-R_hauteur_100.png","width":221,"height":100,"caption":"VALLONCHENE"},"image":{"@id":"https:\/\/www.vallonchene.fr\/es\/#\/schema\/logo\/image\/"},"sameAs":["https:\/\/www.facebook.com\/vallonchene.fr","https:\/\/www.instagram.com\/vallonchene\/","https:\/\/www.pinterest.fr\/vallonchene\/"],"taxID":"49454502300017","hasMerchantReturnPolicy":{"@type":"MerchantReturnPolicy","merchantReturnLink":"https:\/\/www.vallonchene.fr\/remboursements_retours\/"}}]},"og_availability":"instock","product_availability":"instock","product_retailer_item_id":"59162","product_condition":"new"},"_links":{"self":[{"href":"https:\/\/www.vallonchene.fr\/es\/wp-json\/wp\/v2\/product\/57719","targetHints":{"allow":["GET"]}}],"collection":[{"href":"https:\/\/www.vallonchene.fr\/es\/wp-json\/wp\/v2\/product"}],"about":[{"href":"https:\/\/www.vallonchene.fr\/es\/wp-json\/wp\/v2\/types\/product"}],"replies":[{"embeddable":true,"href":"https:\/\/www.vallonchene.fr\/es\/wp-json\/wp\/v2\/comments?post=57719"}],"wp:featuredmedia":[{"embeddable":true,"href":"https:\/\/www.vallonchene.fr\/es\/wp-json\/wp\/v2\/media\/57720"}],"wp:attachment":[{"href":"https:\/\/www.vallonchene.fr\/es\/wp-json\/wp\/v2\/media?parent=57719"}],"wp:term":[{"taxonomy":"product_brand","embeddable":true,"href":"https:\/\/www.vallonchene.fr\/es\/wp-json\/wp\/v2\/product_brand?post=57719"},{"taxonomy":"product_cat","embeddable":true,"href":"https:\/\/www.vallonchene.fr\/es\/wp-json\/wp\/v2\/product_cat?post=57719"},{"taxonomy":"product_tag","embeddable":true,"href":"https:\/\/www.vallonchene.fr\/es\/wp-json\/wp\/v2\/product_tag?post=57719"}],"curies":[{"name":"wp","href":"https:\/\/api.w.org\/{rel}","templated":true}]}}