{"id":57563,"date":"2021-08-31T11:26:50","date_gmt":"2021-08-31T11:26:50","guid":{"rendered":"https:\/\/www.vallonchene.fr\/produit\/pinus-parviflora-negishi\/"},"modified":"2026-02-23T10:13:11","modified_gmt":"2026-02-23T09:13:11","slug":"pinus-parviflora-negishi","status":"publish","type":"product","link":"https:\/\/www.vallonchene.fr\/es\/producto\/pinus-parviflora-negishi\/","title":{"rendered":"PINUS parviflora &#8216;Negishi&#8217;"},"content":{"rendered":"<p>Este <strong>pino blanco japon\u00e9s (pin de cinco agujas)<\/strong> se desarrolla naturalmente en capas. Las agujas del <strong>PINUS parviflora &#8216;Negishi&#8217;<\/strong> son azules. En Jap\u00f3n, a menudo se utiliza para crear Niwaki (\u00e1rbol en nubes, poda japonesa). Es un excelente con\u00edfera para a\u00f1adir l\u00edneas horizontales al Jard\u00edn. Este pin es f\u00e1cil de mantener. Tambi\u00e9n desarrolla pi\u00f1as que permanecer\u00e1n decorativas durante muchos meses.<\/p>\n","protected":false},"excerpt":{"rendered":"<p>Este <strong>pino blanco japon\u00e9s<\/strong> crece en forma al japonesa (evasiva). El <strong>PINUS parviflora &#8216;Negishi&#8217;<\/strong> tiene un follaje azul-verde y desarrolla conos decorativos en verano. Se adapta bien al Niwaki (\u00e1rbol de jard\u00edn).<\/p>\n","protected":false},"featured_media":57564,"comment_status":"open","ping_status":"closed","template":"","meta":[],"product_brand":[],"product_cat":[11502],"product_tag":[13325,12034,12048,13324],"class_list":{"0":"post-57563","1":"product","2":"type-product","3":"status-publish","4":"has-post-thumbnail","6":"product_cat-coniferas","7":"product_tag-negishi","8":"product_tag-pinus-es","9":"product_tag-pinus-parviflora-es","10":"product_tag-pinus-parviflora-negishi","11":"pa_99-hauteurapproximativeapres1-1_00-a-1_50-m","12":"pa_couleurdelecorce-blanca","13":"pa_couleurdesfruits-verde","14":"pa_couleurdufeuillage-azul","15":"pa_couleurdufeuillage-verde","16":"pa_exigencesenhumidite-moderadamente-humedo-a-humedo","17":"pa_exigencesenhumidite-promedio","18":"pa_exigencesenhumidite-seco","19":"pa_expositionspossibles-pleno-sol-de-12-a-17-min","20":"pa_expositionspossibles-sombra-parcial-evitar-el-sol-de-12-a-17-horas","21":"pa_hauteurlivree-50-a-60-cm-es","22":"pa_interetauprintemps-brotes-jovenes","23":"pa_interetauprintemps-corteza","24":"pa_interetauprintemps-follaje","25":"pa_interetauprintemps-habitus","26":"pa_interetenautomne-conos","27":"pa_interetenautomne-corteza","28":"pa_interetenautomne-follaje","29":"pa_interetenautomne-habitus","30":"pa_interetenete-conos","31":"pa_interetenete-corteza","32":"pa_interetenete-follaje","33":"pa_interetenete-habitus","34":"pa_interetenhiver-corteza","35":"pa_interetenhiver-follaje","36":"pa_interetenhiver-habitus","37":"pa_naturedufeuillage-siempreverde","38":"pa_naturesdesolpossibles-ligero","39":"pa_naturesdesolpossibles-normal-es","40":"pa_naturesdesolpossibles-pesado","41":"pa_particularites-adecuado-para-bonsai","42":"pa_particularites-habitus","43":"pa_periodedefloraison-otono","44":"pa_periodedefloraison-verano","45":"pa_periodedetaille-marzo","46":"pa_phdusolacceptable-acido-menos-de-6_5","47":"pa_phdusolacceptable-calcareo-mas-de-7_5","48":"pa_phdusolacceptable-neutro-entre-6_5-y-7_5","49":"pa_portgraphisme-infundibuliforme","50":"pa_resistanceaufroidrusticite-resistente-por-debajo-de-menos-20-c","51":"pa_tailledepot-maceta-de-7_5-litros","52":"pa_utilisationpossible-aislado","53":"pa_utilisationpossible-arriate","54":"pa_utilisationpossible-contenedor-o-olla","56":"first","57":"instock","58":"taxable","59":"shipping-taxable","60":"purchasable","61":"product-type-variable"},"supplier_id":null,"supplier_sku":"","barcode":null,"atum_controlled":true,"out_stock_date":null,"out_stock_threshold":null,"inheritable":true,"inbound_stock":0,"stock_on_hold":0,"sold_today":0,"sales_last_days":0,"reserved_stock":0,"customer_returns":null,"warehouse_damage":null,"lost_in_post":null,"other_logs":null,"out_stock_days":null,"lost_sales":0,"has_location":false,"update_date":"2026-03-23T08:37:03","atum_locations":[],"atum_stock_status":"instock","restock_status":false,"low_stock_amount":"","sales_update_date":null,"calc_backorders":null,"yoast_head":"<!-- This site is optimized with the Yoast SEO Premium plugin v27.4 (Yoast SEO v27.4) - https:\/\/yoast.com\/product\/yoast-seo-premium-wordpress\/ -->\n<title>PINUS parviflora &#039;Negishi&#039; - pino blanco japon\u00e9s<\/title>\n<meta name=\"description\" content=\"Este pino blanco japon\u00e9s crece en forma a la japonesa (evasiva). El PINUS parviflora &#039;Negishi&#039; tiene un follaje azul-verde y desarrolla conos decorativos en verano.\" \/>\n<meta name=\"robots\" content=\"index, follow, max-snippet:-1, max-image-preview:large, max-video-preview:-1\" \/>\n<link rel=\"canonical\" href=\"https:\/\/www.vallonchene.fr\/es\/producto\/pinus-parviflora-negishi\/\" \/>\n<meta property=\"og:locale\" content=\"es_ES\" \/>\n<meta property=\"og:type\" content=\"article\" \/>\n<meta property=\"og:title\" content=\"PINUS parviflora &#039;Negishi&#039;\" \/>\n<meta property=\"og:description\" content=\"Este pino blanco japon\u00e9s crece en forma a la japonesa (evasiva). El PINUS parviflora &#039;Negishi&#039; tiene un follaje azul-verde y desarrolla conos decorativos en verano.\" \/>\n<meta property=\"og:url\" content=\"https:\/\/www.vallonchene.fr\/es\/producto\/pinus-parviflora-negishi\/\" \/>\n<meta property=\"og:site_name\" content=\"Vallonch\u00eane\" \/>\n<meta property=\"article:publisher\" content=\"https:\/\/www.facebook.com\/vallonchene.fr\" \/>\n<meta property=\"article:modified_time\" content=\"2026-02-23T09:13:11+00:00\" \/>\n<meta property=\"og:image\" content=\"https:\/\/www.vallonchene.fr\/wp-content\/uploads\/2021\/08\/2944-8de-PINUS-parviflora-Negishi-en-Mars.jpg\" \/>\n\t<meta property=\"og:image:width\" content=\"1600\" \/>\n\t<meta property=\"og:image:height\" content=\"1600\" \/>\n\t<meta property=\"og:image:type\" content=\"image\/jpeg\" \/>\n<meta name=\"twitter:card\" content=\"summary_large_image\" \/>\n<meta name=\"twitter:label1\" content=\"Disponibilidad\" \/>\n\t<meta name=\"twitter:data1\" content=\"En stock\" \/>\n<script type=\"application\/ld+json\" class=\"yoast-schema-graph\">{\"@context\":\"https:\\\/\\\/schema.org\",\"@graph\":[{\"@type\":\"WebPage\",\"@id\":\"https:\\\/\\\/www.vallonchene.fr\\\/es\\\/producto\\\/pinus-parviflora-negishi\\\/\",\"url\":\"https:\\\/\\\/www.vallonchene.fr\\\/es\\\/producto\\\/pinus-parviflora-negishi\\\/\",\"name\":\"PINUS parviflora 'Negishi' - pino blanco japon\u00e9s\",\"isPartOf\":{\"@id\":\"https:\\\/\\\/www.vallonchene.fr\\\/es\\\/#website\"},\"primaryImageOfPage\":{\"@id\":\"https:\\\/\\\/www.vallonchene.fr\\\/es\\\/producto\\\/pinus-parviflora-negishi\\\/#primaryimage\"},\"image\":{\"@id\":\"https:\\\/\\\/www.vallonchene.fr\\\/es\\\/producto\\\/pinus-parviflora-negishi\\\/#primaryimage\"},\"thumbnailUrl\":\"https:\\\/\\\/www.vallonchene.fr\\\/wp-content\\\/uploads\\\/2021\\\/08\\\/2944-8de-PINUS-parviflora-Negishi-en-Mars.jpg\",\"datePublished\":\"2021-08-31T11:26:50+00:00\",\"dateModified\":\"2026-02-23T09:13:11+00:00\",\"description\":\"Este pino blanco japon\u00e9s crece en forma a la japonesa (evasiva). El PINUS parviflora 'Negishi' tiene un follaje azul-verde y desarrolla conos decorativos en verano.\",\"breadcrumb\":{\"@id\":\"https:\\\/\\\/www.vallonchene.fr\\\/es\\\/producto\\\/pinus-parviflora-negishi\\\/#breadcrumb\"},\"inLanguage\":\"es\",\"potentialAction\":[{\"@type\":\"ReadAction\",\"target\":[\"https:\\\/\\\/www.vallonchene.fr\\\/es\\\/producto\\\/pinus-parviflora-negishi\\\/\"]}]},{\"@type\":\"ImageObject\",\"inLanguage\":\"es\",\"@id\":\"https:\\\/\\\/www.vallonchene.fr\\\/es\\\/producto\\\/pinus-parviflora-negishi\\\/#primaryimage\",\"url\":\"https:\\\/\\\/www.vallonchene.fr\\\/wp-content\\\/uploads\\\/2021\\\/08\\\/2944-8de-PINUS-parviflora-Negishi-en-Mars.jpg\",\"contentUrl\":\"https:\\\/\\\/www.vallonchene.fr\\\/wp-content\\\/uploads\\\/2021\\\/08\\\/2944-8de-PINUS-parviflora-Negishi-en-Mars.jpg\",\"width\":1600,\"height\":1600,\"caption\":\"PINUS parviflora 'Negishi' en Marzo\"},{\"@type\":\"BreadcrumbList\",\"@id\":\"https:\\\/\\\/www.vallonchene.fr\\\/es\\\/producto\\\/pinus-parviflora-negishi\\\/#breadcrumb\",\"itemListElement\":[{\"@type\":\"ListItem\",\"position\":1,\"name\":\"Home\",\"item\":\"https:\\\/\\\/www.vallonchene.fr\\\/es\\\/\"},{\"@type\":\"ListItem\",\"position\":2,\"name\":\"Tienda\",\"item\":\"https:\\\/\\\/www.vallonchene.fr\\\/tienda\\\/\"},{\"@type\":\"ListItem\",\"position\":3,\"name\":\"PINUS parviflora &lsquo;Negishi&rsquo;\"}]},{\"@type\":\"WebSite\",\"@id\":\"https:\\\/\\\/www.vallonchene.fr\\\/es\\\/#website\",\"url\":\"https:\\\/\\\/www.vallonchene.fr\\\/es\\\/\",\"name\":\"Vallonch\u00eane\",\"description\":\"El vivero donde la calidad tiene sus ra\u00edces \u2013 Tel.: +33 (0)2.35.90.02.02\",\"publisher\":{\"@id\":\"https:\\\/\\\/www.vallonchene.fr\\\/es\\\/#organization\"},\"potentialAction\":[{\"@type\":\"SearchAction\",\"target\":{\"@type\":\"EntryPoint\",\"urlTemplate\":\"https:\\\/\\\/www.vallonchene.fr\\\/es\\\/?s={search_term_string}\"},\"query-input\":{\"@type\":\"PropertyValueSpecification\",\"valueRequired\":true,\"valueName\":\"search_term_string\"}}],\"inLanguage\":\"es\"},{\"@type\":\"Organization\",\"@id\":\"https:\\\/\\\/www.vallonchene.fr\\\/es\\\/#organization\",\"name\":\"VALLONCHENE\",\"url\":\"https:\\\/\\\/www.vallonchene.fr\\\/es\\\/\",\"logo\":{\"@type\":\"ImageObject\",\"inLanguage\":\"es\",\"@id\":\"https:\\\/\\\/www.vallonchene.fr\\\/es\\\/#\\\/schema\\\/logo\\\/image\\\/\",\"url\":\"https:\\\/\\\/www.vallonchene.fr\\\/wp-content\\\/uploads\\\/2023\\\/03\\\/Logo-Vallonchene-site-et-R_hauteur_100.png\",\"contentUrl\":\"https:\\\/\\\/www.vallonchene.fr\\\/wp-content\\\/uploads\\\/2023\\\/03\\\/Logo-Vallonchene-site-et-R_hauteur_100.png\",\"width\":221,\"height\":100,\"caption\":\"VALLONCHENE\"},\"image\":{\"@id\":\"https:\\\/\\\/www.vallonchene.fr\\\/es\\\/#\\\/schema\\\/logo\\\/image\\\/\"},\"sameAs\":[\"https:\\\/\\\/www.facebook.com\\\/vallonchene.fr\",\"https:\\\/\\\/www.instagram.com\\\/vallonchene\\\/\",\"https:\\\/\\\/www.pinterest.fr\\\/vallonchene\\\/\"],\"taxID\":\"49454502300017\",\"hasMerchantReturnPolicy\":{\"@type\":\"MerchantReturnPolicy\",\"merchantReturnLink\":\"https:\\\/\\\/www.vallonchene.fr\\\/remboursements_retours\\\/\"}}]}<\/script>\n<meta property=\"og:availability\" content=\"instock\" \/>\n<meta property=\"product:availability\" content=\"instock\" \/>\n<meta property=\"product:retailer_item_id\" content=\"73986\" \/>\n<meta property=\"product:condition\" content=\"new\" \/>\n<!-- \/ Yoast SEO Premium plugin. -->","yoast_head_json":{"title":"PINUS parviflora 'Negishi' - pino blanco japon\u00e9s","description":"Este pino blanco japon\u00e9s crece en forma a la japonesa (evasiva). El PINUS parviflora 'Negishi' tiene un follaje azul-verde y desarrolla conos decorativos en verano.","robots":{"index":"index","follow":"follow","max-snippet":"max-snippet:-1","max-image-preview":"max-image-preview:large","max-video-preview":"max-video-preview:-1"},"canonical":"https:\/\/www.vallonchene.fr\/es\/producto\/pinus-parviflora-negishi\/","og_locale":"es_ES","og_type":"article","og_title":"PINUS parviflora 'Negishi'","og_description":"Este pino blanco japon\u00e9s crece en forma a la japonesa (evasiva). El PINUS parviflora 'Negishi' tiene un follaje azul-verde y desarrolla conos decorativos en verano.","og_url":"https:\/\/www.vallonchene.fr\/es\/producto\/pinus-parviflora-negishi\/","og_site_name":"Vallonch\u00eane","article_publisher":"https:\/\/www.facebook.com\/vallonchene.fr","article_modified_time":"2026-02-23T09:13:11+00:00","og_image":[{"width":1600,"height":1600,"url":"https:\/\/www.vallonchene.fr\/wp-content\/uploads\/2021\/08\/2944-8de-PINUS-parviflora-Negishi-en-Mars.jpg","type":"image\/jpeg"}],"twitter_card":"summary_large_image","twitter_misc":{"Disponibilidad":"En stock"},"schema":{"@context":"https:\/\/schema.org","@graph":[{"@type":"WebPage","@id":"https:\/\/www.vallonchene.fr\/es\/producto\/pinus-parviflora-negishi\/","url":"https:\/\/www.vallonchene.fr\/es\/producto\/pinus-parviflora-negishi\/","name":"PINUS parviflora 'Negishi' - pino blanco japon\u00e9s","isPartOf":{"@id":"https:\/\/www.vallonchene.fr\/es\/#website"},"primaryImageOfPage":{"@id":"https:\/\/www.vallonchene.fr\/es\/producto\/pinus-parviflora-negishi\/#primaryimage"},"image":{"@id":"https:\/\/www.vallonchene.fr\/es\/producto\/pinus-parviflora-negishi\/#primaryimage"},"thumbnailUrl":"https:\/\/www.vallonchene.fr\/wp-content\/uploads\/2021\/08\/2944-8de-PINUS-parviflora-Negishi-en-Mars.jpg","datePublished":"2021-08-31T11:26:50+00:00","dateModified":"2026-02-23T09:13:11+00:00","description":"Este pino blanco japon\u00e9s crece en forma a la japonesa (evasiva). El PINUS parviflora 'Negishi' tiene un follaje azul-verde y desarrolla conos decorativos en verano.","breadcrumb":{"@id":"https:\/\/www.vallonchene.fr\/es\/producto\/pinus-parviflora-negishi\/#breadcrumb"},"inLanguage":"es","potentialAction":[{"@type":"ReadAction","target":["https:\/\/www.vallonchene.fr\/es\/producto\/pinus-parviflora-negishi\/"]}]},{"@type":"ImageObject","inLanguage":"es","@id":"https:\/\/www.vallonchene.fr\/es\/producto\/pinus-parviflora-negishi\/#primaryimage","url":"https:\/\/www.vallonchene.fr\/wp-content\/uploads\/2021\/08\/2944-8de-PINUS-parviflora-Negishi-en-Mars.jpg","contentUrl":"https:\/\/www.vallonchene.fr\/wp-content\/uploads\/2021\/08\/2944-8de-PINUS-parviflora-Negishi-en-Mars.jpg","width":1600,"height":1600,"caption":"PINUS parviflora 'Negishi' en Marzo"},{"@type":"BreadcrumbList","@id":"https:\/\/www.vallonchene.fr\/es\/producto\/pinus-parviflora-negishi\/#breadcrumb","itemListElement":[{"@type":"ListItem","position":1,"name":"Home","item":"https:\/\/www.vallonchene.fr\/es\/"},{"@type":"ListItem","position":2,"name":"Tienda","item":"https:\/\/www.vallonchene.fr\/tienda\/"},{"@type":"ListItem","position":3,"name":"PINUS parviflora &lsquo;Negishi&rsquo;"}]},{"@type":"WebSite","@id":"https:\/\/www.vallonchene.fr\/es\/#website","url":"https:\/\/www.vallonchene.fr\/es\/","name":"Vallonch\u00eane","description":"El vivero donde la calidad tiene sus ra\u00edces \u2013 Tel.: +33 (0)2.35.90.02.02","publisher":{"@id":"https:\/\/www.vallonchene.fr\/es\/#organization"},"potentialAction":[{"@type":"SearchAction","target":{"@type":"EntryPoint","urlTemplate":"https:\/\/www.vallonchene.fr\/es\/?s={search_term_string}"},"query-input":{"@type":"PropertyValueSpecification","valueRequired":true,"valueName":"search_term_string"}}],"inLanguage":"es"},{"@type":"Organization","@id":"https:\/\/www.vallonchene.fr\/es\/#organization","name":"VALLONCHENE","url":"https:\/\/www.vallonchene.fr\/es\/","logo":{"@type":"ImageObject","inLanguage":"es","@id":"https:\/\/www.vallonchene.fr\/es\/#\/schema\/logo\/image\/","url":"https:\/\/www.vallonchene.fr\/wp-content\/uploads\/2023\/03\/Logo-Vallonchene-site-et-R_hauteur_100.png","contentUrl":"https:\/\/www.vallonchene.fr\/wp-content\/uploads\/2023\/03\/Logo-Vallonchene-site-et-R_hauteur_100.png","width":221,"height":100,"caption":"VALLONCHENE"},"image":{"@id":"https:\/\/www.vallonchene.fr\/es\/#\/schema\/logo\/image\/"},"sameAs":["https:\/\/www.facebook.com\/vallonchene.fr","https:\/\/www.instagram.com\/vallonchene\/","https:\/\/www.pinterest.fr\/vallonchene\/"],"taxID":"49454502300017","hasMerchantReturnPolicy":{"@type":"MerchantReturnPolicy","merchantReturnLink":"https:\/\/www.vallonchene.fr\/remboursements_retours\/"}}]},"og_availability":"instock","product_availability":"instock","product_retailer_item_id":"73986","product_condition":"new"},"_links":{"self":[{"href":"https:\/\/www.vallonchene.fr\/es\/wp-json\/wp\/v2\/product\/57563","targetHints":{"allow":["GET"]}}],"collection":[{"href":"https:\/\/www.vallonchene.fr\/es\/wp-json\/wp\/v2\/product"}],"about":[{"href":"https:\/\/www.vallonchene.fr\/es\/wp-json\/wp\/v2\/types\/product"}],"replies":[{"embeddable":true,"href":"https:\/\/www.vallonchene.fr\/es\/wp-json\/wp\/v2\/comments?post=57563"}],"wp:featuredmedia":[{"embeddable":true,"href":"https:\/\/www.vallonchene.fr\/es\/wp-json\/wp\/v2\/media\/57564"}],"wp:attachment":[{"href":"https:\/\/www.vallonchene.fr\/es\/wp-json\/wp\/v2\/media?parent=57563"}],"wp:term":[{"taxonomy":"product_brand","embeddable":true,"href":"https:\/\/www.vallonchene.fr\/es\/wp-json\/wp\/v2\/product_brand?post=57563"},{"taxonomy":"product_cat","embeddable":true,"href":"https:\/\/www.vallonchene.fr\/es\/wp-json\/wp\/v2\/product_cat?post=57563"},{"taxonomy":"product_tag","embeddable":true,"href":"https:\/\/www.vallonchene.fr\/es\/wp-json\/wp\/v2\/product_tag?post=57563"}],"curies":[{"name":"wp","href":"https:\/\/api.w.org\/{rel}","templated":true}]}}