{"id":57462,"date":"2021-08-31T11:30:28","date_gmt":"2021-08-31T11:30:28","guid":{"rendered":"https:\/\/www.vallonchene.fr\/produit\/prunus-lusitanica-brenelia-r\/"},"modified":"2026-02-22T15:27:57","modified_gmt":"2026-02-22T14:27:57","slug":"prunus-lusitanica-brenelia-r","status":"publish","type":"product","link":"https:\/\/www.vallonchene.fr\/es\/producto\/prunus-lusitanica-brenelia-r\/","title":{"rendered":"PRUNUS lusitanica &#8216;Brenelia&#8217; (R)"},"content":{"rendered":"","protected":false},"excerpt":{"rendered":"<p>Este <b>laurel portugu\u00e9s<\/b> es una nueva obtenci\u00f3n. El <b>PRUNUS lusitanica &#8216;Brenelia&#8217;<\/b> (R) tiene hojas onduladas y un grafismo m\u00e1s flexible.<\/p>\n","protected":false},"featured_media":57465,"comment_status":"open","ping_status":"closed","template":"","meta":[],"product_brand":[],"product_cat":[11499],"product_tag":[13262,13260,12131,13258,13261],"class_list":{"0":"post-57462","1":"product","2":"type-product","3":"status-publish","4":"has-post-thumbnail","6":"product_cat-arbustos-y-arboles","7":"product_tag-brenelia-r","8":"product_tag-laurel-portugues","9":"product_tag-prunus-es","10":"product_tag-prunus-lusitanica","11":"product_tag-prunus-lusitanica-brenelia-r","12":"pa_99-hauteurapproximativeapres1-2-a-3-m","13":"pa_couleurdesfleurs-blanca","14":"pa_couleurdufeuillage-verde","15":"pa_exigencesenhumidite-moderadamente-humedo-a-humedo","16":"pa_exigencesenhumidite-promedio","17":"pa_exigencesenhumidite-seco","18":"pa_expositionspossibles-pleno-sol-de-12-a-17-min","19":"pa_expositionspossibles-sombra-sin-sol-directo","20":"pa_expositionspossibles-sombra-parcial-evitar-el-sol-de-12-a-17-horas","21":"pa_hauteurlivree-100-a-125-cm","22":"pa_hauteurlivree-50-a-60-cm-es","23":"pa_hauteurlivree-60-a-80-cm-es","24":"pa_hauteurlivree-80-a-100-cm-es","25":"pa_interetauprintemps-aroma","26":"pa_interetauprintemps-brotes-jovenes","27":"pa_interetauprintemps-flores","28":"pa_interetauprintemps-follaje","29":"pa_interetenautomne-follaje","30":"pa_interetenete-follaje","31":"pa_interetenhiver-follaje","32":"pa_naturedufeuillage-siempreverde","33":"pa_naturesdesolpossibles-ligero","34":"pa_naturesdesolpossibles-normal-es","35":"pa_naturesdesolpossibles-pesado","36":"pa_particularites-fragrante","37":"pa_periodedefloraison-primavera","38":"pa_periodedetaille-marzo","39":"pa_phdusolacceptable-acido-menos-de-6_5","40":"pa_phdusolacceptable-calcareo-mas-de-7_5","41":"pa_phdusolacceptable-neutro-entre-6_5-y-7_5","42":"pa_portgraphisme-arbustivo-es","43":"pa_resistanceaufroidrusticite-resistente-por-debajo-de-menos-20-c","44":"pa_tailledepot-maceta-de-15-litros","45":"pa_tailledepot-maceta-de-3-litros","46":"pa_tailledepot-maceta-de-5-litros","47":"pa_tailledepot-maceta-de-7_5-litros","48":"pa_utilisationpossible-arriate","49":"pa_utilisationpossible-cerca-viva","50":"pa_utilisationpossible-contenedor-o-olla","52":"first","53":"instock","54":"taxable","55":"shipping-taxable","56":"purchasable","57":"product-type-variable","58":"has-default-attributes"},"supplier_id":null,"supplier_sku":"","barcode":null,"atum_controlled":true,"out_stock_date":null,"out_stock_threshold":null,"inheritable":true,"inbound_stock":0,"stock_on_hold":1,"sold_today":0,"sales_last_days":1,"reserved_stock":0,"customer_returns":0,"warehouse_damage":0,"lost_in_post":0,"other_logs":0,"out_stock_days":null,"lost_sales":0,"has_location":false,"update_date":"2026-04-16T08:15:54","atum_locations":[],"atum_stock_status":"instock","restock_status":false,"low_stock_amount":"","sales_update_date":"2026-04-16T08:15:54","calc_backorders":null,"yoast_head":"<!-- This site is optimized with the Yoast SEO Premium plugin v27.5 (Yoast SEO v27.5) - https:\/\/yoast.com\/product\/yoast-seo-premium-wordpress\/ -->\n<title>PRUNUS lusitanica &#039;Brenelia&#039; (R) - laurel portugu\u00e9s<\/title>\n<meta name=\"description\" content=\"Este laurel portugu\u00e9s es una nueva obtenci\u00f3n. El PRUNUS lusitanica &#039;Brenelia&#039; (R) tiene hojas onduladas y un grafismo m\u00e1s flexible.\" \/>\n<meta name=\"robots\" content=\"index, follow, max-snippet:-1, max-image-preview:large, max-video-preview:-1\" \/>\n<link rel=\"canonical\" href=\"https:\/\/www.vallonchene.fr\/es\/producto\/prunus-lusitanica-brenelia-r\/\" \/>\n<meta property=\"og:locale\" content=\"es_ES\" \/>\n<meta property=\"og:type\" content=\"article\" \/>\n<meta property=\"og:title\" content=\"PRUNUS lusitanica &#039;Brenelia&#039; (R)\" \/>\n<meta property=\"og:description\" content=\"Este laurel portugu\u00e9s es una nueva obtenci\u00f3n. El PRUNUS lusitanica &#039;Brenelia&#039; (R) tiene hojas onduladas y un grafismo m\u00e1s flexible.\" \/>\n<meta property=\"og:url\" content=\"https:\/\/www.vallonchene.fr\/es\/producto\/prunus-lusitanica-brenelia-r\/\" \/>\n<meta property=\"og:site_name\" content=\"Vallonch\u00eane\" \/>\n<meta property=\"article:publisher\" content=\"https:\/\/www.facebook.com\/vallonchene.fr\" \/>\n<meta property=\"article:modified_time\" content=\"2026-02-22T14:27:57+00:00\" \/>\n<meta property=\"og:image\" content=\"https:\/\/www.vallonchene.fr\/wp-content\/uploads\/2021\/08\/3146-91a-PRUNUS-lusitanica-Brenelia-R-en-Septembre.jpg\" \/>\n\t<meta property=\"og:image:width\" content=\"1600\" \/>\n\t<meta property=\"og:image:height\" content=\"1600\" \/>\n\t<meta property=\"og:image:type\" content=\"image\/jpeg\" \/>\n<meta name=\"twitter:card\" content=\"summary_large_image\" \/>\n<meta name=\"twitter:label1\" content=\"Disponibilidad\" \/>\n\t<meta name=\"twitter:data1\" content=\"En stock\" \/>\n<script type=\"application\/ld+json\" class=\"yoast-schema-graph\">{\"@context\":\"https:\\\/\\\/schema.org\",\"@graph\":[{\"@type\":\"WebPage\",\"@id\":\"https:\\\/\\\/www.vallonchene.fr\\\/es\\\/producto\\\/prunus-lusitanica-brenelia-r\\\/\",\"url\":\"https:\\\/\\\/www.vallonchene.fr\\\/es\\\/producto\\\/prunus-lusitanica-brenelia-r\\\/\",\"name\":\"PRUNUS lusitanica 'Brenelia' (R) - laurel portugu\u00e9s\",\"isPartOf\":{\"@id\":\"https:\\\/\\\/www.vallonchene.fr\\\/es\\\/#website\"},\"primaryImageOfPage\":{\"@id\":\"https:\\\/\\\/www.vallonchene.fr\\\/es\\\/producto\\\/prunus-lusitanica-brenelia-r\\\/#primaryimage\"},\"image\":{\"@id\":\"https:\\\/\\\/www.vallonchene.fr\\\/es\\\/producto\\\/prunus-lusitanica-brenelia-r\\\/#primaryimage\"},\"thumbnailUrl\":\"https:\\\/\\\/www.vallonchene.fr\\\/wp-content\\\/uploads\\\/2021\\\/08\\\/3146-91a-PRUNUS-lusitanica-Brenelia-R-en-Septembre.jpg\",\"datePublished\":\"2021-08-31T11:30:28+00:00\",\"dateModified\":\"2026-02-22T14:27:57+00:00\",\"description\":\"Este laurel portugu\u00e9s es una nueva obtenci\u00f3n. El PRUNUS lusitanica 'Brenelia' (R) tiene hojas onduladas y un grafismo m\u00e1s flexible.\",\"breadcrumb\":{\"@id\":\"https:\\\/\\\/www.vallonchene.fr\\\/es\\\/producto\\\/prunus-lusitanica-brenelia-r\\\/#breadcrumb\"},\"inLanguage\":\"es\",\"potentialAction\":[{\"@type\":\"ReadAction\",\"target\":[\"https:\\\/\\\/www.vallonchene.fr\\\/es\\\/producto\\\/prunus-lusitanica-brenelia-r\\\/\"]}]},{\"@type\":\"ImageObject\",\"inLanguage\":\"es\",\"@id\":\"https:\\\/\\\/www.vallonchene.fr\\\/es\\\/producto\\\/prunus-lusitanica-brenelia-r\\\/#primaryimage\",\"url\":\"https:\\\/\\\/www.vallonchene.fr\\\/wp-content\\\/uploads\\\/2021\\\/08\\\/3146-91a-PRUNUS-lusitanica-Brenelia-R-en-Septembre.jpg\",\"contentUrl\":\"https:\\\/\\\/www.vallonchene.fr\\\/wp-content\\\/uploads\\\/2021\\\/08\\\/3146-91a-PRUNUS-lusitanica-Brenelia-R-en-Septembre.jpg\",\"width\":1600,\"height\":1600,\"caption\":\"PRUNUS lusitanica 'Brenelia' (R) en Septiembre\"},{\"@type\":\"BreadcrumbList\",\"@id\":\"https:\\\/\\\/www.vallonchene.fr\\\/es\\\/producto\\\/prunus-lusitanica-brenelia-r\\\/#breadcrumb\",\"itemListElement\":[{\"@type\":\"ListItem\",\"position\":1,\"name\":\"Home\",\"item\":\"https:\\\/\\\/www.vallonchene.fr\\\/es\\\/\"},{\"@type\":\"ListItem\",\"position\":2,\"name\":\"Tienda\",\"item\":\"https:\\\/\\\/www.vallonchene.fr\\\/tienda\\\/\"},{\"@type\":\"ListItem\",\"position\":3,\"name\":\"PRUNUS lusitanica &lsquo;Brenelia&rsquo; (R)\"}]},{\"@type\":\"WebSite\",\"@id\":\"https:\\\/\\\/www.vallonchene.fr\\\/es\\\/#website\",\"url\":\"https:\\\/\\\/www.vallonchene.fr\\\/es\\\/\",\"name\":\"Vallonch\u00eane\",\"description\":\"El vivero donde la calidad tiene sus ra\u00edces \u2013 Tel.: +33 (0)2.35.90.02.02\",\"publisher\":{\"@id\":\"https:\\\/\\\/www.vallonchene.fr\\\/es\\\/#organization\"},\"potentialAction\":[{\"@type\":\"SearchAction\",\"target\":{\"@type\":\"EntryPoint\",\"urlTemplate\":\"https:\\\/\\\/www.vallonchene.fr\\\/es\\\/?s={search_term_string}\"},\"query-input\":{\"@type\":\"PropertyValueSpecification\",\"valueRequired\":true,\"valueName\":\"search_term_string\"}}],\"inLanguage\":\"es\"},{\"@type\":\"Organization\",\"@id\":\"https:\\\/\\\/www.vallonchene.fr\\\/es\\\/#organization\",\"name\":\"VALLONCHENE\",\"url\":\"https:\\\/\\\/www.vallonchene.fr\\\/es\\\/\",\"logo\":{\"@type\":\"ImageObject\",\"inLanguage\":\"es\",\"@id\":\"https:\\\/\\\/www.vallonchene.fr\\\/es\\\/#\\\/schema\\\/logo\\\/image\\\/\",\"url\":\"https:\\\/\\\/www.vallonchene.fr\\\/wp-content\\\/uploads\\\/2023\\\/03\\\/Logo-Vallonchene-site-et-R_hauteur_100.png\",\"contentUrl\":\"https:\\\/\\\/www.vallonchene.fr\\\/wp-content\\\/uploads\\\/2023\\\/03\\\/Logo-Vallonchene-site-et-R_hauteur_100.png\",\"width\":221,\"height\":100,\"caption\":\"VALLONCHENE\"},\"image\":{\"@id\":\"https:\\\/\\\/www.vallonchene.fr\\\/es\\\/#\\\/schema\\\/logo\\\/image\\\/\"},\"sameAs\":[\"https:\\\/\\\/www.facebook.com\\\/vallonchene.fr\",\"https:\\\/\\\/www.instagram.com\\\/vallonchene\\\/\",\"https:\\\/\\\/www.pinterest.fr\\\/vallonchene\\\/\"],\"taxID\":\"49454502300017\",\"hasMerchantReturnPolicy\":{\"@type\":\"MerchantReturnPolicy\",\"merchantReturnLink\":\"https:\\\/\\\/www.vallonchene.fr\\\/remboursements_retours\\\/\"}}]}<\/script>\n<meta property=\"og:availability\" content=\"instock\" \/>\n<meta property=\"product:availability\" content=\"instock\" \/>\n<meta property=\"product:retailer_item_id\" content=\"58426\" \/>\n<meta property=\"product:condition\" content=\"new\" \/>\n<!-- \/ Yoast SEO Premium plugin. -->","yoast_head_json":{"title":"PRUNUS lusitanica 'Brenelia' (R) - laurel portugu\u00e9s","description":"Este laurel portugu\u00e9s es una nueva obtenci\u00f3n. El PRUNUS lusitanica 'Brenelia' (R) tiene hojas onduladas y un grafismo m\u00e1s flexible.","robots":{"index":"index","follow":"follow","max-snippet":"max-snippet:-1","max-image-preview":"max-image-preview:large","max-video-preview":"max-video-preview:-1"},"canonical":"https:\/\/www.vallonchene.fr\/es\/producto\/prunus-lusitanica-brenelia-r\/","og_locale":"es_ES","og_type":"article","og_title":"PRUNUS lusitanica 'Brenelia' (R)","og_description":"Este laurel portugu\u00e9s es una nueva obtenci\u00f3n. El PRUNUS lusitanica 'Brenelia' (R) tiene hojas onduladas y un grafismo m\u00e1s flexible.","og_url":"https:\/\/www.vallonchene.fr\/es\/producto\/prunus-lusitanica-brenelia-r\/","og_site_name":"Vallonch\u00eane","article_publisher":"https:\/\/www.facebook.com\/vallonchene.fr","article_modified_time":"2026-02-22T14:27:57+00:00","og_image":[{"width":1600,"height":1600,"url":"https:\/\/www.vallonchene.fr\/wp-content\/uploads\/2021\/08\/3146-91a-PRUNUS-lusitanica-Brenelia-R-en-Septembre.jpg","type":"image\/jpeg"}],"twitter_card":"summary_large_image","twitter_misc":{"Disponibilidad":"En stock"},"schema":{"@context":"https:\/\/schema.org","@graph":[{"@type":"WebPage","@id":"https:\/\/www.vallonchene.fr\/es\/producto\/prunus-lusitanica-brenelia-r\/","url":"https:\/\/www.vallonchene.fr\/es\/producto\/prunus-lusitanica-brenelia-r\/","name":"PRUNUS lusitanica 'Brenelia' (R) - laurel portugu\u00e9s","isPartOf":{"@id":"https:\/\/www.vallonchene.fr\/es\/#website"},"primaryImageOfPage":{"@id":"https:\/\/www.vallonchene.fr\/es\/producto\/prunus-lusitanica-brenelia-r\/#primaryimage"},"image":{"@id":"https:\/\/www.vallonchene.fr\/es\/producto\/prunus-lusitanica-brenelia-r\/#primaryimage"},"thumbnailUrl":"https:\/\/www.vallonchene.fr\/wp-content\/uploads\/2021\/08\/3146-91a-PRUNUS-lusitanica-Brenelia-R-en-Septembre.jpg","datePublished":"2021-08-31T11:30:28+00:00","dateModified":"2026-02-22T14:27:57+00:00","description":"Este laurel portugu\u00e9s es una nueva obtenci\u00f3n. El PRUNUS lusitanica 'Brenelia' (R) tiene hojas onduladas y un grafismo m\u00e1s flexible.","breadcrumb":{"@id":"https:\/\/www.vallonchene.fr\/es\/producto\/prunus-lusitanica-brenelia-r\/#breadcrumb"},"inLanguage":"es","potentialAction":[{"@type":"ReadAction","target":["https:\/\/www.vallonchene.fr\/es\/producto\/prunus-lusitanica-brenelia-r\/"]}]},{"@type":"ImageObject","inLanguage":"es","@id":"https:\/\/www.vallonchene.fr\/es\/producto\/prunus-lusitanica-brenelia-r\/#primaryimage","url":"https:\/\/www.vallonchene.fr\/wp-content\/uploads\/2021\/08\/3146-91a-PRUNUS-lusitanica-Brenelia-R-en-Septembre.jpg","contentUrl":"https:\/\/www.vallonchene.fr\/wp-content\/uploads\/2021\/08\/3146-91a-PRUNUS-lusitanica-Brenelia-R-en-Septembre.jpg","width":1600,"height":1600,"caption":"PRUNUS lusitanica 'Brenelia' (R) en Septiembre"},{"@type":"BreadcrumbList","@id":"https:\/\/www.vallonchene.fr\/es\/producto\/prunus-lusitanica-brenelia-r\/#breadcrumb","itemListElement":[{"@type":"ListItem","position":1,"name":"Home","item":"https:\/\/www.vallonchene.fr\/es\/"},{"@type":"ListItem","position":2,"name":"Tienda","item":"https:\/\/www.vallonchene.fr\/tienda\/"},{"@type":"ListItem","position":3,"name":"PRUNUS lusitanica &lsquo;Brenelia&rsquo; (R)"}]},{"@type":"WebSite","@id":"https:\/\/www.vallonchene.fr\/es\/#website","url":"https:\/\/www.vallonchene.fr\/es\/","name":"Vallonch\u00eane","description":"El vivero donde la calidad tiene sus ra\u00edces \u2013 Tel.: +33 (0)2.35.90.02.02","publisher":{"@id":"https:\/\/www.vallonchene.fr\/es\/#organization"},"potentialAction":[{"@type":"SearchAction","target":{"@type":"EntryPoint","urlTemplate":"https:\/\/www.vallonchene.fr\/es\/?s={search_term_string}"},"query-input":{"@type":"PropertyValueSpecification","valueRequired":true,"valueName":"search_term_string"}}],"inLanguage":"es"},{"@type":"Organization","@id":"https:\/\/www.vallonchene.fr\/es\/#organization","name":"VALLONCHENE","url":"https:\/\/www.vallonchene.fr\/es\/","logo":{"@type":"ImageObject","inLanguage":"es","@id":"https:\/\/www.vallonchene.fr\/es\/#\/schema\/logo\/image\/","url":"https:\/\/www.vallonchene.fr\/wp-content\/uploads\/2023\/03\/Logo-Vallonchene-site-et-R_hauteur_100.png","contentUrl":"https:\/\/www.vallonchene.fr\/wp-content\/uploads\/2023\/03\/Logo-Vallonchene-site-et-R_hauteur_100.png","width":221,"height":100,"caption":"VALLONCHENE"},"image":{"@id":"https:\/\/www.vallonchene.fr\/es\/#\/schema\/logo\/image\/"},"sameAs":["https:\/\/www.facebook.com\/vallonchene.fr","https:\/\/www.instagram.com\/vallonchene\/","https:\/\/www.pinterest.fr\/vallonchene\/"],"taxID":"49454502300017","hasMerchantReturnPolicy":{"@type":"MerchantReturnPolicy","merchantReturnLink":"https:\/\/www.vallonchene.fr\/remboursements_retours\/"}}]},"og_availability":"instock","product_availability":"instock","product_retailer_item_id":"58426","product_condition":"new"},"_links":{"self":[{"href":"https:\/\/www.vallonchene.fr\/es\/wp-json\/wp\/v2\/product\/57462","targetHints":{"allow":["GET"]}}],"collection":[{"href":"https:\/\/www.vallonchene.fr\/es\/wp-json\/wp\/v2\/product"}],"about":[{"href":"https:\/\/www.vallonchene.fr\/es\/wp-json\/wp\/v2\/types\/product"}],"replies":[{"embeddable":true,"href":"https:\/\/www.vallonchene.fr\/es\/wp-json\/wp\/v2\/comments?post=57462"}],"wp:featuredmedia":[{"embeddable":true,"href":"https:\/\/www.vallonchene.fr\/es\/wp-json\/wp\/v2\/media\/57465"}],"wp:attachment":[{"href":"https:\/\/www.vallonchene.fr\/es\/wp-json\/wp\/v2\/media?parent=57462"}],"wp:term":[{"taxonomy":"product_brand","embeddable":true,"href":"https:\/\/www.vallonchene.fr\/es\/wp-json\/wp\/v2\/product_brand?post=57462"},{"taxonomy":"product_cat","embeddable":true,"href":"https:\/\/www.vallonchene.fr\/es\/wp-json\/wp\/v2\/product_cat?post=57462"},{"taxonomy":"product_tag","embeddable":true,"href":"https:\/\/www.vallonchene.fr\/es\/wp-json\/wp\/v2\/product_tag?post=57462"}],"curies":[{"name":"wp","href":"https:\/\/api.w.org\/{rel}","templated":true}]}}