{"id":57408,"date":"2021-08-31T11:31:47","date_gmt":"2021-08-31T11:31:47","guid":{"rendered":"https:\/\/www.vallonchene.fr\/produit\/frangula-alnus-aspleniifolia\/"},"modified":"2021-08-31T11:31:47","modified_gmt":"2021-08-31T09:31:47","slug":"frangula-alnus-aspleniifolia","status":"publish","type":"product","link":"https:\/\/www.vallonchene.fr\/es\/producto\/frangula-alnus-aspleniifolia\/","title":{"rendered":"FRANGULA alnus &#8216;Aspleniifolia&#8217;"},"content":{"rendered":"<p>Le <strong>FRANGULA alnus \u2018Aspleniifolia\u2019<\/strong> se nommait autrefois <strong>RHAMNUS frangula \u2018Aspleniifolia\u2019<\/strong>. Il porte le nom vernaculaire de <strong>Bourdaine<\/strong> ou encore <strong>Bourg\u00e8ne<\/strong>.<br \/>\nCe petit arbuste qui <strong>ne d\u00e9passera pas les deux m\u00e8tres<\/strong> d\u00e9veloppe un <strong>feuillage vert et extr\u00eamement fin<\/strong>. Les feuilles mesurent seulement quelques millim\u00e8tres de large pour environ 7 cm de long. Elles lui conf\u00e8rent une <strong>allure l\u00e9g\u00e8re et \u00e9l\u00e9gante<\/strong>.<br \/>\nPuis, c\u2019est en automne que le spectacle commence : le feuillage prend alors une <strong>couleur jaune flamboyante<\/strong> pour apporter une touche de lumi\u00e8re au jardin.<br \/>\nEnfin, lorsque ses feuilles sont tomb\u00e9es, nous d\u00e9couvrons ses <strong>branches tr\u00e8s ordonn\u00e9es et fines<\/strong> pour le reste de l\u2019hiver.<\/p>\n<p>Pour visionner les autres vari\u00e9t\u00e9s de FRANGULA actuellement disponibles, <a href=\"https:\/\/www.vallonchene.fr\/?s=frangula&amp;post_type=product&amp;dgwt_wcas=1&amp;lang=fr&amp;filter_stock_status=instock\"><strong>merci de cliquer ici<\/strong><\/a>.<\/p>\n<h2>Comment planter le FRANGULA alnus \u2018Aspleniifolia\u2019<\/h2>\n<p>La Bourdaine \u00e0 feuillage se d\u00e9veloppe bien dans des <strong>endroits secs, moyennement humides ou humides<\/strong>. Trouvez-lui un endroit <strong>en plein soleil ou \u00e0 mi-ombr<\/strong>e avec un <strong>sol l\u00e9ger, normal ou lourd<\/strong> et un <strong>pH acide, neutre ou calcaire<\/strong>.<\/p>\n<p>Vous pouvez planter ce v\u00e9g\u00e9tal caduc dans un <strong>bac, dans un massif ou encore dans une haie<\/strong>. Il supporte les temp\u00e9ratures en dessous de -20\u00b0 C.<\/p>\n<p>Taillez le FRANGULA alnus \u2018Aspleniifolia\u2019 en <strong>janvier ou f\u00e9vrier<\/strong>, mais seulement si vous en avez vraiment besoin.<\/p>\n<p>Pour une bonne pr\u00e9paration du pot ou du trou de plantation, nous avons con\u00e7u des <a href=\"https:\/\/www.vallonchene.fr\/comment-planter-et-entretenir-des-vegetaux\/\" target=\"_blank\" rel=\"noreferrer noopener\"><strong>instructions sp\u00e9cifiques disponibles ici<\/strong><\/a>. Lisez aussi <a href=\"https:\/\/www.vallonchene.fr\/comment-bien-arroser-le-jardin-et-economiser-leau\/\"><strong>nos astuces comment bien arroser et \u00e9conomiser l\u2019eau ici<\/strong><\/a>.<\/p>\n<h2 id=\"h-histoire-et-origine\" class=\"wp-block-heading has-x-large-font-size\">Histoire et Origine<\/h2>\n<p>L\u2019habitat naturel du FRANGULA est assez \u00e9tendu. Ainsi, on le trouve end\u00e9mique de l\u2019<strong>ouest de l\u2019Europe<\/strong> jusqu\u2019en <strong>Sib\u00e9rie<\/strong>.<\/p>\n<p>Les fleurs de l\u2019esp\u00e8ce type repr\u00e9sentent une source de nourriture pour les abeilles ainsi que le magnifique papillon nomm\u00e9 <strong>Citron (Gonepteryx rhamni)<\/strong>. Les oiseaux aiment ses fruits.<\/p>\n<p>Cette esp\u00e8ce se trouve aujourd\u2019hui menac\u00e9e dans son habitat naturel de l\u2019Irlande du Nord o\u00f9 les mar\u00e9cages disparaissent de plus en plus.<\/p>\n<p>Le FRANGULA alnus \u2018Aspleniifolia\u2019 est essentiellement cultiv\u00e9 pour son c\u00f4t\u00e9 ornemental.<\/p>\n<p>L\u2019\u00e9corce des FRANGULA alnus a \u00e9t\u00e9 utilis\u00e9e en m\u00e9decine.<\/p>\n<p>Le charbon \u00e0 base de F. alnus est tr\u00e8s appr\u00e9ci\u00e9 pour la production de poudre \u00e0 canon.<\/p>\n<p>Le bois s\u2019utilisait \u00e9galement pour cr\u00e9er des gabarits de chaussures et des clous. L\u2019\u00e9corce fournit aussi un colorant jaune et les baies un colorant vert.<\/p>\n","protected":false},"excerpt":{"rendered":"<p>Le <strong>FRANGULA alnus &#8216;Aspleniifolia&#8217;<\/strong> aussi appel\u00e9 <strong>RHAMNUS frangula &#8216;Aspleniifolia&#8217;<\/strong> est tr\u00e8s d\u00e9coratif par son feuillage vert tr\u00e8s fin. \u00c0 l&#8217;automne, les feuilles prennent une couleur jaune vif.<\/p>\n","protected":false},"featured_media":42789,"comment_status":"open","ping_status":"closed","template":"","meta":[],"product_brand":[],"product_cat":[11499],"product_tag":[13243,13241,11839,13242],"class_list":{"0":"post-57408","1":"product","2":"type-product","3":"status-publish","4":"has-post-thumbnail","6":"product_cat-arbustos-y-arboles","7":"product_tag-aspleniifolia","8":"product_tag-rhamnus","9":"product_tag-rhamnus-frangula-es","10":"product_tag-rhamnus-frangula-aspleniifolia","11":"pa_99-hauteurapproximativeapres1-1-00-a-1-50-m","12":"pa_couleurautomnaledufeuillage-amarillo","13":"pa_couleurdesfleurs-blanca","14":"pa_couleurdufeuillage-verde","15":"pa_exigencesenhumidite-moderadamente-humedo-a-humedo","16":"pa_exigencesenhumidite-promedio","17":"pa_exigencesenhumidite-seco","18":"pa_expositionspossibles-pleno-sol-de-12-a-17-min","19":"pa_expositionspossibles-sombra-parcial-evitar-el-sol-de-12-a-17-horas","20":"pa_hauteurlivree-100-a-125-cm","21":"pa_hauteurlivree-125-a-150-cm-es","22":"pa_hauteurlivree-150-a-175-cm-es","23":"pa_hauteurlivree-175-a-200-cm-es","24":"pa_hauteurlivree-25-a-30-cm-es","25":"pa_hauteurlivree-30-a-40-cm-es","26":"pa_hauteurlivree-300-a-350-cm-es","27":"pa_hauteurlivree-40-a-50-cm-es","28":"pa_hauteurlivree-40-a-60-cm-es","29":"pa_hauteurlivree-50-a-60-cm-es","30":"pa_hauteurlivree-60-a-80-cm-es","31":"pa_hauteurlivree-70-a-80-cm-es","32":"pa_hauteurlivree-80-a-100-cm-es","33":"pa_interetauprintemps-follaje","34":"pa_interetauprintemps-habitus","35":"pa_interetenautomne-follaje","36":"pa_interetenautomne-habitus","37":"pa_interetenete-follaje","38":"pa_interetenete-habitus","39":"pa_interetenhiver-habitus","40":"pa_naturedufeuillage-caduco","41":"pa_naturesdesolpossibles-ligero","42":"pa_naturesdesolpossibles-normal-es","43":"pa_naturesdesolpossibles-pesado","44":"pa_periodedefloraison-primavera","45":"pa_periodedetaille-enero","46":"pa_periodedetaille-febrero","47":"pa_phdusolacceptable-acido-menos-de-6_5","48":"pa_phdusolacceptable-calcareo-mas-de-7_5","49":"pa_phdusolacceptable-neutro-entre-6_5-y-7_5","50":"pa_resistanceaufroidrusticite-resistente-hasta-menos-20-c","51":"pa_tailledepot-a-raiz-desnuda","52":"pa_tailledepot-cepellon","53":"pa_tailledepot-maceta-de-1-litro","54":"pa_tailledepot-maceta-de-10-litros","55":"pa_tailledepot-maceta-de-15-litros","56":"pa_tailledepot-maceta-de-2-litros","57":"pa_tailledepot-maceta-de-3-litros","58":"pa_tailledepot-maceta-de-30-litros","59":"pa_tailledepot-maceta-de-35-litros","60":"pa_tailledepot-maceta-de-4-litros","61":"pa_tailledepot-maceta-de-5-litros","62":"pa_tailledepot-maceta-de-7-cm-es","63":"pa_tailledepot-maceta-de-7_5-litros","64":"pa_utilisationpossible-arriate","65":"pa_utilisationpossible-cerca-viva","66":"pa_utilisationpossible-contenedor-o-olla","68":"first","69":"instock","70":"taxable","71":"shipping-taxable","72":"purchasable","73":"product-type-variable"},"supplier_id":null,"supplier_sku":"","barcode":null,"atum_controlled":true,"out_stock_date":null,"out_stock_threshold":null,"inheritable":true,"inbound_stock":0,"stock_on_hold":0,"sold_today":0,"sales_last_days":0,"reserved_stock":0,"customer_returns":0,"warehouse_damage":0,"lost_in_post":0,"other_logs":0,"out_stock_days":null,"lost_sales":0,"has_location":false,"update_date":"2026-01-28T14:37:11","atum_locations":[],"atum_stock_status":"instock","restock_status":false,"low_stock_amount":"","sales_update_date":"2024-01-07T09:38:31","calc_backorders":null,"yoast_head":"<!-- This site is optimized with the Yoast SEO Premium plugin v27.4 (Yoast SEO v27.4) - https:\/\/yoast.com\/product\/yoast-seo-premium-wordpress\/ -->\n<title>FRANGULA alnus &#039;Aspleniifolia&#039; - Rhamnus Frangula &#039;Aspleniifolia&#039;<\/title>\n<meta name=\"description\" content=\"Le FRANGULA alnus &#039;Aspleniifolia&#039; (syn. RHAMNUS frangula &#039;Aspleniifolia&#039;) est tr\u00e8s d\u00e9coratif par son feuillage vert tr\u00e8s fin qui devient jaune en automne.\" \/>\n<meta name=\"robots\" content=\"index, follow, max-snippet:-1, max-image-preview:large, max-video-preview:-1\" \/>\n<link rel=\"canonical\" href=\"https:\/\/www.vallonchene.fr\/es\/producto\/frangula-alnus-aspleniifolia\/\" \/>\n<meta property=\"og:locale\" content=\"es_ES\" \/>\n<meta property=\"og:type\" content=\"article\" \/>\n<meta property=\"og:title\" content=\"FRANGULA alnus &#039;Aspleniifolia&#039;\" \/>\n<meta property=\"og:description\" content=\"Le FRANGULA alnus &#039;Aspleniifolia&#039; (syn. RHAMNUS frangula &#039;Aspleniifolia&#039;) est tr\u00e8s d\u00e9coratif par son feuillage vert tr\u00e8s fin qui devient jaune en automne.\" \/>\n<meta property=\"og:url\" content=\"https:\/\/www.vallonchene.fr\/es\/producto\/frangula-alnus-aspleniifolia\/\" \/>\n<meta property=\"og:site_name\" content=\"Vallonch\u00eane\" \/>\n<meta property=\"article:publisher\" content=\"https:\/\/www.facebook.com\/vallonchene.fr\" \/>\n<meta property=\"og:image\" content=\"https:\/\/www.vallonchene.fr\/wp-content\/uploads\/2023\/09\/FRANGULA-alnus-Fine-Line_01.webp\" \/>\n\t<meta property=\"og:image:width\" content=\"1000\" \/>\n\t<meta property=\"og:image:height\" content=\"1000\" \/>\n\t<meta property=\"og:image:type\" content=\"image\/webp\" \/>\n<meta name=\"twitter:card\" content=\"summary_large_image\" \/>\n<meta name=\"twitter:label1\" content=\"Disponibilidad\" \/>\n\t<meta name=\"twitter:data1\" content=\"En stock\" \/>\n<script type=\"application\/ld+json\" class=\"yoast-schema-graph\">{\"@context\":\"https:\\\/\\\/schema.org\",\"@graph\":[{\"@type\":\"WebPage\",\"@id\":\"https:\\\/\\\/www.vallonchene.fr\\\/es\\\/producto\\\/frangula-alnus-aspleniifolia\\\/\",\"url\":\"https:\\\/\\\/www.vallonchene.fr\\\/es\\\/producto\\\/frangula-alnus-aspleniifolia\\\/\",\"name\":\"FRANGULA alnus 'Aspleniifolia' - Rhamnus Frangula 'Aspleniifolia'\",\"isPartOf\":{\"@id\":\"https:\\\/\\\/www.vallonchene.fr\\\/es\\\/#website\"},\"primaryImageOfPage\":{\"@id\":\"https:\\\/\\\/www.vallonchene.fr\\\/es\\\/producto\\\/frangula-alnus-aspleniifolia\\\/#primaryimage\"},\"image\":{\"@id\":\"https:\\\/\\\/www.vallonchene.fr\\\/es\\\/producto\\\/frangula-alnus-aspleniifolia\\\/#primaryimage\"},\"thumbnailUrl\":\"https:\\\/\\\/www.vallonchene.fr\\\/wp-content\\\/uploads\\\/2023\\\/09\\\/FRANGULA-alnus-Fine-Line_01.webp\",\"datePublished\":\"2021-08-31T11:31:47+00:00\",\"description\":\"Le FRANGULA alnus 'Aspleniifolia' (syn. RHAMNUS frangula 'Aspleniifolia') est tr\u00e8s d\u00e9coratif par son feuillage vert tr\u00e8s fin qui devient jaune en automne.\",\"breadcrumb\":{\"@id\":\"https:\\\/\\\/www.vallonchene.fr\\\/es\\\/producto\\\/frangula-alnus-aspleniifolia\\\/#breadcrumb\"},\"inLanguage\":\"es\",\"potentialAction\":[{\"@type\":\"ReadAction\",\"target\":[\"https:\\\/\\\/www.vallonchene.fr\\\/es\\\/producto\\\/frangula-alnus-aspleniifolia\\\/\"]}]},{\"@type\":\"ImageObject\",\"inLanguage\":\"es\",\"@id\":\"https:\\\/\\\/www.vallonchene.fr\\\/es\\\/producto\\\/frangula-alnus-aspleniifolia\\\/#primaryimage\",\"url\":\"https:\\\/\\\/www.vallonchene.fr\\\/wp-content\\\/uploads\\\/2023\\\/09\\\/FRANGULA-alnus-Fine-Line_01.webp\",\"contentUrl\":\"https:\\\/\\\/www.vallonchene.fr\\\/wp-content\\\/uploads\\\/2023\\\/09\\\/FRANGULA-alnus-Fine-Line_01.webp\",\"width\":1000,\"height\":1000,\"caption\":\"Gros plan sur le feuillage vert et fin du FRANGULA alnus 'Aspleniifolia'\"},{\"@type\":\"BreadcrumbList\",\"@id\":\"https:\\\/\\\/www.vallonchene.fr\\\/es\\\/producto\\\/frangula-alnus-aspleniifolia\\\/#breadcrumb\",\"itemListElement\":[{\"@type\":\"ListItem\",\"position\":1,\"name\":\"Home\",\"item\":\"https:\\\/\\\/www.vallonchene.fr\\\/es\\\/\"},{\"@type\":\"ListItem\",\"position\":2,\"name\":\"Tienda\",\"item\":\"https:\\\/\\\/www.vallonchene.fr\\\/tienda\\\/\"},{\"@type\":\"ListItem\",\"position\":3,\"name\":\"FRANGULA alnus &lsquo;Aspleniifolia&rsquo;\"}]},{\"@type\":\"WebSite\",\"@id\":\"https:\\\/\\\/www.vallonchene.fr\\\/es\\\/#website\",\"url\":\"https:\\\/\\\/www.vallonchene.fr\\\/es\\\/\",\"name\":\"Vallonch\u00eane\",\"description\":\"El vivero donde la calidad tiene sus ra\u00edces \u2013 Tel.: +33 (0)2.35.90.02.02\",\"publisher\":{\"@id\":\"https:\\\/\\\/www.vallonchene.fr\\\/es\\\/#organization\"},\"potentialAction\":[{\"@type\":\"SearchAction\",\"target\":{\"@type\":\"EntryPoint\",\"urlTemplate\":\"https:\\\/\\\/www.vallonchene.fr\\\/es\\\/?s={search_term_string}\"},\"query-input\":{\"@type\":\"PropertyValueSpecification\",\"valueRequired\":true,\"valueName\":\"search_term_string\"}}],\"inLanguage\":\"es\"},{\"@type\":\"Organization\",\"@id\":\"https:\\\/\\\/www.vallonchene.fr\\\/es\\\/#organization\",\"name\":\"VALLONCHENE\",\"url\":\"https:\\\/\\\/www.vallonchene.fr\\\/es\\\/\",\"logo\":{\"@type\":\"ImageObject\",\"inLanguage\":\"es\",\"@id\":\"https:\\\/\\\/www.vallonchene.fr\\\/es\\\/#\\\/schema\\\/logo\\\/image\\\/\",\"url\":\"https:\\\/\\\/www.vallonchene.fr\\\/wp-content\\\/uploads\\\/2023\\\/03\\\/Logo-Vallonchene-site-et-R_hauteur_100.png\",\"contentUrl\":\"https:\\\/\\\/www.vallonchene.fr\\\/wp-content\\\/uploads\\\/2023\\\/03\\\/Logo-Vallonchene-site-et-R_hauteur_100.png\",\"width\":221,\"height\":100,\"caption\":\"VALLONCHENE\"},\"image\":{\"@id\":\"https:\\\/\\\/www.vallonchene.fr\\\/es\\\/#\\\/schema\\\/logo\\\/image\\\/\"},\"sameAs\":[\"https:\\\/\\\/www.facebook.com\\\/vallonchene.fr\",\"https:\\\/\\\/www.instagram.com\\\/vallonchene\\\/\",\"https:\\\/\\\/www.pinterest.fr\\\/vallonchene\\\/\"],\"taxID\":\"49454502300017\",\"hasMerchantReturnPolicy\":{\"@type\":\"MerchantReturnPolicy\",\"merchantReturnLink\":\"https:\\\/\\\/www.vallonchene.fr\\\/remboursements_retours\\\/\"}}]}<\/script>\n<meta property=\"og:availability\" content=\"instock\" \/>\n<meta property=\"product:availability\" content=\"instock\" \/>\n<meta property=\"product:retailer_item_id\" content=\"95953\" \/>\n<meta property=\"product:condition\" content=\"new\" \/>\n<!-- \/ Yoast SEO Premium plugin. -->","yoast_head_json":{"title":"FRANGULA alnus 'Aspleniifolia' - Rhamnus Frangula 'Aspleniifolia'","description":"Le FRANGULA alnus 'Aspleniifolia' (syn. RHAMNUS frangula 'Aspleniifolia') est tr\u00e8s d\u00e9coratif par son feuillage vert tr\u00e8s fin qui devient jaune en automne.","robots":{"index":"index","follow":"follow","max-snippet":"max-snippet:-1","max-image-preview":"max-image-preview:large","max-video-preview":"max-video-preview:-1"},"canonical":"https:\/\/www.vallonchene.fr\/es\/producto\/frangula-alnus-aspleniifolia\/","og_locale":"es_ES","og_type":"article","og_title":"FRANGULA alnus 'Aspleniifolia'","og_description":"Le FRANGULA alnus 'Aspleniifolia' (syn. RHAMNUS frangula 'Aspleniifolia') est tr\u00e8s d\u00e9coratif par son feuillage vert tr\u00e8s fin qui devient jaune en automne.","og_url":"https:\/\/www.vallonchene.fr\/es\/producto\/frangula-alnus-aspleniifolia\/","og_site_name":"Vallonch\u00eane","article_publisher":"https:\/\/www.facebook.com\/vallonchene.fr","og_image":[{"width":1000,"height":1000,"url":"https:\/\/www.vallonchene.fr\/wp-content\/uploads\/2023\/09\/FRANGULA-alnus-Fine-Line_01.webp","type":"image\/webp"}],"twitter_card":"summary_large_image","twitter_misc":{"Disponibilidad":"En stock"},"schema":{"@context":"https:\/\/schema.org","@graph":[{"@type":"WebPage","@id":"https:\/\/www.vallonchene.fr\/es\/producto\/frangula-alnus-aspleniifolia\/","url":"https:\/\/www.vallonchene.fr\/es\/producto\/frangula-alnus-aspleniifolia\/","name":"FRANGULA alnus 'Aspleniifolia' - Rhamnus Frangula 'Aspleniifolia'","isPartOf":{"@id":"https:\/\/www.vallonchene.fr\/es\/#website"},"primaryImageOfPage":{"@id":"https:\/\/www.vallonchene.fr\/es\/producto\/frangula-alnus-aspleniifolia\/#primaryimage"},"image":{"@id":"https:\/\/www.vallonchene.fr\/es\/producto\/frangula-alnus-aspleniifolia\/#primaryimage"},"thumbnailUrl":"https:\/\/www.vallonchene.fr\/wp-content\/uploads\/2023\/09\/FRANGULA-alnus-Fine-Line_01.webp","datePublished":"2021-08-31T11:31:47+00:00","description":"Le FRANGULA alnus 'Aspleniifolia' (syn. RHAMNUS frangula 'Aspleniifolia') est tr\u00e8s d\u00e9coratif par son feuillage vert tr\u00e8s fin qui devient jaune en automne.","breadcrumb":{"@id":"https:\/\/www.vallonchene.fr\/es\/producto\/frangula-alnus-aspleniifolia\/#breadcrumb"},"inLanguage":"es","potentialAction":[{"@type":"ReadAction","target":["https:\/\/www.vallonchene.fr\/es\/producto\/frangula-alnus-aspleniifolia\/"]}]},{"@type":"ImageObject","inLanguage":"es","@id":"https:\/\/www.vallonchene.fr\/es\/producto\/frangula-alnus-aspleniifolia\/#primaryimage","url":"https:\/\/www.vallonchene.fr\/wp-content\/uploads\/2023\/09\/FRANGULA-alnus-Fine-Line_01.webp","contentUrl":"https:\/\/www.vallonchene.fr\/wp-content\/uploads\/2023\/09\/FRANGULA-alnus-Fine-Line_01.webp","width":1000,"height":1000,"caption":"Gros plan sur le feuillage vert et fin du FRANGULA alnus 'Aspleniifolia'"},{"@type":"BreadcrumbList","@id":"https:\/\/www.vallonchene.fr\/es\/producto\/frangula-alnus-aspleniifolia\/#breadcrumb","itemListElement":[{"@type":"ListItem","position":1,"name":"Home","item":"https:\/\/www.vallonchene.fr\/es\/"},{"@type":"ListItem","position":2,"name":"Tienda","item":"https:\/\/www.vallonchene.fr\/tienda\/"},{"@type":"ListItem","position":3,"name":"FRANGULA alnus &lsquo;Aspleniifolia&rsquo;"}]},{"@type":"WebSite","@id":"https:\/\/www.vallonchene.fr\/es\/#website","url":"https:\/\/www.vallonchene.fr\/es\/","name":"Vallonch\u00eane","description":"El vivero donde la calidad tiene sus ra\u00edces \u2013 Tel.: +33 (0)2.35.90.02.02","publisher":{"@id":"https:\/\/www.vallonchene.fr\/es\/#organization"},"potentialAction":[{"@type":"SearchAction","target":{"@type":"EntryPoint","urlTemplate":"https:\/\/www.vallonchene.fr\/es\/?s={search_term_string}"},"query-input":{"@type":"PropertyValueSpecification","valueRequired":true,"valueName":"search_term_string"}}],"inLanguage":"es"},{"@type":"Organization","@id":"https:\/\/www.vallonchene.fr\/es\/#organization","name":"VALLONCHENE","url":"https:\/\/www.vallonchene.fr\/es\/","logo":{"@type":"ImageObject","inLanguage":"es","@id":"https:\/\/www.vallonchene.fr\/es\/#\/schema\/logo\/image\/","url":"https:\/\/www.vallonchene.fr\/wp-content\/uploads\/2023\/03\/Logo-Vallonchene-site-et-R_hauteur_100.png","contentUrl":"https:\/\/www.vallonchene.fr\/wp-content\/uploads\/2023\/03\/Logo-Vallonchene-site-et-R_hauteur_100.png","width":221,"height":100,"caption":"VALLONCHENE"},"image":{"@id":"https:\/\/www.vallonchene.fr\/es\/#\/schema\/logo\/image\/"},"sameAs":["https:\/\/www.facebook.com\/vallonchene.fr","https:\/\/www.instagram.com\/vallonchene\/","https:\/\/www.pinterest.fr\/vallonchene\/"],"taxID":"49454502300017","hasMerchantReturnPolicy":{"@type":"MerchantReturnPolicy","merchantReturnLink":"https:\/\/www.vallonchene.fr\/remboursements_retours\/"}}]},"og_availability":"instock","product_availability":"instock","product_retailer_item_id":"95953","product_condition":"new"},"_links":{"self":[{"href":"https:\/\/www.vallonchene.fr\/es\/wp-json\/wp\/v2\/product\/57408","targetHints":{"allow":["GET"]}}],"collection":[{"href":"https:\/\/www.vallonchene.fr\/es\/wp-json\/wp\/v2\/product"}],"about":[{"href":"https:\/\/www.vallonchene.fr\/es\/wp-json\/wp\/v2\/types\/product"}],"replies":[{"embeddable":true,"href":"https:\/\/www.vallonchene.fr\/es\/wp-json\/wp\/v2\/comments?post=57408"}],"wp:featuredmedia":[{"embeddable":true,"href":"https:\/\/www.vallonchene.fr\/es\/wp-json\/wp\/v2\/media\/42789"}],"wp:attachment":[{"href":"https:\/\/www.vallonchene.fr\/es\/wp-json\/wp\/v2\/media?parent=57408"}],"wp:term":[{"taxonomy":"product_brand","embeddable":true,"href":"https:\/\/www.vallonchene.fr\/es\/wp-json\/wp\/v2\/product_brand?post=57408"},{"taxonomy":"product_cat","embeddable":true,"href":"https:\/\/www.vallonchene.fr\/es\/wp-json\/wp\/v2\/product_cat?post=57408"},{"taxonomy":"product_tag","embeddable":true,"href":"https:\/\/www.vallonchene.fr\/es\/wp-json\/wp\/v2\/product_tag?post=57408"}],"curies":[{"name":"wp","href":"https:\/\/api.w.org\/{rel}","templated":true}]}}