{"id":57400,"date":"2021-08-31T11:31:22","date_gmt":"2021-08-31T11:31:22","guid":{"rendered":"https:\/\/www.vallonchene.fr\/produit\/pyrus-salicifolia-pendula-poirier-a-feuilles-de-saule-pleureur\/"},"modified":"2026-03-18T19:59:59","modified_gmt":"2026-03-18T18:59:59","slug":"pyrus-salicifolia-pendula-poirier-a-feuilles-de-saule-pleureur","status":"publish","type":"product","link":"https:\/\/www.vallonchene.fr\/es\/producto\/pyrus-salicifolia-pendula-poirier-a-feuilles-de-saule-pleureur\/","title":{"rendered":"PYRUS salicifolia &#8216;Pendula&#8217; (poirier \u00e0 feuilles de saule pleureur)"},"content":{"rendered":"<p>Le <strong>PYRUS salicifolia &#8216;Pendula&#8217;<\/strong> repr\u00e9sente un <strong>petit arbre pleureur<\/strong> avec des branches franchement retombantes. De ce fait, cette plante assez extraordinaire apporte un <strong>\u00e9l\u00e9ment graphique<\/strong>, m\u00eame en hiver, lorsque le feuillage a disparu.<br \/>\nIl porte le nom vernaculaire de <strong>poirier \u00e0 feuilles de saule<\/strong> puisque ses feuilles sont tr\u00e8s \u00e9troites et relativement longues. Par ailleurs, elles sont d&#8217;un <strong>gris clair<\/strong> et sont rev\u00eatues d&#8217;un l\u00e9ger duvet. Contrairement \u00e0 l&#8217;esp\u00e8ce P. salicifolia, il <strong>pousse bien moins haut<\/strong>.<br \/>\nDe plus, au printemps, ce petit arbre <strong>fleurit abondamment<\/strong>. Ses fleurs sont <strong>blanches<\/strong> et servent de <strong>pollinisateurs<\/strong> pour les poiriers \u00e0 fruits.<br \/>\nDu reste, le P. salicifolia &#8216;Pendula&#8217; dispose d&#8217;un <strong>excellent syst\u00e8me racinaire<\/strong>.<\/p>\n<p>Pour consulter tous nos PYRUS (ornementaux et aussi bien qu&#8217;\u00e0 fruits), <strong><a href=\"https:\/\/www.vallonchene.fr\/?s=pyrus&amp;post_type=product&amp;dgwt_wcas=1&amp;lang=fr&amp;filter_stock_status=instock\">merci de cliquer ici<\/a><\/strong>.<\/p>\n<h2>Comment planter le PYRUS salicifolia &#8216;Pendula&#8217; ?<\/h2>\n<p>Le poirier \u00e0 feuilles de saule pleureur aime le <strong>plein soleil<\/strong> et se satisfait aussi de la <strong>mi-ombre<\/strong>.<br \/>\nD&#8217;ailleurs, il tol\u00e8re <strong>tout type de sol<\/strong> : l\u00e9ger, normal ou lourd, <strong>peu importe le pH<\/strong>.<br \/>\nTaillez-le au mois de mars, si cela s&#8217;av\u00e8re n\u00e9cessaire. Toutefois, cela semble peu probable compte tenu de son petit d\u00e9veloppement.<br \/>\nCette plante <strong>r\u00e9siste extr\u00eamement bien aux s\u00e8cheresses<\/strong>, \u00e0 la chaleur et aux <strong>temp\u00e9ratures inf\u00e9rieures \u00e0 -20\u00b0 C<\/strong>.<\/p>\n<p>Pour une bonne pr\u00e9paration du pot ou du trou de plantation, nous avons con\u00e7u des <a href=\"https:\/\/www.vallonchene.fr\/comment-planter-et-entretenir-des-vegetaux\/\" target=\"_blank\" rel=\"noreferrer noopener\"><strong>instructions sp\u00e9cifiques disponibles ici<\/strong><\/a>. Lisez aussi <a href=\"https:\/\/www.vallonchene.fr\/comment-bien-arroser-le-jardin-et-economiser-leau\/\"><strong>nos astuces comment bien arroser et \u00e9conomiser l\u2019eau ici<\/strong><\/a>.<\/p>\n<h2>Histoire et Origine<\/h2>\n<p>L&#8217;esp\u00e8ce type P. salicifolia se cultive depuis 1780. Elle s&#8217;emploie largement comme plante ornementale dans les jardins. Le PYRUS salicifolia &#8216;Pendula&#8217; apporte alors un v\u00e9ritable plus avec son graphisme retombant.<\/p>\n<p>Le cultivar P. salicifolia &#8216;Pendula&#8217; a re\u00e7u le prestigieux <strong><a href=\"https:\/\/fr.wikipedia.org\/wiki\/Award_of_Garden_Merit\" target=\"_blank\" rel=\"noopener\">Award of Garden Merit<\/a><\/strong> de la RHS (<strong><a href=\"https:\/\/fr.wikipedia.org\/wiki\/Royal_Horticultural_Society\" target=\"_blank\" rel=\"noopener\">Royal Horticultural Society<\/a><\/strong>).<\/p>\n<p>L&#8217;habitat naturel de l&#8217;esp\u00e8ce se situe dans le sud du <strong><a href=\"https:\/\/fr.wikipedia.org\/wiki\/Caucase\" target=\"_blank\" rel=\"noopener\">Caucase<\/a><\/strong>, le nord est de la <strong><a href=\"https:\/\/fr.wikipedia.org\/wiki\/Turquie\" target=\"_blank\" rel=\"noopener\">Turquie<\/a><\/strong> jusqu&#8217;en <strong><a href=\"https:\/\/fr.wikipedia.org\/wiki\/Iran\" target=\"_blank\" rel=\"noopener\">Iran<\/a><\/strong>. Elle y pousse dans des for\u00eats ou des endroits arides \u00e0 des hauteurs allant de 300 \u00e0 1800 m\u00e8tres.<\/p>\n<p>En outre, on utilise P. salicifolia comme porte greffe pour les poiriers \u00e0 fruits puisqu&#8217;elle supporte bien la s\u00e8cheresse et le froid.<\/p>\n<p>&nbsp;<\/p>\n","protected":false},"excerpt":{"rendered":"<p>Ce <strong>poirier<\/strong> est une forme <strong>pleureur<\/strong>. Le feuillage du <strong>PYRUS<\/strong> salicifolia &#8216;Pendula&#8217; est tr\u00e8s d\u00e9coratif par sa couleur argent\u00e9e. Cette plante est totalement rustique.<\/p>\n","protected":false},"featured_media":44595,"comment_status":"open","ping_status":"closed","template":"","meta":[],"product_brand":[],"product_cat":[11499],"product_tag":[12299,13240,13237,13239,13238],"class_list":{"0":"post-57400","1":"product","2":"type-product","3":"status-publish","4":"has-post-thumbnail","6":"product_cat-arbustos-y-arboles","7":"product_tag-pendula-es","8":"product_tag-poirier-pleureur-argente","9":"product_tag-pyrus","10":"product_tag-pyrus-salicifolia","11":"product_tag-pyrus-salicifolia-pendula","12":"pa_99-hauteurapproximativeapres1-2-a-3-m","13":"pa_couleurdelecorce-blanca","14":"pa_couleurdelecorce-gris-es","15":"pa_couleurdesfleurs-blanca","16":"pa_couleurdufeuillage-blanca","17":"pa_exigencesenhumidite-moderadamente-humedo-a-humedo","18":"pa_exigencesenhumidite-promedio","19":"pa_exigencesenhumidite-seco","20":"pa_expositionspossibles-pleno-sol-de-12-a-17-min","21":"pa_expositionspossibles-sombra-parcial-evitar-el-sol-de-12-a-17-horas","22":"pa_hauteurlivree-100-a-125-cm","23":"pa_hauteurlivree-125-a-150-cm-es","24":"pa_hauteurlivree-15-a-20-cm-es","25":"pa_hauteurlivree-150-a-175-cm-es","26":"pa_hauteurlivree-20-a-25-cm-es","27":"pa_hauteurlivree-200-a-250-cm-es","28":"pa_hauteurlivree-25-a-30-cm-es","29":"pa_hauteurlivree-30-a-35-cm-es","30":"pa_hauteurlivree-30-a-40-cm-es","31":"pa_hauteurlivree-40-a-50-cm-es","32":"pa_hauteurlivree-50-a-60-cm-es","33":"pa_hauteurlivree-60-a-80-cm-es","34":"pa_hauteurlivree-80-a-100-cm-es","35":"pa_interetauprintemps-flores","36":"pa_interetauprintemps-follaje","37":"pa_interetenautomne-follaje","38":"pa_interetenete-follaje","39":"pa_naturedufeuillage-caduco","40":"pa_naturesdesolpossibles-ligero","41":"pa_naturesdesolpossibles-normal-es","42":"pa_naturesdesolpossibles-pesado","43":"pa_particularites-habitus","44":"pa_periodedefloraison-primavera","45":"pa_periodedetaille-marzo","46":"pa_phdusolacceptable-acido-menos-de-6_5","47":"pa_phdusolacceptable-calcareo-mas-de-7_5","48":"pa_phdusolacceptable-neutro-entre-6_5-y-7_5","49":"pa_portgraphisme-lloron","50":"pa_resistanceaufroidrusticite-resistente-por-debajo-de-menos-20-c","51":"pa_tailledepot-maceta-de-1-litro","52":"pa_tailledepot-maceta-de-10-litros","53":"pa_tailledepot-maceta-de-12-litros","54":"pa_tailledepot-maceta-de-15-litros","55":"pa_tailledepot-maceta-de-2-litros","56":"pa_tailledepot-maceta-de-20-litros","57":"pa_tailledepot-maceta-de-25-litros","58":"pa_tailledepot-maceta-de-3-litros","59":"pa_tailledepot-maceta-de-4-litros","60":"pa_tailledepot-maceta-de-5-litros","61":"pa_tailledepot-maceta-de-7_5-litros","62":"pa_utilisationpossible-aislado","63":"pa_utilisationpossible-arriate","65":"first","66":"instock","67":"taxable","68":"shipping-taxable","69":"purchasable","70":"product-type-variable","71":"has-default-attributes"},"supplier_id":null,"supplier_sku":"","barcode":null,"atum_controlled":true,"out_stock_date":null,"out_stock_threshold":null,"inheritable":true,"inbound_stock":0,"stock_on_hold":1,"sold_today":0,"sales_last_days":0,"reserved_stock":0,"customer_returns":0,"warehouse_damage":0,"lost_in_post":0,"other_logs":0,"out_stock_days":null,"lost_sales":0,"has_location":false,"update_date":"2026-04-20T07:35:06","atum_locations":[],"atum_stock_status":"instock","restock_status":false,"low_stock_amount":"","sales_update_date":"2026-03-18T18:59:11","calc_backorders":null,"yoast_head":"<!-- This site is optimized with the Yoast SEO Premium plugin v27.4 (Yoast SEO v27.4) - https:\/\/yoast.com\/product\/yoast-seo-premium-wordpress\/ -->\n<title>PYRUS salicifolia &#039;Pendula&#039; - poirier pleureur argent\u00e9<\/title>\n<meta name=\"description\" content=\"Ce poirier est une forme pleureuse. Le feuillage du PYRUS salicifolia &#039;Pendula&#039; est tr\u00e8s d\u00e9coratif par sa couleur argent\u00e9e. Il fleurit blanc au printemps.\" \/>\n<meta name=\"robots\" content=\"index, follow, max-snippet:-1, max-image-preview:large, max-video-preview:-1\" \/>\n<link rel=\"canonical\" href=\"https:\/\/www.vallonchene.fr\/es\/producto\/pyrus-salicifolia-pendula-poirier-a-feuilles-de-saule-pleureur\/\" \/>\n<meta property=\"og:locale\" content=\"es_ES\" \/>\n<meta property=\"og:type\" content=\"article\" \/>\n<meta property=\"og:title\" content=\"PYRUS salicifolia &#039;Pendula&#039; (poirier \u00e0 feuilles de saule pleureur)\" \/>\n<meta property=\"og:description\" content=\"Ce poirier est une forme pleureuse. Le feuillage du PYRUS salicifolia &#039;Pendula&#039; est tr\u00e8s d\u00e9coratif par sa couleur argent\u00e9e. Il fleurit blanc au printemps.\" \/>\n<meta property=\"og:url\" content=\"https:\/\/www.vallonchene.fr\/es\/producto\/pyrus-salicifolia-pendula-poirier-a-feuilles-de-saule-pleureur\/\" \/>\n<meta property=\"og:site_name\" content=\"Vallonch\u00eane\" \/>\n<meta property=\"article:publisher\" content=\"https:\/\/www.facebook.com\/vallonchene.fr\" \/>\n<meta property=\"article:modified_time\" content=\"2026-03-18T18:59:59+00:00\" \/>\n<meta property=\"og:image\" content=\"https:\/\/www.vallonchene.fr\/wp-content\/uploads\/2023\/11\/PYRUS-salicifolia-Pendula.webp\" \/>\n\t<meta property=\"og:image:width\" content=\"1200\" \/>\n\t<meta property=\"og:image:height\" content=\"1200\" \/>\n\t<meta property=\"og:image:type\" content=\"image\/webp\" \/>\n<meta name=\"twitter:card\" content=\"summary_large_image\" \/>\n<meta name=\"twitter:label1\" content=\"Disponibilidad\" \/>\n\t<meta name=\"twitter:data1\" content=\"En stock\" \/>\n<script type=\"application\/ld+json\" class=\"yoast-schema-graph\">{\"@context\":\"https:\\\/\\\/schema.org\",\"@graph\":[{\"@type\":\"WebPage\",\"@id\":\"https:\\\/\\\/www.vallonchene.fr\\\/es\\\/producto\\\/pyrus-salicifolia-pendula-poirier-a-feuilles-de-saule-pleureur\\\/\",\"url\":\"https:\\\/\\\/www.vallonchene.fr\\\/es\\\/producto\\\/pyrus-salicifolia-pendula-poirier-a-feuilles-de-saule-pleureur\\\/\",\"name\":\"PYRUS salicifolia 'Pendula' - poirier pleureur argent\u00e9\",\"isPartOf\":{\"@id\":\"https:\\\/\\\/www.vallonchene.fr\\\/es\\\/#website\"},\"primaryImageOfPage\":{\"@id\":\"https:\\\/\\\/www.vallonchene.fr\\\/es\\\/producto\\\/pyrus-salicifolia-pendula-poirier-a-feuilles-de-saule-pleureur\\\/#primaryimage\"},\"image\":{\"@id\":\"https:\\\/\\\/www.vallonchene.fr\\\/es\\\/producto\\\/pyrus-salicifolia-pendula-poirier-a-feuilles-de-saule-pleureur\\\/#primaryimage\"},\"thumbnailUrl\":\"https:\\\/\\\/www.vallonchene.fr\\\/wp-content\\\/uploads\\\/2023\\\/11\\\/PYRUS-salicifolia-Pendula.webp\",\"datePublished\":\"2021-08-31T11:31:22+00:00\",\"dateModified\":\"2026-03-18T18:59:59+00:00\",\"description\":\"Ce poirier est une forme pleureuse. Le feuillage du PYRUS salicifolia 'Pendula' est tr\u00e8s d\u00e9coratif par sa couleur argent\u00e9e. Il fleurit blanc au printemps.\",\"breadcrumb\":{\"@id\":\"https:\\\/\\\/www.vallonchene.fr\\\/es\\\/producto\\\/pyrus-salicifolia-pendula-poirier-a-feuilles-de-saule-pleureur\\\/#breadcrumb\"},\"inLanguage\":\"es\",\"potentialAction\":[{\"@type\":\"ReadAction\",\"target\":[\"https:\\\/\\\/www.vallonchene.fr\\\/es\\\/producto\\\/pyrus-salicifolia-pendula-poirier-a-feuilles-de-saule-pleureur\\\/\"]}]},{\"@type\":\"ImageObject\",\"inLanguage\":\"es\",\"@id\":\"https:\\\/\\\/www.vallonchene.fr\\\/es\\\/producto\\\/pyrus-salicifolia-pendula-poirier-a-feuilles-de-saule-pleureur\\\/#primaryimage\",\"url\":\"https:\\\/\\\/www.vallonchene.fr\\\/wp-content\\\/uploads\\\/2023\\\/11\\\/PYRUS-salicifolia-Pendula.webp\",\"contentUrl\":\"https:\\\/\\\/www.vallonchene.fr\\\/wp-content\\\/uploads\\\/2023\\\/11\\\/PYRUS-salicifolia-Pendula.webp\",\"width\":1200,\"height\":1200,\"caption\":\"Gros plan sur fleur blanche du PYRUS salicifolia 'Pendula' avec son feuillage gris\"},{\"@type\":\"BreadcrumbList\",\"@id\":\"https:\\\/\\\/www.vallonchene.fr\\\/es\\\/producto\\\/pyrus-salicifolia-pendula-poirier-a-feuilles-de-saule-pleureur\\\/#breadcrumb\",\"itemListElement\":[{\"@type\":\"ListItem\",\"position\":1,\"name\":\"Home\",\"item\":\"https:\\\/\\\/www.vallonchene.fr\\\/es\\\/\"},{\"@type\":\"ListItem\",\"position\":2,\"name\":\"Tienda\",\"item\":\"https:\\\/\\\/www.vallonchene.fr\\\/tienda\\\/\"},{\"@type\":\"ListItem\",\"position\":3,\"name\":\"PYRUS salicifolia &lsquo;Pendula&rsquo; (poirier \u00e0 feuilles de saule pleureur)\"}]},{\"@type\":\"WebSite\",\"@id\":\"https:\\\/\\\/www.vallonchene.fr\\\/es\\\/#website\",\"url\":\"https:\\\/\\\/www.vallonchene.fr\\\/es\\\/\",\"name\":\"Vallonch\u00eane\",\"description\":\"El vivero donde la calidad tiene sus ra\u00edces \u2013 Tel.: +33 (0)2.35.90.02.02\",\"publisher\":{\"@id\":\"https:\\\/\\\/www.vallonchene.fr\\\/es\\\/#organization\"},\"potentialAction\":[{\"@type\":\"SearchAction\",\"target\":{\"@type\":\"EntryPoint\",\"urlTemplate\":\"https:\\\/\\\/www.vallonchene.fr\\\/es\\\/?s={search_term_string}\"},\"query-input\":{\"@type\":\"PropertyValueSpecification\",\"valueRequired\":true,\"valueName\":\"search_term_string\"}}],\"inLanguage\":\"es\"},{\"@type\":\"Organization\",\"@id\":\"https:\\\/\\\/www.vallonchene.fr\\\/es\\\/#organization\",\"name\":\"VALLONCHENE\",\"url\":\"https:\\\/\\\/www.vallonchene.fr\\\/es\\\/\",\"logo\":{\"@type\":\"ImageObject\",\"inLanguage\":\"es\",\"@id\":\"https:\\\/\\\/www.vallonchene.fr\\\/es\\\/#\\\/schema\\\/logo\\\/image\\\/\",\"url\":\"https:\\\/\\\/www.vallonchene.fr\\\/wp-content\\\/uploads\\\/2023\\\/03\\\/Logo-Vallonchene-site-et-R_hauteur_100.png\",\"contentUrl\":\"https:\\\/\\\/www.vallonchene.fr\\\/wp-content\\\/uploads\\\/2023\\\/03\\\/Logo-Vallonchene-site-et-R_hauteur_100.png\",\"width\":221,\"height\":100,\"caption\":\"VALLONCHENE\"},\"image\":{\"@id\":\"https:\\\/\\\/www.vallonchene.fr\\\/es\\\/#\\\/schema\\\/logo\\\/image\\\/\"},\"sameAs\":[\"https:\\\/\\\/www.facebook.com\\\/vallonchene.fr\",\"https:\\\/\\\/www.instagram.com\\\/vallonchene\\\/\",\"https:\\\/\\\/www.pinterest.fr\\\/vallonchene\\\/\"],\"taxID\":\"49454502300017\",\"hasMerchantReturnPolicy\":{\"@type\":\"MerchantReturnPolicy\",\"merchantReturnLink\":\"https:\\\/\\\/www.vallonchene.fr\\\/remboursements_retours\\\/\"}}]}<\/script>\n<meta property=\"og:availability\" content=\"instock\" \/>\n<meta property=\"product:availability\" content=\"instock\" \/>\n<meta property=\"product:retailer_item_id\" content=\"66861\" \/>\n<meta property=\"product:condition\" content=\"new\" \/>\n<!-- \/ Yoast SEO Premium plugin. -->","yoast_head_json":{"title":"PYRUS salicifolia 'Pendula' - poirier pleureur argent\u00e9","description":"Ce poirier est une forme pleureuse. Le feuillage du PYRUS salicifolia 'Pendula' est tr\u00e8s d\u00e9coratif par sa couleur argent\u00e9e. Il fleurit blanc au printemps.","robots":{"index":"index","follow":"follow","max-snippet":"max-snippet:-1","max-image-preview":"max-image-preview:large","max-video-preview":"max-video-preview:-1"},"canonical":"https:\/\/www.vallonchene.fr\/es\/producto\/pyrus-salicifolia-pendula-poirier-a-feuilles-de-saule-pleureur\/","og_locale":"es_ES","og_type":"article","og_title":"PYRUS salicifolia 'Pendula' (poirier \u00e0 feuilles de saule pleureur)","og_description":"Ce poirier est une forme pleureuse. Le feuillage du PYRUS salicifolia 'Pendula' est tr\u00e8s d\u00e9coratif par sa couleur argent\u00e9e. Il fleurit blanc au printemps.","og_url":"https:\/\/www.vallonchene.fr\/es\/producto\/pyrus-salicifolia-pendula-poirier-a-feuilles-de-saule-pleureur\/","og_site_name":"Vallonch\u00eane","article_publisher":"https:\/\/www.facebook.com\/vallonchene.fr","article_modified_time":"2026-03-18T18:59:59+00:00","og_image":[{"width":1200,"height":1200,"url":"https:\/\/www.vallonchene.fr\/wp-content\/uploads\/2023\/11\/PYRUS-salicifolia-Pendula.webp","type":"image\/webp"}],"twitter_card":"summary_large_image","twitter_misc":{"Disponibilidad":"En stock"},"schema":{"@context":"https:\/\/schema.org","@graph":[{"@type":"WebPage","@id":"https:\/\/www.vallonchene.fr\/es\/producto\/pyrus-salicifolia-pendula-poirier-a-feuilles-de-saule-pleureur\/","url":"https:\/\/www.vallonchene.fr\/es\/producto\/pyrus-salicifolia-pendula-poirier-a-feuilles-de-saule-pleureur\/","name":"PYRUS salicifolia 'Pendula' - poirier pleureur argent\u00e9","isPartOf":{"@id":"https:\/\/www.vallonchene.fr\/es\/#website"},"primaryImageOfPage":{"@id":"https:\/\/www.vallonchene.fr\/es\/producto\/pyrus-salicifolia-pendula-poirier-a-feuilles-de-saule-pleureur\/#primaryimage"},"image":{"@id":"https:\/\/www.vallonchene.fr\/es\/producto\/pyrus-salicifolia-pendula-poirier-a-feuilles-de-saule-pleureur\/#primaryimage"},"thumbnailUrl":"https:\/\/www.vallonchene.fr\/wp-content\/uploads\/2023\/11\/PYRUS-salicifolia-Pendula.webp","datePublished":"2021-08-31T11:31:22+00:00","dateModified":"2026-03-18T18:59:59+00:00","description":"Ce poirier est une forme pleureuse. Le feuillage du PYRUS salicifolia 'Pendula' est tr\u00e8s d\u00e9coratif par sa couleur argent\u00e9e. Il fleurit blanc au printemps.","breadcrumb":{"@id":"https:\/\/www.vallonchene.fr\/es\/producto\/pyrus-salicifolia-pendula-poirier-a-feuilles-de-saule-pleureur\/#breadcrumb"},"inLanguage":"es","potentialAction":[{"@type":"ReadAction","target":["https:\/\/www.vallonchene.fr\/es\/producto\/pyrus-salicifolia-pendula-poirier-a-feuilles-de-saule-pleureur\/"]}]},{"@type":"ImageObject","inLanguage":"es","@id":"https:\/\/www.vallonchene.fr\/es\/producto\/pyrus-salicifolia-pendula-poirier-a-feuilles-de-saule-pleureur\/#primaryimage","url":"https:\/\/www.vallonchene.fr\/wp-content\/uploads\/2023\/11\/PYRUS-salicifolia-Pendula.webp","contentUrl":"https:\/\/www.vallonchene.fr\/wp-content\/uploads\/2023\/11\/PYRUS-salicifolia-Pendula.webp","width":1200,"height":1200,"caption":"Gros plan sur fleur blanche du PYRUS salicifolia 'Pendula' avec son feuillage gris"},{"@type":"BreadcrumbList","@id":"https:\/\/www.vallonchene.fr\/es\/producto\/pyrus-salicifolia-pendula-poirier-a-feuilles-de-saule-pleureur\/#breadcrumb","itemListElement":[{"@type":"ListItem","position":1,"name":"Home","item":"https:\/\/www.vallonchene.fr\/es\/"},{"@type":"ListItem","position":2,"name":"Tienda","item":"https:\/\/www.vallonchene.fr\/tienda\/"},{"@type":"ListItem","position":3,"name":"PYRUS salicifolia &lsquo;Pendula&rsquo; (poirier \u00e0 feuilles de saule pleureur)"}]},{"@type":"WebSite","@id":"https:\/\/www.vallonchene.fr\/es\/#website","url":"https:\/\/www.vallonchene.fr\/es\/","name":"Vallonch\u00eane","description":"El vivero donde la calidad tiene sus ra\u00edces \u2013 Tel.: +33 (0)2.35.90.02.02","publisher":{"@id":"https:\/\/www.vallonchene.fr\/es\/#organization"},"potentialAction":[{"@type":"SearchAction","target":{"@type":"EntryPoint","urlTemplate":"https:\/\/www.vallonchene.fr\/es\/?s={search_term_string}"},"query-input":{"@type":"PropertyValueSpecification","valueRequired":true,"valueName":"search_term_string"}}],"inLanguage":"es"},{"@type":"Organization","@id":"https:\/\/www.vallonchene.fr\/es\/#organization","name":"VALLONCHENE","url":"https:\/\/www.vallonchene.fr\/es\/","logo":{"@type":"ImageObject","inLanguage":"es","@id":"https:\/\/www.vallonchene.fr\/es\/#\/schema\/logo\/image\/","url":"https:\/\/www.vallonchene.fr\/wp-content\/uploads\/2023\/03\/Logo-Vallonchene-site-et-R_hauteur_100.png","contentUrl":"https:\/\/www.vallonchene.fr\/wp-content\/uploads\/2023\/03\/Logo-Vallonchene-site-et-R_hauteur_100.png","width":221,"height":100,"caption":"VALLONCHENE"},"image":{"@id":"https:\/\/www.vallonchene.fr\/es\/#\/schema\/logo\/image\/"},"sameAs":["https:\/\/www.facebook.com\/vallonchene.fr","https:\/\/www.instagram.com\/vallonchene\/","https:\/\/www.pinterest.fr\/vallonchene\/"],"taxID":"49454502300017","hasMerchantReturnPolicy":{"@type":"MerchantReturnPolicy","merchantReturnLink":"https:\/\/www.vallonchene.fr\/remboursements_retours\/"}}]},"og_availability":"instock","product_availability":"instock","product_retailer_item_id":"66861","product_condition":"new"},"_links":{"self":[{"href":"https:\/\/www.vallonchene.fr\/es\/wp-json\/wp\/v2\/product\/57400","targetHints":{"allow":["GET"]}}],"collection":[{"href":"https:\/\/www.vallonchene.fr\/es\/wp-json\/wp\/v2\/product"}],"about":[{"href":"https:\/\/www.vallonchene.fr\/es\/wp-json\/wp\/v2\/types\/product"}],"replies":[{"embeddable":true,"href":"https:\/\/www.vallonchene.fr\/es\/wp-json\/wp\/v2\/comments?post=57400"}],"wp:featuredmedia":[{"embeddable":true,"href":"https:\/\/www.vallonchene.fr\/es\/wp-json\/wp\/v2\/media\/44595"}],"wp:attachment":[{"href":"https:\/\/www.vallonchene.fr\/es\/wp-json\/wp\/v2\/media?parent=57400"}],"wp:term":[{"taxonomy":"product_brand","embeddable":true,"href":"https:\/\/www.vallonchene.fr\/es\/wp-json\/wp\/v2\/product_brand?post=57400"},{"taxonomy":"product_cat","embeddable":true,"href":"https:\/\/www.vallonchene.fr\/es\/wp-json\/wp\/v2\/product_cat?post=57400"},{"taxonomy":"product_tag","embeddable":true,"href":"https:\/\/www.vallonchene.fr\/es\/wp-json\/wp\/v2\/product_tag?post=57400"}],"curies":[{"name":"wp","href":"https:\/\/api.w.org\/{rel}","templated":true}]}}