{"id":57387,"date":"2021-08-31T11:36:27","date_gmt":"2021-08-31T11:36:27","guid":{"rendered":"https:\/\/www.vallonchene.fr\/produit\/sciadopitys-verticillata\/"},"modified":"2026-03-04T15:40:46","modified_gmt":"2026-03-04T14:40:46","slug":"sciadopitys-verticillata","status":"publish","type":"product","link":"https:\/\/www.vallonchene.fr\/es\/producto\/sciadopitys-verticillata\/","title":{"rendered":"SCIADOPITYS verticillata"},"content":{"rendered":"<p>La Planta<\/p>\n<p>La <em>SCIADOPITYS verticillata<\/em> representa una planta bot\u00e1nicamente aislada y visualmente ineludible. Tambi\u00e9n llamado <em>pino sombrilla de Jap\u00f3n<\/em>, est\u00e1 \u00edntimamente ligada a la cultura nipona. Este con\u00edfero constituye tanto la \u00fanica especie de su g\u00e9nero como el \u00fanico g\u00e9nero en su familia. Se clasifica entre las plantas \u00fanicas y las reliquias bot\u00e1nicas con su linaje rastreado a hace m\u00e1s de 230 millones de a\u00f1os.<\/p>\n<p>En efecto, sus hojas muy estrechas, largas y gruesas recuerdan a un pino. Sin embargo, no son agujas y no pinchan. Las hojas se agrupan alrededor de las ramas como se ve en la familia de los pinos. El follaje muestra un color de un verde intenso y ligeramente brillante. Finalmente, todo esto le confiere una apariencia bastante ex\u00f3tica.<\/p>\n<p>Adem\u00e1s, el pino sombrilla de Jap\u00f3n crece naturalmente en forma muy c\u00f3nica. Aporta entonces un elemento de estructura importante al jard\u00edn.<\/p>\n<p>Luego, su altura en Europa es muy reducida (solo unos pocos metros) en la edad adulta. Crece muy lentamente, lo que reduce considerablemente su tama\u00f1o final. Mientras que en su h\u00e1bitat natural, alcanza los 40 metros.<\/p>\n<p>Finalmente, esta planta excepcional resiste muy bien a los grandes fr\u00edos. De hecho, ha sobrevivido a temperaturas por debajo de -22 \u00b0C en el <strong><a href=\"https:\/\/jardin.vallonchene.fr\/es\/\">Jardin de Vallonch\u00eane<\/a><\/strong>.<\/p>\n<h2>Historia y Origen<\/h2>\n<p>La <em>SCIADOPITYS verticillata<\/em> se describe a menudo como un con\u00edfero prehist\u00f3rico, tal como lo atestiguan los f\u00f3siles que datan del per\u00edodo tri\u00e1sico. En realidad, es un f\u00f3sil viviente.<\/p>\n<p>Adem\u00e1s, dado su morfolog\u00eda tan particular, los bot\u00e1nicos encontraban muchas dificultades para clasificarlo entre los con\u00edferos. Se encuentra ahora solo en su familia.<\/p>\n<p>Este con\u00edfero crece en Jap\u00f3n \u00fanicamente en una zona absolutamente restringida. Est\u00e1 compuesta solo por un pu\u00f1ado de regiones monta\u00f1osas tales como Honshu, Shikoku y Kyushu. Crece all\u00ed en altitudes de 500 a 1000 metros bastante h\u00famedas y lluviosas.<\/p>\n<p>Las poblaciones se reducen a grupos de unos pocos cientos. La tala y el cambio en el uso de la tierra son responsables de eso.<\/p>\n<p>En Jap\u00f3n, se le llama <em>k\u014dyamaki<\/em> y se le vincula a <em>K\u014dyasan<\/em>, el complejo de monta\u00f1as del budismo Shingon.<\/p>\n<p>Adem\u00e1s, su madera se utiliz\u00f3 para la fabricaci\u00f3n de objetos rituales y la construcci\u00f3n de templos por su durabilidad y su perfume.<\/p>\n<p>Aparece en el dise\u00f1o cl\u00e1sico de los jardines japoneses como un s\u00edmbolo de longevidad y pureza.<\/p>\n<h2>\u00bfC\u00f3mo plantar y cuidar la SCIADOPITYS verticillata?<\/h2>\n<h3>La Plantaci\u00f3n<\/h3>\n<p>Para lograr bien el enraizamiento del pino sombrilla de Jap\u00f3n en su jard\u00edn, considere los siguientes puntos:<\/p>\n<ol>\n<li>Elija un lugar a media sombra o a pleno sol.<\/li>\n<li>El lugar debe ser fresco a h\u00famedo o medianamente h\u00famedo.<\/li>\n<li>Le gusta una tierra ligera o normal con un pH \u00e1cido o neutro.<\/li>\n<li>Para una buena preparaci\u00f3n del hoyo de plantaci\u00f3n, hemos dise\u00f1ado <a href=\"https:\/\/www.vallonchene.fr\/comment-planter-et-entretenir-des-vegetaux\/comment-planter-et-entretenir-arbres-arbustes-et-coniferes\/\" target=\"_blank\" rel=\"noreferrer noopener\"><strong>instrucciones espec\u00edficas disponibles aqu\u00ed.<\/strong><\/a<\/li>\n<\/ol>\n<h3>El Cuidado<\/h3>\n<p>Como para toda planta reci\u00e9n plantada, siga el riego los dos primeros a\u00f1os y m\u00e1s particularmente durante los per\u00edodos secos. Lea tambi\u00e9n <a href=\"https:\/\/www.vallonchene.fr\/comment-bien-arroser-le-jardin-et-economiser-leau\/\"><strong>nuestros consejos sobre c\u00f3mo regar bien y ahorrar agua aqu\u00ed<\/strong><\/a>.<\/p>\n<p>Honestamente, esta planta no necesita ning\u00fan mantenimiento particular. Este con\u00edfero se basta a s\u00ed mismo. Si desea podarlo, h\u00e1galo en marzo antes del nuevo brote.<\/p>\n<p>&nbsp;<\/p>\n","protected":false},"excerpt":{"rendered":"<p>Este <strong>pino sombrilla de Jap\u00f3n<\/strong> es la especie tipo. La <STRONG>SCIADOPITYS verticillata<\/STRONG> tiene un hermoso follaje verde brillante y un crecimiento muy regular en forma de cono. Es perfectamente resistente y adecuado para peque\u00f1os jardines. Aporta un ambiente ex\u00f3tico.<\/p>\n","protected":false},"featured_media":57954,"comment_status":"open","ping_status":"closed","template":"","meta":[],"product_brand":[],"product_cat":[11502],"product_tag":[12104],"class_list":{"0":"post-57387","1":"product","2":"type-product","3":"status-publish","4":"has-post-thumbnail","6":"product_cat-coniferas","7":"product_tag-sciadopitys-verticillata-es","8":"pa_99-hauteurapproximativeapres1-1_00-a-1_50-m","9":"pa_couleurdufeuillage-verde","10":"pa_exigencesenhumidite-moderadamente-humedo-a-humedo","11":"pa_exigencesenhumidite-promedio","12":"pa_exigencesenhumidite-seco","13":"pa_expositionspossibles-pleno-sol-de-12-a-17-min","14":"pa_expositionspossibles-sombra-parcial-evitar-el-sol-de-12-a-17-horas","15":"pa_hauteurlivree-30-a-40-cm-es","16":"pa_hauteurlivree-40-a-50-cm-es","17":"pa_hauteurlivree-40-a-60-cm-es","18":"pa_hauteurlivree-50-a-60-cm-es","19":"pa_hauteurlivree-60-a-80-cm-es","20":"pa_hauteurlivree-80-a-100-cm-es","21":"pa_interetauprintemps-brotes-jovenes","22":"pa_interetauprintemps-follaje","23":"pa_interetauprintemps-habitus","24":"pa_interetenautomne-follaje","25":"pa_interetenautomne-habitus","26":"pa_interetenete-follaje","27":"pa_interetenete-habitus","28":"pa_interetenhiver-follaje","29":"pa_interetenhiver-habitus","30":"pa_naturedufeuillage-siempreverde","31":"pa_naturesdesolpossibles-ligero","32":"pa_naturesdesolpossibles-normal-es","33":"pa_particularites-habitus","34":"pa_periodedetaille-marzo","35":"pa_phdusolacceptable-acido-menos-de-6_5","36":"pa_phdusolacceptable-neutro-entre-6_5-y-7_5","37":"pa_portgraphisme-conico","38":"pa_resistanceaufroidrusticite-resistente-por-debajo-de-menos-20-c","39":"pa_tailledepot-maceta-de-10-litros","40":"pa_tailledepot-maceta-de-3-litros","41":"pa_utilisationpossible-aislado","42":"pa_utilisationpossible-arriate","43":"pa_utilisationpossible-contenedor-o-olla","45":"first","46":"instock","47":"taxable","48":"shipping-taxable","49":"purchasable","50":"product-type-variable"},"supplier_id":null,"supplier_sku":"","barcode":null,"atum_controlled":true,"out_stock_date":null,"out_stock_threshold":null,"inheritable":true,"inbound_stock":0,"stock_on_hold":0,"sold_today":0,"sales_last_days":0,"reserved_stock":0,"customer_returns":null,"warehouse_damage":null,"lost_in_post":null,"other_logs":null,"out_stock_days":null,"lost_sales":0,"has_location":false,"update_date":"2026-04-12T15:04:14","atum_locations":[],"atum_stock_status":"instock","restock_status":false,"low_stock_amount":"","sales_update_date":null,"calc_backorders":null,"yoast_head":"<!-- This site is optimized with the Yoast SEO Premium plugin v27.4 (Yoast SEO v27.4) - https:\/\/yoast.com\/product\/yoast-seo-premium-wordpress\/ -->\n<title>SCIADOPITYS verticillata - pino sombrilla de Jap\u00f3n<\/title>\n<meta name=\"description\" content=\"Este pino sombrilla de Jap\u00f3n es la especie tipo. La SCIADOPITYS verticillata tiene un hermoso follaje verde brillante y un crecimiento muy regular en forma de cono.\" \/>\n<meta name=\"robots\" content=\"index, follow, max-snippet:-1, max-image-preview:large, max-video-preview:-1\" \/>\n<link rel=\"canonical\" href=\"https:\/\/www.vallonchene.fr\/es\/producto\/sciadopitys-verticillata\/\" \/>\n<meta property=\"og:locale\" content=\"es_ES\" \/>\n<meta property=\"og:type\" content=\"article\" \/>\n<meta property=\"og:title\" content=\"SCIADOPITYS verticillata\" \/>\n<meta property=\"og:description\" content=\"Este pino sombrilla de Jap\u00f3n es la especie tipo. La SCIADOPITYS verticillata tiene un hermoso follaje verde brillante y un crecimiento muy regular en forma de cono.\" \/>\n<meta property=\"og:url\" content=\"https:\/\/www.vallonchene.fr\/es\/producto\/sciadopitys-verticillata\/\" \/>\n<meta property=\"og:site_name\" content=\"Vallonch\u00eane\" \/>\n<meta property=\"article:publisher\" content=\"https:\/\/www.facebook.com\/vallonchene.fr\" \/>\n<meta property=\"article:modified_time\" content=\"2026-03-04T14:40:46+00:00\" \/>\n<meta property=\"og:image\" content=\"https:\/\/www.vallonchene.fr\/wp-content\/uploads\/2021\/08\/3536-15d-SCIADOPITYS-verticillata-en-Novembre.jpg\" \/>\n\t<meta property=\"og:image:width\" content=\"1600\" \/>\n\t<meta property=\"og:image:height\" content=\"1600\" \/>\n\t<meta property=\"og:image:type\" content=\"image\/jpeg\" \/>\n<meta name=\"twitter:card\" content=\"summary_large_image\" \/>\n<meta name=\"twitter:label1\" content=\"Disponibilidad\" \/>\n\t<meta name=\"twitter:data1\" content=\"En stock\" \/>\n<script type=\"application\/ld+json\" class=\"yoast-schema-graph\">{\"@context\":\"https:\\\/\\\/schema.org\",\"@graph\":[{\"@type\":\"WebPage\",\"@id\":\"https:\\\/\\\/www.vallonchene.fr\\\/es\\\/producto\\\/sciadopitys-verticillata\\\/\",\"url\":\"https:\\\/\\\/www.vallonchene.fr\\\/es\\\/producto\\\/sciadopitys-verticillata\\\/\",\"name\":\"SCIADOPITYS verticillata - pino sombrilla de Jap\u00f3n\",\"isPartOf\":{\"@id\":\"https:\\\/\\\/www.vallonchene.fr\\\/es\\\/#website\"},\"primaryImageOfPage\":{\"@id\":\"https:\\\/\\\/www.vallonchene.fr\\\/es\\\/producto\\\/sciadopitys-verticillata\\\/#primaryimage\"},\"image\":{\"@id\":\"https:\\\/\\\/www.vallonchene.fr\\\/es\\\/producto\\\/sciadopitys-verticillata\\\/#primaryimage\"},\"thumbnailUrl\":\"https:\\\/\\\/www.vallonchene.fr\\\/wp-content\\\/uploads\\\/2026\\\/03\\\/SCIADOPITYS-verticillata_01.webp\",\"datePublished\":\"2021-08-31T11:36:27+00:00\",\"dateModified\":\"2026-03-04T14:40:46+00:00\",\"description\":\"Este pino sombrilla de Jap\u00f3n es la especie tipo. La SCIADOPITYS verticillata tiene un hermoso follaje verde brillante y un crecimiento muy regular en forma de cono.\",\"breadcrumb\":{\"@id\":\"https:\\\/\\\/www.vallonchene.fr\\\/es\\\/producto\\\/sciadopitys-verticillata\\\/#breadcrumb\"},\"inLanguage\":\"es\",\"potentialAction\":[{\"@type\":\"ReadAction\",\"target\":[\"https:\\\/\\\/www.vallonchene.fr\\\/es\\\/producto\\\/sciadopitys-verticillata\\\/\"]}]},{\"@type\":\"ImageObject\",\"inLanguage\":\"es\",\"@id\":\"https:\\\/\\\/www.vallonchene.fr\\\/es\\\/producto\\\/sciadopitys-verticillata\\\/#primaryimage\",\"url\":\"https:\\\/\\\/www.vallonchene.fr\\\/wp-content\\\/uploads\\\/2026\\\/03\\\/SCIADOPITYS-verticillata_01.webp\",\"contentUrl\":\"https:\\\/\\\/www.vallonchene.fr\\\/wp-content\\\/uploads\\\/2026\\\/03\\\/SCIADOPITYS-verticillata_01.webp\",\"width\":1000,\"height\":1000,\"caption\":\"Primer plano del follaje verde intenso de SCIADOPITYS verticillata, que deja ver la madera de color cobrizo\"},{\"@type\":\"BreadcrumbList\",\"@id\":\"https:\\\/\\\/www.vallonchene.fr\\\/es\\\/producto\\\/sciadopitys-verticillata\\\/#breadcrumb\",\"itemListElement\":[{\"@type\":\"ListItem\",\"position\":1,\"name\":\"Home\",\"item\":\"https:\\\/\\\/www.vallonchene.fr\\\/es\\\/\"},{\"@type\":\"ListItem\",\"position\":2,\"name\":\"Tienda\",\"item\":\"https:\\\/\\\/www.vallonchene.fr\\\/tienda\\\/\"},{\"@type\":\"ListItem\",\"position\":3,\"name\":\"Venta en linea\",\"item\":\"https:\\\/\\\/www.vallonchene.fr\\\/es\\\/categoria-producto\\\/venta-en-linea\\\/\"},{\"@type\":\"ListItem\",\"position\":4,\"name\":\"Vivero\",\"item\":\"https:\\\/\\\/www.vallonchene.fr\\\/es\\\/categoria-producto\\\/venta-en-linea\\\/vivero\\\/\"},{\"@type\":\"ListItem\",\"position\":5,\"name\":\"Coniferas\",\"item\":\"https:\\\/\\\/www.vallonchene.fr\\\/es\\\/categoria-producto\\\/venta-en-linea\\\/vivero\\\/coniferas\\\/\"},{\"@type\":\"ListItem\",\"position\":6,\"name\":\"SCIADOPITYS verticillata\"}]},{\"@type\":\"WebSite\",\"@id\":\"https:\\\/\\\/www.vallonchene.fr\\\/es\\\/#website\",\"url\":\"https:\\\/\\\/www.vallonchene.fr\\\/es\\\/\",\"name\":\"Vallonch\u00eane\",\"description\":\"El vivero donde la calidad tiene sus ra\u00edces \u2013 Tel.: +33 (0)2.35.90.02.02\",\"publisher\":{\"@id\":\"https:\\\/\\\/www.vallonchene.fr\\\/es\\\/#organization\"},\"potentialAction\":[{\"@type\":\"SearchAction\",\"target\":{\"@type\":\"EntryPoint\",\"urlTemplate\":\"https:\\\/\\\/www.vallonchene.fr\\\/es\\\/?s={search_term_string}\"},\"query-input\":{\"@type\":\"PropertyValueSpecification\",\"valueRequired\":true,\"valueName\":\"search_term_string\"}}],\"inLanguage\":\"es\"},{\"@type\":\"Organization\",\"@id\":\"https:\\\/\\\/www.vallonchene.fr\\\/es\\\/#organization\",\"name\":\"VALLONCHENE\",\"url\":\"https:\\\/\\\/www.vallonchene.fr\\\/es\\\/\",\"logo\":{\"@type\":\"ImageObject\",\"inLanguage\":\"es\",\"@id\":\"https:\\\/\\\/www.vallonchene.fr\\\/es\\\/#\\\/schema\\\/logo\\\/image\\\/\",\"url\":\"https:\\\/\\\/www.vallonchene.fr\\\/wp-content\\\/uploads\\\/2023\\\/03\\\/Logo-Vallonchene-site-et-R_hauteur_100.png\",\"contentUrl\":\"https:\\\/\\\/www.vallonchene.fr\\\/wp-content\\\/uploads\\\/2023\\\/03\\\/Logo-Vallonchene-site-et-R_hauteur_100.png\",\"width\":221,\"height\":100,\"caption\":\"VALLONCHENE\"},\"image\":{\"@id\":\"https:\\\/\\\/www.vallonchene.fr\\\/es\\\/#\\\/schema\\\/logo\\\/image\\\/\"},\"sameAs\":[\"https:\\\/\\\/www.facebook.com\\\/vallonchene.fr\",\"https:\\\/\\\/www.instagram.com\\\/vallonchene\\\/\",\"https:\\\/\\\/www.pinterest.fr\\\/vallonchene\\\/\"],\"taxID\":\"49454502300017\",\"hasMerchantReturnPolicy\":{\"@type\":\"MerchantReturnPolicy\",\"merchantReturnLink\":\"https:\\\/\\\/www.vallonchene.fr\\\/remboursements_retours\\\/\"}}]}<\/script>\n<meta property=\"og:availability\" content=\"instock\" \/>\n<meta property=\"product:availability\" content=\"instock\" \/>\n<meta property=\"product:retailer_item_id\" content=\"26772\" \/>\n<meta property=\"product:condition\" content=\"new\" \/>\n<!-- \/ Yoast SEO Premium plugin. -->","yoast_head_json":{"title":"SCIADOPITYS verticillata - pino sombrilla de Jap\u00f3n","description":"Este pino sombrilla de Jap\u00f3n es la especie tipo. La SCIADOPITYS verticillata tiene un hermoso follaje verde brillante y un crecimiento muy regular en forma de cono.","robots":{"index":"index","follow":"follow","max-snippet":"max-snippet:-1","max-image-preview":"max-image-preview:large","max-video-preview":"max-video-preview:-1"},"canonical":"https:\/\/www.vallonchene.fr\/es\/producto\/sciadopitys-verticillata\/","og_locale":"es_ES","og_type":"article","og_title":"SCIADOPITYS verticillata","og_description":"Este pino sombrilla de Jap\u00f3n es la especie tipo. La SCIADOPITYS verticillata tiene un hermoso follaje verde brillante y un crecimiento muy regular en forma de cono.","og_url":"https:\/\/www.vallonchene.fr\/es\/producto\/sciadopitys-verticillata\/","og_site_name":"Vallonch\u00eane","article_publisher":"https:\/\/www.facebook.com\/vallonchene.fr","article_modified_time":"2026-03-04T14:40:46+00:00","og_image":[{"width":1600,"height":1600,"url":"https:\/\/www.vallonchene.fr\/wp-content\/uploads\/2021\/08\/3536-15d-SCIADOPITYS-verticillata-en-Novembre.jpg","type":"image\/jpeg"}],"twitter_card":"summary_large_image","twitter_misc":{"Disponibilidad":"En stock"},"schema":{"@context":"https:\/\/schema.org","@graph":[{"@type":"WebPage","@id":"https:\/\/www.vallonchene.fr\/es\/producto\/sciadopitys-verticillata\/","url":"https:\/\/www.vallonchene.fr\/es\/producto\/sciadopitys-verticillata\/","name":"SCIADOPITYS verticillata - pino sombrilla de Jap\u00f3n","isPartOf":{"@id":"https:\/\/www.vallonchene.fr\/es\/#website"},"primaryImageOfPage":{"@id":"https:\/\/www.vallonchene.fr\/es\/producto\/sciadopitys-verticillata\/#primaryimage"},"image":{"@id":"https:\/\/www.vallonchene.fr\/es\/producto\/sciadopitys-verticillata\/#primaryimage"},"thumbnailUrl":"https:\/\/www.vallonchene.fr\/wp-content\/uploads\/2026\/03\/SCIADOPITYS-verticillata_01.webp","datePublished":"2021-08-31T11:36:27+00:00","dateModified":"2026-03-04T14:40:46+00:00","description":"Este pino sombrilla de Jap\u00f3n es la especie tipo. La SCIADOPITYS verticillata tiene un hermoso follaje verde brillante y un crecimiento muy regular en forma de cono.","breadcrumb":{"@id":"https:\/\/www.vallonchene.fr\/es\/producto\/sciadopitys-verticillata\/#breadcrumb"},"inLanguage":"es","potentialAction":[{"@type":"ReadAction","target":["https:\/\/www.vallonchene.fr\/es\/producto\/sciadopitys-verticillata\/"]}]},{"@type":"ImageObject","inLanguage":"es","@id":"https:\/\/www.vallonchene.fr\/es\/producto\/sciadopitys-verticillata\/#primaryimage","url":"https:\/\/www.vallonchene.fr\/wp-content\/uploads\/2026\/03\/SCIADOPITYS-verticillata_01.webp","contentUrl":"https:\/\/www.vallonchene.fr\/wp-content\/uploads\/2026\/03\/SCIADOPITYS-verticillata_01.webp","width":1000,"height":1000,"caption":"Primer plano del follaje verde intenso de SCIADOPITYS verticillata, que deja ver la madera de color cobrizo"},{"@type":"BreadcrumbList","@id":"https:\/\/www.vallonchene.fr\/es\/producto\/sciadopitys-verticillata\/#breadcrumb","itemListElement":[{"@type":"ListItem","position":1,"name":"Home","item":"https:\/\/www.vallonchene.fr\/es\/"},{"@type":"ListItem","position":2,"name":"Tienda","item":"https:\/\/www.vallonchene.fr\/tienda\/"},{"@type":"ListItem","position":3,"name":"Venta en linea","item":"https:\/\/www.vallonchene.fr\/es\/categoria-producto\/venta-en-linea\/"},{"@type":"ListItem","position":4,"name":"Vivero","item":"https:\/\/www.vallonchene.fr\/es\/categoria-producto\/venta-en-linea\/vivero\/"},{"@type":"ListItem","position":5,"name":"Coniferas","item":"https:\/\/www.vallonchene.fr\/es\/categoria-producto\/venta-en-linea\/vivero\/coniferas\/"},{"@type":"ListItem","position":6,"name":"SCIADOPITYS verticillata"}]},{"@type":"WebSite","@id":"https:\/\/www.vallonchene.fr\/es\/#website","url":"https:\/\/www.vallonchene.fr\/es\/","name":"Vallonch\u00eane","description":"El vivero donde la calidad tiene sus ra\u00edces \u2013 Tel.: +33 (0)2.35.90.02.02","publisher":{"@id":"https:\/\/www.vallonchene.fr\/es\/#organization"},"potentialAction":[{"@type":"SearchAction","target":{"@type":"EntryPoint","urlTemplate":"https:\/\/www.vallonchene.fr\/es\/?s={search_term_string}"},"query-input":{"@type":"PropertyValueSpecification","valueRequired":true,"valueName":"search_term_string"}}],"inLanguage":"es"},{"@type":"Organization","@id":"https:\/\/www.vallonchene.fr\/es\/#organization","name":"VALLONCHENE","url":"https:\/\/www.vallonchene.fr\/es\/","logo":{"@type":"ImageObject","inLanguage":"es","@id":"https:\/\/www.vallonchene.fr\/es\/#\/schema\/logo\/image\/","url":"https:\/\/www.vallonchene.fr\/wp-content\/uploads\/2023\/03\/Logo-Vallonchene-site-et-R_hauteur_100.png","contentUrl":"https:\/\/www.vallonchene.fr\/wp-content\/uploads\/2023\/03\/Logo-Vallonchene-site-et-R_hauteur_100.png","width":221,"height":100,"caption":"VALLONCHENE"},"image":{"@id":"https:\/\/www.vallonchene.fr\/es\/#\/schema\/logo\/image\/"},"sameAs":["https:\/\/www.facebook.com\/vallonchene.fr","https:\/\/www.instagram.com\/vallonchene\/","https:\/\/www.pinterest.fr\/vallonchene\/"],"taxID":"49454502300017","hasMerchantReturnPolicy":{"@type":"MerchantReturnPolicy","merchantReturnLink":"https:\/\/www.vallonchene.fr\/remboursements_retours\/"}}]},"og_availability":"instock","product_availability":"instock","product_retailer_item_id":"26772","product_condition":"new"},"_links":{"self":[{"href":"https:\/\/www.vallonchene.fr\/es\/wp-json\/wp\/v2\/product\/57387","targetHints":{"allow":["GET"]}}],"collection":[{"href":"https:\/\/www.vallonchene.fr\/es\/wp-json\/wp\/v2\/product"}],"about":[{"href":"https:\/\/www.vallonchene.fr\/es\/wp-json\/wp\/v2\/types\/product"}],"replies":[{"embeddable":true,"href":"https:\/\/www.vallonchene.fr\/es\/wp-json\/wp\/v2\/comments?post=57387"}],"wp:featuredmedia":[{"embeddable":true,"href":"https:\/\/www.vallonchene.fr\/es\/wp-json\/wp\/v2\/media\/57954"}],"wp:attachment":[{"href":"https:\/\/www.vallonchene.fr\/es\/wp-json\/wp\/v2\/media?parent=57387"}],"wp:term":[{"taxonomy":"product_brand","embeddable":true,"href":"https:\/\/www.vallonchene.fr\/es\/wp-json\/wp\/v2\/product_brand?post=57387"},{"taxonomy":"product_cat","embeddable":true,"href":"https:\/\/www.vallonchene.fr\/es\/wp-json\/wp\/v2\/product_cat?post=57387"},{"taxonomy":"product_tag","embeddable":true,"href":"https:\/\/www.vallonchene.fr\/es\/wp-json\/wp\/v2\/product_tag?post=57387"}],"curies":[{"name":"wp","href":"https:\/\/api.w.org\/{rel}","templated":true}]}}