{"id":57346,"date":"2021-08-31T11:37:37","date_gmt":"2021-08-31T09:37:37","guid":{"rendered":"https:\/\/www.vallonchene.fr\/produit\/sequoiadendron-giganteum-glaucum-secuoya-gigante\/"},"modified":"2026-02-21T14:26:02","modified_gmt":"2026-02-21T13:26:02","slug":"sequoiadendron-giganteum-glaucum-secuoya-gigante","status":"publish","type":"product","link":"https:\/\/www.vallonchene.fr\/es\/producto\/sequoiadendron-giganteum-glaucum-secuoya-gigante\/","title":{"rendered":"SEQUOIADENDRON giganteum &#8216;Glaucum&#8217; (secuoya gigante glauca)"},"content":{"rendered":"<p>Esta <strong>secuoya gigante<\/strong> es la variante de follaje azul de la especie tipo. El <strong>SEQUOIADENDRON giganteum &#8216;Glaucum&#8217;<\/strong> crece m\u00e1s lentamente que \u00e9sta. Como todas las secuoyas gigantes, tiene un excelente sistema radicular que le permite resistir f\u00e1cilmente a las tormentas. Este con\u00edfero crece en forma c\u00f3nica durante los primeros 20 a\u00f1os para luego desarrollarse en columna. A pesar del adjetivo \u00abgigante\u00bb en su nombre, no ocupa mucho espacio en un jard\u00edn y tambi\u00e9n puede plantarse en jardines de tama\u00f1o medio.<\/p>\n","protected":false},"excerpt":{"rendered":"<p>Esta <strong>secuoya gigante<\/strong> es una forma de desarrollo reducido. El <strong>SEQUOIADENDRON giganteum &#8216;Glaucum&#8217;<\/strong> tiene un follaje azulado y un h\u00e1bito c\u00f3nico a columnar. Tiene un excelente enraizamiento y es resistente a las tormentas. Es r\u00fastico.<\/p>\n","protected":false},"featured_media":57347,"comment_status":"open","ping_status":"closed","template":"","meta":[],"product_brand":[],"product_cat":[11502],"product_tag":[13206,13204,12114,12113,13205],"class_list":{"0":"post-57346","1":"product","2":"type-product","3":"status-publish","4":"has-post-thumbnail","6":"product_cat-coniferas","7":"product_tag-glaucum","8":"product_tag-secuoya-gigante","9":"product_tag-sequoiadendron-es","10":"product_tag-sequoiadendron-giganteum-es","11":"product_tag-sequoiadendron-giganteum-glaucum","12":"pa_99-hauteurapproximativeapres1-3-a-5-m","13":"pa_couleurdufeuillage-azul","14":"pa_exigencesenhumidite-moderadamente-humedo-a-humedo","15":"pa_exigencesenhumidite-mojado","16":"pa_exigencesenhumidite-promedio","17":"pa_exigencesenhumidite-seco","18":"pa_expositionspossibles-pleno-sol-de-12-a-17-min","19":"pa_expositionspossibles-sombra-parcial-evitar-el-sol-de-12-a-17-horas","20":"pa_hauteurlivree-100-a-125-cm","21":"pa_hauteurlivree-125-a-150-cm-es","22":"pa_hauteurlivree-150-a-175-cm-es","23":"pa_hauteurlivree-175-a-200-cm-es","24":"pa_hauteurlivree-25-a-30-cm-es","25":"pa_hauteurlivree-30-a-40-cm-es","26":"pa_hauteurlivree-300-a-350-cm-es","27":"pa_hauteurlivree-40-a-50-cm-es","28":"pa_hauteurlivree-40-a-60-cm-es","29":"pa_hauteurlivree-50-a-60-cm-es","30":"pa_hauteurlivree-60-a-80-cm-es","31":"pa_hauteurlivree-70-a-80-cm-es","32":"pa_hauteurlivree-80-a-100-cm-es","33":"pa_interetauprintemps-follaje","34":"pa_interetauprintemps-habitus","35":"pa_interetenautomne-follaje","36":"pa_interetenautomne-habitus","37":"pa_interetenete-follaje","38":"pa_interetenete-habitus","39":"pa_interetenhiver-follaje","40":"pa_interetenhiver-habitus","41":"pa_naturedufeuillage-siempreverde","42":"pa_naturesdesolpossibles-ligero","43":"pa_naturesdesolpossibles-muy-pesado","44":"pa_naturesdesolpossibles-normal-es","45":"pa_naturesdesolpossibles-pesado","46":"pa_particularites-habitus","47":"pa_periodedetaille-febrero","48":"pa_periodedetaille-marzo","49":"pa_phdusolacceptable-acido-menos-de-6_5","50":"pa_phdusolacceptable-calcareo-mas-de-7_5","51":"pa_phdusolacceptable-neutro-entre-6_5-y-7_5","52":"pa_portgraphisme-conico","53":"pa_portgraphisme-fastigiado","54":"pa_resistanceaufroidrusticite-resistente-por-debajo-de-menos-20-c","55":"pa_tailledepot-maceta-de-1-litro","56":"pa_tailledepot-maceta-de-10-litros","57":"pa_tailledepot-maceta-de-15-litros","58":"pa_tailledepot-maceta-de-2-litros","59":"pa_tailledepot-maceta-de-3-litros","60":"pa_tailledepot-maceta-de-30-litros","61":"pa_tailledepot-maceta-de-4-litros","62":"pa_tailledepot-maceta-de-5-litros","63":"pa_tailledepot-maceta-de-7_5-litros","64":"pa_utilisationpossible-aislado","65":"pa_utilisationpossible-arriate","67":"first","68":"instock","69":"taxable","70":"shipping-taxable","71":"purchasable","72":"product-type-variable","73":"has-default-attributes"},"supplier_id":null,"supplier_sku":"","barcode":null,"atum_controlled":true,"out_stock_date":null,"out_stock_threshold":null,"inheritable":true,"inbound_stock":0,"stock_on_hold":0,"sold_today":0,"sales_last_days":0,"reserved_stock":0,"customer_returns":0,"warehouse_damage":0,"lost_in_post":0,"other_logs":0,"out_stock_days":null,"lost_sales":0,"has_location":false,"update_date":"2026-03-05T09:09:21","atum_locations":[],"atum_stock_status":"instock","restock_status":false,"low_stock_amount":"","sales_update_date":"2026-03-05T09:09:21","calc_backorders":null,"yoast_head":"<!-- This site is optimized with the Yoast SEO Premium plugin v27.4 (Yoast SEO v27.4) - https:\/\/yoast.com\/product\/yoast-seo-premium-wordpress\/ -->\n<title>SEQUOIADENDRON giganteum &#039;Glaucum&#039; (secuoya gigante glauca)<\/title>\n<meta name=\"description\" content=\"Esta secuoya gigante es de desarrollo reducido. El SEQUOIADENDRON giganteum &#039;Glaucum&#039; Presenta un follaje glauco y un h\u00e1bito c\u00f3nico a columnar. Tiene un excelente enraizamiento y es resistente a\u2026\" \/>\n<meta name=\"robots\" content=\"index, follow, max-snippet:-1, max-image-preview:large, max-video-preview:-1\" \/>\n<link rel=\"canonical\" href=\"https:\/\/www.vallonchene.fr\/es\/producto\/sequoiadendron-giganteum-glaucum-secuoya-gigante\/\" \/>\n<meta property=\"og:locale\" content=\"es_ES\" \/>\n<meta property=\"og:type\" content=\"article\" \/>\n<meta property=\"og:title\" content=\"SEQUOIADENDRON giganteum &#039;Glaucum&#039; (secuoya gigante glauca)\" \/>\n<meta property=\"og:description\" content=\"Esta secuoya gigante es de desarrollo reducido. El SEQUOIADENDRON giganteum &#039;Glaucum&#039; Presenta un follaje glauco y un h\u00e1bito c\u00f3nico a columnar. Tiene un excelente enraizamiento y es resistente a\u2026\" \/>\n<meta property=\"og:url\" content=\"https:\/\/www.vallonchene.fr\/es\/producto\/sequoiadendron-giganteum-glaucum-secuoya-gigante\/\" \/>\n<meta property=\"og:site_name\" content=\"Vallonch\u00eane\" \/>\n<meta property=\"article:publisher\" content=\"https:\/\/www.facebook.com\/vallonchene.fr\" \/>\n<meta property=\"article:modified_time\" content=\"2026-02-21T13:26:02+00:00\" \/>\n<meta property=\"og:image\" content=\"https:\/\/www.vallonchene.fr\/wp-content\/uploads\/2021\/08\/3596-5e7-Port-conique-du-SEQUOIADENDRON-giganteum-Glaucum-en-juin.jpg\" \/>\n\t<meta property=\"og:image:width\" content=\"1600\" \/>\n\t<meta property=\"og:image:height\" content=\"1600\" \/>\n\t<meta property=\"og:image:type\" content=\"image\/jpeg\" \/>\n<meta name=\"twitter:card\" content=\"summary_large_image\" \/>\n<meta name=\"twitter:label1\" content=\"Disponibilidad\" \/>\n\t<meta name=\"twitter:data1\" content=\"En stock\" \/>\n<script type=\"application\/ld+json\" class=\"yoast-schema-graph\">{\"@context\":\"https:\\\/\\\/schema.org\",\"@graph\":[{\"@type\":\"WebPage\",\"@id\":\"https:\\\/\\\/www.vallonchene.fr\\\/es\\\/producto\\\/sequoiadendron-giganteum-glaucum-secuoya-gigante\\\/\",\"url\":\"https:\\\/\\\/www.vallonchene.fr\\\/es\\\/producto\\\/sequoiadendron-giganteum-glaucum-secuoya-gigante\\\/\",\"name\":\"SEQUOIADENDRON giganteum 'Glaucum' (secuoya gigante glauca)\",\"isPartOf\":{\"@id\":\"https:\\\/\\\/www.vallonchene.fr\\\/es\\\/#website\"},\"primaryImageOfPage\":{\"@id\":\"https:\\\/\\\/www.vallonchene.fr\\\/es\\\/producto\\\/sequoiadendron-giganteum-glaucum-secuoya-gigante\\\/#primaryimage\"},\"image\":{\"@id\":\"https:\\\/\\\/www.vallonchene.fr\\\/es\\\/producto\\\/sequoiadendron-giganteum-glaucum-secuoya-gigante\\\/#primaryimage\"},\"thumbnailUrl\":\"https:\\\/\\\/www.vallonchene.fr\\\/wp-content\\\/uploads\\\/2021\\\/08\\\/3596-5e7-Port-conique-du-SEQUOIADENDRON-giganteum-Glaucum-en-juin.jpg\",\"datePublished\":\"2021-08-31T09:37:37+00:00\",\"dateModified\":\"2026-02-21T13:26:02+00:00\",\"description\":\"Esta secuoya gigante es de desarrollo reducido. El SEQUOIADENDRON giganteum 'Glaucum' Presenta un follaje glauco y un h\u00e1bito c\u00f3nico a columnar. Tiene un excelente enraizamiento y es resistente a\u2026\",\"breadcrumb\":{\"@id\":\"https:\\\/\\\/www.vallonchene.fr\\\/es\\\/producto\\\/sequoiadendron-giganteum-glaucum-secuoya-gigante\\\/#breadcrumb\"},\"inLanguage\":\"es\",\"potentialAction\":[{\"@type\":\"ReadAction\",\"target\":[\"https:\\\/\\\/www.vallonchene.fr\\\/es\\\/producto\\\/sequoiadendron-giganteum-glaucum-secuoya-gigante\\\/\"]}]},{\"@type\":\"ImageObject\",\"inLanguage\":\"es\",\"@id\":\"https:\\\/\\\/www.vallonchene.fr\\\/es\\\/producto\\\/sequoiadendron-giganteum-glaucum-secuoya-gigante\\\/#primaryimage\",\"url\":\"https:\\\/\\\/www.vallonchene.fr\\\/wp-content\\\/uploads\\\/2021\\\/08\\\/3596-5e7-Port-conique-du-SEQUOIADENDRON-giganteum-Glaucum-en-juin.jpg\",\"contentUrl\":\"https:\\\/\\\/www.vallonchene.fr\\\/wp-content\\\/uploads\\\/2021\\\/08\\\/3596-5e7-Port-conique-du-SEQUOIADENDRON-giganteum-Glaucum-en-juin.jpg\",\"width\":1600,\"height\":1600,\"caption\":\"SEQUOIADENDRON giganteum 'Glaucum' en junio\"},{\"@type\":\"BreadcrumbList\",\"@id\":\"https:\\\/\\\/www.vallonchene.fr\\\/es\\\/producto\\\/sequoiadendron-giganteum-glaucum-secuoya-gigante\\\/#breadcrumb\",\"itemListElement\":[{\"@type\":\"ListItem\",\"position\":1,\"name\":\"Home\",\"item\":\"https:\\\/\\\/www.vallonchene.fr\\\/es\\\/\"},{\"@type\":\"ListItem\",\"position\":2,\"name\":\"Tienda\",\"item\":\"https:\\\/\\\/www.vallonchene.fr\\\/tienda\\\/\"},{\"@type\":\"ListItem\",\"position\":3,\"name\":\"Venta en linea\",\"item\":\"https:\\\/\\\/www.vallonchene.fr\\\/es\\\/categoria-producto\\\/venta-en-linea\\\/\"},{\"@type\":\"ListItem\",\"position\":4,\"name\":\"Vivero\",\"item\":\"https:\\\/\\\/www.vallonchene.fr\\\/es\\\/categoria-producto\\\/venta-en-linea\\\/vivero\\\/\"},{\"@type\":\"ListItem\",\"position\":5,\"name\":\"Coniferas\",\"item\":\"https:\\\/\\\/www.vallonchene.fr\\\/es\\\/categoria-producto\\\/venta-en-linea\\\/vivero\\\/coniferas\\\/\"},{\"@type\":\"ListItem\",\"position\":6,\"name\":\"SEQUOIADENDRON giganteum &lsquo;Glaucum&rsquo; (secuoya gigante glauca)\"}]},{\"@type\":\"WebSite\",\"@id\":\"https:\\\/\\\/www.vallonchene.fr\\\/es\\\/#website\",\"url\":\"https:\\\/\\\/www.vallonchene.fr\\\/es\\\/\",\"name\":\"Vallonch\u00eane\",\"description\":\"El vivero donde la calidad tiene sus ra\u00edces \u2013 Tel.: +33 (0)2.35.90.02.02\",\"publisher\":{\"@id\":\"https:\\\/\\\/www.vallonchene.fr\\\/es\\\/#organization\"},\"potentialAction\":[{\"@type\":\"SearchAction\",\"target\":{\"@type\":\"EntryPoint\",\"urlTemplate\":\"https:\\\/\\\/www.vallonchene.fr\\\/es\\\/?s={search_term_string}\"},\"query-input\":{\"@type\":\"PropertyValueSpecification\",\"valueRequired\":true,\"valueName\":\"search_term_string\"}}],\"inLanguage\":\"es\"},{\"@type\":\"Organization\",\"@id\":\"https:\\\/\\\/www.vallonchene.fr\\\/es\\\/#organization\",\"name\":\"VALLONCHENE\",\"url\":\"https:\\\/\\\/www.vallonchene.fr\\\/es\\\/\",\"logo\":{\"@type\":\"ImageObject\",\"inLanguage\":\"es\",\"@id\":\"https:\\\/\\\/www.vallonchene.fr\\\/es\\\/#\\\/schema\\\/logo\\\/image\\\/\",\"url\":\"https:\\\/\\\/www.vallonchene.fr\\\/wp-content\\\/uploads\\\/2023\\\/03\\\/Logo-Vallonchene-site-et-R_hauteur_100.png\",\"contentUrl\":\"https:\\\/\\\/www.vallonchene.fr\\\/wp-content\\\/uploads\\\/2023\\\/03\\\/Logo-Vallonchene-site-et-R_hauteur_100.png\",\"width\":221,\"height\":100,\"caption\":\"VALLONCHENE\"},\"image\":{\"@id\":\"https:\\\/\\\/www.vallonchene.fr\\\/es\\\/#\\\/schema\\\/logo\\\/image\\\/\"},\"sameAs\":[\"https:\\\/\\\/www.facebook.com\\\/vallonchene.fr\",\"https:\\\/\\\/www.instagram.com\\\/vallonchene\\\/\",\"https:\\\/\\\/www.pinterest.fr\\\/vallonchene\\\/\"],\"taxID\":\"49454502300017\",\"hasMerchantReturnPolicy\":{\"@type\":\"MerchantReturnPolicy\",\"merchantReturnLink\":\"https:\\\/\\\/www.vallonchene.fr\\\/remboursements_retours\\\/\"}}]}<\/script>\n<meta property=\"og:availability\" content=\"instock\" \/>\n<meta property=\"product:availability\" content=\"instock\" \/>\n<meta property=\"product:retailer_item_id\" content=\"83133\" \/>\n<meta property=\"product:condition\" content=\"new\" \/>\n<!-- \/ Yoast SEO Premium plugin. -->","yoast_head_json":{"title":"SEQUOIADENDRON giganteum 'Glaucum' (secuoya gigante glauca)","description":"Esta secuoya gigante es de desarrollo reducido. El SEQUOIADENDRON giganteum 'Glaucum' Presenta un follaje glauco y un h\u00e1bito c\u00f3nico a columnar. Tiene un excelente enraizamiento y es resistente a\u2026","robots":{"index":"index","follow":"follow","max-snippet":"max-snippet:-1","max-image-preview":"max-image-preview:large","max-video-preview":"max-video-preview:-1"},"canonical":"https:\/\/www.vallonchene.fr\/es\/producto\/sequoiadendron-giganteum-glaucum-secuoya-gigante\/","og_locale":"es_ES","og_type":"article","og_title":"SEQUOIADENDRON giganteum 'Glaucum' (secuoya gigante glauca)","og_description":"Esta secuoya gigante es de desarrollo reducido. El SEQUOIADENDRON giganteum 'Glaucum' Presenta un follaje glauco y un h\u00e1bito c\u00f3nico a columnar. Tiene un excelente enraizamiento y es resistente a\u2026","og_url":"https:\/\/www.vallonchene.fr\/es\/producto\/sequoiadendron-giganteum-glaucum-secuoya-gigante\/","og_site_name":"Vallonch\u00eane","article_publisher":"https:\/\/www.facebook.com\/vallonchene.fr","article_modified_time":"2026-02-21T13:26:02+00:00","og_image":[{"width":1600,"height":1600,"url":"https:\/\/www.vallonchene.fr\/wp-content\/uploads\/2021\/08\/3596-5e7-Port-conique-du-SEQUOIADENDRON-giganteum-Glaucum-en-juin.jpg","type":"image\/jpeg"}],"twitter_card":"summary_large_image","twitter_misc":{"Disponibilidad":"En stock"},"schema":{"@context":"https:\/\/schema.org","@graph":[{"@type":"WebPage","@id":"https:\/\/www.vallonchene.fr\/es\/producto\/sequoiadendron-giganteum-glaucum-secuoya-gigante\/","url":"https:\/\/www.vallonchene.fr\/es\/producto\/sequoiadendron-giganteum-glaucum-secuoya-gigante\/","name":"SEQUOIADENDRON giganteum 'Glaucum' (secuoya gigante glauca)","isPartOf":{"@id":"https:\/\/www.vallonchene.fr\/es\/#website"},"primaryImageOfPage":{"@id":"https:\/\/www.vallonchene.fr\/es\/producto\/sequoiadendron-giganteum-glaucum-secuoya-gigante\/#primaryimage"},"image":{"@id":"https:\/\/www.vallonchene.fr\/es\/producto\/sequoiadendron-giganteum-glaucum-secuoya-gigante\/#primaryimage"},"thumbnailUrl":"https:\/\/www.vallonchene.fr\/wp-content\/uploads\/2021\/08\/3596-5e7-Port-conique-du-SEQUOIADENDRON-giganteum-Glaucum-en-juin.jpg","datePublished":"2021-08-31T09:37:37+00:00","dateModified":"2026-02-21T13:26:02+00:00","description":"Esta secuoya gigante es de desarrollo reducido. El SEQUOIADENDRON giganteum 'Glaucum' Presenta un follaje glauco y un h\u00e1bito c\u00f3nico a columnar. Tiene un excelente enraizamiento y es resistente a\u2026","breadcrumb":{"@id":"https:\/\/www.vallonchene.fr\/es\/producto\/sequoiadendron-giganteum-glaucum-secuoya-gigante\/#breadcrumb"},"inLanguage":"es","potentialAction":[{"@type":"ReadAction","target":["https:\/\/www.vallonchene.fr\/es\/producto\/sequoiadendron-giganteum-glaucum-secuoya-gigante\/"]}]},{"@type":"ImageObject","inLanguage":"es","@id":"https:\/\/www.vallonchene.fr\/es\/producto\/sequoiadendron-giganteum-glaucum-secuoya-gigante\/#primaryimage","url":"https:\/\/www.vallonchene.fr\/wp-content\/uploads\/2021\/08\/3596-5e7-Port-conique-du-SEQUOIADENDRON-giganteum-Glaucum-en-juin.jpg","contentUrl":"https:\/\/www.vallonchene.fr\/wp-content\/uploads\/2021\/08\/3596-5e7-Port-conique-du-SEQUOIADENDRON-giganteum-Glaucum-en-juin.jpg","width":1600,"height":1600,"caption":"SEQUOIADENDRON giganteum 'Glaucum' en junio"},{"@type":"BreadcrumbList","@id":"https:\/\/www.vallonchene.fr\/es\/producto\/sequoiadendron-giganteum-glaucum-secuoya-gigante\/#breadcrumb","itemListElement":[{"@type":"ListItem","position":1,"name":"Home","item":"https:\/\/www.vallonchene.fr\/es\/"},{"@type":"ListItem","position":2,"name":"Tienda","item":"https:\/\/www.vallonchene.fr\/tienda\/"},{"@type":"ListItem","position":3,"name":"Venta en linea","item":"https:\/\/www.vallonchene.fr\/es\/categoria-producto\/venta-en-linea\/"},{"@type":"ListItem","position":4,"name":"Vivero","item":"https:\/\/www.vallonchene.fr\/es\/categoria-producto\/venta-en-linea\/vivero\/"},{"@type":"ListItem","position":5,"name":"Coniferas","item":"https:\/\/www.vallonchene.fr\/es\/categoria-producto\/venta-en-linea\/vivero\/coniferas\/"},{"@type":"ListItem","position":6,"name":"SEQUOIADENDRON giganteum &lsquo;Glaucum&rsquo; (secuoya gigante glauca)"}]},{"@type":"WebSite","@id":"https:\/\/www.vallonchene.fr\/es\/#website","url":"https:\/\/www.vallonchene.fr\/es\/","name":"Vallonch\u00eane","description":"El vivero donde la calidad tiene sus ra\u00edces \u2013 Tel.: +33 (0)2.35.90.02.02","publisher":{"@id":"https:\/\/www.vallonchene.fr\/es\/#organization"},"potentialAction":[{"@type":"SearchAction","target":{"@type":"EntryPoint","urlTemplate":"https:\/\/www.vallonchene.fr\/es\/?s={search_term_string}"},"query-input":{"@type":"PropertyValueSpecification","valueRequired":true,"valueName":"search_term_string"}}],"inLanguage":"es"},{"@type":"Organization","@id":"https:\/\/www.vallonchene.fr\/es\/#organization","name":"VALLONCHENE","url":"https:\/\/www.vallonchene.fr\/es\/","logo":{"@type":"ImageObject","inLanguage":"es","@id":"https:\/\/www.vallonchene.fr\/es\/#\/schema\/logo\/image\/","url":"https:\/\/www.vallonchene.fr\/wp-content\/uploads\/2023\/03\/Logo-Vallonchene-site-et-R_hauteur_100.png","contentUrl":"https:\/\/www.vallonchene.fr\/wp-content\/uploads\/2023\/03\/Logo-Vallonchene-site-et-R_hauteur_100.png","width":221,"height":100,"caption":"VALLONCHENE"},"image":{"@id":"https:\/\/www.vallonchene.fr\/es\/#\/schema\/logo\/image\/"},"sameAs":["https:\/\/www.facebook.com\/vallonchene.fr","https:\/\/www.instagram.com\/vallonchene\/","https:\/\/www.pinterest.fr\/vallonchene\/"],"taxID":"49454502300017","hasMerchantReturnPolicy":{"@type":"MerchantReturnPolicy","merchantReturnLink":"https:\/\/www.vallonchene.fr\/remboursements_retours\/"}}]},"og_availability":"instock","product_availability":"instock","product_retailer_item_id":"83133","product_condition":"new"},"_links":{"self":[{"href":"https:\/\/www.vallonchene.fr\/es\/wp-json\/wp\/v2\/product\/57346","targetHints":{"allow":["GET"]}}],"collection":[{"href":"https:\/\/www.vallonchene.fr\/es\/wp-json\/wp\/v2\/product"}],"about":[{"href":"https:\/\/www.vallonchene.fr\/es\/wp-json\/wp\/v2\/types\/product"}],"replies":[{"embeddable":true,"href":"https:\/\/www.vallonchene.fr\/es\/wp-json\/wp\/v2\/comments?post=57346"}],"wp:featuredmedia":[{"embeddable":true,"href":"https:\/\/www.vallonchene.fr\/es\/wp-json\/wp\/v2\/media\/57347"}],"wp:attachment":[{"href":"https:\/\/www.vallonchene.fr\/es\/wp-json\/wp\/v2\/media?parent=57346"}],"wp:term":[{"taxonomy":"product_brand","embeddable":true,"href":"https:\/\/www.vallonchene.fr\/es\/wp-json\/wp\/v2\/product_brand?post=57346"},{"taxonomy":"product_cat","embeddable":true,"href":"https:\/\/www.vallonchene.fr\/es\/wp-json\/wp\/v2\/product_cat?post=57346"},{"taxonomy":"product_tag","embeddable":true,"href":"https:\/\/www.vallonchene.fr\/es\/wp-json\/wp\/v2\/product_tag?post=57346"}],"curies":[{"name":"wp","href":"https:\/\/api.w.org\/{rel}","templated":true}]}}