{"id":57344,"date":"2021-08-31T11:37:44","date_gmt":"2021-08-31T11:37:44","guid":{"rendered":"https:\/\/www.vallonchene.fr\/produit\/sequoiadendron-giganteum-pendulum\/"},"modified":"2026-03-05T10:10:06","modified_gmt":"2026-03-05T09:10:06","slug":"sequoiadendron-giganteum-pendulum","status":"publish","type":"product","link":"https:\/\/www.vallonchene.fr\/es\/producto\/sequoiadendron-giganteum-pendulum\/","title":{"rendered":"SEQUOIADENDRON giganteum &#8216;Pendulum&#8217;"},"content":{"rendered":"<p>El <strong>SEQUOIADENDRON giganteum &#8216;Pendulum&#8217;<\/strong> es probablemente uno de los \u00e1rboles m\u00e1s espectaculares que puede encontrar un lugar incluso en los jardines peque\u00f1os. De hecho, ocupa una superficie extremadamente reducida ya que su tronco se retuerce literalmente hacia el cielo mientras que sus ramas cuelgan a lo largo de este. Su silueta puede a veces parecerse a animales fant\u00e1sticos o simplemente a crines de caballo. Los SEQUOIADENDRON giganteum tienen uno de los mejores enraizamientos entre los \u00e1rboles.<\/p>\n<p>La planta en las fotos adyacentes NUNCA ha sido podada o formada.<\/p>\n","protected":false},"excerpt":{"rendered":"<p>Esta <strong>secuoya<\/strong> es una de las m\u00e1s excepcionales por su forma muy fastigiada y llorona. El <strong>SEQUOIADENDRON giganteum &#8216;Pendulum&#8217;<\/strong> se retuerce verdaderamente en el cielo. Es totalmente r\u00fastico e incluso adecuado para los peque\u00f1os jardines.<\/p>\n","protected":false},"featured_media":57341,"comment_status":"open","ping_status":"closed","template":"","meta":[],"product_brand":[],"product_cat":[11502],"product_tag":[13197,13196,12114,12113],"class_list":{"0":"post-57344","1":"product","2":"type-product","3":"status-publish","4":"has-post-thumbnail","6":"product_cat-coniferas","7":"product_tag-pendulum","8":"product_tag-secuoya-gigante-llorona","9":"product_tag-sequoiadendron-es","10":"product_tag-sequoiadendron-giganteum-es","11":"pa_99-hauteurapproximativeapres1-3-a-5-m","12":"pa_couleurdufeuillage-verde","13":"pa_exigencesenhumidite-moderadamente-humedo-a-humedo","14":"pa_exigencesenhumidite-promedio","15":"pa_exigencesenhumidite-seco","16":"pa_expositionspossibles-pleno-sol-de-12-a-17-min","17":"pa_expositionspossibles-sombra-parcial-evitar-el-sol-de-12-a-17-horas","18":"pa_hauteurlivree-50-a-60-cm-es","19":"pa_interetauprintemps-follaje","20":"pa_interetauprintemps-habitus","21":"pa_interetenautomne-follaje","22":"pa_interetenautomne-habitus","23":"pa_interetenete-follaje","24":"pa_interetenete-habitus","25":"pa_interetenhiver-follaje","26":"pa_interetenhiver-habitus","27":"pa_naturedufeuillage-siempreverde","28":"pa_naturesdesolpossibles-ligero","29":"pa_naturesdesolpossibles-muy-pesado","30":"pa_naturesdesolpossibles-normal-es","31":"pa_naturesdesolpossibles-pesado","32":"pa_particularites-habitus","33":"pa_periodedetaille-marzo","34":"pa_phdusolacceptable-acido-menos-de-6_5","35":"pa_phdusolacceptable-calcareo-mas-de-7_5","36":"pa_phdusolacceptable-neutro-entre-6_5-y-7_5","37":"pa_portgraphisme-fastigiado","38":"pa_portgraphisme-lloron","39":"pa_resistanceaufroidrusticite-resistente-por-debajo-de-menos-20-c","40":"pa_tailledepot-maceta-de-5-litros","41":"pa_utilisationpossible-aislado","42":"pa_utilisationpossible-arriate","44":"first","45":"instock","46":"taxable","47":"shipping-taxable","48":"purchasable","49":"product-type-variable"},"supplier_id":null,"supplier_sku":"","barcode":null,"atum_controlled":true,"out_stock_date":null,"out_stock_threshold":null,"inheritable":true,"inbound_stock":0,"stock_on_hold":0,"sold_today":0,"sales_last_days":0,"reserved_stock":0,"customer_returns":0,"warehouse_damage":0,"lost_in_post":0,"other_logs":0,"out_stock_days":null,"lost_sales":0,"has_location":false,"update_date":"2026-04-26T12:57:59","atum_locations":[],"atum_stock_status":"instock","restock_status":false,"low_stock_amount":"","sales_update_date":"2026-03-05T09:09:21","calc_backorders":null,"yoast_head":"<!-- This site is optimized with the Yoast SEO Premium plugin v27.4 (Yoast SEO v27.4) - https:\/\/yoast.com\/product\/yoast-seo-premium-wordpress\/ -->\n<title>SEQUOIADENDRON giganteum &#039;Pendulum&#039; - secuoya gigante llorona<\/title>\n<meta name=\"description\" content=\"Esta secuoya es una de las m\u00e1s excepcionales por su forma muy fastigiada y llorona. El SEQUOIADENDRON giganteum &#039;Pendulum&#039; se retuerce verdaderamente en el cielo.\" \/>\n<meta name=\"robots\" content=\"index, follow, max-snippet:-1, max-image-preview:large, max-video-preview:-1\" \/>\n<link rel=\"canonical\" href=\"https:\/\/www.vallonchene.fr\/es\/producto\/sequoiadendron-giganteum-pendulum\/\" \/>\n<meta property=\"og:locale\" content=\"es_ES\" \/>\n<meta property=\"og:type\" content=\"article\" \/>\n<meta property=\"og:title\" content=\"SEQUOIADENDRON giganteum &#039;Pendulum&#039;\" \/>\n<meta property=\"og:description\" content=\"Esta secuoya es una de las m\u00e1s excepcionales por su forma muy fastigiada y llorona. El SEQUOIADENDRON giganteum &#039;Pendulum&#039; se retuerce verdaderamente en el cielo.\" \/>\n<meta property=\"og:url\" content=\"https:\/\/www.vallonchene.fr\/es\/producto\/sequoiadendron-giganteum-pendulum\/\" \/>\n<meta property=\"og:site_name\" content=\"Vallonch\u00eane\" \/>\n<meta property=\"article:publisher\" content=\"https:\/\/www.facebook.com\/vallonchene.fr\" \/>\n<meta property=\"article:modified_time\" content=\"2026-03-05T09:10:06+00:00\" \/>\n<meta property=\"og:image\" content=\"https:\/\/www.vallonchene.fr\/wp-content\/uploads\/2021\/08\/4094-01e-SEQUOIADENDRON-giganteum-Pendulum-a-la-fin-de-lhiver.jpg\" \/>\n\t<meta property=\"og:image:width\" content=\"1448\" \/>\n\t<meta property=\"og:image:height\" content=\"1447\" \/>\n\t<meta property=\"og:image:type\" content=\"image\/jpeg\" \/>\n<meta name=\"twitter:card\" content=\"summary_large_image\" \/>\n<meta name=\"twitter:label1\" content=\"Disponibilidad\" \/>\n\t<meta name=\"twitter:data1\" content=\"En stock\" \/>\n<script type=\"application\/ld+json\" class=\"yoast-schema-graph\">{\"@context\":\"https:\\\/\\\/schema.org\",\"@graph\":[{\"@type\":\"WebPage\",\"@id\":\"https:\\\/\\\/www.vallonchene.fr\\\/es\\\/producto\\\/sequoiadendron-giganteum-pendulum\\\/\",\"url\":\"https:\\\/\\\/www.vallonchene.fr\\\/es\\\/producto\\\/sequoiadendron-giganteum-pendulum\\\/\",\"name\":\"SEQUOIADENDRON giganteum 'Pendulum' - secuoya gigante llorona\",\"isPartOf\":{\"@id\":\"https:\\\/\\\/www.vallonchene.fr\\\/es\\\/#website\"},\"primaryImageOfPage\":{\"@id\":\"https:\\\/\\\/www.vallonchene.fr\\\/es\\\/producto\\\/sequoiadendron-giganteum-pendulum\\\/#primaryimage\"},\"image\":{\"@id\":\"https:\\\/\\\/www.vallonchene.fr\\\/es\\\/producto\\\/sequoiadendron-giganteum-pendulum\\\/#primaryimage\"},\"thumbnailUrl\":\"https:\\\/\\\/www.vallonchene.fr\\\/wp-content\\\/uploads\\\/2021\\\/08\\\/4094-01e-SEQUOIADENDRON-giganteum-Pendulum-a-la-fin-de-lhiver.jpg\",\"datePublished\":\"2021-08-31T11:37:44+00:00\",\"dateModified\":\"2026-03-05T09:10:06+00:00\",\"description\":\"Esta secuoya es una de las m\u00e1s excepcionales por su forma muy fastigiada y llorona. El SEQUOIADENDRON giganteum 'Pendulum' se retuerce verdaderamente en el cielo.\",\"breadcrumb\":{\"@id\":\"https:\\\/\\\/www.vallonchene.fr\\\/es\\\/producto\\\/sequoiadendron-giganteum-pendulum\\\/#breadcrumb\"},\"inLanguage\":\"es\",\"potentialAction\":[{\"@type\":\"ReadAction\",\"target\":[\"https:\\\/\\\/www.vallonchene.fr\\\/es\\\/producto\\\/sequoiadendron-giganteum-pendulum\\\/\"]}]},{\"@type\":\"ImageObject\",\"inLanguage\":\"es\",\"@id\":\"https:\\\/\\\/www.vallonchene.fr\\\/es\\\/producto\\\/sequoiadendron-giganteum-pendulum\\\/#primaryimage\",\"url\":\"https:\\\/\\\/www.vallonchene.fr\\\/wp-content\\\/uploads\\\/2021\\\/08\\\/4094-01e-SEQUOIADENDRON-giganteum-Pendulum-a-la-fin-de-lhiver.jpg\",\"contentUrl\":\"https:\\\/\\\/www.vallonchene.fr\\\/wp-content\\\/uploads\\\/2021\\\/08\\\/4094-01e-SEQUOIADENDRON-giganteum-Pendulum-a-la-fin-de-lhiver.jpg\",\"width\":1448,\"height\":1447,\"caption\":\"SEQUOIADENDRON giganteum 'Pendulum' a finales del invierno\"},{\"@type\":\"BreadcrumbList\",\"@id\":\"https:\\\/\\\/www.vallonchene.fr\\\/es\\\/producto\\\/sequoiadendron-giganteum-pendulum\\\/#breadcrumb\",\"itemListElement\":[{\"@type\":\"ListItem\",\"position\":1,\"name\":\"Home\",\"item\":\"https:\\\/\\\/www.vallonchene.fr\\\/es\\\/\"},{\"@type\":\"ListItem\",\"position\":2,\"name\":\"Tienda\",\"item\":\"https:\\\/\\\/www.vallonchene.fr\\\/tienda\\\/\"},{\"@type\":\"ListItem\",\"position\":3,\"name\":\"Venta en linea\",\"item\":\"https:\\\/\\\/www.vallonchene.fr\\\/es\\\/categoria-producto\\\/venta-en-linea\\\/\"},{\"@type\":\"ListItem\",\"position\":4,\"name\":\"Vivero\",\"item\":\"https:\\\/\\\/www.vallonchene.fr\\\/es\\\/categoria-producto\\\/venta-en-linea\\\/vivero\\\/\"},{\"@type\":\"ListItem\",\"position\":5,\"name\":\"Coniferas\",\"item\":\"https:\\\/\\\/www.vallonchene.fr\\\/es\\\/categoria-producto\\\/venta-en-linea\\\/vivero\\\/coniferas\\\/\"},{\"@type\":\"ListItem\",\"position\":6,\"name\":\"SEQUOIADENDRON giganteum &lsquo;Pendulum&rsquo;\"}]},{\"@type\":\"WebSite\",\"@id\":\"https:\\\/\\\/www.vallonchene.fr\\\/es\\\/#website\",\"url\":\"https:\\\/\\\/www.vallonchene.fr\\\/es\\\/\",\"name\":\"Vallonch\u00eane\",\"description\":\"El vivero donde la calidad tiene sus ra\u00edces \u2013 Tel.: +33 (0)2.35.90.02.02\",\"publisher\":{\"@id\":\"https:\\\/\\\/www.vallonchene.fr\\\/es\\\/#organization\"},\"potentialAction\":[{\"@type\":\"SearchAction\",\"target\":{\"@type\":\"EntryPoint\",\"urlTemplate\":\"https:\\\/\\\/www.vallonchene.fr\\\/es\\\/?s={search_term_string}\"},\"query-input\":{\"@type\":\"PropertyValueSpecification\",\"valueRequired\":true,\"valueName\":\"search_term_string\"}}],\"inLanguage\":\"es\"},{\"@type\":\"Organization\",\"@id\":\"https:\\\/\\\/www.vallonchene.fr\\\/es\\\/#organization\",\"name\":\"VALLONCHENE\",\"url\":\"https:\\\/\\\/www.vallonchene.fr\\\/es\\\/\",\"logo\":{\"@type\":\"ImageObject\",\"inLanguage\":\"es\",\"@id\":\"https:\\\/\\\/www.vallonchene.fr\\\/es\\\/#\\\/schema\\\/logo\\\/image\\\/\",\"url\":\"https:\\\/\\\/www.vallonchene.fr\\\/wp-content\\\/uploads\\\/2023\\\/03\\\/Logo-Vallonchene-site-et-R_hauteur_100.png\",\"contentUrl\":\"https:\\\/\\\/www.vallonchene.fr\\\/wp-content\\\/uploads\\\/2023\\\/03\\\/Logo-Vallonchene-site-et-R_hauteur_100.png\",\"width\":221,\"height\":100,\"caption\":\"VALLONCHENE\"},\"image\":{\"@id\":\"https:\\\/\\\/www.vallonchene.fr\\\/es\\\/#\\\/schema\\\/logo\\\/image\\\/\"},\"sameAs\":[\"https:\\\/\\\/www.facebook.com\\\/vallonchene.fr\",\"https:\\\/\\\/www.instagram.com\\\/vallonchene\\\/\",\"https:\\\/\\\/www.pinterest.fr\\\/vallonchene\\\/\"],\"taxID\":\"49454502300017\",\"hasMerchantReturnPolicy\":{\"@type\":\"MerchantReturnPolicy\",\"merchantReturnLink\":\"https:\\\/\\\/www.vallonchene.fr\\\/remboursements_retours\\\/\"}}]}<\/script>\n<meta property=\"og:availability\" content=\"instock\" \/>\n<meta property=\"product:availability\" content=\"instock\" \/>\n<meta property=\"product:retailer_item_id\" content=\"97432\" \/>\n<meta property=\"product:condition\" content=\"new\" \/>\n<!-- \/ Yoast SEO Premium plugin. -->","yoast_head_json":{"title":"SEQUOIADENDRON giganteum 'Pendulum' - secuoya gigante llorona","description":"Esta secuoya es una de las m\u00e1s excepcionales por su forma muy fastigiada y llorona. El SEQUOIADENDRON giganteum 'Pendulum' se retuerce verdaderamente en el cielo.","robots":{"index":"index","follow":"follow","max-snippet":"max-snippet:-1","max-image-preview":"max-image-preview:large","max-video-preview":"max-video-preview:-1"},"canonical":"https:\/\/www.vallonchene.fr\/es\/producto\/sequoiadendron-giganteum-pendulum\/","og_locale":"es_ES","og_type":"article","og_title":"SEQUOIADENDRON giganteum 'Pendulum'","og_description":"Esta secuoya es una de las m\u00e1s excepcionales por su forma muy fastigiada y llorona. El SEQUOIADENDRON giganteum 'Pendulum' se retuerce verdaderamente en el cielo.","og_url":"https:\/\/www.vallonchene.fr\/es\/producto\/sequoiadendron-giganteum-pendulum\/","og_site_name":"Vallonch\u00eane","article_publisher":"https:\/\/www.facebook.com\/vallonchene.fr","article_modified_time":"2026-03-05T09:10:06+00:00","og_image":[{"width":1448,"height":1447,"url":"https:\/\/www.vallonchene.fr\/wp-content\/uploads\/2021\/08\/4094-01e-SEQUOIADENDRON-giganteum-Pendulum-a-la-fin-de-lhiver.jpg","type":"image\/jpeg"}],"twitter_card":"summary_large_image","twitter_misc":{"Disponibilidad":"En stock"},"schema":{"@context":"https:\/\/schema.org","@graph":[{"@type":"WebPage","@id":"https:\/\/www.vallonchene.fr\/es\/producto\/sequoiadendron-giganteum-pendulum\/","url":"https:\/\/www.vallonchene.fr\/es\/producto\/sequoiadendron-giganteum-pendulum\/","name":"SEQUOIADENDRON giganteum 'Pendulum' - secuoya gigante llorona","isPartOf":{"@id":"https:\/\/www.vallonchene.fr\/es\/#website"},"primaryImageOfPage":{"@id":"https:\/\/www.vallonchene.fr\/es\/producto\/sequoiadendron-giganteum-pendulum\/#primaryimage"},"image":{"@id":"https:\/\/www.vallonchene.fr\/es\/producto\/sequoiadendron-giganteum-pendulum\/#primaryimage"},"thumbnailUrl":"https:\/\/www.vallonchene.fr\/wp-content\/uploads\/2021\/08\/4094-01e-SEQUOIADENDRON-giganteum-Pendulum-a-la-fin-de-lhiver.jpg","datePublished":"2021-08-31T11:37:44+00:00","dateModified":"2026-03-05T09:10:06+00:00","description":"Esta secuoya es una de las m\u00e1s excepcionales por su forma muy fastigiada y llorona. El SEQUOIADENDRON giganteum 'Pendulum' se retuerce verdaderamente en el cielo.","breadcrumb":{"@id":"https:\/\/www.vallonchene.fr\/es\/producto\/sequoiadendron-giganteum-pendulum\/#breadcrumb"},"inLanguage":"es","potentialAction":[{"@type":"ReadAction","target":["https:\/\/www.vallonchene.fr\/es\/producto\/sequoiadendron-giganteum-pendulum\/"]}]},{"@type":"ImageObject","inLanguage":"es","@id":"https:\/\/www.vallonchene.fr\/es\/producto\/sequoiadendron-giganteum-pendulum\/#primaryimage","url":"https:\/\/www.vallonchene.fr\/wp-content\/uploads\/2021\/08\/4094-01e-SEQUOIADENDRON-giganteum-Pendulum-a-la-fin-de-lhiver.jpg","contentUrl":"https:\/\/www.vallonchene.fr\/wp-content\/uploads\/2021\/08\/4094-01e-SEQUOIADENDRON-giganteum-Pendulum-a-la-fin-de-lhiver.jpg","width":1448,"height":1447,"caption":"SEQUOIADENDRON giganteum 'Pendulum' a finales del invierno"},{"@type":"BreadcrumbList","@id":"https:\/\/www.vallonchene.fr\/es\/producto\/sequoiadendron-giganteum-pendulum\/#breadcrumb","itemListElement":[{"@type":"ListItem","position":1,"name":"Home","item":"https:\/\/www.vallonchene.fr\/es\/"},{"@type":"ListItem","position":2,"name":"Tienda","item":"https:\/\/www.vallonchene.fr\/tienda\/"},{"@type":"ListItem","position":3,"name":"Venta en linea","item":"https:\/\/www.vallonchene.fr\/es\/categoria-producto\/venta-en-linea\/"},{"@type":"ListItem","position":4,"name":"Vivero","item":"https:\/\/www.vallonchene.fr\/es\/categoria-producto\/venta-en-linea\/vivero\/"},{"@type":"ListItem","position":5,"name":"Coniferas","item":"https:\/\/www.vallonchene.fr\/es\/categoria-producto\/venta-en-linea\/vivero\/coniferas\/"},{"@type":"ListItem","position":6,"name":"SEQUOIADENDRON giganteum &lsquo;Pendulum&rsquo;"}]},{"@type":"WebSite","@id":"https:\/\/www.vallonchene.fr\/es\/#website","url":"https:\/\/www.vallonchene.fr\/es\/","name":"Vallonch\u00eane","description":"El vivero donde la calidad tiene sus ra\u00edces \u2013 Tel.: +33 (0)2.35.90.02.02","publisher":{"@id":"https:\/\/www.vallonchene.fr\/es\/#organization"},"potentialAction":[{"@type":"SearchAction","target":{"@type":"EntryPoint","urlTemplate":"https:\/\/www.vallonchene.fr\/es\/?s={search_term_string}"},"query-input":{"@type":"PropertyValueSpecification","valueRequired":true,"valueName":"search_term_string"}}],"inLanguage":"es"},{"@type":"Organization","@id":"https:\/\/www.vallonchene.fr\/es\/#organization","name":"VALLONCHENE","url":"https:\/\/www.vallonchene.fr\/es\/","logo":{"@type":"ImageObject","inLanguage":"es","@id":"https:\/\/www.vallonchene.fr\/es\/#\/schema\/logo\/image\/","url":"https:\/\/www.vallonchene.fr\/wp-content\/uploads\/2023\/03\/Logo-Vallonchene-site-et-R_hauteur_100.png","contentUrl":"https:\/\/www.vallonchene.fr\/wp-content\/uploads\/2023\/03\/Logo-Vallonchene-site-et-R_hauteur_100.png","width":221,"height":100,"caption":"VALLONCHENE"},"image":{"@id":"https:\/\/www.vallonchene.fr\/es\/#\/schema\/logo\/image\/"},"sameAs":["https:\/\/www.facebook.com\/vallonchene.fr","https:\/\/www.instagram.com\/vallonchene\/","https:\/\/www.pinterest.fr\/vallonchene\/"],"taxID":"49454502300017","hasMerchantReturnPolicy":{"@type":"MerchantReturnPolicy","merchantReturnLink":"https:\/\/www.vallonchene.fr\/remboursements_retours\/"}}]},"og_availability":"instock","product_availability":"instock","product_retailer_item_id":"97432","product_condition":"new"},"_links":{"self":[{"href":"https:\/\/www.vallonchene.fr\/es\/wp-json\/wp\/v2\/product\/57344","targetHints":{"allow":["GET"]}}],"collection":[{"href":"https:\/\/www.vallonchene.fr\/es\/wp-json\/wp\/v2\/product"}],"about":[{"href":"https:\/\/www.vallonchene.fr\/es\/wp-json\/wp\/v2\/types\/product"}],"replies":[{"embeddable":true,"href":"https:\/\/www.vallonchene.fr\/es\/wp-json\/wp\/v2\/comments?post=57344"}],"wp:featuredmedia":[{"embeddable":true,"href":"https:\/\/www.vallonchene.fr\/es\/wp-json\/wp\/v2\/media\/57341"}],"wp:attachment":[{"href":"https:\/\/www.vallonchene.fr\/es\/wp-json\/wp\/v2\/media?parent=57344"}],"wp:term":[{"taxonomy":"product_brand","embeddable":true,"href":"https:\/\/www.vallonchene.fr\/es\/wp-json\/wp\/v2\/product_brand?post=57344"},{"taxonomy":"product_cat","embeddable":true,"href":"https:\/\/www.vallonchene.fr\/es\/wp-json\/wp\/v2\/product_cat?post=57344"},{"taxonomy":"product_tag","embeddable":true,"href":"https:\/\/www.vallonchene.fr\/es\/wp-json\/wp\/v2\/product_tag?post=57344"}],"curies":[{"name":"wp","href":"https:\/\/api.w.org\/{rel}","templated":true}]}}