{"id":57152,"date":"2021-08-31T11:40:48","date_gmt":"2021-08-31T11:40:48","guid":{"rendered":"https:\/\/www.vallonchene.fr\/produit\/tetradium-daniellii\/"},"modified":"2021-08-31T11:40:48","modified_gmt":"2021-08-31T09:40:48","slug":"tetradium-daniellii","status":"publish","type":"product","link":"https:\/\/www.vallonchene.fr\/es\/producto\/tetradium-daniellii\/","title":{"rendered":"TETRADIUM daniellii"},"content":{"rendered":"<p>El TETRADIUM daniellii (antes llamado EVODIA daniellii o EUODIA daniellii) tambi\u00e9n recibe el nombre de \u00e1rbol de miel. Los apicultores lo aprecian enormemente ya que representa una excelente fuente de alimento para las abejas. Esta especie es perfectamente r\u00fastica mientras que su follaje perfumado le confiere un aspecto bastante ex\u00f3tico.<\/p>\n<p>Sus flores blancas aparecen de junio a agosto para difundir su agradable perfume. Las abejas podr\u00e1n as\u00ed darse un fest\u00edn durante varios meses.<br \/>\nLuego, despu\u00e9s de la floraci\u00f3n, se desarrollan frutos rojos para deleitar a las aves.<br \/>\nSi hay un \u00e1rbol que plantar para ayudar a nuestros amigos, las abejas y las aves, es este.<br \/>\nFinalmente, en oto\u00f1o, su follaje habitualmente verde brillante se vuelve amarillo luminoso.<\/p>\n<h2>C\u00f3mo plantar el TETRADIUM daniellii<\/h2>\n<p>El \u00e1rbol de miel se poda sin dificultades.<br \/>\nPl\u00e1ntelo a pleno sol para que desarrolle la m\u00e1xima cantidad de flores.<br \/>\nNo es una planta exigente en cuanto al suelo. Tolera terreno seco, medianamente h\u00famedo e incluso h\u00famedo as\u00ed como todo pH.<br \/>\nEl TETRADIUM daniellii resiste a temperaturas por debajo de \u221220\u00b0 C.<br \/>\nConsiderando el cambio clim\u00e1tico, es un \u00e1rbol particularmente interesante ya que resiste bien a las sequ\u00edas.<\/p>\n<p>Para una buena preparaci\u00f3n de la maceta o del hoyo de plantaci\u00f3n, hemos dise\u00f1ado <a href=\"https:\/\/www.vallonchene.fr\/comment-planter-et-entretenir-des-vegetaux\/\" target=\"_blank\" rel=\"noreferrer noopener\">instrucciones espec\u00edficas disponibles aqu\u00ed<\/a>. Lea tambi\u00e9n <a href=\"https:\/\/www.vallonchene.fr\/comment-bien-arroser-le-jardin-et-economiser-leau\/\">nuestros consejos sobre c\u00f3mo regar bien y ahorrar agua aqu\u00ed<\/a>.<\/p>\n<h2>Historia y Origen<\/h2>\n<p>El \u00e1rbol de miel encuentra su origen en la zona templada a tropical del este de Asia.<\/p>\n<p>Anteriormente tambi\u00e9n llamado EVODIA o EUODIA, el g\u00e9nero EVODIA se limita hoy en d\u00eda a las especies tropicales exclusivamente.<\/p>\n<p>Las especies de TETRADIUM tambi\u00e9n representan una fuente de alimento para las mariposas.<\/p>\n<p>La especie daniellii fue nombrada en honor al m\u00e9dico militar brit\u00e1nico William Freeman Daniell.<\/p>\n<p>Las flores de este \u00e1rbol producen uno de los n\u00e9ctares m\u00e1s ricos en az\u00facar.<\/p>\n<p>Esta especie fue descrita por primera vez por el bot\u00e1nico brit\u00e1nico <a href=\"https:\/\/fr.wikipedia.org\/wiki\/John_Joseph_Bennett\" target=\"_blank\" rel=\"noreferrer noopener\">John Joseph Bennett<\/a> en 1862.<\/p>\n","protected":false},"excerpt":{"rendered":"<p>El <b>tetradio de Daniell<\/b> es muy apreciado por las abejas. Las flores del <b>TETRADIUM daniellii<\/b> desprenden un agradable perfume. Es muy solicitado por los apicultores por su car\u00e1cter mel\u00edfero.<\/p>\n","protected":false},"featured_media":56935,"comment_status":"open","ping_status":"closed","template":"","meta":[],"product_brand":[],"product_cat":[11499],"product_tag":[13111,13110],"class_list":{"0":"post-57152","1":"product","2":"type-product","3":"status-publish","4":"has-post-thumbnail","6":"product_cat-arbustos-y-arboles","7":"product_tag-tetradio-de-daniell","8":"product_tag-tetradium-daniellii","9":"pa_99-hauteurapproximativeapres1-3-a-5-m","10":"pa_couleurdesfleurs-blanca","11":"pa_couleurdufeuillage-verde","12":"pa_exigencesenhumidite-moderadamente-humedo-a-humedo","13":"pa_exigencesenhumidite-promedio","14":"pa_exigencesenhumidite-seco","15":"pa_expositionspossibles-pleno-sol-de-12-a-17-min","16":"pa_hauteurlivree-100-a-125-cm","17":"pa_hauteurlivree-125-a-150-cm-es","18":"pa_hauteurlivree-150-a-175-cm-es","19":"pa_hauteurlivree-175-a-200-cm-es","20":"pa_hauteurlivree-20-a-30-cm-es","21":"pa_hauteurlivree-200-a-250-cm-es","22":"pa_hauteurlivree-250-a-300-cm-es","23":"pa_hauteurlivree-30-a-40-cm-es","24":"pa_hauteurlivree-40-a-50-cm-es","25":"pa_hauteurlivree-40-a-60-cm-es","26":"pa_hauteurlivree-50-a-60-cm-es","27":"pa_hauteurlivree-60-a-80-cm-es","28":"pa_hauteurlivree-70-a-80-cm-es","29":"pa_hauteurlivree-80-a-100-cm-es","30":"pa_interetauprintemps-follaje","31":"pa_interetenautomne-follaje","32":"pa_interetenete-flores","33":"pa_interetenete-follaje","34":"pa_naturedufeuillage-caduco","35":"pa_naturesdesolpossibles-ligero","36":"pa_naturesdesolpossibles-pesado","37":"pa_particularites-melifero","38":"pa_periodedefloraison-verano","39":"pa_phdusolacceptable-acido-menos-de-6_5","40":"pa_phdusolacceptable-calcareo-mas-de-7_5","41":"pa_phdusolacceptable-neutro-entre-6_5-y-7_5","42":"pa_portgraphisme-globoso","43":"pa_resistanceaufroidrusticite-resistente-por-debajo-de-menos-20-c","44":"pa_tailledepot-maceta-de-1_5-litros","45":"pa_tailledepot-maceta-de-10-litros","46":"pa_tailledepot-maceta-de-15-litros","47":"pa_tailledepot-maceta-de-2-litros","48":"pa_tailledepot-maceta-de-20-litros","49":"pa_tailledepot-maceta-de-3-litros","50":"pa_tailledepot-maceta-de-4-litros","51":"pa_tailledepot-maceta-de-5-litros","52":"pa_tailledepot-maceta-de-7_5-litros","53":"pa_tailledepot-planta-joven-en-maceta-de-1-litro","54":"pa_tailledepot-planta-joven-en-maceta-de-8-cm","55":"pa_utilisationpossible-aislado","56":"pa_utilisationpossible-arriate","58":"first","59":"instock","60":"taxable","61":"shipping-taxable","62":"purchasable","63":"product-type-variable","64":"has-default-attributes"},"supplier_id":null,"supplier_sku":"","barcode":null,"atum_controlled":true,"out_stock_date":null,"out_stock_threshold":null,"inheritable":true,"inbound_stock":0,"stock_on_hold":0,"sold_today":0,"sales_last_days":0,"reserved_stock":0,"customer_returns":0,"warehouse_damage":0,"lost_in_post":0,"other_logs":0,"out_stock_days":null,"lost_sales":0,"has_location":false,"update_date":"2026-04-22T12:16:02","atum_locations":[],"atum_stock_status":"instock","restock_status":false,"low_stock_amount":"","sales_update_date":"2025-08-31T13:08:55","calc_backorders":null,"yoast_head":"<!-- This site is optimized with the Yoast SEO Premium plugin v27.4 (Yoast SEO v27.4) - https:\/\/yoast.com\/product\/yoast-seo-premium-wordpress\/ -->\n<title>TETRADIUM daniellii - tetradio de Daniell<\/title>\n<meta name=\"description\" content=\"El tetradio de Daniell es muy apreciado por las abejas. Las flores del TETRADIUM daniellii desprenden un agradable perfume. Es mel\u00edfero.\" \/>\n<meta name=\"robots\" content=\"index, follow, max-snippet:-1, max-image-preview:large, max-video-preview:-1\" \/>\n<link rel=\"canonical\" href=\"https:\/\/www.vallonchene.fr\/es\/producto\/tetradium-daniellii\/\" \/>\n<meta property=\"og:locale\" content=\"es_ES\" \/>\n<meta property=\"og:type\" content=\"article\" \/>\n<meta property=\"og:title\" content=\"TETRADIUM daniellii\" \/>\n<meta property=\"og:description\" content=\"El tetradio de Daniell es muy apreciado por las abejas. Las flores del TETRADIUM daniellii desprenden un agradable perfume. Es mel\u00edfero.\" \/>\n<meta property=\"og:url\" content=\"https:\/\/www.vallonchene.fr\/es\/producto\/tetradium-daniellii\/\" \/>\n<meta property=\"og:site_name\" content=\"Vallonch\u00eane\" \/>\n<meta property=\"article:publisher\" content=\"https:\/\/www.facebook.com\/vallonchene.fr\" \/>\n<meta property=\"og:image\" content=\"https:\/\/www.vallonchene.fr\/wp-content\/uploads\/2023\/10\/TETRADIUM-daniellii_04.webp\" \/>\n\t<meta property=\"og:image:width\" content=\"1200\" \/>\n\t<meta property=\"og:image:height\" content=\"1200\" \/>\n\t<meta property=\"og:image:type\" content=\"image\/webp\" \/>\n<meta name=\"twitter:card\" content=\"summary_large_image\" \/>\n<meta name=\"twitter:label1\" content=\"Disponibilidad\" \/>\n\t<meta name=\"twitter:data1\" content=\"En stock\" \/>\n<script type=\"application\/ld+json\" class=\"yoast-schema-graph\">{\"@context\":\"https:\\\/\\\/schema.org\",\"@graph\":[{\"@type\":\"WebPage\",\"@id\":\"https:\\\/\\\/www.vallonchene.fr\\\/es\\\/producto\\\/tetradium-daniellii\\\/\",\"url\":\"https:\\\/\\\/www.vallonchene.fr\\\/es\\\/producto\\\/tetradium-daniellii\\\/\",\"name\":\"TETRADIUM daniellii - tetradio de Daniell\",\"isPartOf\":{\"@id\":\"https:\\\/\\\/www.vallonchene.fr\\\/es\\\/#website\"},\"primaryImageOfPage\":{\"@id\":\"https:\\\/\\\/www.vallonchene.fr\\\/es\\\/producto\\\/tetradium-daniellii\\\/#primaryimage\"},\"image\":{\"@id\":\"https:\\\/\\\/www.vallonchene.fr\\\/es\\\/producto\\\/tetradium-daniellii\\\/#primaryimage\"},\"thumbnailUrl\":\"https:\\\/\\\/www.vallonchene.fr\\\/wp-content\\\/uploads\\\/2023\\\/10\\\/TETRADIUM-daniellii_04.webp\",\"datePublished\":\"2021-08-31T11:40:48+00:00\",\"description\":\"El tetradio de Daniell es muy apreciado por las abejas. Las flores del TETRADIUM daniellii desprenden un agradable perfume. Es mel\u00edfero.\",\"breadcrumb\":{\"@id\":\"https:\\\/\\\/www.vallonchene.fr\\\/es\\\/producto\\\/tetradium-daniellii\\\/#breadcrumb\"},\"inLanguage\":\"es\",\"potentialAction\":[{\"@type\":\"ReadAction\",\"target\":[\"https:\\\/\\\/www.vallonchene.fr\\\/es\\\/producto\\\/tetradium-daniellii\\\/\"]}]},{\"@type\":\"ImageObject\",\"inLanguage\":\"es\",\"@id\":\"https:\\\/\\\/www.vallonchene.fr\\\/es\\\/producto\\\/tetradium-daniellii\\\/#primaryimage\",\"url\":\"https:\\\/\\\/www.vallonchene.fr\\\/wp-content\\\/uploads\\\/2023\\\/10\\\/TETRADIUM-daniellii_04.webp\",\"contentUrl\":\"https:\\\/\\\/www.vallonchene.fr\\\/wp-content\\\/uploads\\\/2023\\\/10\\\/TETRADIUM-daniellii_04.webp\",\"width\":1200,\"height\":1200,\"caption\":\"Flores antes de la floraci\u00f3n del TETRADIUM daniellii con su follaje verde.\"},{\"@type\":\"BreadcrumbList\",\"@id\":\"https:\\\/\\\/www.vallonchene.fr\\\/es\\\/producto\\\/tetradium-daniellii\\\/#breadcrumb\",\"itemListElement\":[{\"@type\":\"ListItem\",\"position\":1,\"name\":\"Home\",\"item\":\"https:\\\/\\\/www.vallonchene.fr\\\/es\\\/\"},{\"@type\":\"ListItem\",\"position\":2,\"name\":\"Tienda\",\"item\":\"https:\\\/\\\/www.vallonchene.fr\\\/tienda\\\/\"},{\"@type\":\"ListItem\",\"position\":3,\"name\":\"TETRADIUM daniellii\"}]},{\"@type\":\"WebSite\",\"@id\":\"https:\\\/\\\/www.vallonchene.fr\\\/es\\\/#website\",\"url\":\"https:\\\/\\\/www.vallonchene.fr\\\/es\\\/\",\"name\":\"Vallonch\u00eane\",\"description\":\"El vivero donde la calidad tiene sus ra\u00edces \u2013 Tel.: +33 (0)2.35.90.02.02\",\"publisher\":{\"@id\":\"https:\\\/\\\/www.vallonchene.fr\\\/es\\\/#organization\"},\"potentialAction\":[{\"@type\":\"SearchAction\",\"target\":{\"@type\":\"EntryPoint\",\"urlTemplate\":\"https:\\\/\\\/www.vallonchene.fr\\\/es\\\/?s={search_term_string}\"},\"query-input\":{\"@type\":\"PropertyValueSpecification\",\"valueRequired\":true,\"valueName\":\"search_term_string\"}}],\"inLanguage\":\"es\"},{\"@type\":\"Organization\",\"@id\":\"https:\\\/\\\/www.vallonchene.fr\\\/es\\\/#organization\",\"name\":\"VALLONCHENE\",\"url\":\"https:\\\/\\\/www.vallonchene.fr\\\/es\\\/\",\"logo\":{\"@type\":\"ImageObject\",\"inLanguage\":\"es\",\"@id\":\"https:\\\/\\\/www.vallonchene.fr\\\/es\\\/#\\\/schema\\\/logo\\\/image\\\/\",\"url\":\"https:\\\/\\\/www.vallonchene.fr\\\/wp-content\\\/uploads\\\/2023\\\/03\\\/Logo-Vallonchene-site-et-R_hauteur_100.png\",\"contentUrl\":\"https:\\\/\\\/www.vallonchene.fr\\\/wp-content\\\/uploads\\\/2023\\\/03\\\/Logo-Vallonchene-site-et-R_hauteur_100.png\",\"width\":221,\"height\":100,\"caption\":\"VALLONCHENE\"},\"image\":{\"@id\":\"https:\\\/\\\/www.vallonchene.fr\\\/es\\\/#\\\/schema\\\/logo\\\/image\\\/\"},\"sameAs\":[\"https:\\\/\\\/www.facebook.com\\\/vallonchene.fr\",\"https:\\\/\\\/www.instagram.com\\\/vallonchene\\\/\",\"https:\\\/\\\/www.pinterest.fr\\\/vallonchene\\\/\"],\"taxID\":\"49454502300017\",\"hasMerchantReturnPolicy\":{\"@type\":\"MerchantReturnPolicy\",\"merchantReturnLink\":\"https:\\\/\\\/www.vallonchene.fr\\\/remboursements_retours\\\/\"}}]}<\/script>\n<meta property=\"og:availability\" content=\"instock\" \/>\n<meta property=\"product:availability\" content=\"instock\" \/>\n<meta property=\"product:retailer_item_id\" content=\"76746\" \/>\n<meta property=\"product:condition\" content=\"new\" \/>\n<!-- \/ Yoast SEO Premium plugin. -->","yoast_head_json":{"title":"TETRADIUM daniellii - tetradio de Daniell","description":"El tetradio de Daniell es muy apreciado por las abejas. Las flores del TETRADIUM daniellii desprenden un agradable perfume. Es mel\u00edfero.","robots":{"index":"index","follow":"follow","max-snippet":"max-snippet:-1","max-image-preview":"max-image-preview:large","max-video-preview":"max-video-preview:-1"},"canonical":"https:\/\/www.vallonchene.fr\/es\/producto\/tetradium-daniellii\/","og_locale":"es_ES","og_type":"article","og_title":"TETRADIUM daniellii","og_description":"El tetradio de Daniell es muy apreciado por las abejas. Las flores del TETRADIUM daniellii desprenden un agradable perfume. Es mel\u00edfero.","og_url":"https:\/\/www.vallonchene.fr\/es\/producto\/tetradium-daniellii\/","og_site_name":"Vallonch\u00eane","article_publisher":"https:\/\/www.facebook.com\/vallonchene.fr","og_image":[{"width":1200,"height":1200,"url":"https:\/\/www.vallonchene.fr\/wp-content\/uploads\/2023\/10\/TETRADIUM-daniellii_04.webp","type":"image\/webp"}],"twitter_card":"summary_large_image","twitter_misc":{"Disponibilidad":"En stock"},"schema":{"@context":"https:\/\/schema.org","@graph":[{"@type":"WebPage","@id":"https:\/\/www.vallonchene.fr\/es\/producto\/tetradium-daniellii\/","url":"https:\/\/www.vallonchene.fr\/es\/producto\/tetradium-daniellii\/","name":"TETRADIUM daniellii - tetradio de Daniell","isPartOf":{"@id":"https:\/\/www.vallonchene.fr\/es\/#website"},"primaryImageOfPage":{"@id":"https:\/\/www.vallonchene.fr\/es\/producto\/tetradium-daniellii\/#primaryimage"},"image":{"@id":"https:\/\/www.vallonchene.fr\/es\/producto\/tetradium-daniellii\/#primaryimage"},"thumbnailUrl":"https:\/\/www.vallonchene.fr\/wp-content\/uploads\/2023\/10\/TETRADIUM-daniellii_04.webp","datePublished":"2021-08-31T11:40:48+00:00","description":"El tetradio de Daniell es muy apreciado por las abejas. Las flores del TETRADIUM daniellii desprenden un agradable perfume. Es mel\u00edfero.","breadcrumb":{"@id":"https:\/\/www.vallonchene.fr\/es\/producto\/tetradium-daniellii\/#breadcrumb"},"inLanguage":"es","potentialAction":[{"@type":"ReadAction","target":["https:\/\/www.vallonchene.fr\/es\/producto\/tetradium-daniellii\/"]}]},{"@type":"ImageObject","inLanguage":"es","@id":"https:\/\/www.vallonchene.fr\/es\/producto\/tetradium-daniellii\/#primaryimage","url":"https:\/\/www.vallonchene.fr\/wp-content\/uploads\/2023\/10\/TETRADIUM-daniellii_04.webp","contentUrl":"https:\/\/www.vallonchene.fr\/wp-content\/uploads\/2023\/10\/TETRADIUM-daniellii_04.webp","width":1200,"height":1200,"caption":"Flores antes de la floraci\u00f3n del TETRADIUM daniellii con su follaje verde."},{"@type":"BreadcrumbList","@id":"https:\/\/www.vallonchene.fr\/es\/producto\/tetradium-daniellii\/#breadcrumb","itemListElement":[{"@type":"ListItem","position":1,"name":"Home","item":"https:\/\/www.vallonchene.fr\/es\/"},{"@type":"ListItem","position":2,"name":"Tienda","item":"https:\/\/www.vallonchene.fr\/tienda\/"},{"@type":"ListItem","position":3,"name":"TETRADIUM daniellii"}]},{"@type":"WebSite","@id":"https:\/\/www.vallonchene.fr\/es\/#website","url":"https:\/\/www.vallonchene.fr\/es\/","name":"Vallonch\u00eane","description":"El vivero donde la calidad tiene sus ra\u00edces \u2013 Tel.: +33 (0)2.35.90.02.02","publisher":{"@id":"https:\/\/www.vallonchene.fr\/es\/#organization"},"potentialAction":[{"@type":"SearchAction","target":{"@type":"EntryPoint","urlTemplate":"https:\/\/www.vallonchene.fr\/es\/?s={search_term_string}"},"query-input":{"@type":"PropertyValueSpecification","valueRequired":true,"valueName":"search_term_string"}}],"inLanguage":"es"},{"@type":"Organization","@id":"https:\/\/www.vallonchene.fr\/es\/#organization","name":"VALLONCHENE","url":"https:\/\/www.vallonchene.fr\/es\/","logo":{"@type":"ImageObject","inLanguage":"es","@id":"https:\/\/www.vallonchene.fr\/es\/#\/schema\/logo\/image\/","url":"https:\/\/www.vallonchene.fr\/wp-content\/uploads\/2023\/03\/Logo-Vallonchene-site-et-R_hauteur_100.png","contentUrl":"https:\/\/www.vallonchene.fr\/wp-content\/uploads\/2023\/03\/Logo-Vallonchene-site-et-R_hauteur_100.png","width":221,"height":100,"caption":"VALLONCHENE"},"image":{"@id":"https:\/\/www.vallonchene.fr\/es\/#\/schema\/logo\/image\/"},"sameAs":["https:\/\/www.facebook.com\/vallonchene.fr","https:\/\/www.instagram.com\/vallonchene\/","https:\/\/www.pinterest.fr\/vallonchene\/"],"taxID":"49454502300017","hasMerchantReturnPolicy":{"@type":"MerchantReturnPolicy","merchantReturnLink":"https:\/\/www.vallonchene.fr\/remboursements_retours\/"}}]},"og_availability":"instock","product_availability":"instock","product_retailer_item_id":"76746","product_condition":"new"},"_links":{"self":[{"href":"https:\/\/www.vallonchene.fr\/es\/wp-json\/wp\/v2\/product\/57152","targetHints":{"allow":["GET"]}}],"collection":[{"href":"https:\/\/www.vallonchene.fr\/es\/wp-json\/wp\/v2\/product"}],"about":[{"href":"https:\/\/www.vallonchene.fr\/es\/wp-json\/wp\/v2\/types\/product"}],"replies":[{"embeddable":true,"href":"https:\/\/www.vallonchene.fr\/es\/wp-json\/wp\/v2\/comments?post=57152"}],"wp:featuredmedia":[{"embeddable":true,"href":"https:\/\/www.vallonchene.fr\/es\/wp-json\/wp\/v2\/media\/56935"}],"wp:attachment":[{"href":"https:\/\/www.vallonchene.fr\/es\/wp-json\/wp\/v2\/media?parent=57152"}],"wp:term":[{"taxonomy":"product_brand","embeddable":true,"href":"https:\/\/www.vallonchene.fr\/es\/wp-json\/wp\/v2\/product_brand?post=57152"},{"taxonomy":"product_cat","embeddable":true,"href":"https:\/\/www.vallonchene.fr\/es\/wp-json\/wp\/v2\/product_cat?post=57152"},{"taxonomy":"product_tag","embeddable":true,"href":"https:\/\/www.vallonchene.fr\/es\/wp-json\/wp\/v2\/product_tag?post=57152"}],"curies":[{"name":"wp","href":"https:\/\/api.w.org\/{rel}","templated":true}]}}