{"id":57071,"date":"2021-08-31T11:18:26","date_gmt":"2021-08-31T11:18:26","guid":{"rendered":"https:\/\/www.vallonchene.fr\/produit\/nandina-domestica-lemon-and-lime\/"},"modified":"2026-02-28T18:57:46","modified_gmt":"2026-02-28T17:57:46","slug":"nandina-domestica-lemon-and-lime","status":"publish","type":"product","link":"https:\/\/www.vallonchene.fr\/es\/producto\/nandina-domestica-lemon-and-lime\/","title":{"rendered":"NANDINA domestica &#8216;Lemon and Lime&#8217;"},"content":{"rendered":"","protected":false},"excerpt":{"rendered":"<p>Ce <b>bambou sacr\u00e9<\/b> est une forme naine. Le feuillage du <b>NANDINA domestica &#8216;Lemon &amp; Lime&#8217; (Lemon and Lime)<\/b> est dor\u00e9 pour finir vert.<\/p>\n","protected":false},"featured_media":57072,"comment_status":"open","ping_status":"closed","template":"","meta":[],"product_brand":[],"product_cat":[11499],"product_tag":[12940,12352,12351],"class_list":{"0":"post-57071","1":"product","2":"type-product","3":"status-publish","4":"has-post-thumbnail","6":"product_cat-arbustos-y-arboles","7":"product_tag-bambou-sacre","8":"product_tag-nandina-es","9":"product_tag-nandina-domestica-es","10":"pa_99-hauteurapproximativeapres1-50-a-100-cm","11":"pa_couleurdesfleurs-blanca","12":"pa_couleurdufeuillage-amarilla","13":"pa_couleurdufeuillage-verde","14":"pa_exigencesenhumidite-promedio","15":"pa_expositionspossibles-pleno-sol-de-12-a-17-min","16":"pa_expositionspossibles-sombra-parcial-evitar-el-sol-de-12-a-17-horas","17":"pa_hauteurlivree-20-a-25-cm-es","18":"pa_hauteurlivree-25-a-30-cm-es","19":"pa_hauteurlivree-40-a-50-cm-es","20":"pa_interetauprintemps-brotes-jovenes","21":"pa_interetauprintemps-follaje","22":"pa_interetenautomne-follaje","23":"pa_interetenete-flores","24":"pa_interetenete-follaje","25":"pa_interetenhiver-follaje","26":"pa_naturedufeuillage-siempreverde","27":"pa_naturesdesolpossibles-normal-es","28":"pa_periodedefloraison-verano","29":"pa_periodedetaille-febrero","30":"pa_phdusolacceptable-acido-menos-de-6_5","31":"pa_phdusolacceptable-calcareo-mas-de-7_5","32":"pa_phdusolacceptable-neutro-entre-6_5-y-7_5","33":"pa_portgraphisme-arbustivo-es","34":"pa_resistanceaufroidrusticite-resistente-hasta-menos-20-c","35":"pa_tailledepot-maceta-de-15-litros","36":"pa_tailledepot-maceta-de-2-litros","37":"pa_tailledepot-maceta-de-4-litros","38":"pa_utilisationpossible-arriate","39":"pa_utilisationpossible-contenedor-o-olla","41":"first","42":"outofstock","43":"taxable","44":"shipping-taxable","45":"purchasable","46":"product-type-variable"},"supplier_id":null,"supplier_sku":"","barcode":null,"atum_controlled":true,"out_stock_date":null,"out_stock_threshold":null,"inheritable":true,"inbound_stock":0,"stock_on_hold":0,"sold_today":0,"sales_last_days":0,"reserved_stock":0,"customer_returns":0,"warehouse_damage":0,"lost_in_post":0,"other_logs":0,"out_stock_days":null,"lost_sales":0,"has_location":false,"update_date":"2026-03-19T09:41:47","atum_locations":[],"atum_stock_status":"instock","restock_status":false,"low_stock_amount":"","sales_update_date":"2024-01-07T09:59:27","calc_backorders":null,"yoast_head":"<!-- This site is optimized with the Yoast SEO Premium plugin v27.4 (Yoast SEO v27.4) - https:\/\/yoast.com\/product\/yoast-seo-premium-wordpress\/ -->\n<title>NANDINA domestica &#039;Lemon and Lime&#039; - bambou sacr\u00e9<\/title>\n<meta name=\"description\" content=\"Ce bambou sacr\u00e9 est une forme naine. Le feuillage du NANDINA domestica &#039;Lemon &amp; Lime&#039; (Lemon and Lime) est dor\u00e9 pour finir vert.\" \/>\n<meta name=\"robots\" content=\"index, follow, max-snippet:-1, max-image-preview:large, max-video-preview:-1\" \/>\n<link rel=\"canonical\" href=\"https:\/\/www.vallonchene.fr\/es\/producto\/nandina-domestica-lemon-and-lime\/\" \/>\n<meta property=\"og:locale\" content=\"es_ES\" \/>\n<meta property=\"og:type\" content=\"article\" \/>\n<meta property=\"og:title\" content=\"NANDINA domestica &#039;Lemon and Lime&#039;\" \/>\n<meta property=\"og:description\" content=\"Ce bambou sacr\u00e9 est une forme naine. Le feuillage du NANDINA domestica &#039;Lemon &amp; Lime&#039; (Lemon and Lime) est dor\u00e9 pour finir vert.\" \/>\n<meta property=\"og:url\" content=\"https:\/\/www.vallonchene.fr\/es\/producto\/nandina-domestica-lemon-and-lime\/\" \/>\n<meta property=\"og:site_name\" content=\"Vallonch\u00eane\" \/>\n<meta property=\"article:publisher\" content=\"https:\/\/www.facebook.com\/vallonchene.fr\" \/>\n<meta property=\"article:modified_time\" content=\"2026-02-28T17:57:46+00:00\" \/>\n<meta property=\"og:image\" content=\"https:\/\/www.vallonchene.fr\/wp-content\/uploads\/2021\/08\/4054-732-Feuillage-du-NANDINA-domestica-Lemon-Lime-Lemon-and-Lime.jpg\" \/>\n\t<meta property=\"og:image:width\" content=\"1500\" \/>\n\t<meta property=\"og:image:height\" content=\"1500\" \/>\n\t<meta property=\"og:image:type\" content=\"image\/jpeg\" \/>\n<meta name=\"twitter:card\" content=\"summary_large_image\" \/>\n<meta name=\"twitter:label1\" content=\"Disponibilidad\" \/>\n\t<meta name=\"twitter:data1\" content=\"Agotado\" \/>\n<script type=\"application\/ld+json\" class=\"yoast-schema-graph\">{\"@context\":\"https:\\\/\\\/schema.org\",\"@graph\":[{\"@type\":\"WebPage\",\"@id\":\"https:\\\/\\\/www.vallonchene.fr\\\/es\\\/producto\\\/nandina-domestica-lemon-and-lime\\\/\",\"url\":\"https:\\\/\\\/www.vallonchene.fr\\\/es\\\/producto\\\/nandina-domestica-lemon-and-lime\\\/\",\"name\":\"NANDINA domestica 'Lemon and Lime' - bambou sacr\u00e9\",\"isPartOf\":{\"@id\":\"https:\\\/\\\/www.vallonchene.fr\\\/es\\\/#website\"},\"primaryImageOfPage\":{\"@id\":\"https:\\\/\\\/www.vallonchene.fr\\\/es\\\/producto\\\/nandina-domestica-lemon-and-lime\\\/#primaryimage\"},\"image\":{\"@id\":\"https:\\\/\\\/www.vallonchene.fr\\\/es\\\/producto\\\/nandina-domestica-lemon-and-lime\\\/#primaryimage\"},\"thumbnailUrl\":\"https:\\\/\\\/www.vallonchene.fr\\\/wp-content\\\/uploads\\\/2021\\\/08\\\/4054-732-Feuillage-du-NANDINA-domestica-Lemon-Lime-Lemon-and-Lime.jpg\",\"datePublished\":\"2021-08-31T11:18:26+00:00\",\"dateModified\":\"2026-02-28T17:57:46+00:00\",\"description\":\"Ce bambou sacr\u00e9 est une forme naine. Le feuillage du NANDINA domestica 'Lemon & Lime' (Lemon and Lime) est dor\u00e9 pour finir vert.\",\"breadcrumb\":{\"@id\":\"https:\\\/\\\/www.vallonchene.fr\\\/es\\\/producto\\\/nandina-domestica-lemon-and-lime\\\/#breadcrumb\"},\"inLanguage\":\"es\",\"potentialAction\":[{\"@type\":\"ReadAction\",\"target\":[\"https:\\\/\\\/www.vallonchene.fr\\\/es\\\/producto\\\/nandina-domestica-lemon-and-lime\\\/\"]}]},{\"@type\":\"ImageObject\",\"inLanguage\":\"es\",\"@id\":\"https:\\\/\\\/www.vallonchene.fr\\\/es\\\/producto\\\/nandina-domestica-lemon-and-lime\\\/#primaryimage\",\"url\":\"https:\\\/\\\/www.vallonchene.fr\\\/wp-content\\\/uploads\\\/2021\\\/08\\\/4054-732-Feuillage-du-NANDINA-domestica-Lemon-Lime-Lemon-and-Lime.jpg\",\"contentUrl\":\"https:\\\/\\\/www.vallonchene.fr\\\/wp-content\\\/uploads\\\/2021\\\/08\\\/4054-732-Feuillage-du-NANDINA-domestica-Lemon-Lime-Lemon-and-Lime.jpg\",\"width\":1500,\"height\":1500,\"caption\":\"Feuillage du NANDINA domestica 'Lemon & Lime' (Lemon and Lime)\"},{\"@type\":\"BreadcrumbList\",\"@id\":\"https:\\\/\\\/www.vallonchene.fr\\\/es\\\/producto\\\/nandina-domestica-lemon-and-lime\\\/#breadcrumb\",\"itemListElement\":[{\"@type\":\"ListItem\",\"position\":1,\"name\":\"Home\",\"item\":\"https:\\\/\\\/www.vallonchene.fr\\\/es\\\/\"},{\"@type\":\"ListItem\",\"position\":2,\"name\":\"Tienda\",\"item\":\"https:\\\/\\\/www.vallonchene.fr\\\/tienda\\\/\"},{\"@type\":\"ListItem\",\"position\":3,\"name\":\"NANDINA domestica &lsquo;Lemon and Lime&rsquo;\"}]},{\"@type\":\"WebSite\",\"@id\":\"https:\\\/\\\/www.vallonchene.fr\\\/es\\\/#website\",\"url\":\"https:\\\/\\\/www.vallonchene.fr\\\/es\\\/\",\"name\":\"Vallonch\u00eane\",\"description\":\"El vivero donde la calidad tiene sus ra\u00edces \u2013 Tel.: +33 (0)2.35.90.02.02\",\"publisher\":{\"@id\":\"https:\\\/\\\/www.vallonchene.fr\\\/es\\\/#organization\"},\"potentialAction\":[{\"@type\":\"SearchAction\",\"target\":{\"@type\":\"EntryPoint\",\"urlTemplate\":\"https:\\\/\\\/www.vallonchene.fr\\\/es\\\/?s={search_term_string}\"},\"query-input\":{\"@type\":\"PropertyValueSpecification\",\"valueRequired\":true,\"valueName\":\"search_term_string\"}}],\"inLanguage\":\"es\"},{\"@type\":\"Organization\",\"@id\":\"https:\\\/\\\/www.vallonchene.fr\\\/es\\\/#organization\",\"name\":\"VALLONCHENE\",\"url\":\"https:\\\/\\\/www.vallonchene.fr\\\/es\\\/\",\"logo\":{\"@type\":\"ImageObject\",\"inLanguage\":\"es\",\"@id\":\"https:\\\/\\\/www.vallonchene.fr\\\/es\\\/#\\\/schema\\\/logo\\\/image\\\/\",\"url\":\"https:\\\/\\\/www.vallonchene.fr\\\/wp-content\\\/uploads\\\/2023\\\/03\\\/Logo-Vallonchene-site-et-R_hauteur_100.png\",\"contentUrl\":\"https:\\\/\\\/www.vallonchene.fr\\\/wp-content\\\/uploads\\\/2023\\\/03\\\/Logo-Vallonchene-site-et-R_hauteur_100.png\",\"width\":221,\"height\":100,\"caption\":\"VALLONCHENE\"},\"image\":{\"@id\":\"https:\\\/\\\/www.vallonchene.fr\\\/es\\\/#\\\/schema\\\/logo\\\/image\\\/\"},\"sameAs\":[\"https:\\\/\\\/www.facebook.com\\\/vallonchene.fr\",\"https:\\\/\\\/www.instagram.com\\\/vallonchene\\\/\",\"https:\\\/\\\/www.pinterest.fr\\\/vallonchene\\\/\"],\"taxID\":\"49454502300017\",\"hasMerchantReturnPolicy\":{\"@type\":\"MerchantReturnPolicy\",\"merchantReturnLink\":\"https:\\\/\\\/www.vallonchene.fr\\\/remboursements_retours\\\/\"}}]}<\/script>\n<meta property=\"og:availability\" content=\"out of stock\" \/>\n<meta property=\"product:availability\" content=\"out of stock\" \/>\n<meta property=\"product:retailer_item_id\" content=\"69452\" \/>\n<meta property=\"product:condition\" content=\"new\" \/>\n<!-- \/ Yoast SEO Premium plugin. -->","yoast_head_json":{"title":"NANDINA domestica 'Lemon and Lime' - bambou sacr\u00e9","description":"Ce bambou sacr\u00e9 est une forme naine. Le feuillage du NANDINA domestica 'Lemon & Lime' (Lemon and Lime) est dor\u00e9 pour finir vert.","robots":{"index":"index","follow":"follow","max-snippet":"max-snippet:-1","max-image-preview":"max-image-preview:large","max-video-preview":"max-video-preview:-1"},"canonical":"https:\/\/www.vallonchene.fr\/es\/producto\/nandina-domestica-lemon-and-lime\/","og_locale":"es_ES","og_type":"article","og_title":"NANDINA domestica 'Lemon and Lime'","og_description":"Ce bambou sacr\u00e9 est une forme naine. Le feuillage du NANDINA domestica 'Lemon & Lime' (Lemon and Lime) est dor\u00e9 pour finir vert.","og_url":"https:\/\/www.vallonchene.fr\/es\/producto\/nandina-domestica-lemon-and-lime\/","og_site_name":"Vallonch\u00eane","article_publisher":"https:\/\/www.facebook.com\/vallonchene.fr","article_modified_time":"2026-02-28T17:57:46+00:00","og_image":[{"width":1500,"height":1500,"url":"https:\/\/www.vallonchene.fr\/wp-content\/uploads\/2021\/08\/4054-732-Feuillage-du-NANDINA-domestica-Lemon-Lime-Lemon-and-Lime.jpg","type":"image\/jpeg"}],"twitter_card":"summary_large_image","twitter_misc":{"Disponibilidad":"Agotado"},"schema":{"@context":"https:\/\/schema.org","@graph":[{"@type":"WebPage","@id":"https:\/\/www.vallonchene.fr\/es\/producto\/nandina-domestica-lemon-and-lime\/","url":"https:\/\/www.vallonchene.fr\/es\/producto\/nandina-domestica-lemon-and-lime\/","name":"NANDINA domestica 'Lemon and Lime' - bambou sacr\u00e9","isPartOf":{"@id":"https:\/\/www.vallonchene.fr\/es\/#website"},"primaryImageOfPage":{"@id":"https:\/\/www.vallonchene.fr\/es\/producto\/nandina-domestica-lemon-and-lime\/#primaryimage"},"image":{"@id":"https:\/\/www.vallonchene.fr\/es\/producto\/nandina-domestica-lemon-and-lime\/#primaryimage"},"thumbnailUrl":"https:\/\/www.vallonchene.fr\/wp-content\/uploads\/2021\/08\/4054-732-Feuillage-du-NANDINA-domestica-Lemon-Lime-Lemon-and-Lime.jpg","datePublished":"2021-08-31T11:18:26+00:00","dateModified":"2026-02-28T17:57:46+00:00","description":"Ce bambou sacr\u00e9 est une forme naine. Le feuillage du NANDINA domestica 'Lemon & Lime' (Lemon and Lime) est dor\u00e9 pour finir vert.","breadcrumb":{"@id":"https:\/\/www.vallonchene.fr\/es\/producto\/nandina-domestica-lemon-and-lime\/#breadcrumb"},"inLanguage":"es","potentialAction":[{"@type":"ReadAction","target":["https:\/\/www.vallonchene.fr\/es\/producto\/nandina-domestica-lemon-and-lime\/"]}]},{"@type":"ImageObject","inLanguage":"es","@id":"https:\/\/www.vallonchene.fr\/es\/producto\/nandina-domestica-lemon-and-lime\/#primaryimage","url":"https:\/\/www.vallonchene.fr\/wp-content\/uploads\/2021\/08\/4054-732-Feuillage-du-NANDINA-domestica-Lemon-Lime-Lemon-and-Lime.jpg","contentUrl":"https:\/\/www.vallonchene.fr\/wp-content\/uploads\/2021\/08\/4054-732-Feuillage-du-NANDINA-domestica-Lemon-Lime-Lemon-and-Lime.jpg","width":1500,"height":1500,"caption":"Feuillage du NANDINA domestica 'Lemon & Lime' (Lemon and Lime)"},{"@type":"BreadcrumbList","@id":"https:\/\/www.vallonchene.fr\/es\/producto\/nandina-domestica-lemon-and-lime\/#breadcrumb","itemListElement":[{"@type":"ListItem","position":1,"name":"Home","item":"https:\/\/www.vallonchene.fr\/es\/"},{"@type":"ListItem","position":2,"name":"Tienda","item":"https:\/\/www.vallonchene.fr\/tienda\/"},{"@type":"ListItem","position":3,"name":"NANDINA domestica &lsquo;Lemon and Lime&rsquo;"}]},{"@type":"WebSite","@id":"https:\/\/www.vallonchene.fr\/es\/#website","url":"https:\/\/www.vallonchene.fr\/es\/","name":"Vallonch\u00eane","description":"El vivero donde la calidad tiene sus ra\u00edces \u2013 Tel.: +33 (0)2.35.90.02.02","publisher":{"@id":"https:\/\/www.vallonchene.fr\/es\/#organization"},"potentialAction":[{"@type":"SearchAction","target":{"@type":"EntryPoint","urlTemplate":"https:\/\/www.vallonchene.fr\/es\/?s={search_term_string}"},"query-input":{"@type":"PropertyValueSpecification","valueRequired":true,"valueName":"search_term_string"}}],"inLanguage":"es"},{"@type":"Organization","@id":"https:\/\/www.vallonchene.fr\/es\/#organization","name":"VALLONCHENE","url":"https:\/\/www.vallonchene.fr\/es\/","logo":{"@type":"ImageObject","inLanguage":"es","@id":"https:\/\/www.vallonchene.fr\/es\/#\/schema\/logo\/image\/","url":"https:\/\/www.vallonchene.fr\/wp-content\/uploads\/2023\/03\/Logo-Vallonchene-site-et-R_hauteur_100.png","contentUrl":"https:\/\/www.vallonchene.fr\/wp-content\/uploads\/2023\/03\/Logo-Vallonchene-site-et-R_hauteur_100.png","width":221,"height":100,"caption":"VALLONCHENE"},"image":{"@id":"https:\/\/www.vallonchene.fr\/es\/#\/schema\/logo\/image\/"},"sameAs":["https:\/\/www.facebook.com\/vallonchene.fr","https:\/\/www.instagram.com\/vallonchene\/","https:\/\/www.pinterest.fr\/vallonchene\/"],"taxID":"49454502300017","hasMerchantReturnPolicy":{"@type":"MerchantReturnPolicy","merchantReturnLink":"https:\/\/www.vallonchene.fr\/remboursements_retours\/"}}]},"og_availability":"out of stock","product_availability":"out of stock","product_retailer_item_id":"69452","product_condition":"new"},"_links":{"self":[{"href":"https:\/\/www.vallonchene.fr\/es\/wp-json\/wp\/v2\/product\/57071","targetHints":{"allow":["GET"]}}],"collection":[{"href":"https:\/\/www.vallonchene.fr\/es\/wp-json\/wp\/v2\/product"}],"about":[{"href":"https:\/\/www.vallonchene.fr\/es\/wp-json\/wp\/v2\/types\/product"}],"replies":[{"embeddable":true,"href":"https:\/\/www.vallonchene.fr\/es\/wp-json\/wp\/v2\/comments?post=57071"}],"wp:featuredmedia":[{"embeddable":true,"href":"https:\/\/www.vallonchene.fr\/es\/wp-json\/wp\/v2\/media\/57072"}],"wp:attachment":[{"href":"https:\/\/www.vallonchene.fr\/es\/wp-json\/wp\/v2\/media?parent=57071"}],"wp:term":[{"taxonomy":"product_brand","embeddable":true,"href":"https:\/\/www.vallonchene.fr\/es\/wp-json\/wp\/v2\/product_brand?post=57071"},{"taxonomy":"product_cat","embeddable":true,"href":"https:\/\/www.vallonchene.fr\/es\/wp-json\/wp\/v2\/product_cat?post=57071"},{"taxonomy":"product_tag","embeddable":true,"href":"https:\/\/www.vallonchene.fr\/es\/wp-json\/wp\/v2\/product_tag?post=57071"}],"curies":[{"name":"wp","href":"https:\/\/api.w.org\/{rel}","templated":true}]}}