{"id":56987,"date":"2022-02-27T15:02:54","date_gmt":"2022-02-27T15:02:54","guid":{"rendered":"https:\/\/www.vallonchene.fr\/produit\/acer-palmatum-red-wood\/"},"modified":"2022-02-27T15:02:54","modified_gmt":"2022-02-27T14:02:54","slug":"acer-palmatum-red-wood","status":"publish","type":"product","link":"https:\/\/www.vallonchene.fr\/es\/producto\/acer-palmatum-red-wood\/","title":{"rendered":"ACER palmatum &#8216;Red Wood&#8217;"},"content":{"rendered":"","protected":false},"excerpt":{"rendered":"<p>Cet <strong>\u00e9rable du Japon<\/strong> a un\u00a0 jeune bois rouge. Le feuillage de l&#8217;<strong>ACER palmatum &#8216;Red Wood&#8217;<\/strong> est vert clair au printemps, devient vert fonc\u00e9 en \u00e9t\u00e9 et prend une couleur jaune orang\u00e9 \u00e0 l&#8217;automne.<\/p>\n","protected":false},"featured_media":56989,"comment_status":"open","ping_status":"closed","template":"","meta":[],"product_brand":[],"product_cat":[11499,11831],"product_tag":[11855,12273],"class_list":{"0":"post-56987","1":"product","2":"type-product","3":"status-publish","4":"has-post-thumbnail","6":"product_cat-arbustos-y-arboles","7":"product_cat-arces-japoneses","8":"product_tag-acer-es","9":"product_tag-acer-palmatum-es","10":"pa_99-hauteurapproximativeapres1-1_00-a-1_50-m","11":"pa_couleurdelecorce-roja","12":"pa_couleurdufeuillage-verde","13":"pa_exigencesenhumidite-promedio","14":"pa_expositionspossibles-pleno-sol-de-12-a-17-min","15":"pa_expositionspossibles-sombra-parcial-evitar-el-sol-de-12-a-17-horas","16":"pa_hauteurlivree-25-a-30-cm-es","17":"pa_hauteurlivree-50-a-60-cm-es","18":"pa_hauteurlivree-60-a-80-cm-es","19":"pa_hauteurlivree-80-a-100-cm-es","20":"pa_interetauprintemps-brotes-jovenes","21":"pa_interetauprintemps-corteza","22":"pa_interetauprintemps-follaje","23":"pa_interetauprintemps-habitus","24":"pa_interetenautomne-corteza","25":"pa_interetenautomne-follaje","26":"pa_interetenautomne-habitus","27":"pa_interetenete-corteza","28":"pa_interetenete-follaje","29":"pa_interetenete-habitus","30":"pa_interetenhiver-corteza","31":"pa_interetenhiver-habitus","32":"pa_naturedufeuillage-caduco","33":"pa_naturesdesolpossibles-ligero","34":"pa_naturesdesolpossibles-normal-es","35":"pa_particularites-adecuado-para-bonsai","36":"pa_particularites-corteza-notable","37":"pa_periodedetaille-junio","38":"pa_phdusolacceptable-acido-menos-de-6_5","39":"pa_phdusolacceptable-neutro-entre-6_5-y-7_5","40":"pa_portgraphisme-globoso","41":"pa_resistanceaufroidrusticite-resistente-por-debajo-de-menos-20-c","42":"pa_tailledepot-maceta-de-3-litros","43":"pa_tailledepot-maceta-de-5-litros","44":"pa_tailledepot-maceta-de-7_5-litros","45":"pa_tailledepot-maceta-de-9-cm-es","46":"pa_utilisationpossible-arriate","47":"pa_utilisationpossible-contenedor-o-olla","49":"first","50":"instock","51":"taxable","52":"shipping-taxable","53":"purchasable","54":"product-type-variable"},"supplier_id":null,"supplier_sku":"","barcode":null,"atum_controlled":true,"out_stock_date":null,"out_stock_threshold":null,"inheritable":true,"inbound_stock":0,"stock_on_hold":0,"sold_today":0,"sales_last_days":0,"reserved_stock":0,"customer_returns":0,"warehouse_damage":0,"lost_in_post":0,"other_logs":0,"out_stock_days":null,"lost_sales":0,"has_location":false,"update_date":"2026-02-18T15:50:19","atum_locations":[],"atum_stock_status":"instock","restock_status":false,"low_stock_amount":"","sales_update_date":"2026-02-18T15:50:19","calc_backorders":null,"yoast_head":"<!-- This site is optimized with the Yoast SEO Premium plugin v27.4 (Yoast SEO v27.4) - https:\/\/yoast.com\/product\/yoast-seo-premium-wordpress\/ -->\n<title>ACER palmatum &#039;Red Wood&#039; - \u00e9rable du Japon<\/title>\n<meta name=\"description\" content=\"Cet \u00e9rable du Japon a un jeune bois rouge. Le feuillage de l&#039;ACER palmatum &#039;Red Wood&#039; est vert clair au printemps et devient vert fonc\u00e9 en \u00e9t\u00e9.\" \/>\n<meta name=\"robots\" content=\"index, follow, max-snippet:-1, max-image-preview:large, max-video-preview:-1\" \/>\n<link rel=\"canonical\" href=\"https:\/\/www.vallonchene.fr\/es\/producto\/acer-palmatum-red-wood\/\" \/>\n<meta property=\"og:locale\" content=\"es_ES\" \/>\n<meta property=\"og:type\" content=\"article\" \/>\n<meta property=\"og:title\" content=\"ACER palmatum &#039;Red Wood&#039;\" \/>\n<meta property=\"og:description\" content=\"Cet \u00e9rable du Japon a un jeune bois rouge. Le feuillage de l&#039;ACER palmatum &#039;Red Wood&#039; est vert clair au printemps et devient vert fonc\u00e9 en \u00e9t\u00e9.\" \/>\n<meta property=\"og:url\" content=\"https:\/\/www.vallonchene.fr\/es\/producto\/acer-palmatum-red-wood\/\" \/>\n<meta property=\"og:site_name\" content=\"Vallonch\u00eane\" \/>\n<meta property=\"article:publisher\" content=\"https:\/\/www.facebook.com\/vallonchene.fr\" \/>\n<meta property=\"og:image\" content=\"https:\/\/www.vallonchene.fr\/wp-content\/uploads\/2022\/02\/4220-902-Feuillage-printanier-de-lACER-palmatum-Red-Wood.jpg\" \/>\n\t<meta property=\"og:image:width\" content=\"800\" \/>\n\t<meta property=\"og:image:height\" content=\"800\" \/>\n\t<meta property=\"og:image:type\" content=\"image\/jpeg\" \/>\n<meta name=\"twitter:card\" content=\"summary_large_image\" \/>\n<meta name=\"twitter:label1\" content=\"Disponibilidad\" \/>\n\t<meta name=\"twitter:data1\" content=\"En stock\" \/>\n<script type=\"application\/ld+json\" class=\"yoast-schema-graph\">{\"@context\":\"https:\\\/\\\/schema.org\",\"@graph\":[{\"@type\":\"WebPage\",\"@id\":\"https:\\\/\\\/www.vallonchene.fr\\\/es\\\/producto\\\/acer-palmatum-red-wood\\\/\",\"url\":\"https:\\\/\\\/www.vallonchene.fr\\\/es\\\/producto\\\/acer-palmatum-red-wood\\\/\",\"name\":\"ACER palmatum 'Red Wood' - \u00e9rable du Japon\",\"isPartOf\":{\"@id\":\"https:\\\/\\\/www.vallonchene.fr\\\/es\\\/#website\"},\"primaryImageOfPage\":{\"@id\":\"https:\\\/\\\/www.vallonchene.fr\\\/es\\\/producto\\\/acer-palmatum-red-wood\\\/#primaryimage\"},\"image\":{\"@id\":\"https:\\\/\\\/www.vallonchene.fr\\\/es\\\/producto\\\/acer-palmatum-red-wood\\\/#primaryimage\"},\"thumbnailUrl\":\"https:\\\/\\\/www.vallonchene.fr\\\/wp-content\\\/uploads\\\/2022\\\/02\\\/4220-902-Feuillage-printanier-de-lACER-palmatum-Red-Wood.jpg\",\"datePublished\":\"2022-02-27T15:02:54+00:00\",\"description\":\"Cet \u00e9rable du Japon a un jeune bois rouge. Le feuillage de l'ACER palmatum 'Red Wood' est vert clair au printemps et devient vert fonc\u00e9 en \u00e9t\u00e9.\",\"breadcrumb\":{\"@id\":\"https:\\\/\\\/www.vallonchene.fr\\\/es\\\/producto\\\/acer-palmatum-red-wood\\\/#breadcrumb\"},\"inLanguage\":\"es\",\"potentialAction\":[{\"@type\":\"ReadAction\",\"target\":[\"https:\\\/\\\/www.vallonchene.fr\\\/es\\\/producto\\\/acer-palmatum-red-wood\\\/\"]}]},{\"@type\":\"ImageObject\",\"inLanguage\":\"es\",\"@id\":\"https:\\\/\\\/www.vallonchene.fr\\\/es\\\/producto\\\/acer-palmatum-red-wood\\\/#primaryimage\",\"url\":\"https:\\\/\\\/www.vallonchene.fr\\\/wp-content\\\/uploads\\\/2022\\\/02\\\/4220-902-Feuillage-printanier-de-lACER-palmatum-Red-Wood.jpg\",\"contentUrl\":\"https:\\\/\\\/www.vallonchene.fr\\\/wp-content\\\/uploads\\\/2022\\\/02\\\/4220-902-Feuillage-printanier-de-lACER-palmatum-Red-Wood.jpg\",\"width\":800,\"height\":800,\"caption\":\"Feuillage printanier de l'ACER palmatum 'Red Wood'\"},{\"@type\":\"BreadcrumbList\",\"@id\":\"https:\\\/\\\/www.vallonchene.fr\\\/es\\\/producto\\\/acer-palmatum-red-wood\\\/#breadcrumb\",\"itemListElement\":[{\"@type\":\"ListItem\",\"position\":1,\"name\":\"Home\",\"item\":\"https:\\\/\\\/www.vallonchene.fr\\\/es\\\/\"},{\"@type\":\"ListItem\",\"position\":2,\"name\":\"Tienda\",\"item\":\"https:\\\/\\\/www.vallonchene.fr\\\/tienda\\\/\"},{\"@type\":\"ListItem\",\"position\":3,\"name\":\"ACER palmatum &lsquo;Red Wood&rsquo;\"}]},{\"@type\":\"WebSite\",\"@id\":\"https:\\\/\\\/www.vallonchene.fr\\\/es\\\/#website\",\"url\":\"https:\\\/\\\/www.vallonchene.fr\\\/es\\\/\",\"name\":\"Vallonch\u00eane\",\"description\":\"El vivero donde la calidad tiene sus ra\u00edces \u2013 Tel.: +33 (0)2.35.90.02.02\",\"publisher\":{\"@id\":\"https:\\\/\\\/www.vallonchene.fr\\\/es\\\/#organization\"},\"potentialAction\":[{\"@type\":\"SearchAction\",\"target\":{\"@type\":\"EntryPoint\",\"urlTemplate\":\"https:\\\/\\\/www.vallonchene.fr\\\/es\\\/?s={search_term_string}\"},\"query-input\":{\"@type\":\"PropertyValueSpecification\",\"valueRequired\":true,\"valueName\":\"search_term_string\"}}],\"inLanguage\":\"es\"},{\"@type\":\"Organization\",\"@id\":\"https:\\\/\\\/www.vallonchene.fr\\\/es\\\/#organization\",\"name\":\"VALLONCHENE\",\"url\":\"https:\\\/\\\/www.vallonchene.fr\\\/es\\\/\",\"logo\":{\"@type\":\"ImageObject\",\"inLanguage\":\"es\",\"@id\":\"https:\\\/\\\/www.vallonchene.fr\\\/es\\\/#\\\/schema\\\/logo\\\/image\\\/\",\"url\":\"https:\\\/\\\/www.vallonchene.fr\\\/wp-content\\\/uploads\\\/2023\\\/03\\\/Logo-Vallonchene-site-et-R_hauteur_100.png\",\"contentUrl\":\"https:\\\/\\\/www.vallonchene.fr\\\/wp-content\\\/uploads\\\/2023\\\/03\\\/Logo-Vallonchene-site-et-R_hauteur_100.png\",\"width\":221,\"height\":100,\"caption\":\"VALLONCHENE\"},\"image\":{\"@id\":\"https:\\\/\\\/www.vallonchene.fr\\\/es\\\/#\\\/schema\\\/logo\\\/image\\\/\"},\"sameAs\":[\"https:\\\/\\\/www.facebook.com\\\/vallonchene.fr\",\"https:\\\/\\\/www.instagram.com\\\/vallonchene\\\/\",\"https:\\\/\\\/www.pinterest.fr\\\/vallonchene\\\/\"],\"taxID\":\"49454502300017\",\"hasMerchantReturnPolicy\":{\"@type\":\"MerchantReturnPolicy\",\"merchantReturnLink\":\"https:\\\/\\\/www.vallonchene.fr\\\/remboursements_retours\\\/\"}}]}<\/script>\n<meta property=\"og:availability\" content=\"instock\" \/>\n<meta property=\"product:availability\" content=\"instock\" \/>\n<meta property=\"product:retailer_item_id\" content=\"61164\" \/>\n<meta property=\"product:condition\" content=\"new\" \/>\n<!-- \/ Yoast SEO Premium plugin. -->","yoast_head_json":{"title":"ACER palmatum 'Red Wood' - \u00e9rable du Japon","description":"Cet \u00e9rable du Japon a un jeune bois rouge. Le feuillage de l'ACER palmatum 'Red Wood' est vert clair au printemps et devient vert fonc\u00e9 en \u00e9t\u00e9.","robots":{"index":"index","follow":"follow","max-snippet":"max-snippet:-1","max-image-preview":"max-image-preview:large","max-video-preview":"max-video-preview:-1"},"canonical":"https:\/\/www.vallonchene.fr\/es\/producto\/acer-palmatum-red-wood\/","og_locale":"es_ES","og_type":"article","og_title":"ACER palmatum 'Red Wood'","og_description":"Cet \u00e9rable du Japon a un jeune bois rouge. Le feuillage de l'ACER palmatum 'Red Wood' est vert clair au printemps et devient vert fonc\u00e9 en \u00e9t\u00e9.","og_url":"https:\/\/www.vallonchene.fr\/es\/producto\/acer-palmatum-red-wood\/","og_site_name":"Vallonch\u00eane","article_publisher":"https:\/\/www.facebook.com\/vallonchene.fr","og_image":[{"width":800,"height":800,"url":"https:\/\/www.vallonchene.fr\/wp-content\/uploads\/2022\/02\/4220-902-Feuillage-printanier-de-lACER-palmatum-Red-Wood.jpg","type":"image\/jpeg"}],"twitter_card":"summary_large_image","twitter_misc":{"Disponibilidad":"En stock"},"schema":{"@context":"https:\/\/schema.org","@graph":[{"@type":"WebPage","@id":"https:\/\/www.vallonchene.fr\/es\/producto\/acer-palmatum-red-wood\/","url":"https:\/\/www.vallonchene.fr\/es\/producto\/acer-palmatum-red-wood\/","name":"ACER palmatum 'Red Wood' - \u00e9rable du Japon","isPartOf":{"@id":"https:\/\/www.vallonchene.fr\/es\/#website"},"primaryImageOfPage":{"@id":"https:\/\/www.vallonchene.fr\/es\/producto\/acer-palmatum-red-wood\/#primaryimage"},"image":{"@id":"https:\/\/www.vallonchene.fr\/es\/producto\/acer-palmatum-red-wood\/#primaryimage"},"thumbnailUrl":"https:\/\/www.vallonchene.fr\/wp-content\/uploads\/2022\/02\/4220-902-Feuillage-printanier-de-lACER-palmatum-Red-Wood.jpg","datePublished":"2022-02-27T15:02:54+00:00","description":"Cet \u00e9rable du Japon a un jeune bois rouge. Le feuillage de l'ACER palmatum 'Red Wood' est vert clair au printemps et devient vert fonc\u00e9 en \u00e9t\u00e9.","breadcrumb":{"@id":"https:\/\/www.vallonchene.fr\/es\/producto\/acer-palmatum-red-wood\/#breadcrumb"},"inLanguage":"es","potentialAction":[{"@type":"ReadAction","target":["https:\/\/www.vallonchene.fr\/es\/producto\/acer-palmatum-red-wood\/"]}]},{"@type":"ImageObject","inLanguage":"es","@id":"https:\/\/www.vallonchene.fr\/es\/producto\/acer-palmatum-red-wood\/#primaryimage","url":"https:\/\/www.vallonchene.fr\/wp-content\/uploads\/2022\/02\/4220-902-Feuillage-printanier-de-lACER-palmatum-Red-Wood.jpg","contentUrl":"https:\/\/www.vallonchene.fr\/wp-content\/uploads\/2022\/02\/4220-902-Feuillage-printanier-de-lACER-palmatum-Red-Wood.jpg","width":800,"height":800,"caption":"Feuillage printanier de l'ACER palmatum 'Red Wood'"},{"@type":"BreadcrumbList","@id":"https:\/\/www.vallonchene.fr\/es\/producto\/acer-palmatum-red-wood\/#breadcrumb","itemListElement":[{"@type":"ListItem","position":1,"name":"Home","item":"https:\/\/www.vallonchene.fr\/es\/"},{"@type":"ListItem","position":2,"name":"Tienda","item":"https:\/\/www.vallonchene.fr\/tienda\/"},{"@type":"ListItem","position":3,"name":"ACER palmatum &lsquo;Red Wood&rsquo;"}]},{"@type":"WebSite","@id":"https:\/\/www.vallonchene.fr\/es\/#website","url":"https:\/\/www.vallonchene.fr\/es\/","name":"Vallonch\u00eane","description":"El vivero donde la calidad tiene sus ra\u00edces \u2013 Tel.: +33 (0)2.35.90.02.02","publisher":{"@id":"https:\/\/www.vallonchene.fr\/es\/#organization"},"potentialAction":[{"@type":"SearchAction","target":{"@type":"EntryPoint","urlTemplate":"https:\/\/www.vallonchene.fr\/es\/?s={search_term_string}"},"query-input":{"@type":"PropertyValueSpecification","valueRequired":true,"valueName":"search_term_string"}}],"inLanguage":"es"},{"@type":"Organization","@id":"https:\/\/www.vallonchene.fr\/es\/#organization","name":"VALLONCHENE","url":"https:\/\/www.vallonchene.fr\/es\/","logo":{"@type":"ImageObject","inLanguage":"es","@id":"https:\/\/www.vallonchene.fr\/es\/#\/schema\/logo\/image\/","url":"https:\/\/www.vallonchene.fr\/wp-content\/uploads\/2023\/03\/Logo-Vallonchene-site-et-R_hauteur_100.png","contentUrl":"https:\/\/www.vallonchene.fr\/wp-content\/uploads\/2023\/03\/Logo-Vallonchene-site-et-R_hauteur_100.png","width":221,"height":100,"caption":"VALLONCHENE"},"image":{"@id":"https:\/\/www.vallonchene.fr\/es\/#\/schema\/logo\/image\/"},"sameAs":["https:\/\/www.facebook.com\/vallonchene.fr","https:\/\/www.instagram.com\/vallonchene\/","https:\/\/www.pinterest.fr\/vallonchene\/"],"taxID":"49454502300017","hasMerchantReturnPolicy":{"@type":"MerchantReturnPolicy","merchantReturnLink":"https:\/\/www.vallonchene.fr\/remboursements_retours\/"}}]},"og_availability":"instock","product_availability":"instock","product_retailer_item_id":"61164","product_condition":"new"},"_links":{"self":[{"href":"https:\/\/www.vallonchene.fr\/es\/wp-json\/wp\/v2\/product\/56987","targetHints":{"allow":["GET"]}}],"collection":[{"href":"https:\/\/www.vallonchene.fr\/es\/wp-json\/wp\/v2\/product"}],"about":[{"href":"https:\/\/www.vallonchene.fr\/es\/wp-json\/wp\/v2\/types\/product"}],"replies":[{"embeddable":true,"href":"https:\/\/www.vallonchene.fr\/es\/wp-json\/wp\/v2\/comments?post=56987"}],"wp:featuredmedia":[{"embeddable":true,"href":"https:\/\/www.vallonchene.fr\/es\/wp-json\/wp\/v2\/media\/56989"}],"wp:attachment":[{"href":"https:\/\/www.vallonchene.fr\/es\/wp-json\/wp\/v2\/media?parent=56987"}],"wp:term":[{"taxonomy":"product_brand","embeddable":true,"href":"https:\/\/www.vallonchene.fr\/es\/wp-json\/wp\/v2\/product_brand?post=56987"},{"taxonomy":"product_cat","embeddable":true,"href":"https:\/\/www.vallonchene.fr\/es\/wp-json\/wp\/v2\/product_cat?post=56987"},{"taxonomy":"product_tag","embeddable":true,"href":"https:\/\/www.vallonchene.fr\/es\/wp-json\/wp\/v2\/product_tag?post=56987"}],"curies":[{"name":"wp","href":"https:\/\/api.w.org\/{rel}","templated":true}]}}