{"id":5671,"date":"2021-08-31T10:58:01","date_gmt":"2021-08-31T10:58:01","guid":{"rendered":"https:\/\/testing.vallonchene.fr\/produit\/fagus-sylvatica-dawyck-purple\/"},"modified":"2024-09-27T08:26:28","modified_gmt":"2024-09-27T08:26:28","slug":"fagus-sylvatica-dawyck-purple","status":"publish","type":"product","link":"https:\/\/www.vallonchene.fr\/es\/producto\/fagus-sylvatica-dawyck-purple\/","title":{"rendered":"FAGUS sylvatica &#8216;Dawyck Purple&#8217;"},"content":{"rendered":"","protected":false},"excerpt":{"rendered":"<p>Cet <strong>h\u00eatre commun<\/strong> pousse en forme de colonne. Le feuillage du <strong>FAGUS sylvatica &#8216;Dawyck Purple&#8217;<\/strong> est pourpre. Son \u00e9corce est gris clair. Il est parfaitement rustique et supporte tr\u00e8s bien la taille.<\/p>\n","protected":false},"featured_media":5665,"comment_status":"open","ping_status":"closed","template":"","meta":[],"product_brand":[],"product_cat":[11499],"product_tag":[2786,12254,12253,2785,2780,2782,2781],"class_list":{"0":"post-5671","1":"product","2":"type-product","3":"status-publish","4":"has-post-thumbnail","6":"product_cat-arbustos-y-arboles","7":"product_tag-dawyck-purple","8":"product_tag-fagus-es","9":"product_tag-fagus-sylvatica-es","10":"product_tag-fagus-sylvatica-dawyck-purple","11":"product_tag-hetre-commun","12":"product_tag-hetre-en-colonne","13":"product_tag-hetre-fastigie","14":"pa_99-hauteurapproximativeapres1-2-a-3-m","15":"pa_couleurdelecorce-gris-es","16":"pa_couleurdufeuillage-roja","17":"pa_exigencesenhumidite-moderadamente-humedo-a-humedo","18":"pa_exigencesenhumidite-promedio","19":"pa_exigencesenhumidite-seco","20":"pa_expositionspossibles-pleno-sol-de-12-a-17-min","21":"pa_hauteurlivree-125-a-150-cm-es","22":"pa_interetauprintemps-follaje","23":"pa_interetauprintemps-habitus","24":"pa_interetenautomne-follaje","25":"pa_interetenautomne-habitus","26":"pa_interetenete-follaje","27":"pa_interetenete-habitus","28":"pa_interetenhiver-habitus","29":"pa_naturedufeuillage-caduco","30":"pa_naturesdesolpossibles-ligero","31":"pa_naturesdesolpossibles-pesado","32":"pa_naturesdesolpossibles-normal-es","33":"pa_particularites-habitus","34":"pa_periodedetaille-marzo","35":"pa_phdusolacceptable-acido-menos-de-6_5","36":"pa_phdusolacceptable-calcareo-mas-de-7_5","37":"pa_phdusolacceptable-neutro-entre-6_5-y-7_5","38":"pa_portgraphisme-fastigiado","39":"pa_resistanceaufroidrusticite-resistente-por-debajo-de-menos-20-c","40":"pa_tailledepot-maceta-de-4-litros","41":"pa_utilisationpossible-aislado","42":"pa_utilisationpossible-arriate","44":"first","45":"outofstock","46":"taxable","47":"shipping-taxable","48":"purchasable","49":"product-type-variable","50":"has-default-attributes"},"supplier_id":null,"supplier_sku":"","barcode":null,"atum_controlled":true,"out_stock_date":null,"out_stock_threshold":null,"inheritable":false,"inbound_stock":null,"stock_on_hold":null,"sold_today":null,"sales_last_days":null,"reserved_stock":0,"customer_returns":null,"warehouse_damage":null,"lost_in_post":null,"other_logs":null,"out_stock_days":null,"lost_sales":null,"has_location":null,"update_date":"2024-09-27T06:29:40","atum_locations":[],"atum_stock_status":"outofstock","restock_status":false,"low_stock_amount":"","sales_update_date":null,"calc_backorders":null,"yoast_head":"<!-- This site is optimized with the Yoast SEO Premium plugin v27.5 (Yoast SEO v27.5) - https:\/\/yoast.com\/product\/yoast-seo-premium-wordpress\/ -->\n<title>FAGUS sylvatica &#039;Dawyck Purple&#039; - h\u00eatre commun<\/title>\n<meta name=\"description\" content=\"Cet h\u00eatre commun pousse en forme de colonne. Le feuillage du FAGUS sylvatica &#039;Dawyck Purple&#039; est pourpre. Son \u00e9corce est gris clair. Il est parfaitement rustique et supporte tr\u00e8s bien la taille.\" \/>\n<meta name=\"robots\" content=\"index, follow, max-snippet:-1, max-image-preview:large, max-video-preview:-1\" \/>\n<link rel=\"canonical\" href=\"https:\/\/www.vallonchene.fr\/es\/producto\/fagus-sylvatica-dawyck-purple\/\" \/>\n<meta property=\"og:locale\" content=\"es_ES\" \/>\n<meta property=\"og:type\" content=\"article\" \/>\n<meta property=\"og:title\" content=\"FAGUS sylvatica &#039;Dawyck Purple&#039;\" \/>\n<meta property=\"og:description\" content=\"Cet h\u00eatre commun pousse en forme de colonne. Le feuillage du FAGUS sylvatica &#039;Dawyck Purple&#039; est pourpre. Son \u00e9corce est gris clair. Il est parfaitement rustique et supporte tr\u00e8s bien la taille.\" \/>\n<meta property=\"og:url\" content=\"https:\/\/www.vallonchene.fr\/es\/producto\/fagus-sylvatica-dawyck-purple\/\" \/>\n<meta property=\"og:site_name\" content=\"Vallonch\u00eane\" \/>\n<meta property=\"article:publisher\" content=\"https:\/\/www.facebook.com\/vallonchene.fr\" \/>\n<meta property=\"article:modified_time\" content=\"2024-09-27T08:26:28+00:00\" \/>\n<meta property=\"og:image\" content=\"https:\/\/www.vallonchene.fr\/wp-content\/uploads\/2021\/08\/1345-8e4-FAGUS-sylvatica-Dawyck-Purple-en-Mai.jpg\" \/>\n\t<meta property=\"og:image:width\" content=\"1600\" \/>\n\t<meta property=\"og:image:height\" content=\"1600\" \/>\n\t<meta property=\"og:image:type\" content=\"image\/jpeg\" \/>\n<meta name=\"twitter:card\" content=\"summary_large_image\" \/>\n<meta name=\"twitter:label1\" content=\"Disponibilidad\" \/>\n\t<meta name=\"twitter:data1\" content=\"Agotado\" \/>\n<script type=\"application\/ld+json\" class=\"yoast-schema-graph\">{\"@context\":\"https:\\\/\\\/schema.org\",\"@graph\":[{\"@type\":\"WebPage\",\"@id\":\"https:\\\/\\\/www.vallonchene.fr\\\/es\\\/producto\\\/fagus-sylvatica-dawyck-purple\\\/\",\"url\":\"https:\\\/\\\/www.vallonchene.fr\\\/es\\\/producto\\\/fagus-sylvatica-dawyck-purple\\\/\",\"name\":\"FAGUS sylvatica 'Dawyck Purple' - h\u00eatre commun\",\"isPartOf\":{\"@id\":\"https:\\\/\\\/www.vallonchene.fr\\\/es\\\/#website\"},\"primaryImageOfPage\":{\"@id\":\"https:\\\/\\\/www.vallonchene.fr\\\/es\\\/producto\\\/fagus-sylvatica-dawyck-purple\\\/#primaryimage\"},\"image\":{\"@id\":\"https:\\\/\\\/www.vallonchene.fr\\\/es\\\/producto\\\/fagus-sylvatica-dawyck-purple\\\/#primaryimage\"},\"thumbnailUrl\":\"https:\\\/\\\/www.vallonchene.fr\\\/wp-content\\\/uploads\\\/2021\\\/08\\\/1345-8e4-FAGUS-sylvatica-Dawyck-Purple-en-Mai.jpg\",\"datePublished\":\"2021-08-31T10:58:01+00:00\",\"dateModified\":\"2024-09-27T08:26:28+00:00\",\"description\":\"Cet h\u00eatre commun pousse en forme de colonne. Le feuillage du FAGUS sylvatica 'Dawyck Purple' est pourpre. Son \u00e9corce est gris clair. Il est parfaitement rustique et supporte tr\u00e8s bien la taille.\",\"breadcrumb\":{\"@id\":\"https:\\\/\\\/www.vallonchene.fr\\\/es\\\/producto\\\/fagus-sylvatica-dawyck-purple\\\/#breadcrumb\"},\"inLanguage\":\"es\",\"potentialAction\":[{\"@type\":\"ReadAction\",\"target\":[\"https:\\\/\\\/www.vallonchene.fr\\\/es\\\/producto\\\/fagus-sylvatica-dawyck-purple\\\/\"]}]},{\"@type\":\"ImageObject\",\"inLanguage\":\"es\",\"@id\":\"https:\\\/\\\/www.vallonchene.fr\\\/es\\\/producto\\\/fagus-sylvatica-dawyck-purple\\\/#primaryimage\",\"url\":\"https:\\\/\\\/www.vallonchene.fr\\\/wp-content\\\/uploads\\\/2021\\\/08\\\/1345-8e4-FAGUS-sylvatica-Dawyck-Purple-en-Mai.jpg\",\"contentUrl\":\"https:\\\/\\\/www.vallonchene.fr\\\/wp-content\\\/uploads\\\/2021\\\/08\\\/1345-8e4-FAGUS-sylvatica-Dawyck-Purple-en-Mai.jpg\",\"width\":1600,\"height\":1600,\"caption\":\"FAGUS sylvatica 'Dawyck Purple' en Mai\"},{\"@type\":\"BreadcrumbList\",\"@id\":\"https:\\\/\\\/www.vallonchene.fr\\\/es\\\/producto\\\/fagus-sylvatica-dawyck-purple\\\/#breadcrumb\",\"itemListElement\":[{\"@type\":\"ListItem\",\"position\":1,\"name\":\"Home\",\"item\":\"https:\\\/\\\/www.vallonchene.fr\\\/es\\\/\"},{\"@type\":\"ListItem\",\"position\":2,\"name\":\"Tienda\",\"item\":\"https:\\\/\\\/www.vallonchene.fr\\\/tienda\\\/\"},{\"@type\":\"ListItem\",\"position\":3,\"name\":\"Venta en linea\",\"item\":\"https:\\\/\\\/www.vallonchene.fr\\\/es\\\/categoria-producto\\\/venta-en-linea\\\/\"},{\"@type\":\"ListItem\",\"position\":4,\"name\":\"Vivero\",\"item\":\"https:\\\/\\\/www.vallonchene.fr\\\/es\\\/categoria-producto\\\/venta-en-linea\\\/vivero\\\/\"},{\"@type\":\"ListItem\",\"position\":5,\"name\":\"Arbustos y \u00e1rboles\",\"item\":\"https:\\\/\\\/www.vallonchene.fr\\\/es\\\/categoria-producto\\\/venta-en-linea\\\/vivero\\\/arbustos-y-arboles\\\/\"},{\"@type\":\"ListItem\",\"position\":6,\"name\":\"FAGUS sylvatica &#8216;Dawyck Purple&#8217;\"}]},{\"@type\":\"WebSite\",\"@id\":\"https:\\\/\\\/www.vallonchene.fr\\\/es\\\/#website\",\"url\":\"https:\\\/\\\/www.vallonchene.fr\\\/es\\\/\",\"name\":\"Vallonch\u00eane\",\"description\":\"El vivero donde la calidad tiene sus ra\u00edces \u2013 Tel.: +33 (0)2.35.90.02.02\",\"publisher\":{\"@id\":\"https:\\\/\\\/www.vallonchene.fr\\\/es\\\/#organization\"},\"potentialAction\":[{\"@type\":\"SearchAction\",\"target\":{\"@type\":\"EntryPoint\",\"urlTemplate\":\"https:\\\/\\\/www.vallonchene.fr\\\/es\\\/?s={search_term_string}\"},\"query-input\":{\"@type\":\"PropertyValueSpecification\",\"valueRequired\":true,\"valueName\":\"search_term_string\"}}],\"inLanguage\":\"es\"},{\"@type\":\"Organization\",\"@id\":\"https:\\\/\\\/www.vallonchene.fr\\\/es\\\/#organization\",\"name\":\"VALLONCHENE\",\"url\":\"https:\\\/\\\/www.vallonchene.fr\\\/es\\\/\",\"logo\":{\"@type\":\"ImageObject\",\"inLanguage\":\"es\",\"@id\":\"https:\\\/\\\/www.vallonchene.fr\\\/es\\\/#\\\/schema\\\/logo\\\/image\\\/\",\"url\":\"https:\\\/\\\/www.vallonchene.fr\\\/wp-content\\\/uploads\\\/2023\\\/03\\\/Logo-Vallonchene-site-et-R_hauteur_100.png\",\"contentUrl\":\"https:\\\/\\\/www.vallonchene.fr\\\/wp-content\\\/uploads\\\/2023\\\/03\\\/Logo-Vallonchene-site-et-R_hauteur_100.png\",\"width\":221,\"height\":100,\"caption\":\"VALLONCHENE\"},\"image\":{\"@id\":\"https:\\\/\\\/www.vallonchene.fr\\\/es\\\/#\\\/schema\\\/logo\\\/image\\\/\"},\"sameAs\":[\"https:\\\/\\\/www.facebook.com\\\/vallonchene.fr\",\"https:\\\/\\\/www.instagram.com\\\/vallonchene\\\/\",\"https:\\\/\\\/www.pinterest.fr\\\/vallonchene\\\/\"],\"taxID\":\"49454502300017\",\"hasMerchantReturnPolicy\":{\"@type\":\"MerchantReturnPolicy\",\"merchantReturnLink\":\"https:\\\/\\\/www.vallonchene.fr\\\/remboursements_retours\\\/\"}}]}<\/script>\n<meta property=\"og:availability\" content=\"out of stock\" \/>\n<meta property=\"product:availability\" content=\"out of stock\" \/>\n<meta property=\"product:retailer_item_id\" content=\"49858\" \/>\n<meta property=\"product:condition\" content=\"new\" \/>\n<!-- \/ Yoast SEO Premium plugin. -->","yoast_head_json":{"title":"FAGUS sylvatica 'Dawyck Purple' - h\u00eatre commun","description":"Cet h\u00eatre commun pousse en forme de colonne. Le feuillage du FAGUS sylvatica 'Dawyck Purple' est pourpre. Son \u00e9corce est gris clair. Il est parfaitement rustique et supporte tr\u00e8s bien la taille.","robots":{"index":"index","follow":"follow","max-snippet":"max-snippet:-1","max-image-preview":"max-image-preview:large","max-video-preview":"max-video-preview:-1"},"canonical":"https:\/\/www.vallonchene.fr\/es\/producto\/fagus-sylvatica-dawyck-purple\/","og_locale":"es_ES","og_type":"article","og_title":"FAGUS sylvatica 'Dawyck Purple'","og_description":"Cet h\u00eatre commun pousse en forme de colonne. Le feuillage du FAGUS sylvatica 'Dawyck Purple' est pourpre. Son \u00e9corce est gris clair. Il est parfaitement rustique et supporte tr\u00e8s bien la taille.","og_url":"https:\/\/www.vallonchene.fr\/es\/producto\/fagus-sylvatica-dawyck-purple\/","og_site_name":"Vallonch\u00eane","article_publisher":"https:\/\/www.facebook.com\/vallonchene.fr","article_modified_time":"2024-09-27T08:26:28+00:00","og_image":[{"width":1600,"height":1600,"url":"https:\/\/www.vallonchene.fr\/wp-content\/uploads\/2021\/08\/1345-8e4-FAGUS-sylvatica-Dawyck-Purple-en-Mai.jpg","type":"image\/jpeg"}],"twitter_card":"summary_large_image","twitter_misc":{"Disponibilidad":"Agotado"},"schema":{"@context":"https:\/\/schema.org","@graph":[{"@type":"WebPage","@id":"https:\/\/www.vallonchene.fr\/es\/producto\/fagus-sylvatica-dawyck-purple\/","url":"https:\/\/www.vallonchene.fr\/es\/producto\/fagus-sylvatica-dawyck-purple\/","name":"FAGUS sylvatica 'Dawyck Purple' - h\u00eatre commun","isPartOf":{"@id":"https:\/\/www.vallonchene.fr\/es\/#website"},"primaryImageOfPage":{"@id":"https:\/\/www.vallonchene.fr\/es\/producto\/fagus-sylvatica-dawyck-purple\/#primaryimage"},"image":{"@id":"https:\/\/www.vallonchene.fr\/es\/producto\/fagus-sylvatica-dawyck-purple\/#primaryimage"},"thumbnailUrl":"https:\/\/www.vallonchene.fr\/wp-content\/uploads\/2021\/08\/1345-8e4-FAGUS-sylvatica-Dawyck-Purple-en-Mai.jpg","datePublished":"2021-08-31T10:58:01+00:00","dateModified":"2024-09-27T08:26:28+00:00","description":"Cet h\u00eatre commun pousse en forme de colonne. Le feuillage du FAGUS sylvatica 'Dawyck Purple' est pourpre. Son \u00e9corce est gris clair. Il est parfaitement rustique et supporte tr\u00e8s bien la taille.","breadcrumb":{"@id":"https:\/\/www.vallonchene.fr\/es\/producto\/fagus-sylvatica-dawyck-purple\/#breadcrumb"},"inLanguage":"es","potentialAction":[{"@type":"ReadAction","target":["https:\/\/www.vallonchene.fr\/es\/producto\/fagus-sylvatica-dawyck-purple\/"]}]},{"@type":"ImageObject","inLanguage":"es","@id":"https:\/\/www.vallonchene.fr\/es\/producto\/fagus-sylvatica-dawyck-purple\/#primaryimage","url":"https:\/\/www.vallonchene.fr\/wp-content\/uploads\/2021\/08\/1345-8e4-FAGUS-sylvatica-Dawyck-Purple-en-Mai.jpg","contentUrl":"https:\/\/www.vallonchene.fr\/wp-content\/uploads\/2021\/08\/1345-8e4-FAGUS-sylvatica-Dawyck-Purple-en-Mai.jpg","width":1600,"height":1600,"caption":"FAGUS sylvatica 'Dawyck Purple' en Mai"},{"@type":"BreadcrumbList","@id":"https:\/\/www.vallonchene.fr\/es\/producto\/fagus-sylvatica-dawyck-purple\/#breadcrumb","itemListElement":[{"@type":"ListItem","position":1,"name":"Home","item":"https:\/\/www.vallonchene.fr\/es\/"},{"@type":"ListItem","position":2,"name":"Tienda","item":"https:\/\/www.vallonchene.fr\/tienda\/"},{"@type":"ListItem","position":3,"name":"Venta en linea","item":"https:\/\/www.vallonchene.fr\/es\/categoria-producto\/venta-en-linea\/"},{"@type":"ListItem","position":4,"name":"Vivero","item":"https:\/\/www.vallonchene.fr\/es\/categoria-producto\/venta-en-linea\/vivero\/"},{"@type":"ListItem","position":5,"name":"Arbustos y \u00e1rboles","item":"https:\/\/www.vallonchene.fr\/es\/categoria-producto\/venta-en-linea\/vivero\/arbustos-y-arboles\/"},{"@type":"ListItem","position":6,"name":"FAGUS sylvatica &#8216;Dawyck Purple&#8217;"}]},{"@type":"WebSite","@id":"https:\/\/www.vallonchene.fr\/es\/#website","url":"https:\/\/www.vallonchene.fr\/es\/","name":"Vallonch\u00eane","description":"El vivero donde la calidad tiene sus ra\u00edces \u2013 Tel.: +33 (0)2.35.90.02.02","publisher":{"@id":"https:\/\/www.vallonchene.fr\/es\/#organization"},"potentialAction":[{"@type":"SearchAction","target":{"@type":"EntryPoint","urlTemplate":"https:\/\/www.vallonchene.fr\/es\/?s={search_term_string}"},"query-input":{"@type":"PropertyValueSpecification","valueRequired":true,"valueName":"search_term_string"}}],"inLanguage":"es"},{"@type":"Organization","@id":"https:\/\/www.vallonchene.fr\/es\/#organization","name":"VALLONCHENE","url":"https:\/\/www.vallonchene.fr\/es\/","logo":{"@type":"ImageObject","inLanguage":"es","@id":"https:\/\/www.vallonchene.fr\/es\/#\/schema\/logo\/image\/","url":"https:\/\/www.vallonchene.fr\/wp-content\/uploads\/2023\/03\/Logo-Vallonchene-site-et-R_hauteur_100.png","contentUrl":"https:\/\/www.vallonchene.fr\/wp-content\/uploads\/2023\/03\/Logo-Vallonchene-site-et-R_hauteur_100.png","width":221,"height":100,"caption":"VALLONCHENE"},"image":{"@id":"https:\/\/www.vallonchene.fr\/es\/#\/schema\/logo\/image\/"},"sameAs":["https:\/\/www.facebook.com\/vallonchene.fr","https:\/\/www.instagram.com\/vallonchene\/","https:\/\/www.pinterest.fr\/vallonchene\/"],"taxID":"49454502300017","hasMerchantReturnPolicy":{"@type":"MerchantReturnPolicy","merchantReturnLink":"https:\/\/www.vallonchene.fr\/remboursements_retours\/"}}]},"og_availability":"out of stock","product_availability":"out of stock","product_retailer_item_id":"49858","product_condition":"new"},"_links":{"self":[{"href":"https:\/\/www.vallonchene.fr\/es\/wp-json\/wp\/v2\/product\/5671","targetHints":{"allow":["GET"]}}],"collection":[{"href":"https:\/\/www.vallonchene.fr\/es\/wp-json\/wp\/v2\/product"}],"about":[{"href":"https:\/\/www.vallonchene.fr\/es\/wp-json\/wp\/v2\/types\/product"}],"replies":[{"embeddable":true,"href":"https:\/\/www.vallonchene.fr\/es\/wp-json\/wp\/v2\/comments?post=5671"}],"wp:featuredmedia":[{"embeddable":true,"href":"https:\/\/www.vallonchene.fr\/es\/wp-json\/wp\/v2\/media\/5665"}],"wp:attachment":[{"href":"https:\/\/www.vallonchene.fr\/es\/wp-json\/wp\/v2\/media?parent=5671"}],"wp:term":[{"taxonomy":"product_brand","embeddable":true,"href":"https:\/\/www.vallonchene.fr\/es\/wp-json\/wp\/v2\/product_brand?post=5671"},{"taxonomy":"product_cat","embeddable":true,"href":"https:\/\/www.vallonchene.fr\/es\/wp-json\/wp\/v2\/product_cat?post=5671"},{"taxonomy":"product_tag","embeddable":true,"href":"https:\/\/www.vallonchene.fr\/es\/wp-json\/wp\/v2\/product_tag?post=5671"}],"curies":[{"name":"wp","href":"https:\/\/api.w.org\/{rel}","templated":true}]}}