{"id":5662,"date":"2021-08-31T10:58:01","date_gmt":"2021-08-31T10:58:01","guid":{"rendered":"https:\/\/testing.vallonchene.fr\/produit\/fagus-sylvatica-dawyck-gold\/"},"modified":"2026-01-24T16:47:54","modified_gmt":"2026-01-24T15:47:54","slug":"fagus-sylvatica-dawyck-gold","status":"publish","type":"product","link":"https:\/\/www.vallonchene.fr\/es\/producto\/fagus-sylvatica-dawyck-gold\/","title":{"rendered":"FAGUS sylvatica &#8216;Dawyck Gold&#8217;"},"content":{"rendered":"","protected":false},"excerpt":{"rendered":"<p>Cet <strong>h\u00eatre commun<\/strong> pousse en forme de colonne. Le feuillage du <strong>FAGUS sylvatica &#8216;Dawyck Gold&#8217;<\/strong> est dor\u00e9. Son \u00e9corce est gris clair. Il est parfaitement rustique et supporte tr\u00e8s bien la taille.<\/p>\n","protected":false},"featured_media":5659,"comment_status":"open","ping_status":"closed","template":"","meta":[],"product_brand":[],"product_cat":[251],"product_tag":[2784,2779,2778,2783,2780,2782,2781],"class_list":{"0":"post-5662","1":"product","2":"type-product","3":"status-publish","4":"has-post-thumbnail","6":"product_cat-arbustes-et-arbres","7":"product_tag-dawyck-gold","8":"product_tag-fagus","9":"product_tag-fagus-sylvatica","10":"product_tag-fagus-sylvatica-dawyck-gold","11":"product_tag-hetre-commun","12":"product_tag-hetre-en-colonne","13":"product_tag-hetre-fastigie","14":"pa_99-hauteurapproximativeapres1-2a3m","15":"pa_couleurdufeuillage-jaune","16":"pa_exigencesenhumidite-fraisahumide","17":"pa_exigencesenhumidite-moyen","18":"pa_exigencesenhumidite-sec","19":"pa_expositionspossibles-pleinsoleilde12ha17hmin","20":"pa_hauteurlivree-100-a-125cm","21":"pa_hauteurlivree-80-a-100-cm","22":"pa_interetauprintemps-feuillage","23":"pa_interetauprintemps-graphismeforme","24":"pa_interetenautomne-feuillage","25":"pa_interetenautomne-graphismeforme","26":"pa_interetenete-feuillage","27":"pa_interetenete-graphismeforme","28":"pa_interetenhiver-graphismeforme","29":"pa_naturedufeuillage-caduc","30":"pa_naturesdesolpossibles-leger","31":"pa_naturesdesolpossibles-lourd","32":"pa_naturesdesolpossibles-normal","33":"pa_particularites-graphismeforme","34":"pa_periodedetaille-mars","35":"pa_phdusolacceptable-acidemoinsde65","36":"pa_phdusolacceptable-calcaireplusde75","37":"pa_phdusolacceptable-neutreentre65et75","38":"pa_portgraphisme-fastigie","39":"pa_resistanceaufroidrusticite-resistant-en-dessous-de-moins-20-degree-c","40":"pa_tailledepot-pot-de-10-litres","41":"pa_tailledepot-pot-de-7_5-litres","42":"pa_utilisationpossible-isole","43":"pa_utilisationpossible-massif","45":"first","46":"outofstock","47":"taxable","48":"shipping-taxable","49":"purchasable","50":"product-type-variable"},"supplier_id":null,"supplier_sku":"","barcode":null,"atum_controlled":true,"out_stock_date":"2024-09-27 08:26:26","out_stock_threshold":null,"inheritable":true,"inbound_stock":0,"stock_on_hold":0,"sold_today":0,"sales_last_days":0,"reserved_stock":0,"customer_returns":0,"warehouse_damage":0,"lost_in_post":0,"other_logs":0,"out_stock_days":430,"lost_sales":0,"has_location":false,"update_date":"2026-01-26T09:19:42","atum_locations":[],"atum_stock_status":"outofstock","restock_status":false,"low_stock_amount":"","sales_update_date":"2026-01-21T08:24:24","calc_backorders":null,"yoast_head":"<!-- This site is optimized with the Yoast SEO Premium plugin v27.4 (Yoast SEO v27.4) - https:\/\/yoast.com\/product\/yoast-seo-premium-wordpress\/ -->\n<title>FAGUS sylvatica &#039;Dawyck Gold&#039; - h\u00eatre commun<\/title>\n<meta name=\"description\" content=\"Cet h\u00eatre commun pousse en forme de colonne. Le feuillage du FAGUS sylvatica &#039;Dawyck Gold&#039; est dor\u00e9. Son \u00e9corce est gris clair. Il est parfaitement rustique et supporte tr\u00e8s bien la taille.\" \/>\n<meta name=\"robots\" content=\"index, follow, max-snippet:-1, max-image-preview:large, max-video-preview:-1\" \/>\n<link rel=\"canonical\" href=\"https:\/\/www.vallonchene.fr\/es\/producto\/fagus-sylvatica-dawyck-gold\/\" \/>\n<meta property=\"og:locale\" content=\"es_ES\" \/>\n<meta property=\"og:type\" content=\"article\" \/>\n<meta property=\"og:title\" content=\"FAGUS sylvatica &#039;Dawyck Gold&#039;\" \/>\n<meta property=\"og:description\" content=\"Cet h\u00eatre commun pousse en forme de colonne. Le feuillage du FAGUS sylvatica &#039;Dawyck Gold&#039; est dor\u00e9. Son \u00e9corce est gris clair. Il est parfaitement rustique et supporte tr\u00e8s bien la taille.\" \/>\n<meta property=\"og:url\" content=\"https:\/\/www.vallonchene.fr\/es\/producto\/fagus-sylvatica-dawyck-gold\/\" \/>\n<meta property=\"og:site_name\" content=\"Vallonch\u00eane\" \/>\n<meta property=\"article:publisher\" content=\"https:\/\/www.facebook.com\/vallonchene.fr\" \/>\n<meta property=\"article:modified_time\" content=\"2026-01-24T15:47:54+00:00\" \/>\n<meta property=\"og:image\" content=\"https:\/\/www.vallonchene.fr\/wp-content\/uploads\/2021\/08\/1344-5ce-FAGUS-sylvatica-Dawyck-Gold-en-Mai.jpg\" \/>\n\t<meta property=\"og:image:width\" content=\"1600\" \/>\n\t<meta property=\"og:image:height\" content=\"1600\" \/>\n\t<meta property=\"og:image:type\" content=\"image\/jpeg\" \/>\n<meta name=\"twitter:card\" content=\"summary_large_image\" \/>\n<meta name=\"twitter:label1\" content=\"Disponibilidad\" \/>\n\t<meta name=\"twitter:data1\" content=\"Agotado\" \/>\n<script type=\"application\/ld+json\" class=\"yoast-schema-graph\">{\"@context\":\"https:\\\/\\\/schema.org\",\"@graph\":[{\"@type\":\"WebPage\",\"@id\":\"https:\\\/\\\/www.vallonchene.fr\\\/es\\\/producto\\\/fagus-sylvatica-dawyck-gold\\\/\",\"url\":\"https:\\\/\\\/www.vallonchene.fr\\\/es\\\/producto\\\/fagus-sylvatica-dawyck-gold\\\/\",\"name\":\"FAGUS sylvatica 'Dawyck Gold' - h\u00eatre commun\",\"isPartOf\":{\"@id\":\"https:\\\/\\\/www.vallonchene.fr\\\/es\\\/#website\"},\"primaryImageOfPage\":{\"@id\":\"https:\\\/\\\/www.vallonchene.fr\\\/es\\\/producto\\\/fagus-sylvatica-dawyck-gold\\\/#primaryimage\"},\"image\":{\"@id\":\"https:\\\/\\\/www.vallonchene.fr\\\/es\\\/producto\\\/fagus-sylvatica-dawyck-gold\\\/#primaryimage\"},\"thumbnailUrl\":\"https:\\\/\\\/www.vallonchene.fr\\\/wp-content\\\/uploads\\\/2021\\\/08\\\/1344-5ce-FAGUS-sylvatica-Dawyck-Gold-en-Mai.jpg\",\"datePublished\":\"2021-08-31T10:58:01+00:00\",\"dateModified\":\"2026-01-24T15:47:54+00:00\",\"description\":\"Cet h\u00eatre commun pousse en forme de colonne. Le feuillage du FAGUS sylvatica 'Dawyck Gold' est dor\u00e9. Son \u00e9corce est gris clair. Il est parfaitement rustique et supporte tr\u00e8s bien la taille.\",\"breadcrumb\":{\"@id\":\"https:\\\/\\\/www.vallonchene.fr\\\/es\\\/producto\\\/fagus-sylvatica-dawyck-gold\\\/#breadcrumb\"},\"inLanguage\":\"es\",\"potentialAction\":[{\"@type\":\"ReadAction\",\"target\":[\"https:\\\/\\\/www.vallonchene.fr\\\/es\\\/producto\\\/fagus-sylvatica-dawyck-gold\\\/\"]}]},{\"@type\":\"ImageObject\",\"inLanguage\":\"es\",\"@id\":\"https:\\\/\\\/www.vallonchene.fr\\\/es\\\/producto\\\/fagus-sylvatica-dawyck-gold\\\/#primaryimage\",\"url\":\"https:\\\/\\\/www.vallonchene.fr\\\/wp-content\\\/uploads\\\/2021\\\/08\\\/1344-5ce-FAGUS-sylvatica-Dawyck-Gold-en-Mai.jpg\",\"contentUrl\":\"https:\\\/\\\/www.vallonchene.fr\\\/wp-content\\\/uploads\\\/2021\\\/08\\\/1344-5ce-FAGUS-sylvatica-Dawyck-Gold-en-Mai.jpg\",\"width\":1600,\"height\":1600,\"caption\":\"FAGUS sylvatica 'Dawyck Gold' en Mai\"},{\"@type\":\"BreadcrumbList\",\"@id\":\"https:\\\/\\\/www.vallonchene.fr\\\/es\\\/producto\\\/fagus-sylvatica-dawyck-gold\\\/#breadcrumb\",\"itemListElement\":[{\"@type\":\"ListItem\",\"position\":1,\"name\":\"Home\",\"item\":\"https:\\\/\\\/www.vallonchene.fr\\\/es\\\/\"},{\"@type\":\"ListItem\",\"position\":2,\"name\":\"Tienda\",\"item\":\"https:\\\/\\\/www.vallonchene.fr\\\/tienda\\\/\"},{\"@type\":\"ListItem\",\"position\":3,\"name\":\"Venta en linea\",\"item\":\"https:\\\/\\\/www.vallonchene.fr\\\/es\\\/categoria-producto\\\/venta-en-linea\\\/\"},{\"@type\":\"ListItem\",\"position\":4,\"name\":\"Vivero\",\"item\":\"https:\\\/\\\/www.vallonchene.fr\\\/es\\\/categoria-producto\\\/venta-en-linea\\\/vivero\\\/\"},{\"@type\":\"ListItem\",\"position\":5,\"name\":\"Arbustos y \u00e1rboles\",\"item\":\"https:\\\/\\\/www.vallonchene.fr\\\/es\\\/categoria-producto\\\/venta-en-linea\\\/vivero\\\/arbustos-y-arboles\\\/\"},{\"@type\":\"ListItem\",\"position\":6,\"name\":\"FAGUS sylvatica &lsquo;Dawyck Gold&rsquo;\"}]},{\"@type\":\"WebSite\",\"@id\":\"https:\\\/\\\/www.vallonchene.fr\\\/es\\\/#website\",\"url\":\"https:\\\/\\\/www.vallonchene.fr\\\/es\\\/\",\"name\":\"Vallonch\u00eane\",\"description\":\"El vivero donde la calidad tiene sus ra\u00edces \u2013 Tel.: +33 (0)2.35.90.02.02\",\"publisher\":{\"@id\":\"https:\\\/\\\/www.vallonchene.fr\\\/es\\\/#organization\"},\"potentialAction\":[{\"@type\":\"SearchAction\",\"target\":{\"@type\":\"EntryPoint\",\"urlTemplate\":\"https:\\\/\\\/www.vallonchene.fr\\\/es\\\/?s={search_term_string}\"},\"query-input\":{\"@type\":\"PropertyValueSpecification\",\"valueRequired\":true,\"valueName\":\"search_term_string\"}}],\"inLanguage\":\"es\"},{\"@type\":\"Organization\",\"@id\":\"https:\\\/\\\/www.vallonchene.fr\\\/es\\\/#organization\",\"name\":\"VALLONCHENE\",\"url\":\"https:\\\/\\\/www.vallonchene.fr\\\/es\\\/\",\"logo\":{\"@type\":\"ImageObject\",\"inLanguage\":\"es\",\"@id\":\"https:\\\/\\\/www.vallonchene.fr\\\/es\\\/#\\\/schema\\\/logo\\\/image\\\/\",\"url\":\"https:\\\/\\\/www.vallonchene.fr\\\/wp-content\\\/uploads\\\/2023\\\/03\\\/Logo-Vallonchene-site-et-R_hauteur_100.png\",\"contentUrl\":\"https:\\\/\\\/www.vallonchene.fr\\\/wp-content\\\/uploads\\\/2023\\\/03\\\/Logo-Vallonchene-site-et-R_hauteur_100.png\",\"width\":221,\"height\":100,\"caption\":\"VALLONCHENE\"},\"image\":{\"@id\":\"https:\\\/\\\/www.vallonchene.fr\\\/es\\\/#\\\/schema\\\/logo\\\/image\\\/\"},\"sameAs\":[\"https:\\\/\\\/www.facebook.com\\\/vallonchene.fr\",\"https:\\\/\\\/www.instagram.com\\\/vallonchene\\\/\",\"https:\\\/\\\/www.pinterest.fr\\\/vallonchene\\\/\"],\"taxID\":\"49454502300017\",\"hasMerchantReturnPolicy\":{\"@type\":\"MerchantReturnPolicy\",\"merchantReturnLink\":\"https:\\\/\\\/www.vallonchene.fr\\\/remboursements_retours\\\/\"}}]}<\/script>\n<meta property=\"og:availability\" content=\"out of stock\" \/>\n<meta property=\"product:availability\" content=\"out of stock\" \/>\n<meta property=\"product:retailer_item_id\" content=\"95628\" \/>\n<meta property=\"product:condition\" content=\"new\" \/>\n<!-- \/ Yoast SEO Premium plugin. -->","yoast_head_json":{"title":"FAGUS sylvatica 'Dawyck Gold' - h\u00eatre commun","description":"Cet h\u00eatre commun pousse en forme de colonne. Le feuillage du FAGUS sylvatica 'Dawyck Gold' est dor\u00e9. Son \u00e9corce est gris clair. Il est parfaitement rustique et supporte tr\u00e8s bien la taille.","robots":{"index":"index","follow":"follow","max-snippet":"max-snippet:-1","max-image-preview":"max-image-preview:large","max-video-preview":"max-video-preview:-1"},"canonical":"https:\/\/www.vallonchene.fr\/es\/producto\/fagus-sylvatica-dawyck-gold\/","og_locale":"es_ES","og_type":"article","og_title":"FAGUS sylvatica 'Dawyck Gold'","og_description":"Cet h\u00eatre commun pousse en forme de colonne. Le feuillage du FAGUS sylvatica 'Dawyck Gold' est dor\u00e9. Son \u00e9corce est gris clair. Il est parfaitement rustique et supporte tr\u00e8s bien la taille.","og_url":"https:\/\/www.vallonchene.fr\/es\/producto\/fagus-sylvatica-dawyck-gold\/","og_site_name":"Vallonch\u00eane","article_publisher":"https:\/\/www.facebook.com\/vallonchene.fr","article_modified_time":"2026-01-24T15:47:54+00:00","og_image":[{"width":1600,"height":1600,"url":"https:\/\/www.vallonchene.fr\/wp-content\/uploads\/2021\/08\/1344-5ce-FAGUS-sylvatica-Dawyck-Gold-en-Mai.jpg","type":"image\/jpeg"}],"twitter_card":"summary_large_image","twitter_misc":{"Disponibilidad":"Agotado"},"schema":{"@context":"https:\/\/schema.org","@graph":[{"@type":"WebPage","@id":"https:\/\/www.vallonchene.fr\/es\/producto\/fagus-sylvatica-dawyck-gold\/","url":"https:\/\/www.vallonchene.fr\/es\/producto\/fagus-sylvatica-dawyck-gold\/","name":"FAGUS sylvatica 'Dawyck Gold' - h\u00eatre commun","isPartOf":{"@id":"https:\/\/www.vallonchene.fr\/es\/#website"},"primaryImageOfPage":{"@id":"https:\/\/www.vallonchene.fr\/es\/producto\/fagus-sylvatica-dawyck-gold\/#primaryimage"},"image":{"@id":"https:\/\/www.vallonchene.fr\/es\/producto\/fagus-sylvatica-dawyck-gold\/#primaryimage"},"thumbnailUrl":"https:\/\/www.vallonchene.fr\/wp-content\/uploads\/2021\/08\/1344-5ce-FAGUS-sylvatica-Dawyck-Gold-en-Mai.jpg","datePublished":"2021-08-31T10:58:01+00:00","dateModified":"2026-01-24T15:47:54+00:00","description":"Cet h\u00eatre commun pousse en forme de colonne. Le feuillage du FAGUS sylvatica 'Dawyck Gold' est dor\u00e9. Son \u00e9corce est gris clair. Il est parfaitement rustique et supporte tr\u00e8s bien la taille.","breadcrumb":{"@id":"https:\/\/www.vallonchene.fr\/es\/producto\/fagus-sylvatica-dawyck-gold\/#breadcrumb"},"inLanguage":"es","potentialAction":[{"@type":"ReadAction","target":["https:\/\/www.vallonchene.fr\/es\/producto\/fagus-sylvatica-dawyck-gold\/"]}]},{"@type":"ImageObject","inLanguage":"es","@id":"https:\/\/www.vallonchene.fr\/es\/producto\/fagus-sylvatica-dawyck-gold\/#primaryimage","url":"https:\/\/www.vallonchene.fr\/wp-content\/uploads\/2021\/08\/1344-5ce-FAGUS-sylvatica-Dawyck-Gold-en-Mai.jpg","contentUrl":"https:\/\/www.vallonchene.fr\/wp-content\/uploads\/2021\/08\/1344-5ce-FAGUS-sylvatica-Dawyck-Gold-en-Mai.jpg","width":1600,"height":1600,"caption":"FAGUS sylvatica 'Dawyck Gold' en Mai"},{"@type":"BreadcrumbList","@id":"https:\/\/www.vallonchene.fr\/es\/producto\/fagus-sylvatica-dawyck-gold\/#breadcrumb","itemListElement":[{"@type":"ListItem","position":1,"name":"Home","item":"https:\/\/www.vallonchene.fr\/es\/"},{"@type":"ListItem","position":2,"name":"Tienda","item":"https:\/\/www.vallonchene.fr\/tienda\/"},{"@type":"ListItem","position":3,"name":"Venta en linea","item":"https:\/\/www.vallonchene.fr\/es\/categoria-producto\/venta-en-linea\/"},{"@type":"ListItem","position":4,"name":"Vivero","item":"https:\/\/www.vallonchene.fr\/es\/categoria-producto\/venta-en-linea\/vivero\/"},{"@type":"ListItem","position":5,"name":"Arbustos y \u00e1rboles","item":"https:\/\/www.vallonchene.fr\/es\/categoria-producto\/venta-en-linea\/vivero\/arbustos-y-arboles\/"},{"@type":"ListItem","position":6,"name":"FAGUS sylvatica &lsquo;Dawyck Gold&rsquo;"}]},{"@type":"WebSite","@id":"https:\/\/www.vallonchene.fr\/es\/#website","url":"https:\/\/www.vallonchene.fr\/es\/","name":"Vallonch\u00eane","description":"El vivero donde la calidad tiene sus ra\u00edces \u2013 Tel.: +33 (0)2.35.90.02.02","publisher":{"@id":"https:\/\/www.vallonchene.fr\/es\/#organization"},"potentialAction":[{"@type":"SearchAction","target":{"@type":"EntryPoint","urlTemplate":"https:\/\/www.vallonchene.fr\/es\/?s={search_term_string}"},"query-input":{"@type":"PropertyValueSpecification","valueRequired":true,"valueName":"search_term_string"}}],"inLanguage":"es"},{"@type":"Organization","@id":"https:\/\/www.vallonchene.fr\/es\/#organization","name":"VALLONCHENE","url":"https:\/\/www.vallonchene.fr\/es\/","logo":{"@type":"ImageObject","inLanguage":"es","@id":"https:\/\/www.vallonchene.fr\/es\/#\/schema\/logo\/image\/","url":"https:\/\/www.vallonchene.fr\/wp-content\/uploads\/2023\/03\/Logo-Vallonchene-site-et-R_hauteur_100.png","contentUrl":"https:\/\/www.vallonchene.fr\/wp-content\/uploads\/2023\/03\/Logo-Vallonchene-site-et-R_hauteur_100.png","width":221,"height":100,"caption":"VALLONCHENE"},"image":{"@id":"https:\/\/www.vallonchene.fr\/es\/#\/schema\/logo\/image\/"},"sameAs":["https:\/\/www.facebook.com\/vallonchene.fr","https:\/\/www.instagram.com\/vallonchene\/","https:\/\/www.pinterest.fr\/vallonchene\/"],"taxID":"49454502300017","hasMerchantReturnPolicy":{"@type":"MerchantReturnPolicy","merchantReturnLink":"https:\/\/www.vallonchene.fr\/remboursements_retours\/"}}]},"og_availability":"out of stock","product_availability":"out of stock","product_retailer_item_id":"95628","product_condition":"new"},"_links":{"self":[{"href":"https:\/\/www.vallonchene.fr\/es\/wp-json\/wp\/v2\/product\/5662","targetHints":{"allow":["GET"]}}],"collection":[{"href":"https:\/\/www.vallonchene.fr\/es\/wp-json\/wp\/v2\/product"}],"about":[{"href":"https:\/\/www.vallonchene.fr\/es\/wp-json\/wp\/v2\/types\/product"}],"replies":[{"embeddable":true,"href":"https:\/\/www.vallonchene.fr\/es\/wp-json\/wp\/v2\/comments?post=5662"}],"wp:featuredmedia":[{"embeddable":true,"href":"https:\/\/www.vallonchene.fr\/es\/wp-json\/wp\/v2\/media\/5659"}],"wp:attachment":[{"href":"https:\/\/www.vallonchene.fr\/es\/wp-json\/wp\/v2\/media?parent=5662"}],"wp:term":[{"taxonomy":"product_brand","embeddable":true,"href":"https:\/\/www.vallonchene.fr\/es\/wp-json\/wp\/v2\/product_brand?post=5662"},{"taxonomy":"product_cat","embeddable":true,"href":"https:\/\/www.vallonchene.fr\/es\/wp-json\/wp\/v2\/product_cat?post=5662"},{"taxonomy":"product_tag","embeddable":true,"href":"https:\/\/www.vallonchene.fr\/es\/wp-json\/wp\/v2\/product_tag?post=5662"}],"curies":[{"name":"wp","href":"https:\/\/api.w.org\/{rel}","templated":true}]}}