{"id":55776,"date":"2021-08-31T10:56:06","date_gmt":"2021-08-31T08:56:06","guid":{"rendered":"https:\/\/www.vallonchene.fr\/produit\/davidia-involucrata-sonoma\/"},"modified":"2026-02-12T15:02:00","modified_gmt":"2026-02-12T14:02:00","slug":"davidia-involucrata-sonoma","status":"publish","type":"product","link":"https:\/\/www.vallonchene.fr\/es\/producto\/davidia-involucrata-sonoma\/","title":{"rendered":"DAVIDIA involucrata &#8216;Sonoma&#8217;"},"content":{"rendered":"<h2>La Planta<\/h2>\n<p>El <strong>DAVIDIA involucrata &#8216;Sonoma&#8217;<\/strong> es una forma muy rara y bastante reciente del <strong>\u00e1rbol de los pa\u00f1uelos<\/strong>. Las flores de este \u00e1rbol, cuyas <strong>br\u00e1cteas pueden alcanzar los 15 cm<\/strong>, se asemejan a <strong>pa\u00f1uelos<\/strong> cuando aparecen. <\/p>\n<p>Luego, a diferencia del <em>DAVIDIA involucrata<\/em> cl\u00e1sico, este cultivar crece m\u00e1s lentamente y desarrolla sus <strong>flores de un blanco inmaculado ya desde el segundo o tercer a\u00f1o<\/strong>. Mientras que la especie tipo <em>D. involucrata<\/em> tarda de 15 a 20 a\u00f1os en florecer. <\/p>\n<p>Adem\u00e1s, sus magn\u00edficas <strong>hojas verdes, bastante redondeadas y ligeramente arrugadas<\/strong>, son caducas y \u00fanicas en el mundo vegetal. <strong>Se ti\u00f1en de un intenso color amarillo y naranja en oto\u00f1o<\/strong>. <\/p>\n<p>Finalmente, su <strong>dise\u00f1o es globular y armonioso<\/strong>. Se presta perfectamente para una <strong>plantaci\u00f3n aislada o en macizo<\/strong>. <\/p>\n<h2>\u00bfC\u00f3mo plantar y cuidar el DAVIDIA involucrata &#8216;Sonoma&#8217;?<\/h2>\n<h3>La Plantaci\u00f3n<\/h3>\n<p>Considere los siguientes puntos para un crecimiento \u00f3ptimo del <em>D. involucrata &#8216;Sonoma&#8217;<\/em>: <\/p>\n<ol>\n<li>Pl\u00e1ntelo en un lugar <strong>a pleno sol o a media sombra<\/strong>, de forma <strong>aislada o en macizo<\/strong>.<\/li>\n<li><strong>Evite las corrientes de aire<\/strong> o una fuerte exposici\u00f3n a los vientos de invierno.<\/li>\n<li>El lugar debe ser <strong>fresco a h\u00famedo, medio o seco,<\/strong> con una <strong>tierra ligera, normal o pesada<\/strong>.<\/li>\n<li>Tolera un <strong>pH \u00e1cido, neutro y calc\u00e1reo<\/strong>.<\/li>\n<li><a href=\"https:\/\/www.vallonchene.fr\/comment-planter-et-entretenir-des-vegetaux\/comment-planter-et-entretenir-arbres-arbustes-et-coniferes\/\" target=\"_blank\" rel=\"noreferrer noopener\"><strong>Para una buena preparaci\u00f3n del hoyo de plantaci\u00f3n, hemos dise\u00f1ado instrucciones espec\u00edficas disponibles aqu\u00ed<\/strong><\/a>.<\/li>\n<\/ol>\n<h3>El cuidado <br \/><\/h3>\n<p>Como con cualquier planta reci\u00e9n plantada, asegure un riego regular durante los dos primeros a\u00f1os en los per\u00edodos secos para garantizar una buena recuperaci\u00f3n. <a href=\"https:\/\/www.vallonchene.fr\/comment-bien-arroser-le-jardin-et-economiser-leau\/\"><strong>Lea tambi\u00e9n nuestros consejos sobre c\u00f3mo regar bien y ahorrar agua aqu\u00ed<\/strong><\/a>. <\/p>\n<p>Este \u00e1rbol de los pa\u00f1uelos no requiere ninguna poda. Sin embargo, <strong>si debe practicarla, h\u00e1galo en febrero antes de la aparici\u00f3n de los nuevos brotes<\/strong>. <\/p>\n<h2>Historia y Origen<\/h2>\n<p>El <em>DAVIDIA involucrata &#8216;Sonoma&#8217;<\/em> proviene de California, donde fue obtenido a finales del siglo XX. Evidentemente, fue seleccionado por su notable aptitud para florecer a una edad muy temprana. El nombre del cultivar <em>Sonoma<\/em> hace referencia al condado de Sonoma en California, su primer lugar de introducci\u00f3n y multiplicaci\u00f3n.  <\/p>\n<p>La especie tipo <em>DAVIDIA involucrata<\/em> fue descrita por primera vez en 1869 por el Padre Armand David (naturalista y misionero franc\u00e9s). La encontr\u00f3 en el centro de China. M\u00e1s tarde, el Padre Farges distribuy\u00f3 semillas, contribuyendo as\u00ed a su propagaci\u00f3n en los jardines bot\u00e1nicos europeos.  <\/p>\n<p>Adem\u00e1s, es la \u00fanica especie viva de su g\u00e9nero con f\u00f3siles encontrados que datan del Cret\u00e1cico superior.<\/p>\n<p>&nbsp;<\/p>\n","protected":false},"excerpt":{"rendered":"<p>Este <b>\u00e1rbol de los pa\u00f1uelos<\/b> es muy apreciado, ya que suele florecer incluso despu\u00e9s de dos a\u00f1os. El <b>DAVIDIA involucrata &#8216;Sonoma&#8217;<\/b> es una forma bastante reciente. <\/p>\n","protected":false},"featured_media":55775,"comment_status":"open","ping_status":"closed","template":"","meta":[],"product_brand":[],"product_cat":[11499,11821],"product_tag":[12734,12736,12735],"class_list":{"0":"post-55776","1":"product","2":"type-product","3":"status-publish","4":"has-post-thumbnail","6":"product_cat-arbustos-y-arboles","7":"product_cat-plantas-raras-plantas-de-coleccion","8":"product_tag-arbol-de-los-panuelos","9":"product_tag-davidia","10":"product_tag-davidia-involucrata","11":"pa_99-hauteurapproximativeapres1-2-a-3-m","12":"pa_couleurdesfleurs-blanca","13":"pa_couleurdufeuillage-verde","14":"pa_exigencesenhumidite-moderadamente-humedo-a-humedo","15":"pa_exigencesenhumidite-promedio","16":"pa_exigencesenhumidite-seco","17":"pa_expositionspossibles-pleno-sol-de-12-a-17-min","18":"pa_expositionspossibles-sombra-parcial-evitar-el-sol-de-12-a-17-horas","19":"pa_hauteurlivree-100-a-125-cm","20":"pa_hauteurlivree-80-a-100-cm-es","21":"pa_interetauprintemps-flores","22":"pa_interetauprintemps-follaje","23":"pa_interetenautomne-follaje","24":"pa_interetenete-follaje","25":"pa_naturedufeuillage-caduco","26":"pa_naturesdesolpossibles-ligero","27":"pa_naturesdesolpossibles-normal-es","28":"pa_naturesdesolpossibles-pesado","29":"pa_periodedefloraison-primavera","30":"pa_phdusolacceptable-acido-menos-de-6_5","31":"pa_phdusolacceptable-calcareo-mas-de-7_5","32":"pa_phdusolacceptable-neutro-entre-6_5-y-7_5","33":"pa_portgraphisme-globoso","34":"pa_resistanceaufroidrusticite-resistente-por-debajo-de-menos-20-c","35":"pa_tailledepot-maceta-de-12-litros","36":"pa_utilisationpossible-aislado","37":"pa_utilisationpossible-arriate","39":"first","40":"outofstock","41":"taxable","42":"shipping-taxable","43":"purchasable","44":"product-type-variable"},"supplier_id":null,"supplier_sku":"","barcode":null,"atum_controlled":true,"out_stock_date":null,"out_stock_threshold":null,"inheritable":true,"inbound_stock":0,"stock_on_hold":0,"sold_today":0,"sales_last_days":0,"reserved_stock":0,"customer_returns":0,"warehouse_damage":0,"lost_in_post":0,"other_logs":0,"out_stock_days":null,"lost_sales":0,"has_location":false,"update_date":"2026-04-24T12:27:21","atum_locations":[],"atum_stock_status":"instock","restock_status":false,"low_stock_amount":"","sales_update_date":"2025-11-19T14:07:11","calc_backorders":null,"yoast_head":"<!-- This site is optimized with the Yoast SEO Premium plugin v27.4 (Yoast SEO v27.4) - https:\/\/yoast.com\/product\/yoast-seo-premium-wordpress\/ -->\n<title>DAVIDIA involucrata &#039;Sonoma&#039; (\u00c1rbol de los Pa\u00f1uelos)<\/title>\n<meta name=\"description\" content=\"Este \u00e1rbol de los pa\u00f1uelos es muy apreciado, ya que suele florecer incluso despu\u00e9s de dos a\u00f1os. El DAVIDIA involucrata &#039;Sonoma&#039; es una obtenci\u00f3n reciente.\" \/>\n<meta name=\"robots\" content=\"index, follow, max-snippet:-1, max-image-preview:large, max-video-preview:-1\" \/>\n<link rel=\"canonical\" href=\"https:\/\/www.vallonchene.fr\/es\/producto\/davidia-involucrata-sonoma\/\" \/>\n<meta property=\"og:locale\" content=\"es_ES\" \/>\n<meta property=\"og:type\" content=\"article\" \/>\n<meta property=\"og:title\" content=\"DAVIDIA involucrata &#039;Sonoma&#039;\" \/>\n<meta property=\"og:description\" content=\"Este \u00e1rbol de los pa\u00f1uelos es muy apreciado, ya que suele florecer incluso despu\u00e9s de dos a\u00f1os. El DAVIDIA involucrata &#039;Sonoma&#039; es una obtenci\u00f3n reciente.\" \/>\n<meta property=\"og:url\" content=\"https:\/\/www.vallonchene.fr\/es\/producto\/davidia-involucrata-sonoma\/\" \/>\n<meta property=\"og:site_name\" content=\"Vallonch\u00eane\" \/>\n<meta property=\"article:publisher\" content=\"https:\/\/www.facebook.com\/vallonchene.fr\" \/>\n<meta property=\"article:modified_time\" content=\"2026-02-12T14:02:00+00:00\" \/>\n<meta property=\"og:image\" content=\"https:\/\/www.vallonchene.fr\/wp-content\/uploads\/2025\/11\/IMG_20180430_092430935.webp\" \/>\n\t<meta property=\"og:image:width\" content=\"1000\" \/>\n\t<meta property=\"og:image:height\" content=\"1000\" \/>\n\t<meta property=\"og:image:type\" content=\"image\/webp\" \/>\n<meta name=\"twitter:card\" content=\"summary_large_image\" \/>\n<meta name=\"twitter:label1\" content=\"Disponibilidad\" \/>\n\t<meta name=\"twitter:data1\" content=\"Agotado\" \/>\n<script type=\"application\/ld+json\" class=\"yoast-schema-graph\">{\"@context\":\"https:\\\/\\\/schema.org\",\"@graph\":[{\"@type\":\"WebPage\",\"@id\":\"https:\\\/\\\/www.vallonchene.fr\\\/es\\\/producto\\\/davidia-involucrata-sonoma\\\/\",\"url\":\"https:\\\/\\\/www.vallonchene.fr\\\/es\\\/producto\\\/davidia-involucrata-sonoma\\\/\",\"name\":\"DAVIDIA involucrata 'Sonoma' (\u00c1rbol de los Pa\u00f1uelos)\",\"isPartOf\":{\"@id\":\"https:\\\/\\\/www.vallonchene.fr\\\/es\\\/#website\"},\"primaryImageOfPage\":{\"@id\":\"https:\\\/\\\/www.vallonchene.fr\\\/es\\\/producto\\\/davidia-involucrata-sonoma\\\/#primaryimage\"},\"image\":{\"@id\":\"https:\\\/\\\/www.vallonchene.fr\\\/es\\\/producto\\\/davidia-involucrata-sonoma\\\/#primaryimage\"},\"thumbnailUrl\":\"https:\\\/\\\/www.vallonchene.fr\\\/wp-content\\\/uploads\\\/2025\\\/11\\\/IMG_20180430_092430935.webp\",\"datePublished\":\"2021-08-31T08:56:06+00:00\",\"dateModified\":\"2026-02-12T14:02:00+00:00\",\"description\":\"Este \u00e1rbol de los pa\u00f1uelos es muy apreciado, ya que suele florecer incluso despu\u00e9s de dos a\u00f1os. El DAVIDIA involucrata 'Sonoma' es una obtenci\u00f3n reciente.\",\"breadcrumb\":{\"@id\":\"https:\\\/\\\/www.vallonchene.fr\\\/es\\\/producto\\\/davidia-involucrata-sonoma\\\/#breadcrumb\"},\"inLanguage\":\"es\",\"potentialAction\":[{\"@type\":\"ReadAction\",\"target\":[\"https:\\\/\\\/www.vallonchene.fr\\\/es\\\/producto\\\/davidia-involucrata-sonoma\\\/\"]}]},{\"@type\":\"ImageObject\",\"inLanguage\":\"es\",\"@id\":\"https:\\\/\\\/www.vallonchene.fr\\\/es\\\/producto\\\/davidia-involucrata-sonoma\\\/#primaryimage\",\"url\":\"https:\\\/\\\/www.vallonchene.fr\\\/wp-content\\\/uploads\\\/2025\\\/11\\\/IMG_20180430_092430935.webp\",\"contentUrl\":\"https:\\\/\\\/www.vallonchene.fr\\\/wp-content\\\/uploads\\\/2025\\\/11\\\/IMG_20180430_092430935.webp\",\"width\":1000,\"height\":1000,\"caption\":\"Flores blancas con su centro rojo del DAVIDIA involucrata 'Sonoma'\"},{\"@type\":\"BreadcrumbList\",\"@id\":\"https:\\\/\\\/www.vallonchene.fr\\\/es\\\/producto\\\/davidia-involucrata-sonoma\\\/#breadcrumb\",\"itemListElement\":[{\"@type\":\"ListItem\",\"position\":1,\"name\":\"Home\",\"item\":\"https:\\\/\\\/www.vallonchene.fr\\\/es\\\/\"},{\"@type\":\"ListItem\",\"position\":2,\"name\":\"Tienda\",\"item\":\"https:\\\/\\\/www.vallonchene.fr\\\/tienda\\\/\"},{\"@type\":\"ListItem\",\"position\":3,\"name\":\"Venta en linea\",\"item\":\"https:\\\/\\\/www.vallonchene.fr\\\/es\\\/categoria-producto\\\/venta-en-linea\\\/\"},{\"@type\":\"ListItem\",\"position\":4,\"name\":\"Vivero\",\"item\":\"https:\\\/\\\/www.vallonchene.fr\\\/es\\\/categoria-producto\\\/venta-en-linea\\\/vivero\\\/\"},{\"@type\":\"ListItem\",\"position\":5,\"name\":\"Arbustos y \u00e1rboles\",\"item\":\"https:\\\/\\\/www.vallonchene.fr\\\/es\\\/categoria-producto\\\/venta-en-linea\\\/vivero\\\/arbustos-y-arboles\\\/\"},{\"@type\":\"ListItem\",\"position\":6,\"name\":\"DAVIDIA involucrata &#8216;Sonoma&#8217;\"}]},{\"@type\":\"WebSite\",\"@id\":\"https:\\\/\\\/www.vallonchene.fr\\\/es\\\/#website\",\"url\":\"https:\\\/\\\/www.vallonchene.fr\\\/es\\\/\",\"name\":\"Vallonch\u00eane\",\"description\":\"El vivero donde la calidad tiene sus ra\u00edces \u2013 Tel.: +33 (0)2.35.90.02.02\",\"publisher\":{\"@id\":\"https:\\\/\\\/www.vallonchene.fr\\\/es\\\/#organization\"},\"potentialAction\":[{\"@type\":\"SearchAction\",\"target\":{\"@type\":\"EntryPoint\",\"urlTemplate\":\"https:\\\/\\\/www.vallonchene.fr\\\/es\\\/?s={search_term_string}\"},\"query-input\":{\"@type\":\"PropertyValueSpecification\",\"valueRequired\":true,\"valueName\":\"search_term_string\"}}],\"inLanguage\":\"es\"},{\"@type\":\"Organization\",\"@id\":\"https:\\\/\\\/www.vallonchene.fr\\\/es\\\/#organization\",\"name\":\"VALLONCHENE\",\"url\":\"https:\\\/\\\/www.vallonchene.fr\\\/es\\\/\",\"logo\":{\"@type\":\"ImageObject\",\"inLanguage\":\"es\",\"@id\":\"https:\\\/\\\/www.vallonchene.fr\\\/es\\\/#\\\/schema\\\/logo\\\/image\\\/\",\"url\":\"https:\\\/\\\/www.vallonchene.fr\\\/wp-content\\\/uploads\\\/2023\\\/03\\\/Logo-Vallonchene-site-et-R_hauteur_100.png\",\"contentUrl\":\"https:\\\/\\\/www.vallonchene.fr\\\/wp-content\\\/uploads\\\/2023\\\/03\\\/Logo-Vallonchene-site-et-R_hauteur_100.png\",\"width\":221,\"height\":100,\"caption\":\"VALLONCHENE\"},\"image\":{\"@id\":\"https:\\\/\\\/www.vallonchene.fr\\\/es\\\/#\\\/schema\\\/logo\\\/image\\\/\"},\"sameAs\":[\"https:\\\/\\\/www.facebook.com\\\/vallonchene.fr\",\"https:\\\/\\\/www.instagram.com\\\/vallonchene\\\/\",\"https:\\\/\\\/www.pinterest.fr\\\/vallonchene\\\/\"],\"taxID\":\"49454502300017\",\"hasMerchantReturnPolicy\":{\"@type\":\"MerchantReturnPolicy\",\"merchantReturnLink\":\"https:\\\/\\\/www.vallonchene.fr\\\/remboursements_retours\\\/\"}}]}<\/script>\n<meta property=\"og:availability\" content=\"out of stock\" \/>\n<meta property=\"product:availability\" content=\"out of stock\" \/>\n<meta property=\"product:retailer_item_id\" content=\"47185\" \/>\n<meta property=\"product:condition\" content=\"new\" \/>\n<!-- \/ Yoast SEO Premium plugin. -->","yoast_head_json":{"title":"DAVIDIA involucrata 'Sonoma' (\u00c1rbol de los Pa\u00f1uelos)","description":"Este \u00e1rbol de los pa\u00f1uelos es muy apreciado, ya que suele florecer incluso despu\u00e9s de dos a\u00f1os. El DAVIDIA involucrata 'Sonoma' es una obtenci\u00f3n reciente.","robots":{"index":"index","follow":"follow","max-snippet":"max-snippet:-1","max-image-preview":"max-image-preview:large","max-video-preview":"max-video-preview:-1"},"canonical":"https:\/\/www.vallonchene.fr\/es\/producto\/davidia-involucrata-sonoma\/","og_locale":"es_ES","og_type":"article","og_title":"DAVIDIA involucrata 'Sonoma'","og_description":"Este \u00e1rbol de los pa\u00f1uelos es muy apreciado, ya que suele florecer incluso despu\u00e9s de dos a\u00f1os. El DAVIDIA involucrata 'Sonoma' es una obtenci\u00f3n reciente.","og_url":"https:\/\/www.vallonchene.fr\/es\/producto\/davidia-involucrata-sonoma\/","og_site_name":"Vallonch\u00eane","article_publisher":"https:\/\/www.facebook.com\/vallonchene.fr","article_modified_time":"2026-02-12T14:02:00+00:00","og_image":[{"width":1000,"height":1000,"url":"https:\/\/www.vallonchene.fr\/wp-content\/uploads\/2025\/11\/IMG_20180430_092430935.webp","type":"image\/webp"}],"twitter_card":"summary_large_image","twitter_misc":{"Disponibilidad":"Agotado"},"schema":{"@context":"https:\/\/schema.org","@graph":[{"@type":"WebPage","@id":"https:\/\/www.vallonchene.fr\/es\/producto\/davidia-involucrata-sonoma\/","url":"https:\/\/www.vallonchene.fr\/es\/producto\/davidia-involucrata-sonoma\/","name":"DAVIDIA involucrata 'Sonoma' (\u00c1rbol de los Pa\u00f1uelos)","isPartOf":{"@id":"https:\/\/www.vallonchene.fr\/es\/#website"},"primaryImageOfPage":{"@id":"https:\/\/www.vallonchene.fr\/es\/producto\/davidia-involucrata-sonoma\/#primaryimage"},"image":{"@id":"https:\/\/www.vallonchene.fr\/es\/producto\/davidia-involucrata-sonoma\/#primaryimage"},"thumbnailUrl":"https:\/\/www.vallonchene.fr\/wp-content\/uploads\/2025\/11\/IMG_20180430_092430935.webp","datePublished":"2021-08-31T08:56:06+00:00","dateModified":"2026-02-12T14:02:00+00:00","description":"Este \u00e1rbol de los pa\u00f1uelos es muy apreciado, ya que suele florecer incluso despu\u00e9s de dos a\u00f1os. El DAVIDIA involucrata 'Sonoma' es una obtenci\u00f3n reciente.","breadcrumb":{"@id":"https:\/\/www.vallonchene.fr\/es\/producto\/davidia-involucrata-sonoma\/#breadcrumb"},"inLanguage":"es","potentialAction":[{"@type":"ReadAction","target":["https:\/\/www.vallonchene.fr\/es\/producto\/davidia-involucrata-sonoma\/"]}]},{"@type":"ImageObject","inLanguage":"es","@id":"https:\/\/www.vallonchene.fr\/es\/producto\/davidia-involucrata-sonoma\/#primaryimage","url":"https:\/\/www.vallonchene.fr\/wp-content\/uploads\/2025\/11\/IMG_20180430_092430935.webp","contentUrl":"https:\/\/www.vallonchene.fr\/wp-content\/uploads\/2025\/11\/IMG_20180430_092430935.webp","width":1000,"height":1000,"caption":"Flores blancas con su centro rojo del DAVIDIA involucrata 'Sonoma'"},{"@type":"BreadcrumbList","@id":"https:\/\/www.vallonchene.fr\/es\/producto\/davidia-involucrata-sonoma\/#breadcrumb","itemListElement":[{"@type":"ListItem","position":1,"name":"Home","item":"https:\/\/www.vallonchene.fr\/es\/"},{"@type":"ListItem","position":2,"name":"Tienda","item":"https:\/\/www.vallonchene.fr\/tienda\/"},{"@type":"ListItem","position":3,"name":"Venta en linea","item":"https:\/\/www.vallonchene.fr\/es\/categoria-producto\/venta-en-linea\/"},{"@type":"ListItem","position":4,"name":"Vivero","item":"https:\/\/www.vallonchene.fr\/es\/categoria-producto\/venta-en-linea\/vivero\/"},{"@type":"ListItem","position":5,"name":"Arbustos y \u00e1rboles","item":"https:\/\/www.vallonchene.fr\/es\/categoria-producto\/venta-en-linea\/vivero\/arbustos-y-arboles\/"},{"@type":"ListItem","position":6,"name":"DAVIDIA involucrata &#8216;Sonoma&#8217;"}]},{"@type":"WebSite","@id":"https:\/\/www.vallonchene.fr\/es\/#website","url":"https:\/\/www.vallonchene.fr\/es\/","name":"Vallonch\u00eane","description":"El vivero donde la calidad tiene sus ra\u00edces \u2013 Tel.: +33 (0)2.35.90.02.02","publisher":{"@id":"https:\/\/www.vallonchene.fr\/es\/#organization"},"potentialAction":[{"@type":"SearchAction","target":{"@type":"EntryPoint","urlTemplate":"https:\/\/www.vallonchene.fr\/es\/?s={search_term_string}"},"query-input":{"@type":"PropertyValueSpecification","valueRequired":true,"valueName":"search_term_string"}}],"inLanguage":"es"},{"@type":"Organization","@id":"https:\/\/www.vallonchene.fr\/es\/#organization","name":"VALLONCHENE","url":"https:\/\/www.vallonchene.fr\/es\/","logo":{"@type":"ImageObject","inLanguage":"es","@id":"https:\/\/www.vallonchene.fr\/es\/#\/schema\/logo\/image\/","url":"https:\/\/www.vallonchene.fr\/wp-content\/uploads\/2023\/03\/Logo-Vallonchene-site-et-R_hauteur_100.png","contentUrl":"https:\/\/www.vallonchene.fr\/wp-content\/uploads\/2023\/03\/Logo-Vallonchene-site-et-R_hauteur_100.png","width":221,"height":100,"caption":"VALLONCHENE"},"image":{"@id":"https:\/\/www.vallonchene.fr\/es\/#\/schema\/logo\/image\/"},"sameAs":["https:\/\/www.facebook.com\/vallonchene.fr","https:\/\/www.instagram.com\/vallonchene\/","https:\/\/www.pinterest.fr\/vallonchene\/"],"taxID":"49454502300017","hasMerchantReturnPolicy":{"@type":"MerchantReturnPolicy","merchantReturnLink":"https:\/\/www.vallonchene.fr\/remboursements_retours\/"}}]},"og_availability":"out of stock","product_availability":"out of stock","product_retailer_item_id":"47185","product_condition":"new"},"_links":{"self":[{"href":"https:\/\/www.vallonchene.fr\/es\/wp-json\/wp\/v2\/product\/55776","targetHints":{"allow":["GET"]}}],"collection":[{"href":"https:\/\/www.vallonchene.fr\/es\/wp-json\/wp\/v2\/product"}],"about":[{"href":"https:\/\/www.vallonchene.fr\/es\/wp-json\/wp\/v2\/types\/product"}],"replies":[{"embeddable":true,"href":"https:\/\/www.vallonchene.fr\/es\/wp-json\/wp\/v2\/comments?post=55776"}],"wp:featuredmedia":[{"embeddable":true,"href":"https:\/\/www.vallonchene.fr\/es\/wp-json\/wp\/v2\/media\/55775"}],"wp:attachment":[{"href":"https:\/\/www.vallonchene.fr\/es\/wp-json\/wp\/v2\/media?parent=55776"}],"wp:term":[{"taxonomy":"product_brand","embeddable":true,"href":"https:\/\/www.vallonchene.fr\/es\/wp-json\/wp\/v2\/product_brand?post=55776"},{"taxonomy":"product_cat","embeddable":true,"href":"https:\/\/www.vallonchene.fr\/es\/wp-json\/wp\/v2\/product_cat?post=55776"},{"taxonomy":"product_tag","embeddable":true,"href":"https:\/\/www.vallonchene.fr\/es\/wp-json\/wp\/v2\/product_tag?post=55776"}],"curies":[{"name":"wp","href":"https:\/\/api.w.org\/{rel}","templated":true}]}}