{"id":55538,"date":"2021-08-31T10:41:35","date_gmt":"2021-08-31T10:41:35","guid":{"rendered":"https:\/\/www.vallonchene.fr\/produit\/acer-cappadocicum-aureum\/"},"modified":"2025-10-29T16:00:54","modified_gmt":"2025-10-29T15:00:54","slug":"acer-cappadocicum-aureum","status":"publish","type":"product","link":"https:\/\/www.vallonchene.fr\/es\/producto\/acer-cappadocicum-aureum\/","title":{"rendered":"ACER cappadocicum &#8216;Aureum&#8217;"},"content":{"rendered":"<h2>La Planta<\/h2>\n<p>El <strong>ACER cappadocicum &#8216;Aureum&#8217;<\/strong> forma parte de los peque\u00f1os \u00e1rboles deslumbrantes en m\u00e1s de un sentido. Se le llama com\u00fanmente <strong>arce de Capadocia amarillo<\/strong>. <\/p>\n<p>En primavera, desarrolla <strong>brotes de color rojo bronce<\/strong> que se transforman en <strong>magn\u00edficas hojas amarillas con puntas rojo sangre<\/strong>. Adem\u00e1s, su <strong>corteza es verde con un dibujo blanquecino<\/strong> algo parecido al de los arces de piel de serpiente. <\/p>\n<p>Luego, en verano, su follaje evoluciona hacia un color verde muy claro. Despu\u00e9s, <strong>en oto\u00f1o, sus hojas se ti\u00f1en de un amarillo anaranjado bastante particular<\/strong> que parece emitir luz durante esos d\u00edas grises (v\u00e9ase la foto). <\/p>\n<p>Dado que se trata de un \u00e1rbol de <strong>crecimiento muy lento<\/strong>, es <strong>considerado un \u00e1rbol de peque\u00f1o desarrollo<\/strong>. Por ello, se presta especialmente para jardines peque\u00f1os y medianos. Adem\u00e1s, es ideal en el borde de bosques, en claros o como \u00e1rbol solitario.  <\/p>\n<h2>\u00bfC\u00f3mo plantar y cuidar el ACER cappadocicum &#8216;Aureum&#8217;?<\/h2>\n<h3>Plantaci\u00f3n <br \/><\/h3>\n<p>El arce de Capadocia amarillo es una planta <strong>bastante sencilla de cultivar<\/strong>. No obstante, siga las siguientes recomendaciones para aprovecharla al m\u00e1ximo: <\/p>\n<ol>\n<li>Ub\u00edquele en un lugar <strong>a pleno sol o en semisombra<\/strong>, <strong>en un macizo, al borde del bosque o como planta solitaria<\/strong>.<\/li>\n<li>Prefiera un lugar de plantaci\u00f3n <strong>fresco a h\u00famedo, medio o seco<\/strong>.<\/li>\n<li>La tierra puede ser <strong>ligera, normal o pesada<\/strong>, con un <strong>pH \u00e1cido, neutro o calc\u00e1reo<\/strong>.<\/li>\n<li><a href=\"https:\/\/www.vallonchene.fr\/comment-planter-et-entretenir-des-vegetaux\/comment-planter-et-entretenir-arbres-arbustes-et-coniferes\/\" target=\"_blank\" rel=\"noreferrer noopener\"><strong>Para una buena preparaci\u00f3n del hoyo de plantaci\u00f3n, hemos dise\u00f1ado instrucciones espec\u00edficas disponibles aqu\u00ed<\/strong><\/a>.<\/li>\n<\/ol>\n<h3>Cuidado <br \/><\/h3>\n<p>Durante los dos primeros a\u00f1os despu\u00e9s de la plantaci\u00f3n, siga un riego regular, especialmente durante los per\u00edodos secos, para garantizar una buena recuperaci\u00f3n. <a href=\"https:\/\/www.vallonchene.fr\/comment-bien-arroser-le-jardin-et-economiser-leau\/\"><strong>Lea tambi\u00e9n nuestros consejos sobre c\u00f3mo regar bien y ahorrar agua aqu\u00ed<\/strong><\/a>. <\/p>\n<p>Como ya se ha mencionado, se trata de un arce f\u00e1cil de cultivar. Tolera bien la poda en caso necesario, aunque, dado su peque\u00f1o desarrollo, probablemente no ser\u00e1 preciso. En cualquier caso, pract\u00edquela en marzo antes de la aparici\u00f3n de los nuevos brotes.  <\/p>\n<h2>Historia y Origen<\/h2>\n<p>ACER cappadocicum &#8216;Aureum&#8217; es una selecci\u00f3n hort\u00edcola introducida en 1914 por H. A. Hesse (viverista de renombre) en Weener, Alemania, procedente de una especie originaria del C\u00e1ucaso y de Asia Menor (en particular de Turqu\u00eda e Ir\u00e1n).<\/p>\n<p>El nombre CAPPADOCICUM hace referencia a la Capadocia, una regi\u00f3n hist\u00f3rica situada en Anatolia Central (actual Turqu\u00eda). Es conocida por sus paisajes espectaculares y su rico patrimonio cultural antiguo. <\/p>\n<p>Por \u00faltimo, la adaptabilidad de esta especie y su valor ornamental la han convertido en una opci\u00f3n privilegiada en la horticultura europea, especialmente en los climas templados.<\/p>\n<p>&nbsp;<\/p>\n<p>&nbsp;<\/p>\n<p>&nbsp;<\/p>\n","protected":false},"excerpt":{"rendered":"<p>Este <strong>arce de Capadocia<\/strong> desarrolla en primavera brotes extraordinarios por su color rojo. Luego, el follaje del <g id=\"gid_1\">ACER cappadocicum &#8216;Aureum&#8217;<\/g> se vuelve suavemente amarillo, para terminar en un tono amarillo\/verde en verano. Adaptado a jardines peque\u00f1os.  <\/p>\n<p>La especie <em>ACER cappadocicum<\/em> proviene de las monta\u00f1as del C\u00e1ucaso, del noreste de Turqu\u00eda y del norte de Ir\u00e1n. Crece en bosques y valles, a menudo cerca de r\u00edos y en lugares h\u00famedos. <\/p>\n","protected":false},"featured_media":55507,"comment_status":"open","ping_status":"closed","template":"","meta":[],"product_brand":[],"product_cat":[11499],"product_tag":[11855,12706,12708,12707,12705],"class_list":{"0":"post-55538","1":"product","2":"type-product","3":"status-publish","4":"has-post-thumbnail","6":"product_cat-arbustos-y-arboles","7":"product_tag-acer-es","8":"product_tag-acer-cappadocicum","9":"product_tag-acer-cappadocicum-aureum","10":"product_tag-arce-de-capadocia","11":"product_tag-aureum","12":"pa_99-hauteurapproximativeapres1-3-a-5-m","13":"pa_couleurdufeuillage-amarilla","14":"pa_exigencesenhumidite-moderadamente-humedo-a-humedo","15":"pa_exigencesenhumidite-promedio","16":"pa_exigencesenhumidite-seco","17":"pa_expositionspossibles-pleno-sol-de-12-a-17-min","18":"pa_expositionspossibles-sombra-parcial-evitar-el-sol-de-12-a-17-horas","19":"pa_hauteurlivree-100-a-125-cm","20":"pa_hauteurlivree-125-a-150-cm-es","21":"pa_hauteurlivree-150-a-175-cm-es","22":"pa_hauteurlivree-80-a-100-cm-es","23":"pa_interetauprintemps-brotes-jovenes","24":"pa_interetauprintemps-follaje","25":"pa_interetenautomne-follaje","26":"pa_interetenete-follaje","27":"pa_naturedufeuillage-caduco","28":"pa_naturesdesolpossibles-ligero","29":"pa_naturesdesolpossibles-normal-es","30":"pa_naturesdesolpossibles-pesado","31":"pa_periodedetaille-marzo","32":"pa_phdusolacceptable-acido-menos-de-6_5","33":"pa_phdusolacceptable-calcareo-mas-de-7_5","34":"pa_phdusolacceptable-neutro-entre-6_5-y-7_5","35":"pa_resistanceaufroidrusticite-resistente-por-debajo-de-menos-20-c","36":"pa_tailledepot-maceta-de-10-litros","37":"pa_tailledepot-maceta-de-15-litros","38":"pa_tailledepot-maceta-de-2-litros","39":"pa_tailledepot-maceta-de-7_5-litros","40":"pa_utilisationpossible-aislado","41":"pa_utilisationpossible-arriate","43":"first","44":"instock","45":"taxable","46":"shipping-taxable","47":"purchasable","48":"product-type-variable"},"supplier_id":null,"supplier_sku":"","barcode":null,"atum_controlled":true,"out_stock_date":null,"out_stock_threshold":null,"inheritable":true,"inbound_stock":0,"stock_on_hold":0,"sold_today":0,"sales_last_days":0,"reserved_stock":0,"customer_returns":0,"warehouse_damage":0,"lost_in_post":0,"other_logs":0,"out_stock_days":null,"lost_sales":0,"has_location":false,"update_date":"2025-12-04T13:49:14","atum_locations":[],"atum_stock_status":"instock","restock_status":false,"low_stock_amount":"","sales_update_date":"2025-10-29T14:10:09","calc_backorders":null,"yoast_head":"<!-- This site is optimized with the Yoast SEO Premium plugin v27.4 (Yoast SEO v27.4) - https:\/\/yoast.com\/product\/yoast-seo-premium-wordpress\/ -->\n<title>ACER cappadocicum &#039;Aureum&#039; - arce de Capadocia<\/title>\n<meta name=\"description\" content=\"Este arce de Capadocia desarrolla en primavera brotes de color rojo. Luego, el follaje del ACER cappadocicum &#039;Aureum&#039; se vuelve amarillo.\" \/>\n<meta name=\"robots\" content=\"index, follow, max-snippet:-1, max-image-preview:large, max-video-preview:-1\" \/>\n<link rel=\"canonical\" href=\"https:\/\/www.vallonchene.fr\/es\/producto\/acer-cappadocicum-aureum\/\" \/>\n<meta property=\"og:locale\" content=\"es_ES\" \/>\n<meta property=\"og:type\" content=\"article\" \/>\n<meta property=\"og:title\" content=\"ACER cappadocicum &#039;Aureum&#039;\" \/>\n<meta property=\"og:description\" content=\"Este arce de Capadocia desarrolla en primavera brotes de color rojo. Luego, el follaje del ACER cappadocicum &#039;Aureum&#039; se vuelve amarillo.\" \/>\n<meta property=\"og:url\" content=\"https:\/\/www.vallonchene.fr\/es\/producto\/acer-cappadocicum-aureum\/\" \/>\n<meta property=\"og:site_name\" content=\"Vallonch\u00eane\" \/>\n<meta property=\"article:publisher\" content=\"https:\/\/www.facebook.com\/vallonchene.fr\" \/>\n<meta property=\"article:modified_time\" content=\"2025-10-29T15:00:54+00:00\" \/>\n<meta property=\"og:image\" content=\"https:\/\/www.vallonchene.fr\/wp-content\/uploads\/2025\/10\/IMG_1799.webp\" \/>\n\t<meta property=\"og:image:width\" content=\"1200\" \/>\n\t<meta property=\"og:image:height\" content=\"1200\" \/>\n\t<meta property=\"og:image:type\" content=\"image\/webp\" \/>\n<meta name=\"twitter:card\" content=\"summary_large_image\" \/>\n<meta name=\"twitter:label1\" content=\"Disponibilidad\" \/>\n\t<meta name=\"twitter:data1\" content=\"En stock\" \/>\n<script type=\"application\/ld+json\" class=\"yoast-schema-graph\">{\"@context\":\"https:\\\/\\\/schema.org\",\"@graph\":[{\"@type\":\"WebPage\",\"@id\":\"https:\\\/\\\/www.vallonchene.fr\\\/es\\\/producto\\\/acer-cappadocicum-aureum\\\/\",\"url\":\"https:\\\/\\\/www.vallonchene.fr\\\/es\\\/producto\\\/acer-cappadocicum-aureum\\\/\",\"name\":\"ACER cappadocicum 'Aureum' - arce de Capadocia\",\"isPartOf\":{\"@id\":\"https:\\\/\\\/www.vallonchene.fr\\\/es\\\/#website\"},\"primaryImageOfPage\":{\"@id\":\"https:\\\/\\\/www.vallonchene.fr\\\/es\\\/producto\\\/acer-cappadocicum-aureum\\\/#primaryimage\"},\"image\":{\"@id\":\"https:\\\/\\\/www.vallonchene.fr\\\/es\\\/producto\\\/acer-cappadocicum-aureum\\\/#primaryimage\"},\"thumbnailUrl\":\"https:\\\/\\\/www.vallonchene.fr\\\/wp-content\\\/uploads\\\/2025\\\/10\\\/IMG_1799.webp\",\"datePublished\":\"2021-08-31T10:41:35+00:00\",\"dateModified\":\"2025-10-29T15:00:54+00:00\",\"description\":\"Este arce de Capadocia desarrolla en primavera brotes de color rojo. Luego, el follaje del ACER cappadocicum 'Aureum' se vuelve amarillo.\",\"breadcrumb\":{\"@id\":\"https:\\\/\\\/www.vallonchene.fr\\\/es\\\/producto\\\/acer-cappadocicum-aureum\\\/#breadcrumb\"},\"inLanguage\":\"es\",\"potentialAction\":[{\"@type\":\"ReadAction\",\"target\":[\"https:\\\/\\\/www.vallonchene.fr\\\/es\\\/producto\\\/acer-cappadocicum-aureum\\\/\"]}]},{\"@type\":\"ImageObject\",\"inLanguage\":\"es\",\"@id\":\"https:\\\/\\\/www.vallonchene.fr\\\/es\\\/producto\\\/acer-cappadocicum-aureum\\\/#primaryimage\",\"url\":\"https:\\\/\\\/www.vallonchene.fr\\\/wp-content\\\/uploads\\\/2025\\\/10\\\/IMG_1799.webp\",\"contentUrl\":\"https:\\\/\\\/www.vallonchene.fr\\\/wp-content\\\/uploads\\\/2025\\\/10\\\/IMG_1799.webp\",\"width\":1200,\"height\":1200,\"caption\":\"Primer plano del follaje primaveral amarillo con puntas rojo sangre del ACER cappadocicum 'Aureum'\"},{\"@type\":\"BreadcrumbList\",\"@id\":\"https:\\\/\\\/www.vallonchene.fr\\\/es\\\/producto\\\/acer-cappadocicum-aureum\\\/#breadcrumb\",\"itemListElement\":[{\"@type\":\"ListItem\",\"position\":1,\"name\":\"Home\",\"item\":\"https:\\\/\\\/www.vallonchene.fr\\\/es\\\/\"},{\"@type\":\"ListItem\",\"position\":2,\"name\":\"Tienda\",\"item\":\"https:\\\/\\\/www.vallonchene.fr\\\/tienda\\\/\"},{\"@type\":\"ListItem\",\"position\":3,\"name\":\"Venta en linea\",\"item\":\"https:\\\/\\\/www.vallonchene.fr\\\/es\\\/categoria-producto\\\/venta-en-linea\\\/\"},{\"@type\":\"ListItem\",\"position\":4,\"name\":\"Vivero\",\"item\":\"https:\\\/\\\/www.vallonchene.fr\\\/es\\\/categoria-producto\\\/venta-en-linea\\\/vivero\\\/\"},{\"@type\":\"ListItem\",\"position\":5,\"name\":\"Arbustos y \u00e1rboles\",\"item\":\"https:\\\/\\\/www.vallonchene.fr\\\/es\\\/categoria-producto\\\/venta-en-linea\\\/vivero\\\/arbustos-y-arboles\\\/\"},{\"@type\":\"ListItem\",\"position\":6,\"name\":\"ACER cappadocicum &#8216;Aureum&#8217;\"}]},{\"@type\":\"WebSite\",\"@id\":\"https:\\\/\\\/www.vallonchene.fr\\\/es\\\/#website\",\"url\":\"https:\\\/\\\/www.vallonchene.fr\\\/es\\\/\",\"name\":\"Vallonch\u00eane\",\"description\":\"El vivero donde la calidad tiene sus ra\u00edces \u2013 Tel.: +33 (0)2.35.90.02.02\",\"publisher\":{\"@id\":\"https:\\\/\\\/www.vallonchene.fr\\\/es\\\/#organization\"},\"potentialAction\":[{\"@type\":\"SearchAction\",\"target\":{\"@type\":\"EntryPoint\",\"urlTemplate\":\"https:\\\/\\\/www.vallonchene.fr\\\/es\\\/?s={search_term_string}\"},\"query-input\":{\"@type\":\"PropertyValueSpecification\",\"valueRequired\":true,\"valueName\":\"search_term_string\"}}],\"inLanguage\":\"es\"},{\"@type\":\"Organization\",\"@id\":\"https:\\\/\\\/www.vallonchene.fr\\\/es\\\/#organization\",\"name\":\"VALLONCHENE\",\"url\":\"https:\\\/\\\/www.vallonchene.fr\\\/es\\\/\",\"logo\":{\"@type\":\"ImageObject\",\"inLanguage\":\"es\",\"@id\":\"https:\\\/\\\/www.vallonchene.fr\\\/es\\\/#\\\/schema\\\/logo\\\/image\\\/\",\"url\":\"https:\\\/\\\/www.vallonchene.fr\\\/wp-content\\\/uploads\\\/2023\\\/03\\\/Logo-Vallonchene-site-et-R_hauteur_100.png\",\"contentUrl\":\"https:\\\/\\\/www.vallonchene.fr\\\/wp-content\\\/uploads\\\/2023\\\/03\\\/Logo-Vallonchene-site-et-R_hauteur_100.png\",\"width\":221,\"height\":100,\"caption\":\"VALLONCHENE\"},\"image\":{\"@id\":\"https:\\\/\\\/www.vallonchene.fr\\\/es\\\/#\\\/schema\\\/logo\\\/image\\\/\"},\"sameAs\":[\"https:\\\/\\\/www.facebook.com\\\/vallonchene.fr\",\"https:\\\/\\\/www.instagram.com\\\/vallonchene\\\/\",\"https:\\\/\\\/www.pinterest.fr\\\/vallonchene\\\/\"],\"taxID\":\"49454502300017\",\"hasMerchantReturnPolicy\":{\"@type\":\"MerchantReturnPolicy\",\"merchantReturnLink\":\"https:\\\/\\\/www.vallonchene.fr\\\/remboursements_retours\\\/\"}}]}<\/script>\n<meta property=\"og:availability\" content=\"instock\" \/>\n<meta property=\"product:availability\" content=\"instock\" \/>\n<meta property=\"product:retailer_item_id\" content=\"52516\" \/>\n<meta property=\"product:condition\" content=\"new\" \/>\n<!-- \/ Yoast SEO Premium plugin. -->","yoast_head_json":{"title":"ACER cappadocicum 'Aureum' - arce de Capadocia","description":"Este arce de Capadocia desarrolla en primavera brotes de color rojo. Luego, el follaje del ACER cappadocicum 'Aureum' se vuelve amarillo.","robots":{"index":"index","follow":"follow","max-snippet":"max-snippet:-1","max-image-preview":"max-image-preview:large","max-video-preview":"max-video-preview:-1"},"canonical":"https:\/\/www.vallonchene.fr\/es\/producto\/acer-cappadocicum-aureum\/","og_locale":"es_ES","og_type":"article","og_title":"ACER cappadocicum 'Aureum'","og_description":"Este arce de Capadocia desarrolla en primavera brotes de color rojo. Luego, el follaje del ACER cappadocicum 'Aureum' se vuelve amarillo.","og_url":"https:\/\/www.vallonchene.fr\/es\/producto\/acer-cappadocicum-aureum\/","og_site_name":"Vallonch\u00eane","article_publisher":"https:\/\/www.facebook.com\/vallonchene.fr","article_modified_time":"2025-10-29T15:00:54+00:00","og_image":[{"width":1200,"height":1200,"url":"https:\/\/www.vallonchene.fr\/wp-content\/uploads\/2025\/10\/IMG_1799.webp","type":"image\/webp"}],"twitter_card":"summary_large_image","twitter_misc":{"Disponibilidad":"En stock"},"schema":{"@context":"https:\/\/schema.org","@graph":[{"@type":"WebPage","@id":"https:\/\/www.vallonchene.fr\/es\/producto\/acer-cappadocicum-aureum\/","url":"https:\/\/www.vallonchene.fr\/es\/producto\/acer-cappadocicum-aureum\/","name":"ACER cappadocicum 'Aureum' - arce de Capadocia","isPartOf":{"@id":"https:\/\/www.vallonchene.fr\/es\/#website"},"primaryImageOfPage":{"@id":"https:\/\/www.vallonchene.fr\/es\/producto\/acer-cappadocicum-aureum\/#primaryimage"},"image":{"@id":"https:\/\/www.vallonchene.fr\/es\/producto\/acer-cappadocicum-aureum\/#primaryimage"},"thumbnailUrl":"https:\/\/www.vallonchene.fr\/wp-content\/uploads\/2025\/10\/IMG_1799.webp","datePublished":"2021-08-31T10:41:35+00:00","dateModified":"2025-10-29T15:00:54+00:00","description":"Este arce de Capadocia desarrolla en primavera brotes de color rojo. Luego, el follaje del ACER cappadocicum 'Aureum' se vuelve amarillo.","breadcrumb":{"@id":"https:\/\/www.vallonchene.fr\/es\/producto\/acer-cappadocicum-aureum\/#breadcrumb"},"inLanguage":"es","potentialAction":[{"@type":"ReadAction","target":["https:\/\/www.vallonchene.fr\/es\/producto\/acer-cappadocicum-aureum\/"]}]},{"@type":"ImageObject","inLanguage":"es","@id":"https:\/\/www.vallonchene.fr\/es\/producto\/acer-cappadocicum-aureum\/#primaryimage","url":"https:\/\/www.vallonchene.fr\/wp-content\/uploads\/2025\/10\/IMG_1799.webp","contentUrl":"https:\/\/www.vallonchene.fr\/wp-content\/uploads\/2025\/10\/IMG_1799.webp","width":1200,"height":1200,"caption":"Primer plano del follaje primaveral amarillo con puntas rojo sangre del ACER cappadocicum 'Aureum'"},{"@type":"BreadcrumbList","@id":"https:\/\/www.vallonchene.fr\/es\/producto\/acer-cappadocicum-aureum\/#breadcrumb","itemListElement":[{"@type":"ListItem","position":1,"name":"Home","item":"https:\/\/www.vallonchene.fr\/es\/"},{"@type":"ListItem","position":2,"name":"Tienda","item":"https:\/\/www.vallonchene.fr\/tienda\/"},{"@type":"ListItem","position":3,"name":"Venta en linea","item":"https:\/\/www.vallonchene.fr\/es\/categoria-producto\/venta-en-linea\/"},{"@type":"ListItem","position":4,"name":"Vivero","item":"https:\/\/www.vallonchene.fr\/es\/categoria-producto\/venta-en-linea\/vivero\/"},{"@type":"ListItem","position":5,"name":"Arbustos y \u00e1rboles","item":"https:\/\/www.vallonchene.fr\/es\/categoria-producto\/venta-en-linea\/vivero\/arbustos-y-arboles\/"},{"@type":"ListItem","position":6,"name":"ACER cappadocicum &#8216;Aureum&#8217;"}]},{"@type":"WebSite","@id":"https:\/\/www.vallonchene.fr\/es\/#website","url":"https:\/\/www.vallonchene.fr\/es\/","name":"Vallonch\u00eane","description":"El vivero donde la calidad tiene sus ra\u00edces \u2013 Tel.: +33 (0)2.35.90.02.02","publisher":{"@id":"https:\/\/www.vallonchene.fr\/es\/#organization"},"potentialAction":[{"@type":"SearchAction","target":{"@type":"EntryPoint","urlTemplate":"https:\/\/www.vallonchene.fr\/es\/?s={search_term_string}"},"query-input":{"@type":"PropertyValueSpecification","valueRequired":true,"valueName":"search_term_string"}}],"inLanguage":"es"},{"@type":"Organization","@id":"https:\/\/www.vallonchene.fr\/es\/#organization","name":"VALLONCHENE","url":"https:\/\/www.vallonchene.fr\/es\/","logo":{"@type":"ImageObject","inLanguage":"es","@id":"https:\/\/www.vallonchene.fr\/es\/#\/schema\/logo\/image\/","url":"https:\/\/www.vallonchene.fr\/wp-content\/uploads\/2023\/03\/Logo-Vallonchene-site-et-R_hauteur_100.png","contentUrl":"https:\/\/www.vallonchene.fr\/wp-content\/uploads\/2023\/03\/Logo-Vallonchene-site-et-R_hauteur_100.png","width":221,"height":100,"caption":"VALLONCHENE"},"image":{"@id":"https:\/\/www.vallonchene.fr\/es\/#\/schema\/logo\/image\/"},"sameAs":["https:\/\/www.facebook.com\/vallonchene.fr","https:\/\/www.instagram.com\/vallonchene\/","https:\/\/www.pinterest.fr\/vallonchene\/"],"taxID":"49454502300017","hasMerchantReturnPolicy":{"@type":"MerchantReturnPolicy","merchantReturnLink":"https:\/\/www.vallonchene.fr\/remboursements_retours\/"}}]},"og_availability":"instock","product_availability":"instock","product_retailer_item_id":"52516","product_condition":"new"},"_links":{"self":[{"href":"https:\/\/www.vallonchene.fr\/es\/wp-json\/wp\/v2\/product\/55538","targetHints":{"allow":["GET"]}}],"collection":[{"href":"https:\/\/www.vallonchene.fr\/es\/wp-json\/wp\/v2\/product"}],"about":[{"href":"https:\/\/www.vallonchene.fr\/es\/wp-json\/wp\/v2\/types\/product"}],"replies":[{"embeddable":true,"href":"https:\/\/www.vallonchene.fr\/es\/wp-json\/wp\/v2\/comments?post=55538"}],"wp:featuredmedia":[{"embeddable":true,"href":"https:\/\/www.vallonchene.fr\/es\/wp-json\/wp\/v2\/media\/55507"}],"wp:attachment":[{"href":"https:\/\/www.vallonchene.fr\/es\/wp-json\/wp\/v2\/media?parent=55538"}],"wp:term":[{"taxonomy":"product_brand","embeddable":true,"href":"https:\/\/www.vallonchene.fr\/es\/wp-json\/wp\/v2\/product_brand?post=55538"},{"taxonomy":"product_cat","embeddable":true,"href":"https:\/\/www.vallonchene.fr\/es\/wp-json\/wp\/v2\/product_cat?post=55538"},{"taxonomy":"product_tag","embeddable":true,"href":"https:\/\/www.vallonchene.fr\/es\/wp-json\/wp\/v2\/product_tag?post=55538"}],"curies":[{"name":"wp","href":"https:\/\/api.w.org\/{rel}","templated":true}]}}