{"id":55038,"date":"2021-08-31T10:44:34","date_gmt":"2021-08-31T10:44:34","guid":{"rendered":"https:\/\/www.vallonchene.fr\/produit\/aesculus-hippocastanum-f-laciniata\/"},"modified":"2021-08-31T10:44:34","modified_gmt":"2021-08-31T08:44:34","slug":"aesculus-hippocastanum-f-laciniata","status":"publish","type":"product","link":"https:\/\/www.vallonchene.fr\/es\/producto\/aesculus-hippocastanum-f-laciniata\/","title":{"rendered":"AESCULUS hippocastanum f. laciniata"},"content":{"rendered":"<h2>La Planta<\/h2>\n<p>El <strong>AESCULUS hippocastanum f. laciniata<\/strong> representa una forma rara y elegante del <strong>casta\u00f1o de Indias<\/strong>. Su follaje est\u00e1 finamente laciniado y crece literalmente en tiras con filamentos. Permanece en el \u00e1rbol mucho m\u00e1s tiempo en oto\u00f1o que el del casta\u00f1o de Indias com\u00fan.  <\/p>\n<p>Adem\u00e1s, su <strong>porte compacto con ramas colgantes<\/strong> y su <strong>crecimiento significativamente reducido<\/strong> en comparaci\u00f3n con la especie tipo lo convierten en una planta ideal incluso para jardines peque\u00f1os. No superar\u00e1 los 2 a 3 metros despu\u00e9s de unos diez a\u00f1os. Gracias a su crecimiento lento, tambi\u00e9n se utiliza para el <strong>bons\u00e1i<\/strong>.  <\/p>\n<p>Finalmente, el casta\u00f1o de Indias laciniado <strong>no produce frutos<\/strong>, pero su follaje adquiere un <strong>hermoso color amarillo dorado en oto\u00f1o<\/strong>.<\/p>\n<h2>\u00bfC\u00f3mo plantar y cuidar el AESCULUS hippocastanum f.laciniata? <\/h2>\n<h3>La plantaci\u00f3n<br \/><\/h3>\n<p>El casta\u00f1o de Indias laciniado es una planta resistente y, en general, f\u00e1cil de cultivar. No obstante, le recomendamos seguir estas indicaciones: <\/p>\n<ol>\n<li>B\u00fasquele un lugar <strong>a pleno sol o en semisombra<\/strong>, ya sea <strong>en un macizo, como ejemplar aislado o en una maceta o tiesto<\/strong>.<\/li>\n<li>Prefiera un <strong>lugar fresco a h\u00famedo, moderadamente h\u00famedo o seco<\/strong>.<\/li>\n<li>La tierra deber\u00eda ser <strong>ligera, normal o pesada<\/strong>, con un <strong>pH \u00e1cido, neutro o calc\u00e1reo<\/strong>.<\/li>\n<li>Para una buena preparaci\u00f3n del hoyo de plantaci\u00f3n, hemos dise\u00f1ado <a href=\"https:\/\/www.vallonchene.fr\/comment-planter-et-entretenir-des-vegetaux\/comment-planter-et-entretenir-arbres-arbustes-et-coniferes\/\" target=\"_blank\" rel=\"noreferrer noopener\"><br \/>\n  <strong>instrucciones espec\u00edficas disponibles aqu\u00ed<\/strong><br \/>\n<\/a>.<\/li>\n<\/ol>\n<h3>El cuidado <br \/><\/h3>\n<p>Como ocurre con cualquier planta reci\u00e9n plantada, aseg\u00farese de realizar riegos regulares durante los dos primeros a\u00f1os, especialmente en per\u00edodos de sequ\u00eda. Le invitamos a consultar tambi\u00e9n <a href=\"https:\/\/www.vallonchene.fr\/comment-bien-arroser-le-jardin-et-economiser-leau\/\"><br \/>\n  <strong>nuestros consejos sobre c\u00f3mo regar correctamente y ahorrar agua aqu\u00ed<\/strong><br \/>\n<\/a>.<\/p>\n<p>Si desea realizar una poda, h\u00e1galo en febrero o marzo, pero antes de la aparici\u00f3n de nuevos brotes.<\/p>\n<h2>Historia y Origen<\/h2>\n<p>El AESCULUS hippocastanum f. laciniata fue descubierto en Francia en 1843 por A &amp; L. Leroy en Angers, y sigue siendo una curiosidad bot\u00e1nica muy apreciada por coleccionistas y conocedores. <\/p>\n<p>Aunque el nombre com\u00fan \u201ccasta\u00f1o de Indias\u201d sea probablemente el m\u00e1s extendido, esta especie no proviene de la India. Dicho nombre tiene su origen en una confusi\u00f3n sobre su procedencia en sus inicios. En realidad, es end\u00e9mica de Francia y Europa. Se han descubierto f\u00f3siles que demuestran que esta especie estaba presente en Europa hace entre 5 y 2,5 millones de a\u00f1os.   <\/p>\n<p>&nbsp;<\/p>\n<p>&nbsp;<\/p>\n","protected":false},"excerpt":{"rendered":"<p>El <strong>AESCULUS hippocastanum f. laciniata<\/strong>, tambi\u00e9n conocido como <strong>casta\u00f1o de Indias<\/strong> laciniado, desarrolla un follaje finamente recortado, raro y ornamental. Es ideal como \u00e1rbol, incluso para jardines peque\u00f1os. <\/p>\n","protected":false},"featured_media":55029,"comment_status":"open","ping_status":"closed","template":"","meta":[],"product_brand":[],"product_cat":[11499],"product_tag":[11822,11824,12680,12679,12681],"class_list":{"0":"post-55038","1":"product","2":"type-product","3":"status-publish","4":"has-post-thumbnail","6":"product_cat-arbustos-y-arboles","7":"product_tag-aesculus-es","8":"product_tag-aesculus-hippocastanum-es","9":"product_tag-arbol-de-los-conkers","10":"product_tag-castano-de-indias","11":"product_tag-falso-castano-es-2","12":"pa_99-hauteurapproximativeapres1-2-a-3-m","13":"pa_couleurdufeuillage-verde","14":"pa_exigencesenhumidite-moderadamente-humedo-a-humedo","15":"pa_exigencesenhumidite-promedio","16":"pa_exigencesenhumidite-seco","17":"pa_expositionspossibles-pleno-sol-de-12-a-17-min","18":"pa_expositionspossibles-sombra-parcial-evitar-el-sol-de-12-a-17-horas","19":"pa_hauteurlivree-125-a-150-cm-es","20":"pa_hauteurlivree-60-a-80-cm-es","21":"pa_hauteurlivree-70-a-80-cm-es","22":"pa_hauteurlivree-80-a-100-cm-es","23":"pa_interetauprintemps-brotes-jovenes","24":"pa_interetauprintemps-follaje","25":"pa_interetenautomne-follaje","26":"pa_interetenete-follaje","27":"pa_naturedufeuillage-caduco","28":"pa_naturedufeuillage-laciniado","29":"pa_naturesdesolpossibles-ligero","30":"pa_naturesdesolpossibles-normal-es","31":"pa_naturesdesolpossibles-pesado","32":"pa_particularites-adecuado-para-bonsai","33":"pa_periodedetaille-marzo","34":"pa_phdusolacceptable-acido-menos-de-6_5","35":"pa_phdusolacceptable-calcareo-mas-de-7_5","36":"pa_phdusolacceptable-neutro-entre-6_5-y-7_5","37":"pa_portgraphisme-globoso","38":"pa_resistanceaufroidrusticite-resistente-por-debajo-de-menos-20-c","39":"pa_tailledepot-maceta-de-2-litros","40":"pa_utilisationpossible-aislado","41":"pa_utilisationpossible-arriate","42":"pa_utilisationpossible-contenedor-o-olla","44":"first","45":"instock","46":"taxable","47":"shipping-taxable","48":"purchasable","49":"product-type-variable"},"supplier_id":null,"supplier_sku":"","barcode":null,"atum_controlled":true,"out_stock_date":null,"out_stock_threshold":null,"inheritable":true,"inbound_stock":0,"stock_on_hold":0,"sold_today":0,"sales_last_days":0,"reserved_stock":0,"customer_returns":0,"warehouse_damage":0,"lost_in_post":0,"other_logs":0,"out_stock_days":null,"lost_sales":0,"has_location":false,"update_date":"2026-03-11T15:13:49","atum_locations":[],"atum_stock_status":"instock","restock_status":false,"low_stock_amount":"","sales_update_date":"2025-10-26T14:17:17","calc_backorders":null,"yoast_head":"<!-- This site is optimized with the Yoast SEO Premium plugin v27.5 (Yoast SEO v27.5) - https:\/\/yoast.com\/product\/yoast-seo-premium-wordpress\/ -->\n<title>AESCULUS hippocastanum f. laciniata - casta\u00f1o de Indias<\/title>\n<meta name=\"description\" content=\"Este casta\u00f1o de Indias posee un follaje muy laciniado. El AESCULUS hippocastanum f. laciniata crece muy lentamente y est\u00e1 incluso adaptado para jardines peque\u00f1os.\" \/>\n<meta name=\"robots\" content=\"index, follow, max-snippet:-1, max-image-preview:large, max-video-preview:-1\" \/>\n<link rel=\"canonical\" href=\"https:\/\/www.vallonchene.fr\/es\/producto\/aesculus-hippocastanum-f-laciniata\/\" \/>\n<meta property=\"og:locale\" content=\"es_ES\" \/>\n<meta property=\"og:type\" content=\"article\" \/>\n<meta property=\"og:title\" content=\"AESCULUS hippocastanum f. laciniata\" \/>\n<meta property=\"og:description\" content=\"Este casta\u00f1o de Indias posee un follaje muy laciniado. El AESCULUS hippocastanum f. laciniata crece muy lentamente y est\u00e1 incluso adaptado para jardines peque\u00f1os.\" \/>\n<meta property=\"og:url\" content=\"https:\/\/www.vallonchene.fr\/es\/producto\/aesculus-hippocastanum-f-laciniata\/\" \/>\n<meta property=\"og:site_name\" content=\"Vallonch\u00eane\" \/>\n<meta property=\"article:publisher\" content=\"https:\/\/www.facebook.com\/vallonchene.fr\" \/>\n<meta property=\"og:image\" content=\"https:\/\/www.vallonchene.fr\/wp-content\/uploads\/2025\/10\/IMG_20251001_100030.webp\" \/>\n\t<meta property=\"og:image:width\" content=\"1200\" \/>\n\t<meta property=\"og:image:height\" content=\"1200\" \/>\n\t<meta property=\"og:image:type\" content=\"image\/webp\" \/>\n<meta name=\"twitter:card\" content=\"summary_large_image\" \/>\n<meta name=\"twitter:label1\" content=\"Disponibilidad\" \/>\n\t<meta name=\"twitter:data1\" content=\"En stock\" \/>\n<script type=\"application\/ld+json\" class=\"yoast-schema-graph\">{\"@context\":\"https:\\\/\\\/schema.org\",\"@graph\":[{\"@type\":\"WebPage\",\"@id\":\"https:\\\/\\\/www.vallonchene.fr\\\/es\\\/producto\\\/aesculus-hippocastanum-f-laciniata\\\/\",\"url\":\"https:\\\/\\\/www.vallonchene.fr\\\/es\\\/producto\\\/aesculus-hippocastanum-f-laciniata\\\/\",\"name\":\"AESCULUS hippocastanum f. laciniata - casta\u00f1o de Indias\",\"isPartOf\":{\"@id\":\"https:\\\/\\\/www.vallonchene.fr\\\/es\\\/#website\"},\"primaryImageOfPage\":{\"@id\":\"https:\\\/\\\/www.vallonchene.fr\\\/es\\\/producto\\\/aesculus-hippocastanum-f-laciniata\\\/#primaryimage\"},\"image\":{\"@id\":\"https:\\\/\\\/www.vallonchene.fr\\\/es\\\/producto\\\/aesculus-hippocastanum-f-laciniata\\\/#primaryimage\"},\"thumbnailUrl\":\"https:\\\/\\\/www.vallonchene.fr\\\/wp-content\\\/uploads\\\/2025\\\/10\\\/IMG_20251001_100030.webp\",\"datePublished\":\"2021-08-31T10:44:34+00:00\",\"description\":\"Este casta\u00f1o de Indias posee un follaje muy laciniado. El AESCULUS hippocastanum f. laciniata crece muy lentamente y est\u00e1 incluso adaptado para jardines peque\u00f1os.\",\"breadcrumb\":{\"@id\":\"https:\\\/\\\/www.vallonchene.fr\\\/es\\\/producto\\\/aesculus-hippocastanum-f-laciniata\\\/#breadcrumb\"},\"inLanguage\":\"es\",\"potentialAction\":[{\"@type\":\"ReadAction\",\"target\":[\"https:\\\/\\\/www.vallonchene.fr\\\/es\\\/producto\\\/aesculus-hippocastanum-f-laciniata\\\/\"]}]},{\"@type\":\"ImageObject\",\"inLanguage\":\"es\",\"@id\":\"https:\\\/\\\/www.vallonchene.fr\\\/es\\\/producto\\\/aesculus-hippocastanum-f-laciniata\\\/#primaryimage\",\"url\":\"https:\\\/\\\/www.vallonchene.fr\\\/wp-content\\\/uploads\\\/2025\\\/10\\\/IMG_20251001_100030.webp\",\"contentUrl\":\"https:\\\/\\\/www.vallonchene.fr\\\/wp-content\\\/uploads\\\/2025\\\/10\\\/IMG_20251001_100030.webp\",\"width\":1200,\"height\":1200,\"caption\":\"Primer plano del follaje laciniado de Aesculus hippocastanum f. laciniata.\"},{\"@type\":\"BreadcrumbList\",\"@id\":\"https:\\\/\\\/www.vallonchene.fr\\\/es\\\/producto\\\/aesculus-hippocastanum-f-laciniata\\\/#breadcrumb\",\"itemListElement\":[{\"@type\":\"ListItem\",\"position\":1,\"name\":\"Home\",\"item\":\"https:\\\/\\\/www.vallonchene.fr\\\/es\\\/\"},{\"@type\":\"ListItem\",\"position\":2,\"name\":\"Tienda\",\"item\":\"https:\\\/\\\/www.vallonchene.fr\\\/tienda\\\/\"},{\"@type\":\"ListItem\",\"position\":3,\"name\":\"AESCULUS hippocastanum f. laciniata\"}]},{\"@type\":\"WebSite\",\"@id\":\"https:\\\/\\\/www.vallonchene.fr\\\/es\\\/#website\",\"url\":\"https:\\\/\\\/www.vallonchene.fr\\\/es\\\/\",\"name\":\"Vallonch\u00eane\",\"description\":\"El vivero donde la calidad tiene sus ra\u00edces \u2013 Tel.: +33 (0)2.35.90.02.02\",\"publisher\":{\"@id\":\"https:\\\/\\\/www.vallonchene.fr\\\/es\\\/#organization\"},\"potentialAction\":[{\"@type\":\"SearchAction\",\"target\":{\"@type\":\"EntryPoint\",\"urlTemplate\":\"https:\\\/\\\/www.vallonchene.fr\\\/es\\\/?s={search_term_string}\"},\"query-input\":{\"@type\":\"PropertyValueSpecification\",\"valueRequired\":true,\"valueName\":\"search_term_string\"}}],\"inLanguage\":\"es\"},{\"@type\":\"Organization\",\"@id\":\"https:\\\/\\\/www.vallonchene.fr\\\/es\\\/#organization\",\"name\":\"VALLONCHENE\",\"url\":\"https:\\\/\\\/www.vallonchene.fr\\\/es\\\/\",\"logo\":{\"@type\":\"ImageObject\",\"inLanguage\":\"es\",\"@id\":\"https:\\\/\\\/www.vallonchene.fr\\\/es\\\/#\\\/schema\\\/logo\\\/image\\\/\",\"url\":\"https:\\\/\\\/www.vallonchene.fr\\\/wp-content\\\/uploads\\\/2023\\\/03\\\/Logo-Vallonchene-site-et-R_hauteur_100.png\",\"contentUrl\":\"https:\\\/\\\/www.vallonchene.fr\\\/wp-content\\\/uploads\\\/2023\\\/03\\\/Logo-Vallonchene-site-et-R_hauteur_100.png\",\"width\":221,\"height\":100,\"caption\":\"VALLONCHENE\"},\"image\":{\"@id\":\"https:\\\/\\\/www.vallonchene.fr\\\/es\\\/#\\\/schema\\\/logo\\\/image\\\/\"},\"sameAs\":[\"https:\\\/\\\/www.facebook.com\\\/vallonchene.fr\",\"https:\\\/\\\/www.instagram.com\\\/vallonchene\\\/\",\"https:\\\/\\\/www.pinterest.fr\\\/vallonchene\\\/\"],\"taxID\":\"49454502300017\",\"hasMerchantReturnPolicy\":{\"@type\":\"MerchantReturnPolicy\",\"merchantReturnLink\":\"https:\\\/\\\/www.vallonchene.fr\\\/remboursements_retours\\\/\"}}]}<\/script>\n<meta property=\"og:availability\" content=\"instock\" \/>\n<meta property=\"product:availability\" content=\"instock\" \/>\n<meta property=\"product:retailer_item_id\" content=\"27958\" \/>\n<meta property=\"product:condition\" content=\"new\" \/>\n<!-- \/ Yoast SEO Premium plugin. -->","yoast_head_json":{"title":"AESCULUS hippocastanum f. laciniata - casta\u00f1o de Indias","description":"Este casta\u00f1o de Indias posee un follaje muy laciniado. El AESCULUS hippocastanum f. laciniata crece muy lentamente y est\u00e1 incluso adaptado para jardines peque\u00f1os.","robots":{"index":"index","follow":"follow","max-snippet":"max-snippet:-1","max-image-preview":"max-image-preview:large","max-video-preview":"max-video-preview:-1"},"canonical":"https:\/\/www.vallonchene.fr\/es\/producto\/aesculus-hippocastanum-f-laciniata\/","og_locale":"es_ES","og_type":"article","og_title":"AESCULUS hippocastanum f. laciniata","og_description":"Este casta\u00f1o de Indias posee un follaje muy laciniado. El AESCULUS hippocastanum f. laciniata crece muy lentamente y est\u00e1 incluso adaptado para jardines peque\u00f1os.","og_url":"https:\/\/www.vallonchene.fr\/es\/producto\/aesculus-hippocastanum-f-laciniata\/","og_site_name":"Vallonch\u00eane","article_publisher":"https:\/\/www.facebook.com\/vallonchene.fr","og_image":[{"width":1200,"height":1200,"url":"https:\/\/www.vallonchene.fr\/wp-content\/uploads\/2025\/10\/IMG_20251001_100030.webp","type":"image\/webp"}],"twitter_card":"summary_large_image","twitter_misc":{"Disponibilidad":"En stock"},"schema":{"@context":"https:\/\/schema.org","@graph":[{"@type":"WebPage","@id":"https:\/\/www.vallonchene.fr\/es\/producto\/aesculus-hippocastanum-f-laciniata\/","url":"https:\/\/www.vallonchene.fr\/es\/producto\/aesculus-hippocastanum-f-laciniata\/","name":"AESCULUS hippocastanum f. laciniata - casta\u00f1o de Indias","isPartOf":{"@id":"https:\/\/www.vallonchene.fr\/es\/#website"},"primaryImageOfPage":{"@id":"https:\/\/www.vallonchene.fr\/es\/producto\/aesculus-hippocastanum-f-laciniata\/#primaryimage"},"image":{"@id":"https:\/\/www.vallonchene.fr\/es\/producto\/aesculus-hippocastanum-f-laciniata\/#primaryimage"},"thumbnailUrl":"https:\/\/www.vallonchene.fr\/wp-content\/uploads\/2025\/10\/IMG_20251001_100030.webp","datePublished":"2021-08-31T10:44:34+00:00","description":"Este casta\u00f1o de Indias posee un follaje muy laciniado. El AESCULUS hippocastanum f. laciniata crece muy lentamente y est\u00e1 incluso adaptado para jardines peque\u00f1os.","breadcrumb":{"@id":"https:\/\/www.vallonchene.fr\/es\/producto\/aesculus-hippocastanum-f-laciniata\/#breadcrumb"},"inLanguage":"es","potentialAction":[{"@type":"ReadAction","target":["https:\/\/www.vallonchene.fr\/es\/producto\/aesculus-hippocastanum-f-laciniata\/"]}]},{"@type":"ImageObject","inLanguage":"es","@id":"https:\/\/www.vallonchene.fr\/es\/producto\/aesculus-hippocastanum-f-laciniata\/#primaryimage","url":"https:\/\/www.vallonchene.fr\/wp-content\/uploads\/2025\/10\/IMG_20251001_100030.webp","contentUrl":"https:\/\/www.vallonchene.fr\/wp-content\/uploads\/2025\/10\/IMG_20251001_100030.webp","width":1200,"height":1200,"caption":"Primer plano del follaje laciniado de Aesculus hippocastanum f. laciniata."},{"@type":"BreadcrumbList","@id":"https:\/\/www.vallonchene.fr\/es\/producto\/aesculus-hippocastanum-f-laciniata\/#breadcrumb","itemListElement":[{"@type":"ListItem","position":1,"name":"Home","item":"https:\/\/www.vallonchene.fr\/es\/"},{"@type":"ListItem","position":2,"name":"Tienda","item":"https:\/\/www.vallonchene.fr\/tienda\/"},{"@type":"ListItem","position":3,"name":"AESCULUS hippocastanum f. laciniata"}]},{"@type":"WebSite","@id":"https:\/\/www.vallonchene.fr\/es\/#website","url":"https:\/\/www.vallonchene.fr\/es\/","name":"Vallonch\u00eane","description":"El vivero donde la calidad tiene sus ra\u00edces \u2013 Tel.: +33 (0)2.35.90.02.02","publisher":{"@id":"https:\/\/www.vallonchene.fr\/es\/#organization"},"potentialAction":[{"@type":"SearchAction","target":{"@type":"EntryPoint","urlTemplate":"https:\/\/www.vallonchene.fr\/es\/?s={search_term_string}"},"query-input":{"@type":"PropertyValueSpecification","valueRequired":true,"valueName":"search_term_string"}}],"inLanguage":"es"},{"@type":"Organization","@id":"https:\/\/www.vallonchene.fr\/es\/#organization","name":"VALLONCHENE","url":"https:\/\/www.vallonchene.fr\/es\/","logo":{"@type":"ImageObject","inLanguage":"es","@id":"https:\/\/www.vallonchene.fr\/es\/#\/schema\/logo\/image\/","url":"https:\/\/www.vallonchene.fr\/wp-content\/uploads\/2023\/03\/Logo-Vallonchene-site-et-R_hauteur_100.png","contentUrl":"https:\/\/www.vallonchene.fr\/wp-content\/uploads\/2023\/03\/Logo-Vallonchene-site-et-R_hauteur_100.png","width":221,"height":100,"caption":"VALLONCHENE"},"image":{"@id":"https:\/\/www.vallonchene.fr\/es\/#\/schema\/logo\/image\/"},"sameAs":["https:\/\/www.facebook.com\/vallonchene.fr","https:\/\/www.instagram.com\/vallonchene\/","https:\/\/www.pinterest.fr\/vallonchene\/"],"taxID":"49454502300017","hasMerchantReturnPolicy":{"@type":"MerchantReturnPolicy","merchantReturnLink":"https:\/\/www.vallonchene.fr\/remboursements_retours\/"}}]},"og_availability":"instock","product_availability":"instock","product_retailer_item_id":"27958","product_condition":"new"},"_links":{"self":[{"href":"https:\/\/www.vallonchene.fr\/es\/wp-json\/wp\/v2\/product\/55038","targetHints":{"allow":["GET"]}}],"collection":[{"href":"https:\/\/www.vallonchene.fr\/es\/wp-json\/wp\/v2\/product"}],"about":[{"href":"https:\/\/www.vallonchene.fr\/es\/wp-json\/wp\/v2\/types\/product"}],"replies":[{"embeddable":true,"href":"https:\/\/www.vallonchene.fr\/es\/wp-json\/wp\/v2\/comments?post=55038"}],"wp:featuredmedia":[{"embeddable":true,"href":"https:\/\/www.vallonchene.fr\/es\/wp-json\/wp\/v2\/media\/55029"}],"wp:attachment":[{"href":"https:\/\/www.vallonchene.fr\/es\/wp-json\/wp\/v2\/media?parent=55038"}],"wp:term":[{"taxonomy":"product_brand","embeddable":true,"href":"https:\/\/www.vallonchene.fr\/es\/wp-json\/wp\/v2\/product_brand?post=55038"},{"taxonomy":"product_cat","embeddable":true,"href":"https:\/\/www.vallonchene.fr\/es\/wp-json\/wp\/v2\/product_cat?post=55038"},{"taxonomy":"product_tag","embeddable":true,"href":"https:\/\/www.vallonchene.fr\/es\/wp-json\/wp\/v2\/product_tag?post=55038"}],"curies":[{"name":"wp","href":"https:\/\/api.w.org\/{rel}","templated":true}]}}