{"id":54999,"date":"2025-09-28T15:30:15","date_gmt":"2025-09-28T13:30:15","guid":{"rendered":"https:\/\/www.vallonchene.fr\/produit\/fagus-sylvatica-midnight-feather\/"},"modified":"2025-09-28T15:30:15","modified_gmt":"2025-09-28T13:30:15","slug":"fagus-sylvatica-midnight-feather","status":"publish","type":"product","link":"https:\/\/www.vallonchene.fr\/es\/producto\/fagus-sylvatica-midnight-feather\/","title":{"rendered":"FAGUS sylvatica &#8216;Midnight Feather&#8217;"},"content":{"rendered":"","protected":false},"excerpt":{"rendered":"<p><strong>FAGUS sylvatica &#8216;Midnight Feather&#8217;<\/strong> es una <strong>haya com\u00fan p\u00farpura<\/strong> notable, con un follaje finamente recortado, casi plumoso, de un intenso color negro viol\u00e1ceo. Su porte esbelto y su follaje gr\u00e1fico lo convierten en una elecci\u00f3n audaz para jardines contempor\u00e1neos. Ideal como ejemplar aislado o en contraste con follajes claros.  <\/p>\n","protected":false},"featured_media":54986,"comment_status":"open","ping_status":"closed","template":"","meta":[],"product_brand":[],"product_cat":[11499],"product_tag":[12254,12253],"class_list":{"0":"post-54999","1":"product","2":"type-product","3":"status-publish","4":"has-post-thumbnail","6":"product_cat-arbustos-y-arboles","7":"product_tag-fagus-es","8":"product_tag-fagus-sylvatica-es","9":"pa_99-hauteurapproximativeapres1-2-a-3-m","10":"pa_couleurdufeuillage-negra","11":"pa_couleurdufeuillage-purpura","12":"pa_exigencesenhumidite-promedio","13":"pa_exigencesenhumidite-seco","14":"pa_expositionspossibles-pleno-sol-de-12-a-17-min","15":"pa_hauteurlivree-80-a-100-cm-es","16":"pa_interetauprintemps-brotes-jovenes","17":"pa_interetauprintemps-follaje","18":"pa_interetauprintemps-habitus","19":"pa_interetenautomne-follaje","20":"pa_interetenautomne-habitus","21":"pa_interetenete-follaje","22":"pa_interetenete-habitus","23":"pa_interetenhiver-habitus","24":"pa_naturedufeuillage-caduco","25":"pa_naturesdesolpossibles-ligero","26":"pa_naturesdesolpossibles-normal-es","27":"pa_naturesdesolpossibles-pesado","28":"pa_periodedetaille-enero","29":"pa_periodedetaille-febrero","30":"pa_phdusolacceptable-acido-menos-de-6_5","31":"pa_phdusolacceptable-neutro-entre-6_5-y-7_5","32":"pa_portgraphisme-erigido","33":"pa_resistanceaufroidrusticite-resistente-por-debajo-de-menos-20-c","34":"pa_tailledepot-maceta-de-5-litros","35":"pa_utilisationpossible-aislado","36":"pa_utilisationpossible-arriate","37":"pa_utilisationpossible-contenedor-o-olla","39":"first","40":"instock","41":"taxable","42":"shipping-taxable","43":"purchasable","44":"product-type-variable"},"supplier_id":null,"supplier_sku":"","barcode":null,"atum_controlled":true,"out_stock_date":null,"out_stock_threshold":null,"inheritable":true,"inbound_stock":0,"stock_on_hold":0,"sold_today":0,"sales_last_days":0,"reserved_stock":0,"customer_returns":0,"warehouse_damage":0,"lost_in_post":0,"other_logs":0,"out_stock_days":null,"lost_sales":0,"has_location":false,"update_date":"2026-04-24T14:39:02","atum_locations":[],"atum_stock_status":"instock","restock_status":false,"low_stock_amount":"","sales_update_date":"2026-04-24T14:39:02","calc_backorders":null,"yoast_head":"<!-- This site is optimized with the Yoast SEO Premium plugin v27.4 (Yoast SEO v27.4) - https:\/\/yoast.com\/product\/yoast-seo-premium-wordpress\/ -->\n<title>FAGUS sylvatica &#039;Midnight Feather&#039; - haya com\u00fan p\u00farpura<\/title>\n<meta name=\"description\" content=\"FAGUS sylvatica &#039;Midnight Feather&#039; es una haya com\u00fan p\u00farpura notable, con un follaje finamente recortado, casi plumoso, de un intenso color negro viol\u00e1ceo.\" \/>\n<meta name=\"robots\" content=\"index, follow, max-snippet:-1, max-image-preview:large, max-video-preview:-1\" \/>\n<link rel=\"canonical\" href=\"https:\/\/www.vallonchene.fr\/es\/producto\/fagus-sylvatica-midnight-feather\/\" \/>\n<meta property=\"og:locale\" content=\"es_ES\" \/>\n<meta property=\"og:type\" content=\"article\" \/>\n<meta property=\"og:title\" content=\"FAGUS sylvatica &#039;Midnight Feather&#039;\" \/>\n<meta property=\"og:description\" content=\"FAGUS sylvatica &#039;Midnight Feather&#039; es una haya com\u00fan p\u00farpura notable, con un follaje finamente recortado, casi plumoso, de un intenso color negro viol\u00e1ceo.\" \/>\n<meta property=\"og:url\" content=\"https:\/\/www.vallonchene.fr\/es\/producto\/fagus-sylvatica-midnight-feather\/\" \/>\n<meta property=\"og:site_name\" content=\"Vallonch\u00eane\" \/>\n<meta property=\"article:publisher\" content=\"https:\/\/www.facebook.com\/vallonchene.fr\" \/>\n<meta property=\"og:image\" content=\"https:\/\/www.vallonchene.fr\/wp-content\/uploads\/2025\/09\/IMG_20250928_150334.webp\" \/>\n\t<meta property=\"og:image:width\" content=\"1200\" \/>\n\t<meta property=\"og:image:height\" content=\"1200\" \/>\n\t<meta property=\"og:image:type\" content=\"image\/webp\" \/>\n<meta name=\"twitter:card\" content=\"summary_large_image\" \/>\n<meta name=\"twitter:label1\" content=\"Disponibilidad\" \/>\n\t<meta name=\"twitter:data1\" content=\"En stock\" \/>\n<script type=\"application\/ld+json\" class=\"yoast-schema-graph\">{\"@context\":\"https:\\\/\\\/schema.org\",\"@graph\":[{\"@type\":\"WebPage\",\"@id\":\"https:\\\/\\\/www.vallonchene.fr\\\/es\\\/producto\\\/fagus-sylvatica-midnight-feather\\\/\",\"url\":\"https:\\\/\\\/www.vallonchene.fr\\\/es\\\/producto\\\/fagus-sylvatica-midnight-feather\\\/\",\"name\":\"FAGUS sylvatica 'Midnight Feather' - haya com\u00fan p\u00farpura\",\"isPartOf\":{\"@id\":\"https:\\\/\\\/www.vallonchene.fr\\\/es\\\/#website\"},\"primaryImageOfPage\":{\"@id\":\"https:\\\/\\\/www.vallonchene.fr\\\/es\\\/producto\\\/fagus-sylvatica-midnight-feather\\\/#primaryimage\"},\"image\":{\"@id\":\"https:\\\/\\\/www.vallonchene.fr\\\/es\\\/producto\\\/fagus-sylvatica-midnight-feather\\\/#primaryimage\"},\"thumbnailUrl\":\"https:\\\/\\\/www.vallonchene.fr\\\/wp-content\\\/uploads\\\/2025\\\/09\\\/IMG_20250928_150334.webp\",\"datePublished\":\"2025-09-28T13:30:15+00:00\",\"description\":\"FAGUS sylvatica 'Midnight Feather' es una haya com\u00fan p\u00farpura notable, con un follaje finamente recortado, casi plumoso, de un intenso color negro viol\u00e1ceo.\",\"breadcrumb\":{\"@id\":\"https:\\\/\\\/www.vallonchene.fr\\\/es\\\/producto\\\/fagus-sylvatica-midnight-feather\\\/#breadcrumb\"},\"inLanguage\":\"es\",\"potentialAction\":[{\"@type\":\"ReadAction\",\"target\":[\"https:\\\/\\\/www.vallonchene.fr\\\/es\\\/producto\\\/fagus-sylvatica-midnight-feather\\\/\"]}]},{\"@type\":\"ImageObject\",\"inLanguage\":\"es\",\"@id\":\"https:\\\/\\\/www.vallonchene.fr\\\/es\\\/producto\\\/fagus-sylvatica-midnight-feather\\\/#primaryimage\",\"url\":\"https:\\\/\\\/www.vallonchene.fr\\\/wp-content\\\/uploads\\\/2025\\\/09\\\/IMG_20250928_150334.webp\",\"contentUrl\":\"https:\\\/\\\/www.vallonchene.fr\\\/wp-content\\\/uploads\\\/2025\\\/09\\\/IMG_20250928_150334.webp\",\"width\":1200,\"height\":1200,\"caption\":\"Follaje finamente recortado y yema terminal del FAGUS sylvatica 'Midnight Feather'\"},{\"@type\":\"BreadcrumbList\",\"@id\":\"https:\\\/\\\/www.vallonchene.fr\\\/es\\\/producto\\\/fagus-sylvatica-midnight-feather\\\/#breadcrumb\",\"itemListElement\":[{\"@type\":\"ListItem\",\"position\":1,\"name\":\"Home\",\"item\":\"https:\\\/\\\/www.vallonchene.fr\\\/es\\\/\"},{\"@type\":\"ListItem\",\"position\":2,\"name\":\"Tienda\",\"item\":\"https:\\\/\\\/www.vallonchene.fr\\\/tienda\\\/\"},{\"@type\":\"ListItem\",\"position\":3,\"name\":\"FAGUS sylvatica &#8216;Midnight Feather&#8217;\"}]},{\"@type\":\"WebSite\",\"@id\":\"https:\\\/\\\/www.vallonchene.fr\\\/es\\\/#website\",\"url\":\"https:\\\/\\\/www.vallonchene.fr\\\/es\\\/\",\"name\":\"Vallonch\u00eane\",\"description\":\"El vivero donde la calidad tiene sus ra\u00edces \u2013 Tel.: +33 (0)2.35.90.02.02\",\"publisher\":{\"@id\":\"https:\\\/\\\/www.vallonchene.fr\\\/es\\\/#organization\"},\"potentialAction\":[{\"@type\":\"SearchAction\",\"target\":{\"@type\":\"EntryPoint\",\"urlTemplate\":\"https:\\\/\\\/www.vallonchene.fr\\\/es\\\/?s={search_term_string}\"},\"query-input\":{\"@type\":\"PropertyValueSpecification\",\"valueRequired\":true,\"valueName\":\"search_term_string\"}}],\"inLanguage\":\"es\"},{\"@type\":\"Organization\",\"@id\":\"https:\\\/\\\/www.vallonchene.fr\\\/es\\\/#organization\",\"name\":\"VALLONCHENE\",\"url\":\"https:\\\/\\\/www.vallonchene.fr\\\/es\\\/\",\"logo\":{\"@type\":\"ImageObject\",\"inLanguage\":\"es\",\"@id\":\"https:\\\/\\\/www.vallonchene.fr\\\/es\\\/#\\\/schema\\\/logo\\\/image\\\/\",\"url\":\"https:\\\/\\\/www.vallonchene.fr\\\/wp-content\\\/uploads\\\/2023\\\/03\\\/Logo-Vallonchene-site-et-R_hauteur_100.png\",\"contentUrl\":\"https:\\\/\\\/www.vallonchene.fr\\\/wp-content\\\/uploads\\\/2023\\\/03\\\/Logo-Vallonchene-site-et-R_hauteur_100.png\",\"width\":221,\"height\":100,\"caption\":\"VALLONCHENE\"},\"image\":{\"@id\":\"https:\\\/\\\/www.vallonchene.fr\\\/es\\\/#\\\/schema\\\/logo\\\/image\\\/\"},\"sameAs\":[\"https:\\\/\\\/www.facebook.com\\\/vallonchene.fr\",\"https:\\\/\\\/www.instagram.com\\\/vallonchene\\\/\",\"https:\\\/\\\/www.pinterest.fr\\\/vallonchene\\\/\"],\"taxID\":\"49454502300017\",\"hasMerchantReturnPolicy\":{\"@type\":\"MerchantReturnPolicy\",\"merchantReturnLink\":\"https:\\\/\\\/www.vallonchene.fr\\\/remboursements_retours\\\/\"}}]}<\/script>\n<meta property=\"og:availability\" content=\"instock\" \/>\n<meta property=\"product:availability\" content=\"instock\" \/>\n<meta property=\"product:condition\" content=\"new\" \/>\n<!-- \/ Yoast SEO Premium plugin. -->","yoast_head_json":{"title":"FAGUS sylvatica 'Midnight Feather' - haya com\u00fan p\u00farpura","description":"FAGUS sylvatica 'Midnight Feather' es una haya com\u00fan p\u00farpura notable, con un follaje finamente recortado, casi plumoso, de un intenso color negro viol\u00e1ceo.","robots":{"index":"index","follow":"follow","max-snippet":"max-snippet:-1","max-image-preview":"max-image-preview:large","max-video-preview":"max-video-preview:-1"},"canonical":"https:\/\/www.vallonchene.fr\/es\/producto\/fagus-sylvatica-midnight-feather\/","og_locale":"es_ES","og_type":"article","og_title":"FAGUS sylvatica 'Midnight Feather'","og_description":"FAGUS sylvatica 'Midnight Feather' es una haya com\u00fan p\u00farpura notable, con un follaje finamente recortado, casi plumoso, de un intenso color negro viol\u00e1ceo.","og_url":"https:\/\/www.vallonchene.fr\/es\/producto\/fagus-sylvatica-midnight-feather\/","og_site_name":"Vallonch\u00eane","article_publisher":"https:\/\/www.facebook.com\/vallonchene.fr","og_image":[{"width":1200,"height":1200,"url":"https:\/\/www.vallonchene.fr\/wp-content\/uploads\/2025\/09\/IMG_20250928_150334.webp","type":"image\/webp"}],"twitter_card":"summary_large_image","twitter_misc":{"Disponibilidad":"En stock"},"schema":{"@context":"https:\/\/schema.org","@graph":[{"@type":"WebPage","@id":"https:\/\/www.vallonchene.fr\/es\/producto\/fagus-sylvatica-midnight-feather\/","url":"https:\/\/www.vallonchene.fr\/es\/producto\/fagus-sylvatica-midnight-feather\/","name":"FAGUS sylvatica 'Midnight Feather' - haya com\u00fan p\u00farpura","isPartOf":{"@id":"https:\/\/www.vallonchene.fr\/es\/#website"},"primaryImageOfPage":{"@id":"https:\/\/www.vallonchene.fr\/es\/producto\/fagus-sylvatica-midnight-feather\/#primaryimage"},"image":{"@id":"https:\/\/www.vallonchene.fr\/es\/producto\/fagus-sylvatica-midnight-feather\/#primaryimage"},"thumbnailUrl":"https:\/\/www.vallonchene.fr\/wp-content\/uploads\/2025\/09\/IMG_20250928_150334.webp","datePublished":"2025-09-28T13:30:15+00:00","description":"FAGUS sylvatica 'Midnight Feather' es una haya com\u00fan p\u00farpura notable, con un follaje finamente recortado, casi plumoso, de un intenso color negro viol\u00e1ceo.","breadcrumb":{"@id":"https:\/\/www.vallonchene.fr\/es\/producto\/fagus-sylvatica-midnight-feather\/#breadcrumb"},"inLanguage":"es","potentialAction":[{"@type":"ReadAction","target":["https:\/\/www.vallonchene.fr\/es\/producto\/fagus-sylvatica-midnight-feather\/"]}]},{"@type":"ImageObject","inLanguage":"es","@id":"https:\/\/www.vallonchene.fr\/es\/producto\/fagus-sylvatica-midnight-feather\/#primaryimage","url":"https:\/\/www.vallonchene.fr\/wp-content\/uploads\/2025\/09\/IMG_20250928_150334.webp","contentUrl":"https:\/\/www.vallonchene.fr\/wp-content\/uploads\/2025\/09\/IMG_20250928_150334.webp","width":1200,"height":1200,"caption":"Follaje finamente recortado y yema terminal del FAGUS sylvatica 'Midnight Feather'"},{"@type":"BreadcrumbList","@id":"https:\/\/www.vallonchene.fr\/es\/producto\/fagus-sylvatica-midnight-feather\/#breadcrumb","itemListElement":[{"@type":"ListItem","position":1,"name":"Home","item":"https:\/\/www.vallonchene.fr\/es\/"},{"@type":"ListItem","position":2,"name":"Tienda","item":"https:\/\/www.vallonchene.fr\/tienda\/"},{"@type":"ListItem","position":3,"name":"FAGUS sylvatica &#8216;Midnight Feather&#8217;"}]},{"@type":"WebSite","@id":"https:\/\/www.vallonchene.fr\/es\/#website","url":"https:\/\/www.vallonchene.fr\/es\/","name":"Vallonch\u00eane","description":"El vivero donde la calidad tiene sus ra\u00edces \u2013 Tel.: +33 (0)2.35.90.02.02","publisher":{"@id":"https:\/\/www.vallonchene.fr\/es\/#organization"},"potentialAction":[{"@type":"SearchAction","target":{"@type":"EntryPoint","urlTemplate":"https:\/\/www.vallonchene.fr\/es\/?s={search_term_string}"},"query-input":{"@type":"PropertyValueSpecification","valueRequired":true,"valueName":"search_term_string"}}],"inLanguage":"es"},{"@type":"Organization","@id":"https:\/\/www.vallonchene.fr\/es\/#organization","name":"VALLONCHENE","url":"https:\/\/www.vallonchene.fr\/es\/","logo":{"@type":"ImageObject","inLanguage":"es","@id":"https:\/\/www.vallonchene.fr\/es\/#\/schema\/logo\/image\/","url":"https:\/\/www.vallonchene.fr\/wp-content\/uploads\/2023\/03\/Logo-Vallonchene-site-et-R_hauteur_100.png","contentUrl":"https:\/\/www.vallonchene.fr\/wp-content\/uploads\/2023\/03\/Logo-Vallonchene-site-et-R_hauteur_100.png","width":221,"height":100,"caption":"VALLONCHENE"},"image":{"@id":"https:\/\/www.vallonchene.fr\/es\/#\/schema\/logo\/image\/"},"sameAs":["https:\/\/www.facebook.com\/vallonchene.fr","https:\/\/www.instagram.com\/vallonchene\/","https:\/\/www.pinterest.fr\/vallonchene\/"],"taxID":"49454502300017","hasMerchantReturnPolicy":{"@type":"MerchantReturnPolicy","merchantReturnLink":"https:\/\/www.vallonchene.fr\/remboursements_retours\/"}}]},"og_availability":"instock","product_availability":"instock","product_condition":"new"},"_links":{"self":[{"href":"https:\/\/www.vallonchene.fr\/es\/wp-json\/wp\/v2\/product\/54999","targetHints":{"allow":["GET"]}}],"collection":[{"href":"https:\/\/www.vallonchene.fr\/es\/wp-json\/wp\/v2\/product"}],"about":[{"href":"https:\/\/www.vallonchene.fr\/es\/wp-json\/wp\/v2\/types\/product"}],"replies":[{"embeddable":true,"href":"https:\/\/www.vallonchene.fr\/es\/wp-json\/wp\/v2\/comments?post=54999"}],"wp:featuredmedia":[{"embeddable":true,"href":"https:\/\/www.vallonchene.fr\/es\/wp-json\/wp\/v2\/media\/54986"}],"wp:attachment":[{"href":"https:\/\/www.vallonchene.fr\/es\/wp-json\/wp\/v2\/media?parent=54999"}],"wp:term":[{"taxonomy":"product_brand","embeddable":true,"href":"https:\/\/www.vallonchene.fr\/es\/wp-json\/wp\/v2\/product_brand?post=54999"},{"taxonomy":"product_cat","embeddable":true,"href":"https:\/\/www.vallonchene.fr\/es\/wp-json\/wp\/v2\/product_cat?post=54999"},{"taxonomy":"product_tag","embeddable":true,"href":"https:\/\/www.vallonchene.fr\/es\/wp-json\/wp\/v2\/product_tag?post=54999"}],"curies":[{"name":"wp","href":"https:\/\/api.w.org\/{rel}","templated":true}]}}