{"id":54962,"date":"2025-09-27T16:27:26","date_gmt":"2025-09-27T14:27:26","guid":{"rendered":"https:\/\/www.vallonchene.fr\/produit\/hamamelis-x-intermedia-double-gold\/"},"modified":"2025-10-15T16:27:48","modified_gmt":"2025-10-15T14:27:48","slug":"hamamelis-x-intermedia-double-gold","status":"publish","type":"product","link":"https:\/\/www.vallonchene.fr\/es\/producto\/hamamelis-x-intermedia-double-gold\/","title":{"rendered":"HAMAMELIS \u00d7 intermedia &#8216;Double Gold&#8217;"},"content":{"rendered":"<h2>La Planta<\/h2>\n<p><strong>HAMAMELIS x intermedia &#8216;Double Gold&#8217;<\/strong> es un <strong>hamamelis muy raro<\/strong> y especialmente interesante. Su follaje abigarrado de verde con bordes amarillos es excepcional para esta especie. Lo hace singularmente atractivo.  <\/p>\n<p>Luego, <strong>en oto\u00f1o, sus hojas se ti\u00f1en de tonos amarillos, naranjas y rojos<\/strong> para intensificar el espect\u00e1culo.<\/p>\n<p>Cuando las hojas hayan ca\u00eddo durante el invierno, esta planta extraordinaria produce <strong>flores amarillas ligeramente perfumadas sobre la madera desnuda<\/strong>.<\/p>\n<p>Los hamamelis <strong>crecen de forma naturalmente elegante y abierta<\/strong>. Este ejemplar alcanzar\u00e1 una altura de 1,50 m a 2 m despu\u00e9s de diez a\u00f1os. <\/p>\n<p>La combinaci\u00f3n del follaje abigarrado de verde y amarillo junto con sus flores amarillas invernales lo convierte en una elecci\u00f3n excelente para todos los jardineros apasionados. Encontrar\u00e1 sin dificultad un lugar en cualquier jard\u00edn, incluso en los peque\u00f1os. <\/p>\n<h2>\u00bfC\u00f3mo plantar y cuidar el HAMAMELIS x intermedia &#8216;Double Gold&#8217;?<\/h2>\n<h3>La Plantaci\u00f3n<\/h3>\n<p>Los HAMAMELIS x intermedia son plantas <strong>muy resistentes al fr\u00edo<\/strong> y relativamente f\u00e1ciles de cultivar, siempre que se respeten los siguientes puntos. <\/p>\n<ol>\n<li>Busque un lugar <strong>a media sombra o a pleno sol<\/strong> donde la planta pueda desarrollar todo su potencial. No olvide que su porte es abierto; por lo tanto, prevea<strong> suficiente espacio para su desarrollo lateral<\/strong>. Puede cultivarse en <strong>maceta o tiesto, como ejemplar aislado o en macizo<\/strong>.   <\/li>\n<li>El lugar debe ser <strong>fresco a h\u00famedo o normal<\/strong>. Si la planta est\u00e1 expuesta al pleno sol, se recomienda una ubicaci\u00f3n fresca a h\u00fameda. <\/li>\n<li>El suelo debe ser <strong>ligero o normal<\/strong> con un <strong>pH \u00e1cido o neutro<\/strong>.<\/li>\n<li>Para una buena preparaci\u00f3n del hoyo de plantaci\u00f3n, hemos dise\u00f1ado <a href=\"https:\/\/www.vallonchene.fr\/comment-planter-et-entretenir-des-vegetaux\/comment-planter-et-entretenir-arbres-arbustes-et-coniferes\/\" target=\"_blank\" rel=\"noreferrer noopener\"><br \/>\n  <strong>instrucciones espec\u00edficas disponibles aqu\u00ed<\/strong><br \/>\n<\/a>.<\/li>\n<\/ol>\n<h3>El cuidado<br data-mce-bogus=\"1\"><\/h3>\n<p>Asegure, <strong>durante los per\u00edodos secos, un riego regular durante los dos primeros a\u00f1os despu\u00e9s de la plantaci\u00f3n<\/strong>. Le invitamos a consultar tambi\u00e9n <a href=\"https:\/\/www.vallonchene.fr\/comment-bien-arroser-le-jardin-et-economiser-leau\/\"><br \/>\n  <strong>nuestros consejos sobre c\u00f3mo regar correctamente y ahorrar agua aqu\u00ed<\/strong><br \/>\n<\/a>.<\/p>\n<p>Dado su crecimiento lento y su desarrollo limitado, no es necesario realizar una poda.<\/p>\n<h2>Historia y Origen<\/h2>\n<p>La especie <em>HAMAMELIS x intermedia<\/em> es un cruce entre HAMAMELIS mollis (de China) y HAMAMELIS japonica (del Jap\u00f3n). Los primeros h\u00edbridos aparecieron de forma independiente en la d\u00e9cada de 1930 en tres lugares distintos: <\/p>\n<ul>\n<li>El Arnold Arboretum en los Estados Unidos de Am\u00e9rica.<\/li>\n<li>El jard\u00edn bot\u00e1nico de Charlottenlund en Dinamarca.<\/li>\n<li>Un tercer sitio en Europa, probablemente Alemania.<\/li>\n<\/ul>\n<p>La taxonom\u00eda de <em>HAMAMELIS x intermedia<\/em> fue formalmente asignada por Alfred Rehder (bot\u00e1nico estadounidense de origen alem\u00e1n) en 1949.<\/p>\n<p>El cultivar HAMAMELIS x intermedia &#8216;Double Gold&#8217; es una selecci\u00f3n muy reciente. Sin embargo, su origen exacto no se conoce en el momento en que se redactan estas l\u00edneas. <\/p>\n","protected":false},"excerpt":{"rendered":"<p><strong>HAMAMELIS x intermedia &#8216;Double Gold&#8217;<\/strong> es un <strong>hamamelis<\/strong> con follaje verde bordeado de amarillo. Su floraci\u00f3n invernal de color amarillo dorado es luminosa e ideal para alegrar el jard\u00edn en pleno coraz\u00f3n del invierno. Aroma delicado, follaje oto\u00f1al llamativo y porte elegante.  <\/p>\n","protected":false},"featured_media":54956,"comment_status":"open","ping_status":"closed","template":"","meta":[],"product_brand":[],"product_cat":[11499],"product_tag":[12665,12664],"class_list":{"0":"post-54962","1":"product","2":"type-product","3":"status-publish","4":"has-post-thumbnail","6":"product_cat-arbustos-y-arboles","7":"product_tag-hamamelis-es","8":"product_tag-hamamelis-intermedia-es","9":"pa_99-hauteurapproximativeapres1-1-00-a-1-50-m","10":"pa_couleurautomnaledufeuillage-amarillo","11":"pa_couleurautomnaledufeuillage-naranja","12":"pa_couleurautomnaledufeuillage-rojo","13":"pa_couleurdesfleurs-amarilla","14":"pa_couleurnormaledufeuillage-amarillo","15":"pa_couleurnormaledufeuillage-variado","16":"pa_couleurnormaledufeuillage-verde","17":"pa_exigencesenhumidite-promedio","18":"pa_expositionspossibles-pleno-sol-de-12-a-17-min","19":"pa_expositionspossibles-sombra-parcial-evitar-el-sol-de-12-a-17-horas","20":"pa_hauteurlivree-80-a-100-cm-es","21":"pa_interetauprintemps-brotes-jovenes","22":"pa_interetauprintemps-follaje","23":"pa_interetauprintemps-habitus","24":"pa_interetenautomne-follaje","25":"pa_interetenautomne-habitus","26":"pa_interetenete-follaje","27":"pa_interetenete-habitus","28":"pa_interetenhiver-flores","29":"pa_naturedufeuillage-caduco","30":"pa_naturesdesolpossibles-ligero","31":"pa_naturesdesolpossibles-normal-es","32":"pa_periodedefloraison-invierno","33":"pa_phdusolacceptable-acido-menos-de-6_5","34":"pa_phdusolacceptable-neutro-entre-6_5-y-7_5","35":"pa_portgraphisme-infundibuliforme","36":"pa_resistanceaufroidrusticite-resistente-por-debajo-de-menos-20-c","37":"pa_tailledepot-maceta-de-5-litros","38":"pa_utilisationpossible-aislado","39":"pa_utilisationpossible-arriate","40":"pa_utilisationpossible-contenedor-o-olla","42":"first","43":"instock","44":"taxable","45":"shipping-taxable","46":"purchasable","47":"product-type-variable"},"supplier_id":null,"supplier_sku":"","barcode":null,"atum_controlled":true,"out_stock_date":null,"out_stock_threshold":null,"inheritable":true,"inbound_stock":0,"stock_on_hold":0,"sold_today":0,"sales_last_days":0,"reserved_stock":0,"customer_returns":0,"warehouse_damage":0,"lost_in_post":0,"other_logs":0,"out_stock_days":null,"lost_sales":0,"has_location":false,"update_date":"2026-04-24T14:39:02","atum_locations":[],"atum_stock_status":"instock","restock_status":false,"low_stock_amount":"","sales_update_date":"2026-04-24T14:39:02","calc_backorders":null,"yoast_head":"<!-- This site is optimized with the Yoast SEO Premium plugin v27.4 (Yoast SEO v27.4) - https:\/\/yoast.com\/product\/yoast-seo-premium-wordpress\/ -->\n<title>HAMAMELIS \u00d7 intermedia &#039;Double Gold&#039; - hamamelis<\/title>\n<meta name=\"description\" content=\"HAMAMELIS x intermedia &#039;Double Gold&#039; es un hamamelis con follaje verde bordeado de amarillo. Floraci\u00f3n de color amarillo dorado y delicadamente perfumada.\" \/>\n<meta name=\"robots\" content=\"index, follow, max-snippet:-1, max-image-preview:large, max-video-preview:-1\" \/>\n<link rel=\"canonical\" href=\"https:\/\/www.vallonchene.fr\/es\/producto\/hamamelis-x-intermedia-double-gold\/\" \/>\n<meta property=\"og:locale\" content=\"es_ES\" \/>\n<meta property=\"og:type\" content=\"article\" \/>\n<meta property=\"og:title\" content=\"HAMAMELIS \u00d7 intermedia &#039;Double Gold&#039;\" \/>\n<meta property=\"og:description\" content=\"HAMAMELIS x intermedia &#039;Double Gold&#039; es un hamamelis con follaje verde bordeado de amarillo. Floraci\u00f3n de color amarillo dorado y delicadamente perfumada.\" \/>\n<meta property=\"og:url\" content=\"https:\/\/www.vallonchene.fr\/es\/producto\/hamamelis-x-intermedia-double-gold\/\" \/>\n<meta property=\"og:site_name\" content=\"Vallonch\u00eane\" \/>\n<meta property=\"article:publisher\" content=\"https:\/\/www.facebook.com\/vallonchene.fr\" \/>\n<meta property=\"article:modified_time\" content=\"2025-10-15T14:27:48+00:00\" \/>\n<meta property=\"og:image\" content=\"https:\/\/www.vallonchene.fr\/wp-content\/uploads\/2025\/09\/20250511_144931.webp\" \/>\n\t<meta property=\"og:image:width\" content=\"1200\" \/>\n\t<meta property=\"og:image:height\" content=\"1200\" \/>\n\t<meta property=\"og:image:type\" content=\"image\/webp\" \/>\n<meta name=\"twitter:card\" content=\"summary_large_image\" \/>\n<meta name=\"twitter:label1\" content=\"Disponibilidad\" \/>\n\t<meta name=\"twitter:data1\" content=\"En stock\" \/>\n<script type=\"application\/ld+json\" class=\"yoast-schema-graph\">{\"@context\":\"https:\\\/\\\/schema.org\",\"@graph\":[{\"@type\":\"WebPage\",\"@id\":\"https:\\\/\\\/www.vallonchene.fr\\\/es\\\/producto\\\/hamamelis-x-intermedia-double-gold\\\/\",\"url\":\"https:\\\/\\\/www.vallonchene.fr\\\/es\\\/producto\\\/hamamelis-x-intermedia-double-gold\\\/\",\"name\":\"HAMAMELIS \u00d7 intermedia 'Double Gold' - hamamelis\",\"isPartOf\":{\"@id\":\"https:\\\/\\\/www.vallonchene.fr\\\/es\\\/#website\"},\"primaryImageOfPage\":{\"@id\":\"https:\\\/\\\/www.vallonchene.fr\\\/es\\\/producto\\\/hamamelis-x-intermedia-double-gold\\\/#primaryimage\"},\"image\":{\"@id\":\"https:\\\/\\\/www.vallonchene.fr\\\/es\\\/producto\\\/hamamelis-x-intermedia-double-gold\\\/#primaryimage\"},\"thumbnailUrl\":\"https:\\\/\\\/www.vallonchene.fr\\\/wp-content\\\/uploads\\\/2025\\\/09\\\/20250511_144931.webp\",\"datePublished\":\"2025-09-27T14:27:26+00:00\",\"dateModified\":\"2025-10-15T14:27:48+00:00\",\"description\":\"HAMAMELIS x intermedia 'Double Gold' es un hamamelis con follaje verde bordeado de amarillo. Floraci\u00f3n de color amarillo dorado y delicadamente perfumada.\",\"breadcrumb\":{\"@id\":\"https:\\\/\\\/www.vallonchene.fr\\\/es\\\/producto\\\/hamamelis-x-intermedia-double-gold\\\/#breadcrumb\"},\"inLanguage\":\"es\",\"potentialAction\":[{\"@type\":\"ReadAction\",\"target\":[\"https:\\\/\\\/www.vallonchene.fr\\\/es\\\/producto\\\/hamamelis-x-intermedia-double-gold\\\/\"]}]},{\"@type\":\"ImageObject\",\"inLanguage\":\"es\",\"@id\":\"https:\\\/\\\/www.vallonchene.fr\\\/es\\\/producto\\\/hamamelis-x-intermedia-double-gold\\\/#primaryimage\",\"url\":\"https:\\\/\\\/www.vallonchene.fr\\\/wp-content\\\/uploads\\\/2025\\\/09\\\/20250511_144931.webp\",\"contentUrl\":\"https:\\\/\\\/www.vallonchene.fr\\\/wp-content\\\/uploads\\\/2025\\\/09\\\/20250511_144931.webp\",\"width\":1200,\"height\":1200,\"caption\":\"Follaje verde con bordes amarillos del HAMAMELIS \u00d7 intermedia \u2018Double Gold\u2019 en primavera\"},{\"@type\":\"BreadcrumbList\",\"@id\":\"https:\\\/\\\/www.vallonchene.fr\\\/es\\\/producto\\\/hamamelis-x-intermedia-double-gold\\\/#breadcrumb\",\"itemListElement\":[{\"@type\":\"ListItem\",\"position\":1,\"name\":\"Home\",\"item\":\"https:\\\/\\\/www.vallonchene.fr\\\/es\\\/\"},{\"@type\":\"ListItem\",\"position\":2,\"name\":\"Tienda\",\"item\":\"https:\\\/\\\/www.vallonchene.fr\\\/tienda\\\/\"},{\"@type\":\"ListItem\",\"position\":3,\"name\":\"Venta en linea\",\"item\":\"https:\\\/\\\/www.vallonchene.fr\\\/es\\\/categoria-producto\\\/venta-en-linea\\\/\"},{\"@type\":\"ListItem\",\"position\":4,\"name\":\"Vivero\",\"item\":\"https:\\\/\\\/www.vallonchene.fr\\\/es\\\/categoria-producto\\\/venta-en-linea\\\/vivero\\\/\"},{\"@type\":\"ListItem\",\"position\":5,\"name\":\"Arbustos y \u00e1rboles\",\"item\":\"https:\\\/\\\/www.vallonchene.fr\\\/es\\\/categoria-producto\\\/venta-en-linea\\\/vivero\\\/arbustos-y-arboles\\\/\"},{\"@type\":\"ListItem\",\"position\":6,\"name\":\"HAMAMELIS \u00d7 intermedia &#8216;Double Gold&#8217;\"}]},{\"@type\":\"WebSite\",\"@id\":\"https:\\\/\\\/www.vallonchene.fr\\\/es\\\/#website\",\"url\":\"https:\\\/\\\/www.vallonchene.fr\\\/es\\\/\",\"name\":\"Vallonch\u00eane\",\"description\":\"El vivero donde la calidad tiene sus ra\u00edces \u2013 Tel.: +33 (0)2.35.90.02.02\",\"publisher\":{\"@id\":\"https:\\\/\\\/www.vallonchene.fr\\\/es\\\/#organization\"},\"potentialAction\":[{\"@type\":\"SearchAction\",\"target\":{\"@type\":\"EntryPoint\",\"urlTemplate\":\"https:\\\/\\\/www.vallonchene.fr\\\/es\\\/?s={search_term_string}\"},\"query-input\":{\"@type\":\"PropertyValueSpecification\",\"valueRequired\":true,\"valueName\":\"search_term_string\"}}],\"inLanguage\":\"es\"},{\"@type\":\"Organization\",\"@id\":\"https:\\\/\\\/www.vallonchene.fr\\\/es\\\/#organization\",\"name\":\"VALLONCHENE\",\"url\":\"https:\\\/\\\/www.vallonchene.fr\\\/es\\\/\",\"logo\":{\"@type\":\"ImageObject\",\"inLanguage\":\"es\",\"@id\":\"https:\\\/\\\/www.vallonchene.fr\\\/es\\\/#\\\/schema\\\/logo\\\/image\\\/\",\"url\":\"https:\\\/\\\/www.vallonchene.fr\\\/wp-content\\\/uploads\\\/2023\\\/03\\\/Logo-Vallonchene-site-et-R_hauteur_100.png\",\"contentUrl\":\"https:\\\/\\\/www.vallonchene.fr\\\/wp-content\\\/uploads\\\/2023\\\/03\\\/Logo-Vallonchene-site-et-R_hauteur_100.png\",\"width\":221,\"height\":100,\"caption\":\"VALLONCHENE\"},\"image\":{\"@id\":\"https:\\\/\\\/www.vallonchene.fr\\\/es\\\/#\\\/schema\\\/logo\\\/image\\\/\"},\"sameAs\":[\"https:\\\/\\\/www.facebook.com\\\/vallonchene.fr\",\"https:\\\/\\\/www.instagram.com\\\/vallonchene\\\/\",\"https:\\\/\\\/www.pinterest.fr\\\/vallonchene\\\/\"],\"taxID\":\"49454502300017\",\"hasMerchantReturnPolicy\":{\"@type\":\"MerchantReturnPolicy\",\"merchantReturnLink\":\"https:\\\/\\\/www.vallonchene.fr\\\/remboursements_retours\\\/\"}}]}<\/script>\n<meta property=\"og:availability\" content=\"instock\" \/>\n<meta property=\"product:availability\" content=\"instock\" \/>\n<meta property=\"product:condition\" content=\"new\" \/>\n<!-- \/ Yoast SEO Premium plugin. -->","yoast_head_json":{"title":"HAMAMELIS \u00d7 intermedia 'Double Gold' - hamamelis","description":"HAMAMELIS x intermedia 'Double Gold' es un hamamelis con follaje verde bordeado de amarillo. Floraci\u00f3n de color amarillo dorado y delicadamente perfumada.","robots":{"index":"index","follow":"follow","max-snippet":"max-snippet:-1","max-image-preview":"max-image-preview:large","max-video-preview":"max-video-preview:-1"},"canonical":"https:\/\/www.vallonchene.fr\/es\/producto\/hamamelis-x-intermedia-double-gold\/","og_locale":"es_ES","og_type":"article","og_title":"HAMAMELIS \u00d7 intermedia 'Double Gold'","og_description":"HAMAMELIS x intermedia 'Double Gold' es un hamamelis con follaje verde bordeado de amarillo. Floraci\u00f3n de color amarillo dorado y delicadamente perfumada.","og_url":"https:\/\/www.vallonchene.fr\/es\/producto\/hamamelis-x-intermedia-double-gold\/","og_site_name":"Vallonch\u00eane","article_publisher":"https:\/\/www.facebook.com\/vallonchene.fr","article_modified_time":"2025-10-15T14:27:48+00:00","og_image":[{"width":1200,"height":1200,"url":"https:\/\/www.vallonchene.fr\/wp-content\/uploads\/2025\/09\/20250511_144931.webp","type":"image\/webp"}],"twitter_card":"summary_large_image","twitter_misc":{"Disponibilidad":"En stock"},"schema":{"@context":"https:\/\/schema.org","@graph":[{"@type":"WebPage","@id":"https:\/\/www.vallonchene.fr\/es\/producto\/hamamelis-x-intermedia-double-gold\/","url":"https:\/\/www.vallonchene.fr\/es\/producto\/hamamelis-x-intermedia-double-gold\/","name":"HAMAMELIS \u00d7 intermedia 'Double Gold' - hamamelis","isPartOf":{"@id":"https:\/\/www.vallonchene.fr\/es\/#website"},"primaryImageOfPage":{"@id":"https:\/\/www.vallonchene.fr\/es\/producto\/hamamelis-x-intermedia-double-gold\/#primaryimage"},"image":{"@id":"https:\/\/www.vallonchene.fr\/es\/producto\/hamamelis-x-intermedia-double-gold\/#primaryimage"},"thumbnailUrl":"https:\/\/www.vallonchene.fr\/wp-content\/uploads\/2025\/09\/20250511_144931.webp","datePublished":"2025-09-27T14:27:26+00:00","dateModified":"2025-10-15T14:27:48+00:00","description":"HAMAMELIS x intermedia 'Double Gold' es un hamamelis con follaje verde bordeado de amarillo. Floraci\u00f3n de color amarillo dorado y delicadamente perfumada.","breadcrumb":{"@id":"https:\/\/www.vallonchene.fr\/es\/producto\/hamamelis-x-intermedia-double-gold\/#breadcrumb"},"inLanguage":"es","potentialAction":[{"@type":"ReadAction","target":["https:\/\/www.vallonchene.fr\/es\/producto\/hamamelis-x-intermedia-double-gold\/"]}]},{"@type":"ImageObject","inLanguage":"es","@id":"https:\/\/www.vallonchene.fr\/es\/producto\/hamamelis-x-intermedia-double-gold\/#primaryimage","url":"https:\/\/www.vallonchene.fr\/wp-content\/uploads\/2025\/09\/20250511_144931.webp","contentUrl":"https:\/\/www.vallonchene.fr\/wp-content\/uploads\/2025\/09\/20250511_144931.webp","width":1200,"height":1200,"caption":"Follaje verde con bordes amarillos del HAMAMELIS \u00d7 intermedia \u2018Double Gold\u2019 en primavera"},{"@type":"BreadcrumbList","@id":"https:\/\/www.vallonchene.fr\/es\/producto\/hamamelis-x-intermedia-double-gold\/#breadcrumb","itemListElement":[{"@type":"ListItem","position":1,"name":"Home","item":"https:\/\/www.vallonchene.fr\/es\/"},{"@type":"ListItem","position":2,"name":"Tienda","item":"https:\/\/www.vallonchene.fr\/tienda\/"},{"@type":"ListItem","position":3,"name":"Venta en linea","item":"https:\/\/www.vallonchene.fr\/es\/categoria-producto\/venta-en-linea\/"},{"@type":"ListItem","position":4,"name":"Vivero","item":"https:\/\/www.vallonchene.fr\/es\/categoria-producto\/venta-en-linea\/vivero\/"},{"@type":"ListItem","position":5,"name":"Arbustos y \u00e1rboles","item":"https:\/\/www.vallonchene.fr\/es\/categoria-producto\/venta-en-linea\/vivero\/arbustos-y-arboles\/"},{"@type":"ListItem","position":6,"name":"HAMAMELIS \u00d7 intermedia &#8216;Double Gold&#8217;"}]},{"@type":"WebSite","@id":"https:\/\/www.vallonchene.fr\/es\/#website","url":"https:\/\/www.vallonchene.fr\/es\/","name":"Vallonch\u00eane","description":"El vivero donde la calidad tiene sus ra\u00edces \u2013 Tel.: +33 (0)2.35.90.02.02","publisher":{"@id":"https:\/\/www.vallonchene.fr\/es\/#organization"},"potentialAction":[{"@type":"SearchAction","target":{"@type":"EntryPoint","urlTemplate":"https:\/\/www.vallonchene.fr\/es\/?s={search_term_string}"},"query-input":{"@type":"PropertyValueSpecification","valueRequired":true,"valueName":"search_term_string"}}],"inLanguage":"es"},{"@type":"Organization","@id":"https:\/\/www.vallonchene.fr\/es\/#organization","name":"VALLONCHENE","url":"https:\/\/www.vallonchene.fr\/es\/","logo":{"@type":"ImageObject","inLanguage":"es","@id":"https:\/\/www.vallonchene.fr\/es\/#\/schema\/logo\/image\/","url":"https:\/\/www.vallonchene.fr\/wp-content\/uploads\/2023\/03\/Logo-Vallonchene-site-et-R_hauteur_100.png","contentUrl":"https:\/\/www.vallonchene.fr\/wp-content\/uploads\/2023\/03\/Logo-Vallonchene-site-et-R_hauteur_100.png","width":221,"height":100,"caption":"VALLONCHENE"},"image":{"@id":"https:\/\/www.vallonchene.fr\/es\/#\/schema\/logo\/image\/"},"sameAs":["https:\/\/www.facebook.com\/vallonchene.fr","https:\/\/www.instagram.com\/vallonchene\/","https:\/\/www.pinterest.fr\/vallonchene\/"],"taxID":"49454502300017","hasMerchantReturnPolicy":{"@type":"MerchantReturnPolicy","merchantReturnLink":"https:\/\/www.vallonchene.fr\/remboursements_retours\/"}}]},"og_availability":"instock","product_availability":"instock","product_condition":"new"},"_links":{"self":[{"href":"https:\/\/www.vallonchene.fr\/es\/wp-json\/wp\/v2\/product\/54962","targetHints":{"allow":["GET"]}}],"collection":[{"href":"https:\/\/www.vallonchene.fr\/es\/wp-json\/wp\/v2\/product"}],"about":[{"href":"https:\/\/www.vallonchene.fr\/es\/wp-json\/wp\/v2\/types\/product"}],"replies":[{"embeddable":true,"href":"https:\/\/www.vallonchene.fr\/es\/wp-json\/wp\/v2\/comments?post=54962"}],"wp:featuredmedia":[{"embeddable":true,"href":"https:\/\/www.vallonchene.fr\/es\/wp-json\/wp\/v2\/media\/54956"}],"wp:attachment":[{"href":"https:\/\/www.vallonchene.fr\/es\/wp-json\/wp\/v2\/media?parent=54962"}],"wp:term":[{"taxonomy":"product_brand","embeddable":true,"href":"https:\/\/www.vallonchene.fr\/es\/wp-json\/wp\/v2\/product_brand?post=54962"},{"taxonomy":"product_cat","embeddable":true,"href":"https:\/\/www.vallonchene.fr\/es\/wp-json\/wp\/v2\/product_cat?post=54962"},{"taxonomy":"product_tag","embeddable":true,"href":"https:\/\/www.vallonchene.fr\/es\/wp-json\/wp\/v2\/product_tag?post=54962"}],"curies":[{"name":"wp","href":"https:\/\/api.w.org\/{rel}","templated":true}]}}