{"id":5491,"date":"2021-08-31T11:11:18","date_gmt":"2021-08-31T11:11:18","guid":{"rendered":"https:\/\/testing.vallonchene.fr\/produit\/hydrangea-paniculata-vanille-fraise\/"},"modified":"2024-09-26T15:24:02","modified_gmt":"2024-09-26T15:24:02","slug":"hydrangea-paniculata-vanille-fraise","status":"publish","type":"product","link":"https:\/\/www.vallonchene.fr\/es\/producto\/hydrangea-paniculata-vanille-fraise\/","title":{"rendered":"HYDRANGEA paniculata &#8216;Vanille Fraise&#8217; (hortensia \u00e0 panicules)"},"content":{"rendered":"<p>Cet <strong>hortensia \u00e0 panicules<\/strong> d\u00e9veloppe de grandes fleurs d&#8217;un blanc immacul\u00e9 ce qui est assez rare pour cette famille d&#8217;hortensia. Ensuite les fleurs de l&#8217;<strong>HYDRANGEA paniculata &#8216;Vanille Fraise&#8217;<\/strong> prennent une couleur d&#8217;un rose tr\u00e8s lumineux (voir photo). Les hortensia paniculata sont les seuls hortensias \u00e0 pouvoir \u00eatre plant\u00e9s en plein soleil. Il ne faut pas h\u00e9siter \u00e0 retailler cet hydrang\u00e9a assez s\u00e9v\u00e8rement en fin d&#8217;hiver. Il produira des fleurs d&#8217;autant plus grandes.<\/p>\n","protected":false},"excerpt":{"rendered":"<p>Cet <strong>hortensia panicul\u00e9<\/strong> fleurit abondamment sur le bois de l&#8217;ann\u00e9e. Les fleurs de l&#8217;<strong>HYDRANGEA paniculata &#8216;Vanille Fraise&#8217;<\/strong> d\u00e9butent blanches immacul\u00e9es pour terminer la saison avec un rose tr\u00e8s lumineux. Tr\u00e8s rustique.<\/p>\n","protected":false},"featured_media":5482,"comment_status":"open","ping_status":"closed","template":"","meta":[],"product_brand":[],"product_cat":[11499],"product_tag":[2704,12497,1541,2705,2707,2706],"class_list":{"0":"post-5491","1":"product","2":"type-product","3":"status-publish","4":"has-post-thumbnail","6":"product_cat-arbustos-y-arboles","7":"product_tag-hortensia-a-panicules","8":"product_tag-hydrangea-es","9":"product_tag-hydrangea-paniculata","10":"product_tag-hydrangea-paniculata-vanille-fra","11":"product_tag-hydrangea-paniculata-vanille-fraise","12":"product_tag-vanille-fraise","13":"pa_99-hauteurapproximativeapres1-2-a-3-m","14":"pa_couleurdesfleurs-blanca","15":"pa_couleurdesfleurs-rosa","16":"pa_couleurdufeuillage-verde","17":"pa_exigencesenhumidite-moderadamente-humedo-a-humedo","18":"pa_exigencesenhumidite-promedio","19":"pa_exigencesenhumidite-seco","20":"pa_expositionspossibles-sombra-parcial-evitar-el-sol-de-12-a-17-horas","21":"pa_expositionspossibles-pleno-sol-de-12-a-17-min","22":"pa_hauteurlivree-40-a-50-cm-es","23":"pa_hauteurlivree-60-a-80-cm-es","24":"pa_hauteurlivree-80-a-100-cm-es","25":"pa_interetauprintemps-follaje","26":"pa_interetenautomne-follaje","27":"pa_interetenautomne-flores","28":"pa_interetenete-follaje","29":"pa_interetenete-flores","30":"pa_naturedufeuillage-caduco","31":"pa_naturesdesolpossibles-ligero","32":"pa_naturesdesolpossibles-pesado","33":"pa_naturesdesolpossibles-normal-es","34":"pa_periodedefloraison-otono","35":"pa_periodedefloraison-verano","36":"pa_periodedetaille-marzo","37":"pa_phdusolacceptable-acido-menos-de-6_5","38":"pa_phdusolacceptable-calcareo-mas-de-7_5","39":"pa_phdusolacceptable-neutro-entre-6_5-y-7_5","40":"pa_portgraphisme-arbustivo-es","41":"pa_resistanceaufroidrusticite-resistente-por-debajo-de-menos-20-c","42":"pa_tailledepot-maceta-de-2-litros","43":"pa_tailledepot-maceta-de-3-litros","44":"pa_tailledepot-maceta-de-7_5-litros","45":"pa_utilisationpossible-contenedor-o-olla","46":"pa_utilisationpossible-cerca-viva","47":"pa_utilisationpossible-aislado","48":"pa_utilisationpossible-arriate","50":"first","51":"outofstock","52":"taxable","53":"shipping-taxable","54":"purchasable","55":"product-type-variable","56":"has-default-attributes"},"supplier_id":null,"supplier_sku":"","barcode":null,"atum_controlled":true,"out_stock_date":null,"out_stock_threshold":null,"inheritable":false,"inbound_stock":0,"stock_on_hold":0,"sold_today":0,"sales_last_days":0,"reserved_stock":0,"customer_returns":0,"warehouse_damage":0,"lost_in_post":0,"other_logs":0,"out_stock_days":null,"lost_sales":0,"has_location":false,"update_date":"2024-12-28T13:56:45","atum_locations":[],"atum_stock_status":"outofstock","restock_status":false,"low_stock_amount":"","sales_update_date":"2024-12-28T13:56:45","calc_backorders":null,"yoast_head":"<!-- This site is optimized with the Yoast SEO Premium plugin v27.4 (Yoast SEO v27.4) - https:\/\/yoast.com\/product\/yoast-seo-premium-wordpress\/ -->\n<title>HYDRANGEA paniculata &#039;Vanille Fraise&#039; - hortensia \u00e0 panicules<\/title>\n<meta name=\"description\" content=\"Cet hortensia panicul\u00e9 fleurit abondamment sur le bois de l&#039;ann\u00e9e. Les fleurs de l&#039;HYDRANGEA paniculata &#039;Vanille Fraise&#039; d\u00e9butent blanches immacul\u00e9es pour terminer la saison avec un rose tr\u00e8s lumineux....\" \/>\n<meta name=\"robots\" content=\"index, follow, max-snippet:-1, max-image-preview:large, max-video-preview:-1\" \/>\n<link rel=\"canonical\" href=\"https:\/\/www.vallonchene.fr\/es\/producto\/hydrangea-paniculata-vanille-fraise\/\" \/>\n<meta property=\"og:locale\" content=\"es_ES\" \/>\n<meta property=\"og:type\" content=\"article\" \/>\n<meta property=\"og:title\" content=\"HYDRANGEA paniculata &#039;Vanille Fraise&#039; (hortensia \u00e0 panicules)\" \/>\n<meta property=\"og:description\" content=\"Cet hortensia panicul\u00e9 fleurit abondamment sur le bois de l&#039;ann\u00e9e. Les fleurs de l&#039;HYDRANGEA paniculata &#039;Vanille Fraise&#039; d\u00e9butent blanches immacul\u00e9es pour terminer la saison avec un rose tr\u00e8s lumineux....\" \/>\n<meta property=\"og:url\" content=\"https:\/\/www.vallonchene.fr\/es\/producto\/hydrangea-paniculata-vanille-fraise\/\" \/>\n<meta property=\"og:site_name\" content=\"Vallonch\u00eane\" \/>\n<meta property=\"article:publisher\" content=\"https:\/\/www.facebook.com\/vallonchene.fr\" \/>\n<meta property=\"article:modified_time\" content=\"2024-09-26T15:24:02+00:00\" \/>\n<meta property=\"og:image\" content=\"https:\/\/www.vallonchene.fr\/wp-content\/uploads\/2021\/08\/1989-550-HYDRANGEA-paniculata-Vanille-Fraise-en-Septembre.jpg\" \/>\n\t<meta property=\"og:image:width\" content=\"1600\" \/>\n\t<meta property=\"og:image:height\" content=\"1600\" \/>\n\t<meta property=\"og:image:type\" content=\"image\/jpeg\" \/>\n<meta name=\"twitter:card\" content=\"summary_large_image\" \/>\n<meta name=\"twitter:label1\" content=\"Disponibilidad\" \/>\n\t<meta name=\"twitter:data1\" content=\"Agotado\" \/>\n<script type=\"application\/ld+json\" class=\"yoast-schema-graph\">{\"@context\":\"https:\\\/\\\/schema.org\",\"@graph\":[{\"@type\":\"WebPage\",\"@id\":\"https:\\\/\\\/www.vallonchene.fr\\\/es\\\/producto\\\/hydrangea-paniculata-vanille-fraise\\\/\",\"url\":\"https:\\\/\\\/www.vallonchene.fr\\\/es\\\/producto\\\/hydrangea-paniculata-vanille-fraise\\\/\",\"name\":\"HYDRANGEA paniculata 'Vanille Fraise' - hortensia \u00e0 panicules\",\"isPartOf\":{\"@id\":\"https:\\\/\\\/www.vallonchene.fr\\\/es\\\/#website\"},\"primaryImageOfPage\":{\"@id\":\"https:\\\/\\\/www.vallonchene.fr\\\/es\\\/producto\\\/hydrangea-paniculata-vanille-fraise\\\/#primaryimage\"},\"image\":{\"@id\":\"https:\\\/\\\/www.vallonchene.fr\\\/es\\\/producto\\\/hydrangea-paniculata-vanille-fraise\\\/#primaryimage\"},\"thumbnailUrl\":\"https:\\\/\\\/www.vallonchene.fr\\\/wp-content\\\/uploads\\\/2021\\\/08\\\/1989-550-HYDRANGEA-paniculata-Vanille-Fraise-en-Septembre.jpg\",\"datePublished\":\"2021-08-31T11:11:18+00:00\",\"dateModified\":\"2024-09-26T15:24:02+00:00\",\"description\":\"Cet hortensia panicul\u00e9 fleurit abondamment sur le bois de l'ann\u00e9e. Les fleurs de l'HYDRANGEA paniculata 'Vanille Fraise' d\u00e9butent blanches immacul\u00e9es pour terminer la saison avec un rose tr\u00e8s lumineux....\",\"breadcrumb\":{\"@id\":\"https:\\\/\\\/www.vallonchene.fr\\\/es\\\/producto\\\/hydrangea-paniculata-vanille-fraise\\\/#breadcrumb\"},\"inLanguage\":\"es\",\"potentialAction\":[{\"@type\":\"ReadAction\",\"target\":[\"https:\\\/\\\/www.vallonchene.fr\\\/es\\\/producto\\\/hydrangea-paniculata-vanille-fraise\\\/\"]}]},{\"@type\":\"ImageObject\",\"inLanguage\":\"es\",\"@id\":\"https:\\\/\\\/www.vallonchene.fr\\\/es\\\/producto\\\/hydrangea-paniculata-vanille-fraise\\\/#primaryimage\",\"url\":\"https:\\\/\\\/www.vallonchene.fr\\\/wp-content\\\/uploads\\\/2021\\\/08\\\/1989-550-HYDRANGEA-paniculata-Vanille-Fraise-en-Septembre.jpg\",\"contentUrl\":\"https:\\\/\\\/www.vallonchene.fr\\\/wp-content\\\/uploads\\\/2021\\\/08\\\/1989-550-HYDRANGEA-paniculata-Vanille-Fraise-en-Septembre.jpg\",\"width\":1600,\"height\":1600,\"caption\":\"HYDRANGEA paniculata 'Vanille Fraise' en Septembre\"},{\"@type\":\"BreadcrumbList\",\"@id\":\"https:\\\/\\\/www.vallonchene.fr\\\/es\\\/producto\\\/hydrangea-paniculata-vanille-fraise\\\/#breadcrumb\",\"itemListElement\":[{\"@type\":\"ListItem\",\"position\":1,\"name\":\"Home\",\"item\":\"https:\\\/\\\/www.vallonchene.fr\\\/es\\\/\"},{\"@type\":\"ListItem\",\"position\":2,\"name\":\"Tienda\",\"item\":\"https:\\\/\\\/www.vallonchene.fr\\\/tienda\\\/\"},{\"@type\":\"ListItem\",\"position\":3,\"name\":\"Venta en linea\",\"item\":\"https:\\\/\\\/www.vallonchene.fr\\\/es\\\/categoria-producto\\\/venta-en-linea\\\/\"},{\"@type\":\"ListItem\",\"position\":4,\"name\":\"Vivero\",\"item\":\"https:\\\/\\\/www.vallonchene.fr\\\/es\\\/categoria-producto\\\/venta-en-linea\\\/vivero\\\/\"},{\"@type\":\"ListItem\",\"position\":5,\"name\":\"Arbustos y \u00e1rboles\",\"item\":\"https:\\\/\\\/www.vallonchene.fr\\\/es\\\/categoria-producto\\\/venta-en-linea\\\/vivero\\\/arbustos-y-arboles\\\/\"},{\"@type\":\"ListItem\",\"position\":6,\"name\":\"HYDRANGEA paniculata &#8216;Vanille Fraise&#8217; (hortensia \u00e0 panicules)\"}]},{\"@type\":\"WebSite\",\"@id\":\"https:\\\/\\\/www.vallonchene.fr\\\/es\\\/#website\",\"url\":\"https:\\\/\\\/www.vallonchene.fr\\\/es\\\/\",\"name\":\"Vallonch\u00eane\",\"description\":\"El vivero donde la calidad tiene sus ra\u00edces \u2013 Tel.: +33 (0)2.35.90.02.02\",\"publisher\":{\"@id\":\"https:\\\/\\\/www.vallonchene.fr\\\/es\\\/#organization\"},\"potentialAction\":[{\"@type\":\"SearchAction\",\"target\":{\"@type\":\"EntryPoint\",\"urlTemplate\":\"https:\\\/\\\/www.vallonchene.fr\\\/es\\\/?s={search_term_string}\"},\"query-input\":{\"@type\":\"PropertyValueSpecification\",\"valueRequired\":true,\"valueName\":\"search_term_string\"}}],\"inLanguage\":\"es\"},{\"@type\":\"Organization\",\"@id\":\"https:\\\/\\\/www.vallonchene.fr\\\/es\\\/#organization\",\"name\":\"VALLONCHENE\",\"url\":\"https:\\\/\\\/www.vallonchene.fr\\\/es\\\/\",\"logo\":{\"@type\":\"ImageObject\",\"inLanguage\":\"es\",\"@id\":\"https:\\\/\\\/www.vallonchene.fr\\\/es\\\/#\\\/schema\\\/logo\\\/image\\\/\",\"url\":\"https:\\\/\\\/www.vallonchene.fr\\\/wp-content\\\/uploads\\\/2023\\\/03\\\/Logo-Vallonchene-site-et-R_hauteur_100.png\",\"contentUrl\":\"https:\\\/\\\/www.vallonchene.fr\\\/wp-content\\\/uploads\\\/2023\\\/03\\\/Logo-Vallonchene-site-et-R_hauteur_100.png\",\"width\":221,\"height\":100,\"caption\":\"VALLONCHENE\"},\"image\":{\"@id\":\"https:\\\/\\\/www.vallonchene.fr\\\/es\\\/#\\\/schema\\\/logo\\\/image\\\/\"},\"sameAs\":[\"https:\\\/\\\/www.facebook.com\\\/vallonchene.fr\",\"https:\\\/\\\/www.instagram.com\\\/vallonchene\\\/\",\"https:\\\/\\\/www.pinterest.fr\\\/vallonchene\\\/\"],\"taxID\":\"49454502300017\",\"hasMerchantReturnPolicy\":{\"@type\":\"MerchantReturnPolicy\",\"merchantReturnLink\":\"https:\\\/\\\/www.vallonchene.fr\\\/remboursements_retours\\\/\"}}]}<\/script>\n<meta property=\"og:availability\" content=\"out of stock\" \/>\n<meta property=\"product:availability\" content=\"out of stock\" \/>\n<meta property=\"product:retailer_item_id\" content=\"24449\" \/>\n<meta property=\"product:condition\" content=\"new\" \/>\n<!-- \/ Yoast SEO Premium plugin. -->","yoast_head_json":{"title":"HYDRANGEA paniculata 'Vanille Fraise' - hortensia \u00e0 panicules","description":"Cet hortensia panicul\u00e9 fleurit abondamment sur le bois de l'ann\u00e9e. Les fleurs de l'HYDRANGEA paniculata 'Vanille Fraise' d\u00e9butent blanches immacul\u00e9es pour terminer la saison avec un rose tr\u00e8s lumineux....","robots":{"index":"index","follow":"follow","max-snippet":"max-snippet:-1","max-image-preview":"max-image-preview:large","max-video-preview":"max-video-preview:-1"},"canonical":"https:\/\/www.vallonchene.fr\/es\/producto\/hydrangea-paniculata-vanille-fraise\/","og_locale":"es_ES","og_type":"article","og_title":"HYDRANGEA paniculata 'Vanille Fraise' (hortensia \u00e0 panicules)","og_description":"Cet hortensia panicul\u00e9 fleurit abondamment sur le bois de l'ann\u00e9e. Les fleurs de l'HYDRANGEA paniculata 'Vanille Fraise' d\u00e9butent blanches immacul\u00e9es pour terminer la saison avec un rose tr\u00e8s lumineux....","og_url":"https:\/\/www.vallonchene.fr\/es\/producto\/hydrangea-paniculata-vanille-fraise\/","og_site_name":"Vallonch\u00eane","article_publisher":"https:\/\/www.facebook.com\/vallonchene.fr","article_modified_time":"2024-09-26T15:24:02+00:00","og_image":[{"width":1600,"height":1600,"url":"https:\/\/www.vallonchene.fr\/wp-content\/uploads\/2021\/08\/1989-550-HYDRANGEA-paniculata-Vanille-Fraise-en-Septembre.jpg","type":"image\/jpeg"}],"twitter_card":"summary_large_image","twitter_misc":{"Disponibilidad":"Agotado"},"schema":{"@context":"https:\/\/schema.org","@graph":[{"@type":"WebPage","@id":"https:\/\/www.vallonchene.fr\/es\/producto\/hydrangea-paniculata-vanille-fraise\/","url":"https:\/\/www.vallonchene.fr\/es\/producto\/hydrangea-paniculata-vanille-fraise\/","name":"HYDRANGEA paniculata 'Vanille Fraise' - hortensia \u00e0 panicules","isPartOf":{"@id":"https:\/\/www.vallonchene.fr\/es\/#website"},"primaryImageOfPage":{"@id":"https:\/\/www.vallonchene.fr\/es\/producto\/hydrangea-paniculata-vanille-fraise\/#primaryimage"},"image":{"@id":"https:\/\/www.vallonchene.fr\/es\/producto\/hydrangea-paniculata-vanille-fraise\/#primaryimage"},"thumbnailUrl":"https:\/\/www.vallonchene.fr\/wp-content\/uploads\/2021\/08\/1989-550-HYDRANGEA-paniculata-Vanille-Fraise-en-Septembre.jpg","datePublished":"2021-08-31T11:11:18+00:00","dateModified":"2024-09-26T15:24:02+00:00","description":"Cet hortensia panicul\u00e9 fleurit abondamment sur le bois de l'ann\u00e9e. Les fleurs de l'HYDRANGEA paniculata 'Vanille Fraise' d\u00e9butent blanches immacul\u00e9es pour terminer la saison avec un rose tr\u00e8s lumineux....","breadcrumb":{"@id":"https:\/\/www.vallonchene.fr\/es\/producto\/hydrangea-paniculata-vanille-fraise\/#breadcrumb"},"inLanguage":"es","potentialAction":[{"@type":"ReadAction","target":["https:\/\/www.vallonchene.fr\/es\/producto\/hydrangea-paniculata-vanille-fraise\/"]}]},{"@type":"ImageObject","inLanguage":"es","@id":"https:\/\/www.vallonchene.fr\/es\/producto\/hydrangea-paniculata-vanille-fraise\/#primaryimage","url":"https:\/\/www.vallonchene.fr\/wp-content\/uploads\/2021\/08\/1989-550-HYDRANGEA-paniculata-Vanille-Fraise-en-Septembre.jpg","contentUrl":"https:\/\/www.vallonchene.fr\/wp-content\/uploads\/2021\/08\/1989-550-HYDRANGEA-paniculata-Vanille-Fraise-en-Septembre.jpg","width":1600,"height":1600,"caption":"HYDRANGEA paniculata 'Vanille Fraise' en Septembre"},{"@type":"BreadcrumbList","@id":"https:\/\/www.vallonchene.fr\/es\/producto\/hydrangea-paniculata-vanille-fraise\/#breadcrumb","itemListElement":[{"@type":"ListItem","position":1,"name":"Home","item":"https:\/\/www.vallonchene.fr\/es\/"},{"@type":"ListItem","position":2,"name":"Tienda","item":"https:\/\/www.vallonchene.fr\/tienda\/"},{"@type":"ListItem","position":3,"name":"Venta en linea","item":"https:\/\/www.vallonchene.fr\/es\/categoria-producto\/venta-en-linea\/"},{"@type":"ListItem","position":4,"name":"Vivero","item":"https:\/\/www.vallonchene.fr\/es\/categoria-producto\/venta-en-linea\/vivero\/"},{"@type":"ListItem","position":5,"name":"Arbustos y \u00e1rboles","item":"https:\/\/www.vallonchene.fr\/es\/categoria-producto\/venta-en-linea\/vivero\/arbustos-y-arboles\/"},{"@type":"ListItem","position":6,"name":"HYDRANGEA paniculata &#8216;Vanille Fraise&#8217; (hortensia \u00e0 panicules)"}]},{"@type":"WebSite","@id":"https:\/\/www.vallonchene.fr\/es\/#website","url":"https:\/\/www.vallonchene.fr\/es\/","name":"Vallonch\u00eane","description":"El vivero donde la calidad tiene sus ra\u00edces \u2013 Tel.: +33 (0)2.35.90.02.02","publisher":{"@id":"https:\/\/www.vallonchene.fr\/es\/#organization"},"potentialAction":[{"@type":"SearchAction","target":{"@type":"EntryPoint","urlTemplate":"https:\/\/www.vallonchene.fr\/es\/?s={search_term_string}"},"query-input":{"@type":"PropertyValueSpecification","valueRequired":true,"valueName":"search_term_string"}}],"inLanguage":"es"},{"@type":"Organization","@id":"https:\/\/www.vallonchene.fr\/es\/#organization","name":"VALLONCHENE","url":"https:\/\/www.vallonchene.fr\/es\/","logo":{"@type":"ImageObject","inLanguage":"es","@id":"https:\/\/www.vallonchene.fr\/es\/#\/schema\/logo\/image\/","url":"https:\/\/www.vallonchene.fr\/wp-content\/uploads\/2023\/03\/Logo-Vallonchene-site-et-R_hauteur_100.png","contentUrl":"https:\/\/www.vallonchene.fr\/wp-content\/uploads\/2023\/03\/Logo-Vallonchene-site-et-R_hauteur_100.png","width":221,"height":100,"caption":"VALLONCHENE"},"image":{"@id":"https:\/\/www.vallonchene.fr\/es\/#\/schema\/logo\/image\/"},"sameAs":["https:\/\/www.facebook.com\/vallonchene.fr","https:\/\/www.instagram.com\/vallonchene\/","https:\/\/www.pinterest.fr\/vallonchene\/"],"taxID":"49454502300017","hasMerchantReturnPolicy":{"@type":"MerchantReturnPolicy","merchantReturnLink":"https:\/\/www.vallonchene.fr\/remboursements_retours\/"}}]},"og_availability":"out of stock","product_availability":"out of stock","product_retailer_item_id":"24449","product_condition":"new"},"_links":{"self":[{"href":"https:\/\/www.vallonchene.fr\/es\/wp-json\/wp\/v2\/product\/5491","targetHints":{"allow":["GET"]}}],"collection":[{"href":"https:\/\/www.vallonchene.fr\/es\/wp-json\/wp\/v2\/product"}],"about":[{"href":"https:\/\/www.vallonchene.fr\/es\/wp-json\/wp\/v2\/types\/product"}],"replies":[{"embeddable":true,"href":"https:\/\/www.vallonchene.fr\/es\/wp-json\/wp\/v2\/comments?post=5491"}],"wp:featuredmedia":[{"embeddable":true,"href":"https:\/\/www.vallonchene.fr\/es\/wp-json\/wp\/v2\/media\/5482"}],"wp:attachment":[{"href":"https:\/\/www.vallonchene.fr\/es\/wp-json\/wp\/v2\/media?parent=5491"}],"wp:term":[{"taxonomy":"product_brand","embeddable":true,"href":"https:\/\/www.vallonchene.fr\/es\/wp-json\/wp\/v2\/product_brand?post=5491"},{"taxonomy":"product_cat","embeddable":true,"href":"https:\/\/www.vallonchene.fr\/es\/wp-json\/wp\/v2\/product_cat?post=5491"},{"taxonomy":"product_tag","embeddable":true,"href":"https:\/\/www.vallonchene.fr\/es\/wp-json\/wp\/v2\/product_tag?post=5491"}],"curies":[{"name":"wp","href":"https:\/\/api.w.org\/{rel}","templated":true}]}}