{"id":5470,"date":"2021-08-31T10:53:18","date_gmt":"2021-08-31T10:53:18","guid":{"rendered":"https:\/\/testing.vallonchene.fr\/produit\/cornus-controversa-variegata\/"},"modified":"2026-04-22T21:59:23","modified_gmt":"2026-04-22T19:59:23","slug":"cornus-controversa-variegata","status":"publish","type":"product","link":"https:\/\/www.vallonchene.fr\/es\/producto\/cornus-controversa-variegata\/","title":{"rendered":"CORNUS controversa &#8216;Variegata&#8217;"},"content":{"rendered":"","protected":false},"excerpt":{"rendered":"<p>Ce <strong>cornouiller pagode<\/strong> pousse en \u00e9tages. Le feuillage du <strong>CORNUS controversa &#8216;Variegata&#8217;<\/strong> est caduc et panach\u00e9 de blanc et vert. Il est tr\u00e8s int\u00e9ressant pour son graphisme en hiver. Il est tr\u00e8s rustique.<\/p>\n","protected":false},"featured_media":5461,"comment_status":"open","ping_status":"closed","template":"","meta":[],"product_brand":[],"product_cat":[251],"product_tag":[2697,1520,2695,2696,2062],"class_list":{"0":"post-5470","1":"product","2":"type-product","3":"status-publish","4":"has-post-thumbnail","6":"product_cat-arbustes-et-arbres","7":"product_tag-cornouiller-des-pagodes-panache","8":"product_tag-cornus","9":"product_tag-cornus-controversa","10":"product_tag-cornus-controversa-variegata","11":"product_tag-variegata","12":"pa_99-hauteurapproximativeapres1-3a5m","13":"pa_couleurdesfleurs-blanc","14":"pa_couleurdufeuillage-blanc","15":"pa_couleurdufeuillage-panache","16":"pa_couleurdufeuillage-vert","17":"pa_exigencesenhumidite-fraisahumide","18":"pa_exigencesenhumidite-moyen","19":"pa_expositionspossibles-33-mi_ombreeviterlesoleilde12","20":"pa_expositionspossibles-ombrepasdesoleildirect","21":"pa_expositionspossibles-pleinsoleilde12ha17hmin","22":"pa_hauteurlivree-20-a-30-cm","23":"pa_hauteurlivree-70-a-80-cm","24":"pa_hauteurlivree-30-a-40-cm","25":"pa_hauteurlivree-40-a-50-cm","26":"pa_hauteurlivree-40-a-60-cm","27":"pa_hauteurlivree-50-a-60-cm","28":"pa_hauteurlivree-60-a-80-cm","29":"pa_hauteurlivree-80-a-100-cm","30":"pa_hauteurlivree-100-a-125cm","31":"pa_hauteurlivree-125-a-150cm","32":"pa_hauteurlivree-150-a-175-cm","33":"pa_hauteurlivree-175-a-200-cm","34":"pa_hauteurlivree-200-a-250-cm","35":"pa_hauteurlivree-250-a-300-cm","36":"pa_interetauprintemps-feuillage","37":"pa_interetauprintemps-fleurs","38":"pa_interetenautomne-feuillage","39":"pa_interetenete-feuillage","40":"pa_interetenhiver-graphismeforme","41":"pa_naturedufeuillage-caduc","42":"pa_naturesdesolpossibles-leger","43":"pa_naturesdesolpossibles-normal","44":"pa_particularites-graphismeforme","45":"pa_periodedefloraison-printemps","46":"pa_periodedetaille-mars","47":"pa_phdusolacceptable-acidemoinsde65","48":"pa_phdusolacceptable-neutreentre65et75","49":"pa_portgraphisme-evase","50":"pa_resistanceaufroidrusticite-resistant-en-dessous-de-moins-20-degree-c","51":"pa_tailledepot-pot-de-5-litres","52":"pa_utilisationpossible-isole","53":"pa_utilisationpossible-massif","55":"first","56":"instock","57":"taxable","58":"shipping-taxable","59":"purchasable","60":"product-type-variable"},"supplier_id":null,"supplier_sku":"","barcode":null,"atum_controlled":true,"out_stock_date":null,"out_stock_threshold":null,"inheritable":true,"inbound_stock":0,"stock_on_hold":0,"sold_today":0,"sales_last_days":0,"reserved_stock":0,"customer_returns":0,"warehouse_damage":0,"lost_in_post":0,"other_logs":0,"out_stock_days":null,"lost_sales":0,"has_location":false,"update_date":"2026-04-23T12:16:02","atum_locations":[],"atum_stock_status":"instock","restock_status":false,"low_stock_amount":"","sales_update_date":"2024-01-07T09:28:52","calc_backorders":null,"yoast_head":"<!-- This site is optimized with the Yoast SEO Premium plugin v27.4 (Yoast SEO v27.4) - https:\/\/yoast.com\/product\/yoast-seo-premium-wordpress\/ -->\n<title>CORNUS controversa &#039;Variegata&#039; - Cornouiller des pagodes panach\u00e9<\/title>\n<meta name=\"description\" content=\"Ce cornouiller pagode pousse en \u00e9tages. Le feuillage du CORNUS controversa &#039;Variegata&#039; est caduc et panach\u00e9 de blanc et vert. Il est tr\u00e8s int\u00e9ressant pour son graphisme en hiver. Il est tr\u00e8s...\" \/>\n<meta name=\"robots\" content=\"index, follow, max-snippet:-1, max-image-preview:large, max-video-preview:-1\" \/>\n<link rel=\"canonical\" href=\"https:\/\/www.vallonchene.fr\/es\/producto\/cornus-controversa-variegata\/\" \/>\n<meta property=\"og:locale\" content=\"es_ES\" \/>\n<meta property=\"og:type\" content=\"article\" \/>\n<meta property=\"og:title\" content=\"CORNUS controversa &#039;Variegata&#039;\" \/>\n<meta property=\"og:description\" content=\"Ce cornouiller pagode pousse en \u00e9tages. Le feuillage du CORNUS controversa &#039;Variegata&#039; est caduc et panach\u00e9 de blanc et vert. Il est tr\u00e8s int\u00e9ressant pour son graphisme en hiver. Il est tr\u00e8s...\" \/>\n<meta property=\"og:url\" content=\"https:\/\/www.vallonchene.fr\/es\/producto\/cornus-controversa-variegata\/\" \/>\n<meta property=\"og:site_name\" content=\"Vallonch\u00eane\" \/>\n<meta property=\"article:publisher\" content=\"https:\/\/www.facebook.com\/vallonchene.fr\" \/>\n<meta property=\"article:modified_time\" content=\"2026-04-22T19:59:23+00:00\" \/>\n<meta property=\"og:image\" content=\"https:\/\/www.vallonchene.fr\/wp-content\/uploads\/2021\/08\/1053-116-CORNUS-controversa-Variegata-en-Aout.jpg\" \/>\n\t<meta property=\"og:image:width\" content=\"1200\" \/>\n\t<meta property=\"og:image:height\" content=\"1200\" \/>\n\t<meta property=\"og:image:type\" content=\"image\/jpeg\" \/>\n<meta name=\"twitter:card\" content=\"summary_large_image\" \/>\n<meta name=\"twitter:label1\" content=\"Disponibilidad\" \/>\n\t<meta name=\"twitter:data1\" content=\"En stock\" \/>\n<script type=\"application\/ld+json\" class=\"yoast-schema-graph\">{\"@context\":\"https:\\\/\\\/schema.org\",\"@graph\":[{\"@type\":\"WebPage\",\"@id\":\"https:\\\/\\\/www.vallonchene.fr\\\/es\\\/producto\\\/cornus-controversa-variegata\\\/\",\"url\":\"https:\\\/\\\/www.vallonchene.fr\\\/es\\\/producto\\\/cornus-controversa-variegata\\\/\",\"name\":\"CORNUS controversa 'Variegata' - Cornouiller des pagodes panach\u00e9\",\"isPartOf\":{\"@id\":\"https:\\\/\\\/www.vallonchene.fr\\\/es\\\/#website\"},\"primaryImageOfPage\":{\"@id\":\"https:\\\/\\\/www.vallonchene.fr\\\/es\\\/producto\\\/cornus-controversa-variegata\\\/#primaryimage\"},\"image\":{\"@id\":\"https:\\\/\\\/www.vallonchene.fr\\\/es\\\/producto\\\/cornus-controversa-variegata\\\/#primaryimage\"},\"thumbnailUrl\":\"https:\\\/\\\/www.vallonchene.fr\\\/wp-content\\\/uploads\\\/2021\\\/08\\\/1053-116-CORNUS-controversa-Variegata-en-Aout.jpg\",\"datePublished\":\"2021-08-31T10:53:18+00:00\",\"dateModified\":\"2026-04-22T19:59:23+00:00\",\"description\":\"Ce cornouiller pagode pousse en \u00e9tages. Le feuillage du CORNUS controversa 'Variegata' est caduc et panach\u00e9 de blanc et vert. Il est tr\u00e8s int\u00e9ressant pour son graphisme en hiver. Il est tr\u00e8s...\",\"breadcrumb\":{\"@id\":\"https:\\\/\\\/www.vallonchene.fr\\\/es\\\/producto\\\/cornus-controversa-variegata\\\/#breadcrumb\"},\"inLanguage\":\"es\",\"potentialAction\":[{\"@type\":\"ReadAction\",\"target\":[\"https:\\\/\\\/www.vallonchene.fr\\\/es\\\/producto\\\/cornus-controversa-variegata\\\/\"]}]},{\"@type\":\"ImageObject\",\"inLanguage\":\"es\",\"@id\":\"https:\\\/\\\/www.vallonchene.fr\\\/es\\\/producto\\\/cornus-controversa-variegata\\\/#primaryimage\",\"url\":\"https:\\\/\\\/www.vallonchene.fr\\\/wp-content\\\/uploads\\\/2021\\\/08\\\/1053-116-CORNUS-controversa-Variegata-en-Aout.jpg\",\"contentUrl\":\"https:\\\/\\\/www.vallonchene.fr\\\/wp-content\\\/uploads\\\/2021\\\/08\\\/1053-116-CORNUS-controversa-Variegata-en-Aout.jpg\",\"width\":1200,\"height\":1200,\"caption\":\"CORNUS controversa 'Variegata' en Ao\u00fbt\"},{\"@type\":\"BreadcrumbList\",\"@id\":\"https:\\\/\\\/www.vallonchene.fr\\\/es\\\/producto\\\/cornus-controversa-variegata\\\/#breadcrumb\",\"itemListElement\":[{\"@type\":\"ListItem\",\"position\":1,\"name\":\"Home\",\"item\":\"https:\\\/\\\/www.vallonchene.fr\\\/es\\\/\"},{\"@type\":\"ListItem\",\"position\":2,\"name\":\"Tienda\",\"item\":\"https:\\\/\\\/www.vallonchene.fr\\\/tienda\\\/\"},{\"@type\":\"ListItem\",\"position\":3,\"name\":\"Venta en linea\",\"item\":\"https:\\\/\\\/www.vallonchene.fr\\\/es\\\/categoria-producto\\\/venta-en-linea\\\/\"},{\"@type\":\"ListItem\",\"position\":4,\"name\":\"Vivero\",\"item\":\"https:\\\/\\\/www.vallonchene.fr\\\/es\\\/categoria-producto\\\/venta-en-linea\\\/vivero\\\/\"},{\"@type\":\"ListItem\",\"position\":5,\"name\":\"Arbustos y \u00e1rboles\",\"item\":\"https:\\\/\\\/www.vallonchene.fr\\\/es\\\/categoria-producto\\\/venta-en-linea\\\/vivero\\\/arbustos-y-arboles\\\/\"},{\"@type\":\"ListItem\",\"position\":6,\"name\":\"CORNUS controversa &lsquo;Variegata&rsquo;\"}]},{\"@type\":\"WebSite\",\"@id\":\"https:\\\/\\\/www.vallonchene.fr\\\/es\\\/#website\",\"url\":\"https:\\\/\\\/www.vallonchene.fr\\\/es\\\/\",\"name\":\"Vallonch\u00eane\",\"description\":\"El vivero donde la calidad tiene sus ra\u00edces \u2013 Tel.: +33 (0)2.35.90.02.02\",\"publisher\":{\"@id\":\"https:\\\/\\\/www.vallonchene.fr\\\/es\\\/#organization\"},\"potentialAction\":[{\"@type\":\"SearchAction\",\"target\":{\"@type\":\"EntryPoint\",\"urlTemplate\":\"https:\\\/\\\/www.vallonchene.fr\\\/es\\\/?s={search_term_string}\"},\"query-input\":{\"@type\":\"PropertyValueSpecification\",\"valueRequired\":true,\"valueName\":\"search_term_string\"}}],\"inLanguage\":\"es\"},{\"@type\":\"Organization\",\"@id\":\"https:\\\/\\\/www.vallonchene.fr\\\/es\\\/#organization\",\"name\":\"VALLONCHENE\",\"url\":\"https:\\\/\\\/www.vallonchene.fr\\\/es\\\/\",\"logo\":{\"@type\":\"ImageObject\",\"inLanguage\":\"es\",\"@id\":\"https:\\\/\\\/www.vallonchene.fr\\\/es\\\/#\\\/schema\\\/logo\\\/image\\\/\",\"url\":\"https:\\\/\\\/www.vallonchene.fr\\\/wp-content\\\/uploads\\\/2023\\\/03\\\/Logo-Vallonchene-site-et-R_hauteur_100.png\",\"contentUrl\":\"https:\\\/\\\/www.vallonchene.fr\\\/wp-content\\\/uploads\\\/2023\\\/03\\\/Logo-Vallonchene-site-et-R_hauteur_100.png\",\"width\":221,\"height\":100,\"caption\":\"VALLONCHENE\"},\"image\":{\"@id\":\"https:\\\/\\\/www.vallonchene.fr\\\/es\\\/#\\\/schema\\\/logo\\\/image\\\/\"},\"sameAs\":[\"https:\\\/\\\/www.facebook.com\\\/vallonchene.fr\",\"https:\\\/\\\/www.instagram.com\\\/vallonchene\\\/\",\"https:\\\/\\\/www.pinterest.fr\\\/vallonchene\\\/\"],\"taxID\":\"49454502300017\",\"hasMerchantReturnPolicy\":{\"@type\":\"MerchantReturnPolicy\",\"merchantReturnLink\":\"https:\\\/\\\/www.vallonchene.fr\\\/remboursements_retours\\\/\"}}]}<\/script>\n<meta property=\"og:availability\" content=\"instock\" \/>\n<meta property=\"product:availability\" content=\"instock\" \/>\n<meta property=\"product:retailer_item_id\" content=\"21466\" \/>\n<meta property=\"product:condition\" content=\"new\" \/>\n<!-- \/ Yoast SEO Premium plugin. -->","yoast_head_json":{"title":"CORNUS controversa 'Variegata' - Cornouiller des pagodes panach\u00e9","description":"Ce cornouiller pagode pousse en \u00e9tages. Le feuillage du CORNUS controversa 'Variegata' est caduc et panach\u00e9 de blanc et vert. Il est tr\u00e8s int\u00e9ressant pour son graphisme en hiver. Il est tr\u00e8s...","robots":{"index":"index","follow":"follow","max-snippet":"max-snippet:-1","max-image-preview":"max-image-preview:large","max-video-preview":"max-video-preview:-1"},"canonical":"https:\/\/www.vallonchene.fr\/es\/producto\/cornus-controversa-variegata\/","og_locale":"es_ES","og_type":"article","og_title":"CORNUS controversa 'Variegata'","og_description":"Ce cornouiller pagode pousse en \u00e9tages. Le feuillage du CORNUS controversa 'Variegata' est caduc et panach\u00e9 de blanc et vert. Il est tr\u00e8s int\u00e9ressant pour son graphisme en hiver. Il est tr\u00e8s...","og_url":"https:\/\/www.vallonchene.fr\/es\/producto\/cornus-controversa-variegata\/","og_site_name":"Vallonch\u00eane","article_publisher":"https:\/\/www.facebook.com\/vallonchene.fr","article_modified_time":"2026-04-22T19:59:23+00:00","og_image":[{"width":1200,"height":1200,"url":"https:\/\/www.vallonchene.fr\/wp-content\/uploads\/2021\/08\/1053-116-CORNUS-controversa-Variegata-en-Aout.jpg","type":"image\/jpeg"}],"twitter_card":"summary_large_image","twitter_misc":{"Disponibilidad":"En stock"},"schema":{"@context":"https:\/\/schema.org","@graph":[{"@type":"WebPage","@id":"https:\/\/www.vallonchene.fr\/es\/producto\/cornus-controversa-variegata\/","url":"https:\/\/www.vallonchene.fr\/es\/producto\/cornus-controversa-variegata\/","name":"CORNUS controversa 'Variegata' - Cornouiller des pagodes panach\u00e9","isPartOf":{"@id":"https:\/\/www.vallonchene.fr\/es\/#website"},"primaryImageOfPage":{"@id":"https:\/\/www.vallonchene.fr\/es\/producto\/cornus-controversa-variegata\/#primaryimage"},"image":{"@id":"https:\/\/www.vallonchene.fr\/es\/producto\/cornus-controversa-variegata\/#primaryimage"},"thumbnailUrl":"https:\/\/www.vallonchene.fr\/wp-content\/uploads\/2021\/08\/1053-116-CORNUS-controversa-Variegata-en-Aout.jpg","datePublished":"2021-08-31T10:53:18+00:00","dateModified":"2026-04-22T19:59:23+00:00","description":"Ce cornouiller pagode pousse en \u00e9tages. Le feuillage du CORNUS controversa 'Variegata' est caduc et panach\u00e9 de blanc et vert. Il est tr\u00e8s int\u00e9ressant pour son graphisme en hiver. Il est tr\u00e8s...","breadcrumb":{"@id":"https:\/\/www.vallonchene.fr\/es\/producto\/cornus-controversa-variegata\/#breadcrumb"},"inLanguage":"es","potentialAction":[{"@type":"ReadAction","target":["https:\/\/www.vallonchene.fr\/es\/producto\/cornus-controversa-variegata\/"]}]},{"@type":"ImageObject","inLanguage":"es","@id":"https:\/\/www.vallonchene.fr\/es\/producto\/cornus-controversa-variegata\/#primaryimage","url":"https:\/\/www.vallonchene.fr\/wp-content\/uploads\/2021\/08\/1053-116-CORNUS-controversa-Variegata-en-Aout.jpg","contentUrl":"https:\/\/www.vallonchene.fr\/wp-content\/uploads\/2021\/08\/1053-116-CORNUS-controversa-Variegata-en-Aout.jpg","width":1200,"height":1200,"caption":"CORNUS controversa 'Variegata' en Ao\u00fbt"},{"@type":"BreadcrumbList","@id":"https:\/\/www.vallonchene.fr\/es\/producto\/cornus-controversa-variegata\/#breadcrumb","itemListElement":[{"@type":"ListItem","position":1,"name":"Home","item":"https:\/\/www.vallonchene.fr\/es\/"},{"@type":"ListItem","position":2,"name":"Tienda","item":"https:\/\/www.vallonchene.fr\/tienda\/"},{"@type":"ListItem","position":3,"name":"Venta en linea","item":"https:\/\/www.vallonchene.fr\/es\/categoria-producto\/venta-en-linea\/"},{"@type":"ListItem","position":4,"name":"Vivero","item":"https:\/\/www.vallonchene.fr\/es\/categoria-producto\/venta-en-linea\/vivero\/"},{"@type":"ListItem","position":5,"name":"Arbustos y \u00e1rboles","item":"https:\/\/www.vallonchene.fr\/es\/categoria-producto\/venta-en-linea\/vivero\/arbustos-y-arboles\/"},{"@type":"ListItem","position":6,"name":"CORNUS controversa &lsquo;Variegata&rsquo;"}]},{"@type":"WebSite","@id":"https:\/\/www.vallonchene.fr\/es\/#website","url":"https:\/\/www.vallonchene.fr\/es\/","name":"Vallonch\u00eane","description":"El vivero donde la calidad tiene sus ra\u00edces \u2013 Tel.: +33 (0)2.35.90.02.02","publisher":{"@id":"https:\/\/www.vallonchene.fr\/es\/#organization"},"potentialAction":[{"@type":"SearchAction","target":{"@type":"EntryPoint","urlTemplate":"https:\/\/www.vallonchene.fr\/es\/?s={search_term_string}"},"query-input":{"@type":"PropertyValueSpecification","valueRequired":true,"valueName":"search_term_string"}}],"inLanguage":"es"},{"@type":"Organization","@id":"https:\/\/www.vallonchene.fr\/es\/#organization","name":"VALLONCHENE","url":"https:\/\/www.vallonchene.fr\/es\/","logo":{"@type":"ImageObject","inLanguage":"es","@id":"https:\/\/www.vallonchene.fr\/es\/#\/schema\/logo\/image\/","url":"https:\/\/www.vallonchene.fr\/wp-content\/uploads\/2023\/03\/Logo-Vallonchene-site-et-R_hauteur_100.png","contentUrl":"https:\/\/www.vallonchene.fr\/wp-content\/uploads\/2023\/03\/Logo-Vallonchene-site-et-R_hauteur_100.png","width":221,"height":100,"caption":"VALLONCHENE"},"image":{"@id":"https:\/\/www.vallonchene.fr\/es\/#\/schema\/logo\/image\/"},"sameAs":["https:\/\/www.facebook.com\/vallonchene.fr","https:\/\/www.instagram.com\/vallonchene\/","https:\/\/www.pinterest.fr\/vallonchene\/"],"taxID":"49454502300017","hasMerchantReturnPolicy":{"@type":"MerchantReturnPolicy","merchantReturnLink":"https:\/\/www.vallonchene.fr\/remboursements_retours\/"}}]},"og_availability":"instock","product_availability":"instock","product_retailer_item_id":"21466","product_condition":"new"},"_links":{"self":[{"href":"https:\/\/www.vallonchene.fr\/es\/wp-json\/wp\/v2\/product\/5470","targetHints":{"allow":["GET"]}}],"collection":[{"href":"https:\/\/www.vallonchene.fr\/es\/wp-json\/wp\/v2\/product"}],"about":[{"href":"https:\/\/www.vallonchene.fr\/es\/wp-json\/wp\/v2\/types\/product"}],"replies":[{"embeddable":true,"href":"https:\/\/www.vallonchene.fr\/es\/wp-json\/wp\/v2\/comments?post=5470"}],"wp:featuredmedia":[{"embeddable":true,"href":"https:\/\/www.vallonchene.fr\/es\/wp-json\/wp\/v2\/media\/5461"}],"wp:attachment":[{"href":"https:\/\/www.vallonchene.fr\/es\/wp-json\/wp\/v2\/media?parent=5470"}],"wp:term":[{"taxonomy":"product_brand","embeddable":true,"href":"https:\/\/www.vallonchene.fr\/es\/wp-json\/wp\/v2\/product_brand?post=5470"},{"taxonomy":"product_cat","embeddable":true,"href":"https:\/\/www.vallonchene.fr\/es\/wp-json\/wp\/v2\/product_cat?post=5470"},{"taxonomy":"product_tag","embeddable":true,"href":"https:\/\/www.vallonchene.fr\/es\/wp-json\/wp\/v2\/product_tag?post=5470"}],"curies":[{"name":"wp","href":"https:\/\/api.w.org\/{rel}","templated":true}]}}