{"id":53311,"date":"2021-08-31T10:38:47","date_gmt":"2021-08-31T09:38:47","guid":{"rendered":"https:\/\/www.vallonchene.fr\/produit\/abies-koreana-blue-emperor\/"},"modified":"2025-04-23T08:23:42","modified_gmt":"2025-04-23T07:23:42","slug":"abies-koreana-blue-emperor","status":"publish","type":"product","link":"https:\/\/www.vallonchene.fr\/es\/producto\/abies-koreana-blue-emperor\/","title":{"rendered":"ABIES koreana &#8216;Blue Emperor&#8217;"},"content":{"rendered":"<h2>La Planta<\/h2>\n<p>El <strong>ABIES koreana &#8216;Blue Emperor&#8217;<\/strong> se clasifica entre los <strong>abetos de Corea<\/strong>. Es una planta bastante fabulosa. <\/p>\n<p>De hecho, este peque\u00f1o con\u00edfero desarrolla en primavera <strong>grandes conos azules<\/strong> que se levantan sobre las ramas casi horizontales. Este fen\u00f3meno, adem\u00e1s, inspir\u00f3 su nombre. <\/p>\n<p>Las agujas verdes cubiertas de una ligera neblina blanquecina no pinchan y se levantan ligeramente. Gracias a esta neblina, a veces parecen incluso ligeramente azules. <\/p>\n<p>Luego, su <strong>forma claramente c\u00f3nica y compacta<\/strong> har\u00e1 de este con\u00edfero de <strong>crecimiento muy lento<\/strong> un <strong>elemento estructural<\/strong> de su jard\u00edn.<\/p>\n<p>Finalmente, este abeto de Corea deleitar\u00e1 a los aficionados al <strong>bons\u00e1i<\/strong>, ya que se adapta perfectamente a ello.<\/p>\n<h2>\u00bfC\u00f3mo plantar y cuidar el ABIES koreana &#8216;Blue Emperor&#8217;?<\/h2>\n<h3>Plantaci\u00f3n <br \/><\/h3>\n<p>Para garantizar el perfecto desarrollo de esta maravillosa planta, respete los siguientes puntos:<\/p>\n<ol>\n<li>Elija un lugar a <strong>pleno sol<\/strong> para optimizar el efecto azul de las agujas.<\/li>\n<li>El suelo puede ser <strong>h\u00famedo, medio o seco<\/strong>.<\/li>\n<li>La planta acepta suelos <strong>ligeros, normales o pesados<\/strong> con un <strong>pH \u00e1cido, neutro o calc\u00e1reo<\/strong>.<\/li>\n<li>Este peque\u00f1o con\u00edfero prospera en <strong>maceta, parterre o rocalla<\/strong>.<\/li>\n<li>Para una buena preparaci\u00f3n del hoyo de plantaci\u00f3n, hemos dise\u00f1ado <a href=\"https:\/\/www.vallonchene.fr\/comment-planter-et-entretenir-des-vegetaux\/comment-planter-et-entretenir-arbres-arbustes-et-coniferes\/\" target=\"_blank\" rel=\"noreferrer noopener\"><strong>instrucciones espec\u00edficas disponibles aqu\u00ed<\/strong><\/a>.<\/li>\n<\/ol>\n<h3>Cuidado <br \/><\/h3>\n<p>Aunque el ABIES koreana &#8216;Blue Emperor&#8217; se clasifica en la categor\u00eda de f\u00e1cil mantenimiento, es importante seguir el riego durante los dos primeros a\u00f1os. Una vez bien establecido, no requerir\u00e1 cuidados particulares. <\/p>\n<p>Le invitamos a consultar tambi\u00e9n <a href=\"https:\/\/www.vallonchene.fr\/comment-bien-arroser-le-jardin-et-economiser-leau\/\"><strong>nuestros consejos sobre c\u00f3mo regar correctamente y ahorrar agua aqu\u00ed<\/strong><\/a>.<\/p>\n<h2>Historia y Origen<\/h2>\n<p>Aunque el ABIES koreana &#8216;Blue Emperor&#8217; se clasifica en la categor\u00eda de f\u00e1cil mantenimiento, es importante seguir el riego durante los dos primeros a\u00f1os. Una vez bien establecido, no requerir\u00e1 cuidados particulares. <\/p>\n<p>Los criadores se dedicaron a la propagaci\u00f3n y el desarrollo de cultivares con caracter\u00edsticas mejoradas. As\u00ed, en un contexto de mejora continua, naci\u00f3 el ABIES koreana &#8216;Blue Emperor&#8217;. <\/p>\n<p>Finalmente, puede considerarse como uno de los mejores cultivares. Su excelente robustez, combinada con su innegable atractivo visual, lo convierten en un con\u00edfero excepcional para cualquier jard\u00edn. <\/p>\n<p>&nbsp;<\/p>\n","protected":false},"excerpt":{"rendered":"<p>Este <strong>abeto de Corea<\/strong> crece lentamente. El <strong>ABIES koreana &#8216;Blue Emperor&#8217;<\/strong> desarrolla magn\u00edficos conos azules en primavera y crece en forma c\u00f3nica. Es resistente y tambi\u00e9n adecuado para bons\u00e1is, rocallas y jardines peque\u00f1os. Soporta bien el viento fuerte.   <\/p>\n","protected":false},"featured_media":53289,"comment_status":"open","ping_status":"closed","template":"","meta":[],"product_brand":[],"product_cat":[11502],"product_tag":[11876,11874,11875],"class_list":{"0":"post-53311","1":"product","2":"type-product","3":"status-publish","4":"has-post-thumbnail","6":"product_cat-coniferas","7":"product_tag-abeto-de-corea","8":"product_tag-abies-es","9":"product_tag-abies-koreana-es","10":"pa_99-hauteurapproximativeapres1-1_00-a-1_50-m","11":"pa_couleurdesfruits-azul","12":"pa_couleurdufeuillage-azul","13":"pa_exigencesenhumidite-moderadamente-humedo-a-humedo","14":"pa_exigencesenhumidite-promedio","15":"pa_exigencesenhumidite-seco","16":"pa_expositionspossibles-pleno-sol-de-12-a-17-min","17":"pa_hauteurlivree-25-a-30-cm-es","18":"pa_hauteurlivree-30-a-40-cm-es","19":"pa_hauteurlivree-40-a-50-cm-es","20":"pa_interetauprintemps-conos","21":"pa_interetauprintemps-follaje","22":"pa_interetauprintemps-habitus","23":"pa_interetenautomne-conos","24":"pa_interetenautomne-follaje","25":"pa_interetenautomne-habitus","26":"pa_interetenete-conos","27":"pa_interetenete-follaje","28":"pa_interetenete-habitus","29":"pa_interetenhiver-conos","30":"pa_interetenhiver-follaje","31":"pa_interetenhiver-habitus","32":"pa_naturedufeuillage-siempreverde","33":"pa_naturesdesolpossibles-ligero","34":"pa_naturesdesolpossibles-normal-es","35":"pa_naturesdesolpossibles-pesado","36":"pa_particularites-adecuado-para-bonsai","37":"pa_particularites-habitus","38":"pa_periodedetaille-febrero","39":"pa_periodedetaille-marzo","40":"pa_phdusolacceptable-acido-menos-de-6_5","41":"pa_phdusolacceptable-calcareo-mas-de-7_5","42":"pa_phdusolacceptable-neutro-entre-6_5-y-7_5","43":"pa_portgraphisme-conico","44":"pa_resistanceaufroidrusticite-resistente-por-debajo-de-menos-20-c","45":"pa_tailledepot-maceta-de-10-litros","46":"pa_tailledepot-maceta-de-15-litros","47":"pa_tailledepot-maceta-de-7_5-litros","48":"pa_utilisationpossible-arriate","49":"pa_utilisationpossible-contenedor-o-olla","51":"first","52":"instock","53":"taxable","54":"shipping-taxable","55":"purchasable","56":"product-type-variable","57":"has-default-attributes"},"supplier_id":null,"supplier_sku":"","barcode":null,"atum_controlled":true,"out_stock_date":null,"out_stock_threshold":null,"inheritable":true,"inbound_stock":0,"stock_on_hold":1,"sold_today":0,"sales_last_days":0,"reserved_stock":0,"customer_returns":0,"warehouse_damage":0,"lost_in_post":0,"other_logs":0,"out_stock_days":null,"lost_sales":0,"has_location":false,"update_date":"2026-04-26T13:07:44","atum_locations":[],"atum_stock_status":"instock","restock_status":false,"low_stock_amount":"","sales_update_date":"2024-09-15T13:47:18","calc_backorders":null,"yoast_head":"<!-- This site is optimized with the Yoast SEO Premium plugin v27.4 (Yoast SEO v27.4) - https:\/\/yoast.com\/product\/yoast-seo-premium-wordpress\/ -->\n<title>ABIES koreana &#039;Blue Emperor&#039; - abeto de Corea<\/title>\n<meta name=\"description\" content=\"Este abeto de Corea crece lentamente. El ABIES koreana &#039;Blue Emperor&#039; desarrolla magn\u00edficos conos azules en primavera y crece en forma c\u00f3nica.\" \/>\n<meta name=\"robots\" content=\"index, follow, max-snippet:-1, max-image-preview:large, max-video-preview:-1\" \/>\n<link rel=\"canonical\" href=\"https:\/\/www.vallonchene.fr\/es\/producto\/abies-koreana-blue-emperor\/\" \/>\n<meta property=\"og:locale\" content=\"es_ES\" \/>\n<meta property=\"og:type\" content=\"article\" \/>\n<meta property=\"og:title\" content=\"ABIES koreana &#039;Blue Emperor&#039;\" \/>\n<meta property=\"og:description\" content=\"Este abeto de Corea crece lentamente. El ABIES koreana &#039;Blue Emperor&#039; desarrolla magn\u00edficos conos azules en primavera y crece en forma c\u00f3nica.\" \/>\n<meta property=\"og:url\" content=\"https:\/\/www.vallonchene.fr\/es\/producto\/abies-koreana-blue-emperor\/\" \/>\n<meta property=\"og:site_name\" content=\"Vallonch\u00eane\" \/>\n<meta property=\"article:publisher\" content=\"https:\/\/www.facebook.com\/vallonchene.fr\" \/>\n<meta property=\"article:modified_time\" content=\"2025-04-23T07:23:42+00:00\" \/>\n<meta property=\"og:image\" content=\"https:\/\/www.vallonchene.fr\/wp-content\/uploads\/2025\/03\/ABIES-koreana-Blue-Emperor_02.webp\" \/>\n\t<meta property=\"og:image:width\" content=\"1200\" \/>\n\t<meta property=\"og:image:height\" content=\"1200\" \/>\n\t<meta property=\"og:image:type\" content=\"image\/webp\" \/>\n<meta name=\"twitter:card\" content=\"summary_large_image\" \/>\n<meta name=\"twitter:label1\" content=\"Disponibilidad\" \/>\n\t<meta name=\"twitter:data1\" content=\"En stock\" \/>\n<script type=\"application\/ld+json\" class=\"yoast-schema-graph\">{\"@context\":\"https:\\\/\\\/schema.org\",\"@graph\":[{\"@type\":\"WebPage\",\"@id\":\"https:\\\/\\\/www.vallonchene.fr\\\/es\\\/producto\\\/abies-koreana-blue-emperor\\\/\",\"url\":\"https:\\\/\\\/www.vallonchene.fr\\\/es\\\/producto\\\/abies-koreana-blue-emperor\\\/\",\"name\":\"ABIES koreana 'Blue Emperor' - abeto de Corea\",\"isPartOf\":{\"@id\":\"https:\\\/\\\/www.vallonchene.fr\\\/es\\\/#website\"},\"primaryImageOfPage\":{\"@id\":\"https:\\\/\\\/www.vallonchene.fr\\\/es\\\/producto\\\/abies-koreana-blue-emperor\\\/#primaryimage\"},\"image\":{\"@id\":\"https:\\\/\\\/www.vallonchene.fr\\\/es\\\/producto\\\/abies-koreana-blue-emperor\\\/#primaryimage\"},\"thumbnailUrl\":\"https:\\\/\\\/www.vallonchene.fr\\\/wp-content\\\/uploads\\\/2025\\\/03\\\/ABIES-koreana-Blue-Emperor_02.webp\",\"datePublished\":\"2021-08-31T09:38:47+00:00\",\"dateModified\":\"2025-04-23T07:23:42+00:00\",\"description\":\"Este abeto de Corea crece lentamente. El ABIES koreana 'Blue Emperor' desarrolla magn\u00edficos conos azules en primavera y crece en forma c\u00f3nica.\",\"breadcrumb\":{\"@id\":\"https:\\\/\\\/www.vallonchene.fr\\\/es\\\/producto\\\/abies-koreana-blue-emperor\\\/#breadcrumb\"},\"inLanguage\":\"es\",\"potentialAction\":[{\"@type\":\"ReadAction\",\"target\":[\"https:\\\/\\\/www.vallonchene.fr\\\/es\\\/producto\\\/abies-koreana-blue-emperor\\\/\"]}]},{\"@type\":\"ImageObject\",\"inLanguage\":\"es\",\"@id\":\"https:\\\/\\\/www.vallonchene.fr\\\/es\\\/producto\\\/abies-koreana-blue-emperor\\\/#primaryimage\",\"url\":\"https:\\\/\\\/www.vallonchene.fr\\\/wp-content\\\/uploads\\\/2025\\\/03\\\/ABIES-koreana-Blue-Emperor_02.webp\",\"contentUrl\":\"https:\\\/\\\/www.vallonchene.fr\\\/wp-content\\\/uploads\\\/2025\\\/03\\\/ABIES-koreana-Blue-Emperor_02.webp\",\"width\":1200,\"height\":1200,\"caption\":\"Primer plano de los conos azules de ABIES koreana \u2018Blue Emperor\u2019\"},{\"@type\":\"BreadcrumbList\",\"@id\":\"https:\\\/\\\/www.vallonchene.fr\\\/es\\\/producto\\\/abies-koreana-blue-emperor\\\/#breadcrumb\",\"itemListElement\":[{\"@type\":\"ListItem\",\"position\":1,\"name\":\"Home\",\"item\":\"https:\\\/\\\/www.vallonchene.fr\\\/es\\\/\"},{\"@type\":\"ListItem\",\"position\":2,\"name\":\"Tienda\",\"item\":\"https:\\\/\\\/www.vallonchene.fr\\\/tienda\\\/\"},{\"@type\":\"ListItem\",\"position\":3,\"name\":\"ABIES koreana &#8216;Blue Emperor&#8217;\"}]},{\"@type\":\"WebSite\",\"@id\":\"https:\\\/\\\/www.vallonchene.fr\\\/es\\\/#website\",\"url\":\"https:\\\/\\\/www.vallonchene.fr\\\/es\\\/\",\"name\":\"Vallonch\u00eane\",\"description\":\"El vivero donde la calidad tiene sus ra\u00edces \u2013 Tel.: +33 (0)2.35.90.02.02\",\"publisher\":{\"@id\":\"https:\\\/\\\/www.vallonchene.fr\\\/es\\\/#organization\"},\"potentialAction\":[{\"@type\":\"SearchAction\",\"target\":{\"@type\":\"EntryPoint\",\"urlTemplate\":\"https:\\\/\\\/www.vallonchene.fr\\\/es\\\/?s={search_term_string}\"},\"query-input\":{\"@type\":\"PropertyValueSpecification\",\"valueRequired\":true,\"valueName\":\"search_term_string\"}}],\"inLanguage\":\"es\"},{\"@type\":\"Organization\",\"@id\":\"https:\\\/\\\/www.vallonchene.fr\\\/es\\\/#organization\",\"name\":\"VALLONCHENE\",\"url\":\"https:\\\/\\\/www.vallonchene.fr\\\/es\\\/\",\"logo\":{\"@type\":\"ImageObject\",\"inLanguage\":\"es\",\"@id\":\"https:\\\/\\\/www.vallonchene.fr\\\/es\\\/#\\\/schema\\\/logo\\\/image\\\/\",\"url\":\"https:\\\/\\\/www.vallonchene.fr\\\/wp-content\\\/uploads\\\/2023\\\/03\\\/Logo-Vallonchene-site-et-R_hauteur_100.png\",\"contentUrl\":\"https:\\\/\\\/www.vallonchene.fr\\\/wp-content\\\/uploads\\\/2023\\\/03\\\/Logo-Vallonchene-site-et-R_hauteur_100.png\",\"width\":221,\"height\":100,\"caption\":\"VALLONCHENE\"},\"image\":{\"@id\":\"https:\\\/\\\/www.vallonchene.fr\\\/es\\\/#\\\/schema\\\/logo\\\/image\\\/\"},\"sameAs\":[\"https:\\\/\\\/www.facebook.com\\\/vallonchene.fr\",\"https:\\\/\\\/www.instagram.com\\\/vallonchene\\\/\",\"https:\\\/\\\/www.pinterest.fr\\\/vallonchene\\\/\"],\"taxID\":\"49454502300017\",\"hasMerchantReturnPolicy\":{\"@type\":\"MerchantReturnPolicy\",\"merchantReturnLink\":\"https:\\\/\\\/www.vallonchene.fr\\\/remboursements_retours\\\/\"}}]}<\/script>\n<meta property=\"og:availability\" content=\"instock\" \/>\n<meta property=\"product:availability\" content=\"instock\" \/>\n<meta property=\"product:retailer_item_id\" content=\"87469\" \/>\n<meta property=\"product:condition\" content=\"new\" \/>\n<!-- \/ Yoast SEO Premium plugin. -->","yoast_head_json":{"title":"ABIES koreana 'Blue Emperor' - abeto de Corea","description":"Este abeto de Corea crece lentamente. El ABIES koreana 'Blue Emperor' desarrolla magn\u00edficos conos azules en primavera y crece en forma c\u00f3nica.","robots":{"index":"index","follow":"follow","max-snippet":"max-snippet:-1","max-image-preview":"max-image-preview:large","max-video-preview":"max-video-preview:-1"},"canonical":"https:\/\/www.vallonchene.fr\/es\/producto\/abies-koreana-blue-emperor\/","og_locale":"es_ES","og_type":"article","og_title":"ABIES koreana 'Blue Emperor'","og_description":"Este abeto de Corea crece lentamente. El ABIES koreana 'Blue Emperor' desarrolla magn\u00edficos conos azules en primavera y crece en forma c\u00f3nica.","og_url":"https:\/\/www.vallonchene.fr\/es\/producto\/abies-koreana-blue-emperor\/","og_site_name":"Vallonch\u00eane","article_publisher":"https:\/\/www.facebook.com\/vallonchene.fr","article_modified_time":"2025-04-23T07:23:42+00:00","og_image":[{"width":1200,"height":1200,"url":"https:\/\/www.vallonchene.fr\/wp-content\/uploads\/2025\/03\/ABIES-koreana-Blue-Emperor_02.webp","type":"image\/webp"}],"twitter_card":"summary_large_image","twitter_misc":{"Disponibilidad":"En stock"},"schema":{"@context":"https:\/\/schema.org","@graph":[{"@type":"WebPage","@id":"https:\/\/www.vallonchene.fr\/es\/producto\/abies-koreana-blue-emperor\/","url":"https:\/\/www.vallonchene.fr\/es\/producto\/abies-koreana-blue-emperor\/","name":"ABIES koreana 'Blue Emperor' - abeto de Corea","isPartOf":{"@id":"https:\/\/www.vallonchene.fr\/es\/#website"},"primaryImageOfPage":{"@id":"https:\/\/www.vallonchene.fr\/es\/producto\/abies-koreana-blue-emperor\/#primaryimage"},"image":{"@id":"https:\/\/www.vallonchene.fr\/es\/producto\/abies-koreana-blue-emperor\/#primaryimage"},"thumbnailUrl":"https:\/\/www.vallonchene.fr\/wp-content\/uploads\/2025\/03\/ABIES-koreana-Blue-Emperor_02.webp","datePublished":"2021-08-31T09:38:47+00:00","dateModified":"2025-04-23T07:23:42+00:00","description":"Este abeto de Corea crece lentamente. El ABIES koreana 'Blue Emperor' desarrolla magn\u00edficos conos azules en primavera y crece en forma c\u00f3nica.","breadcrumb":{"@id":"https:\/\/www.vallonchene.fr\/es\/producto\/abies-koreana-blue-emperor\/#breadcrumb"},"inLanguage":"es","potentialAction":[{"@type":"ReadAction","target":["https:\/\/www.vallonchene.fr\/es\/producto\/abies-koreana-blue-emperor\/"]}]},{"@type":"ImageObject","inLanguage":"es","@id":"https:\/\/www.vallonchene.fr\/es\/producto\/abies-koreana-blue-emperor\/#primaryimage","url":"https:\/\/www.vallonchene.fr\/wp-content\/uploads\/2025\/03\/ABIES-koreana-Blue-Emperor_02.webp","contentUrl":"https:\/\/www.vallonchene.fr\/wp-content\/uploads\/2025\/03\/ABIES-koreana-Blue-Emperor_02.webp","width":1200,"height":1200,"caption":"Primer plano de los conos azules de ABIES koreana \u2018Blue Emperor\u2019"},{"@type":"BreadcrumbList","@id":"https:\/\/www.vallonchene.fr\/es\/producto\/abies-koreana-blue-emperor\/#breadcrumb","itemListElement":[{"@type":"ListItem","position":1,"name":"Home","item":"https:\/\/www.vallonchene.fr\/es\/"},{"@type":"ListItem","position":2,"name":"Tienda","item":"https:\/\/www.vallonchene.fr\/tienda\/"},{"@type":"ListItem","position":3,"name":"ABIES koreana &#8216;Blue Emperor&#8217;"}]},{"@type":"WebSite","@id":"https:\/\/www.vallonchene.fr\/es\/#website","url":"https:\/\/www.vallonchene.fr\/es\/","name":"Vallonch\u00eane","description":"El vivero donde la calidad tiene sus ra\u00edces \u2013 Tel.: +33 (0)2.35.90.02.02","publisher":{"@id":"https:\/\/www.vallonchene.fr\/es\/#organization"},"potentialAction":[{"@type":"SearchAction","target":{"@type":"EntryPoint","urlTemplate":"https:\/\/www.vallonchene.fr\/es\/?s={search_term_string}"},"query-input":{"@type":"PropertyValueSpecification","valueRequired":true,"valueName":"search_term_string"}}],"inLanguage":"es"},{"@type":"Organization","@id":"https:\/\/www.vallonchene.fr\/es\/#organization","name":"VALLONCHENE","url":"https:\/\/www.vallonchene.fr\/es\/","logo":{"@type":"ImageObject","inLanguage":"es","@id":"https:\/\/www.vallonchene.fr\/es\/#\/schema\/logo\/image\/","url":"https:\/\/www.vallonchene.fr\/wp-content\/uploads\/2023\/03\/Logo-Vallonchene-site-et-R_hauteur_100.png","contentUrl":"https:\/\/www.vallonchene.fr\/wp-content\/uploads\/2023\/03\/Logo-Vallonchene-site-et-R_hauteur_100.png","width":221,"height":100,"caption":"VALLONCHENE"},"image":{"@id":"https:\/\/www.vallonchene.fr\/es\/#\/schema\/logo\/image\/"},"sameAs":["https:\/\/www.facebook.com\/vallonchene.fr","https:\/\/www.instagram.com\/vallonchene\/","https:\/\/www.pinterest.fr\/vallonchene\/"],"taxID":"49454502300017","hasMerchantReturnPolicy":{"@type":"MerchantReturnPolicy","merchantReturnLink":"https:\/\/www.vallonchene.fr\/remboursements_retours\/"}}]},"og_availability":"instock","product_availability":"instock","product_retailer_item_id":"87469","product_condition":"new"},"_links":{"self":[{"href":"https:\/\/www.vallonchene.fr\/es\/wp-json\/wp\/v2\/product\/53311","targetHints":{"allow":["GET"]}}],"collection":[{"href":"https:\/\/www.vallonchene.fr\/es\/wp-json\/wp\/v2\/product"}],"about":[{"href":"https:\/\/www.vallonchene.fr\/es\/wp-json\/wp\/v2\/types\/product"}],"replies":[{"embeddable":true,"href":"https:\/\/www.vallonchene.fr\/es\/wp-json\/wp\/v2\/comments?post=53311"}],"wp:featuredmedia":[{"embeddable":true,"href":"https:\/\/www.vallonchene.fr\/es\/wp-json\/wp\/v2\/media\/53289"}],"wp:attachment":[{"href":"https:\/\/www.vallonchene.fr\/es\/wp-json\/wp\/v2\/media?parent=53311"}],"wp:term":[{"taxonomy":"product_brand","embeddable":true,"href":"https:\/\/www.vallonchene.fr\/es\/wp-json\/wp\/v2\/product_brand?post=53311"},{"taxonomy":"product_cat","embeddable":true,"href":"https:\/\/www.vallonchene.fr\/es\/wp-json\/wp\/v2\/product_cat?post=53311"},{"taxonomy":"product_tag","embeddable":true,"href":"https:\/\/www.vallonchene.fr\/es\/wp-json\/wp\/v2\/product_tag?post=53311"}],"curies":[{"name":"wp","href":"https:\/\/api.w.org\/{rel}","templated":true}]}}