{"id":53204,"date":"2021-08-31T11:39:29","date_gmt":"2021-08-31T09:39:29","guid":{"rendered":"https:\/\/www.vallonchene.fr\/produit\/syringa-vulgaris-sensation\/"},"modified":"2021-08-31T11:39:29","modified_gmt":"2021-08-31T10:39:29","slug":"syringa-vulgaris-sensation","status":"publish","type":"product","link":"https:\/\/www.vallonchene.fr\/es\/producto\/syringa-vulgaris-sensation\/","title":{"rendered":"SYRINGA vulgaris &#8216;Sensation&#8217;"},"content":{"rendered":"<h2>La Planta<\/h2>\n<p>El <strong>SYRINGA vulgaris \u2018Sensation\u2019<\/strong> forma parte de los <strong>lilas comunes<\/strong>, aunque no tiene nada de verdaderamente com\u00fan. De hecho, sus <strong>flores de color malva bordeadas de blanco<\/strong> lo convierten en un arbusto muy original que no pasar\u00e1 desapercibido en su jard\u00edn.<br \/>\nSe trata de una <strong>mutaci\u00f3n natural que data de 1938<\/strong>.<br \/>\nPuede cortar las flores para sus ramos. Su <strong>maravilloso perfume<\/strong> perfumar\u00e1 su hogar.   <\/p>\n<p>Para ver todos los lilas disponibles actualmente en venta, <strong><a href=\"https:\/\/www.vallonchene.fr\/es\/?s=syringa&amp;post_type=product&amp;dgwt_wcas=1&amp;lang=fr&amp;filter_stock_status=instock\">haga clic aqu\u00ed<\/a><\/strong>.<\/p>\n<h2>\u00bfC\u00f3mo plantar el SYRINGA vulgaris &#8216;Sensation&#8217;?<\/h2>\n<p>Como la mayor\u00eda de los lilas, este <strong>resiste pr\u00e1cticamente a todas las condiciones<\/strong>, ya sea fr\u00edo, calor o suelos de calidad mediocre.<br \/>\nPl\u00e1ntelo a <strong>pleno sol<\/strong> para que florezca en abril\/mayo.<br \/>\nEste lila pertenece a las plantas favoritas tanto de aficionados como de jardineros experimentados.<\/p>\n<p><strong>Consejo<\/strong>: Para una floraci\u00f3n a\u00fan m\u00e1s intensa el pr\u00f3ximo a\u00f1o, corte las flores marchitas.<\/p>\n<p>Para una preparaci\u00f3n \u00f3ptima del contenedor o del hoyo de plantaci\u00f3n, hemos elaborado unas <a href=\"https:\/\/www.vallonchene.fr\/comment-planter-et-entretenir-des-vegetaux\/\" target=\"_blank\" rel=\"noreferrer noopener\"><strong>instrucciones detalladas que puede consultar aqu\u00ed<\/strong><\/a>. Le invitamos a consultar tambi\u00e9n <a href=\"https:\/\/www.vallonchene.fr\/comment-bien-arroser-le-jardin-et-economiser-leau\/\"><strong>nuestros consejos sobre c\u00f3mo regar correctamente y ahorrar agua aqu\u00ed<\/strong><\/a>.<\/p>\n<h2>Historia y Origen<\/h2>\n<p>Los lilas (S. vulgaris y S. x persica) fueron introducidos en los jardines europeos desde los jardines otomanos a finales del siglo XVI. En las colonias americanas (EE. UU.), los lilas se introdujeron en el siglo XVIII. <\/p>\n<p>Los lilas se consideran naturalizados en el oeste y norte de Europa. En los Estados Unidos, el estado de <strong><a href=\"https:\/\/fr.wikipedia.org\/wiki\/New_Hampshire\" target=\"_blank\" rel=\"noopener\">New Hampshire<\/a><\/strong> incluso los ha declarado su flor estatal. <\/p>\n<p>Los aficionados al bons\u00e1i est\u00e1n adoptando cada vez m\u00e1s estas magn\u00edficas plantas por sus hermosas flores y su dise\u00f1o natural en forma de varios troncos.<\/p>\n<p>Muchas variedades de lilas incluso han recibido las prestigiosas distinciones (<strong><a href=\"https:\/\/fr.wikipedia.org\/wiki\/Award_of_Garden_Merit\" target=\"_blank\" rel=\"noopener\">Award of Garden Merit<\/a><\/strong>) de la RHS (<strong><a href=\"https:\/\/fr.wikipedia.org\/wiki\/Royal_Horticultural_Society\" target=\"_blank\" rel=\"noopener\">Royal Horticultural Society<\/a><\/strong>) en el Reino Unido.<\/p>\n","protected":false},"excerpt":{"rendered":"<p>Este <strong>lila<\/strong> es bicolor y perfectamente resistente. Las flores del <strong>SYRINGA vulgaris &#8216;Sensation&#8217;<\/strong> son muy fragantes. Es una planta robusta y f\u00e1cil de cultivar.  <\/p>\n","protected":false},"featured_media":53205,"comment_status":"open","ping_status":"closed","template":"","meta":[],"product_brand":[],"product_cat":[11499],"product_tag":[12536,12534,12535],"class_list":{"0":"post-53204","1":"product","2":"type-product","3":"status-publish","4":"has-post-thumbnail","6":"product_cat-arbustos-y-arboles","7":"product_tag-lila-comun-bicolor","8":"product_tag-syringa-es","9":"product_tag-syringa-vulgaris-es","10":"pa_99-hauteurapproximativeapres1-1-00-a-1-50-m","11":"pa_couleurdesfleurs-blanca","12":"pa_couleurdesfleurs-morada","13":"pa_couleurdufeuillage-verde","14":"pa_exigencesenhumidite-moderadamente-humedo-a-humedo","15":"pa_exigencesenhumidite-promedio","16":"pa_exigencesenhumidite-seco","17":"pa_expositionspossibles-pleno-sol-de-12-a-17-min","18":"pa_hauteurlivree-100-a-125-cm","19":"pa_hauteurlivree-40-a-50-cm-es","20":"pa_hauteurlivree-50-a-60-cm-es","21":"pa_hauteurlivree-60-a-80-cm-es","22":"pa_interetauprintemps-aroma","23":"pa_interetauprintemps-flores","24":"pa_interetauprintemps-follaje","25":"pa_interetenautomne-follaje","26":"pa_interetenete-follaje","27":"pa_naturedufeuillage-caduco","28":"pa_naturesdesolpossibles-ligero","29":"pa_naturesdesolpossibles-normal-es","30":"pa_naturesdesolpossibles-pesado","31":"pa_particularites-flores-para-cortar","32":"pa_particularites-fragrante","33":"pa_periodedefloraison-primavera","34":"pa_periodedetaille-junio","35":"pa_phdusolacceptable-acido-menos-de-6_5","36":"pa_phdusolacceptable-calcareo-mas-de-7_5","37":"pa_phdusolacceptable-neutro-entre-6_5-y-7_5","38":"pa_portgraphisme-oval","39":"pa_resistanceaufroidrusticite-resistente-por-debajo-de-menos-20-c","40":"pa_tailledepot-maceta-de-2-litros","41":"pa_tailledepot-maceta-de-4-litros","42":"pa_tailledepot-maceta-de-5-litros","43":"pa_tailledepot-maceta-de-7_5-litros","44":"pa_utilisationpossible-arriate","45":"pa_utilisationpossible-cerca-viva","46":"pa_utilisationpossible-contenedor-o-olla","48":"first","49":"instock","50":"taxable","51":"shipping-taxable","52":"purchasable","53":"product-type-variable","54":"has-default-attributes"},"supplier_id":null,"supplier_sku":"","barcode":null,"atum_controlled":true,"out_stock_date":null,"out_stock_threshold":null,"inheritable":true,"inbound_stock":0,"stock_on_hold":1,"sold_today":0,"sales_last_days":0,"reserved_stock":0,"customer_returns":0,"warehouse_damage":0,"lost_in_post":0,"other_logs":0,"out_stock_days":null,"lost_sales":0,"has_location":false,"update_date":"2026-04-22T12:14:41","atum_locations":[],"atum_stock_status":"instock","restock_status":false,"low_stock_amount":"","sales_update_date":"2024-06-08T12:11:11","calc_backorders":null,"yoast_head":"<!-- This site is optimized with the Yoast SEO Premium plugin v27.5 (Yoast SEO v27.5) - https:\/\/yoast.com\/product\/yoast-seo-premium-wordpress\/ -->\n<title>SYRINGA vulgaris &#039;Sensation&#039; - Lila com\u00fan bicolor<\/title>\n<meta name=\"description\" content=\"Este lila com\u00fan es bicolor y perfectamente resistente. Las flores del SYRINGA vulgaris &#039;Sensation&#039; son muy fragantes. Es una planta robusta y f\u00e1cil de cultivar.\" \/>\n<meta name=\"robots\" content=\"index, follow, max-snippet:-1, max-image-preview:large, max-video-preview:-1\" \/>\n<link rel=\"canonical\" href=\"https:\/\/www.vallonchene.fr\/es\/producto\/syringa-vulgaris-sensation\/\" \/>\n<meta property=\"og:locale\" content=\"es_ES\" \/>\n<meta property=\"og:type\" content=\"article\" \/>\n<meta property=\"og:title\" content=\"SYRINGA vulgaris &#039;Sensation&#039;\" \/>\n<meta property=\"og:description\" content=\"Este lila com\u00fan es bicolor y perfectamente resistente. Las flores del SYRINGA vulgaris &#039;Sensation&#039; son muy fragantes. Es una planta robusta y f\u00e1cil de cultivar.\" \/>\n<meta property=\"og:url\" content=\"https:\/\/www.vallonchene.fr\/es\/producto\/syringa-vulgaris-sensation\/\" \/>\n<meta property=\"og:site_name\" content=\"Vallonch\u00eane\" \/>\n<meta property=\"article:publisher\" content=\"https:\/\/www.facebook.com\/vallonchene.fr\" \/>\n<meta property=\"article:modified_time\" content=\"2021-08-31T10:39:29+00:00\" \/>\n<meta property=\"og:image\" content=\"https:\/\/www.vallonchene.fr\/wp-content\/uploads\/2021\/08\/SYRINGA-vulgaris-Sensation.webp\" \/>\n\t<meta property=\"og:image:width\" content=\"1000\" \/>\n\t<meta property=\"og:image:height\" content=\"1000\" \/>\n\t<meta property=\"og:image:type\" content=\"image\/webp\" \/>\n<meta name=\"twitter:card\" content=\"summary_large_image\" \/>\n<meta name=\"twitter:label1\" content=\"Disponibilidad\" \/>\n\t<meta name=\"twitter:data1\" content=\"En stock\" \/>\n<script type=\"application\/ld+json\" class=\"yoast-schema-graph\">{\"@context\":\"https:\\\/\\\/schema.org\",\"@graph\":[{\"@type\":\"WebPage\",\"@id\":\"https:\\\/\\\/www.vallonchene.fr\\\/es\\\/producto\\\/syringa-vulgaris-sensation\\\/\",\"url\":\"https:\\\/\\\/www.vallonchene.fr\\\/es\\\/producto\\\/syringa-vulgaris-sensation\\\/\",\"name\":\"SYRINGA vulgaris 'Sensation' - Lila com\u00fan bicolor\",\"isPartOf\":{\"@id\":\"https:\\\/\\\/www.vallonchene.fr\\\/es\\\/#website\"},\"primaryImageOfPage\":{\"@id\":\"https:\\\/\\\/www.vallonchene.fr\\\/es\\\/producto\\\/syringa-vulgaris-sensation\\\/#primaryimage\"},\"image\":{\"@id\":\"https:\\\/\\\/www.vallonchene.fr\\\/es\\\/producto\\\/syringa-vulgaris-sensation\\\/#primaryimage\"},\"thumbnailUrl\":\"https:\\\/\\\/www.vallonchene.fr\\\/wp-content\\\/uploads\\\/2021\\\/08\\\/SYRINGA-vulgaris-Sensation.webp\",\"datePublished\":\"2021-08-31T09:39:29+00:00\",\"dateModified\":\"2021-08-31T10:39:29+00:00\",\"description\":\"Este lila com\u00fan es bicolor y perfectamente resistente. Las flores del SYRINGA vulgaris 'Sensation' son muy fragantes. Es una planta robusta y f\u00e1cil de cultivar.\",\"breadcrumb\":{\"@id\":\"https:\\\/\\\/www.vallonchene.fr\\\/es\\\/producto\\\/syringa-vulgaris-sensation\\\/#breadcrumb\"},\"inLanguage\":\"es\",\"potentialAction\":[{\"@type\":\"ReadAction\",\"target\":[\"https:\\\/\\\/www.vallonchene.fr\\\/es\\\/producto\\\/syringa-vulgaris-sensation\\\/\"]}]},{\"@type\":\"ImageObject\",\"inLanguage\":\"es\",\"@id\":\"https:\\\/\\\/www.vallonchene.fr\\\/es\\\/producto\\\/syringa-vulgaris-sensation\\\/#primaryimage\",\"url\":\"https:\\\/\\\/www.vallonchene.fr\\\/wp-content\\\/uploads\\\/2021\\\/08\\\/SYRINGA-vulgaris-Sensation.webp\",\"contentUrl\":\"https:\\\/\\\/www.vallonchene.fr\\\/wp-content\\\/uploads\\\/2021\\\/08\\\/SYRINGA-vulgaris-Sensation.webp\",\"width\":1000,\"height\":1000,\"caption\":\"Fleurs mauves margin\u00e9es de blancs du SYRINGA vulgaris 'Sensation'\"},{\"@type\":\"BreadcrumbList\",\"@id\":\"https:\\\/\\\/www.vallonchene.fr\\\/es\\\/producto\\\/syringa-vulgaris-sensation\\\/#breadcrumb\",\"itemListElement\":[{\"@type\":\"ListItem\",\"position\":1,\"name\":\"Home\",\"item\":\"https:\\\/\\\/www.vallonchene.fr\\\/es\\\/\"},{\"@type\":\"ListItem\",\"position\":2,\"name\":\"Tienda\",\"item\":\"https:\\\/\\\/www.vallonchene.fr\\\/tienda\\\/\"},{\"@type\":\"ListItem\",\"position\":3,\"name\":\"SYRINGA vulgaris &#8216;Sensation&#8217;\"}]},{\"@type\":\"WebSite\",\"@id\":\"https:\\\/\\\/www.vallonchene.fr\\\/es\\\/#website\",\"url\":\"https:\\\/\\\/www.vallonchene.fr\\\/es\\\/\",\"name\":\"Vallonch\u00eane\",\"description\":\"El vivero donde la calidad tiene sus ra\u00edces \u2013 Tel.: +33 (0)2.35.90.02.02\",\"publisher\":{\"@id\":\"https:\\\/\\\/www.vallonchene.fr\\\/es\\\/#organization\"},\"potentialAction\":[{\"@type\":\"SearchAction\",\"target\":{\"@type\":\"EntryPoint\",\"urlTemplate\":\"https:\\\/\\\/www.vallonchene.fr\\\/es\\\/?s={search_term_string}\"},\"query-input\":{\"@type\":\"PropertyValueSpecification\",\"valueRequired\":true,\"valueName\":\"search_term_string\"}}],\"inLanguage\":\"es\"},{\"@type\":\"Organization\",\"@id\":\"https:\\\/\\\/www.vallonchene.fr\\\/es\\\/#organization\",\"name\":\"VALLONCHENE\",\"url\":\"https:\\\/\\\/www.vallonchene.fr\\\/es\\\/\",\"logo\":{\"@type\":\"ImageObject\",\"inLanguage\":\"es\",\"@id\":\"https:\\\/\\\/www.vallonchene.fr\\\/es\\\/#\\\/schema\\\/logo\\\/image\\\/\",\"url\":\"https:\\\/\\\/www.vallonchene.fr\\\/wp-content\\\/uploads\\\/2023\\\/03\\\/Logo-Vallonchene-site-et-R_hauteur_100.png\",\"contentUrl\":\"https:\\\/\\\/www.vallonchene.fr\\\/wp-content\\\/uploads\\\/2023\\\/03\\\/Logo-Vallonchene-site-et-R_hauteur_100.png\",\"width\":221,\"height\":100,\"caption\":\"VALLONCHENE\"},\"image\":{\"@id\":\"https:\\\/\\\/www.vallonchene.fr\\\/es\\\/#\\\/schema\\\/logo\\\/image\\\/\"},\"sameAs\":[\"https:\\\/\\\/www.facebook.com\\\/vallonchene.fr\",\"https:\\\/\\\/www.instagram.com\\\/vallonchene\\\/\",\"https:\\\/\\\/www.pinterest.fr\\\/vallonchene\\\/\"],\"taxID\":\"49454502300017\",\"hasMerchantReturnPolicy\":{\"@type\":\"MerchantReturnPolicy\",\"merchantReturnLink\":\"https:\\\/\\\/www.vallonchene.fr\\\/remboursements_retours\\\/\"}}]}<\/script>\n<meta property=\"og:availability\" content=\"instock\" \/>\n<meta property=\"product:availability\" content=\"instock\" \/>\n<meta property=\"product:retailer_item_id\" content=\"92574\" \/>\n<meta property=\"product:condition\" content=\"new\" \/>\n<!-- \/ Yoast SEO Premium plugin. -->","yoast_head_json":{"title":"SYRINGA vulgaris 'Sensation' - Lila com\u00fan bicolor","description":"Este lila com\u00fan es bicolor y perfectamente resistente. Las flores del SYRINGA vulgaris 'Sensation' son muy fragantes. Es una planta robusta y f\u00e1cil de cultivar.","robots":{"index":"index","follow":"follow","max-snippet":"max-snippet:-1","max-image-preview":"max-image-preview:large","max-video-preview":"max-video-preview:-1"},"canonical":"https:\/\/www.vallonchene.fr\/es\/producto\/syringa-vulgaris-sensation\/","og_locale":"es_ES","og_type":"article","og_title":"SYRINGA vulgaris 'Sensation'","og_description":"Este lila com\u00fan es bicolor y perfectamente resistente. Las flores del SYRINGA vulgaris 'Sensation' son muy fragantes. Es una planta robusta y f\u00e1cil de cultivar.","og_url":"https:\/\/www.vallonchene.fr\/es\/producto\/syringa-vulgaris-sensation\/","og_site_name":"Vallonch\u00eane","article_publisher":"https:\/\/www.facebook.com\/vallonchene.fr","article_modified_time":"2021-08-31T10:39:29+00:00","og_image":[{"width":1000,"height":1000,"url":"https:\/\/www.vallonchene.fr\/wp-content\/uploads\/2021\/08\/SYRINGA-vulgaris-Sensation.webp","type":"image\/webp"}],"twitter_card":"summary_large_image","twitter_misc":{"Disponibilidad":"En stock"},"schema":{"@context":"https:\/\/schema.org","@graph":[{"@type":"WebPage","@id":"https:\/\/www.vallonchene.fr\/es\/producto\/syringa-vulgaris-sensation\/","url":"https:\/\/www.vallonchene.fr\/es\/producto\/syringa-vulgaris-sensation\/","name":"SYRINGA vulgaris 'Sensation' - Lila com\u00fan bicolor","isPartOf":{"@id":"https:\/\/www.vallonchene.fr\/es\/#website"},"primaryImageOfPage":{"@id":"https:\/\/www.vallonchene.fr\/es\/producto\/syringa-vulgaris-sensation\/#primaryimage"},"image":{"@id":"https:\/\/www.vallonchene.fr\/es\/producto\/syringa-vulgaris-sensation\/#primaryimage"},"thumbnailUrl":"https:\/\/www.vallonchene.fr\/wp-content\/uploads\/2021\/08\/SYRINGA-vulgaris-Sensation.webp","datePublished":"2021-08-31T09:39:29+00:00","dateModified":"2021-08-31T10:39:29+00:00","description":"Este lila com\u00fan es bicolor y perfectamente resistente. Las flores del SYRINGA vulgaris 'Sensation' son muy fragantes. Es una planta robusta y f\u00e1cil de cultivar.","breadcrumb":{"@id":"https:\/\/www.vallonchene.fr\/es\/producto\/syringa-vulgaris-sensation\/#breadcrumb"},"inLanguage":"es","potentialAction":[{"@type":"ReadAction","target":["https:\/\/www.vallonchene.fr\/es\/producto\/syringa-vulgaris-sensation\/"]}]},{"@type":"ImageObject","inLanguage":"es","@id":"https:\/\/www.vallonchene.fr\/es\/producto\/syringa-vulgaris-sensation\/#primaryimage","url":"https:\/\/www.vallonchene.fr\/wp-content\/uploads\/2021\/08\/SYRINGA-vulgaris-Sensation.webp","contentUrl":"https:\/\/www.vallonchene.fr\/wp-content\/uploads\/2021\/08\/SYRINGA-vulgaris-Sensation.webp","width":1000,"height":1000,"caption":"Fleurs mauves margin\u00e9es de blancs du SYRINGA vulgaris 'Sensation'"},{"@type":"BreadcrumbList","@id":"https:\/\/www.vallonchene.fr\/es\/producto\/syringa-vulgaris-sensation\/#breadcrumb","itemListElement":[{"@type":"ListItem","position":1,"name":"Home","item":"https:\/\/www.vallonchene.fr\/es\/"},{"@type":"ListItem","position":2,"name":"Tienda","item":"https:\/\/www.vallonchene.fr\/tienda\/"},{"@type":"ListItem","position":3,"name":"SYRINGA vulgaris &#8216;Sensation&#8217;"}]},{"@type":"WebSite","@id":"https:\/\/www.vallonchene.fr\/es\/#website","url":"https:\/\/www.vallonchene.fr\/es\/","name":"Vallonch\u00eane","description":"El vivero donde la calidad tiene sus ra\u00edces \u2013 Tel.: +33 (0)2.35.90.02.02","publisher":{"@id":"https:\/\/www.vallonchene.fr\/es\/#organization"},"potentialAction":[{"@type":"SearchAction","target":{"@type":"EntryPoint","urlTemplate":"https:\/\/www.vallonchene.fr\/es\/?s={search_term_string}"},"query-input":{"@type":"PropertyValueSpecification","valueRequired":true,"valueName":"search_term_string"}}],"inLanguage":"es"},{"@type":"Organization","@id":"https:\/\/www.vallonchene.fr\/es\/#organization","name":"VALLONCHENE","url":"https:\/\/www.vallonchene.fr\/es\/","logo":{"@type":"ImageObject","inLanguage":"es","@id":"https:\/\/www.vallonchene.fr\/es\/#\/schema\/logo\/image\/","url":"https:\/\/www.vallonchene.fr\/wp-content\/uploads\/2023\/03\/Logo-Vallonchene-site-et-R_hauteur_100.png","contentUrl":"https:\/\/www.vallonchene.fr\/wp-content\/uploads\/2023\/03\/Logo-Vallonchene-site-et-R_hauteur_100.png","width":221,"height":100,"caption":"VALLONCHENE"},"image":{"@id":"https:\/\/www.vallonchene.fr\/es\/#\/schema\/logo\/image\/"},"sameAs":["https:\/\/www.facebook.com\/vallonchene.fr","https:\/\/www.instagram.com\/vallonchene\/","https:\/\/www.pinterest.fr\/vallonchene\/"],"taxID":"49454502300017","hasMerchantReturnPolicy":{"@type":"MerchantReturnPolicy","merchantReturnLink":"https:\/\/www.vallonchene.fr\/remboursements_retours\/"}}]},"og_availability":"instock","product_availability":"instock","product_retailer_item_id":"92574","product_condition":"new"},"_links":{"self":[{"href":"https:\/\/www.vallonchene.fr\/es\/wp-json\/wp\/v2\/product\/53204","targetHints":{"allow":["GET"]}}],"collection":[{"href":"https:\/\/www.vallonchene.fr\/es\/wp-json\/wp\/v2\/product"}],"about":[{"href":"https:\/\/www.vallonchene.fr\/es\/wp-json\/wp\/v2\/types\/product"}],"replies":[{"embeddable":true,"href":"https:\/\/www.vallonchene.fr\/es\/wp-json\/wp\/v2\/comments?post=53204"}],"wp:featuredmedia":[{"embeddable":true,"href":"https:\/\/www.vallonchene.fr\/es\/wp-json\/wp\/v2\/media\/53205"}],"wp:attachment":[{"href":"https:\/\/www.vallonchene.fr\/es\/wp-json\/wp\/v2\/media?parent=53204"}],"wp:term":[{"taxonomy":"product_brand","embeddable":true,"href":"https:\/\/www.vallonchene.fr\/es\/wp-json\/wp\/v2\/product_brand?post=53204"},{"taxonomy":"product_cat","embeddable":true,"href":"https:\/\/www.vallonchene.fr\/es\/wp-json\/wp\/v2\/product_cat?post=53204"},{"taxonomy":"product_tag","embeddable":true,"href":"https:\/\/www.vallonchene.fr\/es\/wp-json\/wp\/v2\/product_tag?post=53204"}],"curies":[{"name":"wp","href":"https:\/\/api.w.org\/{rel}","templated":true}]}}