{"id":53113,"date":"2021-08-31T10:54:33","date_gmt":"2021-08-31T10:54:33","guid":{"rendered":"https:\/\/www.vallonchene.fr\/produit\/corylus-avellana-red-majestic\/"},"modified":"2021-08-31T10:54:33","modified_gmt":"2021-08-31T09:54:33","slug":"corylus-avellana-red-majestic","status":"publish","type":"product","link":"https:\/\/www.vallonchene.fr\/es\/producto\/corylus-avellana-red-majestic\/","title":{"rendered":"CORYLUS avellana &#8216;Red Majestic&#8217;"},"content":{"rendered":"<p>Este <strong>avellano com\u00fan tortuoso<\/strong> tiene hojas rojas. La intensidad del color del <strong>CORYLUS avellana &#8216;Red Majestic&#8217;<\/strong> se acent\u00faa con el sol. Es decir, cuanto m\u00e1s sol reciba, m\u00e1s profundo ser\u00e1 el rojo. En invierno, es muy decorativo gracias a sus ramas torcidas, y cuando el ejemplar envejece, se adapta especialmente bien a la poda de transparencia. A principios de la primavera, antes de que aparezcan las hojas, sus largos amentos lo hacen atractivo. En ocasiones, produce avellanas comestibles, aunque estas son pocas.     <\/p>\n","protected":false},"excerpt":{"rendered":"<p>Este <strong>avellano com\u00fan tortuoso<\/strong> desarrolla un magn\u00edfico follaje de un rojo muy profundo. El <strong>CORYLUS avellana &#8216;Red Majestic&#8217;<\/strong> debe plantarse a pleno sol para obtener el color m\u00e1s intenso. <\/p>\n","protected":false},"featured_media":53114,"comment_status":"open","ping_status":"closed","template":"","meta":[],"product_brand":[],"product_cat":[11499,11493],"product_tag":[12477,12478],"class_list":{"0":"post-53113","1":"product","2":"type-product","3":"status-publish","4":"has-post-thumbnail","6":"product_cat-arbustos-y-arboles","7":"product_cat-venta-en-linea","8":"product_tag-corylus-es","9":"product_tag-corylus-avellana-es","10":"pa_99-hauteurapproximativeapres1-1-00-a-1-50-m","11":"pa_couleurdesfleurs-amarilla","12":"pa_couleurdufeuillage-roja","13":"pa_exigencesenhumidite-moderadamente-humedo-a-humedo","14":"pa_exigencesenhumidite-promedio","15":"pa_exigencesenhumidite-seco","16":"pa_expositionspossibles-pleno-sol-de-12-a-17-min","17":"pa_hauteurlivree-100-a-125-cm","18":"pa_hauteurlivree-125-a-150-cm-es","19":"pa_hauteurlivree-150-a-175-cm-es","20":"pa_hauteurlivree-175-a-200-cm-es","21":"pa_hauteurlivree-200-a-250-cm-es","22":"pa_hauteurlivree-25-a-30-cm-es","23":"pa_hauteurlivree-30-a-40-cm-es","24":"pa_hauteurlivree-350-a-400-cm-es","25":"pa_hauteurlivree-40-a-50-cm-es","26":"pa_hauteurlivree-40-a-60-cm-es","27":"pa_hauteurlivree-50-a-60-cm-es","28":"pa_hauteurlivree-60-a-80-cm-es","29":"pa_hauteurlivree-80-a-100-cm-es","30":"pa_interetauprintemps-flores","31":"pa_interetauprintemps-follaje","32":"pa_interetauprintemps-habitus","33":"pa_interetenautomne-follaje","34":"pa_interetenautomne-habitus","35":"pa_interetenete-follaje","36":"pa_interetenete-habitus","37":"pa_interetenhiver-habitus","38":"pa_naturedufeuillage-caduco","39":"pa_naturesdesolpossibles-ligero","40":"pa_naturesdesolpossibles-normal-es","41":"pa_naturesdesolpossibles-pesado","42":"pa_particularites-adecuado-para-bonsai","43":"pa_particularites-habitus","44":"pa_periodedefloraison-primavera","45":"pa_periodedetaille-marzo","46":"pa_phdusolacceptable-acido-menos-de-6_5","47":"pa_phdusolacceptable-calcareo-mas-de-7_5","48":"pa_phdusolacceptable-neutro-entre-6_5-y-7_5","49":"pa_portgraphisme-arbustivo-es","50":"pa_resistanceaufroidrusticite-resistente-por-debajo-de-menos-20-c","51":"pa_tailledepot-cepellon","52":"pa_tailledepot-maceta-de-1-litro","53":"pa_tailledepot-maceta-de-10-litros","54":"pa_tailledepot-maceta-de-12-litros","55":"pa_tailledepot-maceta-de-15-litros","56":"pa_tailledepot-maceta-de-2-litros","57":"pa_tailledepot-maceta-de-20-litros","58":"pa_tailledepot-maceta-de-3-litros","59":"pa_tailledepot-maceta-de-30-litros","60":"pa_tailledepot-maceta-de-4-litros","61":"pa_tailledepot-maceta-de-40-litros","62":"pa_tailledepot-maceta-de-45-litros","63":"pa_tailledepot-maceta-de-5-litros","64":"pa_tailledepot-maceta-de-7_5-litros","65":"pa_tailledepot-planta-joven-en-maceta-de-1-litro","66":"pa_utilisationpossible-arriate","67":"pa_utilisationpossible-cerca-viva","68":"pa_utilisationpossible-contenedor-o-olla","70":"first","71":"instock","72":"taxable","73":"shipping-taxable","74":"purchasable","75":"product-type-variable","76":"has-default-attributes"},"supplier_id":null,"supplier_sku":"","barcode":null,"atum_controlled":true,"out_stock_date":null,"out_stock_threshold":null,"inheritable":true,"inbound_stock":0,"stock_on_hold":1,"sold_today":0,"sales_last_days":0,"reserved_stock":0,"customer_returns":0,"warehouse_damage":0,"lost_in_post":0,"other_logs":0,"out_stock_days":null,"lost_sales":0,"has_location":false,"update_date":"2026-04-26T13:07:43","atum_locations":[],"atum_stock_status":"instock","restock_status":false,"low_stock_amount":"","sales_update_date":"2024-09-15T13:47:30","calc_backorders":null,"yoast_head":"<!-- This site is optimized with the Yoast SEO Premium plugin v27.5 (Yoast SEO v27.5) - https:\/\/yoast.com\/product\/yoast-seo-premium-wordpress\/ -->\n<title>CORYLUS avellana &#039;Red Majestic&#039; - avellano com\u00fan tortuoso rojo<\/title>\n<meta name=\"description\" content=\"Este avellano com\u00fan tortuoso tiene un magn\u00edfico follaje de un rojo muy profundo. El CORYLUS avellana &#039;Red Majestic&#039; debe plantarse a pleno sol para obtener un color intenso.\" \/>\n<meta name=\"robots\" content=\"index, follow, max-snippet:-1, max-image-preview:large, max-video-preview:-1\" \/>\n<link rel=\"canonical\" href=\"https:\/\/www.vallonchene.fr\/es\/producto\/corylus-avellana-red-majestic\/\" \/>\n<meta property=\"og:locale\" content=\"es_ES\" \/>\n<meta property=\"og:type\" content=\"article\" \/>\n<meta property=\"og:title\" content=\"CORYLUS avellana &#039;Red Majestic&#039;\" \/>\n<meta property=\"og:description\" content=\"Este avellano com\u00fan tortuoso tiene un magn\u00edfico follaje de un rojo muy profundo. El CORYLUS avellana &#039;Red Majestic&#039; debe plantarse a pleno sol para obtener un color intenso.\" \/>\n<meta property=\"og:url\" content=\"https:\/\/www.vallonchene.fr\/es\/producto\/corylus-avellana-red-majestic\/\" \/>\n<meta property=\"og:site_name\" content=\"Vallonch\u00eane\" \/>\n<meta property=\"article:publisher\" content=\"https:\/\/www.facebook.com\/vallonchene.fr\" \/>\n<meta property=\"og:image\" content=\"https:\/\/www.vallonchene.fr\/wp-content\/uploads\/2021\/08\/1132-c1d-CORYLUS-avellana-Red-Majestic-en-Avril.jpg\" \/>\n\t<meta property=\"og:image:width\" content=\"1600\" \/>\n\t<meta property=\"og:image:height\" content=\"1600\" \/>\n\t<meta property=\"og:image:type\" content=\"image\/jpeg\" \/>\n<meta name=\"twitter:card\" content=\"summary_large_image\" \/>\n<meta name=\"twitter:label1\" content=\"Disponibilidad\" \/>\n\t<meta name=\"twitter:data1\" content=\"En stock\" \/>\n<script type=\"application\/ld+json\" class=\"yoast-schema-graph\">{\"@context\":\"https:\\\/\\\/schema.org\",\"@graph\":[{\"@type\":\"WebPage\",\"@id\":\"https:\\\/\\\/www.vallonchene.fr\\\/es\\\/producto\\\/corylus-avellana-red-majestic\\\/\",\"url\":\"https:\\\/\\\/www.vallonchene.fr\\\/es\\\/producto\\\/corylus-avellana-red-majestic\\\/\",\"name\":\"CORYLUS avellana 'Red Majestic' - avellano com\u00fan tortuoso rojo\",\"isPartOf\":{\"@id\":\"https:\\\/\\\/www.vallonchene.fr\\\/es\\\/#website\"},\"primaryImageOfPage\":{\"@id\":\"https:\\\/\\\/www.vallonchene.fr\\\/es\\\/producto\\\/corylus-avellana-red-majestic\\\/#primaryimage\"},\"image\":{\"@id\":\"https:\\\/\\\/www.vallonchene.fr\\\/es\\\/producto\\\/corylus-avellana-red-majestic\\\/#primaryimage\"},\"thumbnailUrl\":\"https:\\\/\\\/www.vallonchene.fr\\\/wp-content\\\/uploads\\\/2021\\\/08\\\/1132-c1d-CORYLUS-avellana-Red-Majestic-en-Avril.jpg\",\"datePublished\":\"2021-08-31T10:54:33+00:00\",\"description\":\"Este avellano com\u00fan tortuoso tiene un magn\u00edfico follaje de un rojo muy profundo. El CORYLUS avellana 'Red Majestic' debe plantarse a pleno sol para obtener un color intenso.\",\"breadcrumb\":{\"@id\":\"https:\\\/\\\/www.vallonchene.fr\\\/es\\\/producto\\\/corylus-avellana-red-majestic\\\/#breadcrumb\"},\"inLanguage\":\"es\",\"potentialAction\":[{\"@type\":\"ReadAction\",\"target\":[\"https:\\\/\\\/www.vallonchene.fr\\\/es\\\/producto\\\/corylus-avellana-red-majestic\\\/\"]}]},{\"@type\":\"ImageObject\",\"inLanguage\":\"es\",\"@id\":\"https:\\\/\\\/www.vallonchene.fr\\\/es\\\/producto\\\/corylus-avellana-red-majestic\\\/#primaryimage\",\"url\":\"https:\\\/\\\/www.vallonchene.fr\\\/wp-content\\\/uploads\\\/2021\\\/08\\\/1132-c1d-CORYLUS-avellana-Red-Majestic-en-Avril.jpg\",\"contentUrl\":\"https:\\\/\\\/www.vallonchene.fr\\\/wp-content\\\/uploads\\\/2021\\\/08\\\/1132-c1d-CORYLUS-avellana-Red-Majestic-en-Avril.jpg\",\"width\":1600,\"height\":1600},{\"@type\":\"BreadcrumbList\",\"@id\":\"https:\\\/\\\/www.vallonchene.fr\\\/es\\\/producto\\\/corylus-avellana-red-majestic\\\/#breadcrumb\",\"itemListElement\":[{\"@type\":\"ListItem\",\"position\":1,\"name\":\"Home\",\"item\":\"https:\\\/\\\/www.vallonchene.fr\\\/es\\\/\"},{\"@type\":\"ListItem\",\"position\":2,\"name\":\"Tienda\",\"item\":\"https:\\\/\\\/www.vallonchene.fr\\\/tienda\\\/\"},{\"@type\":\"ListItem\",\"position\":3,\"name\":\"CORYLUS avellana &#8216;Red Majestic&#8217;\"}]},{\"@type\":\"WebSite\",\"@id\":\"https:\\\/\\\/www.vallonchene.fr\\\/es\\\/#website\",\"url\":\"https:\\\/\\\/www.vallonchene.fr\\\/es\\\/\",\"name\":\"Vallonch\u00eane\",\"description\":\"El vivero donde la calidad tiene sus ra\u00edces \u2013 Tel.: +33 (0)2.35.90.02.02\",\"publisher\":{\"@id\":\"https:\\\/\\\/www.vallonchene.fr\\\/es\\\/#organization\"},\"potentialAction\":[{\"@type\":\"SearchAction\",\"target\":{\"@type\":\"EntryPoint\",\"urlTemplate\":\"https:\\\/\\\/www.vallonchene.fr\\\/es\\\/?s={search_term_string}\"},\"query-input\":{\"@type\":\"PropertyValueSpecification\",\"valueRequired\":true,\"valueName\":\"search_term_string\"}}],\"inLanguage\":\"es\"},{\"@type\":\"Organization\",\"@id\":\"https:\\\/\\\/www.vallonchene.fr\\\/es\\\/#organization\",\"name\":\"VALLONCHENE\",\"url\":\"https:\\\/\\\/www.vallonchene.fr\\\/es\\\/\",\"logo\":{\"@type\":\"ImageObject\",\"inLanguage\":\"es\",\"@id\":\"https:\\\/\\\/www.vallonchene.fr\\\/es\\\/#\\\/schema\\\/logo\\\/image\\\/\",\"url\":\"https:\\\/\\\/www.vallonchene.fr\\\/wp-content\\\/uploads\\\/2023\\\/03\\\/Logo-Vallonchene-site-et-R_hauteur_100.png\",\"contentUrl\":\"https:\\\/\\\/www.vallonchene.fr\\\/wp-content\\\/uploads\\\/2023\\\/03\\\/Logo-Vallonchene-site-et-R_hauteur_100.png\",\"width\":221,\"height\":100,\"caption\":\"VALLONCHENE\"},\"image\":{\"@id\":\"https:\\\/\\\/www.vallonchene.fr\\\/es\\\/#\\\/schema\\\/logo\\\/image\\\/\"},\"sameAs\":[\"https:\\\/\\\/www.facebook.com\\\/vallonchene.fr\",\"https:\\\/\\\/www.instagram.com\\\/vallonchene\\\/\",\"https:\\\/\\\/www.pinterest.fr\\\/vallonchene\\\/\"],\"taxID\":\"49454502300017\",\"hasMerchantReturnPolicy\":{\"@type\":\"MerchantReturnPolicy\",\"merchantReturnLink\":\"https:\\\/\\\/www.vallonchene.fr\\\/remboursements_retours\\\/\"}}]}<\/script>\n<meta property=\"og:availability\" content=\"instock\" \/>\n<meta property=\"product:availability\" content=\"instock\" \/>\n<meta property=\"product:retailer_item_id\" content=\"64111\" \/>\n<meta property=\"product:condition\" content=\"new\" \/>\n<!-- \/ Yoast SEO Premium plugin. -->","yoast_head_json":{"title":"CORYLUS avellana 'Red Majestic' - avellano com\u00fan tortuoso rojo","description":"Este avellano com\u00fan tortuoso tiene un magn\u00edfico follaje de un rojo muy profundo. El CORYLUS avellana 'Red Majestic' debe plantarse a pleno sol para obtener un color intenso.","robots":{"index":"index","follow":"follow","max-snippet":"max-snippet:-1","max-image-preview":"max-image-preview:large","max-video-preview":"max-video-preview:-1"},"canonical":"https:\/\/www.vallonchene.fr\/es\/producto\/corylus-avellana-red-majestic\/","og_locale":"es_ES","og_type":"article","og_title":"CORYLUS avellana 'Red Majestic'","og_description":"Este avellano com\u00fan tortuoso tiene un magn\u00edfico follaje de un rojo muy profundo. El CORYLUS avellana 'Red Majestic' debe plantarse a pleno sol para obtener un color intenso.","og_url":"https:\/\/www.vallonchene.fr\/es\/producto\/corylus-avellana-red-majestic\/","og_site_name":"Vallonch\u00eane","article_publisher":"https:\/\/www.facebook.com\/vallonchene.fr","og_image":[{"width":1600,"height":1600,"url":"https:\/\/www.vallonchene.fr\/wp-content\/uploads\/2021\/08\/1132-c1d-CORYLUS-avellana-Red-Majestic-en-Avril.jpg","type":"image\/jpeg"}],"twitter_card":"summary_large_image","twitter_misc":{"Disponibilidad":"En stock"},"schema":{"@context":"https:\/\/schema.org","@graph":[{"@type":"WebPage","@id":"https:\/\/www.vallonchene.fr\/es\/producto\/corylus-avellana-red-majestic\/","url":"https:\/\/www.vallonchene.fr\/es\/producto\/corylus-avellana-red-majestic\/","name":"CORYLUS avellana 'Red Majestic' - avellano com\u00fan tortuoso rojo","isPartOf":{"@id":"https:\/\/www.vallonchene.fr\/es\/#website"},"primaryImageOfPage":{"@id":"https:\/\/www.vallonchene.fr\/es\/producto\/corylus-avellana-red-majestic\/#primaryimage"},"image":{"@id":"https:\/\/www.vallonchene.fr\/es\/producto\/corylus-avellana-red-majestic\/#primaryimage"},"thumbnailUrl":"https:\/\/www.vallonchene.fr\/wp-content\/uploads\/2021\/08\/1132-c1d-CORYLUS-avellana-Red-Majestic-en-Avril.jpg","datePublished":"2021-08-31T10:54:33+00:00","description":"Este avellano com\u00fan tortuoso tiene un magn\u00edfico follaje de un rojo muy profundo. El CORYLUS avellana 'Red Majestic' debe plantarse a pleno sol para obtener un color intenso.","breadcrumb":{"@id":"https:\/\/www.vallonchene.fr\/es\/producto\/corylus-avellana-red-majestic\/#breadcrumb"},"inLanguage":"es","potentialAction":[{"@type":"ReadAction","target":["https:\/\/www.vallonchene.fr\/es\/producto\/corylus-avellana-red-majestic\/"]}]},{"@type":"ImageObject","inLanguage":"es","@id":"https:\/\/www.vallonchene.fr\/es\/producto\/corylus-avellana-red-majestic\/#primaryimage","url":"https:\/\/www.vallonchene.fr\/wp-content\/uploads\/2021\/08\/1132-c1d-CORYLUS-avellana-Red-Majestic-en-Avril.jpg","contentUrl":"https:\/\/www.vallonchene.fr\/wp-content\/uploads\/2021\/08\/1132-c1d-CORYLUS-avellana-Red-Majestic-en-Avril.jpg","width":1600,"height":1600},{"@type":"BreadcrumbList","@id":"https:\/\/www.vallonchene.fr\/es\/producto\/corylus-avellana-red-majestic\/#breadcrumb","itemListElement":[{"@type":"ListItem","position":1,"name":"Home","item":"https:\/\/www.vallonchene.fr\/es\/"},{"@type":"ListItem","position":2,"name":"Tienda","item":"https:\/\/www.vallonchene.fr\/tienda\/"},{"@type":"ListItem","position":3,"name":"CORYLUS avellana &#8216;Red Majestic&#8217;"}]},{"@type":"WebSite","@id":"https:\/\/www.vallonchene.fr\/es\/#website","url":"https:\/\/www.vallonchene.fr\/es\/","name":"Vallonch\u00eane","description":"El vivero donde la calidad tiene sus ra\u00edces \u2013 Tel.: +33 (0)2.35.90.02.02","publisher":{"@id":"https:\/\/www.vallonchene.fr\/es\/#organization"},"potentialAction":[{"@type":"SearchAction","target":{"@type":"EntryPoint","urlTemplate":"https:\/\/www.vallonchene.fr\/es\/?s={search_term_string}"},"query-input":{"@type":"PropertyValueSpecification","valueRequired":true,"valueName":"search_term_string"}}],"inLanguage":"es"},{"@type":"Organization","@id":"https:\/\/www.vallonchene.fr\/es\/#organization","name":"VALLONCHENE","url":"https:\/\/www.vallonchene.fr\/es\/","logo":{"@type":"ImageObject","inLanguage":"es","@id":"https:\/\/www.vallonchene.fr\/es\/#\/schema\/logo\/image\/","url":"https:\/\/www.vallonchene.fr\/wp-content\/uploads\/2023\/03\/Logo-Vallonchene-site-et-R_hauteur_100.png","contentUrl":"https:\/\/www.vallonchene.fr\/wp-content\/uploads\/2023\/03\/Logo-Vallonchene-site-et-R_hauteur_100.png","width":221,"height":100,"caption":"VALLONCHENE"},"image":{"@id":"https:\/\/www.vallonchene.fr\/es\/#\/schema\/logo\/image\/"},"sameAs":["https:\/\/www.facebook.com\/vallonchene.fr","https:\/\/www.instagram.com\/vallonchene\/","https:\/\/www.pinterest.fr\/vallonchene\/"],"taxID":"49454502300017","hasMerchantReturnPolicy":{"@type":"MerchantReturnPolicy","merchantReturnLink":"https:\/\/www.vallonchene.fr\/remboursements_retours\/"}}]},"og_availability":"instock","product_availability":"instock","product_retailer_item_id":"64111","product_condition":"new"},"_links":{"self":[{"href":"https:\/\/www.vallonchene.fr\/es\/wp-json\/wp\/v2\/product\/53113","targetHints":{"allow":["GET"]}}],"collection":[{"href":"https:\/\/www.vallonchene.fr\/es\/wp-json\/wp\/v2\/product"}],"about":[{"href":"https:\/\/www.vallonchene.fr\/es\/wp-json\/wp\/v2\/types\/product"}],"replies":[{"embeddable":true,"href":"https:\/\/www.vallonchene.fr\/es\/wp-json\/wp\/v2\/comments?post=53113"}],"wp:featuredmedia":[{"embeddable":true,"href":"https:\/\/www.vallonchene.fr\/es\/wp-json\/wp\/v2\/media\/53114"}],"wp:attachment":[{"href":"https:\/\/www.vallonchene.fr\/es\/wp-json\/wp\/v2\/media?parent=53113"}],"wp:term":[{"taxonomy":"product_brand","embeddable":true,"href":"https:\/\/www.vallonchene.fr\/es\/wp-json\/wp\/v2\/product_brand?post=53113"},{"taxonomy":"product_cat","embeddable":true,"href":"https:\/\/www.vallonchene.fr\/es\/wp-json\/wp\/v2\/product_cat?post=53113"},{"taxonomy":"product_tag","embeddable":true,"href":"https:\/\/www.vallonchene.fr\/es\/wp-json\/wp\/v2\/product_tag?post=53113"}],"curies":[{"name":"wp","href":"https:\/\/api.w.org\/{rel}","templated":true}]}}