{"id":53004,"date":"2021-08-31T10:42:22","date_gmt":"2021-08-31T10:42:22","guid":{"rendered":"https:\/\/www.vallonchene.fr\/produit\/acer-palmatum-dissectum\/"},"modified":"2021-08-31T10:42:22","modified_gmt":"2021-08-31T09:42:22","slug":"acer-palmatum-dissectum","status":"publish","type":"product","link":"https:\/\/www.vallonchene.fr\/es\/producto\/acer-palmatum-dissectum\/","title":{"rendered":"ACER palmatum &#8216;Dissectum&#8217;"},"content":{"rendered":"","protected":false},"excerpt":{"rendered":"<p>Este <b>arce japon\u00e9s<\/b> crece lentamente. El follaje verde del <b>ACER palmatum &#8216;Dissectum&#8217;<\/b> est\u00e1 finamente disecado, lo que le da una apariencia muy elegante y delicada. En oto\u00f1o, adquiere hermosos colores.  <\/p>\n","protected":false},"featured_media":53005,"comment_status":"open","ping_status":"closed","template":"","meta":[],"product_brand":[],"product_cat":[11499,11831],"product_tag":[11855,12273,12438,12437,12439],"class_list":{"0":"post-53004","1":"product","2":"type-product","3":"status-publish","4":"has-post-thumbnail","6":"product_cat-arbustos-y-arboles","7":"product_cat-arces-japoneses","8":"product_tag-acer-es","9":"product_tag-acer-palmatum-es","10":"product_tag-acer-palmatum-dissectum-es","11":"product_tag-arce-japones","12":"product_tag-dissectum-es","13":"pa_99-hauteurapproximativeapres1-1_00-a-1_50-m","14":"pa_couleurdufeuillage-verde","15":"pa_exigencesenhumidite-moderadamente-humedo-a-humedo","16":"pa_exigencesenhumidite-promedio","17":"pa_exigencesenhumidite-seco","18":"pa_expositionspossibles-pleno-sol-de-12-a-17-min","19":"pa_expositionspossibles-sombra-sin-sol-directo","20":"pa_expositionspossibles-sombra-parcial-evitar-el-sol-de-12-a-17-horas","21":"pa_hauteurlivree-100-a-125-cm","22":"pa_hauteurlivree-125-a-150-cm-es","23":"pa_hauteurlivree-150-a-175-cm-es","24":"pa_hauteurlivree-30-a-40-cm-es","25":"pa_hauteurlivree-40-a-50-cm-es","26":"pa_hauteurlivree-50-a-60-cm-es","27":"pa_hauteurlivree-60-a-80-cm-es","28":"pa_hauteurlivree-70-a-80-cm-es","29":"pa_hauteurlivree-80-a-100-cm-es","30":"pa_interetauprintemps-brotes-jovenes","31":"pa_interetauprintemps-follaje","32":"pa_interetauprintemps-habitus","33":"pa_interetenautomne-follaje","34":"pa_interetenautomne-habitus","35":"pa_interetenete-follaje","36":"pa_interetenete-habitus","37":"pa_interetenhiver-habitus","38":"pa_naturedufeuillage-caduco","39":"pa_naturedufeuillage-laciniado","40":"pa_naturesdesolpossibles-ligero","41":"pa_naturesdesolpossibles-normal-es","42":"pa_particularites-adecuado-para-bonsai","43":"pa_particularites-habitus","44":"pa_periodedetaille-junio","45":"pa_phdusolacceptable-acido-menos-de-6_5","46":"pa_phdusolacceptable-neutro-entre-6_5-y-7_5","47":"pa_portgraphisme-globoso","48":"pa_resistanceaufroidrusticite-resistente-por-debajo-de-menos-20-c","49":"pa_tailledepot-maceta-de-10-litros","50":"pa_tailledepot-maceta-de-15-litros","51":"pa_tailledepot-maceta-de-25-litros","52":"pa_tailledepot-maceta-de-4-litros","53":"pa_tailledepot-maceta-de-7_5-litros","54":"pa_utilisationpossible-aislado","55":"pa_utilisationpossible-arriate","56":"pa_utilisationpossible-contenedor-o-olla","58":"first","59":"instock","60":"taxable","61":"shipping-taxable","62":"purchasable","63":"product-type-variable"},"supplier_id":null,"supplier_sku":"","barcode":null,"atum_controlled":true,"out_stock_date":null,"out_stock_threshold":null,"inheritable":true,"inbound_stock":0,"stock_on_hold":0,"sold_today":0,"sales_last_days":1,"reserved_stock":0,"customer_returns":null,"warehouse_damage":null,"lost_in_post":null,"other_logs":null,"out_stock_days":null,"lost_sales":0,"has_location":false,"update_date":"2025-12-05T15:31:49","atum_locations":[],"atum_stock_status":"instock","restock_status":false,"low_stock_amount":"","sales_update_date":null,"calc_backorders":null,"yoast_head":"<!-- This site is optimized with the Yoast SEO Premium plugin v27.5 (Yoast SEO v27.5) - https:\/\/yoast.com\/product\/yoast-seo-premium-wordpress\/ -->\n<title>ACER palmatum &#039;Dissectum&#039; - arce japon\u00e9s<\/title>\n<meta name=\"description\" content=\"Este arce japon\u00e9s crece lentamente. El follaje verde del ACER palmatum &#039;Dissectum&#039; est\u00e1 finamente disecado. En oto\u00f1o, adquiere hermosos colores.\" \/>\n<meta name=\"robots\" content=\"index, follow, max-snippet:-1, max-image-preview:large, max-video-preview:-1\" \/>\n<link rel=\"canonical\" href=\"https:\/\/www.vallonchene.fr\/es\/producto\/acer-palmatum-dissectum\/\" \/>\n<meta property=\"og:locale\" content=\"es_ES\" \/>\n<meta property=\"og:type\" content=\"article\" \/>\n<meta property=\"og:title\" content=\"ACER palmatum &#039;Dissectum&#039;\" \/>\n<meta property=\"og:description\" content=\"Este arce japon\u00e9s crece lentamente. El follaje verde del ACER palmatum &#039;Dissectum&#039; est\u00e1 finamente disecado. En oto\u00f1o, adquiere hermosos colores.\" \/>\n<meta property=\"og:url\" content=\"https:\/\/www.vallonchene.fr\/es\/producto\/acer-palmatum-dissectum\/\" \/>\n<meta property=\"og:site_name\" content=\"Vallonch\u00eane\" \/>\n<meta property=\"article:publisher\" content=\"https:\/\/www.facebook.com\/vallonchene.fr\" \/>\n<meta property=\"og:image\" content=\"https:\/\/www.vallonchene.fr\/wp-content\/uploads\/2021\/08\/331-654-ACER-palmatum-Dissectum-en-Juin.jpg\" \/>\n\t<meta property=\"og:image:width\" content=\"1600\" \/>\n\t<meta property=\"og:image:height\" content=\"1600\" \/>\n\t<meta property=\"og:image:type\" content=\"image\/jpeg\" \/>\n<meta name=\"twitter:card\" content=\"summary_large_image\" \/>\n<meta name=\"twitter:label1\" content=\"Disponibilidad\" \/>\n\t<meta name=\"twitter:data1\" content=\"En stock\" \/>\n<script type=\"application\/ld+json\" class=\"yoast-schema-graph\">{\"@context\":\"https:\\\/\\\/schema.org\",\"@graph\":[{\"@type\":\"WebPage\",\"@id\":\"https:\\\/\\\/www.vallonchene.fr\\\/es\\\/producto\\\/acer-palmatum-dissectum\\\/\",\"url\":\"https:\\\/\\\/www.vallonchene.fr\\\/es\\\/producto\\\/acer-palmatum-dissectum\\\/\",\"name\":\"ACER palmatum 'Dissectum' - arce japon\u00e9s\",\"isPartOf\":{\"@id\":\"https:\\\/\\\/www.vallonchene.fr\\\/es\\\/#website\"},\"primaryImageOfPage\":{\"@id\":\"https:\\\/\\\/www.vallonchene.fr\\\/es\\\/producto\\\/acer-palmatum-dissectum\\\/#primaryimage\"},\"image\":{\"@id\":\"https:\\\/\\\/www.vallonchene.fr\\\/es\\\/producto\\\/acer-palmatum-dissectum\\\/#primaryimage\"},\"thumbnailUrl\":\"https:\\\/\\\/www.vallonchene.fr\\\/wp-content\\\/uploads\\\/2021\\\/08\\\/331-654-ACER-palmatum-Dissectum-en-Juin.jpg\",\"datePublished\":\"2021-08-31T10:42:22+00:00\",\"description\":\"Este arce japon\u00e9s crece lentamente. El follaje verde del ACER palmatum 'Dissectum' est\u00e1 finamente disecado. En oto\u00f1o, adquiere hermosos colores.\",\"breadcrumb\":{\"@id\":\"https:\\\/\\\/www.vallonchene.fr\\\/es\\\/producto\\\/acer-palmatum-dissectum\\\/#breadcrumb\"},\"inLanguage\":\"es\",\"potentialAction\":[{\"@type\":\"ReadAction\",\"target\":[\"https:\\\/\\\/www.vallonchene.fr\\\/es\\\/producto\\\/acer-palmatum-dissectum\\\/\"]}]},{\"@type\":\"ImageObject\",\"inLanguage\":\"es\",\"@id\":\"https:\\\/\\\/www.vallonchene.fr\\\/es\\\/producto\\\/acer-palmatum-dissectum\\\/#primaryimage\",\"url\":\"https:\\\/\\\/www.vallonchene.fr\\\/wp-content\\\/uploads\\\/2021\\\/08\\\/331-654-ACER-palmatum-Dissectum-en-Juin.jpg\",\"contentUrl\":\"https:\\\/\\\/www.vallonchene.fr\\\/wp-content\\\/uploads\\\/2021\\\/08\\\/331-654-ACER-palmatum-Dissectum-en-Juin.jpg\",\"width\":1600,\"height\":1600},{\"@type\":\"BreadcrumbList\",\"@id\":\"https:\\\/\\\/www.vallonchene.fr\\\/es\\\/producto\\\/acer-palmatum-dissectum\\\/#breadcrumb\",\"itemListElement\":[{\"@type\":\"ListItem\",\"position\":1,\"name\":\"Home\",\"item\":\"https:\\\/\\\/www.vallonchene.fr\\\/es\\\/\"},{\"@type\":\"ListItem\",\"position\":2,\"name\":\"Tienda\",\"item\":\"https:\\\/\\\/www.vallonchene.fr\\\/tienda\\\/\"},{\"@type\":\"ListItem\",\"position\":3,\"name\":\"ACER palmatum &#8216;Dissectum&#8217;\"}]},{\"@type\":\"WebSite\",\"@id\":\"https:\\\/\\\/www.vallonchene.fr\\\/es\\\/#website\",\"url\":\"https:\\\/\\\/www.vallonchene.fr\\\/es\\\/\",\"name\":\"Vallonch\u00eane\",\"description\":\"El vivero donde la calidad tiene sus ra\u00edces \u2013 Tel.: +33 (0)2.35.90.02.02\",\"publisher\":{\"@id\":\"https:\\\/\\\/www.vallonchene.fr\\\/es\\\/#organization\"},\"potentialAction\":[{\"@type\":\"SearchAction\",\"target\":{\"@type\":\"EntryPoint\",\"urlTemplate\":\"https:\\\/\\\/www.vallonchene.fr\\\/es\\\/?s={search_term_string}\"},\"query-input\":{\"@type\":\"PropertyValueSpecification\",\"valueRequired\":true,\"valueName\":\"search_term_string\"}}],\"inLanguage\":\"es\"},{\"@type\":\"Organization\",\"@id\":\"https:\\\/\\\/www.vallonchene.fr\\\/es\\\/#organization\",\"name\":\"VALLONCHENE\",\"url\":\"https:\\\/\\\/www.vallonchene.fr\\\/es\\\/\",\"logo\":{\"@type\":\"ImageObject\",\"inLanguage\":\"es\",\"@id\":\"https:\\\/\\\/www.vallonchene.fr\\\/es\\\/#\\\/schema\\\/logo\\\/image\\\/\",\"url\":\"https:\\\/\\\/www.vallonchene.fr\\\/wp-content\\\/uploads\\\/2023\\\/03\\\/Logo-Vallonchene-site-et-R_hauteur_100.png\",\"contentUrl\":\"https:\\\/\\\/www.vallonchene.fr\\\/wp-content\\\/uploads\\\/2023\\\/03\\\/Logo-Vallonchene-site-et-R_hauteur_100.png\",\"width\":221,\"height\":100,\"caption\":\"VALLONCHENE\"},\"image\":{\"@id\":\"https:\\\/\\\/www.vallonchene.fr\\\/es\\\/#\\\/schema\\\/logo\\\/image\\\/\"},\"sameAs\":[\"https:\\\/\\\/www.facebook.com\\\/vallonchene.fr\",\"https:\\\/\\\/www.instagram.com\\\/vallonchene\\\/\",\"https:\\\/\\\/www.pinterest.fr\\\/vallonchene\\\/\"],\"taxID\":\"49454502300017\",\"hasMerchantReturnPolicy\":{\"@type\":\"MerchantReturnPolicy\",\"merchantReturnLink\":\"https:\\\/\\\/www.vallonchene.fr\\\/remboursements_retours\\\/\"}}]}<\/script>\n<meta property=\"og:availability\" content=\"instock\" \/>\n<meta property=\"product:availability\" content=\"instock\" \/>\n<meta property=\"product:retailer_item_id\" content=\"38933\" \/>\n<meta property=\"product:condition\" content=\"new\" \/>\n<!-- \/ Yoast SEO Premium plugin. -->","yoast_head_json":{"title":"ACER palmatum 'Dissectum' - arce japon\u00e9s","description":"Este arce japon\u00e9s crece lentamente. El follaje verde del ACER palmatum 'Dissectum' est\u00e1 finamente disecado. En oto\u00f1o, adquiere hermosos colores.","robots":{"index":"index","follow":"follow","max-snippet":"max-snippet:-1","max-image-preview":"max-image-preview:large","max-video-preview":"max-video-preview:-1"},"canonical":"https:\/\/www.vallonchene.fr\/es\/producto\/acer-palmatum-dissectum\/","og_locale":"es_ES","og_type":"article","og_title":"ACER palmatum 'Dissectum'","og_description":"Este arce japon\u00e9s crece lentamente. El follaje verde del ACER palmatum 'Dissectum' est\u00e1 finamente disecado. En oto\u00f1o, adquiere hermosos colores.","og_url":"https:\/\/www.vallonchene.fr\/es\/producto\/acer-palmatum-dissectum\/","og_site_name":"Vallonch\u00eane","article_publisher":"https:\/\/www.facebook.com\/vallonchene.fr","og_image":[{"width":1600,"height":1600,"url":"https:\/\/www.vallonchene.fr\/wp-content\/uploads\/2021\/08\/331-654-ACER-palmatum-Dissectum-en-Juin.jpg","type":"image\/jpeg"}],"twitter_card":"summary_large_image","twitter_misc":{"Disponibilidad":"En stock"},"schema":{"@context":"https:\/\/schema.org","@graph":[{"@type":"WebPage","@id":"https:\/\/www.vallonchene.fr\/es\/producto\/acer-palmatum-dissectum\/","url":"https:\/\/www.vallonchene.fr\/es\/producto\/acer-palmatum-dissectum\/","name":"ACER palmatum 'Dissectum' - arce japon\u00e9s","isPartOf":{"@id":"https:\/\/www.vallonchene.fr\/es\/#website"},"primaryImageOfPage":{"@id":"https:\/\/www.vallonchene.fr\/es\/producto\/acer-palmatum-dissectum\/#primaryimage"},"image":{"@id":"https:\/\/www.vallonchene.fr\/es\/producto\/acer-palmatum-dissectum\/#primaryimage"},"thumbnailUrl":"https:\/\/www.vallonchene.fr\/wp-content\/uploads\/2021\/08\/331-654-ACER-palmatum-Dissectum-en-Juin.jpg","datePublished":"2021-08-31T10:42:22+00:00","description":"Este arce japon\u00e9s crece lentamente. El follaje verde del ACER palmatum 'Dissectum' est\u00e1 finamente disecado. En oto\u00f1o, adquiere hermosos colores.","breadcrumb":{"@id":"https:\/\/www.vallonchene.fr\/es\/producto\/acer-palmatum-dissectum\/#breadcrumb"},"inLanguage":"es","potentialAction":[{"@type":"ReadAction","target":["https:\/\/www.vallonchene.fr\/es\/producto\/acer-palmatum-dissectum\/"]}]},{"@type":"ImageObject","inLanguage":"es","@id":"https:\/\/www.vallonchene.fr\/es\/producto\/acer-palmatum-dissectum\/#primaryimage","url":"https:\/\/www.vallonchene.fr\/wp-content\/uploads\/2021\/08\/331-654-ACER-palmatum-Dissectum-en-Juin.jpg","contentUrl":"https:\/\/www.vallonchene.fr\/wp-content\/uploads\/2021\/08\/331-654-ACER-palmatum-Dissectum-en-Juin.jpg","width":1600,"height":1600},{"@type":"BreadcrumbList","@id":"https:\/\/www.vallonchene.fr\/es\/producto\/acer-palmatum-dissectum\/#breadcrumb","itemListElement":[{"@type":"ListItem","position":1,"name":"Home","item":"https:\/\/www.vallonchene.fr\/es\/"},{"@type":"ListItem","position":2,"name":"Tienda","item":"https:\/\/www.vallonchene.fr\/tienda\/"},{"@type":"ListItem","position":3,"name":"ACER palmatum &#8216;Dissectum&#8217;"}]},{"@type":"WebSite","@id":"https:\/\/www.vallonchene.fr\/es\/#website","url":"https:\/\/www.vallonchene.fr\/es\/","name":"Vallonch\u00eane","description":"El vivero donde la calidad tiene sus ra\u00edces \u2013 Tel.: +33 (0)2.35.90.02.02","publisher":{"@id":"https:\/\/www.vallonchene.fr\/es\/#organization"},"potentialAction":[{"@type":"SearchAction","target":{"@type":"EntryPoint","urlTemplate":"https:\/\/www.vallonchene.fr\/es\/?s={search_term_string}"},"query-input":{"@type":"PropertyValueSpecification","valueRequired":true,"valueName":"search_term_string"}}],"inLanguage":"es"},{"@type":"Organization","@id":"https:\/\/www.vallonchene.fr\/es\/#organization","name":"VALLONCHENE","url":"https:\/\/www.vallonchene.fr\/es\/","logo":{"@type":"ImageObject","inLanguage":"es","@id":"https:\/\/www.vallonchene.fr\/es\/#\/schema\/logo\/image\/","url":"https:\/\/www.vallonchene.fr\/wp-content\/uploads\/2023\/03\/Logo-Vallonchene-site-et-R_hauteur_100.png","contentUrl":"https:\/\/www.vallonchene.fr\/wp-content\/uploads\/2023\/03\/Logo-Vallonchene-site-et-R_hauteur_100.png","width":221,"height":100,"caption":"VALLONCHENE"},"image":{"@id":"https:\/\/www.vallonchene.fr\/es\/#\/schema\/logo\/image\/"},"sameAs":["https:\/\/www.facebook.com\/vallonchene.fr","https:\/\/www.instagram.com\/vallonchene\/","https:\/\/www.pinterest.fr\/vallonchene\/"],"taxID":"49454502300017","hasMerchantReturnPolicy":{"@type":"MerchantReturnPolicy","merchantReturnLink":"https:\/\/www.vallonchene.fr\/remboursements_retours\/"}}]},"og_availability":"instock","product_availability":"instock","product_retailer_item_id":"38933","product_condition":"new"},"_links":{"self":[{"href":"https:\/\/www.vallonchene.fr\/es\/wp-json\/wp\/v2\/product\/53004","targetHints":{"allow":["GET"]}}],"collection":[{"href":"https:\/\/www.vallonchene.fr\/es\/wp-json\/wp\/v2\/product"}],"about":[{"href":"https:\/\/www.vallonchene.fr\/es\/wp-json\/wp\/v2\/types\/product"}],"replies":[{"embeddable":true,"href":"https:\/\/www.vallonchene.fr\/es\/wp-json\/wp\/v2\/comments?post=53004"}],"wp:featuredmedia":[{"embeddable":true,"href":"https:\/\/www.vallonchene.fr\/es\/wp-json\/wp\/v2\/media\/53005"}],"wp:attachment":[{"href":"https:\/\/www.vallonchene.fr\/es\/wp-json\/wp\/v2\/media?parent=53004"}],"wp:term":[{"taxonomy":"product_brand","embeddable":true,"href":"https:\/\/www.vallonchene.fr\/es\/wp-json\/wp\/v2\/product_brand?post=53004"},{"taxonomy":"product_cat","embeddable":true,"href":"https:\/\/www.vallonchene.fr\/es\/wp-json\/wp\/v2\/product_cat?post=53004"},{"taxonomy":"product_tag","embeddable":true,"href":"https:\/\/www.vallonchene.fr\/es\/wp-json\/wp\/v2\/product_tag?post=53004"}],"curies":[{"name":"wp","href":"https:\/\/api.w.org\/{rel}","templated":true}]}}