{"id":52581,"date":"2021-08-31T10:44:40","date_gmt":"2021-08-31T10:44:40","guid":{"rendered":"https:\/\/www.vallonchene.fr\/produit\/aesculus-neglecta-erythroblastos\/"},"modified":"2026-04-02T11:44:13","modified_gmt":"2026-04-02T09:44:13","slug":"aesculus-neglecta-erythroblastos","status":"publish","type":"product","link":"https:\/\/www.vallonchene.fr\/es\/producto\/aesculus-neglecta-erythroblastos\/","title":{"rendered":"AESCULUS neglecta &#8216;Erythroblastos&#8217;"},"content":{"rendered":"<h2>La Planta<\/h2>\n<p>El <em>AESCULUS neglecta &#8216;Erythroblastos&#8217;<\/em>, tambi\u00e9n conocido como <em>falso casta\u00f1o amanecer<\/em>, es una verdadera maravilla hort\u00edcola muy rara que embellece su espacio exterior a primera vista.<\/p>\n<p>En primer lugar, sus brotes nacientes lucen un rosa brillante que capta instant\u00e1neamente la atenci\u00f3n. Luego, este rosa vivo deja paso tras unas semanas a matices cobrizos que evolucionan a un verde luminoso durante el verano, creando as\u00ed un panorama de colores cambiantes a lo largo de las estaciones.<\/p>\n<p>M\u00e1s tarde, tambi\u00e9n se cubre de una multitud de flores hacia finales de la primavera de un color blanco crema. Generalmente aparecen cuando las hojas est\u00e1n en tonos bronce.<\/p>\n<p>Adem\u00e1s, esta planta se distingue por su muy peque\u00f1o desarrollo (menos de 2 metros despu\u00e9s de 10 a\u00f1os), su robustez y su capacidad para adaptarse a diferentes tipos de suelos. Esto la convierte en una opci\u00f3n ideal para dise\u00f1ar tanto jardines privados como espacios p\u00fablicos. Con su mantenimiento m\u00ednimo y sus cualidades ornamentales innegables, el <em>AESCULUS neglecta &#8216;Erythroblastos&#8217;<\/em> es el compromiso perfecto entre est\u00e9tica y facilidad de mantenimiento.<\/p>\n<h2>Historia y Origen<\/h2>\n<p>El <em>AESCULUS neglecta &#8216;Erythroblastos&#8217;<\/em> fue encontrado por los viveros Sp\u00e4th en Berl\u00edn (Alemania) en 1923. Fue cuidadosamente seleccionado por sus caracter\u00edsticas est\u00e9ticas \u00fanicas y su capacidad de adaptaci\u00f3n.<\/p>\n<p>De hecho, fruto de un trabajo hort\u00edcola riguroso, este casta\u00f1o de Indias sedujo r\u00e1pidamente a los aficionados al jard\u00edn por la belleza de sus primeros brotes y la espectacular evoluci\u00f3n de su follaje.<\/p>\n<p>Adem\u00e1s, esta variedad encarna la innovaci\u00f3n que combina tradici\u00f3n y modernidad en el mundo de la arboricultura. Su renombre se ha extendido con el tiempo, gracias en particular a viveros especializados como Vallonch\u00eane. Nuestro vivero promueve su uso entre un p\u00fablico aficionado a las creaciones paisaj\u00edsticas originales y coloridas.<\/p>\n<p>As\u00ed, el AESCULUS neglecta &#8216;Erythroblastos&#8217; no representa solo un \u00e1rbol, sino un verdadero activo decorativo que aporta encanto y car\u00e1cter a cualquier espacio verde.<\/p>\n<p>Para terminar, el <em>falso casta\u00f1o amanecer<\/em> es la elecci\u00f3n ideal para transformar su jard\u00edn en un lugar de vida din\u00e1mico y colorido. Adopte el AESCULUS neglecta &#8216;Erythroblastos&#8217; para disfrutar de un espect\u00e1culo visual a lo largo del a\u00f1o. Se inscribir\u00e1 entonces en una tradici\u00f3n hort\u00edcola rica e inspiradora.<\/p>\n<h2>C\u00f3mo plantar y mantener el AESCULUS neglecta &#8216;Erythroblastos&#8217;<\/h2>\n<h3>Elecci\u00f3n del emplazamiento y plantaci\u00f3n<\/h3>\n<ol>\n<li>Para empezar, elija un emplazamiento soleado o a media sombra.<\/li>\n<li>Es deseable que el suelo sea rico y bien drenado. Sin embargo, puede ser ligero, normal o pesado.<\/li>\n<li>La tierra puede ser fresca a h\u00fameda, moderadamente h\u00fameda o seca con un pH \u00e1cido, neutro o calc\u00e1reo.<\/li>\n<li>Para una buena preparaci\u00f3n del hoyo de plantaci\u00f3n, hemos dise\u00f1ado <a href=\"https:\/\/www.vallonchene.fr\/comment-planter-et-entretenir-des-vegetaux\/comment-planter-et-entretenir-arbres-arbustes-et-coniferes\/\" target=\"_blank\" rel=\"noreferrer noopener\"><strong>instrucciones espec\u00edficas disponibles aqu\u00ed<\/strong><\/a>.<\/li>\n<\/ol>\n<h3>Mantenimiento<\/h3>\n<p>Este casta\u00f1o de Indias aurora es una planta realmente f\u00e1cil de mantener. Dada su escaso crecimiento y su reducido desarrollo, esta planta no requiere poda especial. Si la poda es necesaria por cualquier motivo, puede realizarla en enero o febrero, mucho antes del brote.<\/p>\n<p>Lea tambi\u00e9n <a href=\"https:\/\/www.vallonchene.fr\/comment-bien-arroser-le-jardin-et-economiser-leau\/\"><strong>nuestros consejos sobre c\u00f3mo regar bien y ahorrar agua aqu\u00ed<\/strong><\/a>.<\/p>\n","protected":false},"excerpt":{"rendered":"<p>El <strong>falso casta\u00f1o amanecer<\/strong> es espectacular en primavera. De hecho, los brotes j\u00f3venes del <strong>AESCULUS neglecta &#8216;Erythroblastos&#8217;<\/strong> son rosa ne\u00f3n. Es perfectamente r\u00fastico y adecuado para peque\u00f1os jardines.<\/p>\n","protected":false},"featured_media":52565,"comment_status":"open","ping_status":"closed","template":"","meta":[],"product_brand":[],"product_cat":[11499],"product_tag":[11822,12330,12333],"class_list":{"0":"post-52581","1":"product","2":"type-product","3":"status-publish","4":"has-post-thumbnail","6":"product_cat-arbustos-y-arboles","7":"product_tag-aesculus-es","8":"product_tag-aesculus-neglecta-es","9":"product_tag-castano","10":"pa_99-hauteurapproximativeapres1-2-a-3-m","11":"pa_couleurdufeuillage-rosa-es","12":"pa_couleurdufeuillage-verde","13":"pa_exigencesenhumidite-moderadamente-humedo-a-humedo","14":"pa_exigencesenhumidite-promedio","15":"pa_exigencesenhumidite-seco","16":"pa_expositionspossibles-pleno-sol-de-12-a-17-min","17":"pa_expositionspossibles-sombra-parcial-evitar-el-sol-de-12-a-17-horas","18":"pa_hauteurlivree-20-a-30-cm-es","19":"pa_hauteurlivree-30-a-40-cm-es","20":"pa_hauteurlivree-40-a-50-cm-es","21":"pa_interetauprintemps-brotes-jovenes","22":"pa_interetauprintemps-follaje","23":"pa_interetenautomne-follaje","24":"pa_interetenete-follaje","25":"pa_naturedufeuillage-caduco","26":"pa_naturesdesolpossibles-ligero","27":"pa_naturesdesolpossibles-normal-es","28":"pa_naturesdesolpossibles-pesado","29":"pa_periodedetaille-enero","30":"pa_periodedetaille-febrero","31":"pa_phdusolacceptable-acido-menos-de-6_5","32":"pa_phdusolacceptable-calcareo-mas-de-7_5","33":"pa_phdusolacceptable-neutro-entre-6_5-y-7_5","34":"pa_portgraphisme-globoso","35":"pa_resistanceaufroidrusticite-resistente-por-debajo-de-menos-20-c","36":"pa_tailledepot-maceta-de-2-litros","37":"pa_utilisationpossible-aislado","38":"pa_utilisationpossible-arriate","40":"first","41":"instock","42":"taxable","43":"shipping-taxable","44":"purchasable","45":"product-type-variable"},"supplier_id":null,"supplier_sku":"","barcode":null,"atum_controlled":true,"out_stock_date":"2024-09-27 09:13:25","out_stock_threshold":null,"inheritable":true,"inbound_stock":0,"stock_on_hold":2,"sold_today":0,"sales_last_days":0,"reserved_stock":0,"customer_returns":0,"warehouse_damage":0,"lost_in_post":0,"other_logs":0,"out_stock_days":569,"lost_sales":0,"has_location":false,"update_date":"2026-04-24T12:30:30","atum_locations":[],"atum_stock_status":"instock","restock_status":false,"low_stock_amount":"","sales_update_date":"2025-10-26T14:17:17","calc_backorders":null,"yoast_head":"<!-- This site is optimized with the Yoast SEO Premium plugin v27.5 (Yoast SEO v27.5) - https:\/\/yoast.com\/product\/yoast-seo-premium-wordpress\/ -->\n<title>AESCULUS neglecta &#039;Erythroblastos&#039; - Falso casta\u00f1o amanecer<\/title>\n<meta name=\"description\" content=\"El falso casta\u00f1o amanecer es espectacular en primavera. Efectivamente, los brotes j\u00f3venes de la AESCULUS neglecta son de color rosa ne\u00f3n.\" \/>\n<meta name=\"robots\" content=\"index, follow, max-snippet:-1, max-image-preview:large, max-video-preview:-1\" \/>\n<link rel=\"canonical\" href=\"https:\/\/www.vallonchene.fr\/es\/producto\/aesculus-neglecta-erythroblastos\/\" \/>\n<meta property=\"og:locale\" content=\"es_ES\" \/>\n<meta property=\"og:type\" content=\"article\" \/>\n<meta property=\"og:title\" content=\"AESCULUS neglecta &#039;Erythroblastos&#039;\" \/>\n<meta property=\"og:description\" content=\"El falso casta\u00f1o amanecer es espectacular en primavera. Efectivamente, los brotes j\u00f3venes de la AESCULUS neglecta son de color rosa ne\u00f3n.\" \/>\n<meta property=\"og:url\" content=\"https:\/\/www.vallonchene.fr\/es\/producto\/aesculus-neglecta-erythroblastos\/\" \/>\n<meta property=\"og:site_name\" content=\"Vallonch\u00eane\" \/>\n<meta property=\"article:publisher\" content=\"https:\/\/www.facebook.com\/vallonchene.fr\" \/>\n<meta property=\"article:modified_time\" content=\"2026-04-02T09:44:13+00:00\" \/>\n<meta property=\"og:image\" content=\"https:\/\/www.vallonchene.fr\/wp-content\/uploads\/2025\/02\/AESCULUS-neglecta-Erythroblastos_05.webp\" \/>\n\t<meta property=\"og:image:width\" content=\"1200\" \/>\n\t<meta property=\"og:image:height\" content=\"1200\" \/>\n\t<meta property=\"og:image:type\" content=\"image\/webp\" \/>\n<meta name=\"twitter:card\" content=\"summary_large_image\" \/>\n<meta name=\"twitter:label1\" content=\"Disponibilidad\" \/>\n\t<meta name=\"twitter:data1\" content=\"En stock\" \/>\n<script type=\"application\/ld+json\" class=\"yoast-schema-graph\">{\"@context\":\"https:\\\/\\\/schema.org\",\"@graph\":[{\"@type\":\"WebPage\",\"@id\":\"https:\\\/\\\/www.vallonchene.fr\\\/es\\\/producto\\\/aesculus-neglecta-erythroblastos\\\/\",\"url\":\"https:\\\/\\\/www.vallonchene.fr\\\/es\\\/producto\\\/aesculus-neglecta-erythroblastos\\\/\",\"name\":\"AESCULUS neglecta 'Erythroblastos' - Falso casta\u00f1o amanecer\",\"isPartOf\":{\"@id\":\"https:\\\/\\\/www.vallonchene.fr\\\/es\\\/#website\"},\"primaryImageOfPage\":{\"@id\":\"https:\\\/\\\/www.vallonchene.fr\\\/es\\\/producto\\\/aesculus-neglecta-erythroblastos\\\/#primaryimage\"},\"image\":{\"@id\":\"https:\\\/\\\/www.vallonchene.fr\\\/es\\\/producto\\\/aesculus-neglecta-erythroblastos\\\/#primaryimage\"},\"thumbnailUrl\":\"https:\\\/\\\/www.vallonchene.fr\\\/wp-content\\\/uploads\\\/2025\\\/02\\\/AESCULUS-neglecta-Erythroblastos_05.webp\",\"datePublished\":\"2021-08-31T10:44:40+00:00\",\"dateModified\":\"2026-04-02T09:44:13+00:00\",\"description\":\"El falso casta\u00f1o amanecer es espectacular en primavera. Efectivamente, los brotes j\u00f3venes de la AESCULUS neglecta son de color rosa ne\u00f3n.\",\"breadcrumb\":{\"@id\":\"https:\\\/\\\/www.vallonchene.fr\\\/es\\\/producto\\\/aesculus-neglecta-erythroblastos\\\/#breadcrumb\"},\"inLanguage\":\"es\",\"potentialAction\":[{\"@type\":\"ReadAction\",\"target\":[\"https:\\\/\\\/www.vallonchene.fr\\\/es\\\/producto\\\/aesculus-neglecta-erythroblastos\\\/\"]}]},{\"@type\":\"ImageObject\",\"inLanguage\":\"es\",\"@id\":\"https:\\\/\\\/www.vallonchene.fr\\\/es\\\/producto\\\/aesculus-neglecta-erythroblastos\\\/#primaryimage\",\"url\":\"https:\\\/\\\/www.vallonchene.fr\\\/wp-content\\\/uploads\\\/2025\\\/02\\\/AESCULUS-neglecta-Erythroblastos_05.webp\",\"contentUrl\":\"https:\\\/\\\/www.vallonchene.fr\\\/wp-content\\\/uploads\\\/2025\\\/02\\\/AESCULUS-neglecta-Erythroblastos_05.webp\",\"width\":1200,\"height\":1200,\"caption\":\"Primer plano del follaje rosa y gofrado del AESCULUS neglecta 'Erythroblastos'\"},{\"@type\":\"BreadcrumbList\",\"@id\":\"https:\\\/\\\/www.vallonchene.fr\\\/es\\\/producto\\\/aesculus-neglecta-erythroblastos\\\/#breadcrumb\",\"itemListElement\":[{\"@type\":\"ListItem\",\"position\":1,\"name\":\"Home\",\"item\":\"https:\\\/\\\/www.vallonchene.fr\\\/es\\\/\"},{\"@type\":\"ListItem\",\"position\":2,\"name\":\"Tienda\",\"item\":\"https:\\\/\\\/www.vallonchene.fr\\\/tienda\\\/\"},{\"@type\":\"ListItem\",\"position\":3,\"name\":\"Venta en linea\",\"item\":\"https:\\\/\\\/www.vallonchene.fr\\\/es\\\/categoria-producto\\\/venta-en-linea\\\/\"},{\"@type\":\"ListItem\",\"position\":4,\"name\":\"Vivero\",\"item\":\"https:\\\/\\\/www.vallonchene.fr\\\/es\\\/categoria-producto\\\/venta-en-linea\\\/vivero\\\/\"},{\"@type\":\"ListItem\",\"position\":5,\"name\":\"Arbustos y \u00e1rboles\",\"item\":\"https:\\\/\\\/www.vallonchene.fr\\\/es\\\/categoria-producto\\\/venta-en-linea\\\/vivero\\\/arbustos-y-arboles\\\/\"},{\"@type\":\"ListItem\",\"position\":6,\"name\":\"AESCULUS neglecta &#8216;Erythroblastos&#8217;\"}]},{\"@type\":\"WebSite\",\"@id\":\"https:\\\/\\\/www.vallonchene.fr\\\/es\\\/#website\",\"url\":\"https:\\\/\\\/www.vallonchene.fr\\\/es\\\/\",\"name\":\"Vallonch\u00eane\",\"description\":\"El vivero donde la calidad tiene sus ra\u00edces \u2013 Tel.: +33 (0)2.35.90.02.02\",\"publisher\":{\"@id\":\"https:\\\/\\\/www.vallonchene.fr\\\/es\\\/#organization\"},\"potentialAction\":[{\"@type\":\"SearchAction\",\"target\":{\"@type\":\"EntryPoint\",\"urlTemplate\":\"https:\\\/\\\/www.vallonchene.fr\\\/es\\\/?s={search_term_string}\"},\"query-input\":{\"@type\":\"PropertyValueSpecification\",\"valueRequired\":true,\"valueName\":\"search_term_string\"}}],\"inLanguage\":\"es\"},{\"@type\":\"Organization\",\"@id\":\"https:\\\/\\\/www.vallonchene.fr\\\/es\\\/#organization\",\"name\":\"VALLONCHENE\",\"url\":\"https:\\\/\\\/www.vallonchene.fr\\\/es\\\/\",\"logo\":{\"@type\":\"ImageObject\",\"inLanguage\":\"es\",\"@id\":\"https:\\\/\\\/www.vallonchene.fr\\\/es\\\/#\\\/schema\\\/logo\\\/image\\\/\",\"url\":\"https:\\\/\\\/www.vallonchene.fr\\\/wp-content\\\/uploads\\\/2023\\\/03\\\/Logo-Vallonchene-site-et-R_hauteur_100.png\",\"contentUrl\":\"https:\\\/\\\/www.vallonchene.fr\\\/wp-content\\\/uploads\\\/2023\\\/03\\\/Logo-Vallonchene-site-et-R_hauteur_100.png\",\"width\":221,\"height\":100,\"caption\":\"VALLONCHENE\"},\"image\":{\"@id\":\"https:\\\/\\\/www.vallonchene.fr\\\/es\\\/#\\\/schema\\\/logo\\\/image\\\/\"},\"sameAs\":[\"https:\\\/\\\/www.facebook.com\\\/vallonchene.fr\",\"https:\\\/\\\/www.instagram.com\\\/vallonchene\\\/\",\"https:\\\/\\\/www.pinterest.fr\\\/vallonchene\\\/\"],\"taxID\":\"49454502300017\",\"hasMerchantReturnPolicy\":{\"@type\":\"MerchantReturnPolicy\",\"merchantReturnLink\":\"https:\\\/\\\/www.vallonchene.fr\\\/remboursements_retours\\\/\"}}]}<\/script>\n<meta property=\"og:availability\" content=\"instock\" \/>\n<meta property=\"product:availability\" content=\"instock\" \/>\n<meta property=\"product:retailer_item_id\" content=\"35187\" \/>\n<meta property=\"product:condition\" content=\"new\" \/>\n<!-- \/ Yoast SEO Premium plugin. -->","yoast_head_json":{"title":"AESCULUS neglecta 'Erythroblastos' - Falso casta\u00f1o amanecer","description":"El falso casta\u00f1o amanecer es espectacular en primavera. Efectivamente, los brotes j\u00f3venes de la AESCULUS neglecta son de color rosa ne\u00f3n.","robots":{"index":"index","follow":"follow","max-snippet":"max-snippet:-1","max-image-preview":"max-image-preview:large","max-video-preview":"max-video-preview:-1"},"canonical":"https:\/\/www.vallonchene.fr\/es\/producto\/aesculus-neglecta-erythroblastos\/","og_locale":"es_ES","og_type":"article","og_title":"AESCULUS neglecta 'Erythroblastos'","og_description":"El falso casta\u00f1o amanecer es espectacular en primavera. Efectivamente, los brotes j\u00f3venes de la AESCULUS neglecta son de color rosa ne\u00f3n.","og_url":"https:\/\/www.vallonchene.fr\/es\/producto\/aesculus-neglecta-erythroblastos\/","og_site_name":"Vallonch\u00eane","article_publisher":"https:\/\/www.facebook.com\/vallonchene.fr","article_modified_time":"2026-04-02T09:44:13+00:00","og_image":[{"width":1200,"height":1200,"url":"https:\/\/www.vallonchene.fr\/wp-content\/uploads\/2025\/02\/AESCULUS-neglecta-Erythroblastos_05.webp","type":"image\/webp"}],"twitter_card":"summary_large_image","twitter_misc":{"Disponibilidad":"En stock"},"schema":{"@context":"https:\/\/schema.org","@graph":[{"@type":"WebPage","@id":"https:\/\/www.vallonchene.fr\/es\/producto\/aesculus-neglecta-erythroblastos\/","url":"https:\/\/www.vallonchene.fr\/es\/producto\/aesculus-neglecta-erythroblastos\/","name":"AESCULUS neglecta 'Erythroblastos' - Falso casta\u00f1o amanecer","isPartOf":{"@id":"https:\/\/www.vallonchene.fr\/es\/#website"},"primaryImageOfPage":{"@id":"https:\/\/www.vallonchene.fr\/es\/producto\/aesculus-neglecta-erythroblastos\/#primaryimage"},"image":{"@id":"https:\/\/www.vallonchene.fr\/es\/producto\/aesculus-neglecta-erythroblastos\/#primaryimage"},"thumbnailUrl":"https:\/\/www.vallonchene.fr\/wp-content\/uploads\/2025\/02\/AESCULUS-neglecta-Erythroblastos_05.webp","datePublished":"2021-08-31T10:44:40+00:00","dateModified":"2026-04-02T09:44:13+00:00","description":"El falso casta\u00f1o amanecer es espectacular en primavera. Efectivamente, los brotes j\u00f3venes de la AESCULUS neglecta son de color rosa ne\u00f3n.","breadcrumb":{"@id":"https:\/\/www.vallonchene.fr\/es\/producto\/aesculus-neglecta-erythroblastos\/#breadcrumb"},"inLanguage":"es","potentialAction":[{"@type":"ReadAction","target":["https:\/\/www.vallonchene.fr\/es\/producto\/aesculus-neglecta-erythroblastos\/"]}]},{"@type":"ImageObject","inLanguage":"es","@id":"https:\/\/www.vallonchene.fr\/es\/producto\/aesculus-neglecta-erythroblastos\/#primaryimage","url":"https:\/\/www.vallonchene.fr\/wp-content\/uploads\/2025\/02\/AESCULUS-neglecta-Erythroblastos_05.webp","contentUrl":"https:\/\/www.vallonchene.fr\/wp-content\/uploads\/2025\/02\/AESCULUS-neglecta-Erythroblastos_05.webp","width":1200,"height":1200,"caption":"Primer plano del follaje rosa y gofrado del AESCULUS neglecta 'Erythroblastos'"},{"@type":"BreadcrumbList","@id":"https:\/\/www.vallonchene.fr\/es\/producto\/aesculus-neglecta-erythroblastos\/#breadcrumb","itemListElement":[{"@type":"ListItem","position":1,"name":"Home","item":"https:\/\/www.vallonchene.fr\/es\/"},{"@type":"ListItem","position":2,"name":"Tienda","item":"https:\/\/www.vallonchene.fr\/tienda\/"},{"@type":"ListItem","position":3,"name":"Venta en linea","item":"https:\/\/www.vallonchene.fr\/es\/categoria-producto\/venta-en-linea\/"},{"@type":"ListItem","position":4,"name":"Vivero","item":"https:\/\/www.vallonchene.fr\/es\/categoria-producto\/venta-en-linea\/vivero\/"},{"@type":"ListItem","position":5,"name":"Arbustos y \u00e1rboles","item":"https:\/\/www.vallonchene.fr\/es\/categoria-producto\/venta-en-linea\/vivero\/arbustos-y-arboles\/"},{"@type":"ListItem","position":6,"name":"AESCULUS neglecta &#8216;Erythroblastos&#8217;"}]},{"@type":"WebSite","@id":"https:\/\/www.vallonchene.fr\/es\/#website","url":"https:\/\/www.vallonchene.fr\/es\/","name":"Vallonch\u00eane","description":"El vivero donde la calidad tiene sus ra\u00edces \u2013 Tel.: +33 (0)2.35.90.02.02","publisher":{"@id":"https:\/\/www.vallonchene.fr\/es\/#organization"},"potentialAction":[{"@type":"SearchAction","target":{"@type":"EntryPoint","urlTemplate":"https:\/\/www.vallonchene.fr\/es\/?s={search_term_string}"},"query-input":{"@type":"PropertyValueSpecification","valueRequired":true,"valueName":"search_term_string"}}],"inLanguage":"es"},{"@type":"Organization","@id":"https:\/\/www.vallonchene.fr\/es\/#organization","name":"VALLONCHENE","url":"https:\/\/www.vallonchene.fr\/es\/","logo":{"@type":"ImageObject","inLanguage":"es","@id":"https:\/\/www.vallonchene.fr\/es\/#\/schema\/logo\/image\/","url":"https:\/\/www.vallonchene.fr\/wp-content\/uploads\/2023\/03\/Logo-Vallonchene-site-et-R_hauteur_100.png","contentUrl":"https:\/\/www.vallonchene.fr\/wp-content\/uploads\/2023\/03\/Logo-Vallonchene-site-et-R_hauteur_100.png","width":221,"height":100,"caption":"VALLONCHENE"},"image":{"@id":"https:\/\/www.vallonchene.fr\/es\/#\/schema\/logo\/image\/"},"sameAs":["https:\/\/www.facebook.com\/vallonchene.fr","https:\/\/www.instagram.com\/vallonchene\/","https:\/\/www.pinterest.fr\/vallonchene\/"],"taxID":"49454502300017","hasMerchantReturnPolicy":{"@type":"MerchantReturnPolicy","merchantReturnLink":"https:\/\/www.vallonchene.fr\/remboursements_retours\/"}}]},"og_availability":"instock","product_availability":"instock","product_retailer_item_id":"35187","product_condition":"new"},"_links":{"self":[{"href":"https:\/\/www.vallonchene.fr\/es\/wp-json\/wp\/v2\/product\/52581","targetHints":{"allow":["GET"]}}],"collection":[{"href":"https:\/\/www.vallonchene.fr\/es\/wp-json\/wp\/v2\/product"}],"about":[{"href":"https:\/\/www.vallonchene.fr\/es\/wp-json\/wp\/v2\/types\/product"}],"replies":[{"embeddable":true,"href":"https:\/\/www.vallonchene.fr\/es\/wp-json\/wp\/v2\/comments?post=52581"}],"wp:featuredmedia":[{"embeddable":true,"href":"https:\/\/www.vallonchene.fr\/es\/wp-json\/wp\/v2\/media\/52565"}],"wp:attachment":[{"href":"https:\/\/www.vallonchene.fr\/es\/wp-json\/wp\/v2\/media?parent=52581"}],"wp:term":[{"taxonomy":"product_brand","embeddable":true,"href":"https:\/\/www.vallonchene.fr\/es\/wp-json\/wp\/v2\/product_brand?post=52581"},{"taxonomy":"product_cat","embeddable":true,"href":"https:\/\/www.vallonchene.fr\/es\/wp-json\/wp\/v2\/product_cat?post=52581"},{"taxonomy":"product_tag","embeddable":true,"href":"https:\/\/www.vallonchene.fr\/es\/wp-json\/wp\/v2\/product_tag?post=52581"}],"curies":[{"name":"wp","href":"https:\/\/api.w.org\/{rel}","templated":true}]}}