{"id":52462,"date":"2021-08-31T11:41:39","date_gmt":"2021-08-31T11:41:39","guid":{"rendered":"https:\/\/www.vallonchene.fr\/produit\/tilia-cordata-winter-orange\/"},"modified":"2025-11-01T21:57:31","modified_gmt":"2025-11-01T20:57:31","slug":"tilia-cordata-winter-orange","status":"publish","type":"product","link":"https:\/\/www.vallonchene.fr\/es\/producto\/tilia-cordata-winter-orange\/","title":{"rendered":"TILIA cordata &#8216;Winter Orange&#8217;"},"content":{"rendered":"<p>El <strong>TILIA cordata &#8216;Winter Orange&#8217;<\/strong> pertenece a las plantas con muchos atributos:<br \/>\n Primero, la madera de este tilo de hojas peque\u00f1as adquiere un tono <strong>naranja brillante<\/strong> en invierno. Luego, su follaje es particularmente <strong>verde<\/strong>. Adem\u00e1s, las <strong>flores perfuman el jard\u00edn<\/strong> con un delicioso aroma a principios del verano. Finalmente, en oto\u00f1o, su follaje se ti\u00f1e de un <strong>amarillo vivo<\/strong> (ver foto).<br \/>\nAdem\u00e1s, este tilo crece mucho m\u00e1s lentamente que la especie tipo. Por lo tanto, puede encontrar su lugar en jardines peque\u00f1os.<br \/>\nAdem\u00e1s, este peque\u00f1o \u00e1rbol es <strong>mel\u00edfero<\/strong> y constituye una <strong>fuente de alimento para las abejas<\/strong>.<br \/>\nSolo pocas plantas pueden presumir de ser interesantes en cada estaci\u00f3n.    <\/p>\n<h2>\u00bfC\u00f3mo plantar el TILIA cordata &#8216;Winter Orange&#8217;?<\/h2>\n<p>Plante este peque\u00f1o \u00e1rbol a <strong>pleno sol<\/strong> (sol de 12 a 17 horas, o incluso todo el d\u00eda) o en <strong>semisombra<\/strong> (sin sol de 12 a 17 horas).<br \/>\nEl suelo puede ser <strong>ligero<\/strong>, <strong>normal<\/strong> o <strong>pesado<\/strong> y <strong>fresco a h\u00famedo<\/strong>, <strong>moderadamente h\u00famedo<\/strong> o <strong>seco<\/strong>. El pH puede ser <strong>\u00e1cido<\/strong>, <strong>neutro<\/strong> o <strong>calizo<\/strong>.<br \/>\nEsta planta se cultiva muy f\u00e1cilmente y es adecuada tanto para principiantes como para jardineros experimentados.<br \/>\nSi es necesario, <strong>puede podarla a finales de febrero o principios de marzo<\/strong> antes de la brotaci\u00f3n. Sin embargo, esto es poco probable debido a su lento crecimiento.    <\/p>\n<p>Para una preparaci\u00f3n \u00f3ptima del contenedor o del hoyo de plantaci\u00f3n, hemos elaborado unas <a href=\"https:\/\/www.vallonchene.fr\/comment-planter-et-entretenir-des-vegetaux\/\" target=\"_blank\" rel=\"noreferrer noopener\"><strong>instrucciones detalladas que puede consultar aqu\u00ed<\/strong><\/a>. Le invitamos a consultar tambi\u00e9n <a href=\"https:\/\/www.vallonchene.fr\/comment-bien-arroser-le-jardin-et-economiser-leau\/\"><strong>nuestros consejos sobre c\u00f3mo regar correctamente y ahorrar agua aqu\u00ed<\/strong><\/a>.<\/p>\n<h2>Historia y Origen<\/h2>\n<p>La especie tipo <em>TILIA cordata<\/em> es end\u00e9mica de Europa hasta el <strong><a href=\"https:\/\/fr.wikipedia.org\/wiki\/Caucase\" target=\"_blank\" rel=\"noopener\">C\u00e1ucaso<\/a><\/strong> y el borde de <strong><a href=\"https:\/\/fr.wikipedia.org\/wiki\/Asie_de_l%27Ouest\" target=\"_blank\" rel=\"noopener\">Asia Occidental<\/a><\/strong>.<\/p>\n<p>Los tilos de hojas peque\u00f1as son bastante resistentes a las enfermedades.<\/p>\n<p>Desde el siglo XVII, los jardineros los han utilizado como planta ornamental. La famosa avenida <strong><a href=\"https:\/\/fr.wikipedia.org\/wiki\/Unter_den_Linden\" target=\"_blank\" rel=\"noopener\">Unter den Linden<\/a><\/strong> en Berl\u00edn lo atestigua con sus cuatro hileras de tilos. Adem\u00e1s, Alemania posee algunos de los ejemplares vivos m\u00e1s antiguos (hasta 1.100 a\u00f1os).  <\/p>\n<p>La madera muy fina se utiliza para las esculturas.<\/p>\n<p>Naciones como la Rep\u00fablica Checa, la Rep\u00fablica Eslovaca y Letonia lo consideran su \u00e1rbol nacional.<\/p>\n<p>Los tallos florales se utilizan para la producci\u00f3n de medicamentos.<\/p>\n","protected":false},"excerpt":{"rendered":"<p>Este <b>tilo de hojas peque\u00f1as<\/b> tiene una madera naranja en invierno y decora maravillosamente las escenas invernales. El <b>TILIA cordata &#8216;Winter Orange&#8217;<\/b> crece m\u00e1s lentamente que la especie tipo. <\/p>\n","protected":false},"featured_media":52463,"comment_status":"open","ping_status":"closed","template":"","meta":[],"product_brand":[],"product_cat":[11499],"product_tag":[12310,12311,12314,12312,12313],"class_list":{"0":"post-52462","1":"product","2":"type-product","3":"status-publish","4":"has-post-thumbnail","6":"product_cat-arbustos-y-arboles","7":"product_tag-tilia-es","8":"product_tag-tilia-cordata-es","9":"product_tag-tilia-cordata-winter-orange-es","10":"product_tag-tilo-de-hojas-pequenas","11":"product_tag-winter-orange-es","12":"pa_99-hauteurapproximativeapres1-3-a-5-m","13":"pa_couleurdelecorce-naranja","14":"pa_couleurdesfleurs-blanca","15":"pa_couleurdufeuillage-verde","16":"pa_exigencesenhumidite-moderadamente-humedo-a-humedo","17":"pa_exigencesenhumidite-promedio","18":"pa_exigencesenhumidite-seco","19":"pa_expositionspossibles-pleno-sol-de-12-a-17-min","20":"pa_expositionspossibles-sombra-parcial-evitar-el-sol-de-12-a-17-horas","21":"pa_hauteurlivree-100-a-125-cm","22":"pa_hauteurlivree-300-a-350-cm-es","23":"pa_hauteurlivree-60-a-80-cm-es","24":"pa_hauteurlivree-80-a-100-cm-es","25":"pa_interetauprintemps-brotes-jovenes","26":"pa_interetauprintemps-corteza","27":"pa_interetauprintemps-follaje","28":"pa_interetenautomne-corteza","29":"pa_interetenautomne-follaje","30":"pa_interetenete-corteza","31":"pa_interetenete-flores","32":"pa_interetenete-follaje","33":"pa_interetenhiver-corteza","34":"pa_naturedufeuillage-caduco","35":"pa_naturesdesolpossibles-ligero","36":"pa_naturesdesolpossibles-normal-es","37":"pa_naturesdesolpossibles-pesado","38":"pa_particularites-melifero","39":"pa_periodedefloraison-verano","40":"pa_periodedetaille-marzo","41":"pa_portgraphisme-fastigiado","42":"pa_portgraphisme-globoso","43":"pa_portgraphisme-oval","44":"pa_resistanceaufroidrusticite-resistente-por-debajo-de-menos-20-c","45":"pa_tailledepot-maceta-de-1-litro","46":"pa_tailledepot-maceta-de-2-litros","47":"pa_tailledepot-maceta-de-20-litros","48":"pa_tailledepot-maceta-de-3-litros","49":"pa_tailledepot-maceta-de-5-litros","50":"pa_utilisationpossible-aislado","51":"pa_utilisationpossible-arriate","53":"first","54":"instock","55":"taxable","56":"shipping-taxable","57":"purchasable","58":"product-type-variable","59":"has-default-attributes"},"supplier_id":null,"supplier_sku":"","barcode":null,"atum_controlled":true,"out_stock_date":null,"out_stock_threshold":null,"inheritable":true,"inbound_stock":0,"stock_on_hold":0,"sold_today":0,"sales_last_days":0,"reserved_stock":0,"customer_returns":0,"warehouse_damage":0,"lost_in_post":0,"other_logs":0,"out_stock_days":null,"lost_sales":0,"has_location":false,"update_date":"2025-12-12T14:29:38","atum_locations":[],"atum_stock_status":"instock","restock_status":false,"low_stock_amount":"","sales_update_date":"2024-10-17T07:25:53","calc_backorders":null,"yoast_head":"<!-- This site is optimized with the Yoast SEO Premium plugin v27.5 (Yoast SEO v27.5) - https:\/\/yoast.com\/product\/yoast-seo-premium-wordpress\/ -->\n<title>TILIA cordata &#039;Winter Orange&#039; - tilo de hojas peque\u00f1as<\/title>\n<meta name=\"description\" content=\"Este tilo de hojas peque\u00f1as tiene una madera naranja en invierno. El follaje oto\u00f1al del TILIA cordata &#039;Winter Orange&#039; se colorea de un amarillo vivo.\" \/>\n<meta name=\"robots\" content=\"index, follow, max-snippet:-1, max-image-preview:large, max-video-preview:-1\" \/>\n<link rel=\"canonical\" href=\"https:\/\/www.vallonchene.fr\/es\/producto\/tilia-cordata-winter-orange\/\" \/>\n<meta property=\"og:locale\" content=\"es_ES\" \/>\n<meta property=\"og:type\" content=\"article\" \/>\n<meta property=\"og:title\" content=\"TILIA cordata &#039;Winter Orange&#039;\" \/>\n<meta property=\"og:description\" content=\"Este tilo de hojas peque\u00f1as tiene una madera naranja en invierno. El follaje oto\u00f1al del TILIA cordata &#039;Winter Orange&#039; se colorea de un amarillo vivo.\" \/>\n<meta property=\"og:url\" content=\"https:\/\/www.vallonchene.fr\/es\/producto\/tilia-cordata-winter-orange\/\" \/>\n<meta property=\"og:site_name\" content=\"Vallonch\u00eane\" \/>\n<meta property=\"article:publisher\" content=\"https:\/\/www.facebook.com\/vallonchene.fr\" \/>\n<meta property=\"article:modified_time\" content=\"2025-11-01T20:57:31+00:00\" \/>\n<meta property=\"og:image\" content=\"https:\/\/www.vallonchene.fr\/wp-content\/uploads\/2023\/11\/TILIA.webp\" \/>\n\t<meta property=\"og:image:width\" content=\"1200\" \/>\n\t<meta property=\"og:image:height\" content=\"1200\" \/>\n\t<meta property=\"og:image:type\" content=\"image\/webp\" \/>\n<meta name=\"twitter:card\" content=\"summary_large_image\" \/>\n<meta name=\"twitter:label1\" content=\"Disponibilidad\" \/>\n\t<meta name=\"twitter:data1\" content=\"En stock\" \/>\n<script type=\"application\/ld+json\" class=\"yoast-schema-graph\">{\"@context\":\"https:\\\/\\\/schema.org\",\"@graph\":[{\"@type\":\"WebPage\",\"@id\":\"https:\\\/\\\/www.vallonchene.fr\\\/es\\\/producto\\\/tilia-cordata-winter-orange\\\/\",\"url\":\"https:\\\/\\\/www.vallonchene.fr\\\/es\\\/producto\\\/tilia-cordata-winter-orange\\\/\",\"name\":\"TILIA cordata 'Winter Orange' - tilo de hojas peque\u00f1as\",\"isPartOf\":{\"@id\":\"https:\\\/\\\/www.vallonchene.fr\\\/es\\\/#website\"},\"primaryImageOfPage\":{\"@id\":\"https:\\\/\\\/www.vallonchene.fr\\\/es\\\/producto\\\/tilia-cordata-winter-orange\\\/#primaryimage\"},\"image\":{\"@id\":\"https:\\\/\\\/www.vallonchene.fr\\\/es\\\/producto\\\/tilia-cordata-winter-orange\\\/#primaryimage\"},\"thumbnailUrl\":\"https:\\\/\\\/www.vallonchene.fr\\\/wp-content\\\/uploads\\\/2023\\\/11\\\/TILIA.webp\",\"datePublished\":\"2021-08-31T11:41:39+00:00\",\"dateModified\":\"2025-11-01T20:57:31+00:00\",\"description\":\"Este tilo de hojas peque\u00f1as tiene una madera naranja en invierno. El follaje oto\u00f1al del TILIA cordata 'Winter Orange' se colorea de un amarillo vivo.\",\"breadcrumb\":{\"@id\":\"https:\\\/\\\/www.vallonchene.fr\\\/es\\\/producto\\\/tilia-cordata-winter-orange\\\/#breadcrumb\"},\"inLanguage\":\"es\",\"potentialAction\":[{\"@type\":\"ReadAction\",\"target\":[\"https:\\\/\\\/www.vallonchene.fr\\\/es\\\/producto\\\/tilia-cordata-winter-orange\\\/\"]}]},{\"@type\":\"ImageObject\",\"inLanguage\":\"es\",\"@id\":\"https:\\\/\\\/www.vallonchene.fr\\\/es\\\/producto\\\/tilia-cordata-winter-orange\\\/#primaryimage\",\"url\":\"https:\\\/\\\/www.vallonchene.fr\\\/wp-content\\\/uploads\\\/2023\\\/11\\\/TILIA.webp\",\"contentUrl\":\"https:\\\/\\\/www.vallonchene.fr\\\/wp-content\\\/uploads\\\/2023\\\/11\\\/TILIA.webp\",\"width\":1200,\"height\":1200,\"caption\":\"Feuillage automnal jaune vif du TILIA cordata 'Winter Orange'\"},{\"@type\":\"BreadcrumbList\",\"@id\":\"https:\\\/\\\/www.vallonchene.fr\\\/es\\\/producto\\\/tilia-cordata-winter-orange\\\/#breadcrumb\",\"itemListElement\":[{\"@type\":\"ListItem\",\"position\":1,\"name\":\"Home\",\"item\":\"https:\\\/\\\/www.vallonchene.fr\\\/es\\\/\"},{\"@type\":\"ListItem\",\"position\":2,\"name\":\"Tienda\",\"item\":\"https:\\\/\\\/www.vallonchene.fr\\\/tienda\\\/\"},{\"@type\":\"ListItem\",\"position\":3,\"name\":\"TILIA cordata &#8216;Winter Orange&#8217;\"}]},{\"@type\":\"WebSite\",\"@id\":\"https:\\\/\\\/www.vallonchene.fr\\\/es\\\/#website\",\"url\":\"https:\\\/\\\/www.vallonchene.fr\\\/es\\\/\",\"name\":\"Vallonch\u00eane\",\"description\":\"El vivero donde la calidad tiene sus ra\u00edces \u2013 Tel.: +33 (0)2.35.90.02.02\",\"publisher\":{\"@id\":\"https:\\\/\\\/www.vallonchene.fr\\\/es\\\/#organization\"},\"potentialAction\":[{\"@type\":\"SearchAction\",\"target\":{\"@type\":\"EntryPoint\",\"urlTemplate\":\"https:\\\/\\\/www.vallonchene.fr\\\/es\\\/?s={search_term_string}\"},\"query-input\":{\"@type\":\"PropertyValueSpecification\",\"valueRequired\":true,\"valueName\":\"search_term_string\"}}],\"inLanguage\":\"es\"},{\"@type\":\"Organization\",\"@id\":\"https:\\\/\\\/www.vallonchene.fr\\\/es\\\/#organization\",\"name\":\"VALLONCHENE\",\"url\":\"https:\\\/\\\/www.vallonchene.fr\\\/es\\\/\",\"logo\":{\"@type\":\"ImageObject\",\"inLanguage\":\"es\",\"@id\":\"https:\\\/\\\/www.vallonchene.fr\\\/es\\\/#\\\/schema\\\/logo\\\/image\\\/\",\"url\":\"https:\\\/\\\/www.vallonchene.fr\\\/wp-content\\\/uploads\\\/2023\\\/03\\\/Logo-Vallonchene-site-et-R_hauteur_100.png\",\"contentUrl\":\"https:\\\/\\\/www.vallonchene.fr\\\/wp-content\\\/uploads\\\/2023\\\/03\\\/Logo-Vallonchene-site-et-R_hauteur_100.png\",\"width\":221,\"height\":100,\"caption\":\"VALLONCHENE\"},\"image\":{\"@id\":\"https:\\\/\\\/www.vallonchene.fr\\\/es\\\/#\\\/schema\\\/logo\\\/image\\\/\"},\"sameAs\":[\"https:\\\/\\\/www.facebook.com\\\/vallonchene.fr\",\"https:\\\/\\\/www.instagram.com\\\/vallonchene\\\/\",\"https:\\\/\\\/www.pinterest.fr\\\/vallonchene\\\/\"],\"taxID\":\"49454502300017\",\"hasMerchantReturnPolicy\":{\"@type\":\"MerchantReturnPolicy\",\"merchantReturnLink\":\"https:\\\/\\\/www.vallonchene.fr\\\/remboursements_retours\\\/\"}}]}<\/script>\n<meta property=\"og:availability\" content=\"instock\" \/>\n<meta property=\"product:availability\" content=\"instock\" \/>\n<meta property=\"product:retailer_item_id\" content=\"22919\" \/>\n<meta property=\"product:condition\" content=\"new\" \/>\n<!-- \/ Yoast SEO Premium plugin. -->","yoast_head_json":{"title":"TILIA cordata 'Winter Orange' - tilo de hojas peque\u00f1as","description":"Este tilo de hojas peque\u00f1as tiene una madera naranja en invierno. El follaje oto\u00f1al del TILIA cordata 'Winter Orange' se colorea de un amarillo vivo.","robots":{"index":"index","follow":"follow","max-snippet":"max-snippet:-1","max-image-preview":"max-image-preview:large","max-video-preview":"max-video-preview:-1"},"canonical":"https:\/\/www.vallonchene.fr\/es\/producto\/tilia-cordata-winter-orange\/","og_locale":"es_ES","og_type":"article","og_title":"TILIA cordata 'Winter Orange'","og_description":"Este tilo de hojas peque\u00f1as tiene una madera naranja en invierno. El follaje oto\u00f1al del TILIA cordata 'Winter Orange' se colorea de un amarillo vivo.","og_url":"https:\/\/www.vallonchene.fr\/es\/producto\/tilia-cordata-winter-orange\/","og_site_name":"Vallonch\u00eane","article_publisher":"https:\/\/www.facebook.com\/vallonchene.fr","article_modified_time":"2025-11-01T20:57:31+00:00","og_image":[{"width":1200,"height":1200,"url":"https:\/\/www.vallonchene.fr\/wp-content\/uploads\/2023\/11\/TILIA.webp","type":"image\/webp"}],"twitter_card":"summary_large_image","twitter_misc":{"Disponibilidad":"En stock"},"schema":{"@context":"https:\/\/schema.org","@graph":[{"@type":"WebPage","@id":"https:\/\/www.vallonchene.fr\/es\/producto\/tilia-cordata-winter-orange\/","url":"https:\/\/www.vallonchene.fr\/es\/producto\/tilia-cordata-winter-orange\/","name":"TILIA cordata 'Winter Orange' - tilo de hojas peque\u00f1as","isPartOf":{"@id":"https:\/\/www.vallonchene.fr\/es\/#website"},"primaryImageOfPage":{"@id":"https:\/\/www.vallonchene.fr\/es\/producto\/tilia-cordata-winter-orange\/#primaryimage"},"image":{"@id":"https:\/\/www.vallonchene.fr\/es\/producto\/tilia-cordata-winter-orange\/#primaryimage"},"thumbnailUrl":"https:\/\/www.vallonchene.fr\/wp-content\/uploads\/2023\/11\/TILIA.webp","datePublished":"2021-08-31T11:41:39+00:00","dateModified":"2025-11-01T20:57:31+00:00","description":"Este tilo de hojas peque\u00f1as tiene una madera naranja en invierno. El follaje oto\u00f1al del TILIA cordata 'Winter Orange' se colorea de un amarillo vivo.","breadcrumb":{"@id":"https:\/\/www.vallonchene.fr\/es\/producto\/tilia-cordata-winter-orange\/#breadcrumb"},"inLanguage":"es","potentialAction":[{"@type":"ReadAction","target":["https:\/\/www.vallonchene.fr\/es\/producto\/tilia-cordata-winter-orange\/"]}]},{"@type":"ImageObject","inLanguage":"es","@id":"https:\/\/www.vallonchene.fr\/es\/producto\/tilia-cordata-winter-orange\/#primaryimage","url":"https:\/\/www.vallonchene.fr\/wp-content\/uploads\/2023\/11\/TILIA.webp","contentUrl":"https:\/\/www.vallonchene.fr\/wp-content\/uploads\/2023\/11\/TILIA.webp","width":1200,"height":1200,"caption":"Feuillage automnal jaune vif du TILIA cordata 'Winter Orange'"},{"@type":"BreadcrumbList","@id":"https:\/\/www.vallonchene.fr\/es\/producto\/tilia-cordata-winter-orange\/#breadcrumb","itemListElement":[{"@type":"ListItem","position":1,"name":"Home","item":"https:\/\/www.vallonchene.fr\/es\/"},{"@type":"ListItem","position":2,"name":"Tienda","item":"https:\/\/www.vallonchene.fr\/tienda\/"},{"@type":"ListItem","position":3,"name":"TILIA cordata &#8216;Winter Orange&#8217;"}]},{"@type":"WebSite","@id":"https:\/\/www.vallonchene.fr\/es\/#website","url":"https:\/\/www.vallonchene.fr\/es\/","name":"Vallonch\u00eane","description":"El vivero donde la calidad tiene sus ra\u00edces \u2013 Tel.: +33 (0)2.35.90.02.02","publisher":{"@id":"https:\/\/www.vallonchene.fr\/es\/#organization"},"potentialAction":[{"@type":"SearchAction","target":{"@type":"EntryPoint","urlTemplate":"https:\/\/www.vallonchene.fr\/es\/?s={search_term_string}"},"query-input":{"@type":"PropertyValueSpecification","valueRequired":true,"valueName":"search_term_string"}}],"inLanguage":"es"},{"@type":"Organization","@id":"https:\/\/www.vallonchene.fr\/es\/#organization","name":"VALLONCHENE","url":"https:\/\/www.vallonchene.fr\/es\/","logo":{"@type":"ImageObject","inLanguage":"es","@id":"https:\/\/www.vallonchene.fr\/es\/#\/schema\/logo\/image\/","url":"https:\/\/www.vallonchene.fr\/wp-content\/uploads\/2023\/03\/Logo-Vallonchene-site-et-R_hauteur_100.png","contentUrl":"https:\/\/www.vallonchene.fr\/wp-content\/uploads\/2023\/03\/Logo-Vallonchene-site-et-R_hauteur_100.png","width":221,"height":100,"caption":"VALLONCHENE"},"image":{"@id":"https:\/\/www.vallonchene.fr\/es\/#\/schema\/logo\/image\/"},"sameAs":["https:\/\/www.facebook.com\/vallonchene.fr","https:\/\/www.instagram.com\/vallonchene\/","https:\/\/www.pinterest.fr\/vallonchene\/"],"taxID":"49454502300017","hasMerchantReturnPolicy":{"@type":"MerchantReturnPolicy","merchantReturnLink":"https:\/\/www.vallonchene.fr\/remboursements_retours\/"}}]},"og_availability":"instock","product_availability":"instock","product_retailer_item_id":"22919","product_condition":"new"},"_links":{"self":[{"href":"https:\/\/www.vallonchene.fr\/es\/wp-json\/wp\/v2\/product\/52462","targetHints":{"allow":["GET"]}}],"collection":[{"href":"https:\/\/www.vallonchene.fr\/es\/wp-json\/wp\/v2\/product"}],"about":[{"href":"https:\/\/www.vallonchene.fr\/es\/wp-json\/wp\/v2\/types\/product"}],"replies":[{"embeddable":true,"href":"https:\/\/www.vallonchene.fr\/es\/wp-json\/wp\/v2\/comments?post=52462"}],"wp:featuredmedia":[{"embeddable":true,"href":"https:\/\/www.vallonchene.fr\/es\/wp-json\/wp\/v2\/media\/52463"}],"wp:attachment":[{"href":"https:\/\/www.vallonchene.fr\/es\/wp-json\/wp\/v2\/media?parent=52462"}],"wp:term":[{"taxonomy":"product_brand","embeddable":true,"href":"https:\/\/www.vallonchene.fr\/es\/wp-json\/wp\/v2\/product_brand?post=52462"},{"taxonomy":"product_cat","embeddable":true,"href":"https:\/\/www.vallonchene.fr\/es\/wp-json\/wp\/v2\/product_cat?post=52462"},{"taxonomy":"product_tag","embeddable":true,"href":"https:\/\/www.vallonchene.fr\/es\/wp-json\/wp\/v2\/product_tag?post=52462"}],"curies":[{"name":"wp","href":"https:\/\/api.w.org\/{rel}","templated":true}]}}