{"id":52446,"date":"2021-09-18T10:21:25","date_gmt":"2021-09-18T10:21:25","guid":{"rendered":"https:\/\/www.vallonchene.fr\/produit\/betula-pendula-ssp-pendula-karaca-r\/"},"modified":"2025-06-20T11:18:26","modified_gmt":"2025-06-20T09:18:26","slug":"betula-pendula-ssp-pendula-karaca-r","status":"publish","type":"product","link":"https:\/\/www.vallonchene.fr\/es\/producto\/betula-pendula-ssp-pendula-karaca-r\/","title":{"rendered":"BETULA pendula ssp. pendula &#8216;Karaca&#8217; (R)"},"content":{"rendered":"<h2>La Planta<\/h2>\n<p>El <br \/> <strong>BETULA pendula ssp. pendula &#8216;Karaca&#8217; <\/strong> (R) es un abedul com\u00fan fascinante. De hecho, sus <strong>hojas son extremadamente finas<\/strong>, como encaje. Se podr\u00edan incluso calificar como ramilletes de hilos. Se asemejan a las de algunos arces japoneses, pero sin sus inconvenientes, ya que es una planta muy resistente.   <\/p>\n<p>Asociado con sus <strong>ramas colgantes<\/strong>, este \u00e1rbol muy peque\u00f1o se distingue por una <strong>apariencia elegante, ligera y llena de gracia<\/strong>. Por ello, es perfectamente adecuado para los jardines japoneses y la plantaci\u00f3n en maceta para crear ambientes rom\u00e1nticos. <\/p>\n<p>Adem\u00e1s, su <strong>crecimiento muy lento<\/strong> da como resultado un \u00e1rbol que, despu\u00e9s de muchos a\u00f1os, no superar\u00e1 los 2 metros de altura y ocupar\u00e1 una superficie de aproximadamente 1,50 metros. Por lo tanto, es mucho m\u00e1s peque\u00f1o que la especie tipo. <\/p>\n<p>Finalmente, <strong>en oto\u00f1o, su follaje adquiere un color amarillo intenso<\/strong> para resaltar el espect\u00e1culo.<\/p>\n<p><strong>A medida que envejece, la corteza comienza a desprenderse<\/strong>, desarrollando una textura oscura y rugosa. Esto crea un contraste sorprendente con el follaje delicado. <\/p>\n<p>Para ver todos los BETULA disponibles actualmente a la venta, <strong><a href=\"https:\/\/www.vallonchene.fr\/es\/?s=betula&amp;post_type=product&amp;dgwt_wcas=1&amp;lang=fr&amp;filter_stock_status=instock\">por favor haga clic aqu\u00ed<\/a><\/strong>.<\/p>\n<h2>C\u00f3mo plantar y cuidar el BETULA pendula ssp. pendula &#8216;Karaca&#8217;? <\/h2>\n<p>Para aprovechar al m\u00e1ximo esta <strong>planta muy resistente<\/strong> (capaz de soportar temperaturas inferiores a -20 \u00b0C), aqu\u00ed hay algunos puntos a considerar:<\/p>\n<h3>Plantaci\u00f3n <br \/><\/h3>\n<ol>\n<li>Elija un lugar con exposici\u00f3n total al <strong>sol<\/strong> o en <strong>semisombra<\/strong>.<\/li>\n<li>Este peque\u00f1o \u00e1rbol tolera <strong>suelos h\u00famedos y moderadamente h\u00famedos<\/strong>. Prefiera un lugar h\u00famedo, f\u00e9rtil y bien drenado. <\/li>\n<li>La tierra puede ser <strong>ligera, media o pesada<\/strong>, con un <strong>pH \u00e1cido, neutro o alcalino<\/strong>.<\/li>\n<li>Para una buena preparaci\u00f3n del hoyo de plantaci\u00f3n, hemos dise\u00f1ado <a href=\"https:\/\/www.vallonchene.fr\/comment-planter-et-entretenir-des-vegetaux\/comment-planter-et-entretenir-arbres-arbustes-et-coniferes\/\" target=\"_blank\" rel=\"noreferrer noopener\"><strong>instrucciones espec\u00edficas disponibles aqu\u00ed<\/strong><\/a>.<\/li>\n<\/ol>\n<h3>Cuidado <br \/><\/h3>\n<p>Aparte de las recomendaciones habituales de mantener un riego regular durante los per\u00edodos secos en los dos primeros a\u00f1os, este abedul com\u00fan no requiere cuidados especiales. Le invitamos a consultar tambi\u00e9n <a href=\"https:\/\/www.vallonchene.fr\/comment-bien-arroser-le-jardin-et-economiser-leau\/\"><strong>nuestros consejos sobre c\u00f3mo regar correctamente y ahorrar agua aqu\u00ed<\/strong><\/a>.<\/p>\n<p><strong>\u00a1ATENCI\u00d3N!<\/strong> Si debe podarlo, h\u00e1galo en enero o febrero y, en todo caso, antes de la subida de savia. De lo contrario, corre el riesgo de un \u00absangrado\u00bb que podr\u00eda ser peligroso para la planta. <\/p>\n<h2>Historia y Origen<\/h2>\n<p>El BETULA pendula ssp. pendula &#8216;Karaca&#8217; fue descubierto en Turqu\u00eda en el a\u00f1o 2000 por el bot\u00e1nico h\u00fangaro Dr. L\u00e1szl\u00f3 Orloci, quien not\u00f3 sus caracter\u00edsticas \u00fanicas en la rama de un \u00e1rbol silvestre (ver <strong><a href=\"https:\/\/www.rhs.org.uk\/plants\/plants-blogs\/plants\/december-2020\/betula-pendula-karaca\">RHS<\/a><\/strong>). Posteriormente, lo nombr\u00f3 en honor a su amigo, el cazador de plantas turco Hayrettin Karaca.   <\/p>\n<p>Por otro lado, la especie tipo <em>BETULA pendula ssp. pendula <\/em> Crece de manera natural en Europa, Siberia, Marruecos y el norte de Ir\u00e1n. Desempe\u00f1a un papel importante en proyectos de reforestaci\u00f3n. <\/p>\n<p>La madera se utiliza para la calefacci\u00f3n y la construcci\u00f3n.<\/p>\n","protected":false},"excerpt":{"rendered":"<p class=\"ai-optimize-24\">Este <strong>abedul com\u00fan<\/strong> tiene un follaje muy finamente recortado. <br \/> El <br \/> <strong>BETULA pendula ssp. pendula &#8216;Karaca&#8217; <\/strong> tiene un dise\u00f1o muy elegante y ligero. <\/p>\n","protected":false},"featured_media":53959,"comment_status":"open","ping_status":"closed","template":"","meta":[],"product_brand":[],"product_cat":[11499],"product_tag":[12585,12204,12205],"class_list":{"0":"post-52446","1":"product","2":"type-product","3":"status-publish","4":"has-post-thumbnail","6":"product_cat-arbustos-y-arboles","7":"product_tag-abedul-comun","8":"product_tag-betula-es","9":"product_tag-betula-pendula-es","10":"pa_99-hauteurapproximativeapres1-1_00-a-1_50-m","11":"pa_couleurdufeuillage-verde","12":"pa_exigencesenhumidite-moderadamente-humedo-a-humedo","13":"pa_exigencesenhumidite-promedio","14":"pa_expositionspossibles-pleno-sol-de-12-a-17-min","15":"pa_expositionspossibles-sombra-parcial-evitar-el-sol-de-12-a-17-horas","16":"pa_hauteurlivree-175-a-200-cm-es","17":"pa_hauteurlivree-40-a-50-cm-es","18":"pa_interetauprintemps-brotes-jovenes","19":"pa_interetauprintemps-flores","20":"pa_interetauprintemps-follaje","21":"pa_interetenautomne-follaje","22":"pa_interetenautomne-habitus","23":"pa_interetenete-follaje","24":"pa_interetenete-habitus","25":"pa_naturedufeuillage-caduco","26":"pa_naturedufeuillage-laciniado","27":"pa_naturesdesolpossibles-ligero","28":"pa_naturesdesolpossibles-normal-es","29":"pa_naturesdesolpossibles-pesado","30":"pa_periodedefloraison-primavera","31":"pa_periodedetaille-enero","32":"pa_periodedetaille-febrero","33":"pa_phdusolacceptable-acido-menos-de-6_5","34":"pa_phdusolacceptable-calcareo-mas-de-7_5","35":"pa_phdusolacceptable-neutro-entre-6_5-y-7_5","36":"pa_portgraphisme-fastigiado","37":"pa_portgraphisme-lloron","38":"pa_resistanceaufroidrusticite-resistente-por-debajo-de-menos-20-c","39":"pa_tailledepot-maceta-de-15-litros","40":"pa_tailledepot-maceta-de-4-litros","41":"pa_utilisationpossible-aislado","42":"pa_utilisationpossible-arriate","43":"pa_utilisationpossible-contenedor-o-olla","45":"first","46":"instock","47":"taxable","48":"shipping-taxable","49":"purchasable","50":"product-type-variable","51":"has-default-attributes"},"supplier_id":null,"supplier_sku":"","barcode":null,"atum_controlled":true,"out_stock_date":null,"out_stock_threshold":null,"inheritable":true,"inbound_stock":0,"stock_on_hold":0,"sold_today":0,"sales_last_days":0,"reserved_stock":0,"customer_returns":0,"warehouse_damage":0,"lost_in_post":0,"other_logs":0,"out_stock_days":null,"lost_sales":0,"has_location":false,"update_date":"2026-01-01T10:38:38","atum_locations":[],"atum_stock_status":"instock","restock_status":false,"low_stock_amount":"","sales_update_date":"2025-12-11T09:06:01","calc_backorders":null,"yoast_head":"<!-- This site is optimized with the Yoast SEO Premium plugin v27.4 (Yoast SEO v27.4) - https:\/\/yoast.com\/product\/yoast-seo-premium-wordpress\/ -->\n<title>BETULA pendula ssp. pendula &#039;Karaca&#039; (R) - abedul com\u00fan<\/title>\n<meta name=\"description\" content=\"Este abedul com\u00fan tiene un follaje muy finamente recortado. El BETULA pendula ssp. pendula &#039;Karaca&#039; tiene un dise\u00f1o muy elegante y ligero.\" \/>\n<meta name=\"robots\" content=\"index, follow, max-snippet:-1, max-image-preview:large, max-video-preview:-1\" \/>\n<link rel=\"canonical\" href=\"https:\/\/www.vallonchene.fr\/es\/producto\/betula-pendula-ssp-pendula-karaca-r\/\" \/>\n<meta property=\"og:locale\" content=\"es_ES\" \/>\n<meta property=\"og:type\" content=\"article\" \/>\n<meta property=\"og:title\" content=\"BETULA pendula ssp. pendula &#039;Karaca&#039; (R)\" \/>\n<meta property=\"og:description\" content=\"Este abedul com\u00fan tiene un follaje muy finamente recortado. El BETULA pendula ssp. pendula &#039;Karaca&#039; tiene un dise\u00f1o muy elegante y ligero.\" \/>\n<meta property=\"og:url\" content=\"https:\/\/www.vallonchene.fr\/es\/producto\/betula-pendula-ssp-pendula-karaca-r\/\" \/>\n<meta property=\"og:site_name\" content=\"Vallonch\u00eane\" \/>\n<meta property=\"article:publisher\" content=\"https:\/\/www.facebook.com\/vallonchene.fr\" \/>\n<meta property=\"article:modified_time\" content=\"2025-06-20T09:18:26+00:00\" \/>\n<meta property=\"og:image\" content=\"https:\/\/www.vallonchene.fr\/wp-content\/uploads\/2025\/05\/BETULA-pendula-ssp.-pendula-Karaca-R.webp\" \/>\n\t<meta property=\"og:image:width\" content=\"1200\" \/>\n\t<meta property=\"og:image:height\" content=\"1200\" \/>\n\t<meta property=\"og:image:type\" content=\"image\/webp\" \/>\n<meta name=\"twitter:card\" content=\"summary_large_image\" \/>\n<meta name=\"twitter:label1\" content=\"Disponibilidad\" \/>\n\t<meta name=\"twitter:data1\" content=\"En stock\" \/>\n<script type=\"application\/ld+json\" class=\"yoast-schema-graph\">{\"@context\":\"https:\\\/\\\/schema.org\",\"@graph\":[{\"@type\":\"WebPage\",\"@id\":\"https:\\\/\\\/www.vallonchene.fr\\\/es\\\/producto\\\/betula-pendula-ssp-pendula-karaca-r\\\/\",\"url\":\"https:\\\/\\\/www.vallonchene.fr\\\/es\\\/producto\\\/betula-pendula-ssp-pendula-karaca-r\\\/\",\"name\":\"BETULA pendula ssp. pendula 'Karaca' (R) - abedul com\u00fan\",\"isPartOf\":{\"@id\":\"https:\\\/\\\/www.vallonchene.fr\\\/es\\\/#website\"},\"primaryImageOfPage\":{\"@id\":\"https:\\\/\\\/www.vallonchene.fr\\\/es\\\/producto\\\/betula-pendula-ssp-pendula-karaca-r\\\/#primaryimage\"},\"image\":{\"@id\":\"https:\\\/\\\/www.vallonchene.fr\\\/es\\\/producto\\\/betula-pendula-ssp-pendula-karaca-r\\\/#primaryimage\"},\"thumbnailUrl\":\"https:\\\/\\\/www.vallonchene.fr\\\/wp-content\\\/uploads\\\/2025\\\/05\\\/BETULA-pendula-ssp.-pendula-Karaca-R.webp\",\"datePublished\":\"2021-09-18T10:21:25+00:00\",\"dateModified\":\"2025-06-20T09:18:26+00:00\",\"description\":\"Este abedul com\u00fan tiene un follaje muy finamente recortado. El BETULA pendula ssp. pendula 'Karaca' tiene un dise\u00f1o muy elegante y ligero.\",\"breadcrumb\":{\"@id\":\"https:\\\/\\\/www.vallonchene.fr\\\/es\\\/producto\\\/betula-pendula-ssp-pendula-karaca-r\\\/#breadcrumb\"},\"inLanguage\":\"es\",\"potentialAction\":[{\"@type\":\"ReadAction\",\"target\":[\"https:\\\/\\\/www.vallonchene.fr\\\/es\\\/producto\\\/betula-pendula-ssp-pendula-karaca-r\\\/\"]}]},{\"@type\":\"ImageObject\",\"inLanguage\":\"es\",\"@id\":\"https:\\\/\\\/www.vallonchene.fr\\\/es\\\/producto\\\/betula-pendula-ssp-pendula-karaca-r\\\/#primaryimage\",\"url\":\"https:\\\/\\\/www.vallonchene.fr\\\/wp-content\\\/uploads\\\/2025\\\/05\\\/BETULA-pendula-ssp.-pendula-Karaca-R.webp\",\"contentUrl\":\"https:\\\/\\\/www.vallonchene.fr\\\/wp-content\\\/uploads\\\/2025\\\/05\\\/BETULA-pendula-ssp.-pendula-Karaca-R.webp\",\"width\":1200,\"height\":1200,\"caption\":\"El follaje de Betula pendula ssp. pendula 'Karaca' es fino como el encaje\"},{\"@type\":\"BreadcrumbList\",\"@id\":\"https:\\\/\\\/www.vallonchene.fr\\\/es\\\/producto\\\/betula-pendula-ssp-pendula-karaca-r\\\/#breadcrumb\",\"itemListElement\":[{\"@type\":\"ListItem\",\"position\":1,\"name\":\"Home\",\"item\":\"https:\\\/\\\/www.vallonchene.fr\\\/es\\\/\"},{\"@type\":\"ListItem\",\"position\":2,\"name\":\"Tienda\",\"item\":\"https:\\\/\\\/www.vallonchene.fr\\\/tienda\\\/\"},{\"@type\":\"ListItem\",\"position\":3,\"name\":\"Venta en linea\",\"item\":\"https:\\\/\\\/www.vallonchene.fr\\\/es\\\/categoria-producto\\\/venta-en-linea\\\/\"},{\"@type\":\"ListItem\",\"position\":4,\"name\":\"Vivero\",\"item\":\"https:\\\/\\\/www.vallonchene.fr\\\/es\\\/categoria-producto\\\/venta-en-linea\\\/vivero\\\/\"},{\"@type\":\"ListItem\",\"position\":5,\"name\":\"Arbustos y \u00e1rboles\",\"item\":\"https:\\\/\\\/www.vallonchene.fr\\\/es\\\/categoria-producto\\\/venta-en-linea\\\/vivero\\\/arbustos-y-arboles\\\/\"},{\"@type\":\"ListItem\",\"position\":6,\"name\":\"BETULA pendula ssp. pendula &#8216;Karaca&#8217; (R)\"}]},{\"@type\":\"WebSite\",\"@id\":\"https:\\\/\\\/www.vallonchene.fr\\\/es\\\/#website\",\"url\":\"https:\\\/\\\/www.vallonchene.fr\\\/es\\\/\",\"name\":\"Vallonch\u00eane\",\"description\":\"El vivero donde la calidad tiene sus ra\u00edces \u2013 Tel.: +33 (0)2.35.90.02.02\",\"publisher\":{\"@id\":\"https:\\\/\\\/www.vallonchene.fr\\\/es\\\/#organization\"},\"potentialAction\":[{\"@type\":\"SearchAction\",\"target\":{\"@type\":\"EntryPoint\",\"urlTemplate\":\"https:\\\/\\\/www.vallonchene.fr\\\/es\\\/?s={search_term_string}\"},\"query-input\":{\"@type\":\"PropertyValueSpecification\",\"valueRequired\":true,\"valueName\":\"search_term_string\"}}],\"inLanguage\":\"es\"},{\"@type\":\"Organization\",\"@id\":\"https:\\\/\\\/www.vallonchene.fr\\\/es\\\/#organization\",\"name\":\"VALLONCHENE\",\"url\":\"https:\\\/\\\/www.vallonchene.fr\\\/es\\\/\",\"logo\":{\"@type\":\"ImageObject\",\"inLanguage\":\"es\",\"@id\":\"https:\\\/\\\/www.vallonchene.fr\\\/es\\\/#\\\/schema\\\/logo\\\/image\\\/\",\"url\":\"https:\\\/\\\/www.vallonchene.fr\\\/wp-content\\\/uploads\\\/2023\\\/03\\\/Logo-Vallonchene-site-et-R_hauteur_100.png\",\"contentUrl\":\"https:\\\/\\\/www.vallonchene.fr\\\/wp-content\\\/uploads\\\/2023\\\/03\\\/Logo-Vallonchene-site-et-R_hauteur_100.png\",\"width\":221,\"height\":100,\"caption\":\"VALLONCHENE\"},\"image\":{\"@id\":\"https:\\\/\\\/www.vallonchene.fr\\\/es\\\/#\\\/schema\\\/logo\\\/image\\\/\"},\"sameAs\":[\"https:\\\/\\\/www.facebook.com\\\/vallonchene.fr\",\"https:\\\/\\\/www.instagram.com\\\/vallonchene\\\/\",\"https:\\\/\\\/www.pinterest.fr\\\/vallonchene\\\/\"],\"taxID\":\"49454502300017\",\"hasMerchantReturnPolicy\":{\"@type\":\"MerchantReturnPolicy\",\"merchantReturnLink\":\"https:\\\/\\\/www.vallonchene.fr\\\/remboursements_retours\\\/\"}}]}<\/script>\n<meta property=\"og:availability\" content=\"instock\" \/>\n<meta property=\"product:availability\" content=\"instock\" \/>\n<meta property=\"product:retailer_item_id\" content=\"51539\" \/>\n<meta property=\"product:condition\" content=\"new\" \/>\n<!-- \/ Yoast SEO Premium plugin. -->","yoast_head_json":{"title":"BETULA pendula ssp. pendula 'Karaca' (R) - abedul com\u00fan","description":"Este abedul com\u00fan tiene un follaje muy finamente recortado. El BETULA pendula ssp. pendula 'Karaca' tiene un dise\u00f1o muy elegante y ligero.","robots":{"index":"index","follow":"follow","max-snippet":"max-snippet:-1","max-image-preview":"max-image-preview:large","max-video-preview":"max-video-preview:-1"},"canonical":"https:\/\/www.vallonchene.fr\/es\/producto\/betula-pendula-ssp-pendula-karaca-r\/","og_locale":"es_ES","og_type":"article","og_title":"BETULA pendula ssp. pendula 'Karaca' (R)","og_description":"Este abedul com\u00fan tiene un follaje muy finamente recortado. El BETULA pendula ssp. pendula 'Karaca' tiene un dise\u00f1o muy elegante y ligero.","og_url":"https:\/\/www.vallonchene.fr\/es\/producto\/betula-pendula-ssp-pendula-karaca-r\/","og_site_name":"Vallonch\u00eane","article_publisher":"https:\/\/www.facebook.com\/vallonchene.fr","article_modified_time":"2025-06-20T09:18:26+00:00","og_image":[{"width":1200,"height":1200,"url":"https:\/\/www.vallonchene.fr\/wp-content\/uploads\/2025\/05\/BETULA-pendula-ssp.-pendula-Karaca-R.webp","type":"image\/webp"}],"twitter_card":"summary_large_image","twitter_misc":{"Disponibilidad":"En stock"},"schema":{"@context":"https:\/\/schema.org","@graph":[{"@type":"WebPage","@id":"https:\/\/www.vallonchene.fr\/es\/producto\/betula-pendula-ssp-pendula-karaca-r\/","url":"https:\/\/www.vallonchene.fr\/es\/producto\/betula-pendula-ssp-pendula-karaca-r\/","name":"BETULA pendula ssp. pendula 'Karaca' (R) - abedul com\u00fan","isPartOf":{"@id":"https:\/\/www.vallonchene.fr\/es\/#website"},"primaryImageOfPage":{"@id":"https:\/\/www.vallonchene.fr\/es\/producto\/betula-pendula-ssp-pendula-karaca-r\/#primaryimage"},"image":{"@id":"https:\/\/www.vallonchene.fr\/es\/producto\/betula-pendula-ssp-pendula-karaca-r\/#primaryimage"},"thumbnailUrl":"https:\/\/www.vallonchene.fr\/wp-content\/uploads\/2025\/05\/BETULA-pendula-ssp.-pendula-Karaca-R.webp","datePublished":"2021-09-18T10:21:25+00:00","dateModified":"2025-06-20T09:18:26+00:00","description":"Este abedul com\u00fan tiene un follaje muy finamente recortado. El BETULA pendula ssp. pendula 'Karaca' tiene un dise\u00f1o muy elegante y ligero.","breadcrumb":{"@id":"https:\/\/www.vallonchene.fr\/es\/producto\/betula-pendula-ssp-pendula-karaca-r\/#breadcrumb"},"inLanguage":"es","potentialAction":[{"@type":"ReadAction","target":["https:\/\/www.vallonchene.fr\/es\/producto\/betula-pendula-ssp-pendula-karaca-r\/"]}]},{"@type":"ImageObject","inLanguage":"es","@id":"https:\/\/www.vallonchene.fr\/es\/producto\/betula-pendula-ssp-pendula-karaca-r\/#primaryimage","url":"https:\/\/www.vallonchene.fr\/wp-content\/uploads\/2025\/05\/BETULA-pendula-ssp.-pendula-Karaca-R.webp","contentUrl":"https:\/\/www.vallonchene.fr\/wp-content\/uploads\/2025\/05\/BETULA-pendula-ssp.-pendula-Karaca-R.webp","width":1200,"height":1200,"caption":"El follaje de Betula pendula ssp. pendula 'Karaca' es fino como el encaje"},{"@type":"BreadcrumbList","@id":"https:\/\/www.vallonchene.fr\/es\/producto\/betula-pendula-ssp-pendula-karaca-r\/#breadcrumb","itemListElement":[{"@type":"ListItem","position":1,"name":"Home","item":"https:\/\/www.vallonchene.fr\/es\/"},{"@type":"ListItem","position":2,"name":"Tienda","item":"https:\/\/www.vallonchene.fr\/tienda\/"},{"@type":"ListItem","position":3,"name":"Venta en linea","item":"https:\/\/www.vallonchene.fr\/es\/categoria-producto\/venta-en-linea\/"},{"@type":"ListItem","position":4,"name":"Vivero","item":"https:\/\/www.vallonchene.fr\/es\/categoria-producto\/venta-en-linea\/vivero\/"},{"@type":"ListItem","position":5,"name":"Arbustos y \u00e1rboles","item":"https:\/\/www.vallonchene.fr\/es\/categoria-producto\/venta-en-linea\/vivero\/arbustos-y-arboles\/"},{"@type":"ListItem","position":6,"name":"BETULA pendula ssp. pendula &#8216;Karaca&#8217; (R)"}]},{"@type":"WebSite","@id":"https:\/\/www.vallonchene.fr\/es\/#website","url":"https:\/\/www.vallonchene.fr\/es\/","name":"Vallonch\u00eane","description":"El vivero donde la calidad tiene sus ra\u00edces \u2013 Tel.: +33 (0)2.35.90.02.02","publisher":{"@id":"https:\/\/www.vallonchene.fr\/es\/#organization"},"potentialAction":[{"@type":"SearchAction","target":{"@type":"EntryPoint","urlTemplate":"https:\/\/www.vallonchene.fr\/es\/?s={search_term_string}"},"query-input":{"@type":"PropertyValueSpecification","valueRequired":true,"valueName":"search_term_string"}}],"inLanguage":"es"},{"@type":"Organization","@id":"https:\/\/www.vallonchene.fr\/es\/#organization","name":"VALLONCHENE","url":"https:\/\/www.vallonchene.fr\/es\/","logo":{"@type":"ImageObject","inLanguage":"es","@id":"https:\/\/www.vallonchene.fr\/es\/#\/schema\/logo\/image\/","url":"https:\/\/www.vallonchene.fr\/wp-content\/uploads\/2023\/03\/Logo-Vallonchene-site-et-R_hauteur_100.png","contentUrl":"https:\/\/www.vallonchene.fr\/wp-content\/uploads\/2023\/03\/Logo-Vallonchene-site-et-R_hauteur_100.png","width":221,"height":100,"caption":"VALLONCHENE"},"image":{"@id":"https:\/\/www.vallonchene.fr\/es\/#\/schema\/logo\/image\/"},"sameAs":["https:\/\/www.facebook.com\/vallonchene.fr","https:\/\/www.instagram.com\/vallonchene\/","https:\/\/www.pinterest.fr\/vallonchene\/"],"taxID":"49454502300017","hasMerchantReturnPolicy":{"@type":"MerchantReturnPolicy","merchantReturnLink":"https:\/\/www.vallonchene.fr\/remboursements_retours\/"}}]},"og_availability":"instock","product_availability":"instock","product_retailer_item_id":"51539","product_condition":"new"},"_links":{"self":[{"href":"https:\/\/www.vallonchene.fr\/es\/wp-json\/wp\/v2\/product\/52446","targetHints":{"allow":["GET"]}}],"collection":[{"href":"https:\/\/www.vallonchene.fr\/es\/wp-json\/wp\/v2\/product"}],"about":[{"href":"https:\/\/www.vallonchene.fr\/es\/wp-json\/wp\/v2\/types\/product"}],"replies":[{"embeddable":true,"href":"https:\/\/www.vallonchene.fr\/es\/wp-json\/wp\/v2\/comments?post=52446"}],"wp:featuredmedia":[{"embeddable":true,"href":"https:\/\/www.vallonchene.fr\/es\/wp-json\/wp\/v2\/media\/53959"}],"wp:attachment":[{"href":"https:\/\/www.vallonchene.fr\/es\/wp-json\/wp\/v2\/media?parent=52446"}],"wp:term":[{"taxonomy":"product_brand","embeddable":true,"href":"https:\/\/www.vallonchene.fr\/es\/wp-json\/wp\/v2\/product_brand?post=52446"},{"taxonomy":"product_cat","embeddable":true,"href":"https:\/\/www.vallonchene.fr\/es\/wp-json\/wp\/v2\/product_cat?post=52446"},{"taxonomy":"product_tag","embeddable":true,"href":"https:\/\/www.vallonchene.fr\/es\/wp-json\/wp\/v2\/product_tag?post=52446"}],"curies":[{"name":"wp","href":"https:\/\/api.w.org\/{rel}","templated":true}]}}