{"id":52115,"date":"2022-02-26T14:53:17","date_gmt":"2022-02-26T14:53:17","guid":{"rendered":"https:\/\/www.vallonchene.fr\/produit\/decaisnea-fargesii\/"},"modified":"2022-02-26T14:53:17","modified_gmt":"2022-02-26T13:53:17","slug":"decaisnea-fargesii","status":"publish","type":"product","link":"https:\/\/www.vallonchene.fr\/es\/producto\/decaisnea-fargesii\/","title":{"rendered":"DECAISNEA fargesii"},"content":{"rendered":"","protected":false},"excerpt":{"rendered":"<p>El <strong>\u00e1rbol de las salchichas azules<\/strong> es un \u00e1rbol peque\u00f1o y de forma redondeada. Los frutos de <strong>DECAISNEA fargesii<\/strong> son claramente frijoles azules. <\/p>\n","protected":false},"featured_media":52116,"comment_status":"open","ping_status":"closed","template":"","meta":[],"product_brand":[],"product_cat":[11499],"product_tag":[12280],"class_list":{"0":"post-52115","1":"product","2":"type-product","3":"status-publish","4":"has-post-thumbnail","6":"product_cat-arbustos-y-arboles","7":"product_tag-decaisnea-es","8":"pa_99-hauteurapproximativeapres1-3-a-5-m","9":"pa_couleurdesfleurs-verde","10":"pa_couleurdesfruits-azul","11":"pa_couleurdufeuillage-verde","12":"pa_exigencesenhumidite-promedio","13":"pa_exigencesenhumidite-seco","14":"pa_expositionspossibles-pleno-sol-de-12-a-17-min","15":"pa_expositionspossibles-sombra-parcial-evitar-el-sol-de-12-a-17-horas","16":"pa_hauteurlivree-10-a-15-cm-es","17":"pa_hauteurlivree-100-a-125-cm","18":"pa_hauteurlivree-125-a-150-cm-es","19":"pa_hauteurlivree-150-a-175-cm-es","20":"pa_hauteurlivree-175-a-200-cm-es","21":"pa_hauteurlivree-20-a-25-cm-es","22":"pa_hauteurlivree-200-a-250-cm-es","23":"pa_hauteurlivree-25-a-30-cm-es","24":"pa_hauteurlivree-250-a-300-cm-es","25":"pa_hauteurlivree-30-a-40-cm-es","26":"pa_hauteurlivree-40-a-50-cm-es","27":"pa_hauteurlivree-50-a-60-cm-es","28":"pa_hauteurlivree-60-a-80-cm-es","29":"pa_hauteurlivree-70-a-80-cm-es","30":"pa_hauteurlivree-80-a-100-cm-es","31":"pa_hauteurlivree-80-cm-en-tallo","32":"pa_interetauprintemps-flores","33":"pa_interetauprintemps-follaje","34":"pa_interetenautomne-follaje","35":"pa_interetenete-follaje","36":"pa_interetenete-frutas","37":"pa_naturedufeuillage-caduco","38":"pa_naturesdesolpossibles-ligero","39":"pa_naturesdesolpossibles-normal-es","40":"pa_naturesdesolpossibles-pesado","41":"pa_periodedefloraison-primavera","42":"pa_periodedetaille-enero","43":"pa_periodedetaille-febrero","44":"pa_phdusolacceptable-acido-menos-de-6_5","45":"pa_phdusolacceptable-calcareo-mas-de-7_5","46":"pa_phdusolacceptable-neutro-entre-6_5-y-7_5","47":"pa_portgraphisme-globoso","48":"pa_resistanceaufroidrusticite-resistente-hasta-menos-20-c","49":"pa_tailledepot-maceta-de-1-litro","50":"pa_tailledepot-maceta-de-1_5-litros","51":"pa_tailledepot-maceta-de-10-litros","52":"pa_tailledepot-maceta-de-12-litros","53":"pa_tailledepot-maceta-de-15-litros","54":"pa_tailledepot-maceta-de-2-litros","55":"pa_tailledepot-maceta-de-20-litros","56":"pa_tailledepot-maceta-de-3-litros","57":"pa_tailledepot-maceta-de-4-litros","58":"pa_tailledepot-maceta-de-40-litros","59":"pa_tailledepot-maceta-de-5-litros","60":"pa_tailledepot-maceta-de-7_5-litros","61":"pa_utilisationpossible-aislado","62":"pa_utilisationpossible-arriate","63":"pa_utilisationpossible-contenedor-o-olla","65":"first","66":"instock","67":"taxable","68":"shipping-taxable","69":"purchasable","70":"product-type-variable","71":"has-default-attributes"},"supplier_id":null,"supplier_sku":"","barcode":null,"atum_controlled":true,"out_stock_date":null,"out_stock_threshold":null,"inheritable":true,"inbound_stock":0,"stock_on_hold":0,"sold_today":0,"sales_last_days":0,"reserved_stock":0,"customer_returns":0,"warehouse_damage":0,"lost_in_post":0,"other_logs":0,"out_stock_days":null,"lost_sales":0,"has_location":false,"update_date":"2025-11-30T16:10:31","atum_locations":[],"atum_stock_status":"instock","restock_status":false,"low_stock_amount":"","sales_update_date":"2023-07-20T13:27:21","calc_backorders":null,"yoast_head":"<!-- This site is optimized with the Yoast SEO Premium plugin v27.4 (Yoast SEO v27.4) - https:\/\/yoast.com\/product\/yoast-seo-premium-wordpress\/ -->\n<title>DECAISNEA fargesii \u2014 \u00e1rbol de las salchichas azules<\/title>\n<meta name=\"description\" content=\"El \u00e1rbol de las salchichas azules es un \u00e1rbol peque\u00f1o y de forma redondeada. Los frutos de DECAISNEA fargesii son claramente frijoles azules.\" \/>\n<meta name=\"robots\" content=\"index, follow, max-snippet:-1, max-image-preview:large, max-video-preview:-1\" \/>\n<link rel=\"canonical\" href=\"https:\/\/www.vallonchene.fr\/es\/producto\/decaisnea-fargesii\/\" \/>\n<meta property=\"og:locale\" content=\"es_ES\" \/>\n<meta property=\"og:type\" content=\"article\" \/>\n<meta property=\"og:title\" content=\"DECAISNEA fargesii\" \/>\n<meta property=\"og:description\" content=\"El \u00e1rbol de las salchichas azules es un \u00e1rbol peque\u00f1o y de forma redondeada. Los frutos de DECAISNEA fargesii son claramente frijoles azules.\" \/>\n<meta property=\"og:url\" content=\"https:\/\/www.vallonchene.fr\/es\/producto\/decaisnea-fargesii\/\" \/>\n<meta property=\"og:site_name\" content=\"Vallonch\u00eane\" \/>\n<meta property=\"article:publisher\" content=\"https:\/\/www.facebook.com\/vallonchene.fr\" \/>\n<meta property=\"og:image\" content=\"https:\/\/www.vallonchene.fr\/wp-content\/uploads\/2022\/02\/4252-878-DECAISNEA-fargesii-arbre-aux-haricots-bleus.jpg\" \/>\n\t<meta property=\"og:image:width\" content=\"800\" \/>\n\t<meta property=\"og:image:height\" content=\"800\" \/>\n\t<meta property=\"og:image:type\" content=\"image\/jpeg\" \/>\n<meta name=\"twitter:card\" content=\"summary_large_image\" \/>\n<meta name=\"twitter:label1\" content=\"Disponibilidad\" \/>\n\t<meta name=\"twitter:data1\" content=\"En stock\" \/>\n<script type=\"application\/ld+json\" class=\"yoast-schema-graph\">{\"@context\":\"https:\\\/\\\/schema.org\",\"@graph\":[{\"@type\":\"WebPage\",\"@id\":\"https:\\\/\\\/www.vallonchene.fr\\\/es\\\/producto\\\/decaisnea-fargesii\\\/\",\"url\":\"https:\\\/\\\/www.vallonchene.fr\\\/es\\\/producto\\\/decaisnea-fargesii\\\/\",\"name\":\"DECAISNEA fargesii \u2014 \u00e1rbol de las salchichas azules\",\"isPartOf\":{\"@id\":\"https:\\\/\\\/www.vallonchene.fr\\\/es\\\/#website\"},\"primaryImageOfPage\":{\"@id\":\"https:\\\/\\\/www.vallonchene.fr\\\/es\\\/producto\\\/decaisnea-fargesii\\\/#primaryimage\"},\"image\":{\"@id\":\"https:\\\/\\\/www.vallonchene.fr\\\/es\\\/producto\\\/decaisnea-fargesii\\\/#primaryimage\"},\"thumbnailUrl\":\"https:\\\/\\\/www.vallonchene.fr\\\/wp-content\\\/uploads\\\/2022\\\/02\\\/4252-878-DECAISNEA-fargesii-arbre-aux-haricots-bleus.jpg\",\"datePublished\":\"2022-02-26T14:53:17+00:00\",\"description\":\"El \u00e1rbol de las salchichas azules es un \u00e1rbol peque\u00f1o y de forma redondeada. Los frutos de DECAISNEA fargesii son claramente frijoles azules.\",\"breadcrumb\":{\"@id\":\"https:\\\/\\\/www.vallonchene.fr\\\/es\\\/producto\\\/decaisnea-fargesii\\\/#breadcrumb\"},\"inLanguage\":\"es\",\"potentialAction\":[{\"@type\":\"ReadAction\",\"target\":[\"https:\\\/\\\/www.vallonchene.fr\\\/es\\\/producto\\\/decaisnea-fargesii\\\/\"]}]},{\"@type\":\"ImageObject\",\"inLanguage\":\"es\",\"@id\":\"https:\\\/\\\/www.vallonchene.fr\\\/es\\\/producto\\\/decaisnea-fargesii\\\/#primaryimage\",\"url\":\"https:\\\/\\\/www.vallonchene.fr\\\/wp-content\\\/uploads\\\/2022\\\/02\\\/4252-878-DECAISNEA-fargesii-arbre-aux-haricots-bleus.jpg\",\"contentUrl\":\"https:\\\/\\\/www.vallonchene.fr\\\/wp-content\\\/uploads\\\/2022\\\/02\\\/4252-878-DECAISNEA-fargesii-arbre-aux-haricots-bleus.jpg\",\"width\":800,\"height\":800},{\"@type\":\"BreadcrumbList\",\"@id\":\"https:\\\/\\\/www.vallonchene.fr\\\/es\\\/producto\\\/decaisnea-fargesii\\\/#breadcrumb\",\"itemListElement\":[{\"@type\":\"ListItem\",\"position\":1,\"name\":\"Home\",\"item\":\"https:\\\/\\\/www.vallonchene.fr\\\/es\\\/\"},{\"@type\":\"ListItem\",\"position\":2,\"name\":\"Tienda\",\"item\":\"https:\\\/\\\/www.vallonchene.fr\\\/tienda\\\/\"},{\"@type\":\"ListItem\",\"position\":3,\"name\":\"DECAISNEA fargesii\"}]},{\"@type\":\"WebSite\",\"@id\":\"https:\\\/\\\/www.vallonchene.fr\\\/es\\\/#website\",\"url\":\"https:\\\/\\\/www.vallonchene.fr\\\/es\\\/\",\"name\":\"Vallonch\u00eane\",\"description\":\"El vivero donde la calidad tiene sus ra\u00edces \u2013 Tel.: +33 (0)2.35.90.02.02\",\"publisher\":{\"@id\":\"https:\\\/\\\/www.vallonchene.fr\\\/es\\\/#organization\"},\"potentialAction\":[{\"@type\":\"SearchAction\",\"target\":{\"@type\":\"EntryPoint\",\"urlTemplate\":\"https:\\\/\\\/www.vallonchene.fr\\\/es\\\/?s={search_term_string}\"},\"query-input\":{\"@type\":\"PropertyValueSpecification\",\"valueRequired\":true,\"valueName\":\"search_term_string\"}}],\"inLanguage\":\"es\"},{\"@type\":\"Organization\",\"@id\":\"https:\\\/\\\/www.vallonchene.fr\\\/es\\\/#organization\",\"name\":\"VALLONCHENE\",\"url\":\"https:\\\/\\\/www.vallonchene.fr\\\/es\\\/\",\"logo\":{\"@type\":\"ImageObject\",\"inLanguage\":\"es\",\"@id\":\"https:\\\/\\\/www.vallonchene.fr\\\/es\\\/#\\\/schema\\\/logo\\\/image\\\/\",\"url\":\"https:\\\/\\\/www.vallonchene.fr\\\/wp-content\\\/uploads\\\/2023\\\/03\\\/Logo-Vallonchene-site-et-R_hauteur_100.png\",\"contentUrl\":\"https:\\\/\\\/www.vallonchene.fr\\\/wp-content\\\/uploads\\\/2023\\\/03\\\/Logo-Vallonchene-site-et-R_hauteur_100.png\",\"width\":221,\"height\":100,\"caption\":\"VALLONCHENE\"},\"image\":{\"@id\":\"https:\\\/\\\/www.vallonchene.fr\\\/es\\\/#\\\/schema\\\/logo\\\/image\\\/\"},\"sameAs\":[\"https:\\\/\\\/www.facebook.com\\\/vallonchene.fr\",\"https:\\\/\\\/www.instagram.com\\\/vallonchene\\\/\",\"https:\\\/\\\/www.pinterest.fr\\\/vallonchene\\\/\"],\"taxID\":\"49454502300017\",\"hasMerchantReturnPolicy\":{\"@type\":\"MerchantReturnPolicy\",\"merchantReturnLink\":\"https:\\\/\\\/www.vallonchene.fr\\\/remboursements_retours\\\/\"}}]}<\/script>\n<meta property=\"og:availability\" content=\"instock\" \/>\n<meta property=\"product:availability\" content=\"instock\" \/>\n<meta property=\"product:retailer_item_id\" content=\"38842\" \/>\n<meta property=\"product:condition\" content=\"new\" \/>\n<!-- \/ Yoast SEO Premium plugin. -->","yoast_head_json":{"title":"DECAISNEA fargesii \u2014 \u00e1rbol de las salchichas azules","description":"El \u00e1rbol de las salchichas azules es un \u00e1rbol peque\u00f1o y de forma redondeada. Los frutos de DECAISNEA fargesii son claramente frijoles azules.","robots":{"index":"index","follow":"follow","max-snippet":"max-snippet:-1","max-image-preview":"max-image-preview:large","max-video-preview":"max-video-preview:-1"},"canonical":"https:\/\/www.vallonchene.fr\/es\/producto\/decaisnea-fargesii\/","og_locale":"es_ES","og_type":"article","og_title":"DECAISNEA fargesii","og_description":"El \u00e1rbol de las salchichas azules es un \u00e1rbol peque\u00f1o y de forma redondeada. Los frutos de DECAISNEA fargesii son claramente frijoles azules.","og_url":"https:\/\/www.vallonchene.fr\/es\/producto\/decaisnea-fargesii\/","og_site_name":"Vallonch\u00eane","article_publisher":"https:\/\/www.facebook.com\/vallonchene.fr","og_image":[{"width":800,"height":800,"url":"https:\/\/www.vallonchene.fr\/wp-content\/uploads\/2022\/02\/4252-878-DECAISNEA-fargesii-arbre-aux-haricots-bleus.jpg","type":"image\/jpeg"}],"twitter_card":"summary_large_image","twitter_misc":{"Disponibilidad":"En stock"},"schema":{"@context":"https:\/\/schema.org","@graph":[{"@type":"WebPage","@id":"https:\/\/www.vallonchene.fr\/es\/producto\/decaisnea-fargesii\/","url":"https:\/\/www.vallonchene.fr\/es\/producto\/decaisnea-fargesii\/","name":"DECAISNEA fargesii \u2014 \u00e1rbol de las salchichas azules","isPartOf":{"@id":"https:\/\/www.vallonchene.fr\/es\/#website"},"primaryImageOfPage":{"@id":"https:\/\/www.vallonchene.fr\/es\/producto\/decaisnea-fargesii\/#primaryimage"},"image":{"@id":"https:\/\/www.vallonchene.fr\/es\/producto\/decaisnea-fargesii\/#primaryimage"},"thumbnailUrl":"https:\/\/www.vallonchene.fr\/wp-content\/uploads\/2022\/02\/4252-878-DECAISNEA-fargesii-arbre-aux-haricots-bleus.jpg","datePublished":"2022-02-26T14:53:17+00:00","description":"El \u00e1rbol de las salchichas azules es un \u00e1rbol peque\u00f1o y de forma redondeada. Los frutos de DECAISNEA fargesii son claramente frijoles azules.","breadcrumb":{"@id":"https:\/\/www.vallonchene.fr\/es\/producto\/decaisnea-fargesii\/#breadcrumb"},"inLanguage":"es","potentialAction":[{"@type":"ReadAction","target":["https:\/\/www.vallonchene.fr\/es\/producto\/decaisnea-fargesii\/"]}]},{"@type":"ImageObject","inLanguage":"es","@id":"https:\/\/www.vallonchene.fr\/es\/producto\/decaisnea-fargesii\/#primaryimage","url":"https:\/\/www.vallonchene.fr\/wp-content\/uploads\/2022\/02\/4252-878-DECAISNEA-fargesii-arbre-aux-haricots-bleus.jpg","contentUrl":"https:\/\/www.vallonchene.fr\/wp-content\/uploads\/2022\/02\/4252-878-DECAISNEA-fargesii-arbre-aux-haricots-bleus.jpg","width":800,"height":800},{"@type":"BreadcrumbList","@id":"https:\/\/www.vallonchene.fr\/es\/producto\/decaisnea-fargesii\/#breadcrumb","itemListElement":[{"@type":"ListItem","position":1,"name":"Home","item":"https:\/\/www.vallonchene.fr\/es\/"},{"@type":"ListItem","position":2,"name":"Tienda","item":"https:\/\/www.vallonchene.fr\/tienda\/"},{"@type":"ListItem","position":3,"name":"DECAISNEA fargesii"}]},{"@type":"WebSite","@id":"https:\/\/www.vallonchene.fr\/es\/#website","url":"https:\/\/www.vallonchene.fr\/es\/","name":"Vallonch\u00eane","description":"El vivero donde la calidad tiene sus ra\u00edces \u2013 Tel.: +33 (0)2.35.90.02.02","publisher":{"@id":"https:\/\/www.vallonchene.fr\/es\/#organization"},"potentialAction":[{"@type":"SearchAction","target":{"@type":"EntryPoint","urlTemplate":"https:\/\/www.vallonchene.fr\/es\/?s={search_term_string}"},"query-input":{"@type":"PropertyValueSpecification","valueRequired":true,"valueName":"search_term_string"}}],"inLanguage":"es"},{"@type":"Organization","@id":"https:\/\/www.vallonchene.fr\/es\/#organization","name":"VALLONCHENE","url":"https:\/\/www.vallonchene.fr\/es\/","logo":{"@type":"ImageObject","inLanguage":"es","@id":"https:\/\/www.vallonchene.fr\/es\/#\/schema\/logo\/image\/","url":"https:\/\/www.vallonchene.fr\/wp-content\/uploads\/2023\/03\/Logo-Vallonchene-site-et-R_hauteur_100.png","contentUrl":"https:\/\/www.vallonchene.fr\/wp-content\/uploads\/2023\/03\/Logo-Vallonchene-site-et-R_hauteur_100.png","width":221,"height":100,"caption":"VALLONCHENE"},"image":{"@id":"https:\/\/www.vallonchene.fr\/es\/#\/schema\/logo\/image\/"},"sameAs":["https:\/\/www.facebook.com\/vallonchene.fr","https:\/\/www.instagram.com\/vallonchene\/","https:\/\/www.pinterest.fr\/vallonchene\/"],"taxID":"49454502300017","hasMerchantReturnPolicy":{"@type":"MerchantReturnPolicy","merchantReturnLink":"https:\/\/www.vallonchene.fr\/remboursements_retours\/"}}]},"og_availability":"instock","product_availability":"instock","product_retailer_item_id":"38842","product_condition":"new"},"_links":{"self":[{"href":"https:\/\/www.vallonchene.fr\/es\/wp-json\/wp\/v2\/product\/52115","targetHints":{"allow":["GET"]}}],"collection":[{"href":"https:\/\/www.vallonchene.fr\/es\/wp-json\/wp\/v2\/product"}],"about":[{"href":"https:\/\/www.vallonchene.fr\/es\/wp-json\/wp\/v2\/types\/product"}],"replies":[{"embeddable":true,"href":"https:\/\/www.vallonchene.fr\/es\/wp-json\/wp\/v2\/comments?post=52115"}],"wp:featuredmedia":[{"embeddable":true,"href":"https:\/\/www.vallonchene.fr\/es\/wp-json\/wp\/v2\/media\/52116"}],"wp:attachment":[{"href":"https:\/\/www.vallonchene.fr\/es\/wp-json\/wp\/v2\/media?parent=52115"}],"wp:term":[{"taxonomy":"product_brand","embeddable":true,"href":"https:\/\/www.vallonchene.fr\/es\/wp-json\/wp\/v2\/product_brand?post=52115"},{"taxonomy":"product_cat","embeddable":true,"href":"https:\/\/www.vallonchene.fr\/es\/wp-json\/wp\/v2\/product_cat?post=52115"},{"taxonomy":"product_tag","embeddable":true,"href":"https:\/\/www.vallonchene.fr\/es\/wp-json\/wp\/v2\/product_tag?post=52115"}],"curies":[{"name":"wp","href":"https:\/\/api.w.org\/{rel}","templated":true}]}}