{"id":52019,"date":"2022-02-27T15:11:23","date_gmt":"2022-02-27T15:11:23","guid":{"rendered":"https:\/\/www.vallonchene.fr\/produit\/acer-palmatum-shirazz-r\/"},"modified":"2022-02-27T15:11:23","modified_gmt":"2022-02-27T14:11:23","slug":"acer-palmatum-shirazz-r","status":"publish","type":"product","link":"https:\/\/www.vallonchene.fr\/es\/producto\/acer-palmatum-shirazz-r\/","title":{"rendered":"ACER palmatum &#8216;Shirazz&#8217; (R)"},"content":{"rendered":"","protected":false},"excerpt":{"rendered":"<p>Este <strong>arce japon\u00e9s<\/strong> se ti\u00f1e de verde y rosa en primavera. En verano, el follaje del <strong>ACER palmatum &#8216;Shirazz&#8217;<\/strong> se torna rojo con matices rosados, torn\u00e1ndose rojo anaranjado en oto\u00f1o. <\/p>\n","protected":false},"featured_media":52023,"comment_status":"open","ping_status":"closed","template":"","meta":[],"product_brand":[],"product_cat":[11499,11831],"product_tag":[11855,12273],"class_list":{"0":"post-52019","1":"product","2":"type-product","3":"status-publish","4":"has-post-thumbnail","6":"product_cat-arbustos-y-arboles","7":"product_cat-arces-japoneses","8":"product_tag-acer-es","9":"product_tag-acer-palmatum-es","10":"pa_99-hauteurapproximativeapres1-2-a-3-m","11":"pa_couleurdufeuillage-roja","12":"pa_couleurdufeuillage-rosa-es","13":"pa_couleurdufeuillage-variado","14":"pa_couleurdufeuillage-verde","15":"pa_exigencesenhumidite-promedio","16":"pa_expositionspossibles-sombra-parcial-evitar-el-sol-de-12-a-17-horas","17":"pa_hauteurlivree-25-a-30-cm-es","18":"pa_hauteurlivree-30-a-40-cm-es","19":"pa_interetauprintemps-brotes-jovenes","20":"pa_interetauprintemps-follaje","21":"pa_interetauprintemps-habitus","22":"pa_interetenautomne-follaje","23":"pa_interetenautomne-habitus","24":"pa_interetenete-follaje","25":"pa_interetenete-habitus","26":"pa_interetenhiver-habitus","27":"pa_naturedufeuillage-caduco","28":"pa_naturesdesolpossibles-ligero","29":"pa_naturesdesolpossibles-normal-es","30":"pa_particularites-adecuado-para-bonsai","31":"pa_periodedetaille-junio","32":"pa_phdusolacceptable-acido-menos-de-6_5","33":"pa_phdusolacceptable-neutro-entre-6_5-y-7_5","34":"pa_portgraphisme-globoso","35":"pa_resistanceaufroidrusticite-resistente-por-debajo-de-menos-20-c","36":"pa_tailledepot-maceta-de-3-litros","37":"pa_tailledepot-maceta-de-9-cm-es","38":"pa_utilisationpossible-aislado","39":"pa_utilisationpossible-arriate","40":"pa_utilisationpossible-contenedor-o-olla","42":"first","43":"outofstock","44":"taxable","45":"shipping-taxable","46":"product-type-variable","47":"has-default-attributes"},"supplier_id":null,"supplier_sku":"","barcode":null,"atum_controlled":true,"out_stock_date":null,"out_stock_threshold":null,"inheritable":true,"inbound_stock":0,"stock_on_hold":0,"sold_today":0,"sales_last_days":0,"reserved_stock":0,"customer_returns":0,"warehouse_damage":0,"lost_in_post":0,"other_logs":0,"out_stock_days":null,"lost_sales":0,"has_location":false,"update_date":"2026-01-23T13:14:13","atum_locations":[],"atum_stock_status":"outofstock","restock_status":false,"low_stock_amount":"","sales_update_date":"2025-10-29T14:10:09","calc_backorders":null,"yoast_head":"<!-- This site is optimized with the Yoast SEO Premium plugin v27.5 (Yoast SEO v27.5) - https:\/\/yoast.com\/product\/yoast-seo-premium-wordpress\/ -->\n<title>ACER palmatum &#039;Shirazz&#039; (R) - arce japon\u00e9s<\/title>\n<meta name=\"description\" content=\"Este arce japon\u00e9s se ti\u00f1e de verde y rosa en primavera. En verano, el follaje del ACER palmatum &#039;Shirazz&#039; se torna rojo jaspeado de rosa.\" \/>\n<meta name=\"robots\" content=\"index, follow, max-snippet:-1, max-image-preview:large, max-video-preview:-1\" \/>\n<link rel=\"canonical\" href=\"https:\/\/www.vallonchene.fr\/es\/producto\/acer-palmatum-shirazz-r\/\" \/>\n<meta property=\"og:locale\" content=\"es_ES\" \/>\n<meta property=\"og:type\" content=\"article\" \/>\n<meta property=\"og:title\" content=\"ACER palmatum &#039;Shirazz&#039; (R)\" \/>\n<meta property=\"og:description\" content=\"Este arce japon\u00e9s se ti\u00f1e de verde y rosa en primavera. En verano, el follaje del ACER palmatum &#039;Shirazz&#039; se torna rojo jaspeado de rosa.\" \/>\n<meta property=\"og:url\" content=\"https:\/\/www.vallonchene.fr\/es\/producto\/acer-palmatum-shirazz-r\/\" \/>\n<meta property=\"og:site_name\" content=\"Vallonch\u00eane\" \/>\n<meta property=\"article:publisher\" content=\"https:\/\/www.facebook.com\/vallonchene.fr\" \/>\n<meta property=\"og:image\" content=\"https:\/\/www.vallonchene.fr\/wp-content\/uploads\/2022\/02\/4231-127-Feuillage-printanier-de-lACER-palmatum-Shirazz.jpg\" \/>\n\t<meta property=\"og:image:width\" content=\"800\" \/>\n\t<meta property=\"og:image:height\" content=\"800\" \/>\n\t<meta property=\"og:image:type\" content=\"image\/jpeg\" \/>\n<meta name=\"twitter:card\" content=\"summary_large_image\" \/>\n<meta name=\"twitter:label1\" content=\"Disponibilidad\" \/>\n\t<meta name=\"twitter:data1\" content=\"Agotado\" \/>\n<script type=\"application\/ld+json\" class=\"yoast-schema-graph\">{\"@context\":\"https:\\\/\\\/schema.org\",\"@graph\":[{\"@type\":\"WebPage\",\"@id\":\"https:\\\/\\\/www.vallonchene.fr\\\/es\\\/producto\\\/acer-palmatum-shirazz-r\\\/\",\"url\":\"https:\\\/\\\/www.vallonchene.fr\\\/es\\\/producto\\\/acer-palmatum-shirazz-r\\\/\",\"name\":\"ACER palmatum 'Shirazz' (R) - arce japon\u00e9s\",\"isPartOf\":{\"@id\":\"https:\\\/\\\/www.vallonchene.fr\\\/es\\\/#website\"},\"primaryImageOfPage\":{\"@id\":\"https:\\\/\\\/www.vallonchene.fr\\\/es\\\/producto\\\/acer-palmatum-shirazz-r\\\/#primaryimage\"},\"image\":{\"@id\":\"https:\\\/\\\/www.vallonchene.fr\\\/es\\\/producto\\\/acer-palmatum-shirazz-r\\\/#primaryimage\"},\"thumbnailUrl\":\"https:\\\/\\\/www.vallonchene.fr\\\/wp-content\\\/uploads\\\/2022\\\/02\\\/4231-127-Feuillage-printanier-de-lACER-palmatum-Shirazz.jpg\",\"datePublished\":\"2022-02-27T15:11:23+00:00\",\"description\":\"Este arce japon\u00e9s se ti\u00f1e de verde y rosa en primavera. En verano, el follaje del ACER palmatum 'Shirazz' se torna rojo jaspeado de rosa.\",\"breadcrumb\":{\"@id\":\"https:\\\/\\\/www.vallonchene.fr\\\/es\\\/producto\\\/acer-palmatum-shirazz-r\\\/#breadcrumb\"},\"inLanguage\":\"es\",\"potentialAction\":[{\"@type\":\"ReadAction\",\"target\":[\"https:\\\/\\\/www.vallonchene.fr\\\/es\\\/producto\\\/acer-palmatum-shirazz-r\\\/\"]}]},{\"@type\":\"ImageObject\",\"inLanguage\":\"es\",\"@id\":\"https:\\\/\\\/www.vallonchene.fr\\\/es\\\/producto\\\/acer-palmatum-shirazz-r\\\/#primaryimage\",\"url\":\"https:\\\/\\\/www.vallonchene.fr\\\/wp-content\\\/uploads\\\/2022\\\/02\\\/4231-127-Feuillage-printanier-de-lACER-palmatum-Shirazz.jpg\",\"contentUrl\":\"https:\\\/\\\/www.vallonchene.fr\\\/wp-content\\\/uploads\\\/2022\\\/02\\\/4231-127-Feuillage-printanier-de-lACER-palmatum-Shirazz.jpg\",\"width\":800,\"height\":800,\"caption\":\"Follaje primaveral de 'ACER palmatum 'Shirazz'\"},{\"@type\":\"BreadcrumbList\",\"@id\":\"https:\\\/\\\/www.vallonchene.fr\\\/es\\\/producto\\\/acer-palmatum-shirazz-r\\\/#breadcrumb\",\"itemListElement\":[{\"@type\":\"ListItem\",\"position\":1,\"name\":\"Home\",\"item\":\"https:\\\/\\\/www.vallonchene.fr\\\/es\\\/\"},{\"@type\":\"ListItem\",\"position\":2,\"name\":\"Tienda\",\"item\":\"https:\\\/\\\/www.vallonchene.fr\\\/tienda\\\/\"},{\"@type\":\"ListItem\",\"position\":3,\"name\":\"ACER palmatum &#8216;Shirazz&#8217; (R)\"}]},{\"@type\":\"WebSite\",\"@id\":\"https:\\\/\\\/www.vallonchene.fr\\\/es\\\/#website\",\"url\":\"https:\\\/\\\/www.vallonchene.fr\\\/es\\\/\",\"name\":\"Vallonch\u00eane\",\"description\":\"El vivero donde la calidad tiene sus ra\u00edces \u2013 Tel.: +33 (0)2.35.90.02.02\",\"publisher\":{\"@id\":\"https:\\\/\\\/www.vallonchene.fr\\\/es\\\/#organization\"},\"potentialAction\":[{\"@type\":\"SearchAction\",\"target\":{\"@type\":\"EntryPoint\",\"urlTemplate\":\"https:\\\/\\\/www.vallonchene.fr\\\/es\\\/?s={search_term_string}\"},\"query-input\":{\"@type\":\"PropertyValueSpecification\",\"valueRequired\":true,\"valueName\":\"search_term_string\"}}],\"inLanguage\":\"es\"},{\"@type\":\"Organization\",\"@id\":\"https:\\\/\\\/www.vallonchene.fr\\\/es\\\/#organization\",\"name\":\"VALLONCHENE\",\"url\":\"https:\\\/\\\/www.vallonchene.fr\\\/es\\\/\",\"logo\":{\"@type\":\"ImageObject\",\"inLanguage\":\"es\",\"@id\":\"https:\\\/\\\/www.vallonchene.fr\\\/es\\\/#\\\/schema\\\/logo\\\/image\\\/\",\"url\":\"https:\\\/\\\/www.vallonchene.fr\\\/wp-content\\\/uploads\\\/2023\\\/03\\\/Logo-Vallonchene-site-et-R_hauteur_100.png\",\"contentUrl\":\"https:\\\/\\\/www.vallonchene.fr\\\/wp-content\\\/uploads\\\/2023\\\/03\\\/Logo-Vallonchene-site-et-R_hauteur_100.png\",\"width\":221,\"height\":100,\"caption\":\"VALLONCHENE\"},\"image\":{\"@id\":\"https:\\\/\\\/www.vallonchene.fr\\\/es\\\/#\\\/schema\\\/logo\\\/image\\\/\"},\"sameAs\":[\"https:\\\/\\\/www.facebook.com\\\/vallonchene.fr\",\"https:\\\/\\\/www.instagram.com\\\/vallonchene\\\/\",\"https:\\\/\\\/www.pinterest.fr\\\/vallonchene\\\/\"],\"taxID\":\"49454502300017\",\"hasMerchantReturnPolicy\":{\"@type\":\"MerchantReturnPolicy\",\"merchantReturnLink\":\"https:\\\/\\\/www.vallonchene.fr\\\/remboursements_retours\\\/\"}}]}<\/script>\n<meta property=\"og:availability\" content=\"out of stock\" \/>\n<meta property=\"product:availability\" content=\"out of stock\" \/>\n<meta property=\"product:retailer_item_id\" content=\"97866\" \/>\n<meta property=\"product:condition\" content=\"new\" \/>\n<!-- \/ Yoast SEO Premium plugin. -->","yoast_head_json":{"title":"ACER palmatum 'Shirazz' (R) - arce japon\u00e9s","description":"Este arce japon\u00e9s se ti\u00f1e de verde y rosa en primavera. En verano, el follaje del ACER palmatum 'Shirazz' se torna rojo jaspeado de rosa.","robots":{"index":"index","follow":"follow","max-snippet":"max-snippet:-1","max-image-preview":"max-image-preview:large","max-video-preview":"max-video-preview:-1"},"canonical":"https:\/\/www.vallonchene.fr\/es\/producto\/acer-palmatum-shirazz-r\/","og_locale":"es_ES","og_type":"article","og_title":"ACER palmatum 'Shirazz' (R)","og_description":"Este arce japon\u00e9s se ti\u00f1e de verde y rosa en primavera. En verano, el follaje del ACER palmatum 'Shirazz' se torna rojo jaspeado de rosa.","og_url":"https:\/\/www.vallonchene.fr\/es\/producto\/acer-palmatum-shirazz-r\/","og_site_name":"Vallonch\u00eane","article_publisher":"https:\/\/www.facebook.com\/vallonchene.fr","og_image":[{"width":800,"height":800,"url":"https:\/\/www.vallonchene.fr\/wp-content\/uploads\/2022\/02\/4231-127-Feuillage-printanier-de-lACER-palmatum-Shirazz.jpg","type":"image\/jpeg"}],"twitter_card":"summary_large_image","twitter_misc":{"Disponibilidad":"Agotado"},"schema":{"@context":"https:\/\/schema.org","@graph":[{"@type":"WebPage","@id":"https:\/\/www.vallonchene.fr\/es\/producto\/acer-palmatum-shirazz-r\/","url":"https:\/\/www.vallonchene.fr\/es\/producto\/acer-palmatum-shirazz-r\/","name":"ACER palmatum 'Shirazz' (R) - arce japon\u00e9s","isPartOf":{"@id":"https:\/\/www.vallonchene.fr\/es\/#website"},"primaryImageOfPage":{"@id":"https:\/\/www.vallonchene.fr\/es\/producto\/acer-palmatum-shirazz-r\/#primaryimage"},"image":{"@id":"https:\/\/www.vallonchene.fr\/es\/producto\/acer-palmatum-shirazz-r\/#primaryimage"},"thumbnailUrl":"https:\/\/www.vallonchene.fr\/wp-content\/uploads\/2022\/02\/4231-127-Feuillage-printanier-de-lACER-palmatum-Shirazz.jpg","datePublished":"2022-02-27T15:11:23+00:00","description":"Este arce japon\u00e9s se ti\u00f1e de verde y rosa en primavera. En verano, el follaje del ACER palmatum 'Shirazz' se torna rojo jaspeado de rosa.","breadcrumb":{"@id":"https:\/\/www.vallonchene.fr\/es\/producto\/acer-palmatum-shirazz-r\/#breadcrumb"},"inLanguage":"es","potentialAction":[{"@type":"ReadAction","target":["https:\/\/www.vallonchene.fr\/es\/producto\/acer-palmatum-shirazz-r\/"]}]},{"@type":"ImageObject","inLanguage":"es","@id":"https:\/\/www.vallonchene.fr\/es\/producto\/acer-palmatum-shirazz-r\/#primaryimage","url":"https:\/\/www.vallonchene.fr\/wp-content\/uploads\/2022\/02\/4231-127-Feuillage-printanier-de-lACER-palmatum-Shirazz.jpg","contentUrl":"https:\/\/www.vallonchene.fr\/wp-content\/uploads\/2022\/02\/4231-127-Feuillage-printanier-de-lACER-palmatum-Shirazz.jpg","width":800,"height":800,"caption":"Follaje primaveral de 'ACER palmatum 'Shirazz'"},{"@type":"BreadcrumbList","@id":"https:\/\/www.vallonchene.fr\/es\/producto\/acer-palmatum-shirazz-r\/#breadcrumb","itemListElement":[{"@type":"ListItem","position":1,"name":"Home","item":"https:\/\/www.vallonchene.fr\/es\/"},{"@type":"ListItem","position":2,"name":"Tienda","item":"https:\/\/www.vallonchene.fr\/tienda\/"},{"@type":"ListItem","position":3,"name":"ACER palmatum &#8216;Shirazz&#8217; (R)"}]},{"@type":"WebSite","@id":"https:\/\/www.vallonchene.fr\/es\/#website","url":"https:\/\/www.vallonchene.fr\/es\/","name":"Vallonch\u00eane","description":"El vivero donde la calidad tiene sus ra\u00edces \u2013 Tel.: +33 (0)2.35.90.02.02","publisher":{"@id":"https:\/\/www.vallonchene.fr\/es\/#organization"},"potentialAction":[{"@type":"SearchAction","target":{"@type":"EntryPoint","urlTemplate":"https:\/\/www.vallonchene.fr\/es\/?s={search_term_string}"},"query-input":{"@type":"PropertyValueSpecification","valueRequired":true,"valueName":"search_term_string"}}],"inLanguage":"es"},{"@type":"Organization","@id":"https:\/\/www.vallonchene.fr\/es\/#organization","name":"VALLONCHENE","url":"https:\/\/www.vallonchene.fr\/es\/","logo":{"@type":"ImageObject","inLanguage":"es","@id":"https:\/\/www.vallonchene.fr\/es\/#\/schema\/logo\/image\/","url":"https:\/\/www.vallonchene.fr\/wp-content\/uploads\/2023\/03\/Logo-Vallonchene-site-et-R_hauteur_100.png","contentUrl":"https:\/\/www.vallonchene.fr\/wp-content\/uploads\/2023\/03\/Logo-Vallonchene-site-et-R_hauteur_100.png","width":221,"height":100,"caption":"VALLONCHENE"},"image":{"@id":"https:\/\/www.vallonchene.fr\/es\/#\/schema\/logo\/image\/"},"sameAs":["https:\/\/www.facebook.com\/vallonchene.fr","https:\/\/www.instagram.com\/vallonchene\/","https:\/\/www.pinterest.fr\/vallonchene\/"],"taxID":"49454502300017","hasMerchantReturnPolicy":{"@type":"MerchantReturnPolicy","merchantReturnLink":"https:\/\/www.vallonchene.fr\/remboursements_retours\/"}}]},"og_availability":"out of stock","product_availability":"out of stock","product_retailer_item_id":"97866","product_condition":"new"},"_links":{"self":[{"href":"https:\/\/www.vallonchene.fr\/es\/wp-json\/wp\/v2\/product\/52019","targetHints":{"allow":["GET"]}}],"collection":[{"href":"https:\/\/www.vallonchene.fr\/es\/wp-json\/wp\/v2\/product"}],"about":[{"href":"https:\/\/www.vallonchene.fr\/es\/wp-json\/wp\/v2\/types\/product"}],"replies":[{"embeddable":true,"href":"https:\/\/www.vallonchene.fr\/es\/wp-json\/wp\/v2\/comments?post=52019"}],"wp:featuredmedia":[{"embeddable":true,"href":"https:\/\/www.vallonchene.fr\/es\/wp-json\/wp\/v2\/media\/52023"}],"wp:attachment":[{"href":"https:\/\/www.vallonchene.fr\/es\/wp-json\/wp\/v2\/media?parent=52019"}],"wp:term":[{"taxonomy":"product_brand","embeddable":true,"href":"https:\/\/www.vallonchene.fr\/es\/wp-json\/wp\/v2\/product_brand?post=52019"},{"taxonomy":"product_cat","embeddable":true,"href":"https:\/\/www.vallonchene.fr\/es\/wp-json\/wp\/v2\/product_cat?post=52019"},{"taxonomy":"product_tag","embeddable":true,"href":"https:\/\/www.vallonchene.fr\/es\/wp-json\/wp\/v2\/product_tag?post=52019"}],"curies":[{"name":"wp","href":"https:\/\/api.w.org\/{rel}","templated":true}]}}