{"id":51978,"date":"2022-02-27T15:20:41","date_gmt":"2022-02-27T14:20:41","guid":{"rendered":"https:\/\/www.vallonchene.fr\/produit\/acer-palmatum-wills-devine\/"},"modified":"2025-05-09T10:10:10","modified_gmt":"2025-05-09T08:10:10","slug":"acer-palmatum-wills-devine","status":"publish","type":"product","link":"https:\/\/www.vallonchene.fr\/es\/producto\/acer-palmatum-wills-devine\/","title":{"rendered":"ACER palmatum &#8216;Will&#8217;s Devine&#8217;"},"content":{"rendered":"<h2>La Planta<\/h2>\n<p>La familia de los arces japoneses no deja de maravillarnos. En esta ocasi\u00f3n, nuestra selecci\u00f3n se centra en el <strong>ACER palmatum \u2018Will\u2019s Devine\u2019<\/strong>. Este peque\u00f1o <strong>arce japon\u00e9s<\/strong> <strong>cambia perpetuamente de color<\/strong>.<br \/>\nAs\u00ed, en primavera, sus hojas son <strong>rosas al brotar<\/strong> para luego volverse cada vez m\u00e1s claras con nervaduras. De este modo, constituye un verdadero punto de atracci\u00f3n en el jard\u00edn.<br \/>\nPosteriormente, en verano, su follaje se torna verde, lo que le permite <strong>resistir bien al sol<\/strong>. Sin embargo, como muchos arces japoneses, prefiere la luz tamizada.<br \/>\nAdem\u00e1s, en oto\u00f1o, el espect\u00e1culo contin\u00faa con <strong>colores flameantes, amarillos, naranjas y rojos<\/strong>. Sin duda, \u00a1incendiar\u00e1 el jard\u00edn! Finalmente, <strong>para ver nuestros otros cultivares<\/strong> de arces japoneses raros, incluso rar\u00edsimos y disponibles para la venta, <strong><a href=\"https:\/\/www.vallonchene.fr\/es\/categoria-producto\/venta-en-linea\/vivero\/arces-japoneses\/?v=11aedd0e4327&#038;filter_stock_status=instock\" target=\"_blank\" rel=\"noreferrer noopener\">haga clic aqu\u00ed<\/a><\/strong>.     <\/p>\n<h2>\u00bfC\u00f3mo plantar el ACER palmatum &#8216;Will&#8217;s Devine&#8217;?<\/h2>\n<p>Este arce japon\u00e9s preferir\u00e1 un lugar <strong>en semisombra o a la sombra<\/strong>. Igualmente, pueden cultivarlo en maceta en una <strong>terraza<\/strong> o en un <strong>patio<\/strong>. En este caso, les aconsejamos priorizar la sombra.<br \/>\nAdem\u00e1s, si lo plantan en <strong>tierra<\/strong>, eviten los lugares donde el agua se estanca en invierno, utilizando una <strong>tierra normal o ligera<\/strong> con un <strong>pH \u00e1cido o neutro.<\/strong> Por otro lado, este peque\u00f1o arce resiste a temperaturas inferiores a \u221220\u00b0 C.<br \/>\nAsimismo, sobra decir que los arces japoneses se encuentran entre las opciones preferidas de los aficionados a los <strong>bons\u00e1is<\/strong>. Finalmente, consulten tambi\u00e9n nuestra ficha de plantaci\u00f3n que hemos dise\u00f1ado especialmente para los arces japoneses <strong><a href=\"https:\/\/www.vallonchene.fr\/comment-planter-et-entretenir-des-vegetaux\/comment-planter-et-entretenir-des-erables-du-japon\/\">haciendo clic aqu\u00ed<\/a><\/strong>.   <\/p>\n<h2>Historia y Origen<\/h2>\n<p>Los ACER palmatum se cultivan en Jap\u00f3n desde hace siglos y en el resto del mundo desde la d\u00e9cada de 1800. El bot\u00e1nico sueco <strong><a href=\"https:\/\/fr.wikipedia.org\/wiki\/Carl_Peter_Thunberg\">Carl Peter Thunberg<\/a><\/strong> le dio el nombre de especie <em>palmatum<\/em> por sus hojas que recuerdan a una mano. En Jap\u00f3n, desde hace cientos de a\u00f1os, tambi\u00e9n se les llama <em>kaede<\/em> y <em>momiji<\/em> en relaci\u00f3n con las \u00abmanos\u00bb de ranas y beb\u00e9s respectivamente. Adem\u00e1s, los horticultores japoneses llevan mucho tiempo desarrollando cultivares presentes en <strong><a href=\"https:\/\/fr.wikipedia.org\/wiki\/Japon\">Jap\u00f3n<\/a><\/strong>, <strong><a href=\"https:\/\/fr.wikipedia.org\/wiki\/Cor%C3%A9e\">Corea<\/a><\/strong> y <strong><a href=\"https:\/\/fr.wikipedia.org\/wiki\/Chine\">China<\/a><\/strong>. Asimismo, muchos de ellos son muy apreciados en Europa y en el norte de Am\u00e9rica de igual manera. Por otra parte, la medicina tradicional china utiliza preparaciones a base de ramas y hojas. Finalmente, el h\u00e1bitat natural de los arces japoneses es el sotobosque, ya que la mayor\u00eda prefiere lugares sombr\u00edos, particularmente en climas m\u00e1s c\u00e1lidos.<\/p>\n","protected":false},"excerpt":{"rendered":"<p>Este <strong>arce japon\u00e9s<\/strong> tiene brotes rosados. Luego, el follaje de <strong>ACER palmatum &#8216;Will&#8217;s Devine<\/strong>&#8216; adquiere un color crema veteado de verde. En oto\u00f1o, las hojas se vuelven de color amarillo anaranjado.  <\/p>\n","protected":false},"featured_media":51979,"comment_status":"open","ping_status":"closed","template":"","meta":[],"product_brand":[],"product_cat":[11499,11831,11493],"product_tag":[11855,12273],"class_list":{"0":"post-51978","1":"product","2":"type-product","3":"status-publish","4":"has-post-thumbnail","6":"product_cat-arbustos-y-arboles","7":"product_cat-arces-japoneses","8":"product_cat-venta-en-linea","9":"product_tag-acer-es","10":"product_tag-acer-palmatum-es","11":"pa_99-hauteurapproximativeapres1-1_00-a-1_50-m","12":"pa_couleurdufeuillage-blanca","13":"pa_couleurdufeuillage-rosa-es","14":"pa_couleurdufeuillage-verde","15":"pa_exigencesenhumidite-promedio","16":"pa_expositionspossibles-sombra-parcial-evitar-el-sol-de-12-a-17-horas","17":"pa_hauteurlivree-25-a-30-cm-es","18":"pa_hauteurlivree-40-a-50-cm-es","19":"pa_hauteurlivree-50-a-60-cm-es","20":"pa_interetauprintemps-brotes-jovenes","21":"pa_interetauprintemps-follaje","22":"pa_interetauprintemps-habitus","23":"pa_interetenautomne-follaje","24":"pa_interetenautomne-habitus","25":"pa_interetenete-follaje","26":"pa_interetenete-habitus","27":"pa_interetenhiver-follaje","28":"pa_interetenhiver-habitus","29":"pa_naturedufeuillage-caduco","30":"pa_naturesdesolpossibles-ligero","31":"pa_naturesdesolpossibles-normal-es","32":"pa_particularites-adecuado-para-bonsai","33":"pa_periodedetaille-junio","34":"pa_phdusolacceptable-acido-menos-de-6_5","35":"pa_phdusolacceptable-neutro-entre-6_5-y-7_5","36":"pa_portgraphisme-globoso","37":"pa_resistanceaufroidrusticite-resistente-por-debajo-de-menos-20-c","38":"pa_tailledepot-maceta-de-3-litros","39":"pa_tailledepot-maceta-de-5-litros","40":"pa_tailledepot-maceta-de-9-cm-es","41":"pa_utilisationpossible-arriate","42":"pa_utilisationpossible-contenedor-o-olla","44":"first","45":"outofstock","46":"taxable","47":"shipping-taxable","48":"purchasable","49":"product-type-variable","50":"has-default-attributes"},"supplier_id":null,"supplier_sku":"","barcode":null,"atum_controlled":true,"out_stock_date":null,"out_stock_threshold":null,"inheritable":true,"inbound_stock":0,"stock_on_hold":0,"sold_today":0,"sales_last_days":0,"reserved_stock":0,"customer_returns":0,"warehouse_damage":0,"lost_in_post":0,"other_logs":0,"out_stock_days":null,"lost_sales":0,"has_location":false,"update_date":"2026-04-13T07:04:30","atum_locations":[],"atum_stock_status":"instock","restock_status":false,"low_stock_amount":"","sales_update_date":"2026-02-18T15:50:18","calc_backorders":null,"yoast_head":"<!-- This site is optimized with the Yoast SEO Premium plugin v27.5 (Yoast SEO v27.5) - https:\/\/yoast.com\/product\/yoast-seo-premium-wordpress\/ -->\n<title>ACER palmatum &#039;Will&#039;s Devine&#039; - arce japon\u00e9s<\/title>\n<meta name=\"description\" content=\"Este arce japon\u00e9s tiene brotes rosados. Luego, el follaje de ACER palmatum &#039;Will&#039;s Devine&#039; adquiere un color crema veteado de verde.\" \/>\n<meta name=\"robots\" content=\"index, follow, max-snippet:-1, max-image-preview:large, max-video-preview:-1\" \/>\n<link rel=\"canonical\" href=\"https:\/\/www.vallonchene.fr\/es\/producto\/acer-palmatum-wills-devine\/\" \/>\n<meta property=\"og:locale\" content=\"es_ES\" \/>\n<meta property=\"og:type\" content=\"article\" \/>\n<meta property=\"og:title\" content=\"ACER palmatum &#039;Will&#039;s Devine&#039;\" \/>\n<meta property=\"og:description\" content=\"Este arce japon\u00e9s tiene brotes rosados. Luego, el follaje de ACER palmatum &#039;Will&#039;s Devine&#039; adquiere un color crema veteado de verde.\" \/>\n<meta property=\"og:url\" content=\"https:\/\/www.vallonchene.fr\/es\/producto\/acer-palmatum-wills-devine\/\" \/>\n<meta property=\"og:site_name\" content=\"Vallonch\u00eane\" \/>\n<meta property=\"article:publisher\" content=\"https:\/\/www.facebook.com\/vallonchene.fr\" \/>\n<meta property=\"article:modified_time\" content=\"2025-05-09T08:10:10+00:00\" \/>\n<meta property=\"og:image\" content=\"https:\/\/www.vallonchene.fr\/wp-content\/uploads\/2023\/04\/ACER-palmatum-Wills-Devine_05.webp\" \/>\n\t<meta property=\"og:image:width\" content=\"800\" \/>\n\t<meta property=\"og:image:height\" content=\"800\" \/>\n\t<meta property=\"og:image:type\" content=\"image\/webp\" \/>\n<meta name=\"twitter:card\" content=\"summary_large_image\" \/>\n<meta name=\"twitter:label1\" content=\"Disponibilidad\" \/>\n\t<meta name=\"twitter:data1\" content=\"Agotado\" \/>\n<script type=\"application\/ld+json\" class=\"yoast-schema-graph\">{\"@context\":\"https:\\\/\\\/schema.org\",\"@graph\":[{\"@type\":\"WebPage\",\"@id\":\"https:\\\/\\\/www.vallonchene.fr\\\/es\\\/producto\\\/acer-palmatum-wills-devine\\\/\",\"url\":\"https:\\\/\\\/www.vallonchene.fr\\\/es\\\/producto\\\/acer-palmatum-wills-devine\\\/\",\"name\":\"ACER palmatum 'Will's Devine' - arce japon\u00e9s\",\"isPartOf\":{\"@id\":\"https:\\\/\\\/www.vallonchene.fr\\\/es\\\/#website\"},\"primaryImageOfPage\":{\"@id\":\"https:\\\/\\\/www.vallonchene.fr\\\/es\\\/producto\\\/acer-palmatum-wills-devine\\\/#primaryimage\"},\"image\":{\"@id\":\"https:\\\/\\\/www.vallonchene.fr\\\/es\\\/producto\\\/acer-palmatum-wills-devine\\\/#primaryimage\"},\"thumbnailUrl\":\"https:\\\/\\\/www.vallonchene.fr\\\/wp-content\\\/uploads\\\/2023\\\/04\\\/ACER-palmatum-Wills-Devine_05.webp\",\"datePublished\":\"2022-02-27T14:20:41+00:00\",\"dateModified\":\"2025-05-09T08:10:10+00:00\",\"description\":\"Este arce japon\u00e9s tiene brotes rosados. Luego, el follaje de ACER palmatum 'Will's Devine' adquiere un color crema veteado de verde.\",\"breadcrumb\":{\"@id\":\"https:\\\/\\\/www.vallonchene.fr\\\/es\\\/producto\\\/acer-palmatum-wills-devine\\\/#breadcrumb\"},\"inLanguage\":\"es\",\"potentialAction\":[{\"@type\":\"ReadAction\",\"target\":[\"https:\\\/\\\/www.vallonchene.fr\\\/es\\\/producto\\\/acer-palmatum-wills-devine\\\/\"]}]},{\"@type\":\"ImageObject\",\"inLanguage\":\"es\",\"@id\":\"https:\\\/\\\/www.vallonchene.fr\\\/es\\\/producto\\\/acer-palmatum-wills-devine\\\/#primaryimage\",\"url\":\"https:\\\/\\\/www.vallonchene.fr\\\/wp-content\\\/uploads\\\/2023\\\/04\\\/ACER-palmatum-Wills-Devine_05.webp\",\"contentUrl\":\"https:\\\/\\\/www.vallonchene.fr\\\/wp-content\\\/uploads\\\/2023\\\/04\\\/ACER-palmatum-Wills-Devine_05.webp\",\"width\":800,\"height\":800,\"caption\":\"Follaje primaveral de ACER palmatum 'Will's Devine'\"},{\"@type\":\"BreadcrumbList\",\"@id\":\"https:\\\/\\\/www.vallonchene.fr\\\/es\\\/producto\\\/acer-palmatum-wills-devine\\\/#breadcrumb\",\"itemListElement\":[{\"@type\":\"ListItem\",\"position\":1,\"name\":\"Home\",\"item\":\"https:\\\/\\\/www.vallonchene.fr\\\/es\\\/\"},{\"@type\":\"ListItem\",\"position\":2,\"name\":\"Tienda\",\"item\":\"https:\\\/\\\/www.vallonchene.fr\\\/tienda\\\/\"},{\"@type\":\"ListItem\",\"position\":3,\"name\":\"ACER palmatum &#8216;Will&#8217;s Devine&#8217;\"}]},{\"@type\":\"WebSite\",\"@id\":\"https:\\\/\\\/www.vallonchene.fr\\\/es\\\/#website\",\"url\":\"https:\\\/\\\/www.vallonchene.fr\\\/es\\\/\",\"name\":\"Vallonch\u00eane\",\"description\":\"El vivero donde la calidad tiene sus ra\u00edces \u2013 Tel.: +33 (0)2.35.90.02.02\",\"publisher\":{\"@id\":\"https:\\\/\\\/www.vallonchene.fr\\\/es\\\/#organization\"},\"potentialAction\":[{\"@type\":\"SearchAction\",\"target\":{\"@type\":\"EntryPoint\",\"urlTemplate\":\"https:\\\/\\\/www.vallonchene.fr\\\/es\\\/?s={search_term_string}\"},\"query-input\":{\"@type\":\"PropertyValueSpecification\",\"valueRequired\":true,\"valueName\":\"search_term_string\"}}],\"inLanguage\":\"es\"},{\"@type\":\"Organization\",\"@id\":\"https:\\\/\\\/www.vallonchene.fr\\\/es\\\/#organization\",\"name\":\"VALLONCHENE\",\"url\":\"https:\\\/\\\/www.vallonchene.fr\\\/es\\\/\",\"logo\":{\"@type\":\"ImageObject\",\"inLanguage\":\"es\",\"@id\":\"https:\\\/\\\/www.vallonchene.fr\\\/es\\\/#\\\/schema\\\/logo\\\/image\\\/\",\"url\":\"https:\\\/\\\/www.vallonchene.fr\\\/wp-content\\\/uploads\\\/2023\\\/03\\\/Logo-Vallonchene-site-et-R_hauteur_100.png\",\"contentUrl\":\"https:\\\/\\\/www.vallonchene.fr\\\/wp-content\\\/uploads\\\/2023\\\/03\\\/Logo-Vallonchene-site-et-R_hauteur_100.png\",\"width\":221,\"height\":100,\"caption\":\"VALLONCHENE\"},\"image\":{\"@id\":\"https:\\\/\\\/www.vallonchene.fr\\\/es\\\/#\\\/schema\\\/logo\\\/image\\\/\"},\"sameAs\":[\"https:\\\/\\\/www.facebook.com\\\/vallonchene.fr\",\"https:\\\/\\\/www.instagram.com\\\/vallonchene\\\/\",\"https:\\\/\\\/www.pinterest.fr\\\/vallonchene\\\/\"],\"taxID\":\"49454502300017\",\"hasMerchantReturnPolicy\":{\"@type\":\"MerchantReturnPolicy\",\"merchantReturnLink\":\"https:\\\/\\\/www.vallonchene.fr\\\/remboursements_retours\\\/\"}}]}<\/script>\n<meta property=\"og:availability\" content=\"out of stock\" \/>\n<meta property=\"product:availability\" content=\"out of stock\" \/>\n<meta property=\"product:retailer_item_id\" content=\"92153\" \/>\n<meta property=\"product:condition\" content=\"new\" \/>\n<!-- \/ Yoast SEO Premium plugin. -->","yoast_head_json":{"title":"ACER palmatum 'Will's Devine' - arce japon\u00e9s","description":"Este arce japon\u00e9s tiene brotes rosados. Luego, el follaje de ACER palmatum 'Will's Devine' adquiere un color crema veteado de verde.","robots":{"index":"index","follow":"follow","max-snippet":"max-snippet:-1","max-image-preview":"max-image-preview:large","max-video-preview":"max-video-preview:-1"},"canonical":"https:\/\/www.vallonchene.fr\/es\/producto\/acer-palmatum-wills-devine\/","og_locale":"es_ES","og_type":"article","og_title":"ACER palmatum 'Will's Devine'","og_description":"Este arce japon\u00e9s tiene brotes rosados. Luego, el follaje de ACER palmatum 'Will's Devine' adquiere un color crema veteado de verde.","og_url":"https:\/\/www.vallonchene.fr\/es\/producto\/acer-palmatum-wills-devine\/","og_site_name":"Vallonch\u00eane","article_publisher":"https:\/\/www.facebook.com\/vallonchene.fr","article_modified_time":"2025-05-09T08:10:10+00:00","og_image":[{"width":800,"height":800,"url":"https:\/\/www.vallonchene.fr\/wp-content\/uploads\/2023\/04\/ACER-palmatum-Wills-Devine_05.webp","type":"image\/webp"}],"twitter_card":"summary_large_image","twitter_misc":{"Disponibilidad":"Agotado"},"schema":{"@context":"https:\/\/schema.org","@graph":[{"@type":"WebPage","@id":"https:\/\/www.vallonchene.fr\/es\/producto\/acer-palmatum-wills-devine\/","url":"https:\/\/www.vallonchene.fr\/es\/producto\/acer-palmatum-wills-devine\/","name":"ACER palmatum 'Will's Devine' - arce japon\u00e9s","isPartOf":{"@id":"https:\/\/www.vallonchene.fr\/es\/#website"},"primaryImageOfPage":{"@id":"https:\/\/www.vallonchene.fr\/es\/producto\/acer-palmatum-wills-devine\/#primaryimage"},"image":{"@id":"https:\/\/www.vallonchene.fr\/es\/producto\/acer-palmatum-wills-devine\/#primaryimage"},"thumbnailUrl":"https:\/\/www.vallonchene.fr\/wp-content\/uploads\/2023\/04\/ACER-palmatum-Wills-Devine_05.webp","datePublished":"2022-02-27T14:20:41+00:00","dateModified":"2025-05-09T08:10:10+00:00","description":"Este arce japon\u00e9s tiene brotes rosados. Luego, el follaje de ACER palmatum 'Will's Devine' adquiere un color crema veteado de verde.","breadcrumb":{"@id":"https:\/\/www.vallonchene.fr\/es\/producto\/acer-palmatum-wills-devine\/#breadcrumb"},"inLanguage":"es","potentialAction":[{"@type":"ReadAction","target":["https:\/\/www.vallonchene.fr\/es\/producto\/acer-palmatum-wills-devine\/"]}]},{"@type":"ImageObject","inLanguage":"es","@id":"https:\/\/www.vallonchene.fr\/es\/producto\/acer-palmatum-wills-devine\/#primaryimage","url":"https:\/\/www.vallonchene.fr\/wp-content\/uploads\/2023\/04\/ACER-palmatum-Wills-Devine_05.webp","contentUrl":"https:\/\/www.vallonchene.fr\/wp-content\/uploads\/2023\/04\/ACER-palmatum-Wills-Devine_05.webp","width":800,"height":800,"caption":"Follaje primaveral de ACER palmatum 'Will's Devine'"},{"@type":"BreadcrumbList","@id":"https:\/\/www.vallonchene.fr\/es\/producto\/acer-palmatum-wills-devine\/#breadcrumb","itemListElement":[{"@type":"ListItem","position":1,"name":"Home","item":"https:\/\/www.vallonchene.fr\/es\/"},{"@type":"ListItem","position":2,"name":"Tienda","item":"https:\/\/www.vallonchene.fr\/tienda\/"},{"@type":"ListItem","position":3,"name":"ACER palmatum &#8216;Will&#8217;s Devine&#8217;"}]},{"@type":"WebSite","@id":"https:\/\/www.vallonchene.fr\/es\/#website","url":"https:\/\/www.vallonchene.fr\/es\/","name":"Vallonch\u00eane","description":"El vivero donde la calidad tiene sus ra\u00edces \u2013 Tel.: +33 (0)2.35.90.02.02","publisher":{"@id":"https:\/\/www.vallonchene.fr\/es\/#organization"},"potentialAction":[{"@type":"SearchAction","target":{"@type":"EntryPoint","urlTemplate":"https:\/\/www.vallonchene.fr\/es\/?s={search_term_string}"},"query-input":{"@type":"PropertyValueSpecification","valueRequired":true,"valueName":"search_term_string"}}],"inLanguage":"es"},{"@type":"Organization","@id":"https:\/\/www.vallonchene.fr\/es\/#organization","name":"VALLONCHENE","url":"https:\/\/www.vallonchene.fr\/es\/","logo":{"@type":"ImageObject","inLanguage":"es","@id":"https:\/\/www.vallonchene.fr\/es\/#\/schema\/logo\/image\/","url":"https:\/\/www.vallonchene.fr\/wp-content\/uploads\/2023\/03\/Logo-Vallonchene-site-et-R_hauteur_100.png","contentUrl":"https:\/\/www.vallonchene.fr\/wp-content\/uploads\/2023\/03\/Logo-Vallonchene-site-et-R_hauteur_100.png","width":221,"height":100,"caption":"VALLONCHENE"},"image":{"@id":"https:\/\/www.vallonchene.fr\/es\/#\/schema\/logo\/image\/"},"sameAs":["https:\/\/www.facebook.com\/vallonchene.fr","https:\/\/www.instagram.com\/vallonchene\/","https:\/\/www.pinterest.fr\/vallonchene\/"],"taxID":"49454502300017","hasMerchantReturnPolicy":{"@type":"MerchantReturnPolicy","merchantReturnLink":"https:\/\/www.vallonchene.fr\/remboursements_retours\/"}}]},"og_availability":"out of stock","product_availability":"out of stock","product_retailer_item_id":"92153","product_condition":"new"},"_links":{"self":[{"href":"https:\/\/www.vallonchene.fr\/es\/wp-json\/wp\/v2\/product\/51978","targetHints":{"allow":["GET"]}}],"collection":[{"href":"https:\/\/www.vallonchene.fr\/es\/wp-json\/wp\/v2\/product"}],"about":[{"href":"https:\/\/www.vallonchene.fr\/es\/wp-json\/wp\/v2\/types\/product"}],"replies":[{"embeddable":true,"href":"https:\/\/www.vallonchene.fr\/es\/wp-json\/wp\/v2\/comments?post=51978"}],"wp:featuredmedia":[{"embeddable":true,"href":"https:\/\/www.vallonchene.fr\/es\/wp-json\/wp\/v2\/media\/51979"}],"wp:attachment":[{"href":"https:\/\/www.vallonchene.fr\/es\/wp-json\/wp\/v2\/media?parent=51978"}],"wp:term":[{"taxonomy":"product_brand","embeddable":true,"href":"https:\/\/www.vallonchene.fr\/es\/wp-json\/wp\/v2\/product_brand?post=51978"},{"taxonomy":"product_cat","embeddable":true,"href":"https:\/\/www.vallonchene.fr\/es\/wp-json\/wp\/v2\/product_cat?post=51978"},{"taxonomy":"product_tag","embeddable":true,"href":"https:\/\/www.vallonchene.fr\/es\/wp-json\/wp\/v2\/product_tag?post=51978"}],"curies":[{"name":"wp","href":"https:\/\/api.w.org\/{rel}","templated":true}]}}