{"id":51962,"date":"2022-07-26T15:13:02","date_gmt":"2022-07-26T15:13:02","guid":{"rendered":"https:\/\/www.vallonchene.fr\/produit\/populus-tremula-erecta-fastigiata\/"},"modified":"2025-05-14T15:35:10","modified_gmt":"2025-05-14T13:35:10","slug":"populus-tremula-erecta-fastigiata","status":"publish","type":"product","link":"https:\/\/www.vallonchene.fr\/es\/producto\/populus-tremula-erecta-fastigiata\/","title":{"rendered":"POPULUS tremula &#8216;Erecta&#8217; (Fastigiata)"},"content":{"rendered":"<h2>La Planta<\/h2>\n<p>El <strong>POPULUS tremula &#8216;Erecta&#8217; (sin. Fastigiata)<\/strong>, com\u00fanmente llamado <strong>\u00e1lamo tembl\u00f3n fastigiado<\/strong>, representa un <strong>elemento estructural y decorativo importante<\/strong> para cualquier jard\u00edn, grande o peque\u00f1o.<\/p>\n<p>En efecto, este \u00e1rbol <strong>requiere muy poco espacio<\/strong>. Adem\u00e1s, alcanza una <strong>altura mucho m\u00e1s reducida que el \u00e1lamo de Italia<\/strong>, por ejemplo. El tronco de los ejemplares en el Jard\u00edn de Vallonch\u00eane, con un poco m\u00e1s de 20 a\u00f1os de edad, mide apenas unos veinte cent\u00edmetros de di\u00e1metro.  <\/p>\n<p>Adem\u00e1s, su <strong>follaje mate<\/strong> adquiere <strong>colores interesantes en oto\u00f1o<\/strong>, que van desde el rojo hasta el amarillo, incluyendo el naranja. <\/p>\n<p>Finalmente, en invierno, sus ramas desnudas y muy verticales acent\u00faan su silueta fastigiada.<\/p>\n<p>Para consultar todos los POPULUS actualmente disponibles para la venta, <strong><a href=\"https:\/\/www.vallonchene.fr\/es\/?s=populus&amp;post_type=product&amp;dgwt_wcas=1&amp;lang=fr&amp;filter_stock_status=instock\">por favor haga clic aqu\u00ed<\/a><\/strong>.<\/p>\n<h2>\u00bfC\u00f3mo plantar y cuidar el POPULUS tremula &#8216;Erecta&#8217; (Fastigiata)?<\/h2>\n<h3>Plantaci\u00f3n <br \/><\/h3>\n<p>Este \u00e1rbol no es exigente. No obstante, considere los siguientes puntos: <\/p>\n<ol>\n<li>Elija un lugar a pleno sol o en semisombra.<\/li>\n<li>El lugar puede ser h\u00famedo, medianamente h\u00famedo o seco.<\/li>\n<li>El \u00e1lamo tembl\u00f3n fastigiado acepta un suelo ligero, normal o pesado con un pH \u00e1cido, neutro o calc\u00e1reo.<\/li>\n<\/ol>\n<p>Para una buena preparaci\u00f3n del hoyo de plantaci\u00f3n, hemos dise\u00f1ado <a href=\"https:\/\/www.vallonchene.fr\/comment-planter-et-entretenir-des-vegetaux\/comment-planter-et-entretenir-arbres-arbustes-et-coniferes\/\" target=\"_blank\" rel=\"noreferrer noopener\"><strong>instrucciones espec\u00edficas disponibles aqu\u00ed<\/strong><\/a>.<\/p>\n<h3>Cuidado <br \/><\/h3>\n<p>Si esta planta no es exigente en cuanto a la plantaci\u00f3n, lo es a\u00fan menos en cuanto al mantenimiento. Sin embargo, esto no impide que se deba seguir el riego durante los per\u00edodos secos en los dos primeros a\u00f1os de plantaci\u00f3n para garantizar un buen establecimiento.  Le invitamos a consultar tambi\u00e9n <a href=\"https:\/\/www.vallonchene.fr\/comment-bien-arroser-le-jardin-et-economiser-leau\/\"><strong>nuestros consejos sobre c\u00f3mo regar correctamente y ahorrar agua aqu\u00ed<\/strong><\/a>.<\/p>\n<p>Sin embargo, puede realizar una poda en enero o febrero si hay necesidades particulares.<\/p>\n<h2>Historia y Origen<\/h2>\n<p>El POPULUS tremula &#8216;Erecta&#8217; (Fastigiata) pertenece a los cultivares fascinantes del \u00e1lamo europeo. Fue descubierto en Suecia a mediados del siglo XIX, m\u00e1s precisamente en V\u00e4sterg\u00f6tland en 1847. <\/p>\n<p>La especie <em>POPULUS<\/em> tiene una rica historia evolutiva, con rastros en Eurasia despu\u00e9s de la extinci\u00f3n masiva del Cret\u00e1cico-Pale\u00f3geno. Luego, se diversific\u00f3 significativamente hace aproximadamente 27 millones de a\u00f1os, influenciada por los cambios clim\u00e1ticos. <em><br \/>\n<\/em><\/p>\n<p>Finalmente, el POPULUS tremula &#8216;Erecta&#8217; (sin. Fastigiata) encanta con su porte vertical, aportando adem\u00e1s un toque de color en oto\u00f1o.<\/p>\n","protected":false},"excerpt":{"rendered":"<p>Este <strong>\u00e1lamo tembl\u00f3n<\/strong> tiene una forma muy erguida. Las hojas del <strong>POPULUS tremula &#8216;Erecta&#8217;<\/strong> son m\u00e1s peque\u00f1as que las de la especie cl\u00e1sica y adquieren colores vibrantes en oto\u00f1o. <\/p>\n","protected":false},"featured_media":53826,"comment_status":"open","ping_status":"closed","template":"","meta":[],"product_brand":[],"product_cat":[11499],"product_tag":[12163],"class_list":{"0":"post-51962","1":"product","2":"type-product","3":"status-publish","4":"has-post-thumbnail","6":"product_cat-arbustos-y-arboles","7":"product_tag-populus-es","8":"pa_99-hauteurapproximativeapres1-2-a-3-m","9":"pa_couleurdufeuillage-verde","10":"pa_exigencesenhumidite-moderadamente-humedo-a-humedo","11":"pa_exigencesenhumidite-promedio","12":"pa_exigencesenhumidite-seco","13":"pa_expositionspossibles-pleno-sol-de-12-a-17-min","14":"pa_expositionspossibles-sombra-sin-sol-directo","15":"pa_expositionspossibles-sombra-parcial-evitar-el-sol-de-12-a-17-horas","16":"pa_hauteurlivree-100-a-125-cm","17":"pa_hauteurlivree-125-a-150-cm-es","18":"pa_hauteurlivree-150-a-175-cm-es","19":"pa_interetauprintemps-follaje","20":"pa_interetauprintemps-habitus","21":"pa_interetenautomne-follaje","22":"pa_interetenautomne-habitus","23":"pa_interetenete-follaje","24":"pa_interetenete-habitus","25":"pa_interetenhiver-habitus","26":"pa_naturedufeuillage-caduco","27":"pa_naturesdesolpossibles-ligero","28":"pa_naturesdesolpossibles-normal-es","29":"pa_naturesdesolpossibles-pesado","30":"pa_periodedetaille-enero","31":"pa_periodedetaille-febrero","32":"pa_phdusolacceptable-acido-menos-de-6_5","33":"pa_phdusolacceptable-calcareo-mas-de-7_5","34":"pa_phdusolacceptable-neutro-entre-6_5-y-7_5","35":"pa_portgraphisme-fastigiado","36":"pa_resistanceaufroidrusticite-resistente-por-debajo-de-menos-20-c","37":"pa_tailledepot-maceta-de-5-litros","38":"pa_tailledepot-maceta-de-7_5-litros","39":"pa_utilisationpossible-aislado","40":"pa_utilisationpossible-arriate","42":"first","43":"instock","44":"taxable","45":"shipping-taxable","46":"purchasable","47":"product-type-variable"},"supplier_id":null,"supplier_sku":"","barcode":null,"atum_controlled":true,"out_stock_date":null,"out_stock_threshold":null,"inheritable":true,"inbound_stock":0,"stock_on_hold":0,"sold_today":0,"sales_last_days":2,"reserved_stock":0,"customer_returns":0,"warehouse_damage":0,"lost_in_post":0,"other_logs":0,"out_stock_days":null,"lost_sales":0,"has_location":false,"update_date":"2025-11-30T16:13:08","atum_locations":[],"atum_stock_status":"instock","restock_status":false,"low_stock_amount":"","sales_update_date":"2024-02-11T14:22:12","calc_backorders":null,"yoast_head":"<!-- This site is optimized with the Yoast SEO Premium plugin v27.5 (Yoast SEO v27.5) - https:\/\/yoast.com\/product\/yoast-seo-premium-wordpress\/ -->\n<title>POPULUS tremula &#039;Erecta&#039; (Fastigiata) - \u00e1lamo tembl\u00f3n<\/title>\n<meta name=\"description\" content=\"Este \u00e1lamo tembl\u00f3n es de una forma muy erecta. Las hojas de POPULUS tremula &#039;Erecta&#039; son mucho m\u00e1s peque\u00f1as que las de la especie cl\u00e1sica.\" \/>\n<meta name=\"robots\" content=\"index, follow, max-snippet:-1, max-image-preview:large, max-video-preview:-1\" \/>\n<link rel=\"canonical\" href=\"https:\/\/www.vallonchene.fr\/es\/producto\/populus-tremula-erecta-fastigiata\/\" \/>\n<meta property=\"og:locale\" content=\"es_ES\" \/>\n<meta property=\"og:type\" content=\"article\" \/>\n<meta property=\"og:title\" content=\"POPULUS tremula &#039;Erecta&#039; (Fastigiata)\" \/>\n<meta property=\"og:description\" content=\"Este \u00e1lamo tembl\u00f3n es de una forma muy erecta. Las hojas de POPULUS tremula &#039;Erecta&#039; son mucho m\u00e1s peque\u00f1as que las de la especie cl\u00e1sica.\" \/>\n<meta property=\"og:url\" content=\"https:\/\/www.vallonchene.fr\/es\/producto\/populus-tremula-erecta-fastigiata\/\" \/>\n<meta property=\"og:site_name\" content=\"Vallonch\u00eane\" \/>\n<meta property=\"article:publisher\" content=\"https:\/\/www.facebook.com\/vallonchene.fr\" \/>\n<meta property=\"article:modified_time\" content=\"2025-05-14T13:35:10+00:00\" \/>\n<meta property=\"og:image\" content=\"https:\/\/www.vallonchene.fr\/wp-content\/uploads\/2025\/05\/POPULUS-tremula-Erecta_02.webp\" \/>\n\t<meta property=\"og:image:width\" content=\"1200\" \/>\n\t<meta property=\"og:image:height\" content=\"1200\" \/>\n\t<meta property=\"og:image:type\" content=\"image\/webp\" \/>\n<meta name=\"twitter:card\" content=\"summary_large_image\" \/>\n<meta name=\"twitter:label1\" content=\"Disponibilidad\" \/>\n\t<meta name=\"twitter:data1\" content=\"En stock\" \/>\n<script type=\"application\/ld+json\" class=\"yoast-schema-graph\">{\"@context\":\"https:\\\/\\\/schema.org\",\"@graph\":[{\"@type\":\"WebPage\",\"@id\":\"https:\\\/\\\/www.vallonchene.fr\\\/es\\\/producto\\\/populus-tremula-erecta-fastigiata\\\/\",\"url\":\"https:\\\/\\\/www.vallonchene.fr\\\/es\\\/producto\\\/populus-tremula-erecta-fastigiata\\\/\",\"name\":\"POPULUS tremula 'Erecta' (Fastigiata) - \u00e1lamo tembl\u00f3n\",\"isPartOf\":{\"@id\":\"https:\\\/\\\/www.vallonchene.fr\\\/es\\\/#website\"},\"primaryImageOfPage\":{\"@id\":\"https:\\\/\\\/www.vallonchene.fr\\\/es\\\/producto\\\/populus-tremula-erecta-fastigiata\\\/#primaryimage\"},\"image\":{\"@id\":\"https:\\\/\\\/www.vallonchene.fr\\\/es\\\/producto\\\/populus-tremula-erecta-fastigiata\\\/#primaryimage\"},\"thumbnailUrl\":\"https:\\\/\\\/www.vallonchene.fr\\\/wp-content\\\/uploads\\\/2025\\\/05\\\/POPULUS-tremula-Erecta_02.webp\",\"datePublished\":\"2022-07-26T15:13:02+00:00\",\"dateModified\":\"2025-05-14T13:35:10+00:00\",\"description\":\"Este \u00e1lamo tembl\u00f3n es de una forma muy erecta. Las hojas de POPULUS tremula 'Erecta' son mucho m\u00e1s peque\u00f1as que las de la especie cl\u00e1sica.\",\"breadcrumb\":{\"@id\":\"https:\\\/\\\/www.vallonchene.fr\\\/es\\\/producto\\\/populus-tremula-erecta-fastigiata\\\/#breadcrumb\"},\"inLanguage\":\"es\",\"potentialAction\":[{\"@type\":\"ReadAction\",\"target\":[\"https:\\\/\\\/www.vallonchene.fr\\\/es\\\/producto\\\/populus-tremula-erecta-fastigiata\\\/\"]}]},{\"@type\":\"ImageObject\",\"inLanguage\":\"es\",\"@id\":\"https:\\\/\\\/www.vallonchene.fr\\\/es\\\/producto\\\/populus-tremula-erecta-fastigiata\\\/#primaryimage\",\"url\":\"https:\\\/\\\/www.vallonchene.fr\\\/wp-content\\\/uploads\\\/2025\\\/05\\\/POPULUS-tremula-Erecta_02.webp\",\"contentUrl\":\"https:\\\/\\\/www.vallonchene.fr\\\/wp-content\\\/uploads\\\/2025\\\/05\\\/POPULUS-tremula-Erecta_02.webp\",\"width\":1200,\"height\":1200,\"caption\":\"Dos POPULUS tremula 'Erecta' (Fastigiata) ocupando muy poco espacio\"},{\"@type\":\"BreadcrumbList\",\"@id\":\"https:\\\/\\\/www.vallonchene.fr\\\/es\\\/producto\\\/populus-tremula-erecta-fastigiata\\\/#breadcrumb\",\"itemListElement\":[{\"@type\":\"ListItem\",\"position\":1,\"name\":\"Home\",\"item\":\"https:\\\/\\\/www.vallonchene.fr\\\/es\\\/\"},{\"@type\":\"ListItem\",\"position\":2,\"name\":\"Tienda\",\"item\":\"https:\\\/\\\/www.vallonchene.fr\\\/tienda\\\/\"},{\"@type\":\"ListItem\",\"position\":3,\"name\":\"Venta en linea\",\"item\":\"https:\\\/\\\/www.vallonchene.fr\\\/es\\\/categoria-producto\\\/venta-en-linea\\\/\"},{\"@type\":\"ListItem\",\"position\":4,\"name\":\"Vivero\",\"item\":\"https:\\\/\\\/www.vallonchene.fr\\\/es\\\/categoria-producto\\\/venta-en-linea\\\/vivero\\\/\"},{\"@type\":\"ListItem\",\"position\":5,\"name\":\"Arbustos y \u00e1rboles\",\"item\":\"https:\\\/\\\/www.vallonchene.fr\\\/es\\\/categoria-producto\\\/venta-en-linea\\\/vivero\\\/arbustos-y-arboles\\\/\"},{\"@type\":\"ListItem\",\"position\":6,\"name\":\"POPULUS tremula &lsquo;Erecta&rsquo; (Fastigiata)\"}]},{\"@type\":\"WebSite\",\"@id\":\"https:\\\/\\\/www.vallonchene.fr\\\/es\\\/#website\",\"url\":\"https:\\\/\\\/www.vallonchene.fr\\\/es\\\/\",\"name\":\"Vallonch\u00eane\",\"description\":\"El vivero donde la calidad tiene sus ra\u00edces \u2013 Tel.: +33 (0)2.35.90.02.02\",\"publisher\":{\"@id\":\"https:\\\/\\\/www.vallonchene.fr\\\/es\\\/#organization\"},\"potentialAction\":[{\"@type\":\"SearchAction\",\"target\":{\"@type\":\"EntryPoint\",\"urlTemplate\":\"https:\\\/\\\/www.vallonchene.fr\\\/es\\\/?s={search_term_string}\"},\"query-input\":{\"@type\":\"PropertyValueSpecification\",\"valueRequired\":true,\"valueName\":\"search_term_string\"}}],\"inLanguage\":\"es\"},{\"@type\":\"Organization\",\"@id\":\"https:\\\/\\\/www.vallonchene.fr\\\/es\\\/#organization\",\"name\":\"VALLONCHENE\",\"url\":\"https:\\\/\\\/www.vallonchene.fr\\\/es\\\/\",\"logo\":{\"@type\":\"ImageObject\",\"inLanguage\":\"es\",\"@id\":\"https:\\\/\\\/www.vallonchene.fr\\\/es\\\/#\\\/schema\\\/logo\\\/image\\\/\",\"url\":\"https:\\\/\\\/www.vallonchene.fr\\\/wp-content\\\/uploads\\\/2023\\\/03\\\/Logo-Vallonchene-site-et-R_hauteur_100.png\",\"contentUrl\":\"https:\\\/\\\/www.vallonchene.fr\\\/wp-content\\\/uploads\\\/2023\\\/03\\\/Logo-Vallonchene-site-et-R_hauteur_100.png\",\"width\":221,\"height\":100,\"caption\":\"VALLONCHENE\"},\"image\":{\"@id\":\"https:\\\/\\\/www.vallonchene.fr\\\/es\\\/#\\\/schema\\\/logo\\\/image\\\/\"},\"sameAs\":[\"https:\\\/\\\/www.facebook.com\\\/vallonchene.fr\",\"https:\\\/\\\/www.instagram.com\\\/vallonchene\\\/\",\"https:\\\/\\\/www.pinterest.fr\\\/vallonchene\\\/\"],\"taxID\":\"49454502300017\",\"hasMerchantReturnPolicy\":{\"@type\":\"MerchantReturnPolicy\",\"merchantReturnLink\":\"https:\\\/\\\/www.vallonchene.fr\\\/remboursements_retours\\\/\"}}]}<\/script>\n<meta property=\"og:availability\" content=\"instock\" \/>\n<meta property=\"product:availability\" content=\"instock\" \/>\n<meta property=\"product:retailer_item_id\" content=\"68259\" \/>\n<meta property=\"product:condition\" content=\"new\" \/>\n<!-- \/ Yoast SEO Premium plugin. -->","yoast_head_json":{"title":"POPULUS tremula 'Erecta' (Fastigiata) - \u00e1lamo tembl\u00f3n","description":"Este \u00e1lamo tembl\u00f3n es de una forma muy erecta. Las hojas de POPULUS tremula 'Erecta' son mucho m\u00e1s peque\u00f1as que las de la especie cl\u00e1sica.","robots":{"index":"index","follow":"follow","max-snippet":"max-snippet:-1","max-image-preview":"max-image-preview:large","max-video-preview":"max-video-preview:-1"},"canonical":"https:\/\/www.vallonchene.fr\/es\/producto\/populus-tremula-erecta-fastigiata\/","og_locale":"es_ES","og_type":"article","og_title":"POPULUS tremula 'Erecta' (Fastigiata)","og_description":"Este \u00e1lamo tembl\u00f3n es de una forma muy erecta. Las hojas de POPULUS tremula 'Erecta' son mucho m\u00e1s peque\u00f1as que las de la especie cl\u00e1sica.","og_url":"https:\/\/www.vallonchene.fr\/es\/producto\/populus-tremula-erecta-fastigiata\/","og_site_name":"Vallonch\u00eane","article_publisher":"https:\/\/www.facebook.com\/vallonchene.fr","article_modified_time":"2025-05-14T13:35:10+00:00","og_image":[{"width":1200,"height":1200,"url":"https:\/\/www.vallonchene.fr\/wp-content\/uploads\/2025\/05\/POPULUS-tremula-Erecta_02.webp","type":"image\/webp"}],"twitter_card":"summary_large_image","twitter_misc":{"Disponibilidad":"En stock"},"schema":{"@context":"https:\/\/schema.org","@graph":[{"@type":"WebPage","@id":"https:\/\/www.vallonchene.fr\/es\/producto\/populus-tremula-erecta-fastigiata\/","url":"https:\/\/www.vallonchene.fr\/es\/producto\/populus-tremula-erecta-fastigiata\/","name":"POPULUS tremula 'Erecta' (Fastigiata) - \u00e1lamo tembl\u00f3n","isPartOf":{"@id":"https:\/\/www.vallonchene.fr\/es\/#website"},"primaryImageOfPage":{"@id":"https:\/\/www.vallonchene.fr\/es\/producto\/populus-tremula-erecta-fastigiata\/#primaryimage"},"image":{"@id":"https:\/\/www.vallonchene.fr\/es\/producto\/populus-tremula-erecta-fastigiata\/#primaryimage"},"thumbnailUrl":"https:\/\/www.vallonchene.fr\/wp-content\/uploads\/2025\/05\/POPULUS-tremula-Erecta_02.webp","datePublished":"2022-07-26T15:13:02+00:00","dateModified":"2025-05-14T13:35:10+00:00","description":"Este \u00e1lamo tembl\u00f3n es de una forma muy erecta. Las hojas de POPULUS tremula 'Erecta' son mucho m\u00e1s peque\u00f1as que las de la especie cl\u00e1sica.","breadcrumb":{"@id":"https:\/\/www.vallonchene.fr\/es\/producto\/populus-tremula-erecta-fastigiata\/#breadcrumb"},"inLanguage":"es","potentialAction":[{"@type":"ReadAction","target":["https:\/\/www.vallonchene.fr\/es\/producto\/populus-tremula-erecta-fastigiata\/"]}]},{"@type":"ImageObject","inLanguage":"es","@id":"https:\/\/www.vallonchene.fr\/es\/producto\/populus-tremula-erecta-fastigiata\/#primaryimage","url":"https:\/\/www.vallonchene.fr\/wp-content\/uploads\/2025\/05\/POPULUS-tremula-Erecta_02.webp","contentUrl":"https:\/\/www.vallonchene.fr\/wp-content\/uploads\/2025\/05\/POPULUS-tremula-Erecta_02.webp","width":1200,"height":1200,"caption":"Dos POPULUS tremula 'Erecta' (Fastigiata) ocupando muy poco espacio"},{"@type":"BreadcrumbList","@id":"https:\/\/www.vallonchene.fr\/es\/producto\/populus-tremula-erecta-fastigiata\/#breadcrumb","itemListElement":[{"@type":"ListItem","position":1,"name":"Home","item":"https:\/\/www.vallonchene.fr\/es\/"},{"@type":"ListItem","position":2,"name":"Tienda","item":"https:\/\/www.vallonchene.fr\/tienda\/"},{"@type":"ListItem","position":3,"name":"Venta en linea","item":"https:\/\/www.vallonchene.fr\/es\/categoria-producto\/venta-en-linea\/"},{"@type":"ListItem","position":4,"name":"Vivero","item":"https:\/\/www.vallonchene.fr\/es\/categoria-producto\/venta-en-linea\/vivero\/"},{"@type":"ListItem","position":5,"name":"Arbustos y \u00e1rboles","item":"https:\/\/www.vallonchene.fr\/es\/categoria-producto\/venta-en-linea\/vivero\/arbustos-y-arboles\/"},{"@type":"ListItem","position":6,"name":"POPULUS tremula &lsquo;Erecta&rsquo; (Fastigiata)"}]},{"@type":"WebSite","@id":"https:\/\/www.vallonchene.fr\/es\/#website","url":"https:\/\/www.vallonchene.fr\/es\/","name":"Vallonch\u00eane","description":"El vivero donde la calidad tiene sus ra\u00edces \u2013 Tel.: +33 (0)2.35.90.02.02","publisher":{"@id":"https:\/\/www.vallonchene.fr\/es\/#organization"},"potentialAction":[{"@type":"SearchAction","target":{"@type":"EntryPoint","urlTemplate":"https:\/\/www.vallonchene.fr\/es\/?s={search_term_string}"},"query-input":{"@type":"PropertyValueSpecification","valueRequired":true,"valueName":"search_term_string"}}],"inLanguage":"es"},{"@type":"Organization","@id":"https:\/\/www.vallonchene.fr\/es\/#organization","name":"VALLONCHENE","url":"https:\/\/www.vallonchene.fr\/es\/","logo":{"@type":"ImageObject","inLanguage":"es","@id":"https:\/\/www.vallonchene.fr\/es\/#\/schema\/logo\/image\/","url":"https:\/\/www.vallonchene.fr\/wp-content\/uploads\/2023\/03\/Logo-Vallonchene-site-et-R_hauteur_100.png","contentUrl":"https:\/\/www.vallonchene.fr\/wp-content\/uploads\/2023\/03\/Logo-Vallonchene-site-et-R_hauteur_100.png","width":221,"height":100,"caption":"VALLONCHENE"},"image":{"@id":"https:\/\/www.vallonchene.fr\/es\/#\/schema\/logo\/image\/"},"sameAs":["https:\/\/www.facebook.com\/vallonchene.fr","https:\/\/www.instagram.com\/vallonchene\/","https:\/\/www.pinterest.fr\/vallonchene\/"],"taxID":"49454502300017","hasMerchantReturnPolicy":{"@type":"MerchantReturnPolicy","merchantReturnLink":"https:\/\/www.vallonchene.fr\/remboursements_retours\/"}}]},"og_availability":"instock","product_availability":"instock","product_retailer_item_id":"68259","product_condition":"new"},"_links":{"self":[{"href":"https:\/\/www.vallonchene.fr\/es\/wp-json\/wp\/v2\/product\/51962","targetHints":{"allow":["GET"]}}],"collection":[{"href":"https:\/\/www.vallonchene.fr\/es\/wp-json\/wp\/v2\/product"}],"about":[{"href":"https:\/\/www.vallonchene.fr\/es\/wp-json\/wp\/v2\/types\/product"}],"replies":[{"embeddable":true,"href":"https:\/\/www.vallonchene.fr\/es\/wp-json\/wp\/v2\/comments?post=51962"}],"wp:featuredmedia":[{"embeddable":true,"href":"https:\/\/www.vallonchene.fr\/es\/wp-json\/wp\/v2\/media\/53826"}],"wp:attachment":[{"href":"https:\/\/www.vallonchene.fr\/es\/wp-json\/wp\/v2\/media?parent=51962"}],"wp:term":[{"taxonomy":"product_brand","embeddable":true,"href":"https:\/\/www.vallonchene.fr\/es\/wp-json\/wp\/v2\/product_brand?post=51962"},{"taxonomy":"product_cat","embeddable":true,"href":"https:\/\/www.vallonchene.fr\/es\/wp-json\/wp\/v2\/product_cat?post=51962"},{"taxonomy":"product_tag","embeddable":true,"href":"https:\/\/www.vallonchene.fr\/es\/wp-json\/wp\/v2\/product_tag?post=51962"}],"curies":[{"name":"wp","href":"https:\/\/api.w.org\/{rel}","templated":true}]}}