{"id":51781,"date":"2023-07-14T13:20:46","date_gmt":"2023-07-14T13:20:46","guid":{"rendered":"https:\/\/www.vallonchene.fr\/produit\/cornus-sanguinea-compressa\/"},"modified":"2025-09-04T10:46:49","modified_gmt":"2025-09-04T08:46:49","slug":"cornus-sanguinea-compressa","status":"publish","type":"product","link":"https:\/\/www.vallonchene.fr\/es\/producto\/cornus-sanguinea-compressa\/","title":{"rendered":"CORNUS sanguinea &#8216;Compressa&#8217;"},"content":{"rendered":"<h2>La Planta<\/h2>\n<p><strong>CORNUS sanguinea &#8216;Compressa&#8217;<\/strong> no se parece a ning\u00fan otro cornejo. De hecho, se trata de un <strong>cornejo enano<\/strong> de <strong>crecimiento muy lento<\/strong>. El ejemplar de nuestra foto tiene m\u00e1s de 25 a\u00f1os y una altura de aproximadamente 2 metros.<br \/>\nEl follaje adquiere un color <strong>verde intenso<\/strong> y las <strong>hojas son bastante r\u00edgidas<\/strong>, <strong>bellamente arrugadas<\/strong> y de <strong>forma bastante redondeada<\/strong>. En el oto\u00f1o, desarrollan un color <strong>rojo burdeos<\/strong>.<br \/>\nDurante los primeros a\u00f1os, la planta presenta una estructura erguida con <strong>ramas claramente verticales<\/strong>. Con el tiempo, su forma se vuelve <strong>globular<\/strong>, conservando las ramas verticales. Todo esto la convierte en una planta estructural de gran importancia.<br \/>\nEsta planta es perfectamente adecuada para el <strong>bons\u00e1i<\/strong>.<br \/>\nEn cualquier caso, es una apuesta segura para los amantes de las formas originales.     <\/p>\n<h2>\u00bfC\u00f3mo plantar y cuidar el CORNUS sanguinea &#8216;Compressa&#8217;?<\/h2>\n<h3>La plantaci\u00f3n<br \/><\/h3>\n<p>Para aprovechar al m\u00e1ximo este arbusto excepcional, respete los siguientes puntos:<\/p>\n<ol>\n<li>Elija un lugar a <strong>pleno sol<\/strong> o en <strong>semisombra<\/strong>.<\/li>\n<li>Este arbusto enano acepta un <strong>suelo h\u00famedo, moderadamente h\u00famedo e incluso seco<\/strong>.<\/li>\n<li>La tierra puede ser <strong>ligera, normal o pesada<\/strong>, con un <strong>pH neutro o calc\u00e1reo<\/strong>.<\/li>\n<li>Para una buena preparaci\u00f3n del hoyo de plantaci\u00f3n, hemos dise\u00f1ado <a href=\"https:\/\/www.vallonchene.fr\/comment-planter-et-entretenir-des-vegetaux\/comment-planter-et-entretenir-arbres-arbustes-et-coniferes\/\" target=\"_blank\" rel=\"noreferrer noopener\"><strong>instrucciones espec\u00edficas disponibles aqu\u00ed<\/strong><\/a>.<\/li>\n<\/ol>\n<h3>El cuidado <br \/><\/h3>\n<p>Este cornejo es de una sencillez de mantenimiento ejemplar. No obstante, siga el riego durante los per\u00edodos secos durante los dos primeros a\u00f1os hasta que la planta est\u00e9 bien establecida.  Le invitamos a consultar tambi\u00e9n <a href=\"https:\/\/www.vallonchene.fr\/comment-bien-arroser-le-jardin-et-economiser-leau\/\"><strong>nuestros consejos sobre c\u00f3mo regar correctamente y ahorrar agua aqu\u00ed<\/strong><\/a>.<\/p>\n<p>Dado su tama\u00f1o reducido y su crecimiento muy lento, <strong>no requiere poda<\/strong>. Sin embargo, si desea realizarla, h\u00e1galo en enero o diciembre. <\/p>\n<h2>Historia y Origen<\/h2>\n<p>La especie tipo, Cornus sanguinea, es end\u00e9mica desde Europa hasta Asia occidental. Crece a menudo a lo largo de los r\u00edos, en barrancos y en los bordes de los bosques. <\/p>\n<p>En cuanto al Cornus sanguinea &#8216;Compressa&#8217;, se trata de una selecci\u00f3n hort\u00edcola que probablemente apareci\u00f3 en el siglo XX, aunque la fecha no est\u00e1 claramente documentada.<\/p>\n","protected":false},"excerpt":{"rendered":"<p><strong>CORNUS sanguinea &#8216;Compressa&#8217;<\/strong> es un <strong>cornejo enano<\/strong> con follaje arrugado y porte arquitect\u00f3nico. Es ideal para jardines peque\u00f1os, bons\u00e1is y para quienes aprecian formas originales. Plantaci\u00f3n sencilla, mantenimiento m\u00ednimo y belleza estacional garantizada.  <\/p>\n","protected":false},"featured_media":51782,"comment_status":"open","ping_status":"closed","template":"","meta":[],"product_brand":[],"product_cat":[11499],"product_tag":[12164,12228],"class_list":{"0":"post-51781","1":"product","2":"type-product","3":"status-publish","4":"has-post-thumbnail","6":"product_cat-arbustos-y-arboles","7":"product_tag-cornus-es","8":"product_tag-cornus-sanguinea-es","9":"pa_99-hauteurapproximativeapres1-1_00-a-1_50-m","10":"pa_couleurdufeuillage-verde","11":"pa_exigencesenhumidite-moderadamente-humedo-a-humedo","12":"pa_exigencesenhumidite-promedio","13":"pa_exigencesenhumidite-seco","14":"pa_expositionspossibles-pleno-sol-de-12-a-17-min","15":"pa_expositionspossibles-sombra-parcial-evitar-el-sol-de-12-a-17-horas","16":"pa_hauteurlivree-100-a-125-cm","17":"pa_hauteurlivree-40-a-50-cm-es","18":"pa_hauteurlivree-70-a-80-cm-es","19":"pa_interetauprintemps-brotes-jovenes","20":"pa_interetauprintemps-follaje","21":"pa_interetauprintemps-habitus","22":"pa_interetenautomne-follaje","23":"pa_interetenautomne-habitus","24":"pa_interetenete-follaje","25":"pa_interetenete-habitus","26":"pa_interetenhiver-habitus","27":"pa_naturedufeuillage-caduco","28":"pa_naturesdesolpossibles-ligero","29":"pa_naturesdesolpossibles-normal-es","30":"pa_naturesdesolpossibles-pesado","31":"pa_particularites-adecuado-para-bonsai","32":"pa_particularites-jardin-rocoso","33":"pa_periodedetaille-diciembre","34":"pa_periodedetaille-enero","35":"pa_phdusolacceptable-calcareo-mas-de-7_5","36":"pa_phdusolacceptable-neutro-entre-6_5-y-7_5","37":"pa_resistanceaufroidrusticite-resistente-por-debajo-de-menos-20-c","38":"pa_tailledepot-maceta-de-4-litros","39":"pa_tailledepot-maceta-de-7_5-litros","40":"pa_utilisationpossible-arriate","41":"pa_utilisationpossible-contenedor-o-olla","43":"first","44":"instock","45":"taxable","46":"shipping-taxable","47":"purchasable","48":"product-type-variable","49":"has-default-attributes"},"supplier_id":null,"supplier_sku":"","barcode":null,"atum_controlled":true,"out_stock_date":null,"out_stock_threshold":null,"inheritable":true,"inbound_stock":0,"stock_on_hold":0,"sold_today":0,"sales_last_days":0,"reserved_stock":0,"customer_returns":0,"warehouse_damage":0,"lost_in_post":0,"other_logs":0,"out_stock_days":null,"lost_sales":0,"has_location":false,"update_date":"2026-02-20T13:15:25","atum_locations":[],"atum_stock_status":"instock","restock_status":false,"low_stock_amount":"","sales_update_date":"2025-12-03T15:32:58","calc_backorders":null,"yoast_head":"<!-- This site is optimized with the Yoast SEO Premium plugin v27.4 (Yoast SEO v27.4) - https:\/\/yoast.com\/product\/yoast-seo-premium-wordpress\/ -->\n<title>CORNUS sanguinea &#039;Compressa&#039; - sangui\u00f1o enano<\/title>\n<meta name=\"description\" content=\"Cornus sanguinea &#039;Compressa&#039; es un cornejo enano con follaje arrugado y porte arquitect\u00f3nico. Es ideal para jardines peque\u00f1os y para el bons\u00e1i.\" \/>\n<meta name=\"robots\" content=\"index, follow, max-snippet:-1, max-image-preview:large, max-video-preview:-1\" \/>\n<link rel=\"canonical\" href=\"https:\/\/www.vallonchene.fr\/es\/producto\/cornus-sanguinea-compressa\/\" \/>\n<meta property=\"og:locale\" content=\"es_ES\" \/>\n<meta property=\"og:type\" content=\"article\" \/>\n<meta property=\"og:title\" content=\"CORNUS sanguinea &#039;Compressa&#039;\" \/>\n<meta property=\"og:description\" content=\"Cornus sanguinea &#039;Compressa&#039; es un cornejo enano con follaje arrugado y porte arquitect\u00f3nico. Es ideal para jardines peque\u00f1os y para el bons\u00e1i.\" \/>\n<meta property=\"og:url\" content=\"https:\/\/www.vallonchene.fr\/es\/producto\/cornus-sanguinea-compressa\/\" \/>\n<meta property=\"og:site_name\" content=\"Vallonch\u00eane\" \/>\n<meta property=\"article:publisher\" content=\"https:\/\/www.facebook.com\/vallonchene.fr\" \/>\n<meta property=\"article:modified_time\" content=\"2025-09-04T08:46:49+00:00\" \/>\n<meta property=\"og:image\" content=\"https:\/\/www.vallonchene.fr\/wp-content\/uploads\/2023\/07\/CORNUS-sanguinea-Compressa.webp\" \/>\n\t<meta property=\"og:image:width\" content=\"999\" \/>\n\t<meta property=\"og:image:height\" content=\"999\" \/>\n\t<meta property=\"og:image:type\" content=\"image\/webp\" \/>\n<meta name=\"twitter:card\" content=\"summary_large_image\" \/>\n<meta name=\"twitter:label1\" content=\"Disponibilidad\" \/>\n\t<meta name=\"twitter:data1\" content=\"En stock\" \/>\n<script type=\"application\/ld+json\" class=\"yoast-schema-graph\">{\"@context\":\"https:\\\/\\\/schema.org\",\"@graph\":[{\"@type\":\"WebPage\",\"@id\":\"https:\\\/\\\/www.vallonchene.fr\\\/es\\\/producto\\\/cornus-sanguinea-compressa\\\/\",\"url\":\"https:\\\/\\\/www.vallonchene.fr\\\/es\\\/producto\\\/cornus-sanguinea-compressa\\\/\",\"name\":\"CORNUS sanguinea 'Compressa' - sangui\u00f1o enano\",\"isPartOf\":{\"@id\":\"https:\\\/\\\/www.vallonchene.fr\\\/es\\\/#website\"},\"primaryImageOfPage\":{\"@id\":\"https:\\\/\\\/www.vallonchene.fr\\\/es\\\/producto\\\/cornus-sanguinea-compressa\\\/#primaryimage\"},\"image\":{\"@id\":\"https:\\\/\\\/www.vallonchene.fr\\\/es\\\/producto\\\/cornus-sanguinea-compressa\\\/#primaryimage\"},\"thumbnailUrl\":\"https:\\\/\\\/www.vallonchene.fr\\\/wp-content\\\/uploads\\\/2023\\\/07\\\/CORNUS-sanguinea-Compressa.webp\",\"datePublished\":\"2023-07-14T13:20:46+00:00\",\"dateModified\":\"2025-09-04T08:46:49+00:00\",\"description\":\"Cornus sanguinea 'Compressa' es un cornejo enano con follaje arrugado y porte arquitect\u00f3nico. Es ideal para jardines peque\u00f1os y para el bons\u00e1i.\",\"breadcrumb\":{\"@id\":\"https:\\\/\\\/www.vallonchene.fr\\\/es\\\/producto\\\/cornus-sanguinea-compressa\\\/#breadcrumb\"},\"inLanguage\":\"es\",\"potentialAction\":[{\"@type\":\"ReadAction\",\"target\":[\"https:\\\/\\\/www.vallonchene.fr\\\/es\\\/producto\\\/cornus-sanguinea-compressa\\\/\"]}]},{\"@type\":\"ImageObject\",\"inLanguage\":\"es\",\"@id\":\"https:\\\/\\\/www.vallonchene.fr\\\/es\\\/producto\\\/cornus-sanguinea-compressa\\\/#primaryimage\",\"url\":\"https:\\\/\\\/www.vallonchene.fr\\\/wp-content\\\/uploads\\\/2023\\\/07\\\/CORNUS-sanguinea-Compressa.webp\",\"contentUrl\":\"https:\\\/\\\/www.vallonchene.fr\\\/wp-content\\\/uploads\\\/2023\\\/07\\\/CORNUS-sanguinea-Compressa.webp\",\"width\":999,\"height\":999,\"caption\":\"Feuillage vert du CORNUS sanguinea 'Compressa'\"},{\"@type\":\"BreadcrumbList\",\"@id\":\"https:\\\/\\\/www.vallonchene.fr\\\/es\\\/producto\\\/cornus-sanguinea-compressa\\\/#breadcrumb\",\"itemListElement\":[{\"@type\":\"ListItem\",\"position\":1,\"name\":\"Home\",\"item\":\"https:\\\/\\\/www.vallonchene.fr\\\/es\\\/\"},{\"@type\":\"ListItem\",\"position\":2,\"name\":\"Tienda\",\"item\":\"https:\\\/\\\/www.vallonchene.fr\\\/tienda\\\/\"},{\"@type\":\"ListItem\",\"position\":3,\"name\":\"Venta en linea\",\"item\":\"https:\\\/\\\/www.vallonchene.fr\\\/es\\\/categoria-producto\\\/venta-en-linea\\\/\"},{\"@type\":\"ListItem\",\"position\":4,\"name\":\"Vivero\",\"item\":\"https:\\\/\\\/www.vallonchene.fr\\\/es\\\/categoria-producto\\\/venta-en-linea\\\/vivero\\\/\"},{\"@type\":\"ListItem\",\"position\":5,\"name\":\"Arbustos y \u00e1rboles\",\"item\":\"https:\\\/\\\/www.vallonchene.fr\\\/es\\\/categoria-producto\\\/venta-en-linea\\\/vivero\\\/arbustos-y-arboles\\\/\"},{\"@type\":\"ListItem\",\"position\":6,\"name\":\"CORNUS sanguinea &#8216;Compressa&#8217;\"}]},{\"@type\":\"WebSite\",\"@id\":\"https:\\\/\\\/www.vallonchene.fr\\\/es\\\/#website\",\"url\":\"https:\\\/\\\/www.vallonchene.fr\\\/es\\\/\",\"name\":\"Vallonch\u00eane\",\"description\":\"El vivero donde la calidad tiene sus ra\u00edces \u2013 Tel.: +33 (0)2.35.90.02.02\",\"publisher\":{\"@id\":\"https:\\\/\\\/www.vallonchene.fr\\\/es\\\/#organization\"},\"potentialAction\":[{\"@type\":\"SearchAction\",\"target\":{\"@type\":\"EntryPoint\",\"urlTemplate\":\"https:\\\/\\\/www.vallonchene.fr\\\/es\\\/?s={search_term_string}\"},\"query-input\":{\"@type\":\"PropertyValueSpecification\",\"valueRequired\":true,\"valueName\":\"search_term_string\"}}],\"inLanguage\":\"es\"},{\"@type\":\"Organization\",\"@id\":\"https:\\\/\\\/www.vallonchene.fr\\\/es\\\/#organization\",\"name\":\"VALLONCHENE\",\"url\":\"https:\\\/\\\/www.vallonchene.fr\\\/es\\\/\",\"logo\":{\"@type\":\"ImageObject\",\"inLanguage\":\"es\",\"@id\":\"https:\\\/\\\/www.vallonchene.fr\\\/es\\\/#\\\/schema\\\/logo\\\/image\\\/\",\"url\":\"https:\\\/\\\/www.vallonchene.fr\\\/wp-content\\\/uploads\\\/2023\\\/03\\\/Logo-Vallonchene-site-et-R_hauteur_100.png\",\"contentUrl\":\"https:\\\/\\\/www.vallonchene.fr\\\/wp-content\\\/uploads\\\/2023\\\/03\\\/Logo-Vallonchene-site-et-R_hauteur_100.png\",\"width\":221,\"height\":100,\"caption\":\"VALLONCHENE\"},\"image\":{\"@id\":\"https:\\\/\\\/www.vallonchene.fr\\\/es\\\/#\\\/schema\\\/logo\\\/image\\\/\"},\"sameAs\":[\"https:\\\/\\\/www.facebook.com\\\/vallonchene.fr\",\"https:\\\/\\\/www.instagram.com\\\/vallonchene\\\/\",\"https:\\\/\\\/www.pinterest.fr\\\/vallonchene\\\/\"],\"taxID\":\"49454502300017\",\"hasMerchantReturnPolicy\":{\"@type\":\"MerchantReturnPolicy\",\"merchantReturnLink\":\"https:\\\/\\\/www.vallonchene.fr\\\/remboursements_retours\\\/\"}}]}<\/script>\n<meta property=\"og:availability\" content=\"instock\" \/>\n<meta property=\"product:availability\" content=\"instock\" \/>\n<meta property=\"product:retailer_item_id\" content=\"63829\" \/>\n<meta property=\"product:condition\" content=\"new\" \/>\n<!-- \/ Yoast SEO Premium plugin. -->","yoast_head_json":{"title":"CORNUS sanguinea 'Compressa' - sangui\u00f1o enano","description":"Cornus sanguinea 'Compressa' es un cornejo enano con follaje arrugado y porte arquitect\u00f3nico. Es ideal para jardines peque\u00f1os y para el bons\u00e1i.","robots":{"index":"index","follow":"follow","max-snippet":"max-snippet:-1","max-image-preview":"max-image-preview:large","max-video-preview":"max-video-preview:-1"},"canonical":"https:\/\/www.vallonchene.fr\/es\/producto\/cornus-sanguinea-compressa\/","og_locale":"es_ES","og_type":"article","og_title":"CORNUS sanguinea 'Compressa'","og_description":"Cornus sanguinea 'Compressa' es un cornejo enano con follaje arrugado y porte arquitect\u00f3nico. Es ideal para jardines peque\u00f1os y para el bons\u00e1i.","og_url":"https:\/\/www.vallonchene.fr\/es\/producto\/cornus-sanguinea-compressa\/","og_site_name":"Vallonch\u00eane","article_publisher":"https:\/\/www.facebook.com\/vallonchene.fr","article_modified_time":"2025-09-04T08:46:49+00:00","og_image":[{"width":999,"height":999,"url":"https:\/\/www.vallonchene.fr\/wp-content\/uploads\/2023\/07\/CORNUS-sanguinea-Compressa.webp","type":"image\/webp"}],"twitter_card":"summary_large_image","twitter_misc":{"Disponibilidad":"En stock"},"schema":{"@context":"https:\/\/schema.org","@graph":[{"@type":"WebPage","@id":"https:\/\/www.vallonchene.fr\/es\/producto\/cornus-sanguinea-compressa\/","url":"https:\/\/www.vallonchene.fr\/es\/producto\/cornus-sanguinea-compressa\/","name":"CORNUS sanguinea 'Compressa' - sangui\u00f1o enano","isPartOf":{"@id":"https:\/\/www.vallonchene.fr\/es\/#website"},"primaryImageOfPage":{"@id":"https:\/\/www.vallonchene.fr\/es\/producto\/cornus-sanguinea-compressa\/#primaryimage"},"image":{"@id":"https:\/\/www.vallonchene.fr\/es\/producto\/cornus-sanguinea-compressa\/#primaryimage"},"thumbnailUrl":"https:\/\/www.vallonchene.fr\/wp-content\/uploads\/2023\/07\/CORNUS-sanguinea-Compressa.webp","datePublished":"2023-07-14T13:20:46+00:00","dateModified":"2025-09-04T08:46:49+00:00","description":"Cornus sanguinea 'Compressa' es un cornejo enano con follaje arrugado y porte arquitect\u00f3nico. Es ideal para jardines peque\u00f1os y para el bons\u00e1i.","breadcrumb":{"@id":"https:\/\/www.vallonchene.fr\/es\/producto\/cornus-sanguinea-compressa\/#breadcrumb"},"inLanguage":"es","potentialAction":[{"@type":"ReadAction","target":["https:\/\/www.vallonchene.fr\/es\/producto\/cornus-sanguinea-compressa\/"]}]},{"@type":"ImageObject","inLanguage":"es","@id":"https:\/\/www.vallonchene.fr\/es\/producto\/cornus-sanguinea-compressa\/#primaryimage","url":"https:\/\/www.vallonchene.fr\/wp-content\/uploads\/2023\/07\/CORNUS-sanguinea-Compressa.webp","contentUrl":"https:\/\/www.vallonchene.fr\/wp-content\/uploads\/2023\/07\/CORNUS-sanguinea-Compressa.webp","width":999,"height":999,"caption":"Feuillage vert du CORNUS sanguinea 'Compressa'"},{"@type":"BreadcrumbList","@id":"https:\/\/www.vallonchene.fr\/es\/producto\/cornus-sanguinea-compressa\/#breadcrumb","itemListElement":[{"@type":"ListItem","position":1,"name":"Home","item":"https:\/\/www.vallonchene.fr\/es\/"},{"@type":"ListItem","position":2,"name":"Tienda","item":"https:\/\/www.vallonchene.fr\/tienda\/"},{"@type":"ListItem","position":3,"name":"Venta en linea","item":"https:\/\/www.vallonchene.fr\/es\/categoria-producto\/venta-en-linea\/"},{"@type":"ListItem","position":4,"name":"Vivero","item":"https:\/\/www.vallonchene.fr\/es\/categoria-producto\/venta-en-linea\/vivero\/"},{"@type":"ListItem","position":5,"name":"Arbustos y \u00e1rboles","item":"https:\/\/www.vallonchene.fr\/es\/categoria-producto\/venta-en-linea\/vivero\/arbustos-y-arboles\/"},{"@type":"ListItem","position":6,"name":"CORNUS sanguinea &#8216;Compressa&#8217;"}]},{"@type":"WebSite","@id":"https:\/\/www.vallonchene.fr\/es\/#website","url":"https:\/\/www.vallonchene.fr\/es\/","name":"Vallonch\u00eane","description":"El vivero donde la calidad tiene sus ra\u00edces \u2013 Tel.: +33 (0)2.35.90.02.02","publisher":{"@id":"https:\/\/www.vallonchene.fr\/es\/#organization"},"potentialAction":[{"@type":"SearchAction","target":{"@type":"EntryPoint","urlTemplate":"https:\/\/www.vallonchene.fr\/es\/?s={search_term_string}"},"query-input":{"@type":"PropertyValueSpecification","valueRequired":true,"valueName":"search_term_string"}}],"inLanguage":"es"},{"@type":"Organization","@id":"https:\/\/www.vallonchene.fr\/es\/#organization","name":"VALLONCHENE","url":"https:\/\/www.vallonchene.fr\/es\/","logo":{"@type":"ImageObject","inLanguage":"es","@id":"https:\/\/www.vallonchene.fr\/es\/#\/schema\/logo\/image\/","url":"https:\/\/www.vallonchene.fr\/wp-content\/uploads\/2023\/03\/Logo-Vallonchene-site-et-R_hauteur_100.png","contentUrl":"https:\/\/www.vallonchene.fr\/wp-content\/uploads\/2023\/03\/Logo-Vallonchene-site-et-R_hauteur_100.png","width":221,"height":100,"caption":"VALLONCHENE"},"image":{"@id":"https:\/\/www.vallonchene.fr\/es\/#\/schema\/logo\/image\/"},"sameAs":["https:\/\/www.facebook.com\/vallonchene.fr","https:\/\/www.instagram.com\/vallonchene\/","https:\/\/www.pinterest.fr\/vallonchene\/"],"taxID":"49454502300017","hasMerchantReturnPolicy":{"@type":"MerchantReturnPolicy","merchantReturnLink":"https:\/\/www.vallonchene.fr\/remboursements_retours\/"}}]},"og_availability":"instock","product_availability":"instock","product_retailer_item_id":"63829","product_condition":"new"},"_links":{"self":[{"href":"https:\/\/www.vallonchene.fr\/es\/wp-json\/wp\/v2\/product\/51781","targetHints":{"allow":["GET"]}}],"collection":[{"href":"https:\/\/www.vallonchene.fr\/es\/wp-json\/wp\/v2\/product"}],"about":[{"href":"https:\/\/www.vallonchene.fr\/es\/wp-json\/wp\/v2\/types\/product"}],"replies":[{"embeddable":true,"href":"https:\/\/www.vallonchene.fr\/es\/wp-json\/wp\/v2\/comments?post=51781"}],"wp:featuredmedia":[{"embeddable":true,"href":"https:\/\/www.vallonchene.fr\/es\/wp-json\/wp\/v2\/media\/51782"}],"wp:attachment":[{"href":"https:\/\/www.vallonchene.fr\/es\/wp-json\/wp\/v2\/media?parent=51781"}],"wp:term":[{"taxonomy":"product_brand","embeddable":true,"href":"https:\/\/www.vallonchene.fr\/es\/wp-json\/wp\/v2\/product_brand?post=51781"},{"taxonomy":"product_cat","embeddable":true,"href":"https:\/\/www.vallonchene.fr\/es\/wp-json\/wp\/v2\/product_cat?post=51781"},{"taxonomy":"product_tag","embeddable":true,"href":"https:\/\/www.vallonchene.fr\/es\/wp-json\/wp\/v2\/product_tag?post=51781"}],"curies":[{"name":"wp","href":"https:\/\/api.w.org\/{rel}","templated":true}]}}