{"id":51710,"date":"2023-09-14T15:41:38","date_gmt":"2023-09-14T15:41:38","guid":{"rendered":"https:\/\/www.vallonchene.fr\/produit\/acer-pseuodplatanus-f-variegatum-simon-louis-freres\/"},"modified":"2026-01-22T19:25:28","modified_gmt":"2026-01-22T18:25:28","slug":"acer-pseuodplatanus-f-variegatum-simon-louis-freres","status":"publish","type":"product","link":"https:\/\/www.vallonchene.fr\/es\/producto\/acer-pseuodplatanus-f-variegatum-simon-louis-freres\/","title":{"rendered":"ACER pseudoplatanus f. variegatum &#8216;Simon-Louis Fr\u00e8res&#8217;"},"content":{"rendered":"<h2>La Planta<\/h2>\n<p>El<strong>ACER pseudoplatanus f. variegatum &#8216;Simon-Louis Fr\u00e8res&#8217; <\/strong> forma parte de los <strong>arces sic\u00f3moros<\/strong> y produce <strong>colores espectaculares<\/strong>.<\/p>\n<p>En efecto, en primavera inicia su espect\u00e1culo con <strong>brotes francamente rosados<\/strong>. Adem\u00e1s, esta caracter\u00edstica lo diferencia sin lugar a dudas del Acer pseudoplatanus f. variegatum. Unas semanas m\u00e1s tarde, las hojas desarrollan un <strong>hermoso jaspeado con blanco, rosa y verde<\/strong>.   <\/p>\n<p>Por el contrario, este \u00e1rbol <strong>crece mucho m\u00e1s lentamente<\/strong> que los arces sic\u00f3moros. As\u00ed, alcanzar\u00e1 un <strong>tama\u00f1o adulto mucho m\u00e1s reducido<\/strong> que los Acer pseudoplatanus t\u00edpicos. <\/p>\n<p>Adem\u00e1s, este arce <strong>muy raro<\/strong> es una planta tan <strong>resistente<\/strong> como la especie t\u00edpica. Por ello, est\u00e1 dirigido tanto a jardineros principiantes como experimentados. <\/p>\n<p>Para consultar todos los Acer pseudoplatanus disponibles actualmente para la venta, <strong><a href=\"https:\/\/www.vallonchene.fr\/es\/?s=acer+pseudoplatanus&amp;post_type=product&amp;dgwt_wcas=1&amp;lang=fr&amp;filter_stock_status=instock\">haga clic aqu\u00ed<\/a><\/strong>:<\/p>\n<h2>\u00bfC\u00f3mo plantar y cuidar el ACER pseudoplatanus f. variegatum &#8216;Simon-Louis Fr\u00e8res&#8217;? <\/h2>\n<h3>Plantaci\u00f3n <br \/><\/h3>\n<p>Aunque se trate de una planta muy resistente, tenga en cuenta los siguientes puntos para optimizar su experiencia:<\/p>\n<ol>\n<li>Busque un lugar a <strong>media sombra<\/strong> o a <strong>pleno sol<\/strong>.<\/li>\n<li>El lugar puede ser <strong>moderadamente h\u00famedo o seco<\/strong>.<\/li>\n<li>La planta tolera <strong>tierra ligera, normal o pesada<\/strong> con un <strong>pH \u00e1cido, neutro o calc\u00e1reo<\/strong>.<\/li>\n<li>Para una buena preparaci\u00f3n del hoyo de plantaci\u00f3n, hemos dise\u00f1ado <a href=\"https:\/\/www.vallonchene.fr\/comment-planter-et-entretenir-des-vegetaux\/comment-planter-et-entretenir-arbres-arbustes-et-coniferes\/\" target=\"_blank\" rel=\"noreferrer noopener\"><strong>instrucciones espec\u00edficas disponibles aqu\u00ed<\/strong><\/a>.<\/li>\n<\/ol>\n<h3>Cuidado <br \/><\/h3>\n<p>En general, es una planta que no requiere cuidados especiales. No obstante, siga un riego regular durante los per\u00edodos de sequ\u00eda durante los dos primeros a\u00f1os para garantizar un buen arraigo.  Le invitamos a consultar tambi\u00e9n <a href=\"https:\/\/www.vallonchene.fr\/comment-bien-arroser-le-jardin-et-economiser-leau\/\"><strong>nuestros consejos sobre c\u00f3mo regar correctamente y ahorrar agua aqu\u00ed<\/strong><\/a>.<\/p>\n<p>Sin embargo, si necesita podar algunas ramas, h\u00e1galo en enero o febrero antes de la subida de la savia.<\/p>\n<h2>Historia y Origen<\/h2>\n<p>Los arces sic\u00f3moros (Acer pseudoplatanus) son originarios de Europa Central y del oeste de Asia. En la actualidad, tambi\u00e9n se encuentran en las Islas Brit\u00e1nicas, Am\u00e9rica del Norte, Australia y Nueva Zelanda. <\/p>\n<p>El cultivar &#8216;Simon-Louis Fr\u00e8res&#8217; es una selecci\u00f3n del vivero Simon-Louis Fr\u00e8res en Metz (Francia) que data de 1881.<\/p>\n<p>&nbsp;<\/p>\n","protected":false},"excerpt":{"rendered":"<p>Este <strong>arce sic\u00f3moro<\/strong> produce brotes rosados en primavera. Luego, las hojas del <strong>ACER pseudoplatanus f. variegatum &#8216;Simon-Louis Fr\u00e8res&#8217; <\/strong> son de color blanco, rosa y verde.<\/p>\n","protected":false},"featured_media":51711,"comment_status":"open","ping_status":"closed","template":"","meta":[],"product_brand":[],"product_cat":[11499,11821],"product_tag":[12577,12578],"class_list":{"0":"post-51710","1":"product","2":"type-product","3":"status-publish","4":"has-post-thumbnail","6":"product_cat-arbustos-y-arboles","7":"product_cat-plantas-raras-plantas-de-coleccion","8":"product_tag-acer-pseudoplatanus-es","9":"product_tag-arce-sicomoro","10":"pa_99-hauteurapproximativeapres1-2-a-3-m","11":"pa_couleurautomnaledufeuillage-amarillo","12":"pa_couleurdufeuillage-blanca","13":"pa_couleurdufeuillage-rosa-es","14":"pa_couleurdufeuillage-variado","15":"pa_couleurdufeuillage-verde","16":"pa_exigencesenhumidite-promedio","17":"pa_exigencesenhumidite-seco","18":"pa_expositionspossibles-pleno-sol-de-12-a-17-min","19":"pa_expositionspossibles-sombra-parcial-evitar-el-sol-de-12-a-17-horas","20":"pa_hauteurlivree-100-a-125-cm","21":"pa_hauteurlivree-125-a-150-cm-es","22":"pa_hauteurlivree-15-a-20-cm-es","23":"pa_hauteurlivree-150-a-175-cm-es","24":"pa_hauteurlivree-200-a-250-cm-es","25":"pa_hauteurlivree-30-a-40-cm-es","26":"pa_hauteurlivree-350-a-400-cm-es","27":"pa_hauteurlivree-40-a-50-cm-es","28":"pa_hauteurlivree-40-a-60-cm-es","29":"pa_hauteurlivree-50-a-60-cm-es","30":"pa_hauteurlivree-60-a-80-cm-es","31":"pa_hauteurlivree-80-a-100-cm-es","32":"pa_interetauprintemps-brotes-jovenes","33":"pa_interetauprintemps-follaje","34":"pa_interetenautomne-follaje","35":"pa_interetenete-follaje","36":"pa_naturedufeuillage-caduco","37":"pa_naturesdesolpossibles-ligero","38":"pa_naturesdesolpossibles-normal-es","39":"pa_naturesdesolpossibles-pesado","40":"pa_periodedefloraison-primavera","41":"pa_periodedetaille-enero","42":"pa_periodedetaille-febrero","43":"pa_phdusolacceptable-acido-menos-de-6_5","44":"pa_phdusolacceptable-calcareo-mas-de-7_5","45":"pa_phdusolacceptable-neutro-entre-6_5-y-7_5","46":"pa_resistanceaufroidrusticite-resistente-por-debajo-de-menos-20-c","47":"pa_tailledepot-cepellon","48":"pa_tailledepot-maceta-de-1-litro","49":"pa_tailledepot-maceta-de-10-litros","50":"pa_tailledepot-maceta-de-15-litros","51":"pa_tailledepot-maceta-de-2-litros","52":"pa_tailledepot-maceta-de-20-litros","53":"pa_tailledepot-maceta-de-3-litros","54":"pa_tailledepot-maceta-de-4-litros","55":"pa_tailledepot-maceta-de-5-litros","56":"pa_tailledepot-maceta-de-7_5-litros","57":"pa_utilisationpossible-aislado","58":"pa_utilisationpossible-arriate","60":"first","61":"instock","62":"taxable","63":"shipping-taxable","64":"purchasable","65":"product-type-variable"},"supplier_id":null,"supplier_sku":"","barcode":null,"atum_controlled":true,"out_stock_date":null,"out_stock_threshold":null,"inheritable":true,"inbound_stock":0,"stock_on_hold":0,"sold_today":0,"sales_last_days":0,"reserved_stock":0,"customer_returns":0,"warehouse_damage":0,"lost_in_post":0,"other_logs":0,"out_stock_days":null,"lost_sales":0,"has_location":false,"update_date":"2026-01-22T18:25:30","atum_locations":[],"atum_stock_status":"instock","restock_status":false,"low_stock_amount":"","sales_update_date":"2025-12-03T15:32:58","calc_backorders":null,"yoast_head":"<!-- This site is optimized with the Yoast SEO Premium plugin v27.4 (Yoast SEO v27.4) - https:\/\/yoast.com\/product\/yoast-seo-premium-wordpress\/ -->\n<title>ACER pseudoplatanus f. variegatum &#039;Simon-Louis Fr\u00e8res&#039;<\/title>\n<meta name=\"description\" content=\"Este sic\u00f3moro produce brotes rosados en primavera. Luego, las hojas del Acer pseudoplatanus f. variegatum &#039;Simon-Louis Fr\u00e8res&#039; presentan un jaspeado con blanco, rosa y verde.\" \/>\n<meta name=\"robots\" content=\"index, follow, max-snippet:-1, max-image-preview:large, max-video-preview:-1\" \/>\n<link rel=\"canonical\" href=\"https:\/\/www.vallonchene.fr\/es\/producto\/acer-pseuodplatanus-f-variegatum-simon-louis-freres\/\" \/>\n<meta property=\"og:locale\" content=\"es_ES\" \/>\n<meta property=\"og:type\" content=\"article\" \/>\n<meta property=\"og:title\" content=\"ACER pseudoplatanus f. variegatum &#039;Simon-Louis Fr\u00e8res&#039;\" \/>\n<meta property=\"og:description\" content=\"Este sic\u00f3moro produce brotes rosados en primavera. Luego, las hojas del Acer pseudoplatanus f. variegatum &#039;Simon-Louis Fr\u00e8res&#039; presentan un jaspeado con blanco, rosa y verde.\" \/>\n<meta property=\"og:url\" content=\"https:\/\/www.vallonchene.fr\/es\/producto\/acer-pseuodplatanus-f-variegatum-simon-louis-freres\/\" \/>\n<meta property=\"og:site_name\" content=\"Vallonch\u00eane\" \/>\n<meta property=\"article:publisher\" content=\"https:\/\/www.facebook.com\/vallonchene.fr\" \/>\n<meta property=\"article:modified_time\" content=\"2026-01-22T18:25:28+00:00\" \/>\n<meta property=\"og:image\" content=\"https:\/\/www.vallonchene.fr\/wp-content\/uploads\/2023\/09\/ACER-pseudoplatanus-Simon-Louis-Freres.webp\" \/>\n\t<meta property=\"og:image:width\" content=\"999\" \/>\n\t<meta property=\"og:image:height\" content=\"999\" \/>\n\t<meta property=\"og:image:type\" content=\"image\/webp\" \/>\n<meta name=\"twitter:card\" content=\"summary_large_image\" \/>\n<meta name=\"twitter:label1\" content=\"Disponibilidad\" \/>\n\t<meta name=\"twitter:data1\" content=\"En stock\" \/>\n<script type=\"application\/ld+json\" class=\"yoast-schema-graph\">{\"@context\":\"https:\\\/\\\/schema.org\",\"@graph\":[{\"@type\":\"WebPage\",\"@id\":\"https:\\\/\\\/www.vallonchene.fr\\\/es\\\/producto\\\/acer-pseuodplatanus-f-variegatum-simon-louis-freres\\\/\",\"url\":\"https:\\\/\\\/www.vallonchene.fr\\\/es\\\/producto\\\/acer-pseuodplatanus-f-variegatum-simon-louis-freres\\\/\",\"name\":\"ACER pseudoplatanus f. variegatum 'Simon-Louis Fr\u00e8res'\",\"isPartOf\":{\"@id\":\"https:\\\/\\\/www.vallonchene.fr\\\/es\\\/#website\"},\"primaryImageOfPage\":{\"@id\":\"https:\\\/\\\/www.vallonchene.fr\\\/es\\\/producto\\\/acer-pseuodplatanus-f-variegatum-simon-louis-freres\\\/#primaryimage\"},\"image\":{\"@id\":\"https:\\\/\\\/www.vallonchene.fr\\\/es\\\/producto\\\/acer-pseuodplatanus-f-variegatum-simon-louis-freres\\\/#primaryimage\"},\"thumbnailUrl\":\"https:\\\/\\\/www.vallonchene.fr\\\/wp-content\\\/uploads\\\/2023\\\/09\\\/ACER-pseudoplatanus-Simon-Louis-Freres.webp\",\"datePublished\":\"2023-09-14T15:41:38+00:00\",\"dateModified\":\"2026-01-22T18:25:28+00:00\",\"description\":\"Este sic\u00f3moro produce brotes rosados en primavera. Luego, las hojas del Acer pseudoplatanus f. variegatum 'Simon-Louis Fr\u00e8res' presentan un jaspeado con blanco, rosa y verde.\",\"breadcrumb\":{\"@id\":\"https:\\\/\\\/www.vallonchene.fr\\\/es\\\/producto\\\/acer-pseuodplatanus-f-variegatum-simon-louis-freres\\\/#breadcrumb\"},\"inLanguage\":\"es\",\"potentialAction\":[{\"@type\":\"ReadAction\",\"target\":[\"https:\\\/\\\/www.vallonchene.fr\\\/es\\\/producto\\\/acer-pseuodplatanus-f-variegatum-simon-louis-freres\\\/\"]}]},{\"@type\":\"ImageObject\",\"inLanguage\":\"es\",\"@id\":\"https:\\\/\\\/www.vallonchene.fr\\\/es\\\/producto\\\/acer-pseuodplatanus-f-variegatum-simon-louis-freres\\\/#primaryimage\",\"url\":\"https:\\\/\\\/www.vallonchene.fr\\\/wp-content\\\/uploads\\\/2023\\\/09\\\/ACER-pseudoplatanus-Simon-Louis-Freres.webp\",\"contentUrl\":\"https:\\\/\\\/www.vallonchene.fr\\\/wp-content\\\/uploads\\\/2023\\\/09\\\/ACER-pseudoplatanus-Simon-Louis-Freres.webp\",\"width\":999,\"height\":999,\"caption\":\"Follaje primaveral de color rosa brillante de ACER pseudoplatanus 'Simon-Louis Fr\u00e8res'\"},{\"@type\":\"BreadcrumbList\",\"@id\":\"https:\\\/\\\/www.vallonchene.fr\\\/es\\\/producto\\\/acer-pseuodplatanus-f-variegatum-simon-louis-freres\\\/#breadcrumb\",\"itemListElement\":[{\"@type\":\"ListItem\",\"position\":1,\"name\":\"Home\",\"item\":\"https:\\\/\\\/www.vallonchene.fr\\\/es\\\/\"},{\"@type\":\"ListItem\",\"position\":2,\"name\":\"Tienda\",\"item\":\"https:\\\/\\\/www.vallonchene.fr\\\/tienda\\\/\"},{\"@type\":\"ListItem\",\"position\":3,\"name\":\"Venta en linea\",\"item\":\"https:\\\/\\\/www.vallonchene.fr\\\/es\\\/categoria-producto\\\/venta-en-linea\\\/\"},{\"@type\":\"ListItem\",\"position\":4,\"name\":\"Vivero\",\"item\":\"https:\\\/\\\/www.vallonchene.fr\\\/es\\\/categoria-producto\\\/venta-en-linea\\\/vivero\\\/\"},{\"@type\":\"ListItem\",\"position\":5,\"name\":\"Arbustos y \u00e1rboles\",\"item\":\"https:\\\/\\\/www.vallonchene.fr\\\/es\\\/categoria-producto\\\/venta-en-linea\\\/vivero\\\/arbustos-y-arboles\\\/\"},{\"@type\":\"ListItem\",\"position\":6,\"name\":\"ACER pseudoplatanus f. variegatum &lsquo;Simon-Louis Fr\u00e8res&rsquo;\"}]},{\"@type\":\"WebSite\",\"@id\":\"https:\\\/\\\/www.vallonchene.fr\\\/es\\\/#website\",\"url\":\"https:\\\/\\\/www.vallonchene.fr\\\/es\\\/\",\"name\":\"Vallonch\u00eane\",\"description\":\"El vivero donde la calidad tiene sus ra\u00edces \u2013 Tel.: +33 (0)2.35.90.02.02\",\"publisher\":{\"@id\":\"https:\\\/\\\/www.vallonchene.fr\\\/es\\\/#organization\"},\"potentialAction\":[{\"@type\":\"SearchAction\",\"target\":{\"@type\":\"EntryPoint\",\"urlTemplate\":\"https:\\\/\\\/www.vallonchene.fr\\\/es\\\/?s={search_term_string}\"},\"query-input\":{\"@type\":\"PropertyValueSpecification\",\"valueRequired\":true,\"valueName\":\"search_term_string\"}}],\"inLanguage\":\"es\"},{\"@type\":\"Organization\",\"@id\":\"https:\\\/\\\/www.vallonchene.fr\\\/es\\\/#organization\",\"name\":\"VALLONCHENE\",\"url\":\"https:\\\/\\\/www.vallonchene.fr\\\/es\\\/\",\"logo\":{\"@type\":\"ImageObject\",\"inLanguage\":\"es\",\"@id\":\"https:\\\/\\\/www.vallonchene.fr\\\/es\\\/#\\\/schema\\\/logo\\\/image\\\/\",\"url\":\"https:\\\/\\\/www.vallonchene.fr\\\/wp-content\\\/uploads\\\/2023\\\/03\\\/Logo-Vallonchene-site-et-R_hauteur_100.png\",\"contentUrl\":\"https:\\\/\\\/www.vallonchene.fr\\\/wp-content\\\/uploads\\\/2023\\\/03\\\/Logo-Vallonchene-site-et-R_hauteur_100.png\",\"width\":221,\"height\":100,\"caption\":\"VALLONCHENE\"},\"image\":{\"@id\":\"https:\\\/\\\/www.vallonchene.fr\\\/es\\\/#\\\/schema\\\/logo\\\/image\\\/\"},\"sameAs\":[\"https:\\\/\\\/www.facebook.com\\\/vallonchene.fr\",\"https:\\\/\\\/www.instagram.com\\\/vallonchene\\\/\",\"https:\\\/\\\/www.pinterest.fr\\\/vallonchene\\\/\"],\"taxID\":\"49454502300017\",\"hasMerchantReturnPolicy\":{\"@type\":\"MerchantReturnPolicy\",\"merchantReturnLink\":\"https:\\\/\\\/www.vallonchene.fr\\\/remboursements_retours\\\/\"}}]}<\/script>\n<meta property=\"og:availability\" content=\"instock\" \/>\n<meta property=\"product:availability\" content=\"instock\" \/>\n<meta property=\"product:retailer_item_id\" content=\"55555\" \/>\n<meta property=\"product:condition\" content=\"new\" \/>\n<!-- \/ Yoast SEO Premium plugin. -->","yoast_head_json":{"title":"ACER pseudoplatanus f. variegatum 'Simon-Louis Fr\u00e8res'","description":"Este sic\u00f3moro produce brotes rosados en primavera. Luego, las hojas del Acer pseudoplatanus f. variegatum 'Simon-Louis Fr\u00e8res' presentan un jaspeado con blanco, rosa y verde.","robots":{"index":"index","follow":"follow","max-snippet":"max-snippet:-1","max-image-preview":"max-image-preview:large","max-video-preview":"max-video-preview:-1"},"canonical":"https:\/\/www.vallonchene.fr\/es\/producto\/acer-pseuodplatanus-f-variegatum-simon-louis-freres\/","og_locale":"es_ES","og_type":"article","og_title":"ACER pseudoplatanus f. variegatum 'Simon-Louis Fr\u00e8res'","og_description":"Este sic\u00f3moro produce brotes rosados en primavera. Luego, las hojas del Acer pseudoplatanus f. variegatum 'Simon-Louis Fr\u00e8res' presentan un jaspeado con blanco, rosa y verde.","og_url":"https:\/\/www.vallonchene.fr\/es\/producto\/acer-pseuodplatanus-f-variegatum-simon-louis-freres\/","og_site_name":"Vallonch\u00eane","article_publisher":"https:\/\/www.facebook.com\/vallonchene.fr","article_modified_time":"2026-01-22T18:25:28+00:00","og_image":[{"width":999,"height":999,"url":"https:\/\/www.vallonchene.fr\/wp-content\/uploads\/2023\/09\/ACER-pseudoplatanus-Simon-Louis-Freres.webp","type":"image\/webp"}],"twitter_card":"summary_large_image","twitter_misc":{"Disponibilidad":"En stock"},"schema":{"@context":"https:\/\/schema.org","@graph":[{"@type":"WebPage","@id":"https:\/\/www.vallonchene.fr\/es\/producto\/acer-pseuodplatanus-f-variegatum-simon-louis-freres\/","url":"https:\/\/www.vallonchene.fr\/es\/producto\/acer-pseuodplatanus-f-variegatum-simon-louis-freres\/","name":"ACER pseudoplatanus f. variegatum 'Simon-Louis Fr\u00e8res'","isPartOf":{"@id":"https:\/\/www.vallonchene.fr\/es\/#website"},"primaryImageOfPage":{"@id":"https:\/\/www.vallonchene.fr\/es\/producto\/acer-pseuodplatanus-f-variegatum-simon-louis-freres\/#primaryimage"},"image":{"@id":"https:\/\/www.vallonchene.fr\/es\/producto\/acer-pseuodplatanus-f-variegatum-simon-louis-freres\/#primaryimage"},"thumbnailUrl":"https:\/\/www.vallonchene.fr\/wp-content\/uploads\/2023\/09\/ACER-pseudoplatanus-Simon-Louis-Freres.webp","datePublished":"2023-09-14T15:41:38+00:00","dateModified":"2026-01-22T18:25:28+00:00","description":"Este sic\u00f3moro produce brotes rosados en primavera. Luego, las hojas del Acer pseudoplatanus f. variegatum 'Simon-Louis Fr\u00e8res' presentan un jaspeado con blanco, rosa y verde.","breadcrumb":{"@id":"https:\/\/www.vallonchene.fr\/es\/producto\/acer-pseuodplatanus-f-variegatum-simon-louis-freres\/#breadcrumb"},"inLanguage":"es","potentialAction":[{"@type":"ReadAction","target":["https:\/\/www.vallonchene.fr\/es\/producto\/acer-pseuodplatanus-f-variegatum-simon-louis-freres\/"]}]},{"@type":"ImageObject","inLanguage":"es","@id":"https:\/\/www.vallonchene.fr\/es\/producto\/acer-pseuodplatanus-f-variegatum-simon-louis-freres\/#primaryimage","url":"https:\/\/www.vallonchene.fr\/wp-content\/uploads\/2023\/09\/ACER-pseudoplatanus-Simon-Louis-Freres.webp","contentUrl":"https:\/\/www.vallonchene.fr\/wp-content\/uploads\/2023\/09\/ACER-pseudoplatanus-Simon-Louis-Freres.webp","width":999,"height":999,"caption":"Follaje primaveral de color rosa brillante de ACER pseudoplatanus 'Simon-Louis Fr\u00e8res'"},{"@type":"BreadcrumbList","@id":"https:\/\/www.vallonchene.fr\/es\/producto\/acer-pseuodplatanus-f-variegatum-simon-louis-freres\/#breadcrumb","itemListElement":[{"@type":"ListItem","position":1,"name":"Home","item":"https:\/\/www.vallonchene.fr\/es\/"},{"@type":"ListItem","position":2,"name":"Tienda","item":"https:\/\/www.vallonchene.fr\/tienda\/"},{"@type":"ListItem","position":3,"name":"Venta en linea","item":"https:\/\/www.vallonchene.fr\/es\/categoria-producto\/venta-en-linea\/"},{"@type":"ListItem","position":4,"name":"Vivero","item":"https:\/\/www.vallonchene.fr\/es\/categoria-producto\/venta-en-linea\/vivero\/"},{"@type":"ListItem","position":5,"name":"Arbustos y \u00e1rboles","item":"https:\/\/www.vallonchene.fr\/es\/categoria-producto\/venta-en-linea\/vivero\/arbustos-y-arboles\/"},{"@type":"ListItem","position":6,"name":"ACER pseudoplatanus f. variegatum &lsquo;Simon-Louis Fr\u00e8res&rsquo;"}]},{"@type":"WebSite","@id":"https:\/\/www.vallonchene.fr\/es\/#website","url":"https:\/\/www.vallonchene.fr\/es\/","name":"Vallonch\u00eane","description":"El vivero donde la calidad tiene sus ra\u00edces \u2013 Tel.: +33 (0)2.35.90.02.02","publisher":{"@id":"https:\/\/www.vallonchene.fr\/es\/#organization"},"potentialAction":[{"@type":"SearchAction","target":{"@type":"EntryPoint","urlTemplate":"https:\/\/www.vallonchene.fr\/es\/?s={search_term_string}"},"query-input":{"@type":"PropertyValueSpecification","valueRequired":true,"valueName":"search_term_string"}}],"inLanguage":"es"},{"@type":"Organization","@id":"https:\/\/www.vallonchene.fr\/es\/#organization","name":"VALLONCHENE","url":"https:\/\/www.vallonchene.fr\/es\/","logo":{"@type":"ImageObject","inLanguage":"es","@id":"https:\/\/www.vallonchene.fr\/es\/#\/schema\/logo\/image\/","url":"https:\/\/www.vallonchene.fr\/wp-content\/uploads\/2023\/03\/Logo-Vallonchene-site-et-R_hauteur_100.png","contentUrl":"https:\/\/www.vallonchene.fr\/wp-content\/uploads\/2023\/03\/Logo-Vallonchene-site-et-R_hauteur_100.png","width":221,"height":100,"caption":"VALLONCHENE"},"image":{"@id":"https:\/\/www.vallonchene.fr\/es\/#\/schema\/logo\/image\/"},"sameAs":["https:\/\/www.facebook.com\/vallonchene.fr","https:\/\/www.instagram.com\/vallonchene\/","https:\/\/www.pinterest.fr\/vallonchene\/"],"taxID":"49454502300017","hasMerchantReturnPolicy":{"@type":"MerchantReturnPolicy","merchantReturnLink":"https:\/\/www.vallonchene.fr\/remboursements_retours\/"}}]},"og_availability":"instock","product_availability":"instock","product_retailer_item_id":"55555","product_condition":"new"},"_links":{"self":[{"href":"https:\/\/www.vallonchene.fr\/es\/wp-json\/wp\/v2\/product\/51710","targetHints":{"allow":["GET"]}}],"collection":[{"href":"https:\/\/www.vallonchene.fr\/es\/wp-json\/wp\/v2\/product"}],"about":[{"href":"https:\/\/www.vallonchene.fr\/es\/wp-json\/wp\/v2\/types\/product"}],"replies":[{"embeddable":true,"href":"https:\/\/www.vallonchene.fr\/es\/wp-json\/wp\/v2\/comments?post=51710"}],"wp:featuredmedia":[{"embeddable":true,"href":"https:\/\/www.vallonchene.fr\/es\/wp-json\/wp\/v2\/media\/51711"}],"wp:attachment":[{"href":"https:\/\/www.vallonchene.fr\/es\/wp-json\/wp\/v2\/media?parent=51710"}],"wp:term":[{"taxonomy":"product_brand","embeddable":true,"href":"https:\/\/www.vallonchene.fr\/es\/wp-json\/wp\/v2\/product_brand?post=51710"},{"taxonomy":"product_cat","embeddable":true,"href":"https:\/\/www.vallonchene.fr\/es\/wp-json\/wp\/v2\/product_cat?post=51710"},{"taxonomy":"product_tag","embeddable":true,"href":"https:\/\/www.vallonchene.fr\/es\/wp-json\/wp\/v2\/product_tag?post=51710"}],"curies":[{"name":"wp","href":"https:\/\/api.w.org\/{rel}","templated":true}]}}