{"id":51651,"date":"2023-09-23T15:21:28","date_gmt":"2023-09-23T15:21:28","guid":{"rendered":"https:\/\/www.vallonchene.fr\/produit\/cornus-x-rutgersensis-celestial-shadow\/"},"modified":"2025-05-09T08:47:27","modified_gmt":"2025-05-09T06:47:27","slug":"cornus-x-rutgersensis-celestial-shadow","status":"publish","type":"product","link":"https:\/\/www.vallonchene.fr\/es\/producto\/cornus-x-rutgersensis-celestial-shadow\/","title":{"rendered":"CORNUS x rutgersensis &#8216;Celestial Shadow&#8217;"},"content":{"rendered":"<h2>La Planta<\/h2>\n<p>El <strong>CORNUS x rutgersensis &#8216;Celestial Shadow&#8217;<\/strong>, tambi\u00e9n conocido como <strong>cornejo de Rutgers<\/strong>, sorprende por su <strong>follaje muy luminoso, verde con un borde bastante amplio de un amarillo muy vivo<\/strong>. Normalmente, esta coloraci\u00f3n solo se encuentra en los cornejos en flor de Florida. <\/p>\n<p>Adem\u00e1s, en primavera desarrolla una <strong>multitud de flores de un blanco inmaculado<\/strong> para realzar a\u00fan m\u00e1s el espect\u00e1culo. M\u00e1s tarde, adoptar\u00e1n tonos rosados. Luego, estas flores se transformar\u00e1n en <strong>frutos rojos<\/strong> bastante notables y decorativos.  <\/p>\n<p>Se trata de un h\u00edbrido entre <em>CORNUS kousa<\/em> y <em>CORNUS florida<\/em>, lo que lo hace <strong>m\u00e1s resistente<\/strong> al fr\u00edo que estos <em>\u00faltimos<\/em>.<\/p>\n<p>Tambi\u00e9n, el follaje de esta maravillosa planta adquiere encantadoras <strong>tonalidades de rosa p\u00farpura en oto\u00f1o.<\/strong><\/p>\n<p>Para ver todos los CORNUS actualmente disponibles para la venta, <strong><a href=\"https:\/\/www.vallonchene.fr\/es\/?s=cornus&amp;post_type=product&amp;dgwt_wcas=1&amp;lang=es&amp;filter_stock_status=instock\">haga clic aqu\u00ed<\/a><\/strong>.<\/p>\n<h2>\u00bfC\u00f3mo plantar y cuidar el CORNUS x rutgersensis &#8216;Celestial Shadow&#8217;?<\/h2>\n<h3>Plantaci\u00f3n <br \/><\/h3>\n<p>Para maximizar sus posibilidades de \u00e9xito, tenga en cuenta los siguientes puntos:<\/p>\n<ol>\n<li>Plante este cornejo en flor a pleno sol o en semisombra. Cuanto m\u00e1s tiempo reciba la luz solar directa, m\u00e1s florecer\u00e1. <\/li>\n<li>Encu\u00e9ntrele un lugar fresco a h\u00famedo o moderadamente h\u00famedo.<\/li>\n<li>El suelo debe ser ligero o normal con un pH \u00e1cido o neutro.<\/li>\n<\/ol>\n<p>Para una buena preparaci\u00f3n del hoyo de plantaci\u00f3n, hemos dise\u00f1ado <a href=\"https:\/\/www.vallonchene.fr\/comment-planter-et-entretenir-des-vegetaux\/comment-planter-et-entretenir-arbres-arbustes-et-coniferes\/\" target=\"_blank\" rel=\"noreferrer noopener\"><strong>instrucciones espec\u00edficas disponibles aqu\u00ed<\/strong><\/a>.<\/p>\n<h3>Cuidado <br \/><\/h3>\n<p>El CORNUS x rutgersensis &#8216;Celestial Shadow&#8217; no requiere cuidados especiales. No obstante, asegure un riego regular durante los dos primeros a\u00f1os, especialmente en per\u00edodos de sequ\u00eda, hasta que la planta se establezca adecuadamente.  Le invitamos a consultar tambi\u00e9n <a href=\"https:\/\/www.vallonchene.fr\/comment-bien-arroser-le-jardin-et-economiser-leau\/\"><strong>nuestros consejos sobre c\u00f3mo regar correctamente y ahorrar agua aqu\u00ed<\/strong><\/a>.<\/p>\n<p>Si debe podar esta planta, h\u00e1galo en enero o febrero antes de la nueva brotaci\u00f3n.<\/p>\n<h2>Historia y Origen<\/h2>\n<p>Como se mencion\u00f3 anteriormente, los CORNUS x rutgersensis se obtuvieron mediante un cruce entre CORNUS kousa y CORNUS florida, fruto del trabajo del Dr. Elwin R. Orton Jr. en la <strong><a href=\"https:\/\/es.wikipedia.org\/wiki\/Universidad_Rutgers\" target=\"_blank\" rel=\"noopener\">Universidad Rutgers<\/a><\/strong> en los Estados Unidos. De hecho, su investigaci\u00f3n se enfocaba en la creaci\u00f3n de cornejos m\u00e1s resistentes a la antracnosis y a los insectos.   <\/p>\n<p>A veces, esta planta tambi\u00e9n se encuentra bajo la denominaci\u00f3n m\u00e1s simple de CORNUS &#8216;Celestial Shadow&#8217;.<\/p>\n<p>En resumen, el CORNUS x rutgersensis &#8216;Celestial Shadow&#8217; es una planta con m\u00faltiples ventajas: Su follaje verde matizado con amarillo brillante, sus flores blancas que se transforman en frutos rojos y la coloraci\u00f3n oto\u00f1al de su follaje lo convierten en una excelente opci\u00f3n para cualquier jard\u00edn.<\/p>\n","protected":false},"excerpt":{"rendered":"<p>Este <strong>cornejo de flor<\/strong> tiene un follaje abigarrado de color verde y amarillo. El borde amarillo del follaje de <strong>CORNUS x rutgersensis &#8216;Celestial Shadow&#8217;<\/strong> se vuelve p\u00farpura y rosa en el oto\u00f1o. <\/p>\n","protected":false},"featured_media":53712,"comment_status":"open","ping_status":"closed","template":"","meta":[],"product_brand":[],"product_cat":[11499],"product_tag":[12164],"class_list":{"0":"post-51651","1":"product","2":"type-product","3":"status-publish","4":"has-post-thumbnail","6":"product_cat-arbustos-y-arboles","7":"product_tag-cornus-es","8":"pa_99-hauteurapproximativeapres1-1-00-a-1-50-m","9":"pa_couleurautomnaledufeuillage-amarillo","10":"pa_couleurautomnaledufeuillage-naranja","11":"pa_couleurautomnaledufeuillage-rojo","12":"pa_couleurdesfleurs-blanca","13":"pa_couleurdesfruits-roja","14":"pa_exigencesenhumidite-moderadamente-humedo-a-humedo","15":"pa_exigencesenhumidite-promedio","16":"pa_expositionspossibles-pleno-sol-de-12-a-17-min","17":"pa_expositionspossibles-sombra-parcial-evitar-el-sol-de-12-a-17-horas","18":"pa_hauteurlivree-100-a-125-cm","19":"pa_hauteurlivree-125-a-150-cm-es","20":"pa_hauteurlivree-200-a-250-cm-es","21":"pa_hauteurlivree-250-a-300-cm-es","22":"pa_hauteurlivree-30-a-40-cm-es","23":"pa_hauteurlivree-350-a-400-cm-es","24":"pa_hauteurlivree-40-a-50-cm-es","25":"pa_hauteurlivree-50-a-60-cm-es","26":"pa_hauteurlivree-60-a-80-cm-es","27":"pa_hauteurlivree-60-cm-en-tallo","28":"pa_hauteurlivree-70-a-80-cm-es","29":"pa_hauteurlivree-80-a-100-cm-es","30":"pa_interetauprintemps-flores","31":"pa_interetauprintemps-follaje","32":"pa_interetauprintemps-habitus","33":"pa_interetenautomne-follaje","34":"pa_interetenautomne-frutas","35":"pa_interetenautomne-habitus","36":"pa_interetenete-follaje","37":"pa_interetenete-frutas","38":"pa_interetenete-habitus","39":"pa_interetenhiver-habitus","40":"pa_naturedufeuillage-caduco","41":"pa_naturesdesolpossibles-ligero","42":"pa_naturesdesolpossibles-normal-es","43":"pa_periodedefloraison-primavera","44":"pa_periodedetaille-enero","45":"pa_periodedetaille-febrero","46":"pa_phdusolacceptable-acido-menos-de-6_5","47":"pa_phdusolacceptable-neutro-entre-6_5-y-7_5","48":"pa_resistanceaufroidrusticite-resistente-hasta-menos-10-c","49":"pa_tailledepot-maceta-de-1-litro","50":"pa_tailledepot-maceta-de-1_5-litros","51":"pa_tailledepot-maceta-de-10-litros","52":"pa_tailledepot-maceta-de-15-litros","53":"pa_tailledepot-maceta-de-2-litros","54":"pa_tailledepot-maceta-de-25-litros","55":"pa_tailledepot-maceta-de-3-litros","56":"pa_tailledepot-maceta-de-30-litros","57":"pa_tailledepot-maceta-de-4-litros","58":"pa_tailledepot-maceta-de-5-litros","59":"pa_tailledepot-maceta-de-7_5-litros","60":"pa_utilisationpossible-aislado","61":"pa_utilisationpossible-arriate","63":"first","64":"instock","65":"taxable","66":"shipping-taxable","67":"purchasable","68":"product-type-variable","69":"has-default-attributes"},"supplier_id":null,"supplier_sku":"","barcode":null,"atum_controlled":true,"out_stock_date":null,"out_stock_threshold":null,"inheritable":true,"inbound_stock":0,"stock_on_hold":0,"sold_today":0,"sales_last_days":3,"reserved_stock":0,"customer_returns":0,"warehouse_damage":0,"lost_in_post":0,"other_logs":0,"out_stock_days":null,"lost_sales":0,"has_location":false,"update_date":"2026-03-19T09:41:26","atum_locations":[],"atum_stock_status":"instock","restock_status":false,"low_stock_amount":"","sales_update_date":"2026-03-13T16:00:17","calc_backorders":null,"yoast_head":"<!-- This site is optimized with the Yoast SEO Premium plugin v27.5 (Yoast SEO v27.5) - https:\/\/yoast.com\/product\/yoast-seo-premium-wordpress\/ -->\n<title>CORNUS x rutgersensis &#039;Celestial Shadow&#039; - cornejo de flor<\/title>\n<meta name=\"description\" content=\"Este cornejo de Rutgers tiene un follaje matizado de verde y amarillo. En oto\u00f1o, el follaje del CORNUS x rutgersensis &#039;Celestial Shadow&#039; se torna de color rosa p\u00farpura.\" \/>\n<meta name=\"robots\" content=\"index, follow, max-snippet:-1, max-image-preview:large, max-video-preview:-1\" \/>\n<link rel=\"canonical\" href=\"https:\/\/www.vallonchene.fr\/es\/producto\/cornus-x-rutgersensis-celestial-shadow\/\" \/>\n<meta property=\"og:locale\" content=\"es_ES\" \/>\n<meta property=\"og:type\" content=\"article\" \/>\n<meta property=\"og:title\" content=\"CORNUS x rutgersensis &#039;Celestial Shadow&#039;\" \/>\n<meta property=\"og:description\" content=\"Este cornejo de Rutgers tiene un follaje matizado de verde y amarillo. En oto\u00f1o, el follaje del CORNUS x rutgersensis &#039;Celestial Shadow&#039; se torna de color rosa p\u00farpura.\" \/>\n<meta property=\"og:url\" content=\"https:\/\/www.vallonchene.fr\/es\/producto\/cornus-x-rutgersensis-celestial-shadow\/\" \/>\n<meta property=\"og:site_name\" content=\"Vallonch\u00eane\" \/>\n<meta property=\"article:publisher\" content=\"https:\/\/www.facebook.com\/vallonchene.fr\" \/>\n<meta property=\"article:modified_time\" content=\"2025-05-09T06:47:27+00:00\" \/>\n<meta property=\"og:image\" content=\"https:\/\/www.vallonchene.fr\/wp-content\/uploads\/2025\/04\/CORNUS-x-rutgersensis-Celestial-Shadow.webp\" \/>\n\t<meta property=\"og:image:width\" content=\"1200\" \/>\n\t<meta property=\"og:image:height\" content=\"1200\" \/>\n\t<meta property=\"og:image:type\" content=\"image\/webp\" \/>\n<meta name=\"twitter:card\" content=\"summary_large_image\" \/>\n<meta name=\"twitter:label1\" content=\"Disponibilidad\" \/>\n\t<meta name=\"twitter:data1\" content=\"En stock\" \/>\n<script type=\"application\/ld+json\" class=\"yoast-schema-graph\">{\"@context\":\"https:\\\/\\\/schema.org\",\"@graph\":[{\"@type\":\"WebPage\",\"@id\":\"https:\\\/\\\/www.vallonchene.fr\\\/es\\\/producto\\\/cornus-x-rutgersensis-celestial-shadow\\\/\",\"url\":\"https:\\\/\\\/www.vallonchene.fr\\\/es\\\/producto\\\/cornus-x-rutgersensis-celestial-shadow\\\/\",\"name\":\"CORNUS x rutgersensis 'Celestial Shadow' - cornejo de flor\",\"isPartOf\":{\"@id\":\"https:\\\/\\\/www.vallonchene.fr\\\/es\\\/#website\"},\"primaryImageOfPage\":{\"@id\":\"https:\\\/\\\/www.vallonchene.fr\\\/es\\\/producto\\\/cornus-x-rutgersensis-celestial-shadow\\\/#primaryimage\"},\"image\":{\"@id\":\"https:\\\/\\\/www.vallonchene.fr\\\/es\\\/producto\\\/cornus-x-rutgersensis-celestial-shadow\\\/#primaryimage\"},\"thumbnailUrl\":\"https:\\\/\\\/www.vallonchene.fr\\\/wp-content\\\/uploads\\\/2025\\\/04\\\/CORNUS-x-rutgersensis-Celestial-Shadow.webp\",\"datePublished\":\"2023-09-23T15:21:28+00:00\",\"dateModified\":\"2025-05-09T06:47:27+00:00\",\"description\":\"Este cornejo de Rutgers tiene un follaje matizado de verde y amarillo. En oto\u00f1o, el follaje del CORNUS x rutgersensis 'Celestial Shadow' se torna de color rosa p\u00farpura.\",\"breadcrumb\":{\"@id\":\"https:\\\/\\\/www.vallonchene.fr\\\/es\\\/producto\\\/cornus-x-rutgersensis-celestial-shadow\\\/#breadcrumb\"},\"inLanguage\":\"es\",\"potentialAction\":[{\"@type\":\"ReadAction\",\"target\":[\"https:\\\/\\\/www.vallonchene.fr\\\/es\\\/producto\\\/cornus-x-rutgersensis-celestial-shadow\\\/\"]}]},{\"@type\":\"ImageObject\",\"inLanguage\":\"es\",\"@id\":\"https:\\\/\\\/www.vallonchene.fr\\\/es\\\/producto\\\/cornus-x-rutgersensis-celestial-shadow\\\/#primaryimage\",\"url\":\"https:\\\/\\\/www.vallonchene.fr\\\/wp-content\\\/uploads\\\/2025\\\/04\\\/CORNUS-x-rutgersensis-Celestial-Shadow.webp\",\"contentUrl\":\"https:\\\/\\\/www.vallonchene.fr\\\/wp-content\\\/uploads\\\/2025\\\/04\\\/CORNUS-x-rutgersensis-Celestial-Shadow.webp\",\"width\":1200,\"height\":1200,\"caption\":\"Flores blancas y follaje verde con borde amarillo del CORNUS x rutgersensis 'Celestial Shadow'.\"},{\"@type\":\"BreadcrumbList\",\"@id\":\"https:\\\/\\\/www.vallonchene.fr\\\/es\\\/producto\\\/cornus-x-rutgersensis-celestial-shadow\\\/#breadcrumb\",\"itemListElement\":[{\"@type\":\"ListItem\",\"position\":1,\"name\":\"Home\",\"item\":\"https:\\\/\\\/www.vallonchene.fr\\\/es\\\/\"},{\"@type\":\"ListItem\",\"position\":2,\"name\":\"Tienda\",\"item\":\"https:\\\/\\\/www.vallonchene.fr\\\/tienda\\\/\"},{\"@type\":\"ListItem\",\"position\":3,\"name\":\"Venta en linea\",\"item\":\"https:\\\/\\\/www.vallonchene.fr\\\/es\\\/categoria-producto\\\/venta-en-linea\\\/\"},{\"@type\":\"ListItem\",\"position\":4,\"name\":\"Vivero\",\"item\":\"https:\\\/\\\/www.vallonchene.fr\\\/es\\\/categoria-producto\\\/venta-en-linea\\\/vivero\\\/\"},{\"@type\":\"ListItem\",\"position\":5,\"name\":\"Arbustos y \u00e1rboles\",\"item\":\"https:\\\/\\\/www.vallonchene.fr\\\/es\\\/categoria-producto\\\/venta-en-linea\\\/vivero\\\/arbustos-y-arboles\\\/\"},{\"@type\":\"ListItem\",\"position\":6,\"name\":\"CORNUS x rutgersensis &#8216;Celestial Shadow&#8217;\"}]},{\"@type\":\"WebSite\",\"@id\":\"https:\\\/\\\/www.vallonchene.fr\\\/es\\\/#website\",\"url\":\"https:\\\/\\\/www.vallonchene.fr\\\/es\\\/\",\"name\":\"Vallonch\u00eane\",\"description\":\"El vivero donde la calidad tiene sus ra\u00edces \u2013 Tel.: +33 (0)2.35.90.02.02\",\"publisher\":{\"@id\":\"https:\\\/\\\/www.vallonchene.fr\\\/es\\\/#organization\"},\"potentialAction\":[{\"@type\":\"SearchAction\",\"target\":{\"@type\":\"EntryPoint\",\"urlTemplate\":\"https:\\\/\\\/www.vallonchene.fr\\\/es\\\/?s={search_term_string}\"},\"query-input\":{\"@type\":\"PropertyValueSpecification\",\"valueRequired\":true,\"valueName\":\"search_term_string\"}}],\"inLanguage\":\"es\"},{\"@type\":\"Organization\",\"@id\":\"https:\\\/\\\/www.vallonchene.fr\\\/es\\\/#organization\",\"name\":\"VALLONCHENE\",\"url\":\"https:\\\/\\\/www.vallonchene.fr\\\/es\\\/\",\"logo\":{\"@type\":\"ImageObject\",\"inLanguage\":\"es\",\"@id\":\"https:\\\/\\\/www.vallonchene.fr\\\/es\\\/#\\\/schema\\\/logo\\\/image\\\/\",\"url\":\"https:\\\/\\\/www.vallonchene.fr\\\/wp-content\\\/uploads\\\/2023\\\/03\\\/Logo-Vallonchene-site-et-R_hauteur_100.png\",\"contentUrl\":\"https:\\\/\\\/www.vallonchene.fr\\\/wp-content\\\/uploads\\\/2023\\\/03\\\/Logo-Vallonchene-site-et-R_hauteur_100.png\",\"width\":221,\"height\":100,\"caption\":\"VALLONCHENE\"},\"image\":{\"@id\":\"https:\\\/\\\/www.vallonchene.fr\\\/es\\\/#\\\/schema\\\/logo\\\/image\\\/\"},\"sameAs\":[\"https:\\\/\\\/www.facebook.com\\\/vallonchene.fr\",\"https:\\\/\\\/www.instagram.com\\\/vallonchene\\\/\",\"https:\\\/\\\/www.pinterest.fr\\\/vallonchene\\\/\"],\"taxID\":\"49454502300017\",\"hasMerchantReturnPolicy\":{\"@type\":\"MerchantReturnPolicy\",\"merchantReturnLink\":\"https:\\\/\\\/www.vallonchene.fr\\\/remboursements_retours\\\/\"}}]}<\/script>\n<meta property=\"og:availability\" content=\"instock\" \/>\n<meta property=\"product:availability\" content=\"instock\" \/>\n<meta property=\"product:retailer_item_id\" content=\"19982\" \/>\n<meta property=\"product:condition\" content=\"new\" \/>\n<!-- \/ Yoast SEO Premium plugin. -->","yoast_head_json":{"title":"CORNUS x rutgersensis 'Celestial Shadow' - cornejo de flor","description":"Este cornejo de Rutgers tiene un follaje matizado de verde y amarillo. En oto\u00f1o, el follaje del CORNUS x rutgersensis 'Celestial Shadow' se torna de color rosa p\u00farpura.","robots":{"index":"index","follow":"follow","max-snippet":"max-snippet:-1","max-image-preview":"max-image-preview:large","max-video-preview":"max-video-preview:-1"},"canonical":"https:\/\/www.vallonchene.fr\/es\/producto\/cornus-x-rutgersensis-celestial-shadow\/","og_locale":"es_ES","og_type":"article","og_title":"CORNUS x rutgersensis 'Celestial Shadow'","og_description":"Este cornejo de Rutgers tiene un follaje matizado de verde y amarillo. En oto\u00f1o, el follaje del CORNUS x rutgersensis 'Celestial Shadow' se torna de color rosa p\u00farpura.","og_url":"https:\/\/www.vallonchene.fr\/es\/producto\/cornus-x-rutgersensis-celestial-shadow\/","og_site_name":"Vallonch\u00eane","article_publisher":"https:\/\/www.facebook.com\/vallonchene.fr","article_modified_time":"2025-05-09T06:47:27+00:00","og_image":[{"width":1200,"height":1200,"url":"https:\/\/www.vallonchene.fr\/wp-content\/uploads\/2025\/04\/CORNUS-x-rutgersensis-Celestial-Shadow.webp","type":"image\/webp"}],"twitter_card":"summary_large_image","twitter_misc":{"Disponibilidad":"En stock"},"schema":{"@context":"https:\/\/schema.org","@graph":[{"@type":"WebPage","@id":"https:\/\/www.vallonchene.fr\/es\/producto\/cornus-x-rutgersensis-celestial-shadow\/","url":"https:\/\/www.vallonchene.fr\/es\/producto\/cornus-x-rutgersensis-celestial-shadow\/","name":"CORNUS x rutgersensis 'Celestial Shadow' - cornejo de flor","isPartOf":{"@id":"https:\/\/www.vallonchene.fr\/es\/#website"},"primaryImageOfPage":{"@id":"https:\/\/www.vallonchene.fr\/es\/producto\/cornus-x-rutgersensis-celestial-shadow\/#primaryimage"},"image":{"@id":"https:\/\/www.vallonchene.fr\/es\/producto\/cornus-x-rutgersensis-celestial-shadow\/#primaryimage"},"thumbnailUrl":"https:\/\/www.vallonchene.fr\/wp-content\/uploads\/2025\/04\/CORNUS-x-rutgersensis-Celestial-Shadow.webp","datePublished":"2023-09-23T15:21:28+00:00","dateModified":"2025-05-09T06:47:27+00:00","description":"Este cornejo de Rutgers tiene un follaje matizado de verde y amarillo. En oto\u00f1o, el follaje del CORNUS x rutgersensis 'Celestial Shadow' se torna de color rosa p\u00farpura.","breadcrumb":{"@id":"https:\/\/www.vallonchene.fr\/es\/producto\/cornus-x-rutgersensis-celestial-shadow\/#breadcrumb"},"inLanguage":"es","potentialAction":[{"@type":"ReadAction","target":["https:\/\/www.vallonchene.fr\/es\/producto\/cornus-x-rutgersensis-celestial-shadow\/"]}]},{"@type":"ImageObject","inLanguage":"es","@id":"https:\/\/www.vallonchene.fr\/es\/producto\/cornus-x-rutgersensis-celestial-shadow\/#primaryimage","url":"https:\/\/www.vallonchene.fr\/wp-content\/uploads\/2025\/04\/CORNUS-x-rutgersensis-Celestial-Shadow.webp","contentUrl":"https:\/\/www.vallonchene.fr\/wp-content\/uploads\/2025\/04\/CORNUS-x-rutgersensis-Celestial-Shadow.webp","width":1200,"height":1200,"caption":"Flores blancas y follaje verde con borde amarillo del CORNUS x rutgersensis 'Celestial Shadow'."},{"@type":"BreadcrumbList","@id":"https:\/\/www.vallonchene.fr\/es\/producto\/cornus-x-rutgersensis-celestial-shadow\/#breadcrumb","itemListElement":[{"@type":"ListItem","position":1,"name":"Home","item":"https:\/\/www.vallonchene.fr\/es\/"},{"@type":"ListItem","position":2,"name":"Tienda","item":"https:\/\/www.vallonchene.fr\/tienda\/"},{"@type":"ListItem","position":3,"name":"Venta en linea","item":"https:\/\/www.vallonchene.fr\/es\/categoria-producto\/venta-en-linea\/"},{"@type":"ListItem","position":4,"name":"Vivero","item":"https:\/\/www.vallonchene.fr\/es\/categoria-producto\/venta-en-linea\/vivero\/"},{"@type":"ListItem","position":5,"name":"Arbustos y \u00e1rboles","item":"https:\/\/www.vallonchene.fr\/es\/categoria-producto\/venta-en-linea\/vivero\/arbustos-y-arboles\/"},{"@type":"ListItem","position":6,"name":"CORNUS x rutgersensis &#8216;Celestial Shadow&#8217;"}]},{"@type":"WebSite","@id":"https:\/\/www.vallonchene.fr\/es\/#website","url":"https:\/\/www.vallonchene.fr\/es\/","name":"Vallonch\u00eane","description":"El vivero donde la calidad tiene sus ra\u00edces \u2013 Tel.: +33 (0)2.35.90.02.02","publisher":{"@id":"https:\/\/www.vallonchene.fr\/es\/#organization"},"potentialAction":[{"@type":"SearchAction","target":{"@type":"EntryPoint","urlTemplate":"https:\/\/www.vallonchene.fr\/es\/?s={search_term_string}"},"query-input":{"@type":"PropertyValueSpecification","valueRequired":true,"valueName":"search_term_string"}}],"inLanguage":"es"},{"@type":"Organization","@id":"https:\/\/www.vallonchene.fr\/es\/#organization","name":"VALLONCHENE","url":"https:\/\/www.vallonchene.fr\/es\/","logo":{"@type":"ImageObject","inLanguage":"es","@id":"https:\/\/www.vallonchene.fr\/es\/#\/schema\/logo\/image\/","url":"https:\/\/www.vallonchene.fr\/wp-content\/uploads\/2023\/03\/Logo-Vallonchene-site-et-R_hauteur_100.png","contentUrl":"https:\/\/www.vallonchene.fr\/wp-content\/uploads\/2023\/03\/Logo-Vallonchene-site-et-R_hauteur_100.png","width":221,"height":100,"caption":"VALLONCHENE"},"image":{"@id":"https:\/\/www.vallonchene.fr\/es\/#\/schema\/logo\/image\/"},"sameAs":["https:\/\/www.facebook.com\/vallonchene.fr","https:\/\/www.instagram.com\/vallonchene\/","https:\/\/www.pinterest.fr\/vallonchene\/"],"taxID":"49454502300017","hasMerchantReturnPolicy":{"@type":"MerchantReturnPolicy","merchantReturnLink":"https:\/\/www.vallonchene.fr\/remboursements_retours\/"}}]},"og_availability":"instock","product_availability":"instock","product_retailer_item_id":"19982","product_condition":"new"},"_links":{"self":[{"href":"https:\/\/www.vallonchene.fr\/es\/wp-json\/wp\/v2\/product\/51651","targetHints":{"allow":["GET"]}}],"collection":[{"href":"https:\/\/www.vallonchene.fr\/es\/wp-json\/wp\/v2\/product"}],"about":[{"href":"https:\/\/www.vallonchene.fr\/es\/wp-json\/wp\/v2\/types\/product"}],"replies":[{"embeddable":true,"href":"https:\/\/www.vallonchene.fr\/es\/wp-json\/wp\/v2\/comments?post=51651"}],"wp:featuredmedia":[{"embeddable":true,"href":"https:\/\/www.vallonchene.fr\/es\/wp-json\/wp\/v2\/media\/53712"}],"wp:attachment":[{"href":"https:\/\/www.vallonchene.fr\/es\/wp-json\/wp\/v2\/media?parent=51651"}],"wp:term":[{"taxonomy":"product_brand","embeddable":true,"href":"https:\/\/www.vallonchene.fr\/es\/wp-json\/wp\/v2\/product_brand?post=51651"},{"taxonomy":"product_cat","embeddable":true,"href":"https:\/\/www.vallonchene.fr\/es\/wp-json\/wp\/v2\/product_cat?post=51651"},{"taxonomy":"product_tag","embeddable":true,"href":"https:\/\/www.vallonchene.fr\/es\/wp-json\/wp\/v2\/product_tag?post=51651"}],"curies":[{"name":"wp","href":"https:\/\/api.w.org\/{rel}","templated":true}]}}