{"id":51548,"date":"2023-11-02T09:38:22","date_gmt":"2023-11-02T09:38:22","guid":{"rendered":"https:\/\/www.vallonchene.fr\/produit\/emmenopterys-henryi\/"},"modified":"2023-11-02T09:38:22","modified_gmt":"2023-11-02T08:38:22","slug":"emmenopterys-henryi","status":"publish","type":"product","link":"https:\/\/www.vallonchene.fr\/es\/producto\/emmenopterys-henryi\/","title":{"rendered":"EMMENOPTERYS henryi"},"content":{"rendered":"<h2>La Planta<\/h2>\n<p>El <strong>EMMENOPTERYS henryi<\/strong> forma parte de los \u00e1rboles con flores interesantes. \u00c9stas aparecen en septiembre y son de color crema. Se asemejan un poco a las flores del <a href=\"\" target=\"\" rel=\"\"><strong>SCHIZOPHRAGMA integrifolium.<\/strong><\/a> Al igual que con la <strong><a href=\"\" target=\"\" rel=\"\">DAVIDA involucrata<\/a><\/strong>, tenga paciencia para ver las primeras flores. Al parecer, la producci\u00f3n de flores se inicia con veranos largos y c\u00e1lidos.<br \/>\nAdem\u00e1s, los brotes de la primavera comienzan con un color bronce\/p\u00farpura para luego volverse verde oscuro. Por el contrario, la parte inferior de las hojas persistentes es m\u00e1s p\u00e1lida.<br \/>\nEste \u00e1rbol puede alcanzar una edad de mil a\u00f1os.     <\/p>\n<h2>Historia y Origen<\/h2>\n<p>El E. henryi encuentra sus or\u00edgenes en las partes templadas del centro y del sur de China, as\u00ed como en Vietnam. En su h\u00e1bitat natural, alcanza alturas de 45 metros. La especie E. henryi lleva el nombre del bot\u00e1nico Augustine Henry. Ernest Wilson introdujo este g\u00e9nero por primera vez en Europa (Inglaterra) en 1907. Sin embargo, Daniel Oliver describi\u00f3 la planta por primera vez en 1889. Tambi\u00e9n lleva los sin\u00f3nimos de MUSSAENDA cavaleriei o incluso MUSSAENDA mairei. Adem\u00e1s, el primer Emmenopterys henryi floreci\u00f3 en la Europa continental en 1971 en el arboreto de Villa Taranto en el Lago Mayor, en Italia. No obstante, solo existen pocos espec\u00edmenes grandes en Europa. <\/p>\n<p>&nbsp;<\/p>\n","protected":false},"excerpt":{"rendered":"<p><strong>EMMENOPTERYS henryi<\/strong> es un \u00e1rbol con <strong>follaje verde oscuro<\/strong> en la parte superior y m\u00e1s p\u00e1lido en la parte inferior. Los <strong>brotes se vuelven de color p\u00farpura\/bronce<\/strong>. <\/p>\n","protected":false},"featured_media":51547,"comment_status":"open","ping_status":"closed","template":"","meta":[],"product_brand":[],"product_cat":[11499,11821],"product_tag":[],"class_list":{"0":"post-51548","1":"product","2":"type-product","3":"status-publish","4":"has-post-thumbnail","6":"product_cat-arbustos-y-arboles","7":"product_cat-plantas-raras-plantas-de-coleccion","8":"pa_99-hauteurapproximativeapres1-2-a-3-m","9":"pa_couleurdesfleurs-blanca","10":"pa_couleurdufeuillage-verde","11":"pa_exigencesenhumidite-moderadamente-humedo-a-humedo","12":"pa_exigencesenhumidite-promedio","13":"pa_expositionspossibles-pleno-sol-de-12-a-17-min","14":"pa_hauteurlivree-100-a-125-cm","15":"pa_hauteurlivree-40-a-50-cm-es","16":"pa_hauteurlivree-80-a-100-cm-es","17":"pa_interetauprintemps-brotes-jovenes","18":"pa_interetauprintemps-follaje","19":"pa_interetenautomne-follaje","20":"pa_interetenete-aroma","21":"pa_interetenete-flores","22":"pa_interetenete-follaje","23":"pa_naturedufeuillage-caduco","24":"pa_naturesdesolpossibles-ligero","25":"pa_naturesdesolpossibles-normal-es","26":"pa_periodedefloraison-verano","27":"pa_periodedetaille-febrero","28":"pa_periodedetaille-marzo","29":"pa_phdusolacceptable-neutro-entre-6_5-y-7_5","30":"pa_portgraphisme-globoso","31":"pa_resistanceaufroidrusticite-resistente-hasta-menos-20-c","32":"pa_tailledepot-maceta-de-3-litros","33":"pa_tailledepot-maceta-de-5-litros","34":"pa_utilisationpossible-aislado","35":"pa_utilisationpossible-arriate","37":"first","38":"instock","39":"taxable","40":"shipping-taxable","41":"purchasable","42":"product-type-variable"},"supplier_id":null,"supplier_sku":"","barcode":null,"atum_controlled":true,"out_stock_date":null,"out_stock_threshold":null,"inheritable":true,"inbound_stock":0,"stock_on_hold":0,"sold_today":0,"sales_last_days":0,"reserved_stock":0,"customer_returns":0,"warehouse_damage":0,"lost_in_post":0,"other_logs":0,"out_stock_days":null,"lost_sales":0,"has_location":false,"update_date":"2026-02-18T15:49:13","atum_locations":[],"atum_stock_status":"instock","restock_status":false,"low_stock_amount":"","sales_update_date":"2026-02-18T15:49:13","calc_backorders":null,"yoast_head":"<!-- This site is optimized with the Yoast SEO Premium plugin v27.4 (Yoast SEO v27.4) - https:\/\/yoast.com\/product\/yoast-seo-premium-wordpress\/ -->\n<title>EMMENTOPERYS henryi<\/title>\n<meta name=\"description\" content=\"EMMENOPTERYS henryi es un \u00e1rbol con follaje verde oscuro en la parte superior y m\u00e1s p\u00e1lido en la parte inferior. Los brotes son de color p\u00farpura\/bronce.\" \/>\n<meta name=\"robots\" content=\"index, follow, max-snippet:-1, max-image-preview:large, max-video-preview:-1\" \/>\n<link rel=\"canonical\" href=\"https:\/\/www.vallonchene.fr\/es\/producto\/emmenopterys-henryi\/\" \/>\n<meta property=\"og:locale\" content=\"es_ES\" \/>\n<meta property=\"og:type\" content=\"article\" \/>\n<meta property=\"og:title\" content=\"EMMENOPTERYS henryi\" \/>\n<meta property=\"og:description\" content=\"EMMENOPTERYS henryi es un \u00e1rbol con follaje verde oscuro en la parte superior y m\u00e1s p\u00e1lido en la parte inferior. Los brotes son de color p\u00farpura\/bronce.\" \/>\n<meta property=\"og:url\" content=\"https:\/\/www.vallonchene.fr\/es\/producto\/emmenopterys-henryi\/\" \/>\n<meta property=\"og:site_name\" content=\"Vallonch\u00eane\" \/>\n<meta property=\"article:publisher\" content=\"https:\/\/www.facebook.com\/vallonchene.fr\" \/>\n<meta property=\"og:image\" content=\"https:\/\/www.vallonchene.fr\/wp-content\/uploads\/2023\/11\/EMMENOPTERYS-henryi_01.webp\" \/>\n\t<meta property=\"og:image:width\" content=\"1200\" \/>\n\t<meta property=\"og:image:height\" content=\"1200\" \/>\n\t<meta property=\"og:image:type\" content=\"image\/webp\" \/>\n<meta name=\"twitter:card\" content=\"summary_large_image\" \/>\n<meta name=\"twitter:label1\" content=\"Disponibilidad\" \/>\n\t<meta name=\"twitter:data1\" content=\"En stock\" \/>\n<script type=\"application\/ld+json\" class=\"yoast-schema-graph\">{\"@context\":\"https:\\\/\\\/schema.org\",\"@graph\":[{\"@type\":\"WebPage\",\"@id\":\"https:\\\/\\\/www.vallonchene.fr\\\/es\\\/producto\\\/emmenopterys-henryi\\\/\",\"url\":\"https:\\\/\\\/www.vallonchene.fr\\\/es\\\/producto\\\/emmenopterys-henryi\\\/\",\"name\":\"EMMENTOPERYS henryi\",\"isPartOf\":{\"@id\":\"https:\\\/\\\/www.vallonchene.fr\\\/es\\\/#website\"},\"primaryImageOfPage\":{\"@id\":\"https:\\\/\\\/www.vallonchene.fr\\\/es\\\/producto\\\/emmenopterys-henryi\\\/#primaryimage\"},\"image\":{\"@id\":\"https:\\\/\\\/www.vallonchene.fr\\\/es\\\/producto\\\/emmenopterys-henryi\\\/#primaryimage\"},\"thumbnailUrl\":\"https:\\\/\\\/www.vallonchene.fr\\\/wp-content\\\/uploads\\\/2023\\\/11\\\/EMMENOPTERYS-henryi_01.webp\",\"datePublished\":\"2023-11-02T09:38:22+00:00\",\"description\":\"EMMENOPTERYS henryi es un \u00e1rbol con follaje verde oscuro en la parte superior y m\u00e1s p\u00e1lido en la parte inferior. Los brotes son de color p\u00farpura\\\/bronce.\",\"breadcrumb\":{\"@id\":\"https:\\\/\\\/www.vallonchene.fr\\\/es\\\/producto\\\/emmenopterys-henryi\\\/#breadcrumb\"},\"inLanguage\":\"es\",\"potentialAction\":[{\"@type\":\"ReadAction\",\"target\":[\"https:\\\/\\\/www.vallonchene.fr\\\/es\\\/producto\\\/emmenopterys-henryi\\\/\"]}]},{\"@type\":\"ImageObject\",\"inLanguage\":\"es\",\"@id\":\"https:\\\/\\\/www.vallonchene.fr\\\/es\\\/producto\\\/emmenopterys-henryi\\\/#primaryimage\",\"url\":\"https:\\\/\\\/www.vallonchene.fr\\\/wp-content\\\/uploads\\\/2023\\\/11\\\/EMMENOPTERYS-henryi_01.webp\",\"contentUrl\":\"https:\\\/\\\/www.vallonchene.fr\\\/wp-content\\\/uploads\\\/2023\\\/11\\\/EMMENOPTERYS-henryi_01.webp\",\"width\":1200,\"height\":1200,\"caption\":\"Follaje verde con pec\u00edolos rojos de EMMENOPTERYS henryi\"},{\"@type\":\"BreadcrumbList\",\"@id\":\"https:\\\/\\\/www.vallonchene.fr\\\/es\\\/producto\\\/emmenopterys-henryi\\\/#breadcrumb\",\"itemListElement\":[{\"@type\":\"ListItem\",\"position\":1,\"name\":\"Home\",\"item\":\"https:\\\/\\\/www.vallonchene.fr\\\/es\\\/\"},{\"@type\":\"ListItem\",\"position\":2,\"name\":\"Tienda\",\"item\":\"https:\\\/\\\/www.vallonchene.fr\\\/tienda\\\/\"},{\"@type\":\"ListItem\",\"position\":3,\"name\":\"Venta en linea\",\"item\":\"https:\\\/\\\/www.vallonchene.fr\\\/es\\\/categoria-producto\\\/venta-en-linea\\\/\"},{\"@type\":\"ListItem\",\"position\":4,\"name\":\"Vivero\",\"item\":\"https:\\\/\\\/www.vallonchene.fr\\\/es\\\/categoria-producto\\\/venta-en-linea\\\/vivero\\\/\"},{\"@type\":\"ListItem\",\"position\":5,\"name\":\"Arbustos y \u00e1rboles\",\"item\":\"https:\\\/\\\/www.vallonchene.fr\\\/es\\\/categoria-producto\\\/venta-en-linea\\\/vivero\\\/arbustos-y-arboles\\\/\"},{\"@type\":\"ListItem\",\"position\":6,\"name\":\"EMMENOPTERYS henryi\"}]},{\"@type\":\"WebSite\",\"@id\":\"https:\\\/\\\/www.vallonchene.fr\\\/es\\\/#website\",\"url\":\"https:\\\/\\\/www.vallonchene.fr\\\/es\\\/\",\"name\":\"Vallonch\u00eane\",\"description\":\"El vivero donde la calidad tiene sus ra\u00edces \u2013 Tel.: +33 (0)2.35.90.02.02\",\"publisher\":{\"@id\":\"https:\\\/\\\/www.vallonchene.fr\\\/es\\\/#organization\"},\"potentialAction\":[{\"@type\":\"SearchAction\",\"target\":{\"@type\":\"EntryPoint\",\"urlTemplate\":\"https:\\\/\\\/www.vallonchene.fr\\\/es\\\/?s={search_term_string}\"},\"query-input\":{\"@type\":\"PropertyValueSpecification\",\"valueRequired\":true,\"valueName\":\"search_term_string\"}}],\"inLanguage\":\"es\"},{\"@type\":\"Organization\",\"@id\":\"https:\\\/\\\/www.vallonchene.fr\\\/es\\\/#organization\",\"name\":\"VALLONCHENE\",\"url\":\"https:\\\/\\\/www.vallonchene.fr\\\/es\\\/\",\"logo\":{\"@type\":\"ImageObject\",\"inLanguage\":\"es\",\"@id\":\"https:\\\/\\\/www.vallonchene.fr\\\/es\\\/#\\\/schema\\\/logo\\\/image\\\/\",\"url\":\"https:\\\/\\\/www.vallonchene.fr\\\/wp-content\\\/uploads\\\/2023\\\/03\\\/Logo-Vallonchene-site-et-R_hauteur_100.png\",\"contentUrl\":\"https:\\\/\\\/www.vallonchene.fr\\\/wp-content\\\/uploads\\\/2023\\\/03\\\/Logo-Vallonchene-site-et-R_hauteur_100.png\",\"width\":221,\"height\":100,\"caption\":\"VALLONCHENE\"},\"image\":{\"@id\":\"https:\\\/\\\/www.vallonchene.fr\\\/es\\\/#\\\/schema\\\/logo\\\/image\\\/\"},\"sameAs\":[\"https:\\\/\\\/www.facebook.com\\\/vallonchene.fr\",\"https:\\\/\\\/www.instagram.com\\\/vallonchene\\\/\",\"https:\\\/\\\/www.pinterest.fr\\\/vallonchene\\\/\"],\"taxID\":\"49454502300017\",\"hasMerchantReturnPolicy\":{\"@type\":\"MerchantReturnPolicy\",\"merchantReturnLink\":\"https:\\\/\\\/www.vallonchene.fr\\\/remboursements_retours\\\/\"}}]}<\/script>\n<meta property=\"og:availability\" content=\"instock\" \/>\n<meta property=\"product:availability\" content=\"instock\" \/>\n<meta property=\"product:retailer_item_id\" content=\"63116\" \/>\n<meta property=\"product:condition\" content=\"new\" \/>\n<!-- \/ Yoast SEO Premium plugin. -->","yoast_head_json":{"title":"EMMENTOPERYS henryi","description":"EMMENOPTERYS henryi es un \u00e1rbol con follaje verde oscuro en la parte superior y m\u00e1s p\u00e1lido en la parte inferior. Los brotes son de color p\u00farpura\/bronce.","robots":{"index":"index","follow":"follow","max-snippet":"max-snippet:-1","max-image-preview":"max-image-preview:large","max-video-preview":"max-video-preview:-1"},"canonical":"https:\/\/www.vallonchene.fr\/es\/producto\/emmenopterys-henryi\/","og_locale":"es_ES","og_type":"article","og_title":"EMMENOPTERYS henryi","og_description":"EMMENOPTERYS henryi es un \u00e1rbol con follaje verde oscuro en la parte superior y m\u00e1s p\u00e1lido en la parte inferior. Los brotes son de color p\u00farpura\/bronce.","og_url":"https:\/\/www.vallonchene.fr\/es\/producto\/emmenopterys-henryi\/","og_site_name":"Vallonch\u00eane","article_publisher":"https:\/\/www.facebook.com\/vallonchene.fr","og_image":[{"width":1200,"height":1200,"url":"https:\/\/www.vallonchene.fr\/wp-content\/uploads\/2023\/11\/EMMENOPTERYS-henryi_01.webp","type":"image\/webp"}],"twitter_card":"summary_large_image","twitter_misc":{"Disponibilidad":"En stock"},"schema":{"@context":"https:\/\/schema.org","@graph":[{"@type":"WebPage","@id":"https:\/\/www.vallonchene.fr\/es\/producto\/emmenopterys-henryi\/","url":"https:\/\/www.vallonchene.fr\/es\/producto\/emmenopterys-henryi\/","name":"EMMENTOPERYS henryi","isPartOf":{"@id":"https:\/\/www.vallonchene.fr\/es\/#website"},"primaryImageOfPage":{"@id":"https:\/\/www.vallonchene.fr\/es\/producto\/emmenopterys-henryi\/#primaryimage"},"image":{"@id":"https:\/\/www.vallonchene.fr\/es\/producto\/emmenopterys-henryi\/#primaryimage"},"thumbnailUrl":"https:\/\/www.vallonchene.fr\/wp-content\/uploads\/2023\/11\/EMMENOPTERYS-henryi_01.webp","datePublished":"2023-11-02T09:38:22+00:00","description":"EMMENOPTERYS henryi es un \u00e1rbol con follaje verde oscuro en la parte superior y m\u00e1s p\u00e1lido en la parte inferior. Los brotes son de color p\u00farpura\/bronce.","breadcrumb":{"@id":"https:\/\/www.vallonchene.fr\/es\/producto\/emmenopterys-henryi\/#breadcrumb"},"inLanguage":"es","potentialAction":[{"@type":"ReadAction","target":["https:\/\/www.vallonchene.fr\/es\/producto\/emmenopterys-henryi\/"]}]},{"@type":"ImageObject","inLanguage":"es","@id":"https:\/\/www.vallonchene.fr\/es\/producto\/emmenopterys-henryi\/#primaryimage","url":"https:\/\/www.vallonchene.fr\/wp-content\/uploads\/2023\/11\/EMMENOPTERYS-henryi_01.webp","contentUrl":"https:\/\/www.vallonchene.fr\/wp-content\/uploads\/2023\/11\/EMMENOPTERYS-henryi_01.webp","width":1200,"height":1200,"caption":"Follaje verde con pec\u00edolos rojos de EMMENOPTERYS henryi"},{"@type":"BreadcrumbList","@id":"https:\/\/www.vallonchene.fr\/es\/producto\/emmenopterys-henryi\/#breadcrumb","itemListElement":[{"@type":"ListItem","position":1,"name":"Home","item":"https:\/\/www.vallonchene.fr\/es\/"},{"@type":"ListItem","position":2,"name":"Tienda","item":"https:\/\/www.vallonchene.fr\/tienda\/"},{"@type":"ListItem","position":3,"name":"Venta en linea","item":"https:\/\/www.vallonchene.fr\/es\/categoria-producto\/venta-en-linea\/"},{"@type":"ListItem","position":4,"name":"Vivero","item":"https:\/\/www.vallonchene.fr\/es\/categoria-producto\/venta-en-linea\/vivero\/"},{"@type":"ListItem","position":5,"name":"Arbustos y \u00e1rboles","item":"https:\/\/www.vallonchene.fr\/es\/categoria-producto\/venta-en-linea\/vivero\/arbustos-y-arboles\/"},{"@type":"ListItem","position":6,"name":"EMMENOPTERYS henryi"}]},{"@type":"WebSite","@id":"https:\/\/www.vallonchene.fr\/es\/#website","url":"https:\/\/www.vallonchene.fr\/es\/","name":"Vallonch\u00eane","description":"El vivero donde la calidad tiene sus ra\u00edces \u2013 Tel.: +33 (0)2.35.90.02.02","publisher":{"@id":"https:\/\/www.vallonchene.fr\/es\/#organization"},"potentialAction":[{"@type":"SearchAction","target":{"@type":"EntryPoint","urlTemplate":"https:\/\/www.vallonchene.fr\/es\/?s={search_term_string}"},"query-input":{"@type":"PropertyValueSpecification","valueRequired":true,"valueName":"search_term_string"}}],"inLanguage":"es"},{"@type":"Organization","@id":"https:\/\/www.vallonchene.fr\/es\/#organization","name":"VALLONCHENE","url":"https:\/\/www.vallonchene.fr\/es\/","logo":{"@type":"ImageObject","inLanguage":"es","@id":"https:\/\/www.vallonchene.fr\/es\/#\/schema\/logo\/image\/","url":"https:\/\/www.vallonchene.fr\/wp-content\/uploads\/2023\/03\/Logo-Vallonchene-site-et-R_hauteur_100.png","contentUrl":"https:\/\/www.vallonchene.fr\/wp-content\/uploads\/2023\/03\/Logo-Vallonchene-site-et-R_hauteur_100.png","width":221,"height":100,"caption":"VALLONCHENE"},"image":{"@id":"https:\/\/www.vallonchene.fr\/es\/#\/schema\/logo\/image\/"},"sameAs":["https:\/\/www.facebook.com\/vallonchene.fr","https:\/\/www.instagram.com\/vallonchene\/","https:\/\/www.pinterest.fr\/vallonchene\/"],"taxID":"49454502300017","hasMerchantReturnPolicy":{"@type":"MerchantReturnPolicy","merchantReturnLink":"https:\/\/www.vallonchene.fr\/remboursements_retours\/"}}]},"og_availability":"instock","product_availability":"instock","product_retailer_item_id":"63116","product_condition":"new"},"_links":{"self":[{"href":"https:\/\/www.vallonchene.fr\/es\/wp-json\/wp\/v2\/product\/51548","targetHints":{"allow":["GET"]}}],"collection":[{"href":"https:\/\/www.vallonchene.fr\/es\/wp-json\/wp\/v2\/product"}],"about":[{"href":"https:\/\/www.vallonchene.fr\/es\/wp-json\/wp\/v2\/types\/product"}],"replies":[{"embeddable":true,"href":"https:\/\/www.vallonchene.fr\/es\/wp-json\/wp\/v2\/comments?post=51548"}],"wp:featuredmedia":[{"embeddable":true,"href":"https:\/\/www.vallonchene.fr\/es\/wp-json\/wp\/v2\/media\/51547"}],"wp:attachment":[{"href":"https:\/\/www.vallonchene.fr\/es\/wp-json\/wp\/v2\/media?parent=51548"}],"wp:term":[{"taxonomy":"product_brand","embeddable":true,"href":"https:\/\/www.vallonchene.fr\/es\/wp-json\/wp\/v2\/product_brand?post=51548"},{"taxonomy":"product_cat","embeddable":true,"href":"https:\/\/www.vallonchene.fr\/es\/wp-json\/wp\/v2\/product_cat?post=51548"},{"taxonomy":"product_tag","embeddable":true,"href":"https:\/\/www.vallonchene.fr\/es\/wp-json\/wp\/v2\/product_tag?post=51548"}],"curies":[{"name":"wp","href":"https:\/\/api.w.org\/{rel}","templated":true}]}}