{"id":51483,"date":"2023-11-02T09:45:37","date_gmt":"2023-11-02T09:45:37","guid":{"rendered":"https:\/\/www.vallonchene.fr\/produit\/zelkova-x-verschaffeltii-zelkova-carpinifolia-verschaffeltii\/"},"modified":"2023-11-02T09:45:37","modified_gmt":"2023-11-02T08:45:37","slug":"zelkova-x-verschaffeltii-zelkova-carpinifolia-verschaffeltii","status":"publish","type":"product","link":"https:\/\/www.vallonchene.fr\/es\/producto\/zelkova-x-verschaffeltii-zelkova-carpinifolia-verschaffeltii\/","title":{"rendered":"ZELKOVA x verschaffeltii (ZELKOVA carpinifolia &#8216;Verschaffeltii)"},"content":{"rendered":"","protected":false},"excerpt":{"rendered":"<p><strong>ZELKOVA x verschaffeltii<\/strong> lleva el sin\u00f3nimo <strong>ZELKOVA carpinifolia &#8216;Verschaffeltii&#8217;<\/strong>. Esta zelkova es una <strong>forma m\u00e1s peque\u00f1a<\/strong> (6-12 m) que la especie tipo. <\/p>\n","protected":false},"featured_media":51484,"comment_status":"open","ping_status":"closed","template":"","meta":[],"product_brand":[],"product_cat":[11499,11821],"product_tag":[],"class_list":{"0":"post-51483","1":"product","2":"type-product","3":"status-publish","4":"has-post-thumbnail","6":"product_cat-arbustos-y-arboles","7":"product_cat-plantas-raras-plantas-de-coleccion","8":"pa_99-hauteurapproximativeapres1-2-a-3-m","9":"pa_couleurautomnaledufeuillage-amarillo","10":"pa_couleurdelecorce-cobriza","11":"pa_couleurdelecorce-verde","12":"pa_couleurnormaledufeuillage-verde","13":"pa_exigencesenhumidite-promedio","14":"pa_exigencesenhumidite-seco","15":"pa_expositionspossibles-pleno-sol-de-12-a-17-min","16":"pa_hauteurlivree-100-a-125-cm","17":"pa_hauteurlivree-125-a-150-cm-es","18":"pa_hauteurlivree-200-a-250-cm-es","19":"pa_hauteurlivree-250-a-300-cm-es","20":"pa_hauteurlivree-30-a-40-cm-es","21":"pa_hauteurlivree-350-a-400-cm-es","22":"pa_hauteurlivree-40-a-50-cm-es","23":"pa_hauteurlivree-50-a-60-cm-es","24":"pa_hauteurlivree-60-a-80-cm-es","25":"pa_hauteurlivree-60-cm-en-tallo","26":"pa_hauteurlivree-70-a-80-cm-es","27":"pa_hauteurlivree-80-a-100-cm-es","28":"pa_interetauprintemps-corteza","29":"pa_interetauprintemps-follaje","30":"pa_interetenautomne-corteza","31":"pa_interetenautomne-follaje","32":"pa_interetenete-corteza","33":"pa_interetenete-follaje","34":"pa_interetenhiver-corteza","35":"pa_naturedufeuillage-caduco","36":"pa_naturesdesolpossibles-ligero","37":"pa_naturesdesolpossibles-normal-es","38":"pa_periodedetaille-enero","39":"pa_periodedetaille-febrero","40":"pa_phdusolacceptable-neutro-entre-6_5-y-7_5","41":"pa_portgraphisme-globoso","42":"pa_presentationdelecorce-liso","43":"pa_resistanceaufroidrusticite-resistente-hasta-menos-20-c","44":"pa_tailledepot-maceta-de-1-litro","45":"pa_tailledepot-maceta-de-1_5-litros","46":"pa_tailledepot-maceta-de-10-litros","47":"pa_tailledepot-maceta-de-15-litros","48":"pa_tailledepot-maceta-de-2-litros","49":"pa_tailledepot-maceta-de-25-litros","50":"pa_tailledepot-maceta-de-3-litros","51":"pa_tailledepot-maceta-de-30-litros","52":"pa_tailledepot-maceta-de-4-litros","53":"pa_tailledepot-maceta-de-5-litros","54":"pa_tailledepot-maceta-de-7_5-litros","55":"pa_utilisationpossible-arriate","57":"first","58":"instock","59":"taxable","60":"shipping-taxable","61":"purchasable","62":"product-type-variable"},"supplier_id":null,"supplier_sku":"","barcode":null,"atum_controlled":true,"out_stock_date":null,"out_stock_threshold":null,"inheritable":true,"inbound_stock":0,"stock_on_hold":0,"sold_today":0,"sales_last_days":0,"reserved_stock":0,"customer_returns":0,"warehouse_damage":0,"lost_in_post":0,"other_logs":0,"out_stock_days":null,"lost_sales":0,"has_location":false,"update_date":"2025-12-01T08:47:28","atum_locations":[],"atum_stock_status":"instock","restock_status":false,"low_stock_amount":"","sales_update_date":"2025-03-12T10:01:27","calc_backorders":null,"yoast_head":"<!-- This site is optimized with the Yoast SEO Premium plugin v27.4 (Yoast SEO v27.4) - https:\/\/yoast.com\/product\/yoast-seo-premium-wordpress\/ -->\n<title>ZELKOVA x verschaffeltii (ZELKOVA carpinifolia &#039;Verschaffeltii)<\/title>\n<meta name=\"description\" content=\"ZELKOVA x verschaffeltii lleva el sin\u00f3nimo ZELKOVA carpinifolia &#039;Verschaffeltii&#039;. Esta zelkova es una forma m\u00e1s peque\u00f1a (6-12 m) que la especie tipo.\" \/>\n<meta name=\"robots\" content=\"index, follow, max-snippet:-1, max-image-preview:large, max-video-preview:-1\" \/>\n<link rel=\"canonical\" href=\"https:\/\/www.vallonchene.fr\/es\/producto\/zelkova-x-verschaffeltii-zelkova-carpinifolia-verschaffeltii\/\" \/>\n<meta property=\"og:locale\" content=\"es_ES\" \/>\n<meta property=\"og:type\" content=\"article\" \/>\n<meta property=\"og:title\" content=\"ZELKOVA x verschaffeltii (ZELKOVA carpinifolia &#039;Verschaffeltii)\" \/>\n<meta property=\"og:description\" content=\"ZELKOVA x verschaffeltii lleva el sin\u00f3nimo ZELKOVA carpinifolia &#039;Verschaffeltii&#039;. Esta zelkova es una forma m\u00e1s peque\u00f1a (6-12 m) que la especie tipo.\" \/>\n<meta property=\"og:url\" content=\"https:\/\/www.vallonchene.fr\/es\/producto\/zelkova-x-verschaffeltii-zelkova-carpinifolia-verschaffeltii\/\" \/>\n<meta property=\"og:site_name\" content=\"Vallonch\u00eane\" \/>\n<meta property=\"article:publisher\" content=\"https:\/\/www.facebook.com\/vallonchene.fr\" \/>\n<meta property=\"og:image\" content=\"https:\/\/www.vallonchene.fr\/wp-content\/uploads\/2023\/11\/ZELKOVA-carpinifolia-Verschaffeltii.webp\" \/>\n\t<meta property=\"og:image:width\" content=\"1200\" \/>\n\t<meta property=\"og:image:height\" content=\"1200\" \/>\n\t<meta property=\"og:image:type\" content=\"image\/webp\" \/>\n<meta name=\"twitter:card\" content=\"summary_large_image\" \/>\n<meta name=\"twitter:label1\" content=\"Disponibilidad\" \/>\n\t<meta name=\"twitter:data1\" content=\"En stock\" \/>\n<script type=\"application\/ld+json\" class=\"yoast-schema-graph\">{\"@context\":\"https:\\\/\\\/schema.org\",\"@graph\":[{\"@type\":\"WebPage\",\"@id\":\"https:\\\/\\\/www.vallonchene.fr\\\/es\\\/producto\\\/zelkova-x-verschaffeltii-zelkova-carpinifolia-verschaffeltii\\\/\",\"url\":\"https:\\\/\\\/www.vallonchene.fr\\\/es\\\/producto\\\/zelkova-x-verschaffeltii-zelkova-carpinifolia-verschaffeltii\\\/\",\"name\":\"ZELKOVA x verschaffeltii (ZELKOVA carpinifolia 'Verschaffeltii)\",\"isPartOf\":{\"@id\":\"https:\\\/\\\/www.vallonchene.fr\\\/es\\\/#website\"},\"primaryImageOfPage\":{\"@id\":\"https:\\\/\\\/www.vallonchene.fr\\\/es\\\/producto\\\/zelkova-x-verschaffeltii-zelkova-carpinifolia-verschaffeltii\\\/#primaryimage\"},\"image\":{\"@id\":\"https:\\\/\\\/www.vallonchene.fr\\\/es\\\/producto\\\/zelkova-x-verschaffeltii-zelkova-carpinifolia-verschaffeltii\\\/#primaryimage\"},\"thumbnailUrl\":\"https:\\\/\\\/www.vallonchene.fr\\\/wp-content\\\/uploads\\\/2023\\\/11\\\/ZELKOVA-carpinifolia-Verschaffeltii.webp\",\"datePublished\":\"2023-11-02T09:45:37+00:00\",\"description\":\"ZELKOVA x verschaffeltii lleva el sin\u00f3nimo ZELKOVA carpinifolia 'Verschaffeltii'. Esta zelkova es una forma m\u00e1s peque\u00f1a (6-12 m) que la especie tipo.\",\"breadcrumb\":{\"@id\":\"https:\\\/\\\/www.vallonchene.fr\\\/es\\\/producto\\\/zelkova-x-verschaffeltii-zelkova-carpinifolia-verschaffeltii\\\/#breadcrumb\"},\"inLanguage\":\"es\",\"potentialAction\":[{\"@type\":\"ReadAction\",\"target\":[\"https:\\\/\\\/www.vallonchene.fr\\\/es\\\/producto\\\/zelkova-x-verschaffeltii-zelkova-carpinifolia-verschaffeltii\\\/\"]}]},{\"@type\":\"ImageObject\",\"inLanguage\":\"es\",\"@id\":\"https:\\\/\\\/www.vallonchene.fr\\\/es\\\/producto\\\/zelkova-x-verschaffeltii-zelkova-carpinifolia-verschaffeltii\\\/#primaryimage\",\"url\":\"https:\\\/\\\/www.vallonchene.fr\\\/wp-content\\\/uploads\\\/2023\\\/11\\\/ZELKOVA-carpinifolia-Verschaffeltii.webp\",\"contentUrl\":\"https:\\\/\\\/www.vallonchene.fr\\\/wp-content\\\/uploads\\\/2023\\\/11\\\/ZELKOVA-carpinifolia-Verschaffeltii.webp\",\"width\":1200,\"height\":1200,\"caption\":\"Hojas cortadas de ZELKOVA carpinifolia 'Verschaffeltii'\"},{\"@type\":\"BreadcrumbList\",\"@id\":\"https:\\\/\\\/www.vallonchene.fr\\\/es\\\/producto\\\/zelkova-x-verschaffeltii-zelkova-carpinifolia-verschaffeltii\\\/#breadcrumb\",\"itemListElement\":[{\"@type\":\"ListItem\",\"position\":1,\"name\":\"Home\",\"item\":\"https:\\\/\\\/www.vallonchene.fr\\\/es\\\/\"},{\"@type\":\"ListItem\",\"position\":2,\"name\":\"Tienda\",\"item\":\"https:\\\/\\\/www.vallonchene.fr\\\/tienda\\\/\"},{\"@type\":\"ListItem\",\"position\":3,\"name\":\"Venta en linea\",\"item\":\"https:\\\/\\\/www.vallonchene.fr\\\/es\\\/categoria-producto\\\/venta-en-linea\\\/\"},{\"@type\":\"ListItem\",\"position\":4,\"name\":\"Vivero\",\"item\":\"https:\\\/\\\/www.vallonchene.fr\\\/es\\\/categoria-producto\\\/venta-en-linea\\\/vivero\\\/\"},{\"@type\":\"ListItem\",\"position\":5,\"name\":\"Arbustos y \u00e1rboles\",\"item\":\"https:\\\/\\\/www.vallonchene.fr\\\/es\\\/categoria-producto\\\/venta-en-linea\\\/vivero\\\/arbustos-y-arboles\\\/\"},{\"@type\":\"ListItem\",\"position\":6,\"name\":\"ZELKOVA x verschaffeltii (ZELKOVA carpinifolia &lsquo;Verschaffeltii)\"}]},{\"@type\":\"WebSite\",\"@id\":\"https:\\\/\\\/www.vallonchene.fr\\\/es\\\/#website\",\"url\":\"https:\\\/\\\/www.vallonchene.fr\\\/es\\\/\",\"name\":\"Vallonch\u00eane\",\"description\":\"El vivero donde la calidad tiene sus ra\u00edces \u2013 Tel.: +33 (0)2.35.90.02.02\",\"publisher\":{\"@id\":\"https:\\\/\\\/www.vallonchene.fr\\\/es\\\/#organization\"},\"potentialAction\":[{\"@type\":\"SearchAction\",\"target\":{\"@type\":\"EntryPoint\",\"urlTemplate\":\"https:\\\/\\\/www.vallonchene.fr\\\/es\\\/?s={search_term_string}\"},\"query-input\":{\"@type\":\"PropertyValueSpecification\",\"valueRequired\":true,\"valueName\":\"search_term_string\"}}],\"inLanguage\":\"es\"},{\"@type\":\"Organization\",\"@id\":\"https:\\\/\\\/www.vallonchene.fr\\\/es\\\/#organization\",\"name\":\"VALLONCHENE\",\"url\":\"https:\\\/\\\/www.vallonchene.fr\\\/es\\\/\",\"logo\":{\"@type\":\"ImageObject\",\"inLanguage\":\"es\",\"@id\":\"https:\\\/\\\/www.vallonchene.fr\\\/es\\\/#\\\/schema\\\/logo\\\/image\\\/\",\"url\":\"https:\\\/\\\/www.vallonchene.fr\\\/wp-content\\\/uploads\\\/2023\\\/03\\\/Logo-Vallonchene-site-et-R_hauteur_100.png\",\"contentUrl\":\"https:\\\/\\\/www.vallonchene.fr\\\/wp-content\\\/uploads\\\/2023\\\/03\\\/Logo-Vallonchene-site-et-R_hauteur_100.png\",\"width\":221,\"height\":100,\"caption\":\"VALLONCHENE\"},\"image\":{\"@id\":\"https:\\\/\\\/www.vallonchene.fr\\\/es\\\/#\\\/schema\\\/logo\\\/image\\\/\"},\"sameAs\":[\"https:\\\/\\\/www.facebook.com\\\/vallonchene.fr\",\"https:\\\/\\\/www.instagram.com\\\/vallonchene\\\/\",\"https:\\\/\\\/www.pinterest.fr\\\/vallonchene\\\/\"],\"taxID\":\"49454502300017\",\"hasMerchantReturnPolicy\":{\"@type\":\"MerchantReturnPolicy\",\"merchantReturnLink\":\"https:\\\/\\\/www.vallonchene.fr\\\/remboursements_retours\\\/\"}}]}<\/script>\n<meta property=\"og:availability\" content=\"instock\" \/>\n<meta property=\"product:availability\" content=\"instock\" \/>\n<meta property=\"product:retailer_item_id\" content=\"83862\" \/>\n<meta property=\"product:condition\" content=\"new\" \/>\n<!-- \/ Yoast SEO Premium plugin. -->","yoast_head_json":{"title":"ZELKOVA x verschaffeltii (ZELKOVA carpinifolia 'Verschaffeltii)","description":"ZELKOVA x verschaffeltii lleva el sin\u00f3nimo ZELKOVA carpinifolia 'Verschaffeltii'. Esta zelkova es una forma m\u00e1s peque\u00f1a (6-12 m) que la especie tipo.","robots":{"index":"index","follow":"follow","max-snippet":"max-snippet:-1","max-image-preview":"max-image-preview:large","max-video-preview":"max-video-preview:-1"},"canonical":"https:\/\/www.vallonchene.fr\/es\/producto\/zelkova-x-verschaffeltii-zelkova-carpinifolia-verschaffeltii\/","og_locale":"es_ES","og_type":"article","og_title":"ZELKOVA x verschaffeltii (ZELKOVA carpinifolia 'Verschaffeltii)","og_description":"ZELKOVA x verschaffeltii lleva el sin\u00f3nimo ZELKOVA carpinifolia 'Verschaffeltii'. Esta zelkova es una forma m\u00e1s peque\u00f1a (6-12 m) que la especie tipo.","og_url":"https:\/\/www.vallonchene.fr\/es\/producto\/zelkova-x-verschaffeltii-zelkova-carpinifolia-verschaffeltii\/","og_site_name":"Vallonch\u00eane","article_publisher":"https:\/\/www.facebook.com\/vallonchene.fr","og_image":[{"width":1200,"height":1200,"url":"https:\/\/www.vallonchene.fr\/wp-content\/uploads\/2023\/11\/ZELKOVA-carpinifolia-Verschaffeltii.webp","type":"image\/webp"}],"twitter_card":"summary_large_image","twitter_misc":{"Disponibilidad":"En stock"},"schema":{"@context":"https:\/\/schema.org","@graph":[{"@type":"WebPage","@id":"https:\/\/www.vallonchene.fr\/es\/producto\/zelkova-x-verschaffeltii-zelkova-carpinifolia-verschaffeltii\/","url":"https:\/\/www.vallonchene.fr\/es\/producto\/zelkova-x-verschaffeltii-zelkova-carpinifolia-verschaffeltii\/","name":"ZELKOVA x verschaffeltii (ZELKOVA carpinifolia 'Verschaffeltii)","isPartOf":{"@id":"https:\/\/www.vallonchene.fr\/es\/#website"},"primaryImageOfPage":{"@id":"https:\/\/www.vallonchene.fr\/es\/producto\/zelkova-x-verschaffeltii-zelkova-carpinifolia-verschaffeltii\/#primaryimage"},"image":{"@id":"https:\/\/www.vallonchene.fr\/es\/producto\/zelkova-x-verschaffeltii-zelkova-carpinifolia-verschaffeltii\/#primaryimage"},"thumbnailUrl":"https:\/\/www.vallonchene.fr\/wp-content\/uploads\/2023\/11\/ZELKOVA-carpinifolia-Verschaffeltii.webp","datePublished":"2023-11-02T09:45:37+00:00","description":"ZELKOVA x verschaffeltii lleva el sin\u00f3nimo ZELKOVA carpinifolia 'Verschaffeltii'. Esta zelkova es una forma m\u00e1s peque\u00f1a (6-12 m) que la especie tipo.","breadcrumb":{"@id":"https:\/\/www.vallonchene.fr\/es\/producto\/zelkova-x-verschaffeltii-zelkova-carpinifolia-verschaffeltii\/#breadcrumb"},"inLanguage":"es","potentialAction":[{"@type":"ReadAction","target":["https:\/\/www.vallonchene.fr\/es\/producto\/zelkova-x-verschaffeltii-zelkova-carpinifolia-verschaffeltii\/"]}]},{"@type":"ImageObject","inLanguage":"es","@id":"https:\/\/www.vallonchene.fr\/es\/producto\/zelkova-x-verschaffeltii-zelkova-carpinifolia-verschaffeltii\/#primaryimage","url":"https:\/\/www.vallonchene.fr\/wp-content\/uploads\/2023\/11\/ZELKOVA-carpinifolia-Verschaffeltii.webp","contentUrl":"https:\/\/www.vallonchene.fr\/wp-content\/uploads\/2023\/11\/ZELKOVA-carpinifolia-Verschaffeltii.webp","width":1200,"height":1200,"caption":"Hojas cortadas de ZELKOVA carpinifolia 'Verschaffeltii'"},{"@type":"BreadcrumbList","@id":"https:\/\/www.vallonchene.fr\/es\/producto\/zelkova-x-verschaffeltii-zelkova-carpinifolia-verschaffeltii\/#breadcrumb","itemListElement":[{"@type":"ListItem","position":1,"name":"Home","item":"https:\/\/www.vallonchene.fr\/es\/"},{"@type":"ListItem","position":2,"name":"Tienda","item":"https:\/\/www.vallonchene.fr\/tienda\/"},{"@type":"ListItem","position":3,"name":"Venta en linea","item":"https:\/\/www.vallonchene.fr\/es\/categoria-producto\/venta-en-linea\/"},{"@type":"ListItem","position":4,"name":"Vivero","item":"https:\/\/www.vallonchene.fr\/es\/categoria-producto\/venta-en-linea\/vivero\/"},{"@type":"ListItem","position":5,"name":"Arbustos y \u00e1rboles","item":"https:\/\/www.vallonchene.fr\/es\/categoria-producto\/venta-en-linea\/vivero\/arbustos-y-arboles\/"},{"@type":"ListItem","position":6,"name":"ZELKOVA x verschaffeltii (ZELKOVA carpinifolia &lsquo;Verschaffeltii)"}]},{"@type":"WebSite","@id":"https:\/\/www.vallonchene.fr\/es\/#website","url":"https:\/\/www.vallonchene.fr\/es\/","name":"Vallonch\u00eane","description":"El vivero donde la calidad tiene sus ra\u00edces \u2013 Tel.: +33 (0)2.35.90.02.02","publisher":{"@id":"https:\/\/www.vallonchene.fr\/es\/#organization"},"potentialAction":[{"@type":"SearchAction","target":{"@type":"EntryPoint","urlTemplate":"https:\/\/www.vallonchene.fr\/es\/?s={search_term_string}"},"query-input":{"@type":"PropertyValueSpecification","valueRequired":true,"valueName":"search_term_string"}}],"inLanguage":"es"},{"@type":"Organization","@id":"https:\/\/www.vallonchene.fr\/es\/#organization","name":"VALLONCHENE","url":"https:\/\/www.vallonchene.fr\/es\/","logo":{"@type":"ImageObject","inLanguage":"es","@id":"https:\/\/www.vallonchene.fr\/es\/#\/schema\/logo\/image\/","url":"https:\/\/www.vallonchene.fr\/wp-content\/uploads\/2023\/03\/Logo-Vallonchene-site-et-R_hauteur_100.png","contentUrl":"https:\/\/www.vallonchene.fr\/wp-content\/uploads\/2023\/03\/Logo-Vallonchene-site-et-R_hauteur_100.png","width":221,"height":100,"caption":"VALLONCHENE"},"image":{"@id":"https:\/\/www.vallonchene.fr\/es\/#\/schema\/logo\/image\/"},"sameAs":["https:\/\/www.facebook.com\/vallonchene.fr","https:\/\/www.instagram.com\/vallonchene\/","https:\/\/www.pinterest.fr\/vallonchene\/"],"taxID":"49454502300017","hasMerchantReturnPolicy":{"@type":"MerchantReturnPolicy","merchantReturnLink":"https:\/\/www.vallonchene.fr\/remboursements_retours\/"}}]},"og_availability":"instock","product_availability":"instock","product_retailer_item_id":"83862","product_condition":"new"},"_links":{"self":[{"href":"https:\/\/www.vallonchene.fr\/es\/wp-json\/wp\/v2\/product\/51483","targetHints":{"allow":["GET"]}}],"collection":[{"href":"https:\/\/www.vallonchene.fr\/es\/wp-json\/wp\/v2\/product"}],"about":[{"href":"https:\/\/www.vallonchene.fr\/es\/wp-json\/wp\/v2\/types\/product"}],"replies":[{"embeddable":true,"href":"https:\/\/www.vallonchene.fr\/es\/wp-json\/wp\/v2\/comments?post=51483"}],"wp:featuredmedia":[{"embeddable":true,"href":"https:\/\/www.vallonchene.fr\/es\/wp-json\/wp\/v2\/media\/51484"}],"wp:attachment":[{"href":"https:\/\/www.vallonchene.fr\/es\/wp-json\/wp\/v2\/media?parent=51483"}],"wp:term":[{"taxonomy":"product_brand","embeddable":true,"href":"https:\/\/www.vallonchene.fr\/es\/wp-json\/wp\/v2\/product_brand?post=51483"},{"taxonomy":"product_cat","embeddable":true,"href":"https:\/\/www.vallonchene.fr\/es\/wp-json\/wp\/v2\/product_cat?post=51483"},{"taxonomy":"product_tag","embeddable":true,"href":"https:\/\/www.vallonchene.fr\/es\/wp-json\/wp\/v2\/product_tag?post=51483"}],"curies":[{"name":"wp","href":"https:\/\/api.w.org\/{rel}","templated":true}]}}