{"id":51480,"date":"2023-11-02T10:02:47","date_gmt":"2023-11-02T09:02:47","guid":{"rendered":"https:\/\/www.vallonchene.fr\/produit\/diselma-archeri\/"},"modified":"2024-12-18T16:11:58","modified_gmt":"2024-12-18T15:11:58","slug":"diselma-archeri","status":"publish","type":"product","link":"https:\/\/www.vallonchene.fr\/es\/producto\/diselma-archeri\/","title":{"rendered":"DISELMA archeri"},"content":{"rendered":"","protected":false},"excerpt":{"rendered":"<p><strong>DISELMA archeri<\/strong> es la \u00fanica especie del g\u00e9nero. Es una con\u00edfera de tama\u00f1o mediano. Esta con\u00edfera de crecimiento lento desarrolla conos diminutos.  <\/p>\n","protected":false},"featured_media":51481,"comment_status":"open","ping_status":"closed","template":"","meta":[],"product_brand":[],"product_cat":[11502,11821],"product_tag":[],"class_list":{"0":"post-51480","1":"product","2":"type-product","3":"status-publish","4":"has-post-thumbnail","6":"product_cat-coniferas","7":"product_cat-plantas-raras-plantas-de-coleccion","8":"pa_99-hauteurapproximativeapres1-1-00-a-1-50-m","9":"pa_couleurdufeuillage-verde","10":"pa_exigencesenhumidite-muy-seco","11":"pa_exigencesenhumidite-promedio","12":"pa_expositionspossibles-pleno-sol-de-12-a-17-min","13":"pa_hauteurlivree-25-a-30-cm-es","14":"pa_interetauprintemps-follaje","15":"pa_interetauprintemps-habitus","16":"pa_interetenautomne-follaje","17":"pa_interetenautomne-habitus","18":"pa_interetenete-follaje","19":"pa_interetenete-habitus","20":"pa_interetenhiver-follaje","21":"pa_interetenhiver-habitus","22":"pa_naturedufeuillage-siempreverde","23":"pa_naturesdesolpossibles-ligero","24":"pa_naturesdesolpossibles-normal-es","25":"pa_periodedetaille-enero","26":"pa_periodedetaille-febrero","27":"pa_phdusolacceptable-acido-menos-de-6_5","28":"pa_phdusolacceptable-neutro-entre-6_5-y-7_5","29":"pa_resistanceaufroidrusticite-resistente-hasta-menos-10-c","30":"pa_tailledepot-maceta-de-2-litros","31":"pa_tailledepot-maceta-de-7_5-litros","32":"pa_utilisationpossible-aislado","33":"pa_utilisationpossible-arriate","35":"first","36":"outofstock","37":"taxable","38":"shipping-taxable","39":"purchasable","40":"product-type-variable"},"supplier_id":null,"supplier_sku":"","barcode":null,"atum_controlled":true,"out_stock_date":null,"out_stock_threshold":null,"inheritable":true,"inbound_stock":0,"stock_on_hold":0,"sold_today":0,"sales_last_days":0,"reserved_stock":0,"customer_returns":0,"warehouse_damage":0,"lost_in_post":0,"other_logs":0,"out_stock_days":null,"lost_sales":0,"has_location":false,"update_date":"2026-02-18T15:49:13","atum_locations":[],"atum_stock_status":"instock","restock_status":false,"low_stock_amount":"","sales_update_date":"2026-02-18T15:49:13","calc_backorders":null,"yoast_head":"<!-- This site is optimized with the Yoast SEO Premium plugin v27.4 (Yoast SEO v27.4) - https:\/\/yoast.com\/product\/yoast-seo-premium-wordpress\/ -->\n<title>DISELMA archeri<\/title>\n<meta name=\"description\" content=\"DISELMA archeri es la \u00fanica especie del g\u00e9nero. Es una con\u00edfera de tama\u00f1o mediano. Esta con\u00edfera de crecimiento lento desarrolla conos diminutos.\" \/>\n<meta name=\"robots\" content=\"noindex, follow\" \/>\n<meta property=\"og:locale\" content=\"es_ES\" \/>\n<meta property=\"og:type\" content=\"article\" \/>\n<meta property=\"og:title\" content=\"DISELMA archeri\" \/>\n<meta property=\"og:description\" content=\"DISELMA archeri es la \u00fanica especie del g\u00e9nero. Es una con\u00edfera de tama\u00f1o mediano. Esta con\u00edfera de crecimiento lento desarrolla conos diminutos.\" \/>\n<meta property=\"og:url\" content=\"https:\/\/www.vallonchene.fr\/es\/producto\/diselma-archeri\/\" \/>\n<meta property=\"og:site_name\" content=\"Vallonch\u00eane\" \/>\n<meta property=\"article:publisher\" content=\"https:\/\/www.facebook.com\/vallonchene.fr\" \/>\n<meta property=\"article:modified_time\" content=\"2024-12-18T15:11:58+00:00\" \/>\n<meta property=\"og:image\" content=\"https:\/\/www.vallonchene.fr\/wp-content\/uploads\/2023\/10\/DISELMA-archeri.webp\" \/>\n\t<meta property=\"og:image:width\" content=\"1200\" \/>\n\t<meta property=\"og:image:height\" content=\"1200\" \/>\n\t<meta property=\"og:image:type\" content=\"image\/webp\" \/>\n<meta name=\"twitter:card\" content=\"summary_large_image\" \/>\n<meta name=\"twitter:label1\" content=\"Disponibilidad\" \/>\n\t<meta name=\"twitter:data1\" content=\"Agotado\" \/>\n<script type=\"application\/ld+json\" class=\"yoast-schema-graph\">{\"@context\":\"https:\\\/\\\/schema.org\",\"@graph\":[{\"@type\":\"WebPage\",\"@id\":\"https:\\\/\\\/www.vallonchene.fr\\\/es\\\/producto\\\/diselma-archeri\\\/\",\"url\":\"https:\\\/\\\/www.vallonchene.fr\\\/es\\\/producto\\\/diselma-archeri\\\/\",\"name\":\"DISELMA archeri\",\"isPartOf\":{\"@id\":\"https:\\\/\\\/www.vallonchene.fr\\\/es\\\/#website\"},\"primaryImageOfPage\":{\"@id\":\"https:\\\/\\\/www.vallonchene.fr\\\/es\\\/producto\\\/diselma-archeri\\\/#primaryimage\"},\"image\":{\"@id\":\"https:\\\/\\\/www.vallonchene.fr\\\/es\\\/producto\\\/diselma-archeri\\\/#primaryimage\"},\"thumbnailUrl\":\"https:\\\/\\\/www.vallonchene.fr\\\/wp-content\\\/uploads\\\/2023\\\/10\\\/DISELMA-archeri.webp\",\"datePublished\":\"2023-11-02T09:02:47+00:00\",\"dateModified\":\"2024-12-18T15:11:58+00:00\",\"description\":\"DISELMA archeri es la \u00fanica especie del g\u00e9nero. Es una con\u00edfera de tama\u00f1o mediano. Esta con\u00edfera de crecimiento lento desarrolla conos diminutos.\",\"breadcrumb\":{\"@id\":\"https:\\\/\\\/www.vallonchene.fr\\\/es\\\/producto\\\/diselma-archeri\\\/#breadcrumb\"},\"inLanguage\":\"es\",\"potentialAction\":[{\"@type\":\"ReadAction\",\"target\":[\"https:\\\/\\\/www.vallonchene.fr\\\/es\\\/producto\\\/diselma-archeri\\\/\"]}]},{\"@type\":\"ImageObject\",\"inLanguage\":\"es\",\"@id\":\"https:\\\/\\\/www.vallonchene.fr\\\/es\\\/producto\\\/diselma-archeri\\\/#primaryimage\",\"url\":\"https:\\\/\\\/www.vallonchene.fr\\\/wp-content\\\/uploads\\\/2023\\\/10\\\/DISELMA-archeri.webp\",\"contentUrl\":\"https:\\\/\\\/www.vallonchene.fr\\\/wp-content\\\/uploads\\\/2023\\\/10\\\/DISELMA-archeri.webp\",\"width\":1200,\"height\":1200,\"caption\":\"Primer plano del follaje verde de DISELMA archeri\"},{\"@type\":\"BreadcrumbList\",\"@id\":\"https:\\\/\\\/www.vallonchene.fr\\\/es\\\/producto\\\/diselma-archeri\\\/#breadcrumb\",\"itemListElement\":[{\"@type\":\"ListItem\",\"position\":1,\"name\":\"Home\",\"item\":\"https:\\\/\\\/www.vallonchene.fr\\\/es\\\/\"},{\"@type\":\"ListItem\",\"position\":2,\"name\":\"Tienda\",\"item\":\"https:\\\/\\\/www.vallonchene.fr\\\/tienda\\\/\"},{\"@type\":\"ListItem\",\"position\":3,\"name\":\"Venta en linea\",\"item\":\"https:\\\/\\\/www.vallonchene.fr\\\/es\\\/categoria-producto\\\/venta-en-linea\\\/\"},{\"@type\":\"ListItem\",\"position\":4,\"name\":\"Vivero\",\"item\":\"https:\\\/\\\/www.vallonchene.fr\\\/es\\\/categoria-producto\\\/venta-en-linea\\\/vivero\\\/\"},{\"@type\":\"ListItem\",\"position\":5,\"name\":\"Coniferas\",\"item\":\"https:\\\/\\\/www.vallonchene.fr\\\/es\\\/categoria-producto\\\/venta-en-linea\\\/vivero\\\/coniferas\\\/\"},{\"@type\":\"ListItem\",\"position\":6,\"name\":\"DISELMA archeri\"}]},{\"@type\":\"WebSite\",\"@id\":\"https:\\\/\\\/www.vallonchene.fr\\\/es\\\/#website\",\"url\":\"https:\\\/\\\/www.vallonchene.fr\\\/es\\\/\",\"name\":\"Vallonch\u00eane\",\"description\":\"El vivero donde la calidad tiene sus ra\u00edces \u2013 Tel.: +33 (0)2.35.90.02.02\",\"publisher\":{\"@id\":\"https:\\\/\\\/www.vallonchene.fr\\\/es\\\/#organization\"},\"potentialAction\":[{\"@type\":\"SearchAction\",\"target\":{\"@type\":\"EntryPoint\",\"urlTemplate\":\"https:\\\/\\\/www.vallonchene.fr\\\/es\\\/?s={search_term_string}\"},\"query-input\":{\"@type\":\"PropertyValueSpecification\",\"valueRequired\":true,\"valueName\":\"search_term_string\"}}],\"inLanguage\":\"es\"},{\"@type\":\"Organization\",\"@id\":\"https:\\\/\\\/www.vallonchene.fr\\\/es\\\/#organization\",\"name\":\"VALLONCHENE\",\"url\":\"https:\\\/\\\/www.vallonchene.fr\\\/es\\\/\",\"logo\":{\"@type\":\"ImageObject\",\"inLanguage\":\"es\",\"@id\":\"https:\\\/\\\/www.vallonchene.fr\\\/es\\\/#\\\/schema\\\/logo\\\/image\\\/\",\"url\":\"https:\\\/\\\/www.vallonchene.fr\\\/wp-content\\\/uploads\\\/2023\\\/03\\\/Logo-Vallonchene-site-et-R_hauteur_100.png\",\"contentUrl\":\"https:\\\/\\\/www.vallonchene.fr\\\/wp-content\\\/uploads\\\/2023\\\/03\\\/Logo-Vallonchene-site-et-R_hauteur_100.png\",\"width\":221,\"height\":100,\"caption\":\"VALLONCHENE\"},\"image\":{\"@id\":\"https:\\\/\\\/www.vallonchene.fr\\\/es\\\/#\\\/schema\\\/logo\\\/image\\\/\"},\"sameAs\":[\"https:\\\/\\\/www.facebook.com\\\/vallonchene.fr\",\"https:\\\/\\\/www.instagram.com\\\/vallonchene\\\/\",\"https:\\\/\\\/www.pinterest.fr\\\/vallonchene\\\/\"],\"taxID\":\"49454502300017\",\"hasMerchantReturnPolicy\":{\"@type\":\"MerchantReturnPolicy\",\"merchantReturnLink\":\"https:\\\/\\\/www.vallonchene.fr\\\/remboursements_retours\\\/\"}}]}<\/script>\n<meta property=\"og:availability\" content=\"out of stock\" \/>\n<meta property=\"product:availability\" content=\"out of stock\" \/>\n<meta property=\"product:retailer_item_id\" content=\"73248\" \/>\n<meta property=\"product:condition\" content=\"new\" \/>\n<!-- \/ Yoast SEO Premium plugin. -->","yoast_head_json":{"title":"DISELMA archeri","description":"DISELMA archeri es la \u00fanica especie del g\u00e9nero. Es una con\u00edfera de tama\u00f1o mediano. Esta con\u00edfera de crecimiento lento desarrolla conos diminutos.","robots":{"index":"noindex","follow":"follow"},"og_locale":"es_ES","og_type":"article","og_title":"DISELMA archeri","og_description":"DISELMA archeri es la \u00fanica especie del g\u00e9nero. Es una con\u00edfera de tama\u00f1o mediano. Esta con\u00edfera de crecimiento lento desarrolla conos diminutos.","og_url":"https:\/\/www.vallonchene.fr\/es\/producto\/diselma-archeri\/","og_site_name":"Vallonch\u00eane","article_publisher":"https:\/\/www.facebook.com\/vallonchene.fr","article_modified_time":"2024-12-18T15:11:58+00:00","og_image":[{"width":1200,"height":1200,"url":"https:\/\/www.vallonchene.fr\/wp-content\/uploads\/2023\/10\/DISELMA-archeri.webp","type":"image\/webp"}],"twitter_card":"summary_large_image","twitter_misc":{"Disponibilidad":"Agotado"},"schema":{"@context":"https:\/\/schema.org","@graph":[{"@type":"WebPage","@id":"https:\/\/www.vallonchene.fr\/es\/producto\/diselma-archeri\/","url":"https:\/\/www.vallonchene.fr\/es\/producto\/diselma-archeri\/","name":"DISELMA archeri","isPartOf":{"@id":"https:\/\/www.vallonchene.fr\/es\/#website"},"primaryImageOfPage":{"@id":"https:\/\/www.vallonchene.fr\/es\/producto\/diselma-archeri\/#primaryimage"},"image":{"@id":"https:\/\/www.vallonchene.fr\/es\/producto\/diselma-archeri\/#primaryimage"},"thumbnailUrl":"https:\/\/www.vallonchene.fr\/wp-content\/uploads\/2023\/10\/DISELMA-archeri.webp","datePublished":"2023-11-02T09:02:47+00:00","dateModified":"2024-12-18T15:11:58+00:00","description":"DISELMA archeri es la \u00fanica especie del g\u00e9nero. Es una con\u00edfera de tama\u00f1o mediano. Esta con\u00edfera de crecimiento lento desarrolla conos diminutos.","breadcrumb":{"@id":"https:\/\/www.vallonchene.fr\/es\/producto\/diselma-archeri\/#breadcrumb"},"inLanguage":"es","potentialAction":[{"@type":"ReadAction","target":["https:\/\/www.vallonchene.fr\/es\/producto\/diselma-archeri\/"]}]},{"@type":"ImageObject","inLanguage":"es","@id":"https:\/\/www.vallonchene.fr\/es\/producto\/diselma-archeri\/#primaryimage","url":"https:\/\/www.vallonchene.fr\/wp-content\/uploads\/2023\/10\/DISELMA-archeri.webp","contentUrl":"https:\/\/www.vallonchene.fr\/wp-content\/uploads\/2023\/10\/DISELMA-archeri.webp","width":1200,"height":1200,"caption":"Primer plano del follaje verde de DISELMA archeri"},{"@type":"BreadcrumbList","@id":"https:\/\/www.vallonchene.fr\/es\/producto\/diselma-archeri\/#breadcrumb","itemListElement":[{"@type":"ListItem","position":1,"name":"Home","item":"https:\/\/www.vallonchene.fr\/es\/"},{"@type":"ListItem","position":2,"name":"Tienda","item":"https:\/\/www.vallonchene.fr\/tienda\/"},{"@type":"ListItem","position":3,"name":"Venta en linea","item":"https:\/\/www.vallonchene.fr\/es\/categoria-producto\/venta-en-linea\/"},{"@type":"ListItem","position":4,"name":"Vivero","item":"https:\/\/www.vallonchene.fr\/es\/categoria-producto\/venta-en-linea\/vivero\/"},{"@type":"ListItem","position":5,"name":"Coniferas","item":"https:\/\/www.vallonchene.fr\/es\/categoria-producto\/venta-en-linea\/vivero\/coniferas\/"},{"@type":"ListItem","position":6,"name":"DISELMA archeri"}]},{"@type":"WebSite","@id":"https:\/\/www.vallonchene.fr\/es\/#website","url":"https:\/\/www.vallonchene.fr\/es\/","name":"Vallonch\u00eane","description":"El vivero donde la calidad tiene sus ra\u00edces \u2013 Tel.: +33 (0)2.35.90.02.02","publisher":{"@id":"https:\/\/www.vallonchene.fr\/es\/#organization"},"potentialAction":[{"@type":"SearchAction","target":{"@type":"EntryPoint","urlTemplate":"https:\/\/www.vallonchene.fr\/es\/?s={search_term_string}"},"query-input":{"@type":"PropertyValueSpecification","valueRequired":true,"valueName":"search_term_string"}}],"inLanguage":"es"},{"@type":"Organization","@id":"https:\/\/www.vallonchene.fr\/es\/#organization","name":"VALLONCHENE","url":"https:\/\/www.vallonchene.fr\/es\/","logo":{"@type":"ImageObject","inLanguage":"es","@id":"https:\/\/www.vallonchene.fr\/es\/#\/schema\/logo\/image\/","url":"https:\/\/www.vallonchene.fr\/wp-content\/uploads\/2023\/03\/Logo-Vallonchene-site-et-R_hauteur_100.png","contentUrl":"https:\/\/www.vallonchene.fr\/wp-content\/uploads\/2023\/03\/Logo-Vallonchene-site-et-R_hauteur_100.png","width":221,"height":100,"caption":"VALLONCHENE"},"image":{"@id":"https:\/\/www.vallonchene.fr\/es\/#\/schema\/logo\/image\/"},"sameAs":["https:\/\/www.facebook.com\/vallonchene.fr","https:\/\/www.instagram.com\/vallonchene\/","https:\/\/www.pinterest.fr\/vallonchene\/"],"taxID":"49454502300017","hasMerchantReturnPolicy":{"@type":"MerchantReturnPolicy","merchantReturnLink":"https:\/\/www.vallonchene.fr\/remboursements_retours\/"}}]},"og_availability":"out of stock","product_availability":"out of stock","product_retailer_item_id":"73248","product_condition":"new"},"_links":{"self":[{"href":"https:\/\/www.vallonchene.fr\/es\/wp-json\/wp\/v2\/product\/51480","targetHints":{"allow":["GET"]}}],"collection":[{"href":"https:\/\/www.vallonchene.fr\/es\/wp-json\/wp\/v2\/product"}],"about":[{"href":"https:\/\/www.vallonchene.fr\/es\/wp-json\/wp\/v2\/types\/product"}],"replies":[{"embeddable":true,"href":"https:\/\/www.vallonchene.fr\/es\/wp-json\/wp\/v2\/comments?post=51480"}],"wp:featuredmedia":[{"embeddable":true,"href":"https:\/\/www.vallonchene.fr\/es\/wp-json\/wp\/v2\/media\/51481"}],"wp:attachment":[{"href":"https:\/\/www.vallonchene.fr\/es\/wp-json\/wp\/v2\/media?parent=51480"}],"wp:term":[{"taxonomy":"product_brand","embeddable":true,"href":"https:\/\/www.vallonchene.fr\/es\/wp-json\/wp\/v2\/product_brand?post=51480"},{"taxonomy":"product_cat","embeddable":true,"href":"https:\/\/www.vallonchene.fr\/es\/wp-json\/wp\/v2\/product_cat?post=51480"},{"taxonomy":"product_tag","embeddable":true,"href":"https:\/\/www.vallonchene.fr\/es\/wp-json\/wp\/v2\/product_tag?post=51480"}],"curies":[{"name":"wp","href":"https:\/\/api.w.org\/{rel}","templated":true}]}}