{"id":51467,"date":"2023-11-02T10:02:59","date_gmt":"2023-11-02T10:02:59","guid":{"rendered":"https:\/\/www.vallonchene.fr\/produit\/luma-apiculata\/"},"modified":"2023-11-02T10:02:59","modified_gmt":"2023-11-02T09:02:59","slug":"luma-apiculata","status":"publish","type":"product","link":"https:\/\/www.vallonchene.fr\/es\/producto\/luma-apiculata\/","title":{"rendered":"LUMA apiculata"},"content":{"rendered":"","protected":false},"excerpt":{"rendered":"<p><strong>LUMA apiculata<\/strong> (<strong>array\u00e1n rojo<\/strong> o <strong>array\u00e1n chileno<\/strong>) florece abundantemente en color blanco. Su corteza cobriza con placas blancas es muy decorativa. <\/p>\n","protected":false},"featured_media":51468,"comment_status":"open","ping_status":"closed","template":"","meta":[],"product_brand":[],"product_cat":[11499,11821],"product_tag":[],"class_list":{"0":"post-51467","1":"product","2":"type-product","3":"status-publish","4":"has-post-thumbnail","6":"product_cat-arbustos-y-arboles","7":"product_cat-plantas-raras-plantas-de-coleccion","8":"pa_99-hauteurapproximativeapres1-2-a-3-m","9":"pa_couleurdelecorce-blanca","10":"pa_couleurdelecorce-cobriza","11":"pa_couleurdesfleurs-blanca","12":"pa_couleurdesfruits-negra","13":"pa_couleurnormaledufeuillage-verde","14":"pa_exigencesenhumidite-moderadamente-humedo-a-humedo","15":"pa_exigencesenhumidite-promedio","16":"pa_expositionspossibles-sombra-sin-sol-directo","17":"pa_expositionspossibles-sombra-parcial-evitar-el-sol-de-12-a-17-horas","18":"pa_hauteurlivree-15-a-20-cm-es","19":"pa_hauteurlivree-25-a-30-cm-es","20":"pa_hauteurlivree-30-a-40-cm-es","21":"pa_hauteurlivree-40-a-50-cm-es","22":"pa_hauteurlivree-50-a-60-cm-es","23":"pa_hauteurlivree-60-a-80-cm-es","24":"pa_hauteurlivree-80-a-100-cm-es","25":"pa_interetauprintemps-corteza","26":"pa_interetauprintemps-follaje","27":"pa_interetenautomne-corteza","28":"pa_interetenautomne-follaje","29":"pa_interetenautomne-frutas","30":"pa_interetenete-corteza","31":"pa_interetenete-flores","32":"pa_interetenete-follaje","33":"pa_interetenhiver-corteza","34":"pa_interetenhiver-follaje","35":"pa_naturedufeuillage-siempreverde","36":"pa_naturesdesolpossibles-ligero","37":"pa_naturesdesolpossibles-normal-es","38":"pa_periodedefloraison-verano","39":"pa_periodedetaille-enero","40":"pa_periodedetaille-febrero","41":"pa_phdusolacceptable-acido-menos-de-6_5","42":"pa_phdusolacceptable-neutro-entre-6_5-y-7_5","43":"pa_portgraphisme-fastigiado","44":"pa_presentationdelecorce-se-descama","45":"pa_resistanceaufroidrusticite-resistente-hasta-menos-10-c","46":"pa_tailledepot-maceta-de-10-litros","47":"pa_tailledepot-maceta-de-2-litros","48":"pa_tailledepot-maceta-de-20-litros","49":"pa_tailledepot-maceta-de-4-litros","50":"pa_tailledepot-maceta-de-5-litros","51":"pa_tailledepot-maceta-de-7_5-litros","52":"pa_utilisationpossible-aislado","53":"pa_utilisationpossible-arriate","55":"first","56":"outofstock","57":"taxable","58":"shipping-taxable","59":"purchasable","60":"product-type-variable"},"supplier_id":null,"supplier_sku":"","barcode":null,"atum_controlled":true,"out_stock_date":null,"out_stock_threshold":null,"inheritable":true,"inbound_stock":0,"stock_on_hold":0,"sold_today":0,"sales_last_days":0,"reserved_stock":0,"customer_returns":0,"warehouse_damage":0,"lost_in_post":0,"other_logs":0,"out_stock_days":null,"lost_sales":0,"has_location":false,"update_date":"2026-01-02T10:02:07","atum_locations":[],"atum_stock_status":"outofstock","restock_status":false,"low_stock_amount":"","sales_update_date":"2025-12-03T15:32:57","calc_backorders":null,"yoast_head":"<!-- This site is optimized with the Yoast SEO Premium plugin v27.4 (Yoast SEO v27.4) - https:\/\/yoast.com\/product\/yoast-seo-premium-wordpress\/ -->\n<title>LUMA apiculata - array\u00e1n rojo, array\u00e1n chileno<\/title>\n<meta name=\"description\" content=\"LUMA apiculata (array\u00e1n rojo o array\u00e1n chileno) florece abundantemente en color blanco. Su corteza cobriza con placas blancas, es muy decorativa.\" \/>\n<meta name=\"robots\" content=\"index, follow, max-snippet:-1, max-image-preview:large, max-video-preview:-1\" \/>\n<link rel=\"canonical\" href=\"https:\/\/www.vallonchene.fr\/es\/producto\/luma-apiculata\/\" \/>\n<meta property=\"og:locale\" content=\"es_ES\" \/>\n<meta property=\"og:type\" content=\"article\" \/>\n<meta property=\"og:title\" content=\"LUMA apiculata\" \/>\n<meta property=\"og:description\" content=\"LUMA apiculata (array\u00e1n rojo o array\u00e1n chileno) florece abundantemente en color blanco. Su corteza cobriza con placas blancas, es muy decorativa.\" \/>\n<meta property=\"og:url\" content=\"https:\/\/www.vallonchene.fr\/es\/producto\/luma-apiculata\/\" \/>\n<meta property=\"og:site_name\" content=\"Vallonch\u00eane\" \/>\n<meta property=\"article:publisher\" content=\"https:\/\/www.facebook.com\/vallonchene.fr\" \/>\n<meta property=\"og:image\" content=\"https:\/\/www.vallonchene.fr\/wp-content\/uploads\/2023\/10\/LUMA-apiculata_01.webp\" \/>\n\t<meta property=\"og:image:width\" content=\"1200\" \/>\n\t<meta property=\"og:image:height\" content=\"1200\" \/>\n\t<meta property=\"og:image:type\" content=\"image\/webp\" \/>\n<meta name=\"twitter:card\" content=\"summary_large_image\" \/>\n<meta name=\"twitter:label1\" content=\"Disponibilidad\" \/>\n\t<meta name=\"twitter:data1\" content=\"Agotado\" \/>\n<script type=\"application\/ld+json\" class=\"yoast-schema-graph\">{\"@context\":\"https:\\\/\\\/schema.org\",\"@graph\":[{\"@type\":\"WebPage\",\"@id\":\"https:\\\/\\\/www.vallonchene.fr\\\/es\\\/producto\\\/luma-apiculata\\\/\",\"url\":\"https:\\\/\\\/www.vallonchene.fr\\\/es\\\/producto\\\/luma-apiculata\\\/\",\"name\":\"LUMA apiculata - array\u00e1n rojo, array\u00e1n chileno\",\"isPartOf\":{\"@id\":\"https:\\\/\\\/www.vallonchene.fr\\\/es\\\/#website\"},\"primaryImageOfPage\":{\"@id\":\"https:\\\/\\\/www.vallonchene.fr\\\/es\\\/producto\\\/luma-apiculata\\\/#primaryimage\"},\"image\":{\"@id\":\"https:\\\/\\\/www.vallonchene.fr\\\/es\\\/producto\\\/luma-apiculata\\\/#primaryimage\"},\"thumbnailUrl\":\"https:\\\/\\\/www.vallonchene.fr\\\/wp-content\\\/uploads\\\/2023\\\/10\\\/LUMA-apiculata_01.webp\",\"datePublished\":\"2023-11-02T10:02:59+00:00\",\"description\":\"LUMA apiculata (array\u00e1n rojo o array\u00e1n chileno) florece abundantemente en color blanco. Su corteza cobriza con placas blancas, es muy decorativa.\",\"breadcrumb\":{\"@id\":\"https:\\\/\\\/www.vallonchene.fr\\\/es\\\/producto\\\/luma-apiculata\\\/#breadcrumb\"},\"inLanguage\":\"es\",\"potentialAction\":[{\"@type\":\"ReadAction\",\"target\":[\"https:\\\/\\\/www.vallonchene.fr\\\/es\\\/producto\\\/luma-apiculata\\\/\"]}]},{\"@type\":\"ImageObject\",\"inLanguage\":\"es\",\"@id\":\"https:\\\/\\\/www.vallonchene.fr\\\/es\\\/producto\\\/luma-apiculata\\\/#primaryimage\",\"url\":\"https:\\\/\\\/www.vallonchene.fr\\\/wp-content\\\/uploads\\\/2023\\\/10\\\/LUMA-apiculata_01.webp\",\"contentUrl\":\"https:\\\/\\\/www.vallonchene.fr\\\/wp-content\\\/uploads\\\/2023\\\/10\\\/LUMA-apiculata_01.webp\",\"width\":1200,\"height\":1200,\"caption\":\"Corteza cobriza de LUMA apiculata desprendi\u00e9ndose\"},{\"@type\":\"BreadcrumbList\",\"@id\":\"https:\\\/\\\/www.vallonchene.fr\\\/es\\\/producto\\\/luma-apiculata\\\/#breadcrumb\",\"itemListElement\":[{\"@type\":\"ListItem\",\"position\":1,\"name\":\"Home\",\"item\":\"https:\\\/\\\/www.vallonchene.fr\\\/es\\\/\"},{\"@type\":\"ListItem\",\"position\":2,\"name\":\"Tienda\",\"item\":\"https:\\\/\\\/www.vallonchene.fr\\\/tienda\\\/\"},{\"@type\":\"ListItem\",\"position\":3,\"name\":\"Venta en linea\",\"item\":\"https:\\\/\\\/www.vallonchene.fr\\\/es\\\/categoria-producto\\\/venta-en-linea\\\/\"},{\"@type\":\"ListItem\",\"position\":4,\"name\":\"Vivero\",\"item\":\"https:\\\/\\\/www.vallonchene.fr\\\/es\\\/categoria-producto\\\/venta-en-linea\\\/vivero\\\/\"},{\"@type\":\"ListItem\",\"position\":5,\"name\":\"Arbustos y \u00e1rboles\",\"item\":\"https:\\\/\\\/www.vallonchene.fr\\\/es\\\/categoria-producto\\\/venta-en-linea\\\/vivero\\\/arbustos-y-arboles\\\/\"},{\"@type\":\"ListItem\",\"position\":6,\"name\":\"LUMA apiculata\"}]},{\"@type\":\"WebSite\",\"@id\":\"https:\\\/\\\/www.vallonchene.fr\\\/es\\\/#website\",\"url\":\"https:\\\/\\\/www.vallonchene.fr\\\/es\\\/\",\"name\":\"Vallonch\u00eane\",\"description\":\"El vivero donde la calidad tiene sus ra\u00edces \u2013 Tel.: +33 (0)2.35.90.02.02\",\"publisher\":{\"@id\":\"https:\\\/\\\/www.vallonchene.fr\\\/es\\\/#organization\"},\"potentialAction\":[{\"@type\":\"SearchAction\",\"target\":{\"@type\":\"EntryPoint\",\"urlTemplate\":\"https:\\\/\\\/www.vallonchene.fr\\\/es\\\/?s={search_term_string}\"},\"query-input\":{\"@type\":\"PropertyValueSpecification\",\"valueRequired\":true,\"valueName\":\"search_term_string\"}}],\"inLanguage\":\"es\"},{\"@type\":\"Organization\",\"@id\":\"https:\\\/\\\/www.vallonchene.fr\\\/es\\\/#organization\",\"name\":\"VALLONCHENE\",\"url\":\"https:\\\/\\\/www.vallonchene.fr\\\/es\\\/\",\"logo\":{\"@type\":\"ImageObject\",\"inLanguage\":\"es\",\"@id\":\"https:\\\/\\\/www.vallonchene.fr\\\/es\\\/#\\\/schema\\\/logo\\\/image\\\/\",\"url\":\"https:\\\/\\\/www.vallonchene.fr\\\/wp-content\\\/uploads\\\/2023\\\/03\\\/Logo-Vallonchene-site-et-R_hauteur_100.png\",\"contentUrl\":\"https:\\\/\\\/www.vallonchene.fr\\\/wp-content\\\/uploads\\\/2023\\\/03\\\/Logo-Vallonchene-site-et-R_hauteur_100.png\",\"width\":221,\"height\":100,\"caption\":\"VALLONCHENE\"},\"image\":{\"@id\":\"https:\\\/\\\/www.vallonchene.fr\\\/es\\\/#\\\/schema\\\/logo\\\/image\\\/\"},\"sameAs\":[\"https:\\\/\\\/www.facebook.com\\\/vallonchene.fr\",\"https:\\\/\\\/www.instagram.com\\\/vallonchene\\\/\",\"https:\\\/\\\/www.pinterest.fr\\\/vallonchene\\\/\"],\"taxID\":\"49454502300017\",\"hasMerchantReturnPolicy\":{\"@type\":\"MerchantReturnPolicy\",\"merchantReturnLink\":\"https:\\\/\\\/www.vallonchene.fr\\\/remboursements_retours\\\/\"}}]}<\/script>\n<meta property=\"og:availability\" content=\"out of stock\" \/>\n<meta property=\"product:availability\" content=\"out of stock\" \/>\n<meta property=\"product:retailer_item_id\" content=\"48424\" \/>\n<meta property=\"product:condition\" content=\"new\" \/>\n<!-- \/ Yoast SEO Premium plugin. -->","yoast_head_json":{"title":"LUMA apiculata - array\u00e1n rojo, array\u00e1n chileno","description":"LUMA apiculata (array\u00e1n rojo o array\u00e1n chileno) florece abundantemente en color blanco. Su corteza cobriza con placas blancas, es muy decorativa.","robots":{"index":"index","follow":"follow","max-snippet":"max-snippet:-1","max-image-preview":"max-image-preview:large","max-video-preview":"max-video-preview:-1"},"canonical":"https:\/\/www.vallonchene.fr\/es\/producto\/luma-apiculata\/","og_locale":"es_ES","og_type":"article","og_title":"LUMA apiculata","og_description":"LUMA apiculata (array\u00e1n rojo o array\u00e1n chileno) florece abundantemente en color blanco. Su corteza cobriza con placas blancas, es muy decorativa.","og_url":"https:\/\/www.vallonchene.fr\/es\/producto\/luma-apiculata\/","og_site_name":"Vallonch\u00eane","article_publisher":"https:\/\/www.facebook.com\/vallonchene.fr","og_image":[{"width":1200,"height":1200,"url":"https:\/\/www.vallonchene.fr\/wp-content\/uploads\/2023\/10\/LUMA-apiculata_01.webp","type":"image\/webp"}],"twitter_card":"summary_large_image","twitter_misc":{"Disponibilidad":"Agotado"},"schema":{"@context":"https:\/\/schema.org","@graph":[{"@type":"WebPage","@id":"https:\/\/www.vallonchene.fr\/es\/producto\/luma-apiculata\/","url":"https:\/\/www.vallonchene.fr\/es\/producto\/luma-apiculata\/","name":"LUMA apiculata - array\u00e1n rojo, array\u00e1n chileno","isPartOf":{"@id":"https:\/\/www.vallonchene.fr\/es\/#website"},"primaryImageOfPage":{"@id":"https:\/\/www.vallonchene.fr\/es\/producto\/luma-apiculata\/#primaryimage"},"image":{"@id":"https:\/\/www.vallonchene.fr\/es\/producto\/luma-apiculata\/#primaryimage"},"thumbnailUrl":"https:\/\/www.vallonchene.fr\/wp-content\/uploads\/2023\/10\/LUMA-apiculata_01.webp","datePublished":"2023-11-02T10:02:59+00:00","description":"LUMA apiculata (array\u00e1n rojo o array\u00e1n chileno) florece abundantemente en color blanco. Su corteza cobriza con placas blancas, es muy decorativa.","breadcrumb":{"@id":"https:\/\/www.vallonchene.fr\/es\/producto\/luma-apiculata\/#breadcrumb"},"inLanguage":"es","potentialAction":[{"@type":"ReadAction","target":["https:\/\/www.vallonchene.fr\/es\/producto\/luma-apiculata\/"]}]},{"@type":"ImageObject","inLanguage":"es","@id":"https:\/\/www.vallonchene.fr\/es\/producto\/luma-apiculata\/#primaryimage","url":"https:\/\/www.vallonchene.fr\/wp-content\/uploads\/2023\/10\/LUMA-apiculata_01.webp","contentUrl":"https:\/\/www.vallonchene.fr\/wp-content\/uploads\/2023\/10\/LUMA-apiculata_01.webp","width":1200,"height":1200,"caption":"Corteza cobriza de LUMA apiculata desprendi\u00e9ndose"},{"@type":"BreadcrumbList","@id":"https:\/\/www.vallonchene.fr\/es\/producto\/luma-apiculata\/#breadcrumb","itemListElement":[{"@type":"ListItem","position":1,"name":"Home","item":"https:\/\/www.vallonchene.fr\/es\/"},{"@type":"ListItem","position":2,"name":"Tienda","item":"https:\/\/www.vallonchene.fr\/tienda\/"},{"@type":"ListItem","position":3,"name":"Venta en linea","item":"https:\/\/www.vallonchene.fr\/es\/categoria-producto\/venta-en-linea\/"},{"@type":"ListItem","position":4,"name":"Vivero","item":"https:\/\/www.vallonchene.fr\/es\/categoria-producto\/venta-en-linea\/vivero\/"},{"@type":"ListItem","position":5,"name":"Arbustos y \u00e1rboles","item":"https:\/\/www.vallonchene.fr\/es\/categoria-producto\/venta-en-linea\/vivero\/arbustos-y-arboles\/"},{"@type":"ListItem","position":6,"name":"LUMA apiculata"}]},{"@type":"WebSite","@id":"https:\/\/www.vallonchene.fr\/es\/#website","url":"https:\/\/www.vallonchene.fr\/es\/","name":"Vallonch\u00eane","description":"El vivero donde la calidad tiene sus ra\u00edces \u2013 Tel.: +33 (0)2.35.90.02.02","publisher":{"@id":"https:\/\/www.vallonchene.fr\/es\/#organization"},"potentialAction":[{"@type":"SearchAction","target":{"@type":"EntryPoint","urlTemplate":"https:\/\/www.vallonchene.fr\/es\/?s={search_term_string}"},"query-input":{"@type":"PropertyValueSpecification","valueRequired":true,"valueName":"search_term_string"}}],"inLanguage":"es"},{"@type":"Organization","@id":"https:\/\/www.vallonchene.fr\/es\/#organization","name":"VALLONCHENE","url":"https:\/\/www.vallonchene.fr\/es\/","logo":{"@type":"ImageObject","inLanguage":"es","@id":"https:\/\/www.vallonchene.fr\/es\/#\/schema\/logo\/image\/","url":"https:\/\/www.vallonchene.fr\/wp-content\/uploads\/2023\/03\/Logo-Vallonchene-site-et-R_hauteur_100.png","contentUrl":"https:\/\/www.vallonchene.fr\/wp-content\/uploads\/2023\/03\/Logo-Vallonchene-site-et-R_hauteur_100.png","width":221,"height":100,"caption":"VALLONCHENE"},"image":{"@id":"https:\/\/www.vallonchene.fr\/es\/#\/schema\/logo\/image\/"},"sameAs":["https:\/\/www.facebook.com\/vallonchene.fr","https:\/\/www.instagram.com\/vallonchene\/","https:\/\/www.pinterest.fr\/vallonchene\/"],"taxID":"49454502300017","hasMerchantReturnPolicy":{"@type":"MerchantReturnPolicy","merchantReturnLink":"https:\/\/www.vallonchene.fr\/remboursements_retours\/"}}]},"og_availability":"out of stock","product_availability":"out of stock","product_retailer_item_id":"48424","product_condition":"new"},"_links":{"self":[{"href":"https:\/\/www.vallonchene.fr\/es\/wp-json\/wp\/v2\/product\/51467","targetHints":{"allow":["GET"]}}],"collection":[{"href":"https:\/\/www.vallonchene.fr\/es\/wp-json\/wp\/v2\/product"}],"about":[{"href":"https:\/\/www.vallonchene.fr\/es\/wp-json\/wp\/v2\/types\/product"}],"replies":[{"embeddable":true,"href":"https:\/\/www.vallonchene.fr\/es\/wp-json\/wp\/v2\/comments?post=51467"}],"wp:featuredmedia":[{"embeddable":true,"href":"https:\/\/www.vallonchene.fr\/es\/wp-json\/wp\/v2\/media\/51468"}],"wp:attachment":[{"href":"https:\/\/www.vallonchene.fr\/es\/wp-json\/wp\/v2\/media?parent=51467"}],"wp:term":[{"taxonomy":"product_brand","embeddable":true,"href":"https:\/\/www.vallonchene.fr\/es\/wp-json\/wp\/v2\/product_brand?post=51467"},{"taxonomy":"product_cat","embeddable":true,"href":"https:\/\/www.vallonchene.fr\/es\/wp-json\/wp\/v2\/product_cat?post=51467"},{"taxonomy":"product_tag","embeddable":true,"href":"https:\/\/www.vallonchene.fr\/es\/wp-json\/wp\/v2\/product_tag?post=51467"}],"curies":[{"name":"wp","href":"https:\/\/api.w.org\/{rel}","templated":true}]}}