{"id":51408,"date":"2024-09-07T14:19:18","date_gmt":"2024-09-07T13:19:18","guid":{"rendered":"https:\/\/www.vallonchene.fr\/produit\/tsuga-heterophylla-glauca\/"},"modified":"2024-09-07T14:19:18","modified_gmt":"2024-09-07T13:19:18","slug":"tsuga-heterophylla-glauca","status":"publish","type":"product","link":"https:\/\/www.vallonchene.fr\/es\/producto\/tsuga-heterophylla-glauca\/","title":{"rendered":"TSUGA heterophylla &#8216;Glauca&#8217;"},"content":{"rendered":"","protected":false},"excerpt":{"rendered":"<p>Esta <strong>tsuga del Pac\u00edfico<\/strong> (o tsgua heter\u00f3fila) tiene follaje azulado. <strong>TSUGA heterophylla &#8216;Glauca&#8217;<\/strong> tiene un crecimiento moderado. Es muy resistente al fr\u00edo.  <\/p>\n","protected":false},"featured_media":51409,"comment_status":"open","ping_status":"closed","template":"","meta":[],"product_brand":[],"product_cat":[11502],"product_tag":[],"class_list":{"0":"post-51408","1":"product","2":"type-product","3":"status-publish","4":"has-post-thumbnail","6":"product_cat-coniferas","7":"pa_99-hauteurapproximativeapres1-1-00-a-1-50-m","8":"pa_couleurdufeuillage-azul","9":"pa_exigencesenhumidite-moderadamente-humedo-a-humedo","10":"pa_exigencesenhumidite-promedio","11":"pa_expositionspossibles-pleno-sol-de-12-a-17-min","12":"pa_hauteurlivree-80-a-100-cm-es","13":"pa_interetauprintemps-brotes-jovenes","14":"pa_interetauprintemps-follaje","15":"pa_interetauprintemps-habitus","16":"pa_interetenautomne-conos","17":"pa_interetenautomne-follaje","18":"pa_interetenautomne-habitus","19":"pa_interetenete-conos","20":"pa_interetenete-follaje","21":"pa_interetenete-habitus","22":"pa_interetenhiver-conos","23":"pa_interetenhiver-follaje","24":"pa_interetenhiver-habitus","25":"pa_naturedufeuillage-siempreverde","26":"pa_naturesdesolpossibles-ligero","27":"pa_naturesdesolpossibles-normal-es","28":"pa_particularites-adecuado-para-bonsai","29":"pa_periodedetaille-enero","30":"pa_periodedetaille-febrero","31":"pa_phdusolacceptable-acido-menos-de-6_5","32":"pa_phdusolacceptable-neutro-entre-6_5-y-7_5","33":"pa_portgraphisme-erigido","34":"pa_resistanceaufroidrusticite-resistente-por-debajo-de-menos-20-c","35":"pa_tailledepot-maceta-de-10-litros","36":"pa_tailledepot-maceta-de-4-litros","37":"pa_utilisationpossible-aislado","38":"pa_utilisationpossible-arriate","40":"first","41":"instock","42":"taxable","43":"shipping-taxable","44":"purchasable","45":"product-type-variable"},"supplier_id":null,"supplier_sku":"","barcode":null,"atum_controlled":true,"out_stock_date":null,"out_stock_threshold":null,"inheritable":true,"inbound_stock":0,"stock_on_hold":0,"sold_today":0,"sales_last_days":0,"reserved_stock":0,"customer_returns":0,"warehouse_damage":0,"lost_in_post":0,"other_logs":0,"out_stock_days":null,"lost_sales":0,"has_location":false,"update_date":"2026-03-03T10:45:06","atum_locations":[],"atum_stock_status":"instock","restock_status":false,"low_stock_amount":"","sales_update_date":"2026-03-03T10:45:06","calc_backorders":null,"yoast_head":"<!-- This site is optimized with the Yoast SEO Premium plugin v27.5 (Yoast SEO v27.5) - https:\/\/yoast.com\/product\/yoast-seo-premium-wordpress\/ -->\n<title>TSUGA heterophylla &#039;Glauca&#039; - tsuga del Pac\u00edfico, tsuga heter\u00f3fila<\/title>\n<meta name=\"description\" content=\"Esta tsgua del Pac\u00edfico occidental tiene follaje azulado. TSUGA heterophylla &#039;Glauca&#039; tiene un crecimiento moderado. Es muy resistente al fr\u00edo.\" \/>\n<meta name=\"robots\" content=\"index, follow, max-snippet:-1, max-image-preview:large, max-video-preview:-1\" \/>\n<link rel=\"canonical\" href=\"https:\/\/www.vallonchene.fr\/es\/producto\/tsuga-heterophylla-glauca\/\" \/>\n<meta property=\"og:locale\" content=\"es_ES\" \/>\n<meta property=\"og:type\" content=\"article\" \/>\n<meta property=\"og:title\" content=\"TSUGA heterophylla &#039;Glauca&#039;\" \/>\n<meta property=\"og:description\" content=\"Esta tsgua del Pac\u00edfico occidental tiene follaje azulado. TSUGA heterophylla &#039;Glauca&#039; tiene un crecimiento moderado. Es muy resistente al fr\u00edo.\" \/>\n<meta property=\"og:url\" content=\"https:\/\/www.vallonchene.fr\/es\/producto\/tsuga-heterophylla-glauca\/\" \/>\n<meta property=\"og:site_name\" content=\"Vallonch\u00eane\" \/>\n<meta property=\"article:publisher\" content=\"https:\/\/www.facebook.com\/vallonchene.fr\" \/>\n<meta property=\"og:image\" content=\"https:\/\/www.vallonchene.fr\/wp-content\/uploads\/2024\/09\/TSUGA-heterophylla-Glauca_01.webp\" \/>\n\t<meta property=\"og:image:width\" content=\"1200\" \/>\n\t<meta property=\"og:image:height\" content=\"1198\" \/>\n\t<meta property=\"og:image:type\" content=\"image\/webp\" \/>\n<meta name=\"twitter:card\" content=\"summary_large_image\" \/>\n<meta name=\"twitter:label1\" content=\"Disponibilidad\" \/>\n\t<meta name=\"twitter:data1\" content=\"En stock\" \/>\n<script type=\"application\/ld+json\" class=\"yoast-schema-graph\">{\"@context\":\"https:\\\/\\\/schema.org\",\"@graph\":[{\"@type\":\"WebPage\",\"@id\":\"https:\\\/\\\/www.vallonchene.fr\\\/es\\\/producto\\\/tsuga-heterophylla-glauca\\\/\",\"url\":\"https:\\\/\\\/www.vallonchene.fr\\\/es\\\/producto\\\/tsuga-heterophylla-glauca\\\/\",\"name\":\"TSUGA heterophylla 'Glauca' - tsuga del Pac\u00edfico, tsuga heter\u00f3fila\",\"isPartOf\":{\"@id\":\"https:\\\/\\\/www.vallonchene.fr\\\/es\\\/#website\"},\"primaryImageOfPage\":{\"@id\":\"https:\\\/\\\/www.vallonchene.fr\\\/es\\\/producto\\\/tsuga-heterophylla-glauca\\\/#primaryimage\"},\"image\":{\"@id\":\"https:\\\/\\\/www.vallonchene.fr\\\/es\\\/producto\\\/tsuga-heterophylla-glauca\\\/#primaryimage\"},\"thumbnailUrl\":\"https:\\\/\\\/www.vallonchene.fr\\\/wp-content\\\/uploads\\\/2024\\\/09\\\/TSUGA-heterophylla-Glauca_01.webp\",\"datePublished\":\"2024-09-07T13:19:18+00:00\",\"description\":\"Esta tsgua del Pac\u00edfico occidental tiene follaje azulado. TSUGA heterophylla 'Glauca' tiene un crecimiento moderado. Es muy resistente al fr\u00edo.\",\"breadcrumb\":{\"@id\":\"https:\\\/\\\/www.vallonchene.fr\\\/es\\\/producto\\\/tsuga-heterophylla-glauca\\\/#breadcrumb\"},\"inLanguage\":\"es\",\"potentialAction\":[{\"@type\":\"ReadAction\",\"target\":[\"https:\\\/\\\/www.vallonchene.fr\\\/es\\\/producto\\\/tsuga-heterophylla-glauca\\\/\"]}]},{\"@type\":\"ImageObject\",\"inLanguage\":\"es\",\"@id\":\"https:\\\/\\\/www.vallonchene.fr\\\/es\\\/producto\\\/tsuga-heterophylla-glauca\\\/#primaryimage\",\"url\":\"https:\\\/\\\/www.vallonchene.fr\\\/wp-content\\\/uploads\\\/2024\\\/09\\\/TSUGA-heterophylla-Glauca_01.webp\",\"contentUrl\":\"https:\\\/\\\/www.vallonchene.fr\\\/wp-content\\\/uploads\\\/2024\\\/09\\\/TSUGA-heterophylla-Glauca_01.webp\",\"width\":1200,\"height\":1198,\"caption\":\"Follaje azul de TSUGA heterophylla 'Glauca'\"},{\"@type\":\"BreadcrumbList\",\"@id\":\"https:\\\/\\\/www.vallonchene.fr\\\/es\\\/producto\\\/tsuga-heterophylla-glauca\\\/#breadcrumb\",\"itemListElement\":[{\"@type\":\"ListItem\",\"position\":1,\"name\":\"Home\",\"item\":\"https:\\\/\\\/www.vallonchene.fr\\\/es\\\/\"},{\"@type\":\"ListItem\",\"position\":2,\"name\":\"Tienda\",\"item\":\"https:\\\/\\\/www.vallonchene.fr\\\/tienda\\\/\"},{\"@type\":\"ListItem\",\"position\":3,\"name\":\"TSUGA heterophylla &#8216;Glauca&#8217;\"}]},{\"@type\":\"WebSite\",\"@id\":\"https:\\\/\\\/www.vallonchene.fr\\\/es\\\/#website\",\"url\":\"https:\\\/\\\/www.vallonchene.fr\\\/es\\\/\",\"name\":\"Vallonch\u00eane\",\"description\":\"El vivero donde la calidad tiene sus ra\u00edces \u2013 Tel.: +33 (0)2.35.90.02.02\",\"publisher\":{\"@id\":\"https:\\\/\\\/www.vallonchene.fr\\\/es\\\/#organization\"},\"potentialAction\":[{\"@type\":\"SearchAction\",\"target\":{\"@type\":\"EntryPoint\",\"urlTemplate\":\"https:\\\/\\\/www.vallonchene.fr\\\/es\\\/?s={search_term_string}\"},\"query-input\":{\"@type\":\"PropertyValueSpecification\",\"valueRequired\":true,\"valueName\":\"search_term_string\"}}],\"inLanguage\":\"es\"},{\"@type\":\"Organization\",\"@id\":\"https:\\\/\\\/www.vallonchene.fr\\\/es\\\/#organization\",\"name\":\"VALLONCHENE\",\"url\":\"https:\\\/\\\/www.vallonchene.fr\\\/es\\\/\",\"logo\":{\"@type\":\"ImageObject\",\"inLanguage\":\"es\",\"@id\":\"https:\\\/\\\/www.vallonchene.fr\\\/es\\\/#\\\/schema\\\/logo\\\/image\\\/\",\"url\":\"https:\\\/\\\/www.vallonchene.fr\\\/wp-content\\\/uploads\\\/2023\\\/03\\\/Logo-Vallonchene-site-et-R_hauteur_100.png\",\"contentUrl\":\"https:\\\/\\\/www.vallonchene.fr\\\/wp-content\\\/uploads\\\/2023\\\/03\\\/Logo-Vallonchene-site-et-R_hauteur_100.png\",\"width\":221,\"height\":100,\"caption\":\"VALLONCHENE\"},\"image\":{\"@id\":\"https:\\\/\\\/www.vallonchene.fr\\\/es\\\/#\\\/schema\\\/logo\\\/image\\\/\"},\"sameAs\":[\"https:\\\/\\\/www.facebook.com\\\/vallonchene.fr\",\"https:\\\/\\\/www.instagram.com\\\/vallonchene\\\/\",\"https:\\\/\\\/www.pinterest.fr\\\/vallonchene\\\/\"],\"taxID\":\"49454502300017\",\"hasMerchantReturnPolicy\":{\"@type\":\"MerchantReturnPolicy\",\"merchantReturnLink\":\"https:\\\/\\\/www.vallonchene.fr\\\/remboursements_retours\\\/\"}}]}<\/script>\n<meta property=\"og:availability\" content=\"instock\" \/>\n<meta property=\"product:availability\" content=\"instock\" \/>\n<meta property=\"product:condition\" content=\"new\" \/>\n<!-- \/ Yoast SEO Premium plugin. -->","yoast_head_json":{"title":"TSUGA heterophylla 'Glauca' - tsuga del Pac\u00edfico, tsuga heter\u00f3fila","description":"Esta tsgua del Pac\u00edfico occidental tiene follaje azulado. TSUGA heterophylla 'Glauca' tiene un crecimiento moderado. Es muy resistente al fr\u00edo.","robots":{"index":"index","follow":"follow","max-snippet":"max-snippet:-1","max-image-preview":"max-image-preview:large","max-video-preview":"max-video-preview:-1"},"canonical":"https:\/\/www.vallonchene.fr\/es\/producto\/tsuga-heterophylla-glauca\/","og_locale":"es_ES","og_type":"article","og_title":"TSUGA heterophylla 'Glauca'","og_description":"Esta tsgua del Pac\u00edfico occidental tiene follaje azulado. TSUGA heterophylla 'Glauca' tiene un crecimiento moderado. Es muy resistente al fr\u00edo.","og_url":"https:\/\/www.vallonchene.fr\/es\/producto\/tsuga-heterophylla-glauca\/","og_site_name":"Vallonch\u00eane","article_publisher":"https:\/\/www.facebook.com\/vallonchene.fr","og_image":[{"width":1200,"height":1198,"url":"https:\/\/www.vallonchene.fr\/wp-content\/uploads\/2024\/09\/TSUGA-heterophylla-Glauca_01.webp","type":"image\/webp"}],"twitter_card":"summary_large_image","twitter_misc":{"Disponibilidad":"En stock"},"schema":{"@context":"https:\/\/schema.org","@graph":[{"@type":"WebPage","@id":"https:\/\/www.vallonchene.fr\/es\/producto\/tsuga-heterophylla-glauca\/","url":"https:\/\/www.vallonchene.fr\/es\/producto\/tsuga-heterophylla-glauca\/","name":"TSUGA heterophylla 'Glauca' - tsuga del Pac\u00edfico, tsuga heter\u00f3fila","isPartOf":{"@id":"https:\/\/www.vallonchene.fr\/es\/#website"},"primaryImageOfPage":{"@id":"https:\/\/www.vallonchene.fr\/es\/producto\/tsuga-heterophylla-glauca\/#primaryimage"},"image":{"@id":"https:\/\/www.vallonchene.fr\/es\/producto\/tsuga-heterophylla-glauca\/#primaryimage"},"thumbnailUrl":"https:\/\/www.vallonchene.fr\/wp-content\/uploads\/2024\/09\/TSUGA-heterophylla-Glauca_01.webp","datePublished":"2024-09-07T13:19:18+00:00","description":"Esta tsgua del Pac\u00edfico occidental tiene follaje azulado. TSUGA heterophylla 'Glauca' tiene un crecimiento moderado. Es muy resistente al fr\u00edo.","breadcrumb":{"@id":"https:\/\/www.vallonchene.fr\/es\/producto\/tsuga-heterophylla-glauca\/#breadcrumb"},"inLanguage":"es","potentialAction":[{"@type":"ReadAction","target":["https:\/\/www.vallonchene.fr\/es\/producto\/tsuga-heterophylla-glauca\/"]}]},{"@type":"ImageObject","inLanguage":"es","@id":"https:\/\/www.vallonchene.fr\/es\/producto\/tsuga-heterophylla-glauca\/#primaryimage","url":"https:\/\/www.vallonchene.fr\/wp-content\/uploads\/2024\/09\/TSUGA-heterophylla-Glauca_01.webp","contentUrl":"https:\/\/www.vallonchene.fr\/wp-content\/uploads\/2024\/09\/TSUGA-heterophylla-Glauca_01.webp","width":1200,"height":1198,"caption":"Follaje azul de TSUGA heterophylla 'Glauca'"},{"@type":"BreadcrumbList","@id":"https:\/\/www.vallonchene.fr\/es\/producto\/tsuga-heterophylla-glauca\/#breadcrumb","itemListElement":[{"@type":"ListItem","position":1,"name":"Home","item":"https:\/\/www.vallonchene.fr\/es\/"},{"@type":"ListItem","position":2,"name":"Tienda","item":"https:\/\/www.vallonchene.fr\/tienda\/"},{"@type":"ListItem","position":3,"name":"TSUGA heterophylla &#8216;Glauca&#8217;"}]},{"@type":"WebSite","@id":"https:\/\/www.vallonchene.fr\/es\/#website","url":"https:\/\/www.vallonchene.fr\/es\/","name":"Vallonch\u00eane","description":"El vivero donde la calidad tiene sus ra\u00edces \u2013 Tel.: +33 (0)2.35.90.02.02","publisher":{"@id":"https:\/\/www.vallonchene.fr\/es\/#organization"},"potentialAction":[{"@type":"SearchAction","target":{"@type":"EntryPoint","urlTemplate":"https:\/\/www.vallonchene.fr\/es\/?s={search_term_string}"},"query-input":{"@type":"PropertyValueSpecification","valueRequired":true,"valueName":"search_term_string"}}],"inLanguage":"es"},{"@type":"Organization","@id":"https:\/\/www.vallonchene.fr\/es\/#organization","name":"VALLONCHENE","url":"https:\/\/www.vallonchene.fr\/es\/","logo":{"@type":"ImageObject","inLanguage":"es","@id":"https:\/\/www.vallonchene.fr\/es\/#\/schema\/logo\/image\/","url":"https:\/\/www.vallonchene.fr\/wp-content\/uploads\/2023\/03\/Logo-Vallonchene-site-et-R_hauteur_100.png","contentUrl":"https:\/\/www.vallonchene.fr\/wp-content\/uploads\/2023\/03\/Logo-Vallonchene-site-et-R_hauteur_100.png","width":221,"height":100,"caption":"VALLONCHENE"},"image":{"@id":"https:\/\/www.vallonchene.fr\/es\/#\/schema\/logo\/image\/"},"sameAs":["https:\/\/www.facebook.com\/vallonchene.fr","https:\/\/www.instagram.com\/vallonchene\/","https:\/\/www.pinterest.fr\/vallonchene\/"],"taxID":"49454502300017","hasMerchantReturnPolicy":{"@type":"MerchantReturnPolicy","merchantReturnLink":"https:\/\/www.vallonchene.fr\/remboursements_retours\/"}}]},"og_availability":"instock","product_availability":"instock","product_condition":"new"},"_links":{"self":[{"href":"https:\/\/www.vallonchene.fr\/es\/wp-json\/wp\/v2\/product\/51408","targetHints":{"allow":["GET"]}}],"collection":[{"href":"https:\/\/www.vallonchene.fr\/es\/wp-json\/wp\/v2\/product"}],"about":[{"href":"https:\/\/www.vallonchene.fr\/es\/wp-json\/wp\/v2\/types\/product"}],"replies":[{"embeddable":true,"href":"https:\/\/www.vallonchene.fr\/es\/wp-json\/wp\/v2\/comments?post=51408"}],"wp:featuredmedia":[{"embeddable":true,"href":"https:\/\/www.vallonchene.fr\/es\/wp-json\/wp\/v2\/media\/51409"}],"wp:attachment":[{"href":"https:\/\/www.vallonchene.fr\/es\/wp-json\/wp\/v2\/media?parent=51408"}],"wp:term":[{"taxonomy":"product_brand","embeddable":true,"href":"https:\/\/www.vallonchene.fr\/es\/wp-json\/wp\/v2\/product_brand?post=51408"},{"taxonomy":"product_cat","embeddable":true,"href":"https:\/\/www.vallonchene.fr\/es\/wp-json\/wp\/v2\/product_cat?post=51408"},{"taxonomy":"product_tag","embeddable":true,"href":"https:\/\/www.vallonchene.fr\/es\/wp-json\/wp\/v2\/product_tag?post=51408"}],"curies":[{"name":"wp","href":"https:\/\/api.w.org\/{rel}","templated":true}]}}