{"id":51207,"date":"2021-08-31T11:27:09","date_gmt":"2021-08-31T11:27:09","guid":{"rendered":"https:\/\/www.vallonchene.fr\/produit\/pinus-parviflora-tanima-no-yuki\/"},"modified":"2025-03-23T15:21:39","modified_gmt":"2025-03-23T14:21:39","slug":"pinus-parviflora-tanima-no-yuki","status":"publish","type":"product","link":"https:\/\/www.vallonchene.fr\/es\/producto\/pinus-parviflora-tanima-no-yuki\/","title":{"rendered":"PINUS parviflora &#8216;Tanima No Yuki&#8217;"},"content":{"rendered":"","protected":false},"excerpt":{"rendered":"<p>Este <b>pino blanco japon\u00e9s<\/b> es un aut\u00e9ntico enano. Los brotes primaverales de <b>PINUS parviflora &#8216;Tanima No Yuki&#8217;<\/b> son de color rosa. Sus agujas son verdes con marcas blancas. Se debe evitar el sol directo.   <\/p>\n","protected":false},"featured_media":51206,"comment_status":"open","ping_status":"closed","template":"","meta":[],"product_brand":[],"product_cat":[11502,11821],"product_tag":[12060,12034,12048,12064,12065],"class_list":{"0":"post-51207","1":"product","2":"type-product","3":"status-publish","4":"has-post-thumbnail","6":"product_cat-coniferas","7":"product_cat-plantas-raras-plantas-de-coleccion","8":"product_tag-pino-blanco-japones","9":"product_tag-pinus-es","10":"product_tag-pinus-parviflora-es","11":"product_tag-pinus-parviflora-tanima-no-yuki-es","12":"product_tag-tanima-no-yuki-es","13":"pa_99-hauteurapproximativeapres1-50-a-100-cm","14":"pa_couleurdufeuillage-blanca","15":"pa_couleurdufeuillage-variado","16":"pa_couleurdufeuillage-verde","17":"pa_exigencesenhumidite-moderadamente-humedo-a-humedo","18":"pa_exigencesenhumidite-promedio","19":"pa_exigencesenhumidite-seco","20":"pa_expositionspossibles-sombra-parcial-evitar-el-sol-de-12-a-17-horas","21":"pa_hauteurlivree-20-a-25-cm-es","22":"pa_hauteurlivree-25-a-30-cm-es","23":"pa_hauteurlivree-40-a-50-cm-es","24":"pa_interetauprintemps-brotes-jovenes","25":"pa_interetauprintemps-follaje","26":"pa_interetauprintemps-habitus","27":"pa_interetenautomne-follaje","28":"pa_interetenautomne-habitus","29":"pa_interetenete-follaje","30":"pa_interetenete-habitus","31":"pa_interetenhiver-follaje","32":"pa_interetenhiver-habitus","33":"pa_naturedufeuillage-siempreverde","34":"pa_naturesdesolpossibles-ligero","35":"pa_naturesdesolpossibles-normal-es","36":"pa_naturesdesolpossibles-pesado","37":"pa_particularites-adecuado-para-bonsai","38":"pa_particularites-habitus","39":"pa_periodedetaille-marzo","40":"pa_phdusolacceptable-acido-menos-de-6_5","41":"pa_phdusolacceptable-calcareo-mas-de-7_5","42":"pa_phdusolacceptable-neutro-entre-6_5-y-7_5","43":"pa_portgraphisme-globoso","44":"pa_resistanceaufroidrusticite-resistente-por-debajo-de-menos-20-c","45":"pa_tailledepot-maceta-de-3-litros","46":"pa_tailledepot-maceta-de-5-litros","47":"pa_utilisationpossible-arriate","48":"pa_utilisationpossible-contenedor-o-olla","50":"first","51":"instock","52":"taxable","53":"shipping-taxable","54":"purchasable","55":"product-type-variable"},"supplier_id":null,"supplier_sku":"","barcode":null,"atum_controlled":true,"out_stock_date":null,"out_stock_threshold":null,"inheritable":true,"inbound_stock":0,"stock_on_hold":0,"sold_today":0,"sales_last_days":0,"reserved_stock":0,"customer_returns":0,"warehouse_damage":0,"lost_in_post":0,"other_logs":0,"out_stock_days":null,"lost_sales":0,"has_location":false,"update_date":"2026-04-24T12:30:30","atum_locations":[],"atum_stock_status":"instock","restock_status":false,"low_stock_amount":"","sales_update_date":"2025-03-23T14:20:56","calc_backorders":null,"yoast_head":"<!-- This site is optimized with the Yoast SEO Premium plugin v27.5 (Yoast SEO v27.5) - https:\/\/yoast.com\/product\/yoast-seo-premium-wordpress\/ -->\n<title>PINUS parviflora &#039;Tanima No Yuki&#039; - pino blanco japon\u00e9s<\/title>\n<meta name=\"description\" content=\"Este pino blanco japon\u00e9s es un aut\u00e9ntico enano. Los brotes primaverales de PINUS parviflora &#039;Tanima No Yuki&#039; son de color rosa y las agujas son verdes y blancas.\" \/>\n<meta name=\"robots\" content=\"index, follow, max-snippet:-1, max-image-preview:large, max-video-preview:-1\" \/>\n<link rel=\"canonical\" href=\"https:\/\/www.vallonchene.fr\/es\/producto\/pinus-parviflora-tanima-no-yuki\/\" \/>\n<meta property=\"og:locale\" content=\"es_ES\" \/>\n<meta property=\"og:type\" content=\"article\" \/>\n<meta property=\"og:title\" content=\"PINUS parviflora &#039;Tanima No Yuki&#039;\" \/>\n<meta property=\"og:description\" content=\"Este pino blanco japon\u00e9s es un aut\u00e9ntico enano. Los brotes primaverales de PINUS parviflora &#039;Tanima No Yuki&#039; son de color rosa y las agujas son verdes y blancas.\" \/>\n<meta property=\"og:url\" content=\"https:\/\/www.vallonchene.fr\/es\/producto\/pinus-parviflora-tanima-no-yuki\/\" \/>\n<meta property=\"og:site_name\" content=\"Vallonch\u00eane\" \/>\n<meta property=\"article:publisher\" content=\"https:\/\/www.facebook.com\/vallonchene.fr\" \/>\n<meta property=\"article:modified_time\" content=\"2025-03-23T14:21:39+00:00\" \/>\n<meta property=\"og:image\" content=\"https:\/\/www.vallonchene.fr\/wp-content\/uploads\/2021\/08\/2968-f3d-PINUS-parviflora-Tanima-No-Yuki-en-Avril.jpg\" \/>\n\t<meta property=\"og:image:width\" content=\"1600\" \/>\n\t<meta property=\"og:image:height\" content=\"1600\" \/>\n\t<meta property=\"og:image:type\" content=\"image\/jpeg\" \/>\n<meta name=\"twitter:card\" content=\"summary_large_image\" \/>\n<meta name=\"twitter:label1\" content=\"Disponibilidad\" \/>\n\t<meta name=\"twitter:data1\" content=\"En stock\" \/>\n<script type=\"application\/ld+json\" class=\"yoast-schema-graph\">{\"@context\":\"https:\\\/\\\/schema.org\",\"@graph\":[{\"@type\":\"WebPage\",\"@id\":\"https:\\\/\\\/www.vallonchene.fr\\\/es\\\/producto\\\/pinus-parviflora-tanima-no-yuki\\\/\",\"url\":\"https:\\\/\\\/www.vallonchene.fr\\\/es\\\/producto\\\/pinus-parviflora-tanima-no-yuki\\\/\",\"name\":\"PINUS parviflora 'Tanima No Yuki' - pino blanco japon\u00e9s\",\"isPartOf\":{\"@id\":\"https:\\\/\\\/www.vallonchene.fr\\\/es\\\/#website\"},\"primaryImageOfPage\":{\"@id\":\"https:\\\/\\\/www.vallonchene.fr\\\/es\\\/producto\\\/pinus-parviflora-tanima-no-yuki\\\/#primaryimage\"},\"image\":{\"@id\":\"https:\\\/\\\/www.vallonchene.fr\\\/es\\\/producto\\\/pinus-parviflora-tanima-no-yuki\\\/#primaryimage\"},\"thumbnailUrl\":\"https:\\\/\\\/www.vallonchene.fr\\\/wp-content\\\/uploads\\\/2021\\\/08\\\/2968-f3d-PINUS-parviflora-Tanima-No-Yuki-en-Avril.jpg\",\"datePublished\":\"2021-08-31T11:27:09+00:00\",\"dateModified\":\"2025-03-23T14:21:39+00:00\",\"description\":\"Este pino blanco japon\u00e9s es un aut\u00e9ntico enano. Los brotes primaverales de PINUS parviflora 'Tanima No Yuki' son de color rosa y las agujas son verdes y blancas.\",\"breadcrumb\":{\"@id\":\"https:\\\/\\\/www.vallonchene.fr\\\/es\\\/producto\\\/pinus-parviflora-tanima-no-yuki\\\/#breadcrumb\"},\"inLanguage\":\"es\",\"potentialAction\":[{\"@type\":\"ReadAction\",\"target\":[\"https:\\\/\\\/www.vallonchene.fr\\\/es\\\/producto\\\/pinus-parviflora-tanima-no-yuki\\\/\"]}]},{\"@type\":\"ImageObject\",\"inLanguage\":\"es\",\"@id\":\"https:\\\/\\\/www.vallonchene.fr\\\/es\\\/producto\\\/pinus-parviflora-tanima-no-yuki\\\/#primaryimage\",\"url\":\"https:\\\/\\\/www.vallonchene.fr\\\/wp-content\\\/uploads\\\/2021\\\/08\\\/2968-f3d-PINUS-parviflora-Tanima-No-Yuki-en-Avril.jpg\",\"contentUrl\":\"https:\\\/\\\/www.vallonchene.fr\\\/wp-content\\\/uploads\\\/2021\\\/08\\\/2968-f3d-PINUS-parviflora-Tanima-No-Yuki-en-Avril.jpg\",\"width\":1600,\"height\":1600,\"caption\":\"Agujas blancas y verdes y nuevos brotes rosados \u200b\u200bde PINUS parviflora 'Tanima No Yuki' en abril\"},{\"@type\":\"BreadcrumbList\",\"@id\":\"https:\\\/\\\/www.vallonchene.fr\\\/es\\\/producto\\\/pinus-parviflora-tanima-no-yuki\\\/#breadcrumb\",\"itemListElement\":[{\"@type\":\"ListItem\",\"position\":1,\"name\":\"Home\",\"item\":\"https:\\\/\\\/www.vallonchene.fr\\\/es\\\/\"},{\"@type\":\"ListItem\",\"position\":2,\"name\":\"Tienda\",\"item\":\"https:\\\/\\\/www.vallonchene.fr\\\/tienda\\\/\"},{\"@type\":\"ListItem\",\"position\":3,\"name\":\"PINUS parviflora &#8216;Tanima No Yuki&#8217;\"}]},{\"@type\":\"WebSite\",\"@id\":\"https:\\\/\\\/www.vallonchene.fr\\\/es\\\/#website\",\"url\":\"https:\\\/\\\/www.vallonchene.fr\\\/es\\\/\",\"name\":\"Vallonch\u00eane\",\"description\":\"El vivero donde la calidad tiene sus ra\u00edces \u2013 Tel.: +33 (0)2.35.90.02.02\",\"publisher\":{\"@id\":\"https:\\\/\\\/www.vallonchene.fr\\\/es\\\/#organization\"},\"potentialAction\":[{\"@type\":\"SearchAction\",\"target\":{\"@type\":\"EntryPoint\",\"urlTemplate\":\"https:\\\/\\\/www.vallonchene.fr\\\/es\\\/?s={search_term_string}\"},\"query-input\":{\"@type\":\"PropertyValueSpecification\",\"valueRequired\":true,\"valueName\":\"search_term_string\"}}],\"inLanguage\":\"es\"},{\"@type\":\"Organization\",\"@id\":\"https:\\\/\\\/www.vallonchene.fr\\\/es\\\/#organization\",\"name\":\"VALLONCHENE\",\"url\":\"https:\\\/\\\/www.vallonchene.fr\\\/es\\\/\",\"logo\":{\"@type\":\"ImageObject\",\"inLanguage\":\"es\",\"@id\":\"https:\\\/\\\/www.vallonchene.fr\\\/es\\\/#\\\/schema\\\/logo\\\/image\\\/\",\"url\":\"https:\\\/\\\/www.vallonchene.fr\\\/wp-content\\\/uploads\\\/2023\\\/03\\\/Logo-Vallonchene-site-et-R_hauteur_100.png\",\"contentUrl\":\"https:\\\/\\\/www.vallonchene.fr\\\/wp-content\\\/uploads\\\/2023\\\/03\\\/Logo-Vallonchene-site-et-R_hauteur_100.png\",\"width\":221,\"height\":100,\"caption\":\"VALLONCHENE\"},\"image\":{\"@id\":\"https:\\\/\\\/www.vallonchene.fr\\\/es\\\/#\\\/schema\\\/logo\\\/image\\\/\"},\"sameAs\":[\"https:\\\/\\\/www.facebook.com\\\/vallonchene.fr\",\"https:\\\/\\\/www.instagram.com\\\/vallonchene\\\/\",\"https:\\\/\\\/www.pinterest.fr\\\/vallonchene\\\/\"],\"taxID\":\"49454502300017\",\"hasMerchantReturnPolicy\":{\"@type\":\"MerchantReturnPolicy\",\"merchantReturnLink\":\"https:\\\/\\\/www.vallonchene.fr\\\/remboursements_retours\\\/\"}}]}<\/script>\n<meta property=\"og:availability\" content=\"instock\" \/>\n<meta property=\"product:availability\" content=\"instock\" \/>\n<meta property=\"product:retailer_item_id\" content=\"21969\" \/>\n<meta property=\"product:condition\" content=\"new\" \/>\n<!-- \/ Yoast SEO Premium plugin. -->","yoast_head_json":{"title":"PINUS parviflora 'Tanima No Yuki' - pino blanco japon\u00e9s","description":"Este pino blanco japon\u00e9s es un aut\u00e9ntico enano. Los brotes primaverales de PINUS parviflora 'Tanima No Yuki' son de color rosa y las agujas son verdes y blancas.","robots":{"index":"index","follow":"follow","max-snippet":"max-snippet:-1","max-image-preview":"max-image-preview:large","max-video-preview":"max-video-preview:-1"},"canonical":"https:\/\/www.vallonchene.fr\/es\/producto\/pinus-parviflora-tanima-no-yuki\/","og_locale":"es_ES","og_type":"article","og_title":"PINUS parviflora 'Tanima No Yuki'","og_description":"Este pino blanco japon\u00e9s es un aut\u00e9ntico enano. Los brotes primaverales de PINUS parviflora 'Tanima No Yuki' son de color rosa y las agujas son verdes y blancas.","og_url":"https:\/\/www.vallonchene.fr\/es\/producto\/pinus-parviflora-tanima-no-yuki\/","og_site_name":"Vallonch\u00eane","article_publisher":"https:\/\/www.facebook.com\/vallonchene.fr","article_modified_time":"2025-03-23T14:21:39+00:00","og_image":[{"width":1600,"height":1600,"url":"https:\/\/www.vallonchene.fr\/wp-content\/uploads\/2021\/08\/2968-f3d-PINUS-parviflora-Tanima-No-Yuki-en-Avril.jpg","type":"image\/jpeg"}],"twitter_card":"summary_large_image","twitter_misc":{"Disponibilidad":"En stock"},"schema":{"@context":"https:\/\/schema.org","@graph":[{"@type":"WebPage","@id":"https:\/\/www.vallonchene.fr\/es\/producto\/pinus-parviflora-tanima-no-yuki\/","url":"https:\/\/www.vallonchene.fr\/es\/producto\/pinus-parviflora-tanima-no-yuki\/","name":"PINUS parviflora 'Tanima No Yuki' - pino blanco japon\u00e9s","isPartOf":{"@id":"https:\/\/www.vallonchene.fr\/es\/#website"},"primaryImageOfPage":{"@id":"https:\/\/www.vallonchene.fr\/es\/producto\/pinus-parviflora-tanima-no-yuki\/#primaryimage"},"image":{"@id":"https:\/\/www.vallonchene.fr\/es\/producto\/pinus-parviflora-tanima-no-yuki\/#primaryimage"},"thumbnailUrl":"https:\/\/www.vallonchene.fr\/wp-content\/uploads\/2021\/08\/2968-f3d-PINUS-parviflora-Tanima-No-Yuki-en-Avril.jpg","datePublished":"2021-08-31T11:27:09+00:00","dateModified":"2025-03-23T14:21:39+00:00","description":"Este pino blanco japon\u00e9s es un aut\u00e9ntico enano. Los brotes primaverales de PINUS parviflora 'Tanima No Yuki' son de color rosa y las agujas son verdes y blancas.","breadcrumb":{"@id":"https:\/\/www.vallonchene.fr\/es\/producto\/pinus-parviflora-tanima-no-yuki\/#breadcrumb"},"inLanguage":"es","potentialAction":[{"@type":"ReadAction","target":["https:\/\/www.vallonchene.fr\/es\/producto\/pinus-parviflora-tanima-no-yuki\/"]}]},{"@type":"ImageObject","inLanguage":"es","@id":"https:\/\/www.vallonchene.fr\/es\/producto\/pinus-parviflora-tanima-no-yuki\/#primaryimage","url":"https:\/\/www.vallonchene.fr\/wp-content\/uploads\/2021\/08\/2968-f3d-PINUS-parviflora-Tanima-No-Yuki-en-Avril.jpg","contentUrl":"https:\/\/www.vallonchene.fr\/wp-content\/uploads\/2021\/08\/2968-f3d-PINUS-parviflora-Tanima-No-Yuki-en-Avril.jpg","width":1600,"height":1600,"caption":"Agujas blancas y verdes y nuevos brotes rosados \u200b\u200bde PINUS parviflora 'Tanima No Yuki' en abril"},{"@type":"BreadcrumbList","@id":"https:\/\/www.vallonchene.fr\/es\/producto\/pinus-parviflora-tanima-no-yuki\/#breadcrumb","itemListElement":[{"@type":"ListItem","position":1,"name":"Home","item":"https:\/\/www.vallonchene.fr\/es\/"},{"@type":"ListItem","position":2,"name":"Tienda","item":"https:\/\/www.vallonchene.fr\/tienda\/"},{"@type":"ListItem","position":3,"name":"PINUS parviflora &#8216;Tanima No Yuki&#8217;"}]},{"@type":"WebSite","@id":"https:\/\/www.vallonchene.fr\/es\/#website","url":"https:\/\/www.vallonchene.fr\/es\/","name":"Vallonch\u00eane","description":"El vivero donde la calidad tiene sus ra\u00edces \u2013 Tel.: +33 (0)2.35.90.02.02","publisher":{"@id":"https:\/\/www.vallonchene.fr\/es\/#organization"},"potentialAction":[{"@type":"SearchAction","target":{"@type":"EntryPoint","urlTemplate":"https:\/\/www.vallonchene.fr\/es\/?s={search_term_string}"},"query-input":{"@type":"PropertyValueSpecification","valueRequired":true,"valueName":"search_term_string"}}],"inLanguage":"es"},{"@type":"Organization","@id":"https:\/\/www.vallonchene.fr\/es\/#organization","name":"VALLONCHENE","url":"https:\/\/www.vallonchene.fr\/es\/","logo":{"@type":"ImageObject","inLanguage":"es","@id":"https:\/\/www.vallonchene.fr\/es\/#\/schema\/logo\/image\/","url":"https:\/\/www.vallonchene.fr\/wp-content\/uploads\/2023\/03\/Logo-Vallonchene-site-et-R_hauteur_100.png","contentUrl":"https:\/\/www.vallonchene.fr\/wp-content\/uploads\/2023\/03\/Logo-Vallonchene-site-et-R_hauteur_100.png","width":221,"height":100,"caption":"VALLONCHENE"},"image":{"@id":"https:\/\/www.vallonchene.fr\/es\/#\/schema\/logo\/image\/"},"sameAs":["https:\/\/www.facebook.com\/vallonchene.fr","https:\/\/www.instagram.com\/vallonchene\/","https:\/\/www.pinterest.fr\/vallonchene\/"],"taxID":"49454502300017","hasMerchantReturnPolicy":{"@type":"MerchantReturnPolicy","merchantReturnLink":"https:\/\/www.vallonchene.fr\/remboursements_retours\/"}}]},"og_availability":"instock","product_availability":"instock","product_retailer_item_id":"21969","product_condition":"new"},"_links":{"self":[{"href":"https:\/\/www.vallonchene.fr\/es\/wp-json\/wp\/v2\/product\/51207","targetHints":{"allow":["GET"]}}],"collection":[{"href":"https:\/\/www.vallonchene.fr\/es\/wp-json\/wp\/v2\/product"}],"about":[{"href":"https:\/\/www.vallonchene.fr\/es\/wp-json\/wp\/v2\/types\/product"}],"replies":[{"embeddable":true,"href":"https:\/\/www.vallonchene.fr\/es\/wp-json\/wp\/v2\/comments?post=51207"}],"wp:featuredmedia":[{"embeddable":true,"href":"https:\/\/www.vallonchene.fr\/es\/wp-json\/wp\/v2\/media\/51206"}],"wp:attachment":[{"href":"https:\/\/www.vallonchene.fr\/es\/wp-json\/wp\/v2\/media?parent=51207"}],"wp:term":[{"taxonomy":"product_brand","embeddable":true,"href":"https:\/\/www.vallonchene.fr\/es\/wp-json\/wp\/v2\/product_brand?post=51207"},{"taxonomy":"product_cat","embeddable":true,"href":"https:\/\/www.vallonchene.fr\/es\/wp-json\/wp\/v2\/product_cat?post=51207"},{"taxonomy":"product_tag","embeddable":true,"href":"https:\/\/www.vallonchene.fr\/es\/wp-json\/wp\/v2\/product_tag?post=51207"}],"curies":[{"name":"wp","href":"https:\/\/api.w.org\/{rel}","templated":true}]}}