{"id":51190,"date":"2021-08-31T11:25:42","date_gmt":"2021-08-31T11:25:42","guid":{"rendered":"https:\/\/www.vallonchene.fr\/produit\/pinus-mugo-wintersonne\/"},"modified":"2026-03-15T16:56:36","modified_gmt":"2026-03-15T15:56:36","slug":"pinus-mugo-wintersonne","status":"publish","type":"product","link":"https:\/\/www.vallonchene.fr\/es\/producto\/pinus-mugo-wintersonne\/","title":{"rendered":"PINUS mugo &#8216;Wintersonne&#8217; (Winter Sun)"},"content":{"rendered":"<h2>La Planta<\/h2>\n<p>El <em>PINUS mugo &#8216;Wintersonne&#8217;<\/em> forma parte de los <em>pinos de monta\u00f1a<\/em>. Su nombre significa sol de invierno en espa\u00f1ol y lo merece bien.<\/p>\n<p>En efecto, con su forma enana muy compacta, podr\u00eda parecerse a muchos otros pinos enanos. Sin embargo, es en pleno invierno cuando desarrolla su verdadero potencial de atracci\u00f3n. Su follaje verde habitual se vuelve entonces amarillo luminoso.<\/p>\n<p>En las dos fotos de arriba, se distingue bien el inicio de la coloraci\u00f3n que comienza a finales de oto\u00f1o y luego el color en su apogeo en pleno invierno. Se transforma as\u00ed en una verdadera fuente de luz durante esta estaci\u00f3n a menudo oscura. Es una protecci\u00f3n fotoadaptativa. Los pigmentos ayudan as\u00ed a la planta a gestionar el sol de invierno intenso cuando la fotos\u00edntesis es limitada.<\/p>\n<p>Adem\u00e1s, resiste no solo temperaturas por debajo de -25 \u00b0C, sino que tambi\u00e9n soporta bien las sequ\u00edas (una vez perfectamente establecido).<\/p>\n<p>Por \u00faltimo, este mini pino se presta muy bien al bons\u00e1i y a la plantaci\u00f3n en roca, en contenedores y en jardines muy peque\u00f1os.<\/p>\n<h2>Historia y Origen<\/h2>\n<p>En la d\u00e9cada de 1980, el vivero Yamina Rare Plant Nursery en Australia descubri\u00f3 el <em>PINUS mugo &#8216;Wintersonne&#8217;<\/em> (tambi\u00e9n catalogado como <em>&#8216;Winter Sun&#8217;<\/em>) a partir de una siembra. Esto lo convierte en uno de los raros cultivares de <em>PINUS mugo<\/em> encontrados fuera de Europa. En la d\u00e9cada de 1990, se comenz\u00f3 a vender en otros pa\u00edses.<\/p>\n<p>Adem\u00e1s, la especie tipo <em>PINUS mugo<\/em> encuentra sus or\u00edgenes en el centro y sur de Europa en las cadenas monta\u00f1osas y m\u00e1s concretamente en:<\/p>\n<ul>\n<li>Los Alpes<\/li>\n<li>Los C\u00e1rpatos<\/li>\n<li>Los montes Balcanes<\/li>\n<li>Los Pirineos (algunas poblaciones aisladas)<\/li>\n<\/ul>\n<p>All\u00ed crece en altitudes que van desde 1000 a 2700 metros, donde se desarrolla en mantos sobre laderas expuestas.<\/p>\n<p>Por otra parte, el <em>PINUS mugo<\/em> soporta muy bien condiciones ambientales adversas tales como:<\/p>\n<ul>\n<li>El fr\u00edo extremo<\/li>\n<li>La exposici\u00f3n al viento<\/li>\n<li>Los rayos UV intensos<\/li>\n<li>Los suelos pobres, calc\u00e1reos, \u00e1cidos y rocosos<\/li>\n<\/ul>\n<p>Para terminar, hoy en d\u00eda juega un papel importante, entre otros:<\/p>\n<ul>\n<li>El control de la erosi\u00f3n<\/li>\n<li>La estabilizaci\u00f3n de zonas de avalanchas<\/li>\n<li>La reforestaci\u00f3n en zonas de suelo pobre<\/li>\n<\/ul>\n<h2>C\u00f3mo plantar y cuidar el PINUS mugo &#8216;Wintersonne&#8217;<\/h2>\n<h3>La Plantaci\u00f3n<\/h3>\n<p>A pesar de que es una planta muy resistente, considere los siguientes puntos:<\/p>\n<ol>\n<li>Encuentre un lugar en <strong>lleno sol<\/strong>. Esto es necesario para obtener el color amarillo m\u00e1s intenso.<\/li>\n<li>Puede plantarse en <strong>maceta o en parterre<\/strong>.<\/li>\n<li>El suelo puede ser <strong>ligero, normal o pesado<\/strong> con un <strong>pH \u00e1cido, neutro o calc\u00e1reo<\/strong>.<\/li>\n<li>Crece en un <strong>suelo ligero, normal o pesado<\/strong>.<\/li>\n<li>Para una buena preparaci\u00f3n del agujero de plantaci\u00f3n, hemos dise\u00f1ado <a href=\"https:\/\/www.vallonchene.fr\/comment-planter-et-entretenir-des-vegetaux\/comment-planter-et-entretenir-arbres-arbustes-et-coniferes\/\" target=\"_blank\" rel=\"noreferrer noopener\"><strong>instrucciones espec\u00edficas disponibles aqu\u00ed<\/strong><\/a>.<\/li>\n<\/ol>\n<h3>El Cuidado<\/h3>\n<p>Al igual que la especie tipo, el <em>PINUS mugo &#8216;Wintersonne&#8217;<\/em> (o <em>&#8216;Winter Sun&#8217;<\/em>) es extremadamente resistente. Sin embargo, s\u00edgalo: Un riego regular durante los dos primeros a\u00f1os hasta que est\u00e9 bien establecido. Si lo planta en maceta o contenedor, preste especial atenci\u00f3n a no <strong>exceder el riego<\/strong>.<\/p>\n<p>Si desea podarlo, h\u00e1galo en febrero o marzo, pero en cualquier caso, bien antes de que suba la savia. De lo contrario, provocar\u00e1 un sangrado importante.<\/p>\n","protected":false},"excerpt":{"rendered":"<p>Este <strong>pino de monta\u00f1a<\/strong> tiene agujas amarillas. El <strong>PINUS mugo &#8216;Wintersonne&#8217;<\/strong> es una forma enana que es resistente. Tambi\u00e9n se puede utilizar para bons\u00e1i.<\/p>\n","protected":false},"featured_media":56888,"comment_status":"open","ping_status":"closed","template":"","meta":[],"product_brand":[],"product_cat":[11502],"product_tag":[12040,12045,12041,12038],"class_list":{"0":"post-51190","1":"product","2":"type-product","3":"status-publish","4":"has-post-thumbnail","6":"product_cat-coniferas","7":"product_tag-pin-mugho-es","8":"product_tag-pin-mugo-es","9":"product_tag-pino-moro","10":"product_tag-pinus-mugo-es","11":"pa_99-hauteurapproximativeapres1-1_00-a-1_50-m","12":"pa_couleurdufeuillage-amarilla","13":"pa_exigencesenhumidite-moderadamente-humedo-a-humedo","14":"pa_exigencesenhumidite-promedio","15":"pa_exigencesenhumidite-seco","16":"pa_expositionspossibles-pleno-sol-de-12-a-17-min","17":"pa_hauteurlivree-100-a-125-cm","18":"pa_hauteurlivree-125-a-150-cm-es","19":"pa_hauteurlivree-150-a-175-cm-es","20":"pa_hauteurlivree-175-a-200-cm-es","21":"pa_hauteurlivree-25-a-30-cm-es","22":"pa_hauteurlivree-30-a-40-cm-es","23":"pa_hauteurlivree-300-a-350-cm-es","24":"pa_hauteurlivree-35-a-40-cm-es","25":"pa_hauteurlivree-40-a-50-cm-es","26":"pa_hauteurlivree-40-a-60-cm-es","27":"pa_hauteurlivree-50-a-60-cm-es","28":"pa_hauteurlivree-60-a-80-cm-es","29":"pa_hauteurlivree-70-a-80-cm-es","30":"pa_hauteurlivree-80-a-100-cm-es","31":"pa_interetauprintemps-follaje","32":"pa_interetauprintemps-habitus","33":"pa_interetenautomne-follaje","34":"pa_interetenautomne-habitus","35":"pa_interetenete-follaje","36":"pa_interetenete-habitus","37":"pa_interetenhiver-follaje","38":"pa_interetenhiver-habitus","39":"pa_naturedufeuillage-siempreverde","40":"pa_naturesdesolpossibles-ligero","41":"pa_naturesdesolpossibles-normal-es","42":"pa_naturesdesolpossibles-pesado","43":"pa_particularites-adecuado-para-bonsai","44":"pa_particularites-habitus","45":"pa_periodedetaille-febrero","46":"pa_periodedetaille-marzo","47":"pa_phdusolacceptable-acido-menos-de-6_5","48":"pa_phdusolacceptable-calcareo-mas-de-7_5","49":"pa_phdusolacceptable-neutro-entre-6_5-y-7_5","50":"pa_portgraphisme-globoso","51":"pa_resistanceaufroidrusticite-resistente-por-debajo-de-menos-20-c","52":"pa_tailledepot-a-raiz-desnuda","53":"pa_tailledepot-cepellon","54":"pa_tailledepot-maceta-de-1-litro","55":"pa_tailledepot-maceta-de-10-litros","56":"pa_tailledepot-maceta-de-15-litros","57":"pa_tailledepot-maceta-de-2-litros","58":"pa_tailledepot-maceta-de-3-litros","59":"pa_tailledepot-maceta-de-30-litros","60":"pa_tailledepot-maceta-de-35-litros","61":"pa_tailledepot-maceta-de-4-litros","62":"pa_tailledepot-maceta-de-5-litros","63":"pa_tailledepot-maceta-de-7-cm-es","64":"pa_tailledepot-maceta-de-7_5-litros","65":"pa_utilisationpossible-arriate","66":"pa_utilisationpossible-contenedor-o-olla","68":"first","69":"instock","70":"taxable","71":"shipping-taxable","72":"purchasable","73":"product-type-variable"},"supplier_id":null,"supplier_sku":"","barcode":null,"atum_controlled":true,"out_stock_date":null,"out_stock_threshold":null,"inheritable":true,"inbound_stock":0,"stock_on_hold":0,"sold_today":0,"sales_last_days":0,"reserved_stock":0,"customer_returns":0,"warehouse_damage":0,"lost_in_post":0,"other_logs":0,"out_stock_days":null,"lost_sales":0,"has_location":false,"update_date":"2026-03-23T08:38:52","atum_locations":[],"atum_stock_status":"instock","restock_status":false,"low_stock_amount":"","sales_update_date":"2026-02-04T14:05:45","calc_backorders":null,"yoast_head":"<!-- This site is optimized with the Yoast SEO Premium plugin v27.5 (Yoast SEO v27.5) - https:\/\/yoast.com\/product\/yoast-seo-premium-wordpress\/ -->\n<title>PINUS mugo &#039;Wintersonne&#039; (Winter Sun) - Pino de monta\u00f1a<\/title>\n<meta name=\"description\" content=\"Este pino de monta\u00f1a tiene agujas amarillas. El PINUS mugo &#039;Wintersonne&#039; (Winter Sun) es una forma enana y resistente. Tambi\u00e9n se utiliza para bons\u00e1i.\" \/>\n<meta name=\"robots\" content=\"index, follow, max-snippet:-1, max-image-preview:large, max-video-preview:-1\" \/>\n<link rel=\"canonical\" href=\"https:\/\/www.vallonchene.fr\/es\/producto\/pinus-mugo-wintersonne\/\" \/>\n<meta property=\"og:locale\" content=\"es_ES\" \/>\n<meta property=\"og:type\" content=\"article\" \/>\n<meta property=\"og:title\" content=\"PINUS mugo &#039;Wintersonne&#039; (Winter Sun)\" \/>\n<meta property=\"og:description\" content=\"Este pino de monta\u00f1a tiene agujas amarillas. El PINUS mugo &#039;Wintersonne&#039; (Winter Sun) es una forma enana y resistente. Tambi\u00e9n se utiliza para bons\u00e1i.\" \/>\n<meta property=\"og:url\" content=\"https:\/\/www.vallonchene.fr\/es\/producto\/pinus-mugo-wintersonne\/\" \/>\n<meta property=\"og:site_name\" content=\"Vallonch\u00eane\" \/>\n<meta property=\"article:publisher\" content=\"https:\/\/www.facebook.com\/vallonchene.fr\" \/>\n<meta property=\"article:modified_time\" content=\"2026-03-15T15:56:36+00:00\" \/>\n<meta property=\"og:image\" content=\"https:\/\/www.vallonchene.fr\/wp-content\/uploads\/2026\/02\/PINUS-mugo-Wintersonne.webp\" \/>\n\t<meta property=\"og:image:width\" content=\"1000\" \/>\n\t<meta property=\"og:image:height\" content=\"1000\" \/>\n\t<meta property=\"og:image:type\" content=\"image\/webp\" \/>\n<meta name=\"twitter:card\" content=\"summary_large_image\" \/>\n<meta name=\"twitter:label1\" content=\"Disponibilidad\" \/>\n\t<meta name=\"twitter:data1\" content=\"En stock\" \/>\n<script type=\"application\/ld+json\" class=\"yoast-schema-graph\">{\"@context\":\"https:\\\/\\\/schema.org\",\"@graph\":[{\"@type\":\"WebPage\",\"@id\":\"https:\\\/\\\/www.vallonchene.fr\\\/es\\\/producto\\\/pinus-mugo-wintersonne\\\/\",\"url\":\"https:\\\/\\\/www.vallonchene.fr\\\/es\\\/producto\\\/pinus-mugo-wintersonne\\\/\",\"name\":\"PINUS mugo 'Wintersonne' (Winter Sun) - Pino de monta\u00f1a\",\"isPartOf\":{\"@id\":\"https:\\\/\\\/www.vallonchene.fr\\\/es\\\/#website\"},\"primaryImageOfPage\":{\"@id\":\"https:\\\/\\\/www.vallonchene.fr\\\/es\\\/producto\\\/pinus-mugo-wintersonne\\\/#primaryimage\"},\"image\":{\"@id\":\"https:\\\/\\\/www.vallonchene.fr\\\/es\\\/producto\\\/pinus-mugo-wintersonne\\\/#primaryimage\"},\"thumbnailUrl\":\"https:\\\/\\\/www.vallonchene.fr\\\/wp-content\\\/uploads\\\/2026\\\/02\\\/PINUS-mugo-Wintersonne.webp\",\"datePublished\":\"2021-08-31T11:25:42+00:00\",\"dateModified\":\"2026-03-15T15:56:36+00:00\",\"description\":\"Este pino de monta\u00f1a tiene agujas amarillas. El PINUS mugo 'Wintersonne' (Winter Sun) es una forma enana y resistente. Tambi\u00e9n se utiliza para bons\u00e1i.\",\"breadcrumb\":{\"@id\":\"https:\\\/\\\/www.vallonchene.fr\\\/es\\\/producto\\\/pinus-mugo-wintersonne\\\/#breadcrumb\"},\"inLanguage\":\"es\",\"potentialAction\":[{\"@type\":\"ReadAction\",\"target\":[\"https:\\\/\\\/www.vallonchene.fr\\\/es\\\/producto\\\/pinus-mugo-wintersonne\\\/\"]}]},{\"@type\":\"ImageObject\",\"inLanguage\":\"es\",\"@id\":\"https:\\\/\\\/www.vallonchene.fr\\\/es\\\/producto\\\/pinus-mugo-wintersonne\\\/#primaryimage\",\"url\":\"https:\\\/\\\/www.vallonchene.fr\\\/wp-content\\\/uploads\\\/2026\\\/02\\\/PINUS-mugo-Wintersonne.webp\",\"contentUrl\":\"https:\\\/\\\/www.vallonchene.fr\\\/wp-content\\\/uploads\\\/2026\\\/02\\\/PINUS-mugo-Wintersonne.webp\",\"width\":1000,\"height\":1000,\"caption\":\"Follaje invernal del PINUS mugo 'Wintersonne' de un amarillo intenso notable\"},{\"@type\":\"BreadcrumbList\",\"@id\":\"https:\\\/\\\/www.vallonchene.fr\\\/es\\\/producto\\\/pinus-mugo-wintersonne\\\/#breadcrumb\",\"itemListElement\":[{\"@type\":\"ListItem\",\"position\":1,\"name\":\"Home\",\"item\":\"https:\\\/\\\/www.vallonchene.fr\\\/es\\\/\"},{\"@type\":\"ListItem\",\"position\":2,\"name\":\"Tienda\",\"item\":\"https:\\\/\\\/www.vallonchene.fr\\\/tienda\\\/\"},{\"@type\":\"ListItem\",\"position\":3,\"name\":\"Venta en linea\",\"item\":\"https:\\\/\\\/www.vallonchene.fr\\\/es\\\/categoria-producto\\\/venta-en-linea\\\/\"},{\"@type\":\"ListItem\",\"position\":4,\"name\":\"Vivero\",\"item\":\"https:\\\/\\\/www.vallonchene.fr\\\/es\\\/categoria-producto\\\/venta-en-linea\\\/vivero\\\/\"},{\"@type\":\"ListItem\",\"position\":5,\"name\":\"Coniferas\",\"item\":\"https:\\\/\\\/www.vallonchene.fr\\\/es\\\/categoria-producto\\\/venta-en-linea\\\/vivero\\\/coniferas\\\/\"},{\"@type\":\"ListItem\",\"position\":6,\"name\":\"PINUS mugo &lsquo;Wintersonne&rsquo; (Winter Sun)\"}]},{\"@type\":\"WebSite\",\"@id\":\"https:\\\/\\\/www.vallonchene.fr\\\/es\\\/#website\",\"url\":\"https:\\\/\\\/www.vallonchene.fr\\\/es\\\/\",\"name\":\"Vallonch\u00eane\",\"description\":\"El vivero donde la calidad tiene sus ra\u00edces \u2013 Tel.: +33 (0)2.35.90.02.02\",\"publisher\":{\"@id\":\"https:\\\/\\\/www.vallonchene.fr\\\/es\\\/#organization\"},\"potentialAction\":[{\"@type\":\"SearchAction\",\"target\":{\"@type\":\"EntryPoint\",\"urlTemplate\":\"https:\\\/\\\/www.vallonchene.fr\\\/es\\\/?s={search_term_string}\"},\"query-input\":{\"@type\":\"PropertyValueSpecification\",\"valueRequired\":true,\"valueName\":\"search_term_string\"}}],\"inLanguage\":\"es\"},{\"@type\":\"Organization\",\"@id\":\"https:\\\/\\\/www.vallonchene.fr\\\/es\\\/#organization\",\"name\":\"VALLONCHENE\",\"url\":\"https:\\\/\\\/www.vallonchene.fr\\\/es\\\/\",\"logo\":{\"@type\":\"ImageObject\",\"inLanguage\":\"es\",\"@id\":\"https:\\\/\\\/www.vallonchene.fr\\\/es\\\/#\\\/schema\\\/logo\\\/image\\\/\",\"url\":\"https:\\\/\\\/www.vallonchene.fr\\\/wp-content\\\/uploads\\\/2023\\\/03\\\/Logo-Vallonchene-site-et-R_hauteur_100.png\",\"contentUrl\":\"https:\\\/\\\/www.vallonchene.fr\\\/wp-content\\\/uploads\\\/2023\\\/03\\\/Logo-Vallonchene-site-et-R_hauteur_100.png\",\"width\":221,\"height\":100,\"caption\":\"VALLONCHENE\"},\"image\":{\"@id\":\"https:\\\/\\\/www.vallonchene.fr\\\/es\\\/#\\\/schema\\\/logo\\\/image\\\/\"},\"sameAs\":[\"https:\\\/\\\/www.facebook.com\\\/vallonchene.fr\",\"https:\\\/\\\/www.instagram.com\\\/vallonchene\\\/\",\"https:\\\/\\\/www.pinterest.fr\\\/vallonchene\\\/\"],\"taxID\":\"49454502300017\",\"hasMerchantReturnPolicy\":{\"@type\":\"MerchantReturnPolicy\",\"merchantReturnLink\":\"https:\\\/\\\/www.vallonchene.fr\\\/remboursements_retours\\\/\"}}]}<\/script>\n<meta property=\"og:availability\" content=\"instock\" \/>\n<meta property=\"product:availability\" content=\"instock\" \/>\n<meta property=\"product:retailer_item_id\" content=\"87122\" \/>\n<meta property=\"product:condition\" content=\"new\" \/>\n<!-- \/ Yoast SEO Premium plugin. -->","yoast_head_json":{"title":"PINUS mugo 'Wintersonne' (Winter Sun) - Pino de monta\u00f1a","description":"Este pino de monta\u00f1a tiene agujas amarillas. El PINUS mugo 'Wintersonne' (Winter Sun) es una forma enana y resistente. Tambi\u00e9n se utiliza para bons\u00e1i.","robots":{"index":"index","follow":"follow","max-snippet":"max-snippet:-1","max-image-preview":"max-image-preview:large","max-video-preview":"max-video-preview:-1"},"canonical":"https:\/\/www.vallonchene.fr\/es\/producto\/pinus-mugo-wintersonne\/","og_locale":"es_ES","og_type":"article","og_title":"PINUS mugo 'Wintersonne' (Winter Sun)","og_description":"Este pino de monta\u00f1a tiene agujas amarillas. El PINUS mugo 'Wintersonne' (Winter Sun) es una forma enana y resistente. Tambi\u00e9n se utiliza para bons\u00e1i.","og_url":"https:\/\/www.vallonchene.fr\/es\/producto\/pinus-mugo-wintersonne\/","og_site_name":"Vallonch\u00eane","article_publisher":"https:\/\/www.facebook.com\/vallonchene.fr","article_modified_time":"2026-03-15T15:56:36+00:00","og_image":[{"width":1000,"height":1000,"url":"https:\/\/www.vallonchene.fr\/wp-content\/uploads\/2026\/02\/PINUS-mugo-Wintersonne.webp","type":"image\/webp"}],"twitter_card":"summary_large_image","twitter_misc":{"Disponibilidad":"En stock"},"schema":{"@context":"https:\/\/schema.org","@graph":[{"@type":"WebPage","@id":"https:\/\/www.vallonchene.fr\/es\/producto\/pinus-mugo-wintersonne\/","url":"https:\/\/www.vallonchene.fr\/es\/producto\/pinus-mugo-wintersonne\/","name":"PINUS mugo 'Wintersonne' (Winter Sun) - Pino de monta\u00f1a","isPartOf":{"@id":"https:\/\/www.vallonchene.fr\/es\/#website"},"primaryImageOfPage":{"@id":"https:\/\/www.vallonchene.fr\/es\/producto\/pinus-mugo-wintersonne\/#primaryimage"},"image":{"@id":"https:\/\/www.vallonchene.fr\/es\/producto\/pinus-mugo-wintersonne\/#primaryimage"},"thumbnailUrl":"https:\/\/www.vallonchene.fr\/wp-content\/uploads\/2026\/02\/PINUS-mugo-Wintersonne.webp","datePublished":"2021-08-31T11:25:42+00:00","dateModified":"2026-03-15T15:56:36+00:00","description":"Este pino de monta\u00f1a tiene agujas amarillas. El PINUS mugo 'Wintersonne' (Winter Sun) es una forma enana y resistente. Tambi\u00e9n se utiliza para bons\u00e1i.","breadcrumb":{"@id":"https:\/\/www.vallonchene.fr\/es\/producto\/pinus-mugo-wintersonne\/#breadcrumb"},"inLanguage":"es","potentialAction":[{"@type":"ReadAction","target":["https:\/\/www.vallonchene.fr\/es\/producto\/pinus-mugo-wintersonne\/"]}]},{"@type":"ImageObject","inLanguage":"es","@id":"https:\/\/www.vallonchene.fr\/es\/producto\/pinus-mugo-wintersonne\/#primaryimage","url":"https:\/\/www.vallonchene.fr\/wp-content\/uploads\/2026\/02\/PINUS-mugo-Wintersonne.webp","contentUrl":"https:\/\/www.vallonchene.fr\/wp-content\/uploads\/2026\/02\/PINUS-mugo-Wintersonne.webp","width":1000,"height":1000,"caption":"Follaje invernal del PINUS mugo 'Wintersonne' de un amarillo intenso notable"},{"@type":"BreadcrumbList","@id":"https:\/\/www.vallonchene.fr\/es\/producto\/pinus-mugo-wintersonne\/#breadcrumb","itemListElement":[{"@type":"ListItem","position":1,"name":"Home","item":"https:\/\/www.vallonchene.fr\/es\/"},{"@type":"ListItem","position":2,"name":"Tienda","item":"https:\/\/www.vallonchene.fr\/tienda\/"},{"@type":"ListItem","position":3,"name":"Venta en linea","item":"https:\/\/www.vallonchene.fr\/es\/categoria-producto\/venta-en-linea\/"},{"@type":"ListItem","position":4,"name":"Vivero","item":"https:\/\/www.vallonchene.fr\/es\/categoria-producto\/venta-en-linea\/vivero\/"},{"@type":"ListItem","position":5,"name":"Coniferas","item":"https:\/\/www.vallonchene.fr\/es\/categoria-producto\/venta-en-linea\/vivero\/coniferas\/"},{"@type":"ListItem","position":6,"name":"PINUS mugo &lsquo;Wintersonne&rsquo; (Winter Sun)"}]},{"@type":"WebSite","@id":"https:\/\/www.vallonchene.fr\/es\/#website","url":"https:\/\/www.vallonchene.fr\/es\/","name":"Vallonch\u00eane","description":"El vivero donde la calidad tiene sus ra\u00edces \u2013 Tel.: +33 (0)2.35.90.02.02","publisher":{"@id":"https:\/\/www.vallonchene.fr\/es\/#organization"},"potentialAction":[{"@type":"SearchAction","target":{"@type":"EntryPoint","urlTemplate":"https:\/\/www.vallonchene.fr\/es\/?s={search_term_string}"},"query-input":{"@type":"PropertyValueSpecification","valueRequired":true,"valueName":"search_term_string"}}],"inLanguage":"es"},{"@type":"Organization","@id":"https:\/\/www.vallonchene.fr\/es\/#organization","name":"VALLONCHENE","url":"https:\/\/www.vallonchene.fr\/es\/","logo":{"@type":"ImageObject","inLanguage":"es","@id":"https:\/\/www.vallonchene.fr\/es\/#\/schema\/logo\/image\/","url":"https:\/\/www.vallonchene.fr\/wp-content\/uploads\/2023\/03\/Logo-Vallonchene-site-et-R_hauteur_100.png","contentUrl":"https:\/\/www.vallonchene.fr\/wp-content\/uploads\/2023\/03\/Logo-Vallonchene-site-et-R_hauteur_100.png","width":221,"height":100,"caption":"VALLONCHENE"},"image":{"@id":"https:\/\/www.vallonchene.fr\/es\/#\/schema\/logo\/image\/"},"sameAs":["https:\/\/www.facebook.com\/vallonchene.fr","https:\/\/www.instagram.com\/vallonchene\/","https:\/\/www.pinterest.fr\/vallonchene\/"],"taxID":"49454502300017","hasMerchantReturnPolicy":{"@type":"MerchantReturnPolicy","merchantReturnLink":"https:\/\/www.vallonchene.fr\/remboursements_retours\/"}}]},"og_availability":"instock","product_availability":"instock","product_retailer_item_id":"87122","product_condition":"new"},"_links":{"self":[{"href":"https:\/\/www.vallonchene.fr\/es\/wp-json\/wp\/v2\/product\/51190","targetHints":{"allow":["GET"]}}],"collection":[{"href":"https:\/\/www.vallonchene.fr\/es\/wp-json\/wp\/v2\/product"}],"about":[{"href":"https:\/\/www.vallonchene.fr\/es\/wp-json\/wp\/v2\/types\/product"}],"replies":[{"embeddable":true,"href":"https:\/\/www.vallonchene.fr\/es\/wp-json\/wp\/v2\/comments?post=51190"}],"wp:featuredmedia":[{"embeddable":true,"href":"https:\/\/www.vallonchene.fr\/es\/wp-json\/wp\/v2\/media\/56888"}],"wp:attachment":[{"href":"https:\/\/www.vallonchene.fr\/es\/wp-json\/wp\/v2\/media?parent=51190"}],"wp:term":[{"taxonomy":"product_brand","embeddable":true,"href":"https:\/\/www.vallonchene.fr\/es\/wp-json\/wp\/v2\/product_brand?post=51190"},{"taxonomy":"product_cat","embeddable":true,"href":"https:\/\/www.vallonchene.fr\/es\/wp-json\/wp\/v2\/product_cat?post=51190"},{"taxonomy":"product_tag","embeddable":true,"href":"https:\/\/www.vallonchene.fr\/es\/wp-json\/wp\/v2\/product_tag?post=51190"}],"curies":[{"name":"wp","href":"https:\/\/api.w.org\/{rel}","templated":true}]}}