{"id":51182,"date":"2021-08-31T11:24:57","date_gmt":"2021-08-31T11:24:57","guid":{"rendered":"https:\/\/www.vallonchene.fr\/produit\/pinus-mugo-benjamin\/"},"modified":"2024-12-15T16:32:44","modified_gmt":"2024-12-15T15:32:44","slug":"pinus-mugo-benjamin","status":"publish","type":"product","link":"https:\/\/www.vallonchene.fr\/es\/producto\/pinus-mugo-benjamin\/","title":{"rendered":"PINUS mugo &#8216;Benjamin&#8217;"},"content":{"rendered":"","protected":false},"excerpt":{"rendered":"<p>Este <strong>pino de monta\u00f1a<\/strong> es una aut\u00e9ntica con\u00edfera en miniatura. Las hojas del <strong>PINUS mugo &#8216;Benjamin&#8217;<\/strong> son muy, muy peque\u00f1as y verdes. Su forma es redonda pero aplanada.  <\/p>\n","protected":false},"featured_media":51181,"comment_status":"open","ping_status":"closed","template":"","meta":[],"product_brand":[],"product_cat":[11502],"product_tag":[12043,12040,12039,12041,12034,12038,12042],"class_list":{"0":"post-51182","1":"product","2":"type-product","3":"status-publish","4":"has-post-thumbnail","6":"product_cat-coniferas","7":"product_tag-benjamin-es","8":"product_tag-pin-mugho-es","9":"product_tag-pino-de-montana","10":"product_tag-pino-moro","11":"product_tag-pinus-es","12":"product_tag-pinus-mugo-es","13":"product_tag-pinus-mugo-benjamin-es","14":"pa_99-hauteurapproximativeapres1-20-a-50-cm","15":"pa_couleurdufeuillage-verde","16":"pa_exigencesenhumidite-moderadamente-humedo-a-humedo","17":"pa_exigencesenhumidite-promedio","18":"pa_exigencesenhumidite-seco","19":"pa_expositionspossibles-pleno-sol-de-12-a-17-min","20":"pa_expositionspossibles-sombra-parcial-evitar-el-sol-de-12-a-17-horas","21":"pa_hauteurlivree-100-a-125-cm","22":"pa_hauteurlivree-125-a-150-cm-es","23":"pa_hauteurlivree-15-a-20-cm-es","24":"pa_hauteurlivree-150-a-175-cm-es","25":"pa_hauteurlivree-175-a-200-cm-es","26":"pa_hauteurlivree-20-a-25-cm-es","27":"pa_hauteurlivree-20-a-30-cm-es","28":"pa_hauteurlivree-200-a-250-cm-es","29":"pa_hauteurlivree-25-a-30-cm-es","30":"pa_hauteurlivree-30-a-35-cm-es","31":"pa_hauteurlivree-30-a-40-cm-es","32":"pa_hauteurlivree-40-a-50-cm-es","33":"pa_hauteurlivree-40-a-60-cm-es","34":"pa_hauteurlivree-50-a-60-cm-es","35":"pa_hauteurlivree-60-a-80-cm-es","36":"pa_hauteurlivree-70-a-80-cm-es","37":"pa_hauteurlivree-80-a-100-cm-es","38":"pa_hauteurlivree-n-a-es","39":"pa_interetauprintemps-brotes-jovenes","40":"pa_interetauprintemps-follaje","41":"pa_interetauprintemps-habitus","42":"pa_interetenautomne-follaje","43":"pa_interetenautomne-habitus","44":"pa_interetenete-follaje","45":"pa_interetenete-habitus","46":"pa_interetenhiver-follaje","47":"pa_interetenhiver-habitus","48":"pa_naturedufeuillage-siempreverde","49":"pa_naturesdesolpossibles-ligero","50":"pa_naturesdesolpossibles-normal-es","51":"pa_naturesdesolpossibles-pesado","52":"pa_particularites-habitus","53":"pa_periodedetaille-marzo","54":"pa_phdusolacceptable-acido-menos-de-6_5","55":"pa_phdusolacceptable-calcareo-mas-de-7_5","56":"pa_phdusolacceptable-neutro-entre-6_5-y-7_5","57":"pa_portgraphisme-globoso","58":"pa_portgraphisme-prostrado","59":"pa_resistanceaufroidrusticite-resistente-por-debajo-de-menos-20-c","60":"pa_tailledepot-maceta-de-1-litro","61":"pa_tailledepot-maceta-de-10-litros","62":"pa_tailledepot-maceta-de-12-litros","63":"pa_tailledepot-maceta-de-15-litros","64":"pa_tailledepot-maceta-de-2-litros","65":"pa_tailledepot-maceta-de-20-litros","66":"pa_tailledepot-maceta-de-25-litros","67":"pa_tailledepot-maceta-de-3-litros","68":"pa_tailledepot-maceta-de-4-litros","69":"pa_tailledepot-maceta-de-5-litros","70":"pa_tailledepot-maceta-de-7-cm-es","71":"pa_tailledepot-maceta-de-7_5-litros","72":"pa_utilisationpossible-arriate","73":"pa_utilisationpossible-contenedor-o-olla","75":"first","76":"instock","77":"taxable","78":"shipping-taxable","79":"purchasable","80":"product-type-variable"},"supplier_id":null,"supplier_sku":"","barcode":null,"atum_controlled":true,"out_stock_date":null,"out_stock_threshold":null,"inheritable":true,"inbound_stock":0,"stock_on_hold":0,"sold_today":0,"sales_last_days":0,"reserved_stock":0,"customer_returns":0,"warehouse_damage":0,"lost_in_post":0,"other_logs":0,"out_stock_days":null,"lost_sales":0,"has_location":false,"update_date":"2025-12-01T09:06:24","atum_locations":[],"atum_stock_status":"instock","restock_status":false,"low_stock_amount":"","sales_update_date":"2024-03-14T12:47:09","calc_backorders":null,"yoast_head":"<!-- This site is optimized with the Yoast SEO Premium plugin v27.5 (Yoast SEO v27.5) - https:\/\/yoast.com\/product\/yoast-seo-premium-wordpress\/ -->\n<title>PINUS mugo &#039;Benjamin&#039; - pino de monta\u00f1a<\/title>\n<meta name=\"description\" content=\"Este pino de monta\u00f1a es una aut\u00e9ntica con\u00edfera en miniatura. Las hojas del PINUS mugo &#039;Benjamin&#039; son muy, muy peque\u00f1as y verdes y la forma es redonda pero aplanada.\" \/>\n<meta name=\"robots\" content=\"index, follow, max-snippet:-1, max-image-preview:large, max-video-preview:-1\" \/>\n<link rel=\"canonical\" href=\"https:\/\/www.vallonchene.fr\/es\/producto\/pinus-mugo-benjamin\/\" \/>\n<meta property=\"og:locale\" content=\"es_ES\" \/>\n<meta property=\"og:type\" content=\"article\" \/>\n<meta property=\"og:title\" content=\"PINUS mugo &#039;Benjamin&#039;\" \/>\n<meta property=\"og:description\" content=\"Este pino de monta\u00f1a es una aut\u00e9ntica con\u00edfera en miniatura. Las hojas del PINUS mugo &#039;Benjamin&#039; son muy, muy peque\u00f1as y verdes y la forma es redonda pero aplanada.\" \/>\n<meta property=\"og:url\" content=\"https:\/\/www.vallonchene.fr\/es\/producto\/pinus-mugo-benjamin\/\" \/>\n<meta property=\"og:site_name\" content=\"Vallonch\u00eane\" \/>\n<meta property=\"article:publisher\" content=\"https:\/\/www.facebook.com\/vallonchene.fr\" \/>\n<meta property=\"article:modified_time\" content=\"2024-12-15T15:32:44+00:00\" \/>\n<meta property=\"og:image\" content=\"https:\/\/www.vallonchene.fr\/wp-content\/uploads\/2021\/08\/2848-695-PINUS-mugo-Benjamin-en-Janvier.jpg\" \/>\n\t<meta property=\"og:image:width\" content=\"1600\" \/>\n\t<meta property=\"og:image:height\" content=\"1600\" \/>\n\t<meta property=\"og:image:type\" content=\"image\/jpeg\" \/>\n<meta name=\"twitter:card\" content=\"summary_large_image\" \/>\n<meta name=\"twitter:label1\" content=\"Disponibilidad\" \/>\n\t<meta name=\"twitter:data1\" content=\"En stock\" \/>\n<script type=\"application\/ld+json\" class=\"yoast-schema-graph\">{\"@context\":\"https:\\\/\\\/schema.org\",\"@graph\":[{\"@type\":\"WebPage\",\"@id\":\"https:\\\/\\\/www.vallonchene.fr\\\/es\\\/producto\\\/pinus-mugo-benjamin\\\/\",\"url\":\"https:\\\/\\\/www.vallonchene.fr\\\/es\\\/producto\\\/pinus-mugo-benjamin\\\/\",\"name\":\"PINUS mugo 'Benjamin' - pino de monta\u00f1a\",\"isPartOf\":{\"@id\":\"https:\\\/\\\/www.vallonchene.fr\\\/es\\\/#website\"},\"primaryImageOfPage\":{\"@id\":\"https:\\\/\\\/www.vallonchene.fr\\\/es\\\/producto\\\/pinus-mugo-benjamin\\\/#primaryimage\"},\"image\":{\"@id\":\"https:\\\/\\\/www.vallonchene.fr\\\/es\\\/producto\\\/pinus-mugo-benjamin\\\/#primaryimage\"},\"thumbnailUrl\":\"https:\\\/\\\/www.vallonchene.fr\\\/wp-content\\\/uploads\\\/2021\\\/08\\\/2848-695-PINUS-mugo-Benjamin-en-Janvier.jpg\",\"datePublished\":\"2021-08-31T11:24:57+00:00\",\"dateModified\":\"2024-12-15T15:32:44+00:00\",\"description\":\"Este pino de monta\u00f1a es una aut\u00e9ntica con\u00edfera en miniatura. Las hojas del PINUS mugo 'Benjamin' son muy, muy peque\u00f1as y verdes y la forma es redonda pero aplanada.\",\"breadcrumb\":{\"@id\":\"https:\\\/\\\/www.vallonchene.fr\\\/es\\\/producto\\\/pinus-mugo-benjamin\\\/#breadcrumb\"},\"inLanguage\":\"es\",\"potentialAction\":[{\"@type\":\"ReadAction\",\"target\":[\"https:\\\/\\\/www.vallonchene.fr\\\/es\\\/producto\\\/pinus-mugo-benjamin\\\/\"]}]},{\"@type\":\"ImageObject\",\"inLanguage\":\"es\",\"@id\":\"https:\\\/\\\/www.vallonchene.fr\\\/es\\\/producto\\\/pinus-mugo-benjamin\\\/#primaryimage\",\"url\":\"https:\\\/\\\/www.vallonchene.fr\\\/wp-content\\\/uploads\\\/2021\\\/08\\\/2848-695-PINUS-mugo-Benjamin-en-Janvier.jpg\",\"contentUrl\":\"https:\\\/\\\/www.vallonchene.fr\\\/wp-content\\\/uploads\\\/2021\\\/08\\\/2848-695-PINUS-mugo-Benjamin-en-Janvier.jpg\",\"width\":1600,\"height\":1600,\"caption\":\"Agujas y yemas de PINUS mugo 'Benjamin' en enero\"},{\"@type\":\"BreadcrumbList\",\"@id\":\"https:\\\/\\\/www.vallonchene.fr\\\/es\\\/producto\\\/pinus-mugo-benjamin\\\/#breadcrumb\",\"itemListElement\":[{\"@type\":\"ListItem\",\"position\":1,\"name\":\"Home\",\"item\":\"https:\\\/\\\/www.vallonchene.fr\\\/es\\\/\"},{\"@type\":\"ListItem\",\"position\":2,\"name\":\"Tienda\",\"item\":\"https:\\\/\\\/www.vallonchene.fr\\\/tienda\\\/\"},{\"@type\":\"ListItem\",\"position\":3,\"name\":\"Venta en linea\",\"item\":\"https:\\\/\\\/www.vallonchene.fr\\\/es\\\/categoria-producto\\\/venta-en-linea\\\/\"},{\"@type\":\"ListItem\",\"position\":4,\"name\":\"Vivero\",\"item\":\"https:\\\/\\\/www.vallonchene.fr\\\/es\\\/categoria-producto\\\/venta-en-linea\\\/vivero\\\/\"},{\"@type\":\"ListItem\",\"position\":5,\"name\":\"Coniferas\",\"item\":\"https:\\\/\\\/www.vallonchene.fr\\\/es\\\/categoria-producto\\\/venta-en-linea\\\/vivero\\\/coniferas\\\/\"},{\"@type\":\"ListItem\",\"position\":6,\"name\":\"PINUS mugo &#8216;Benjamin&#8217;\"}]},{\"@type\":\"WebSite\",\"@id\":\"https:\\\/\\\/www.vallonchene.fr\\\/es\\\/#website\",\"url\":\"https:\\\/\\\/www.vallonchene.fr\\\/es\\\/\",\"name\":\"Vallonch\u00eane\",\"description\":\"El vivero donde la calidad tiene sus ra\u00edces \u2013 Tel.: +33 (0)2.35.90.02.02\",\"publisher\":{\"@id\":\"https:\\\/\\\/www.vallonchene.fr\\\/es\\\/#organization\"},\"potentialAction\":[{\"@type\":\"SearchAction\",\"target\":{\"@type\":\"EntryPoint\",\"urlTemplate\":\"https:\\\/\\\/www.vallonchene.fr\\\/es\\\/?s={search_term_string}\"},\"query-input\":{\"@type\":\"PropertyValueSpecification\",\"valueRequired\":true,\"valueName\":\"search_term_string\"}}],\"inLanguage\":\"es\"},{\"@type\":\"Organization\",\"@id\":\"https:\\\/\\\/www.vallonchene.fr\\\/es\\\/#organization\",\"name\":\"VALLONCHENE\",\"url\":\"https:\\\/\\\/www.vallonchene.fr\\\/es\\\/\",\"logo\":{\"@type\":\"ImageObject\",\"inLanguage\":\"es\",\"@id\":\"https:\\\/\\\/www.vallonchene.fr\\\/es\\\/#\\\/schema\\\/logo\\\/image\\\/\",\"url\":\"https:\\\/\\\/www.vallonchene.fr\\\/wp-content\\\/uploads\\\/2023\\\/03\\\/Logo-Vallonchene-site-et-R_hauteur_100.png\",\"contentUrl\":\"https:\\\/\\\/www.vallonchene.fr\\\/wp-content\\\/uploads\\\/2023\\\/03\\\/Logo-Vallonchene-site-et-R_hauteur_100.png\",\"width\":221,\"height\":100,\"caption\":\"VALLONCHENE\"},\"image\":{\"@id\":\"https:\\\/\\\/www.vallonchene.fr\\\/es\\\/#\\\/schema\\\/logo\\\/image\\\/\"},\"sameAs\":[\"https:\\\/\\\/www.facebook.com\\\/vallonchene.fr\",\"https:\\\/\\\/www.instagram.com\\\/vallonchene\\\/\",\"https:\\\/\\\/www.pinterest.fr\\\/vallonchene\\\/\"],\"taxID\":\"49454502300017\",\"hasMerchantReturnPolicy\":{\"@type\":\"MerchantReturnPolicy\",\"merchantReturnLink\":\"https:\\\/\\\/www.vallonchene.fr\\\/remboursements_retours\\\/\"}}]}<\/script>\n<meta property=\"og:availability\" content=\"instock\" \/>\n<meta property=\"product:availability\" content=\"instock\" \/>\n<meta property=\"product:retailer_item_id\" content=\"83567\" \/>\n<meta property=\"product:condition\" content=\"new\" \/>\n<!-- \/ Yoast SEO Premium plugin. -->","yoast_head_json":{"title":"PINUS mugo 'Benjamin' - pino de monta\u00f1a","description":"Este pino de monta\u00f1a es una aut\u00e9ntica con\u00edfera en miniatura. Las hojas del PINUS mugo 'Benjamin' son muy, muy peque\u00f1as y verdes y la forma es redonda pero aplanada.","robots":{"index":"index","follow":"follow","max-snippet":"max-snippet:-1","max-image-preview":"max-image-preview:large","max-video-preview":"max-video-preview:-1"},"canonical":"https:\/\/www.vallonchene.fr\/es\/producto\/pinus-mugo-benjamin\/","og_locale":"es_ES","og_type":"article","og_title":"PINUS mugo 'Benjamin'","og_description":"Este pino de monta\u00f1a es una aut\u00e9ntica con\u00edfera en miniatura. Las hojas del PINUS mugo 'Benjamin' son muy, muy peque\u00f1as y verdes y la forma es redonda pero aplanada.","og_url":"https:\/\/www.vallonchene.fr\/es\/producto\/pinus-mugo-benjamin\/","og_site_name":"Vallonch\u00eane","article_publisher":"https:\/\/www.facebook.com\/vallonchene.fr","article_modified_time":"2024-12-15T15:32:44+00:00","og_image":[{"width":1600,"height":1600,"url":"https:\/\/www.vallonchene.fr\/wp-content\/uploads\/2021\/08\/2848-695-PINUS-mugo-Benjamin-en-Janvier.jpg","type":"image\/jpeg"}],"twitter_card":"summary_large_image","twitter_misc":{"Disponibilidad":"En stock"},"schema":{"@context":"https:\/\/schema.org","@graph":[{"@type":"WebPage","@id":"https:\/\/www.vallonchene.fr\/es\/producto\/pinus-mugo-benjamin\/","url":"https:\/\/www.vallonchene.fr\/es\/producto\/pinus-mugo-benjamin\/","name":"PINUS mugo 'Benjamin' - pino de monta\u00f1a","isPartOf":{"@id":"https:\/\/www.vallonchene.fr\/es\/#website"},"primaryImageOfPage":{"@id":"https:\/\/www.vallonchene.fr\/es\/producto\/pinus-mugo-benjamin\/#primaryimage"},"image":{"@id":"https:\/\/www.vallonchene.fr\/es\/producto\/pinus-mugo-benjamin\/#primaryimage"},"thumbnailUrl":"https:\/\/www.vallonchene.fr\/wp-content\/uploads\/2021\/08\/2848-695-PINUS-mugo-Benjamin-en-Janvier.jpg","datePublished":"2021-08-31T11:24:57+00:00","dateModified":"2024-12-15T15:32:44+00:00","description":"Este pino de monta\u00f1a es una aut\u00e9ntica con\u00edfera en miniatura. Las hojas del PINUS mugo 'Benjamin' son muy, muy peque\u00f1as y verdes y la forma es redonda pero aplanada.","breadcrumb":{"@id":"https:\/\/www.vallonchene.fr\/es\/producto\/pinus-mugo-benjamin\/#breadcrumb"},"inLanguage":"es","potentialAction":[{"@type":"ReadAction","target":["https:\/\/www.vallonchene.fr\/es\/producto\/pinus-mugo-benjamin\/"]}]},{"@type":"ImageObject","inLanguage":"es","@id":"https:\/\/www.vallonchene.fr\/es\/producto\/pinus-mugo-benjamin\/#primaryimage","url":"https:\/\/www.vallonchene.fr\/wp-content\/uploads\/2021\/08\/2848-695-PINUS-mugo-Benjamin-en-Janvier.jpg","contentUrl":"https:\/\/www.vallonchene.fr\/wp-content\/uploads\/2021\/08\/2848-695-PINUS-mugo-Benjamin-en-Janvier.jpg","width":1600,"height":1600,"caption":"Agujas y yemas de PINUS mugo 'Benjamin' en enero"},{"@type":"BreadcrumbList","@id":"https:\/\/www.vallonchene.fr\/es\/producto\/pinus-mugo-benjamin\/#breadcrumb","itemListElement":[{"@type":"ListItem","position":1,"name":"Home","item":"https:\/\/www.vallonchene.fr\/es\/"},{"@type":"ListItem","position":2,"name":"Tienda","item":"https:\/\/www.vallonchene.fr\/tienda\/"},{"@type":"ListItem","position":3,"name":"Venta en linea","item":"https:\/\/www.vallonchene.fr\/es\/categoria-producto\/venta-en-linea\/"},{"@type":"ListItem","position":4,"name":"Vivero","item":"https:\/\/www.vallonchene.fr\/es\/categoria-producto\/venta-en-linea\/vivero\/"},{"@type":"ListItem","position":5,"name":"Coniferas","item":"https:\/\/www.vallonchene.fr\/es\/categoria-producto\/venta-en-linea\/vivero\/coniferas\/"},{"@type":"ListItem","position":6,"name":"PINUS mugo &#8216;Benjamin&#8217;"}]},{"@type":"WebSite","@id":"https:\/\/www.vallonchene.fr\/es\/#website","url":"https:\/\/www.vallonchene.fr\/es\/","name":"Vallonch\u00eane","description":"El vivero donde la calidad tiene sus ra\u00edces \u2013 Tel.: +33 (0)2.35.90.02.02","publisher":{"@id":"https:\/\/www.vallonchene.fr\/es\/#organization"},"potentialAction":[{"@type":"SearchAction","target":{"@type":"EntryPoint","urlTemplate":"https:\/\/www.vallonchene.fr\/es\/?s={search_term_string}"},"query-input":{"@type":"PropertyValueSpecification","valueRequired":true,"valueName":"search_term_string"}}],"inLanguage":"es"},{"@type":"Organization","@id":"https:\/\/www.vallonchene.fr\/es\/#organization","name":"VALLONCHENE","url":"https:\/\/www.vallonchene.fr\/es\/","logo":{"@type":"ImageObject","inLanguage":"es","@id":"https:\/\/www.vallonchene.fr\/es\/#\/schema\/logo\/image\/","url":"https:\/\/www.vallonchene.fr\/wp-content\/uploads\/2023\/03\/Logo-Vallonchene-site-et-R_hauteur_100.png","contentUrl":"https:\/\/www.vallonchene.fr\/wp-content\/uploads\/2023\/03\/Logo-Vallonchene-site-et-R_hauteur_100.png","width":221,"height":100,"caption":"VALLONCHENE"},"image":{"@id":"https:\/\/www.vallonchene.fr\/es\/#\/schema\/logo\/image\/"},"sameAs":["https:\/\/www.facebook.com\/vallonchene.fr","https:\/\/www.instagram.com\/vallonchene\/","https:\/\/www.pinterest.fr\/vallonchene\/"],"taxID":"49454502300017","hasMerchantReturnPolicy":{"@type":"MerchantReturnPolicy","merchantReturnLink":"https:\/\/www.vallonchene.fr\/remboursements_retours\/"}}]},"og_availability":"instock","product_availability":"instock","product_retailer_item_id":"83567","product_condition":"new"},"_links":{"self":[{"href":"https:\/\/www.vallonchene.fr\/es\/wp-json\/wp\/v2\/product\/51182","targetHints":{"allow":["GET"]}}],"collection":[{"href":"https:\/\/www.vallonchene.fr\/es\/wp-json\/wp\/v2\/product"}],"about":[{"href":"https:\/\/www.vallonchene.fr\/es\/wp-json\/wp\/v2\/types\/product"}],"replies":[{"embeddable":true,"href":"https:\/\/www.vallonchene.fr\/es\/wp-json\/wp\/v2\/comments?post=51182"}],"wp:featuredmedia":[{"embeddable":true,"href":"https:\/\/www.vallonchene.fr\/es\/wp-json\/wp\/v2\/media\/51181"}],"wp:attachment":[{"href":"https:\/\/www.vallonchene.fr\/es\/wp-json\/wp\/v2\/media?parent=51182"}],"wp:term":[{"taxonomy":"product_brand","embeddable":true,"href":"https:\/\/www.vallonchene.fr\/es\/wp-json\/wp\/v2\/product_brand?post=51182"},{"taxonomy":"product_cat","embeddable":true,"href":"https:\/\/www.vallonchene.fr\/es\/wp-json\/wp\/v2\/product_cat?post=51182"},{"taxonomy":"product_tag","embeddable":true,"href":"https:\/\/www.vallonchene.fr\/es\/wp-json\/wp\/v2\/product_tag?post=51182"}],"curies":[{"name":"wp","href":"https:\/\/api.w.org\/{rel}","templated":true}]}}