{"id":51177,"date":"2021-08-31T11:24:28","date_gmt":"2021-08-31T11:24:28","guid":{"rendered":"https:\/\/www.vallonchene.fr\/produit\/pinus-jeffreyi-joppi\/"},"modified":"2025-02-18T11:25:25","modified_gmt":"2025-02-18T10:25:25","slug":"pinus-jeffreyi-joppi","status":"publish","type":"product","link":"https:\/\/www.vallonchene.fr\/es\/producto\/pinus-jeffreyi-joppi\/","title":{"rendered":"PINUS jeffreyi &#8216;Joppi&#8217;"},"content":{"rendered":"<h2>El PINUS jeffreyi &#8216;Joppi&#8217;<\/h2>\n<p>Si est\u00e1 buscando una planta excepcional para embellecer su jard\u00edn, el <strong>PINUS jeffreyi &#8216;Joppi&#8217;<\/strong> es una opci\u00f3n ideal. Tambi\u00e9n se le conoce como <strong>Pino de Jeffrey enano<\/strong>. De hecho, este raro con\u00edfero encanta con su <strong>silueta compacta<\/strong> y su <strong>elegante follaje<\/strong>, aportando un toque de originalidad a cualquier espacio verde.  <\/p>\n<p>En primer lugar, el <strong>PINUS jeffreyi &#8216;Joppi&#8217;<\/strong> se distingue por su <strong>forma redondeada<\/strong> y su <strong>crecimiento lento<\/strong>. Por lo general, alcanza entre <strong>1 y 2 metros de altura cuando est\u00e1 maduro<\/strong>. Sus agujas perennes de un verde intenso ofrecen un contraste sorprendente con las dem\u00e1s plantas del jard\u00edn. Adem\u00e1s, su resistencia al fr\u00edo y su <strong>tolerancia a la sequ\u00eda<\/strong> lo convierten en un gran activo para los jardines sometidos a diversas condiciones clim\u00e1ticas.   <\/p>\n<p>Adem\u00e1s, este pino enano es particularmente apreciado por su <strong>facilidad de mantenimiento<\/strong>. Requiere pocas intervenciones y se adapta f\u00e1cilmente a diferentes tipos de suelo, siempre que est\u00e9n bien drenados. As\u00ed, al optar por este peque\u00f1o pino, se beneficiar\u00e1 de una <strong>planta robusta y est\u00e9tica<\/strong> que embellecer\u00e1 su jard\u00edn durante todo el a\u00f1o.  <\/p>\n<h2>\u00bfC\u00f3mo plantar y cuidar el PINUS jeffreyi &#8216;Joppi&#8217;?<\/h2>\n<h3>Plantaci\u00f3n <br \/><\/h3>\n<p>Para aprovechar al m\u00e1ximo las ventajas de esta peque\u00f1a joya, siga nuestros consejos de plantaci\u00f3n y mantenimiento.<\/p>\n<ol>\n<li>En primer lugar, elija un lugar soleado o parcialmente sombreado, ya que esta planta aprecia la luz para desarrollar un follaje denso y colorido.<\/li>\n<li>Recomendamos un suelo ligero, arenoso o pedregoso para favorecer un buen drenaje.<\/li>\n<li>El suelo puede ser \u00e1cido, neutro o calc\u00e1reo.<\/li>\n<li>Para una buena preparaci\u00f3n del hoyo de plantaci\u00f3n, hemos dise\u00f1ado <a href=\"https:\/\/www.vallonchene.fr\/comment-planter-et-entretenir-des-vegetaux\/comment-planter-et-entretenir-arbres-arbustes-et-coniferes\/\" target=\"_blank\" rel=\"noreferrer noopener\"><strong>instrucciones espec\u00edficas disponibles aqu\u00ed<\/strong><\/a>.<\/li>\n<\/ol>\n<h3>Cuidado <br \/><\/h3>\n<p>Para su mantenimiento, el <strong>PINUS jeffreyi &#8216;Joppi&#8217;<\/strong> requiere poca atenci\u00f3n.<\/p>\n<ol>\n<li>Dado que se trata de un pino enano, no es necesario podarlo. Sin embargo, si lo desea, puede realizar una ligera poda en invierno si lo considera necesario. Una aportaci\u00f3n anual de abono org\u00e1nico en primavera facilitar\u00e1 un crecimiento saludable.  <\/li>\n<li>Le invitamos a consultar tambi\u00e9n <a href=\"https:\/\/www.vallonchene.fr\/comment-bien-arroser-le-jardin-et-economiser-leau\/\"><strong>nuestros consejos sobre c\u00f3mo regar correctamente y ahorrar agua aqu\u00ed<\/strong><\/a>.<\/li>\n<\/ol>\n<h2>Historia y Origen<\/h2>\n<p>El <strong>PINUS jeffreyi<\/strong>, conocido com\u00fanmente como <strong>Pino de Jeffrey<\/strong>, proviene de las regiones monta\u00f1osas del oeste de Am\u00e9rica del Norte, especialmente de California y Oreg\u00f3n. Descubierto en el siglo XIX por el bot\u00e1nico John Jeffrey, este majestuoso con\u00edfero fue introducido en Europa para adornar parques y jardines. <\/p>\n<p>La variedad &#8216;Joppi&#8217; presenta una selecci\u00f3n hort\u00edcola desarrollada para ofrecer una versi\u00f3n enana del <strong>Pino de Jeffrey<\/strong>. Gracias a su tama\u00f1o reducido y su crecimiento lento, el <strong>PINUS jeffreyi &#8216;Joppi&#8217;<\/strong> se adapta perfectamente a peque\u00f1os jardines, rocallas e incluso al cultivo en maceta en una terraza o balc\u00f3n. <\/p>\n<p>En choisissant ce conif\u00e8re, vous participez \u00e0 la pr\u00e9servation d&#8217;une esp\u00e8ce botanique remarquable tout en enrichissant votre jardin ou votre terrasse d&#8217;une touche d&#8217;exotisme. Le <strong>PINUS jeffreyi &#8216;Joppi&#8217;<\/strong> incarne ainsi l&#8217;alliance parfaite entre esth\u00e9tique, robustesse et histoire botanique. <\/p>\n<p>Finalmente, el <strong>PINUS jeffreyi &#8216;Joppi&#8217;<\/strong> es una planta excepcional que le cautivar\u00e1 con sus numerosas cualidades. No dude en adoptarla para aportar encanto y originalidad a su jard\u00edn. Con nuestros buenos consejos de plantaci\u00f3n y mantenimiento, podr\u00e1 disfrutar de la belleza de este <strong>Pino de Jeffrey<\/strong> enano a lo largo de las estaciones.  <\/p>\n","protected":false},"excerpt":{"rendered":"<p>Este <strong>pino de Jeffrey (pino amarillo)<\/strong> es de crecimiento lento. <strong>PINUS jeffreyi &#8216;Joppi&#8217;<\/strong> tiene agujas de gran tama\u00f1o. Crece hasta convertirse en una bola muy compacta. Sus agujas son verdes. \u00a1Es una planta excepcional!    <\/p>\n","protected":false},"featured_media":52503,"comment_status":"open","ping_status":"closed","template":"","meta":[],"product_brand":[],"product_cat":[11502],"product_tag":[12034,12037],"class_list":{"0":"post-51177","1":"product","2":"type-product","3":"status-publish","4":"has-post-thumbnail","6":"product_cat-coniferas","7":"product_tag-pinus-es","8":"product_tag-pinus-jeffreyi-es","9":"pa_99-hauteurapproximativeapres1-1_00-a-1_50-m","10":"pa_couleurdufeuillage-verde","11":"pa_exigencesenhumidite-moderadamente-humedo-a-humedo","12":"pa_exigencesenhumidite-promedio","13":"pa_exigencesenhumidite-seco","14":"pa_expositionspossibles-pleno-sol-de-12-a-17-min","15":"pa_expositionspossibles-sombra-parcial-evitar-el-sol-de-12-a-17-horas","16":"pa_hauteurlivree-25-a-30-cm-es","17":"pa_hauteurlivree-30-a-40-cm-es","18":"pa_hauteurlivree-40-a-50-cm-es","19":"pa_hauteurlivree-50-a-60-cm-es","20":"pa_interetauprintemps-brotes-jovenes","21":"pa_interetauprintemps-follaje","22":"pa_interetauprintemps-habitus","23":"pa_interetenautomne-follaje","24":"pa_interetenautomne-habitus","25":"pa_interetenete-follaje","26":"pa_interetenete-habitus","27":"pa_interetenhiver-follaje","28":"pa_interetenhiver-habitus","29":"pa_naturedufeuillage-siempreverde","30":"pa_naturesdesolpossibles-ligero","31":"pa_naturesdesolpossibles-normal-es","32":"pa_naturesdesolpossibles-pesado","33":"pa_particularites-habitus","34":"pa_periodedetaille-marzo","35":"pa_phdusolacceptable-acido-menos-de-6_5","36":"pa_phdusolacceptable-calcareo-mas-de-7_5","37":"pa_phdusolacceptable-neutro-entre-6_5-y-7_5","38":"pa_portgraphisme-globoso","39":"pa_resistanceaufroidrusticite-resistente-por-debajo-de-menos-20-c","40":"pa_tailledepot-maceta-de-5-litros","41":"pa_tailledepot-maceta-de-7_5-litros","42":"pa_utilisationpossible-arriate","43":"pa_utilisationpossible-contenedor-o-olla","45":"first","46":"instock","47":"taxable","48":"shipping-taxable","49":"purchasable","50":"product-type-variable","51":"has-default-attributes"},"supplier_id":null,"supplier_sku":"","barcode":null,"atum_controlled":true,"out_stock_date":null,"out_stock_threshold":null,"inheritable":true,"inbound_stock":0,"stock_on_hold":0,"sold_today":0,"sales_last_days":0,"reserved_stock":0,"customer_returns":0,"warehouse_damage":0,"lost_in_post":0,"other_logs":0,"out_stock_days":null,"lost_sales":0,"has_location":false,"update_date":"2026-02-18T13:25:13","atum_locations":[],"atum_stock_status":"instock","restock_status":false,"low_stock_amount":"","sales_update_date":"2026-02-18T13:25:13","calc_backorders":null,"yoast_head":"<!-- This site is optimized with the Yoast SEO Premium plugin v27.5 (Yoast SEO v27.5) - https:\/\/yoast.com\/product\/yoast-seo-premium-wordpress\/ -->\n<title>PINUS jeffreyi &#039;Joppi&#039; - pino de Jeffrey, pino amarillo<\/title>\n<meta name=\"description\" content=\"Este pino de Jeffrey crece lentamente. El PINUS jeffreyi &#039;Joppi&#039; tiene agujas verdes sobredimensionadas. Crece en una forma muy compacta y redondeada.\" \/>\n<meta name=\"robots\" content=\"index, follow, max-snippet:-1, max-image-preview:large, max-video-preview:-1\" \/>\n<link rel=\"canonical\" href=\"https:\/\/www.vallonchene.fr\/es\/producto\/pinus-jeffreyi-joppi\/\" \/>\n<meta property=\"og:locale\" content=\"es_ES\" \/>\n<meta property=\"og:type\" content=\"article\" \/>\n<meta property=\"og:title\" content=\"PINUS jeffreyi &#039;Joppi&#039;\" \/>\n<meta property=\"og:description\" content=\"Este pino de Jeffrey crece lentamente. El PINUS jeffreyi &#039;Joppi&#039; tiene agujas verdes sobredimensionadas. Crece en una forma muy compacta y redondeada.\" \/>\n<meta property=\"og:url\" content=\"https:\/\/www.vallonchene.fr\/es\/producto\/pinus-jeffreyi-joppi\/\" \/>\n<meta property=\"og:site_name\" content=\"Vallonch\u00eane\" \/>\n<meta property=\"article:publisher\" content=\"https:\/\/www.facebook.com\/vallonchene.fr\" \/>\n<meta property=\"article:modified_time\" content=\"2025-02-18T10:25:25+00:00\" \/>\n<meta property=\"og:image\" content=\"https:\/\/www.vallonchene.fr\/wp-content\/uploads\/2025\/02\/PINUS-jeffreyi-Joppi.webp\" \/>\n\t<meta property=\"og:image:width\" content=\"1200\" \/>\n\t<meta property=\"og:image:height\" content=\"1200\" \/>\n\t<meta property=\"og:image:type\" content=\"image\/webp\" \/>\n<meta name=\"twitter:card\" content=\"summary_large_image\" \/>\n<meta name=\"twitter:label1\" content=\"Disponibilidad\" \/>\n\t<meta name=\"twitter:data1\" content=\"En stock\" \/>\n<script type=\"application\/ld+json\" class=\"yoast-schema-graph\">{\"@context\":\"https:\\\/\\\/schema.org\",\"@graph\":[{\"@type\":\"WebPage\",\"@id\":\"https:\\\/\\\/www.vallonchene.fr\\\/es\\\/producto\\\/pinus-jeffreyi-joppi\\\/\",\"url\":\"https:\\\/\\\/www.vallonchene.fr\\\/es\\\/producto\\\/pinus-jeffreyi-joppi\\\/\",\"name\":\"PINUS jeffreyi 'Joppi' - pino de Jeffrey, pino amarillo\",\"isPartOf\":{\"@id\":\"https:\\\/\\\/www.vallonchene.fr\\\/es\\\/#website\"},\"primaryImageOfPage\":{\"@id\":\"https:\\\/\\\/www.vallonchene.fr\\\/es\\\/producto\\\/pinus-jeffreyi-joppi\\\/#primaryimage\"},\"image\":{\"@id\":\"https:\\\/\\\/www.vallonchene.fr\\\/es\\\/producto\\\/pinus-jeffreyi-joppi\\\/#primaryimage\"},\"thumbnailUrl\":\"https:\\\/\\\/www.vallonchene.fr\\\/wp-content\\\/uploads\\\/2025\\\/02\\\/PINUS-jeffreyi-Joppi.webp\",\"datePublished\":\"2021-08-31T11:24:28+00:00\",\"dateModified\":\"2025-02-18T10:25:25+00:00\",\"description\":\"Este pino de Jeffrey crece lentamente. El PINUS jeffreyi 'Joppi' tiene agujas verdes sobredimensionadas. Crece en una forma muy compacta y redondeada.\",\"breadcrumb\":{\"@id\":\"https:\\\/\\\/www.vallonchene.fr\\\/es\\\/producto\\\/pinus-jeffreyi-joppi\\\/#breadcrumb\"},\"inLanguage\":\"es\",\"potentialAction\":[{\"@type\":\"ReadAction\",\"target\":[\"https:\\\/\\\/www.vallonchene.fr\\\/es\\\/producto\\\/pinus-jeffreyi-joppi\\\/\"]}]},{\"@type\":\"ImageObject\",\"inLanguage\":\"es\",\"@id\":\"https:\\\/\\\/www.vallonchene.fr\\\/es\\\/producto\\\/pinus-jeffreyi-joppi\\\/#primaryimage\",\"url\":\"https:\\\/\\\/www.vallonchene.fr\\\/wp-content\\\/uploads\\\/2025\\\/02\\\/PINUS-jeffreyi-Joppi.webp\",\"contentUrl\":\"https:\\\/\\\/www.vallonchene.fr\\\/wp-content\\\/uploads\\\/2025\\\/02\\\/PINUS-jeffreyi-Joppi.webp\",\"width\":1200,\"height\":1200,\"caption\":\"Primer plano de las grandes agujas de PINUS jeffreyi 'Joppi' comparadas con un pulgar\"},{\"@type\":\"BreadcrumbList\",\"@id\":\"https:\\\/\\\/www.vallonchene.fr\\\/es\\\/producto\\\/pinus-jeffreyi-joppi\\\/#breadcrumb\",\"itemListElement\":[{\"@type\":\"ListItem\",\"position\":1,\"name\":\"Home\",\"item\":\"https:\\\/\\\/www.vallonchene.fr\\\/es\\\/\"},{\"@type\":\"ListItem\",\"position\":2,\"name\":\"Tienda\",\"item\":\"https:\\\/\\\/www.vallonchene.fr\\\/tienda\\\/\"},{\"@type\":\"ListItem\",\"position\":3,\"name\":\"Venta en linea\",\"item\":\"https:\\\/\\\/www.vallonchene.fr\\\/es\\\/categoria-producto\\\/venta-en-linea\\\/\"},{\"@type\":\"ListItem\",\"position\":4,\"name\":\"Vivero\",\"item\":\"https:\\\/\\\/www.vallonchene.fr\\\/es\\\/categoria-producto\\\/venta-en-linea\\\/vivero\\\/\"},{\"@type\":\"ListItem\",\"position\":5,\"name\":\"Coniferas\",\"item\":\"https:\\\/\\\/www.vallonchene.fr\\\/es\\\/categoria-producto\\\/venta-en-linea\\\/vivero\\\/coniferas\\\/\"},{\"@type\":\"ListItem\",\"position\":6,\"name\":\"PINUS jeffreyi &lsquo;Joppi&rsquo;\"}]},{\"@type\":\"WebSite\",\"@id\":\"https:\\\/\\\/www.vallonchene.fr\\\/es\\\/#website\",\"url\":\"https:\\\/\\\/www.vallonchene.fr\\\/es\\\/\",\"name\":\"Vallonch\u00eane\",\"description\":\"El vivero donde la calidad tiene sus ra\u00edces \u2013 Tel.: +33 (0)2.35.90.02.02\",\"publisher\":{\"@id\":\"https:\\\/\\\/www.vallonchene.fr\\\/es\\\/#organization\"},\"potentialAction\":[{\"@type\":\"SearchAction\",\"target\":{\"@type\":\"EntryPoint\",\"urlTemplate\":\"https:\\\/\\\/www.vallonchene.fr\\\/es\\\/?s={search_term_string}\"},\"query-input\":{\"@type\":\"PropertyValueSpecification\",\"valueRequired\":true,\"valueName\":\"search_term_string\"}}],\"inLanguage\":\"es\"},{\"@type\":\"Organization\",\"@id\":\"https:\\\/\\\/www.vallonchene.fr\\\/es\\\/#organization\",\"name\":\"VALLONCHENE\",\"url\":\"https:\\\/\\\/www.vallonchene.fr\\\/es\\\/\",\"logo\":{\"@type\":\"ImageObject\",\"inLanguage\":\"es\",\"@id\":\"https:\\\/\\\/www.vallonchene.fr\\\/es\\\/#\\\/schema\\\/logo\\\/image\\\/\",\"url\":\"https:\\\/\\\/www.vallonchene.fr\\\/wp-content\\\/uploads\\\/2023\\\/03\\\/Logo-Vallonchene-site-et-R_hauteur_100.png\",\"contentUrl\":\"https:\\\/\\\/www.vallonchene.fr\\\/wp-content\\\/uploads\\\/2023\\\/03\\\/Logo-Vallonchene-site-et-R_hauteur_100.png\",\"width\":221,\"height\":100,\"caption\":\"VALLONCHENE\"},\"image\":{\"@id\":\"https:\\\/\\\/www.vallonchene.fr\\\/es\\\/#\\\/schema\\\/logo\\\/image\\\/\"},\"sameAs\":[\"https:\\\/\\\/www.facebook.com\\\/vallonchene.fr\",\"https:\\\/\\\/www.instagram.com\\\/vallonchene\\\/\",\"https:\\\/\\\/www.pinterest.fr\\\/vallonchene\\\/\"],\"taxID\":\"49454502300017\",\"hasMerchantReturnPolicy\":{\"@type\":\"MerchantReturnPolicy\",\"merchantReturnLink\":\"https:\\\/\\\/www.vallonchene.fr\\\/remboursements_retours\\\/\"}}]}<\/script>\n<meta property=\"og:availability\" content=\"instock\" \/>\n<meta property=\"product:availability\" content=\"instock\" \/>\n<meta property=\"product:retailer_item_id\" content=\"48664\" \/>\n<meta property=\"product:condition\" content=\"new\" \/>\n<!-- \/ Yoast SEO Premium plugin. -->","yoast_head_json":{"title":"PINUS jeffreyi 'Joppi' - pino de Jeffrey, pino amarillo","description":"Este pino de Jeffrey crece lentamente. El PINUS jeffreyi 'Joppi' tiene agujas verdes sobredimensionadas. Crece en una forma muy compacta y redondeada.","robots":{"index":"index","follow":"follow","max-snippet":"max-snippet:-1","max-image-preview":"max-image-preview:large","max-video-preview":"max-video-preview:-1"},"canonical":"https:\/\/www.vallonchene.fr\/es\/producto\/pinus-jeffreyi-joppi\/","og_locale":"es_ES","og_type":"article","og_title":"PINUS jeffreyi 'Joppi'","og_description":"Este pino de Jeffrey crece lentamente. El PINUS jeffreyi 'Joppi' tiene agujas verdes sobredimensionadas. Crece en una forma muy compacta y redondeada.","og_url":"https:\/\/www.vallonchene.fr\/es\/producto\/pinus-jeffreyi-joppi\/","og_site_name":"Vallonch\u00eane","article_publisher":"https:\/\/www.facebook.com\/vallonchene.fr","article_modified_time":"2025-02-18T10:25:25+00:00","og_image":[{"width":1200,"height":1200,"url":"https:\/\/www.vallonchene.fr\/wp-content\/uploads\/2025\/02\/PINUS-jeffreyi-Joppi.webp","type":"image\/webp"}],"twitter_card":"summary_large_image","twitter_misc":{"Disponibilidad":"En stock"},"schema":{"@context":"https:\/\/schema.org","@graph":[{"@type":"WebPage","@id":"https:\/\/www.vallonchene.fr\/es\/producto\/pinus-jeffreyi-joppi\/","url":"https:\/\/www.vallonchene.fr\/es\/producto\/pinus-jeffreyi-joppi\/","name":"PINUS jeffreyi 'Joppi' - pino de Jeffrey, pino amarillo","isPartOf":{"@id":"https:\/\/www.vallonchene.fr\/es\/#website"},"primaryImageOfPage":{"@id":"https:\/\/www.vallonchene.fr\/es\/producto\/pinus-jeffreyi-joppi\/#primaryimage"},"image":{"@id":"https:\/\/www.vallonchene.fr\/es\/producto\/pinus-jeffreyi-joppi\/#primaryimage"},"thumbnailUrl":"https:\/\/www.vallonchene.fr\/wp-content\/uploads\/2025\/02\/PINUS-jeffreyi-Joppi.webp","datePublished":"2021-08-31T11:24:28+00:00","dateModified":"2025-02-18T10:25:25+00:00","description":"Este pino de Jeffrey crece lentamente. El PINUS jeffreyi 'Joppi' tiene agujas verdes sobredimensionadas. Crece en una forma muy compacta y redondeada.","breadcrumb":{"@id":"https:\/\/www.vallonchene.fr\/es\/producto\/pinus-jeffreyi-joppi\/#breadcrumb"},"inLanguage":"es","potentialAction":[{"@type":"ReadAction","target":["https:\/\/www.vallonchene.fr\/es\/producto\/pinus-jeffreyi-joppi\/"]}]},{"@type":"ImageObject","inLanguage":"es","@id":"https:\/\/www.vallonchene.fr\/es\/producto\/pinus-jeffreyi-joppi\/#primaryimage","url":"https:\/\/www.vallonchene.fr\/wp-content\/uploads\/2025\/02\/PINUS-jeffreyi-Joppi.webp","contentUrl":"https:\/\/www.vallonchene.fr\/wp-content\/uploads\/2025\/02\/PINUS-jeffreyi-Joppi.webp","width":1200,"height":1200,"caption":"Primer plano de las grandes agujas de PINUS jeffreyi 'Joppi' comparadas con un pulgar"},{"@type":"BreadcrumbList","@id":"https:\/\/www.vallonchene.fr\/es\/producto\/pinus-jeffreyi-joppi\/#breadcrumb","itemListElement":[{"@type":"ListItem","position":1,"name":"Home","item":"https:\/\/www.vallonchene.fr\/es\/"},{"@type":"ListItem","position":2,"name":"Tienda","item":"https:\/\/www.vallonchene.fr\/tienda\/"},{"@type":"ListItem","position":3,"name":"Venta en linea","item":"https:\/\/www.vallonchene.fr\/es\/categoria-producto\/venta-en-linea\/"},{"@type":"ListItem","position":4,"name":"Vivero","item":"https:\/\/www.vallonchene.fr\/es\/categoria-producto\/venta-en-linea\/vivero\/"},{"@type":"ListItem","position":5,"name":"Coniferas","item":"https:\/\/www.vallonchene.fr\/es\/categoria-producto\/venta-en-linea\/vivero\/coniferas\/"},{"@type":"ListItem","position":6,"name":"PINUS jeffreyi &lsquo;Joppi&rsquo;"}]},{"@type":"WebSite","@id":"https:\/\/www.vallonchene.fr\/es\/#website","url":"https:\/\/www.vallonchene.fr\/es\/","name":"Vallonch\u00eane","description":"El vivero donde la calidad tiene sus ra\u00edces \u2013 Tel.: +33 (0)2.35.90.02.02","publisher":{"@id":"https:\/\/www.vallonchene.fr\/es\/#organization"},"potentialAction":[{"@type":"SearchAction","target":{"@type":"EntryPoint","urlTemplate":"https:\/\/www.vallonchene.fr\/es\/?s={search_term_string}"},"query-input":{"@type":"PropertyValueSpecification","valueRequired":true,"valueName":"search_term_string"}}],"inLanguage":"es"},{"@type":"Organization","@id":"https:\/\/www.vallonchene.fr\/es\/#organization","name":"VALLONCHENE","url":"https:\/\/www.vallonchene.fr\/es\/","logo":{"@type":"ImageObject","inLanguage":"es","@id":"https:\/\/www.vallonchene.fr\/es\/#\/schema\/logo\/image\/","url":"https:\/\/www.vallonchene.fr\/wp-content\/uploads\/2023\/03\/Logo-Vallonchene-site-et-R_hauteur_100.png","contentUrl":"https:\/\/www.vallonchene.fr\/wp-content\/uploads\/2023\/03\/Logo-Vallonchene-site-et-R_hauteur_100.png","width":221,"height":100,"caption":"VALLONCHENE"},"image":{"@id":"https:\/\/www.vallonchene.fr\/es\/#\/schema\/logo\/image\/"},"sameAs":["https:\/\/www.facebook.com\/vallonchene.fr","https:\/\/www.instagram.com\/vallonchene\/","https:\/\/www.pinterest.fr\/vallonchene\/"],"taxID":"49454502300017","hasMerchantReturnPolicy":{"@type":"MerchantReturnPolicy","merchantReturnLink":"https:\/\/www.vallonchene.fr\/remboursements_retours\/"}}]},"og_availability":"instock","product_availability":"instock","product_retailer_item_id":"48664","product_condition":"new"},"_links":{"self":[{"href":"https:\/\/www.vallonchene.fr\/es\/wp-json\/wp\/v2\/product\/51177","targetHints":{"allow":["GET"]}}],"collection":[{"href":"https:\/\/www.vallonchene.fr\/es\/wp-json\/wp\/v2\/product"}],"about":[{"href":"https:\/\/www.vallonchene.fr\/es\/wp-json\/wp\/v2\/types\/product"}],"replies":[{"embeddable":true,"href":"https:\/\/www.vallonchene.fr\/es\/wp-json\/wp\/v2\/comments?post=51177"}],"wp:featuredmedia":[{"embeddable":true,"href":"https:\/\/www.vallonchene.fr\/es\/wp-json\/wp\/v2\/media\/52503"}],"wp:attachment":[{"href":"https:\/\/www.vallonchene.fr\/es\/wp-json\/wp\/v2\/media?parent=51177"}],"wp:term":[{"taxonomy":"product_brand","embeddable":true,"href":"https:\/\/www.vallonchene.fr\/es\/wp-json\/wp\/v2\/product_brand?post=51177"},{"taxonomy":"product_cat","embeddable":true,"href":"https:\/\/www.vallonchene.fr\/es\/wp-json\/wp\/v2\/product_cat?post=51177"},{"taxonomy":"product_tag","embeddable":true,"href":"https:\/\/www.vallonchene.fr\/es\/wp-json\/wp\/v2\/product_tag?post=51177"}],"curies":[{"name":"wp","href":"https:\/\/api.w.org\/{rel}","templated":true}]}}